{"id":4491,"date":"2021-01-18T17:12:39","date_gmt":"2021-01-18T17:12:39","guid":{"rendered":"https:\/\/bemypartner.es\/politica-de-privacidad\/"},"modified":"2026-02-11T11:51:57","modified_gmt":"2026-02-11T11:51:57","slug":"politica-de-privacitat","status":"publish","type":"page","link":"https:\/\/bemypartner.es\/ca\/politica-de-privacitat\/","title":{"rendered":"Pol\u00edtica de privacitat"},"content":{"rendered":"<p>[vc_row equal_height=&#8221;true&#8221; row_animation=&#8221;grow-in&#8221; el_class=&#8221;bloque-redes&#8221; row_padding_bottom=&#8221;70px&#8221;][vc_column vertical_position=&#8221;middle&#8221;][vc_column_text]<\/p>\n<div class=\"social-lateral\"><a href=\"https:\/\/www.linkedin.com\/company\/bemypartner\" target=\"_blank\" rel=\"noopener noreferrer\"><span class=\"icon-linkedin\">\u00a0<\/span><\/a><br \/>\n<a href=\"https:\/\/www.instagram.com\/bemypartnercom\/\" target=\"_blank\" rel=\"noopener noreferrer\"><span class=\"icon-instagram\">\u00a0<\/span><\/a><br \/>\n<a href=\"https:\/\/www.facebook.com\/BemypartnerCOM\" target=\"_blank\" rel=\"noopener noreferrer\"><span class=\"icon-facebook\">\u00a0<\/span><\/a><br \/>\n<a href=\"https:\/\/twitter.com\/bemypartnercom\" target=\"_blank\" rel=\"noopener noreferrer\"><span class=\"icon-twitter\">\u00a0<\/span><\/a><\/div>\n<p>[\/vc_column_text][\/vc_column][\/vc_row][vc_row el_class=&#8221;cont-tit-interior&#8221; row_margin_top=&#8221;155&#8243; row_padding_top=&#8221;70&#8243; row_padding_bottom=&#8221;70&#8243;][vc_column][vc_column_text text_animation=&#8221;fade-in-top&#8221;]<\/p>\n<p class=\"tit-interior\" style=\"text-align: center;\">Pol\u00edtica de privacitat<\/p>\n<p>[\/vc_column_text][vc_row_inner css=&#8221;.vc_custom_1602245031018{margin-top: 100px !important;}&#8221; el_class=&#8221;row-legal&#8221;][vc_column_inner][vc_column_text]<span style=\"font-weight: 400;\">L\u2019objectiu d\u2019aquesta pol\u00edtica \u00e9s informar els interessats sobre els diferents tractaments de dades realitzats per aquesta organitzaci\u00f3 a trav\u00e9s de la p\u00e0gina web que afectin les seves dades personals, d\u2019acord amb el Reglament (UE) 2016\/679 del Parlament Europeu i del Consell de 27 d\u2019abril de 2016 i la Llei Org\u00e0nica 3\/2018, de 5 de desembre, de Protecci\u00f3 de Dades Personals i garantia dels drets digitals.<br \/>\n<\/span><\/p>\n<p>&nbsp;<\/p>\n<p><strong><strong>1. IDENTIFICACI\u00d3 I DADES DE CONTACTE DEL RESPONSABLE<\/strong><\/strong><\/p>\n<p><span style=\"font-weight: 400;\">BEMYPARTNER SL, domiciliada al PASEO DE GRACIA N\u00ba 55, PLANTA 8, PORTES 2 I 3 (08007 BARCELONA), amb NIF B66150970, tel\u00e8fon de contacte 936318450 i correu electr\u00f2nic <\/span><span style=\"font-weight: 400;\"><a href=\"mailto:bemypartner@bemypartner.es\">bemypartner@bemypartner.es<\/a><\/span><\/p>\n<p>&nbsp;<\/p>\n<p><strong><strong>2. FINALITATS DEL TRACTAMENT DE LES TEVES DADES PERSONALS<br \/>\n<\/strong><\/strong><\/p>\n<ul>\n<li style=\"font-weight: 400;\"><strong>USUARIS \/ VISITANTS DE LA P\u00c0GINA WEB DEL RESPONSABLE<\/strong><\/li>\n<\/ul>\n<p><span style=\"font-weight: 400;\">Tractarem les dades personals proporcionades amb les finalitats seg\u00fcents:<\/span><\/p>\n<ul>\n<li style=\"font-weight: 400;\"><span style=\"font-weight: 400;\">\u2022 Atendre les sol\u00b7licituds, queixes i incid\u00e8ncies traslladades a trav\u00e9s dels nostres canals de contacte incorporats a la p\u00e0gina web.<br \/>\n<\/span><\/li>\n<li style=\"font-weight: 400;\">\u2022 Entendre el comportament del visitant dins la web amb la finalitat de detectar possibles atacs inform\u00e0tics.<\/li>\n<li style=\"font-weight: 400;\">\u2022 Complir amb les obligacions legals que ens siguin aplicables directament i regulin la nostra activitat.<\/li>\n<li style=\"font-weight: 400;\">\u2022 Protegir i exercir els nostres drets o respondre a reclamacions de qualsevol mena.<\/li>\n<\/ul>\n<ul>\n<li style=\"font-weight: 400;\">\u2022 Quan correspongui, enviar comunicacions comercials relacionades amb els b\u00e9ns o serveis que formen part de la nostra activitat i\/o not\u00edcies o butlletins relacionats amb el nostre sector. La negativa a facilitar el consentiment impossibilitar\u00e0 l\u2019enviament d\u2019informaci\u00f3 per part de l\u2019entitat.<\/li>\n<\/ul>\n<ul>\n<li style=\"font-weight: 400;\">\u2022 Quan correspongui, gestionar la teva participaci\u00f3 en concursos i promocions que realitzi l\u2019entitat. La negativa a facilitar el consentiment impossibilitar\u00e0 la participaci\u00f3.<\/li>\n<li style=\"font-weight: 400;\">\u2022 Quan correspongui, enviar enquestes de satisfacci\u00f3 i\/o qualitat. La negativa a facilitar el consentiment impossibilitar\u00e0 l\u2019avaluaci\u00f3 del servei prestat.<\/li>\n<li style=\"font-weight: 400;\"><span style=\"font-weight: 400;\">\u2022 Gestionar, administrar i supervisar la teva activitat en el blog\/forum incorporat. La negativa a facilitar el consentiment impossibilitar\u00e0 la participaci\u00f3.<br \/>\n<\/span><\/li>\n<\/ul>\n<p>&nbsp;<\/p>\n<p><span style=\"font-weight: 400;\"><strong><strong>3. BASE JUR\u00cdDICA DEL TRACTAMENT<\/strong><\/strong><\/span><\/p>\n<ul>\n<li style=\"font-weight: 400;\"><strong>USUARIS \/ VISITANTS DE LA P\u00c0GINA WEB DEL RESPONSABLE<\/strong><\/li>\n<li style=\"font-weight: 400;\">\u2022 Consentiment que ens has prestat per tractar les teves dades amb les finalitats indicades. La negativa a facilitar les dades personals impedir\u00e0 el tractament d\u2019aquestes amb les finalitats esmentades.<\/li>\n<li style=\"font-weight: 400;\">\u2022 Compliment de les obligacions legals que s\u2019apliquin a l\u2019organitzaci\u00f3. En aquest cas, l\u2019interessat no podr\u00e0 oposar-se al tractament de les dades personals.<\/li>\n<li style=\"font-weight: 400;\">\u2022 Inter\u00e8s leg\u00edtim de protegir la nostra imatge, negoci i traject\u00f2ria evitant atacs a la nostra p\u00e0gina web. En aquest cas, l\u2019interessat no podr\u00e0 oposar-se al tractament de les dades personals, tot i que podr\u00e0 exercir, si escau, els drets reconeguts a l\u2019apartat \u00abDrets\u00bb d\u2019aquesta pol\u00edtica.<\/li>\n<\/ul>\n<p>&nbsp;<\/p>\n<p><strong>4. COMPLEMENTS I EINES DEL LLOC WEB<\/strong><\/p>\n<ul>\n<li style=\"font-weight: 400;\"><strong>Google reCAPTCHA<\/strong><\/li>\n<\/ul>\n<p><span style=\"font-weight: 400;\">Utilitzem el servei Google reCAPTCHA per detectar, en base a l\u2019inter\u00e8s leg\u00edtim, si el lloc web est\u00e0 sent utilitzat per bots, amb la finalitat de protegir el portal i prevenir pr\u00e0ctiques abusives o fraudulentes, com l\u2019enviament de spam. Pots accedir a la pol\u00edtica de privacitat del nostre prove\u00efdor fent clic <\/span><a href=\"https:\/\/policies.google.com\/privacy?hl=es]\"><span style=\"font-weight: 400;\">aqu\u00ed<\/span><\/a><span style=\"font-weight: 400;\">.<\/span><\/p>\n<ul>\n<li><strong>Google maps<\/strong><\/li>\n<\/ul>\n<p>Utilitzem Google Maps (API) per mostrar mapes interactius directament al nostre lloc web i permetre\u2019n la utilitzaci\u00f3 de les seves funcions. Et recomanem llegir detingudament la pol\u00edtica de privacitat del prove\u00efdor abans de fer-ne \u00fas: fent clic <a href=\"https:\/\/policies.google.com\/privacy?hl=es]\">aqu\u00ed<\/a>.<\/p>\n<p>&nbsp;<\/p>\n<p><strong><strong>5. TERMINIS O CRITERIS DE CONSERVACI\u00d3 DE LES DADES<\/strong><\/strong><\/p>\n<p><span style=\"font-weight: 400;\">Les dades personals proporcionades es conservaran durant el temps necessari per complir les finalitats per a les quals van ser recollides inicialment.<\/span><\/p>\n<p>Un cop les dades deixin de ser necess\u00e0ries per al tractament en q\u00fcesti\u00f3, aquestes es mantindran degudament bloquejades i, si escau, es posaran a disposici\u00f3 de les Administracions i Organismes P\u00fablics competents, Jutges i Tribunals o el Ministeri Fiscal, durant el termini de prescripci\u00f3 de les accions que puguin derivar-se de la relaci\u00f3 mantinguda amb el client i\/o els terminis de conservaci\u00f3 previstos legalment.<\/p>\n<p><span style=\"font-weight: 400;\">Si ens has facilitat el teu curr\u00edculum, conservarem les dades durant un m\u00e0xim de dos anys des de la seva recepci\u00f3, moment en qu\u00e8 procedirem a la seva supressi\u00f3, llevat que hagis actualitzat les dades o ens hagis autoritzat a mantenir-les per un per\u00edode superior. Pots revocar el consentiment en qualsevol moment.<br \/>\n<\/span><\/p>\n<p>&nbsp;<\/p>\n<p><strong><strong>6. DECISIONS AUTOMATITZADES I ELABORACI\u00d3 DE PERFILS\u00a0<\/strong><\/strong><\/p>\n<p><span style=\"font-weight: 400;\">El lloc web no pren decisions automatitzades ni elabora perfils.<br \/>\n<\/span><\/p>\n<p>&nbsp;<\/p>\n<p><strong><strong>7. DESTINATARIS<\/strong><\/strong><\/p>\n<p><span style=\"font-weight: 400;\">Durant el per\u00edode de tractament de les teves dades personals, l\u2019organitzaci\u00f3 podr\u00e0 cedir les dades als seg\u00fcents destinataris:<br \/>\n<\/span><\/p>\n<ul>\n<li style=\"font-weight: 400;\">\u2022 Jutges i Tribunals.<\/li>\n<li style=\"font-weight: 400;\"><span style=\"font-weight: 400;\">\u2022 Forces i Cossos de Seguretat de l&#8217;Estat.<\/span><\/li>\n<li style=\"font-weight: 400;\"><span style=\"font-weight: 400;\">\u2022 Altres autoritats o organismes p\u00fablics competents, quan el responsable tingui l&#8217;obligaci\u00f3 legal de facilitar les dades personals.<\/span><\/li>\n<\/ul>\n<p>&nbsp;<\/p>\n<p><strong>8. TRANSFER\u00c8NCIES INTERNACIONALS DE DADES<\/strong><\/p>\n<p><span style=\"font-weight: 400;\">L\u2019organitzaci\u00f3 no realitza cap Transfer\u00e8ncia Internacional de Dades. En cas que posteriorment fos necessari, es verificar\u00e0 el grau de protecci\u00f3 del pa\u00eds de destinaci\u00f3 i s\u2019adoptaran les garanties exigides per la normativa.<br \/>\n<\/span><\/p>\n<p>&nbsp;<\/p>\n<p><strong><strong>9. XARXES SOCIALS<\/strong><\/strong><\/p>\n<p><span style=\"font-weight: 400;\">Amb la finalitat de fer-te part\u00edcip de la nostra activitat i que puguis estar al corrent de les nostres novetats, BEMYPARTNER SL t\u00e9 perfils a les Xarxes Socials.<br \/>\n<\/span><span style=\"font-weight: 400;\"><br \/>\n<\/span><span style=\"font-weight: 400;\">Tots els usuaris tenen l\u2019oportunitat d\u2019unir-se a les nostres xarxes socials o grups. Tanmateix, cal tenir en compte que, tret que sol\u00b7licitem directament les teves dades (per exemple, a trav\u00e9s d\u2019accions de m\u00e0rqueting, concursos, promocions o qualsevol altra forma v\u00e0lida), les dades seran propietat de la Xarxa Social corresponent. Et recomanem llegir detingudament els termes d\u2019\u00fas i pol\u00edtiques de privacitat, i configurar les prefer\u00e8ncies sobre el tractament de dades.<br \/>\n<\/span><span style=\"font-weight: 400;\"><br \/>\n<\/span><span style=\"font-weight: 400;\">A continuaci\u00f3, els enlla\u00e7os a les pol\u00edtiques de privacitat de les Xarxes Socials on tenim pres\u00e8ncia:<br \/>\n<\/span><\/p>\n<p>&nbsp;<\/p>\n<p><strong>Facebook:\u00a0<\/strong><a href=\"https:\/\/www.facebook.com\/BemypartnerCOM\/\">https:\/\/www.facebook.com\/BemypartnerCOM\/<\/a><\/p>\n<p><strong>X: <\/strong><a href=\"https:\/\/x.com\/bemypartnercom\">https:\/\/x.com\/bemypartnercom<\/a><\/p>\n<p><strong>LinkedIN: <\/strong><a href=\"https:\/\/www.linkedin.com\/company\/bemypartner\/\">https:\/\/www.linkedin.com\/company\/bemypartner\/<\/a><\/p>\n<p><strong>Youtube<\/strong>: <a href=\"https:\/\/www.youtube.com\/channel\/UCebox-UaBc4wLjq3ySzmAQA\">https:\/\/www.youtube.com\/channel\/UCebox-UaBc4wLjq3ySzmAQA<\/a><\/p>\n<p><strong>Instagram: <\/strong><a href=\"https:\/\/www.instagram.com\/bemypartnercom\/\">https:\/\/www.instagram.com\/bemypartnercom\/<\/a><\/p>\n<p><strong>TikTok: <\/strong><a href=\"https:\/\/www.tiktok.com\/@bemypartner\">https:\/\/www.tiktok.com\/@bemypartner<\/a><\/p>\n<p>&nbsp;<\/p>\n<p>&nbsp;<\/p>\n<p><strong><strong>10. DRETS<\/strong><\/strong><\/p>\n<p><span style=\"font-weight: 400;\">Els interessats poden sol\u00b7licitar m\u00e9s informaci\u00f3 sobre el tractament de les seves dades personals i exercir, en qualsevol moment i de manera gratu\u00efta, els drets d\u2019acc\u00e9s, rectificaci\u00f3, supressi\u00f3, limitaci\u00f3 del tractament, oposici\u00f3, portabilitat de dades (si \u00e9s t\u00e8cnicament possible) o retirada del consentiment, aix\u00ed com a no ser objecte d\u2019una decisi\u00f3 basada \u00fanicament en un tractament automatitzat, inclosa l\u2019elaboraci\u00f3 de perfils.<br \/>\n<\/span><\/p>\n<p><span style=\"font-weight: 400;\">Es poden utilitzar els formularis habilitats per l\u2019organitzaci\u00f3 o enviar una sol\u00b7licitud per escrit a l\u2019adre\u00e7a postal o electr\u00f2nica indicada. Podr\u00e0s ser requerit per acreditar la teva identitat amb DNI o document equivalent, sempre que no es pugui fer per altres mitjans menys intrusius.<br \/>\n<\/span><\/p>\n<p><span style=\"font-weight: 400;\">Si consideres vulnerats els teus drets en mat\u00e8ria de protecci\u00f3 de dades personals, especialment si no has obtingut satisfacci\u00f3 en l\u2019exercici dels teus drets, pots presentar una reclamaci\u00f3 davant l\u2019Autoritat de Control competent (Ag\u00e8ncia Espanyola de Protecci\u00f3 de Dades) a trav\u00e9s del seu lloc web: <\/span><a href=\"http:\/\/www.aepd.es\"><span style=\"font-weight: 400;\">www.aepd.es<\/span><\/a><\/p>\n<p>D\u2019acord amb l\u2019article 21 de la Llei 34\/2002 de serveis de la societat de la informaci\u00f3 i comer\u00e7 electr\u00f2nic, si no desitges rebre m\u00e9s informaci\u00f3 sobre els nostres serveis, pots donar-te de baixa enviant un correu electr\u00f2nic a <a href=\"mailto:bemypartner@bemypartner.es\">bemypartner@bemypartner.es<\/a> amb l\u2019assumpte \u201cBAIXES\u201d.<\/p>\n<p>&nbsp;<\/p>\n<p><strong><strong>11. VERACITAT DE LES DADES<\/strong><\/strong><\/p>\n<p><span style=\"font-weight: 400;\">L\u2019interessat garanteix que les dades aportades s\u00f3n veritables, exactes, completes i actualitzades, i es compromet a informar de qualsevol canvi pels canals indicats a l\u2019apartat 1. L\u2019interessat ser\u00e0 responsable de qualsevol dany directe o indirecte derivat del incompliment d\u2019aquesta obligaci\u00f3.<br \/>\n<\/span><span style=\"font-weight: 400;\"><br \/>\n<\/span><span style=\"font-weight: 400;\">Si l\u2019usuari facilita dades de tercers, declara que compta amb el consentiment dels interessats i es compromet a traslladar-los la informaci\u00f3 continguda en aquesta cl\u00e0usula, exemptant l\u2019organitzaci\u00f3 de qualsevol responsabilitat derivada del seu incompliment.<br \/>\n<\/span><\/p>\n<p>&nbsp;<\/p>\n<p><strong><strong>12. MODIFICACIONS I ACTUALITZACI\u00d3<\/strong><\/strong><\/p>\n<p><span style=\"font-weight: 400;\">Aquesta pol\u00edtica de privacitat pot ser modificada\/actualitzada segons les exig\u00e8ncies legals, per adaptar-la a les instruccions de l\u2019Ag\u00e8ncia Espanyola de Protecci\u00f3 de Dades o com a conseq\u00fc\u00e8ncia de canvis al nostre lloc web. Recomanem que els usuaris consultin peri\u00f2dicament la nostra Pol\u00edtica de Privacitat.<br \/>\n<\/span><\/p>\n<p><span style=\"font-weight: 400;\">Si tens dubtes sobre aquesta pol\u00edtica, pots contactar amb BEMYPARTNER SL a trav\u00e9s dels formularis habilitats o enviant un escrit a l\u2019adre\u00e7a postal o electr\u00f2nica indicada.<br \/>\n<\/span><\/p>\n<p>&nbsp;<\/p>\n<p><em><span style=\"font-weight: 400;\">\u00daltima revisi\u00f3 10 de febrer de 2026<\/span><\/em>[\/vc_column_text][\/vc_column_inner][\/vc_row_inner][\/vc_column][\/vc_row]<\/p>\n","protected":false},"excerpt":{"rendered":"<p>[vc_row equal_height=&#8221;true&#8221; row_animation=&#8221;grow-in&#8221; el_class=&#8221;bloque-redes&#8221; row_padding_bottom=&#8221;70px&#8221;][vc_column vertical_position=&#8221;middle&#8221;][vc_column_text] \u00a0 \u00a0 \u00a0 \u00a0 [\/vc_column_text][\/vc_column][\/vc_row][vc_row el_class=&#8221;cont-tit-interior&#8221; row_margin_top=&#8221;155&#8243; row_padding_top=&#8221;70&#8243; row_padding_bottom=&#8221;70&#8243;][vc_column][vc_column_text text_animation=&#8221;fade-in-top&#8221;] Pol\u00edtica de privacitat [\/vc_column_text][vc_row_inner css=&#8221;.vc_custom_1602245031018{margin-top: 100px !important;}&#8221; el_class=&#8221;row-legal&#8221;][vc_column_inner][vc_column_text]L\u2019objectiu d\u2019aquesta pol\u00edtica \u00e9s informar els interessats sobre els diferents tractaments de dades realitzats per aquesta organitzaci\u00f3 a trav\u00e9s de la p\u00e0gina web que afectin les seves dades personals, d\u2019acord amb el<\/p>\n","protected":false},"author":1,"featured_media":0,"parent":0,"menu_order":0,"comment_status":"closed","ping_status":"closed","template":"","meta":{"_monsterinsights_skip_tracking":false,"_monsterinsights_sitenote_active":false,"_monsterinsights_sitenote_note":"","_monsterinsights_sitenote_category":0,"footnotes":""},"class_list":["post-4491","page","type-page","status-publish","hentry"],"yoast_head":"<!-- This site is optimized with the Yoast SEO plugin v27.5 - https:\/\/yoast.com\/product\/yoast-seo-wordpress\/ -->\n<title>Pol\u00edtica de privacitat - Bemypartner<\/title>\n<meta name=\"robots\" content=\"index, follow, max-snippet:-1, max-image-preview:large, max-video-preview:-1\" \/>\n<link rel=\"canonical\" href=\"https:\/\/bemypartner.es\/ca\/politica-de-privacitat\/\" \/>\n<meta property=\"og:locale\" content=\"ca_ES\" \/>\n<meta property=\"og:type\" content=\"article\" \/>\n<meta property=\"og:title\" content=\"Pol\u00edtica de privacitat - Bemypartner\" \/>\n<meta property=\"og:description\" content=\"[vc_row equal_height=&#8221;true&#8221; row_animation=&#8221;grow-in&#8221; el_class=&#8221;bloque-redes&#8221; row_padding_bottom=&#8221;70px&#8221;][vc_column vertical_position=&#8221;middle&#8221;][vc_column_text] \u00a0 \u00a0 \u00a0 \u00a0 [\/vc_column_text][\/vc_column][\/vc_row][vc_row el_class=&#8221;cont-tit-interior&#8221; row_margin_top=&#8221;155&#8243; row_padding_top=&#8221;70&#8243; row_padding_bottom=&#8221;70&#8243;][vc_column][vc_column_text text_animation=&#8221;fade-in-top&#8221;] Pol\u00edtica de privacitat [\/vc_column_text][vc_row_inner css=&#8221;.vc_custom_1602245031018{margin-top: 100px !important;}&#8221; el_class=&#8221;row-legal&#8221;][vc_column_inner][vc_column_text]L\u2019objectiu d\u2019aquesta pol\u00edtica \u00e9s informar els interessats sobre els diferents tractaments de dades realitzats per aquesta organitzaci\u00f3 a trav\u00e9s de la p\u00e0gina web que afectin les seves dades personals, d\u2019acord amb el\" \/>\n<meta property=\"og:url\" content=\"https:\/\/bemypartner.es\/ca\/politica-de-privacitat\/\" \/>\n<meta property=\"og:site_name\" content=\"Bemypartner\" \/>\n<meta property=\"article:publisher\" content=\"https:\/\/www.facebook.com\/BemypartnerCOM\" \/>\n<meta property=\"article:modified_time\" content=\"2026-02-11T11:51:57+00:00\" \/>\n<meta property=\"og:image\" content=\"https:\/\/bemypartner.es\/wp-content\/uploads\/2020\/07\/img-servicios-5.png\" \/>\n\t<meta property=\"og:image:width\" content=\"960\" \/>\n\t<meta property=\"og:image:height\" content=\"580\" \/>\n\t<meta property=\"og:image:type\" content=\"image\/png\" \/>\n<meta name=\"twitter:card\" content=\"summary_large_image\" \/>\n<meta name=\"twitter:site\" content=\"@bemypartnercom\" \/>\n<meta name=\"twitter:label1\" content=\"Temps estimat de lectura\" \/>\n\t<meta name=\"twitter:data1\" content=\"6 minuts\" \/>\n<script type=\"application\/ld+json\" class=\"yoast-schema-graph\">{\"@context\":\"https:\\\/\\\/schema.org\",\"@graph\":[{\"@type\":\"WebPage\",\"@id\":\"https:\\\/\\\/bemypartner.es\\\/ca\\\/politica-de-privacitat\\\/\",\"url\":\"https:\\\/\\\/bemypartner.es\\\/ca\\\/politica-de-privacitat\\\/\",\"name\":\"Pol\u00edtica de privacitat - Bemypartner\",\"isPartOf\":{\"@id\":\"https:\\\/\\\/bemypartner.es\\\/#website\"},\"datePublished\":\"2021-01-18T17:12:39+00:00\",\"dateModified\":\"2026-02-11T11:51:57+00:00\",\"breadcrumb\":{\"@id\":\"https:\\\/\\\/bemypartner.es\\\/ca\\\/politica-de-privacitat\\\/#breadcrumb\"},\"inLanguage\":\"ca\",\"potentialAction\":[{\"@type\":\"ReadAction\",\"target\":[\"https:\\\/\\\/bemypartner.es\\\/ca\\\/politica-de-privacitat\\\/\"]}]},{\"@type\":\"BreadcrumbList\",\"@id\":\"https:\\\/\\\/bemypartner.es\\\/ca\\\/politica-de-privacitat\\\/#breadcrumb\",\"itemListElement\":[{\"@type\":\"ListItem\",\"position\":1,\"name\":\"Portada\",\"item\":\"https:\\\/\\\/bemypartner.es\\\/ca\\\/\"},{\"@type\":\"ListItem\",\"position\":2,\"name\":\"Pol\u00edtica de privacitat\"}]},{\"@type\":\"WebSite\",\"@id\":\"https:\\\/\\\/bemypartner.es\\\/#website\",\"url\":\"https:\\\/\\\/bemypartner.es\\\/\",\"name\":\"Bemypartner\",\"description\":\"Comunicaci\u00f3n y eventos\",\"potentialAction\":[{\"@type\":\"SearchAction\",\"target\":{\"@type\":\"EntryPoint\",\"urlTemplate\":\"https:\\\/\\\/bemypartner.es\\\/?s={search_term_string}\"},\"query-input\":{\"@type\":\"PropertyValueSpecification\",\"valueRequired\":true,\"valueName\":\"search_term_string\"}}],\"inLanguage\":\"ca\"}]}<\/script>\n<!-- \/ Yoast SEO plugin. -->","yoast_head_json":{"title":"Pol\u00edtica de privacitat - Bemypartner","robots":{"index":"index","follow":"follow","max-snippet":"max-snippet:-1","max-image-preview":"max-image-preview:large","max-video-preview":"max-video-preview:-1"},"canonical":"https:\/\/bemypartner.es\/ca\/politica-de-privacitat\/","og_locale":"ca_ES","og_type":"article","og_title":"Pol\u00edtica de privacitat - Bemypartner","og_description":"[vc_row equal_height=&#8221;true&#8221; row_animation=&#8221;grow-in&#8221; el_class=&#8221;bloque-redes&#8221; row_padding_bottom=&#8221;70px&#8221;][vc_column vertical_position=&#8221;middle&#8221;][vc_column_text] \u00a0 \u00a0 \u00a0 \u00a0 [\/vc_column_text][\/vc_column][\/vc_row][vc_row el_class=&#8221;cont-tit-interior&#8221; row_margin_top=&#8221;155&#8243; row_padding_top=&#8221;70&#8243; row_padding_bottom=&#8221;70&#8243;][vc_column][vc_column_text text_animation=&#8221;fade-in-top&#8221;] Pol\u00edtica de privacitat [\/vc_column_text][vc_row_inner css=&#8221;.vc_custom_1602245031018{margin-top: 100px !important;}&#8221; el_class=&#8221;row-legal&#8221;][vc_column_inner][vc_column_text]L\u2019objectiu d\u2019aquesta pol\u00edtica \u00e9s informar els interessats sobre els diferents tractaments de dades realitzats per aquesta organitzaci\u00f3 a trav\u00e9s de la p\u00e0gina web que afectin les seves dades personals, d\u2019acord amb el","og_url":"https:\/\/bemypartner.es\/ca\/politica-de-privacitat\/","og_site_name":"Bemypartner","article_publisher":"https:\/\/www.facebook.com\/BemypartnerCOM","article_modified_time":"2026-02-11T11:51:57+00:00","og_image":[{"width":960,"height":580,"url":"https:\/\/bemypartner.es\/wp-content\/uploads\/2020\/07\/img-servicios-5.png","type":"image\/png"}],"twitter_card":"summary_large_image","twitter_site":"@bemypartnercom","twitter_misc":{"Temps estimat de lectura":"6 minuts"},"schema":{"@context":"https:\/\/schema.org","@graph":[{"@type":"WebPage","@id":"https:\/\/bemypartner.es\/ca\/politica-de-privacitat\/","url":"https:\/\/bemypartner.es\/ca\/politica-de-privacitat\/","name":"Pol\u00edtica de privacitat - Bemypartner","isPartOf":{"@id":"https:\/\/bemypartner.es\/#website"},"datePublished":"2021-01-18T17:12:39+00:00","dateModified":"2026-02-11T11:51:57+00:00","breadcrumb":{"@id":"https:\/\/bemypartner.es\/ca\/politica-de-privacitat\/#breadcrumb"},"inLanguage":"ca","potentialAction":[{"@type":"ReadAction","target":["https:\/\/bemypartner.es\/ca\/politica-de-privacitat\/"]}]},{"@type":"BreadcrumbList","@id":"https:\/\/bemypartner.es\/ca\/politica-de-privacitat\/#breadcrumb","itemListElement":[{"@type":"ListItem","position":1,"name":"Portada","item":"https:\/\/bemypartner.es\/ca\/"},{"@type":"ListItem","position":2,"name":"Pol\u00edtica de privacitat"}]},{"@type":"WebSite","@id":"https:\/\/bemypartner.es\/#website","url":"https:\/\/bemypartner.es\/","name":"Bemypartner","description":"Comunicaci\u00f3n y eventos","potentialAction":[{"@type":"SearchAction","target":{"@type":"EntryPoint","urlTemplate":"https:\/\/bemypartner.es\/?s={search_term_string}"},"query-input":{"@type":"PropertyValueSpecification","valueRequired":true,"valueName":"search_term_string"}}],"inLanguage":"ca"}]}},"_links":{"self":[{"href":"https:\/\/bemypartner.es\/ca\/wp-json\/wp\/v2\/pages\/4491","targetHints":{"allow":["GET"]}}],"collection":[{"href":"https:\/\/bemypartner.es\/ca\/wp-json\/wp\/v2\/pages"}],"about":[{"href":"https:\/\/bemypartner.es\/ca\/wp-json\/wp\/v2\/types\/page"}],"author":[{"embeddable":true,"href":"https:\/\/bemypartner.es\/ca\/wp-json\/wp\/v2\/users\/1"}],"replies":[{"embeddable":true,"href":"https:\/\/bemypartner.es\/ca\/wp-json\/wp\/v2\/comments?post=4491"}],"version-history":[{"count":31,"href":"https:\/\/bemypartner.es\/ca\/wp-json\/wp\/v2\/pages\/4491\/revisions"}],"predecessor-version":[{"id":6488,"href":"https:\/\/bemypartner.es\/ca\/wp-json\/wp\/v2\/pages\/4491\/revisions\/6488"}],"wp:attachment":[{"href":"https:\/\/bemypartner.es\/ca\/wp-json\/wp\/v2\/media?parent=4491"}],"curies":[{"name":"wp","href":"https:\/\/api.w.org\/{rel}","templated":true}]}}