{"id":3946,"date":"2020-10-01T13:59:44","date_gmt":"2020-10-01T13:59:44","guid":{"rendered":"https:\/\/bemypartner.es\/blog\/"},"modified":"2025-05-21T10:43:15","modified_gmt":"2025-05-21T10:43:15","slug":"blog","status":"publish","type":"page","link":"https:\/\/bemypartner.es\/ca\/blog\/","title":{"rendered":"Blog"},"content":{"rendered":"<p>[vc_row equal_height=&#8221;true&#8221; row_animation=&#8221;grow-in&#8221; el_class=&#8221;bloque-redes&#8221; row_padding_bottom=&#8221;70px&#8221;][vc_column vertical_position=&#8221;middle&#8221;][vc_column_text]<\/p>\n<div class=\"social-lateral\"><a href=\"https:\/\/www.linkedin.com\/company\/bemypartner\" target=\"_blank\" rel=\"noopener noreferrer\"><span class=\"icon-linkedin\">\u00a0<\/span><\/a><br \/>\n<a href=\"https:\/\/www.instagram.com\/bemypartnercom\/\" target=\"_blank\" rel=\"noopener noreferrer\"><span class=\"icon-instagram\">\u00a0<\/span><\/a><br \/>\n<a href=\"https:\/\/www.facebook.com\/BemypartnerCOM\" target=\"_blank\" rel=\"noopener noreferrer\"><span class=\"icon-facebook\">\u00a0<\/span><\/a><br \/>\n<a href=\"https:\/\/twitter.com\/bemypartnercom\" target=\"_blank\" rel=\"noopener noreferrer\"><span class=\"icon-twitter\">\u00a0<\/span><\/a><\/div>\n<p>[\/vc_column_text][\/vc_column][\/vc_row][vc_row background_color=&#8221;#f0f0f0&#8243; el_class=&#8221;cont-tit-interior&#8221; row_margin_top=&#8221;155&#8243; row_padding_top=&#8221;70&#8243; row_padding_bottom=&#8221;70&#8243;][vc_column][vc_column_text text_animation=&#8221;fade-in-top&#8221;]<\/p>\n<p class=\"tit-interior blog\" style=\"text-align: center;\">\u00daltimes not\u00edcies<\/p>\n<p>[\/vc_column_text][vc_row_inner css=&#8221;.vc_custom_1601894830518{margin-top: 100px !important;}&#8221; el_class=&#8221;noticia-principal&#8221;][vc_column_inner]\n<!-- Start vcpg-post-grid -->\n<div class=\"vcpg-post-grid vcpg-grid-layout-3\">\n    <!-- Start vcpg-row -->\n    <div class=\"vcpg-row\">\n\n<div id=\"row-single-6430\" class=\"vcpg-row-single cl-md-12 \">\n\t<div class=\"vcpg-post-item\">\n\t\t<div class=\"vcpg-row\">\n\t\t\t<div class=\"cl-md-4\">\n\t\t\t\t<div class=\"vcpg-post-photo\">\n\t\t\t\t\t\t\t\t\t\t\t<img decoding=\"async\" class=\"post-img lazyload\" data-src=\"https:\/\/bemypartner.es\/wp-content\/uploads\/2026\/01\/Banner-Articulo-Blog-Bemypartner-830x420.jpg\" alt=\"3 claves para convertir tu comunicaci\u00f3n interna en reputaci\u00f3n empresarial\" src=\"data:image\/svg+xml;base64,PHN2ZyB3aWR0aD0iMSIgaGVpZ2h0PSIxIiB4bWxucz0iaHR0cDovL3d3dy53My5vcmcvMjAwMC9zdmciPjwvc3ZnPg==\" style=\"--smush-placeholder-width: 830px; --smush-placeholder-aspect-ratio: 830\/420;\">\n\n\t\t\t\t\t\n\t\t\t\t<\/div>\n\t\t\t<\/div>\n\t\t\t<div class=\"cl-md-8\">\n\t\t\t\t<div class=\"vcpg-post-content\">\n\t\t\t\t\t<div class=\"vcpg-categories\"><a href=\"https:\/\/bemypartner.es\/category\/agencia-de-comunicacion\/\">Agencia de comunicaci\u00f3n<\/a><a href=\"https:\/\/bemypartner.es\/category\/comunicacion\/comunciacion-digital\/\">Comunciaci\u00f3n Digital<\/a><a href=\"https:\/\/bemypartner.es\/category\/comunicacion\/\">Comunicaci\u00f3n<\/a><a href=\"https:\/\/bemypartner.es\/category\/comunicacion\/comunicacion-interna\/\">Comunicaci\u00f3n interna<\/a><a href=\"https:\/\/bemypartner.es\/category\/comunicacion-interna\/\">Comunicaci\u00f3n interna<\/a><a href=\"https:\/\/bemypartner.es\/category\/marca\/\">Marca<\/a><\/div>\t\t\t\t\t<div class=\"vcpg-post-meta\">\n\t\t\t\t\t\t<div class=\"meta-left\">\n                            <div class=\"grid3-post-author\">\n\t\t\t\t\t\t\t\tby <strong>Bemypartner<\/strong>                            <\/div>\n                            <span class=\"publish-time\"><i class=\"icofont-clock-time\"><\/i> 16 de gener de 2026<\/span>\n                        <\/div>\n                        <div class=\"meta-right\">\n                            <span class=\"reading-time\"><i class=\"icofont-read-book-alt\"><\/i> 4 min to read<\/span>\n                        <\/div>\n\t\t\t\t\t<\/div>\n\n\t\t\t\t\t<div class=\"vcpg-post-desc\">\n\t\t\t\t\t\t\t\t\t\t\t\t\t<h3 class=\"vcpg-heading\"><a href=\"https:\/\/bemypartner.es\/ca\/comunicacion-interna-reputacion-empresarial\/\">3 claves para convertir tu comunicaci\u00f3n interna en reputaci\u00f3n empresarial<\/a><\/h3>\n\t\t\t\t\t\t\n\t\t\t\t\t\t\t\t\t\t\t\t\t<p>\n\t\t\t\t\t\t\t\tComunicaci\u00f3n interna: la base de una reputaci\u00f3n empresarial s\u00f3lida La comunicaci\u00f3n interna estrat\u00e9gica se ha convertido en uno de los factores que m\u00e1s influyen en la reputaci\u00f3n y competitividad de las empresas. Ya no es un canal de soporte, sino&hellip;<a href=\"https:\/\/bemypartner.es\/ca\/comunicacion-interna-reputacion-empresarial\/\">Llegeix m\u00e9s ><\/a>\n\t\t\t\t\t\t\t<\/p>\n\t\t\t\t\t\t\t\t\t\t\t<\/div>\n\t\t\t\t\t<div class=\"vcpg-post-footer\">\n\t\t\t\t\t\t\t\t\t\t\t\t\t<div class=\"vcpg-post-tags\">\n\t\t\t\t\t\t\t\t<i class=\"icofont-tags\"><\/i>\n\t\t\t\t\t\t\t\t\n\t\t\t\t\t\t\t\t\t\t<div class=\"first-2\"><a href=\"https:\/\/bemypartner.es\/tag\/agencia-de-comunicacion\/\">agencia de comunicaci\u00f3n<\/a><\/div>\n\n\t\t\t\t\t\t\t\t\n\t\t\t\t\t\t\t\t\t\t<div class=\"first-2\"><a href=\"https:\/\/bemypartner.es\/tag\/comunicacion-estrategica\/\">comunicaci\u00f3n estrat\u00e9gica<\/a><\/div>\n\n\t\t\t\t\t\t\t\t\n\t\t\t\t\t\t\t\t\t\t<div class=\"first-2\"><a href=\"https:\/\/bemypartner.es\/tag\/comunicacion-interna\/\">Comunicaci\u00f3n Interna<\/a><\/div>\n\n\t\t\t\t\t\t\t\t\n\t\t\t\t\t\t\t\t\t\t<div class=\"first-2\"><a href=\"https:\/\/bemypartner.es\/tag\/cultura-corporativa\/\">cultura corporativa<\/a><\/div>\n\n\t\t\t\t\t\t\t\t\n\t\t\t\t\t\t\t\t\t\t<div class=\"first-2\"><a href=\"https:\/\/bemypartner.es\/tag\/employee-advocacy\/\">employee advocacy<\/a><\/div>\n\n\t\t\t\t\t\t\t\t\n\t\t\t\t\t\t\t\t\t\t<div class=\"first-2\"><a href=\"https:\/\/bemypartner.es\/tag\/employer-branding\/\">employer branding<\/a><\/div>\n\n\t\t\t\t\t\t\t\t\n\t\t\t\t\t\t\t\t\t\t<div class=\"first-2\"><a href=\"https:\/\/bemypartner.es\/tag\/estrategias-de-comunicacion\/\">estrategias de comunicaci\u00f3n<\/a><\/div>\n\n\t\t\t\t\t\t\t\t\n\t\t\t\t\t\t\t\t\t\t<div class=\"first-2\"><a href=\"https:\/\/bemypartner.es\/tag\/experiencia-cliente\/\">experiencia cliente<\/a><\/div>\n\n\t\t\t\t\t\t\t\t\n\t\t\t\t\t\t\t\t\t\t<div class=\"first-2\"><a href=\"https:\/\/bemypartner.es\/tag\/liderazgo\/\">liderazgo<\/a><\/div>\n\n\t\t\t\t\t\t\t\t\n\t\t\t\t\t\t\t\t\t\t<div class=\"first-2\"><a href=\"https:\/\/bemypartner.es\/tag\/reputacion\/\">reputaci\u00f3n<\/a><\/div>\n\n\t\t\t\t\t\t\t\t\n\t\t\t\t\t\t\t\t\t\t<div class=\"first-2\"><a href=\"https:\/\/bemypartner.es\/tag\/reputacion-de-marca\/\">reputaci\u00f3n de marca<\/a><\/div>\n\n\t\t\t\t\t\t\t\t\n\t\t\t\t\t\t\t\t\t\t<div class=\"first-2\"><a href=\"https:\/\/bemypartner.es\/tag\/reputacion-marca\/\">reputaci\u00f3n marca<\/a><\/div>\n\n\t\t\t\t\t\t\t\t\n\t\t\t\t\t\t\t\t\n\n\t\t\t\t\t\t\t<\/div>\n\t\t\t\t\t\t\n                        <div class=\"vcpg-footer-right\">\n                            <div class=\"vcpg-comment-wrap\">\n                                <span><i class=\"icofont-comment\"><\/i> 0<\/span>\n                            <\/div>\n\n                            \n<div class=\"vcpg-social-share\">\n\t<a href=\"#\"><i class=\"icofont-share\"><\/i><\/a>\n\t<div class=\"vcpg-social-inner\">\n\t\t<ul>\n\t\t\t<li>\n\t\t\t\t<a target=\"_blank\" data-social=\"facebook\" title=\"Share on Facebook\" href=\"\/\/facebook.com\/sharer.php?u=https:\/\/bemypartner.es\/ca\/comunicacion-interna-reputacion-empresarial\/\">\n\t\t\t\t\t<i class=\"icofont-facebook\"><\/i>\n\t\t\t\t<\/a>\n\t\t\t<\/li>\n\t\t\t<li>\n\t\t\t\t<a target=\"_blank\" data-social=\"pinterest\" title=\"Share on Pinterest\" href=\"\/\/pinterest.com\/pin\/create\/button\/?url=https:\/\/bemypartner.es\/ca\/comunicacion-interna-reputacion-empresarial\/&amp;media=\">\n\t\t\t\t\t<i class=\"icofont-pinterest\"><\/i>\n\t\t\t\t<\/a>\n\t\t\t<\/li>\n\t\t\t<li>\n\t\t\t\t<a target=\"_blank\" data-social=\"twitter\" title=\"Share on Twitter\" href=\"\/\/twitter.com\/share?url=https:\/\/bemypartner.es\/ca\/comunicacion-interna-reputacion-empresarial\/&text=3 claves para convertir tu comunicaci\u00f3n interna en reputaci\u00f3n empresarial\">\n\t\t\t\t\t<i class=\"icofont-twitter\"><\/i>\n\t\t\t\t<\/a>\n\t\t\t<\/li>\n\t\t<\/ul>\n\t<\/div>\n<\/div>                        <\/div>\n\n\t\t\t\t\t<\/div>\n\n\t\t\t\t<\/div>\n\t\t\t<\/div>\n\t\t<\/div>\n\t<\/div>\n<\/div>\n    <\/div> <!-- End Carousel Wrap -->\n<\/div> <!-- End vcpg-post-grid -->\n\n\n\n[\/vc_column_inner][\/vc_row_inner][vc_row_inner css=&#8221;.vc_custom_1602055900452{margin-top: 10px !important;}&#8221; el_class=&#8221;noticias-destacadas&#8221;][vc_column_inner]\n<!-- Start vcpg-post-grid -->\n<div class=\"vcpg-post-grid vcpg-grid-layout-3\">\n    <!-- Start vcpg-row -->\n    <div class=\"vcpg-row\">\n\n<div id=\"row-single-4032\" class=\"vcpg-row-single cl-md-12 \">\n\t<div class=\"vcpg-post-item\">\n\t\t<div class=\"vcpg-row\">\n\t\t\t<div class=\"cl-md-4\">\n\t\t\t\t<div class=\"vcpg-post-photo\">\n\t\t\t\t\t\t\t\t\t\t\t<img decoding=\"async\" class=\"post-img lazyload\" data-src=\"https:\/\/bemypartner.es\/wp-content\/uploads\/2020\/05\/C\u00d3MO-OPTIMIZAR-EL-PERFIL-DE-INSTAGRAM-DE-TU-NEGOCIO-PARA-AUMENTAR-LAS-VENTAS-830x420.jpg\" alt=\"C\u00f3mo optimizar el perfil de Instagram de tu negocio para aumentar las ventas\" src=\"data:image\/svg+xml;base64,PHN2ZyB3aWR0aD0iMSIgaGVpZ2h0PSIxIiB4bWxucz0iaHR0cDovL3d3dy53My5vcmcvMjAwMC9zdmciPjwvc3ZnPg==\" style=\"--smush-placeholder-width: 830px; --smush-placeholder-aspect-ratio: 830\/420;\">\n\n\t\t\t\t\t\n\t\t\t\t<\/div>\n\t\t\t<\/div>\n\t\t\t<div class=\"cl-md-8\">\n\t\t\t\t<div class=\"vcpg-post-content\">\n\t\t\t\t\t<div class=\"vcpg-categories\"><a href=\"https:\/\/bemypartner.es\/ca\/category\/destacadas-ca\/\">Destacadas<\/a><a href=\"https:\/\/bemypartner.es\/ca\/category\/redes-sociales-ca\/\">Redes Sociales<\/a><\/div>\t\t\t\t\t<div class=\"vcpg-post-meta\">\n\t\t\t\t\t\t<div class=\"meta-left\">\n                            <div class=\"grid3-post-author\">\n\t\t\t\t\t\t\t\tby <strong>Bemypartner<\/strong>                            <\/div>\n                            <span class=\"publish-time\"><i class=\"icofont-clock-time\"><\/i> 28 de maig de 2020<\/span>\n                        <\/div>\n                        <div class=\"meta-right\">\n                            <span class=\"reading-time\"><i class=\"icofont-read-book-alt\"><\/i> 5 min to read<\/span>\n                        <\/div>\n\t\t\t\t\t<\/div>\n\n\t\t\t\t\t<div class=\"vcpg-post-desc\">\n\t\t\t\t\t\t\t\t\t\t\t\t\t<h3 class=\"vcpg-heading\"><a href=\"https:\/\/bemypartner.es\/ca\/como-optimizar-el-perfil-de-instagram-de-tu-negocio-para-aumentar-las-ventas\/\">C\u00f3mo optimizar el perfil de Instagram de tu negocio para aumentar las ventas<\/a><\/h3>\n\t\t\t\t\t\t\n\t\t\t\t\t\t\t\t\t\t\t<\/div>\n\t\t\t\t\t<div class=\"vcpg-post-footer\">\n\t\t\t\t\t\t\t\t\t\t\t\t\t<div class=\"vcpg-post-tags\">\n\t\t\t\t\t\t\t\t<i class=\"icofont-tags\"><\/i>\n\t\t\t\t\t\t\t\t\n\t\t\t\t\t\t\t\t\t\t<div class=\"first-2\"><a href=\"https:\/\/bemypartner.es\/ca\/tag\/agencia-de-comunicacion-ca\/\">agencia de comunicaci\u00f3n<\/a><\/div>\n\n\t\t\t\t\t\t\t\t\n\t\t\t\t\t\t\t\t\t\t<div class=\"first-2\"><a href=\"https:\/\/bemypartner.es\/ca\/tag\/estrategia-ca\/\">estrategia<\/a><\/div>\n\n\t\t\t\t\t\t\t\t\n\t\t\t\t\t\t\t\t\t\t<div class=\"first-2\"><a href=\"https:\/\/bemypartner.es\/ca\/tag\/instagram-ca\/\">Instagram<\/a><\/div>\n\n\t\t\t\t\t\t\t\t\n\t\t\t\t\t\t\t\t\t\t<div class=\"first-2\"><a href=\"https:\/\/bemypartner.es\/ca\/tag\/redes-sociales-ca\/\">Redes Sociales<\/a><\/div>\n\n\t\t\t\t\t\t\t\t\n\t\t\t\t\t\t\t\t\t\t<div class=\"first-2\"><a href=\"https:\/\/bemypartner.es\/ca\/tag\/ventas-ca\/\">ventas<\/a><\/div>\n\n\t\t\t\t\t\t\t\t\n\t\t\t\t\t\t\t\t\n\n\t\t\t\t\t\t\t<\/div>\n\t\t\t\t\t\t\n                        <div class=\"vcpg-footer-right\">\n                            <div class=\"vcpg-comment-wrap\">\n                                <span><i class=\"icofont-comment\"><\/i> 0<\/span>\n                            <\/div>\n\n                            \n<div class=\"vcpg-social-share\">\n\t<a href=\"#\"><i class=\"icofont-share\"><\/i><\/a>\n\t<div class=\"vcpg-social-inner\">\n\t\t<ul>\n\t\t\t<li>\n\t\t\t\t<a target=\"_blank\" data-social=\"facebook\" title=\"Share on Facebook\" href=\"\/\/facebook.com\/sharer.php?u=https:\/\/bemypartner.es\/ca\/como-optimizar-el-perfil-de-instagram-de-tu-negocio-para-aumentar-las-ventas\/\">\n\t\t\t\t\t<i class=\"icofont-facebook\"><\/i>\n\t\t\t\t<\/a>\n\t\t\t<\/li>\n\t\t\t<li>\n\t\t\t\t<a target=\"_blank\" data-social=\"pinterest\" title=\"Share on Pinterest\" href=\"\/\/pinterest.com\/pin\/create\/button\/?url=https:\/\/bemypartner.es\/ca\/como-optimizar-el-perfil-de-instagram-de-tu-negocio-para-aumentar-las-ventas\/&amp;media=\">\n\t\t\t\t\t<i class=\"icofont-pinterest\"><\/i>\n\t\t\t\t<\/a>\n\t\t\t<\/li>\n\t\t\t<li>\n\t\t\t\t<a target=\"_blank\" data-social=\"twitter\" title=\"Share on Twitter\" href=\"\/\/twitter.com\/share?url=https:\/\/bemypartner.es\/ca\/como-optimizar-el-perfil-de-instagram-de-tu-negocio-para-aumentar-las-ventas\/&text=C\u00f3mo optimizar el perfil de Instagram de tu negocio para aumentar las ventas\">\n\t\t\t\t\t<i class=\"icofont-twitter\"><\/i>\n\t\t\t\t<\/a>\n\t\t\t<\/li>\n\t\t<\/ul>\n\t<\/div>\n<\/div>                        <\/div>\n\n\t\t\t\t\t<\/div>\n\n\t\t\t\t<\/div>\n\t\t\t<\/div>\n\t\t<\/div>\n\t<\/div>\n<\/div>\n\n<div id=\"row-single-4040\" class=\"vcpg-row-single cl-md-12 \">\n\t<div class=\"vcpg-post-item\">\n\t\t<div class=\"vcpg-row\">\n\t\t\t<div class=\"cl-md-4\">\n\t\t\t\t<div class=\"vcpg-post-photo\">\n\t\t\t\t\t\t\t\t\t\t\t<img decoding=\"async\" class=\"post-img lazyload\" data-src=\"https:\/\/bemypartner.es\/wp-content\/uploads\/2018\/09\/6-CLAVES-PARA-ORGANIZAR-UN-EVENTO-EMPRESARIAL-DE-\u00c9XITO.png\" alt=\"6 Claves para organizar un evento empresarial de \u00e9xito\" src=\"data:image\/svg+xml;base64,PHN2ZyB3aWR0aD0iMSIgaGVpZ2h0PSIxIiB4bWxucz0iaHR0cDovL3d3dy53My5vcmcvMjAwMC9zdmciPjwvc3ZnPg==\" style=\"--smush-placeholder-width: 800px; --smush-placeholder-aspect-ratio: 800\/418;\">\n\n\t\t\t\t\t\n\t\t\t\t<\/div>\n\t\t\t<\/div>\n\t\t\t<div class=\"cl-md-8\">\n\t\t\t\t<div class=\"vcpg-post-content\">\n\t\t\t\t\t<div class=\"vcpg-categories\"><a href=\"https:\/\/bemypartner.es\/ca\/category\/destacadas-ca\/\">Destacadas<\/a><a href=\"https:\/\/bemypartner.es\/ca\/category\/relaciones-publicas-ca\/\">Relaciones P\u00fablicas<\/a><\/div>\t\t\t\t\t<div class=\"vcpg-post-meta\">\n\t\t\t\t\t\t<div class=\"meta-left\">\n                            <div class=\"grid3-post-author\">\n\t\t\t\t\t\t\t\tby <strong>Bemypartner<\/strong>                            <\/div>\n                            <span class=\"publish-time\"><i class=\"icofont-clock-time\"><\/i> 28 de setembre de 2018<\/span>\n                        <\/div>\n                        <div class=\"meta-right\">\n                            <span class=\"reading-time\"><i class=\"icofont-read-book-alt\"><\/i> 3 min to read<\/span>\n                        <\/div>\n\t\t\t\t\t<\/div>\n\n\t\t\t\t\t<div class=\"vcpg-post-desc\">\n\t\t\t\t\t\t\t\t\t\t\t\t\t<h3 class=\"vcpg-heading\"><a href=\"https:\/\/bemypartner.es\/ca\/6-claves-para-organizar-un-evento\/\">6 Claves para organizar un evento empresarial de \u00e9xito<\/a><\/h3>\n\t\t\t\t\t\t\n\t\t\t\t\t\t\t\t\t\t\t<\/div>\n\t\t\t\t\t<div class=\"vcpg-post-footer\">\n\t\t\t\t\t\t\t\t\t\t\t\t\t<div class=\"vcpg-post-tags\">\n\t\t\t\t\t\t\t\t<i class=\"icofont-tags\"><\/i>\n\t\t\t\t\t\t\t\t\n\t\t\t\t\t\t\t\t\t\t<div class=\"first-2\"><a href=\"https:\/\/bemypartner.es\/ca\/tag\/evento-corporativo-ca\/\">evento corporativo<\/a><\/div>\n\n\t\t\t\t\t\t\t\t\n\t\t\t\t\t\t\t\t\t\t<div class=\"first-2\"><a href=\"https:\/\/bemypartner.es\/ca\/tag\/evento-interno-ca\/\">evento interno<\/a><\/div>\n\n\t\t\t\t\t\t\t\t\n\t\t\t\t\t\t\t\t\t\t<div class=\"first-2\"><a href=\"https:\/\/bemypartner.es\/ca\/tag\/eventos-ca\/\">eventos<\/a><\/div>\n\n\t\t\t\t\t\t\t\t\n\t\t\t\t\t\t\t\t\t\t<div class=\"first-2\"><a href=\"https:\/\/bemypartner.es\/ca\/tag\/relaciones-publicas-ca\/\">relaciones p\u00fablicas<\/a><\/div>\n\n\t\t\t\t\t\t\t\t\n\t\t\t\t\t\t\t\t\t\t<div class=\"first-2\"><a href=\"https:\/\/bemypartner.es\/ca\/tag\/rrpp-ca\/\">rrpp<\/a><\/div>\n\n\t\t\t\t\t\t\t\t\n\t\t\t\t\t\t\t\t\n\n\t\t\t\t\t\t\t<\/div>\n\t\t\t\t\t\t\n                        <div class=\"vcpg-footer-right\">\n                            <div class=\"vcpg-comment-wrap\">\n                                <span><i class=\"icofont-comment\"><\/i> 0<\/span>\n                            <\/div>\n\n                            \n<div class=\"vcpg-social-share\">\n\t<a href=\"#\"><i class=\"icofont-share\"><\/i><\/a>\n\t<div class=\"vcpg-social-inner\">\n\t\t<ul>\n\t\t\t<li>\n\t\t\t\t<a target=\"_blank\" data-social=\"facebook\" title=\"Share on Facebook\" href=\"\/\/facebook.com\/sharer.php?u=https:\/\/bemypartner.es\/ca\/6-claves-para-organizar-un-evento\/\">\n\t\t\t\t\t<i class=\"icofont-facebook\"><\/i>\n\t\t\t\t<\/a>\n\t\t\t<\/li>\n\t\t\t<li>\n\t\t\t\t<a target=\"_blank\" data-social=\"pinterest\" title=\"Share on Pinterest\" href=\"\/\/pinterest.com\/pin\/create\/button\/?url=https:\/\/bemypartner.es\/ca\/6-claves-para-organizar-un-evento\/&amp;media=\">\n\t\t\t\t\t<i class=\"icofont-pinterest\"><\/i>\n\t\t\t\t<\/a>\n\t\t\t<\/li>\n\t\t\t<li>\n\t\t\t\t<a target=\"_blank\" data-social=\"twitter\" title=\"Share on Twitter\" href=\"\/\/twitter.com\/share?url=https:\/\/bemypartner.es\/ca\/6-claves-para-organizar-un-evento\/&text=6 Claves para organizar un evento empresarial de \u00e9xito\">\n\t\t\t\t\t<i class=\"icofont-twitter\"><\/i>\n\t\t\t\t<\/a>\n\t\t\t<\/li>\n\t\t<\/ul>\n\t<\/div>\n<\/div>                        <\/div>\n\n\t\t\t\t\t<\/div>\n\n\t\t\t\t<\/div>\n\t\t\t<\/div>\n\t\t<\/div>\n\t<\/div>\n<\/div>\n\n<div id=\"row-single-4042\" class=\"vcpg-row-single cl-md-12 \">\n\t<div class=\"vcpg-post-item\">\n\t\t<div class=\"vcpg-row\">\n\t\t\t<div class=\"cl-md-4\">\n\t\t\t\t<div class=\"vcpg-post-photo\">\n\t\t\t\t\t\t\t\t\t\t\t<img decoding=\"async\" class=\"post-img lazyload\" data-src=\"https:\/\/bemypartner.es\/wp-content\/uploads\/2018\/06\/Comunicaci\u00f3n-crisis-odkzwid4x2m5pm4wqarjxzktoblrw6gfis4z7btjig.jpg\" alt=\"Por qu\u00e9 la \u2018Golden Hour\u2019 es clave en una situaci\u00f3n de crisis\" src=\"data:image\/svg+xml;base64,PHN2ZyB3aWR0aD0iMSIgaGVpZ2h0PSIxIiB4bWxucz0iaHR0cDovL3d3dy53My5vcmcvMjAwMC9zdmciPjwvc3ZnPg==\" style=\"--smush-placeholder-width: 748px; --smush-placeholder-aspect-ratio: 748\/308;\">\n\n\t\t\t\t\t\n\t\t\t\t<\/div>\n\t\t\t<\/div>\n\t\t\t<div class=\"cl-md-8\">\n\t\t\t\t<div class=\"vcpg-post-content\">\n\t\t\t\t\t<div class=\"vcpg-categories\"><a href=\"https:\/\/bemypartner.es\/ca\/category\/agencia-de-comunicacion-ca\/\">Agencia de comunicaci\u00f3n<\/a><a href=\"https:\/\/bemypartner.es\/ca\/category\/destacadas-ca\/\">Destacadas<\/a><\/div>\t\t\t\t\t<div class=\"vcpg-post-meta\">\n\t\t\t\t\t\t<div class=\"meta-left\">\n                            <div class=\"grid3-post-author\">\n\t\t\t\t\t\t\t\tby <strong>Bemypartner<\/strong>                            <\/div>\n                            <span class=\"publish-time\"><i class=\"icofont-clock-time\"><\/i> 07 de juny de 2018<\/span>\n                        <\/div>\n                        <div class=\"meta-right\">\n                            <span class=\"reading-time\"><i class=\"icofont-read-book-alt\"><\/i> 2 min to read<\/span>\n                        <\/div>\n\t\t\t\t\t<\/div>\n\n\t\t\t\t\t<div class=\"vcpg-post-desc\">\n\t\t\t\t\t\t\t\t\t\t\t\t\t<h3 class=\"vcpg-heading\"><a href=\"https:\/\/bemypartner.es\/ca\/la-golden-hour-clave-comunicacion-crisis\/\">Por qu\u00e9 la \u2018Golden Hour\u2019 es clave en una situaci\u00f3n de crisis<\/a><\/h3>\n\t\t\t\t\t\t\n\t\t\t\t\t\t\t\t\t\t\t<\/div>\n\t\t\t\t\t<div class=\"vcpg-post-footer\">\n\t\t\t\t\t\t\t\t\t\t\t\t\t<div class=\"vcpg-post-tags\">\n\t\t\t\t\t\t\t\t<i class=\"icofont-tags\"><\/i>\n\t\t\t\t\t\t\t\t\n\t\t\t\t\t\t\t\t\t\t<div class=\"first-2\"><a href=\"https:\/\/bemypartner.es\/ca\/tag\/comunicacion-corporativa-ca\/\">comunicaci\u00f3n corporativa<\/a><\/div>\n\n\t\t\t\t\t\t\t\t\n\t\t\t\t\t\t\t\t\t\t<div class=\"first-2\"><a href=\"https:\/\/bemypartner.es\/ca\/tag\/comunicacion-de-crisis-ca\/\">comunicaci\u00f3n de crisis<\/a><\/div>\n\n\t\t\t\t\t\t\t\t\n\t\t\t\t\t\t\t\t\t\t<div class=\"first-2\"><a href=\"https:\/\/bemypartner.es\/ca\/tag\/reputacion-ca\/\">reputaci\u00f3n<\/a><\/div>\n\n\t\t\t\t\t\t\t\t\n\t\t\t\t\t\t\t\t\n\n\t\t\t\t\t\t\t<\/div>\n\t\t\t\t\t\t\n                        <div class=\"vcpg-footer-right\">\n                            <div class=\"vcpg-comment-wrap\">\n                                <span><i class=\"icofont-comment\"><\/i> 0<\/span>\n                            <\/div>\n\n                            \n<div class=\"vcpg-social-share\">\n\t<a href=\"#\"><i class=\"icofont-share\"><\/i><\/a>\n\t<div class=\"vcpg-social-inner\">\n\t\t<ul>\n\t\t\t<li>\n\t\t\t\t<a target=\"_blank\" data-social=\"facebook\" title=\"Share on Facebook\" href=\"\/\/facebook.com\/sharer.php?u=https:\/\/bemypartner.es\/ca\/la-golden-hour-clave-comunicacion-crisis\/\">\n\t\t\t\t\t<i class=\"icofont-facebook\"><\/i>\n\t\t\t\t<\/a>\n\t\t\t<\/li>\n\t\t\t<li>\n\t\t\t\t<a target=\"_blank\" data-social=\"pinterest\" title=\"Share on Pinterest\" href=\"\/\/pinterest.com\/pin\/create\/button\/?url=https:\/\/bemypartner.es\/ca\/la-golden-hour-clave-comunicacion-crisis\/&amp;media=\">\n\t\t\t\t\t<i class=\"icofont-pinterest\"><\/i>\n\t\t\t\t<\/a>\n\t\t\t<\/li>\n\t\t\t<li>\n\t\t\t\t<a target=\"_blank\" data-social=\"twitter\" title=\"Share on Twitter\" href=\"\/\/twitter.com\/share?url=https:\/\/bemypartner.es\/ca\/la-golden-hour-clave-comunicacion-crisis\/&text=Por qu\u00e9 la \u2018Golden Hour\u2019 es clave en una situaci\u00f3n de crisis\">\n\t\t\t\t\t<i class=\"icofont-twitter\"><\/i>\n\t\t\t\t<\/a>\n\t\t\t<\/li>\n\t\t<\/ul>\n\t<\/div>\n<\/div>                        <\/div>\n\n\t\t\t\t\t<\/div>\n\n\t\t\t\t<\/div>\n\t\t\t<\/div>\n\t\t<\/div>\n\t<\/div>\n<\/div>\n\n<div id=\"row-single-4122\" class=\"vcpg-row-single cl-md-12 \">\n\t<div class=\"vcpg-post-item\">\n\t\t<div class=\"vcpg-row\">\n\t\t\t<div class=\"cl-md-4\">\n\t\t\t\t<div class=\"vcpg-post-photo\">\n\t\t\t\t\t\t\t\t\t\t\t<img decoding=\"async\" class=\"post-img lazyload\" data-src=\"https:\/\/bemypartner.es\/wp-content\/uploads\/2017\/11\/relaciones-p\u00fablicas-na0p8msg739ovz9mglwy0v4amjzx0ajb620va66brc.jpg\" alt=\"\u00bfRelaciones p\u00fablicas? M\u00e1s importantes que nunca\" src=\"data:image\/svg+xml;base64,PHN2ZyB3aWR0aD0iMSIgaGVpZ2h0PSIxIiB4bWxucz0iaHR0cDovL3d3dy53My5vcmcvMjAwMC9zdmciPjwvc3ZnPg==\" style=\"--smush-placeholder-width: 748px; --smush-placeholder-aspect-ratio: 748\/308;\">\n\n\t\t\t\t\t\n\t\t\t\t<\/div>\n\t\t\t<\/div>\n\t\t\t<div class=\"cl-md-8\">\n\t\t\t\t<div class=\"vcpg-post-content\">\n\t\t\t\t\t<div class=\"vcpg-categories\"><a href=\"https:\/\/bemypartner.es\/ca\/category\/agencia-de-comunicacion-ca\/\">Agencia de comunicaci\u00f3n<\/a><a href=\"https:\/\/bemypartner.es\/ca\/category\/comunicacion-ca\/\">Comunicaci\u00f3n<\/a><a href=\"https:\/\/bemypartner.es\/ca\/category\/destacadas-ca\/\">Destacadas<\/a><a href=\"https:\/\/bemypartner.es\/ca\/category\/relaciones-publicas-ca\/\">Relaciones P\u00fablicas<\/a><\/div>\t\t\t\t\t<div class=\"vcpg-post-meta\">\n\t\t\t\t\t\t<div class=\"meta-left\">\n                            <div class=\"grid3-post-author\">\n\t\t\t\t\t\t\t\tby <strong>Bemypartner<\/strong>                            <\/div>\n                            <span class=\"publish-time\"><i class=\"icofont-clock-time\"><\/i> 05 de juliol de 2017<\/span>\n                        <\/div>\n                        <div class=\"meta-right\">\n                            <span class=\"reading-time\"><i class=\"icofont-read-book-alt\"><\/i> 5 min to read<\/span>\n                        <\/div>\n\t\t\t\t\t<\/div>\n\n\t\t\t\t\t<div class=\"vcpg-post-desc\">\n\t\t\t\t\t\t\t\t\t\t\t\t\t<h3 class=\"vcpg-heading\"><a href=\"https:\/\/bemypartner.es\/ca\/relaciones-publicas-mas-importantes-nunca\/\">\u00bfRelaciones p\u00fablicas? M\u00e1s importantes que nunca<\/a><\/h3>\n\t\t\t\t\t\t\n\t\t\t\t\t\t\t\t\t\t\t<\/div>\n\t\t\t\t\t<div class=\"vcpg-post-footer\">\n\t\t\t\t\t\t\t\t\t\t\t\t\t<div class=\"vcpg-post-tags\">\n\t\t\t\t\t\t\t\t<i class=\"icofont-tags\"><\/i>\n\t\t\t\t\t\t\t\t\n\t\t\t\t\t\t\t\t\t\t<div class=\"first-2\"><a href=\"https:\/\/bemypartner.es\/ca\/tag\/blogs-ca\/\">blogs<\/a><\/div>\n\n\t\t\t\t\t\t\t\t\n\t\t\t\t\t\t\t\t\t\t<div class=\"first-2\"><a href=\"https:\/\/bemypartner.es\/ca\/tag\/comunicacion-ca\/\">comunicaci\u00f3n<\/a><\/div>\n\n\t\t\t\t\t\t\t\t\n\t\t\t\t\t\t\t\t\t\t<div class=\"first-2\"><a href=\"https:\/\/bemypartner.es\/ca\/tag\/consumidores-ca\/\">consumidores<\/a><\/div>\n\n\t\t\t\t\t\t\t\t\n\t\t\t\t\t\t\t\t\t\t<div class=\"first-2\"><a href=\"https:\/\/bemypartner.es\/ca\/tag\/influencers-ca\/\">influencers<\/a><\/div>\n\n\t\t\t\t\t\t\t\t\n\t\t\t\t\t\t\t\t\t\t<div class=\"first-2\"><a href=\"https:\/\/bemypartner.es\/ca\/tag\/marca-ca\/\">marca<\/a><\/div>\n\n\t\t\t\t\t\t\t\t\n\t\t\t\t\t\t\t\t\t\t<div class=\"first-2\"><a href=\"https:\/\/bemypartner.es\/ca\/tag\/medios-de-comunicacion-ca\/\">medios de comunicaci\u00f3n<\/a><\/div>\n\n\t\t\t\t\t\t\t\t\n\t\t\t\t\t\t\t\t\t\t<div class=\"first-2\"><a href=\"https:\/\/bemypartner.es\/ca\/tag\/plataforma-de-comunicacion-ca\/\">plataforma de comunicaci\u00f3n<\/a><\/div>\n\n\t\t\t\t\t\t\t\t\n\t\t\t\t\t\t\t\t\t\t<div class=\"first-2\"><a href=\"https:\/\/bemypartner.es\/ca\/tag\/publicos-ca\/\">P\u00fablicos<\/a><\/div>\n\n\t\t\t\t\t\t\t\t\n\t\t\t\t\t\t\t\t\t\t<div class=\"first-2\"><a href=\"https:\/\/bemypartner.es\/ca\/tag\/redes-sociales-ca\/\">Redes Sociales<\/a><\/div>\n\n\t\t\t\t\t\t\t\t\n\t\t\t\t\t\t\t\t\t\t<div class=\"first-2\"><a href=\"https:\/\/bemypartner.es\/ca\/tag\/relaciones-publicas-ca\/\">relaciones p\u00fablicas<\/a><\/div>\n\n\t\t\t\t\t\t\t\t\n\t\t\t\t\t\t\t\t\t\t<div class=\"first-2\"><a href=\"https:\/\/bemypartner.es\/ca\/tag\/reputacion-ca\/\">reputaci\u00f3n<\/a><\/div>\n\n\t\t\t\t\t\t\t\t\n\t\t\t\t\t\t\t\t\t\t<div class=\"first-2\"><a href=\"https:\/\/bemypartner.es\/ca\/tag\/rr-pp-ca\/\">RR.PP.<\/a><\/div>\n\n\t\t\t\t\t\t\t\t\n\t\t\t\t\t\t\t\t\t\t<div class=\"first-2\"><a href=\"https:\/\/bemypartner.es\/ca\/tag\/seo-ca\/\">SEO<\/a><\/div>\n\n\t\t\t\t\t\t\t\t\n\t\t\t\t\t\t\t\t\t\t<div class=\"first-2\"><a href=\"https:\/\/bemypartner.es\/ca\/tag\/stakeholders-ca\/\">stakeholders<\/a><\/div>\n\n\t\t\t\t\t\t\t\t\n\t\t\t\t\t\t\t\t\t\t<div class=\"first-2\"><a href=\"https:\/\/bemypartner.es\/ca\/tag\/talento-ca\/\">talento<\/a><\/div>\n\n\t\t\t\t\t\t\t\t\n\t\t\t\t\t\t\t\t\t\t<div class=\"first-2\"><a href=\"https:\/\/bemypartner.es\/ca\/tag\/web-ca\/\">web<\/a><\/div>\n\n\t\t\t\t\t\t\t\t\n\t\t\t\t\t\t\t\t\n\n\t\t\t\t\t\t\t<\/div>\n\t\t\t\t\t\t\n                        <div class=\"vcpg-footer-right\">\n                            <div class=\"vcpg-comment-wrap\">\n                                <span><i class=\"icofont-comment\"><\/i> 0<\/span>\n                            <\/div>\n\n                            \n<div class=\"vcpg-social-share\">\n\t<a href=\"#\"><i class=\"icofont-share\"><\/i><\/a>\n\t<div class=\"vcpg-social-inner\">\n\t\t<ul>\n\t\t\t<li>\n\t\t\t\t<a target=\"_blank\" data-social=\"facebook\" title=\"Share on Facebook\" href=\"\/\/facebook.com\/sharer.php?u=https:\/\/bemypartner.es\/ca\/relaciones-publicas-mas-importantes-nunca\/\">\n\t\t\t\t\t<i class=\"icofont-facebook\"><\/i>\n\t\t\t\t<\/a>\n\t\t\t<\/li>\n\t\t\t<li>\n\t\t\t\t<a target=\"_blank\" data-social=\"pinterest\" title=\"Share on Pinterest\" href=\"\/\/pinterest.com\/pin\/create\/button\/?url=https:\/\/bemypartner.es\/ca\/relaciones-publicas-mas-importantes-nunca\/&amp;media=\">\n\t\t\t\t\t<i class=\"icofont-pinterest\"><\/i>\n\t\t\t\t<\/a>\n\t\t\t<\/li>\n\t\t\t<li>\n\t\t\t\t<a target=\"_blank\" data-social=\"twitter\" title=\"Share on Twitter\" href=\"\/\/twitter.com\/share?url=https:\/\/bemypartner.es\/ca\/relaciones-publicas-mas-importantes-nunca\/&text=\u00bfRelaciones p\u00fablicas? M\u00e1s importantes que nunca\">\n\t\t\t\t\t<i class=\"icofont-twitter\"><\/i>\n\t\t\t\t<\/a>\n\t\t\t<\/li>\n\t\t<\/ul>\n\t<\/div>\n<\/div>                        <\/div>\n\n\t\t\t\t\t<\/div>\n\n\t\t\t\t<\/div>\n\t\t\t<\/div>\n\t\t<\/div>\n\t<\/div>\n<\/div>\n    <\/div> <!-- End Carousel Wrap -->\n<\/div> <!-- End vcpg-post-grid -->\n\n\n\n[\/vc_column_inner][\/vc_row_inner][vc_row_inner el_class=&#8221;noticia-principal all&#8221; css=&#8221;.vc_custom_1602068052187{margin-top: 60px !important;}&#8221;][vc_column_inner]\n<!-- Start vcpg-post-grid -->\n<div class=\"vcpg-post-grid vcpg-grid-layout-3\">\n    <!-- Start vcpg-row -->\n    <div class=\"vcpg-row\">\n\n<div id=\"row-single-6430\" class=\"vcpg-row-single cl-md-12 \">\n\t<div class=\"vcpg-post-item\">\n\t\t<div class=\"vcpg-row\">\n\t\t\t<div class=\"cl-md-4\">\n\t\t\t\t<div class=\"vcpg-post-photo\">\n\t\t\t\t\t\t\t\t\t\t\t<img decoding=\"async\" class=\"post-img lazyload\" data-src=\"https:\/\/bemypartner.es\/wp-content\/uploads\/2026\/01\/Banner-Articulo-Blog-Bemypartner-830x420.jpg\" alt=\"3 claves para convertir tu comunicaci\u00f3n interna en reputaci\u00f3n empresarial\" src=\"data:image\/svg+xml;base64,PHN2ZyB3aWR0aD0iMSIgaGVpZ2h0PSIxIiB4bWxucz0iaHR0cDovL3d3dy53My5vcmcvMjAwMC9zdmciPjwvc3ZnPg==\" style=\"--smush-placeholder-width: 830px; --smush-placeholder-aspect-ratio: 830\/420;\">\n\n\t\t\t\t\t\n\t\t\t\t<\/div>\n\t\t\t<\/div>\n\t\t\t<div class=\"cl-md-8\">\n\t\t\t\t<div class=\"vcpg-post-content\">\n\t\t\t\t\t<div class=\"vcpg-categories\"><a href=\"https:\/\/bemypartner.es\/category\/agencia-de-comunicacion\/\">Agencia de comunicaci\u00f3n<\/a><a href=\"https:\/\/bemypartner.es\/category\/comunicacion\/comunciacion-digital\/\">Comunciaci\u00f3n Digital<\/a><a href=\"https:\/\/bemypartner.es\/category\/comunicacion\/\">Comunicaci\u00f3n<\/a><a href=\"https:\/\/bemypartner.es\/category\/comunicacion\/comunicacion-interna\/\">Comunicaci\u00f3n interna<\/a><a href=\"https:\/\/bemypartner.es\/category\/comunicacion-interna\/\">Comunicaci\u00f3n interna<\/a><a href=\"https:\/\/bemypartner.es\/category\/marca\/\">Marca<\/a><\/div>\t\t\t\t\t<div class=\"vcpg-post-meta\">\n\t\t\t\t\t\t<div class=\"meta-left\">\n                            <div class=\"grid3-post-author\">\n\t\t\t\t\t\t\t\tby <strong>Bemypartner<\/strong>                            <\/div>\n                            <span class=\"publish-time\"><i class=\"icofont-clock-time\"><\/i> 16 de gener de 2026<\/span>\n                        <\/div>\n                        <div class=\"meta-right\">\n                            <span class=\"reading-time\"><i class=\"icofont-read-book-alt\"><\/i> 4 min to read<\/span>\n                        <\/div>\n\t\t\t\t\t<\/div>\n\n\t\t\t\t\t<div class=\"vcpg-post-desc\">\n\t\t\t\t\t\t\t\t\t\t\t\t\t<h3 class=\"vcpg-heading\"><a href=\"https:\/\/bemypartner.es\/ca\/comunicacion-interna-reputacion-empresarial\/\">3 claves para convertir tu comunicaci\u00f3n interna en reputaci\u00f3n empresarial<\/a><\/h3>\n\t\t\t\t\t\t\n\t\t\t\t\t\t\t\t\t\t\t\t\t<p>\n\t\t\t\t\t\t\t\tComunicaci\u00f3n interna: la base de una reputaci\u00f3n empresarial s\u00f3lida La comunicaci\u00f3n interna estrat\u00e9gica se ha convertido en uno de los factores que m\u00e1s influyen en la reputaci\u00f3n y competitividad de&hellip;<a href=\"https:\/\/bemypartner.es\/ca\/comunicacion-interna-reputacion-empresarial\/\">Llegeix m\u00e9s ><\/a>\n\t\t\t\t\t\t\t<\/p>\n\t\t\t\t\t\t\t\t\t\t\t<\/div>\n\t\t\t\t\t<div class=\"vcpg-post-footer\">\n\t\t\t\t\t\t\t\t\t\t\t\t\t<div class=\"vcpg-post-tags\">\n\t\t\t\t\t\t\t\t<i class=\"icofont-tags\"><\/i>\n\t\t\t\t\t\t\t\t\n\t\t\t\t\t\t\t\t\t\t<div class=\"first-2\"><a href=\"https:\/\/bemypartner.es\/tag\/agencia-de-comunicacion\/\">agencia de comunicaci\u00f3n<\/a><\/div>\n\n\t\t\t\t\t\t\t\t\n\t\t\t\t\t\t\t\t\t\t<div class=\"first-2\"><a href=\"https:\/\/bemypartner.es\/tag\/comunicacion-estrategica\/\">comunicaci\u00f3n estrat\u00e9gica<\/a><\/div>\n\n\t\t\t\t\t\t\t\t\n\t\t\t\t\t\t\t\t\t\t<div class=\"first-2\"><a href=\"https:\/\/bemypartner.es\/tag\/comunicacion-interna\/\">Comunicaci\u00f3n Interna<\/a><\/div>\n\n\t\t\t\t\t\t\t\t\n\t\t\t\t\t\t\t\t\t\t<div class=\"first-2\"><a href=\"https:\/\/bemypartner.es\/tag\/cultura-corporativa\/\">cultura corporativa<\/a><\/div>\n\n\t\t\t\t\t\t\t\t\n\t\t\t\t\t\t\t\t\t\t<div class=\"first-2\"><a href=\"https:\/\/bemypartner.es\/tag\/employee-advocacy\/\">employee advocacy<\/a><\/div>\n\n\t\t\t\t\t\t\t\t\n\t\t\t\t\t\t\t\t\t\t<div class=\"first-2\"><a href=\"https:\/\/bemypartner.es\/tag\/employer-branding\/\">employer branding<\/a><\/div>\n\n\t\t\t\t\t\t\t\t\n\t\t\t\t\t\t\t\t\t\t<div class=\"first-2\"><a href=\"https:\/\/bemypartner.es\/tag\/estrategias-de-comunicacion\/\">estrategias de comunicaci\u00f3n<\/a><\/div>\n\n\t\t\t\t\t\t\t\t\n\t\t\t\t\t\t\t\t\t\t<div class=\"first-2\"><a href=\"https:\/\/bemypartner.es\/tag\/experiencia-cliente\/\">experiencia cliente<\/a><\/div>\n\n\t\t\t\t\t\t\t\t\n\t\t\t\t\t\t\t\t\t\t<div class=\"first-2\"><a href=\"https:\/\/bemypartner.es\/tag\/liderazgo\/\">liderazgo<\/a><\/div>\n\n\t\t\t\t\t\t\t\t\n\t\t\t\t\t\t\t\t\t\t<div class=\"first-2\"><a href=\"https:\/\/bemypartner.es\/tag\/reputacion\/\">reputaci\u00f3n<\/a><\/div>\n\n\t\t\t\t\t\t\t\t\n\t\t\t\t\t\t\t\t\t\t<div class=\"first-2\"><a href=\"https:\/\/bemypartner.es\/tag\/reputacion-de-marca\/\">reputaci\u00f3n de marca<\/a><\/div>\n\n\t\t\t\t\t\t\t\t\n\t\t\t\t\t\t\t\t\t\t<div class=\"first-2\"><a href=\"https:\/\/bemypartner.es\/tag\/reputacion-marca\/\">reputaci\u00f3n marca<\/a><\/div>\n\n\t\t\t\t\t\t\t\t\n\t\t\t\t\t\t\t\t\n\n\t\t\t\t\t\t\t<\/div>\n\t\t\t\t\t\t\n                        <div class=\"vcpg-footer-right\">\n                            <div class=\"vcpg-comment-wrap\">\n                                <span><i class=\"icofont-comment\"><\/i> 0<\/span>\n                            <\/div>\n\n                            \n<div class=\"vcpg-social-share\">\n\t<a href=\"#\"><i class=\"icofont-share\"><\/i><\/a>\n\t<div class=\"vcpg-social-inner\">\n\t\t<ul>\n\t\t\t<li>\n\t\t\t\t<a target=\"_blank\" data-social=\"facebook\" title=\"Share on Facebook\" href=\"\/\/facebook.com\/sharer.php?u=https:\/\/bemypartner.es\/ca\/comunicacion-interna-reputacion-empresarial\/\">\n\t\t\t\t\t<i class=\"icofont-facebook\"><\/i>\n\t\t\t\t<\/a>\n\t\t\t<\/li>\n\t\t\t<li>\n\t\t\t\t<a target=\"_blank\" data-social=\"pinterest\" title=\"Share on Pinterest\" href=\"\/\/pinterest.com\/pin\/create\/button\/?url=https:\/\/bemypartner.es\/ca\/comunicacion-interna-reputacion-empresarial\/&amp;media=\">\n\t\t\t\t\t<i class=\"icofont-pinterest\"><\/i>\n\t\t\t\t<\/a>\n\t\t\t<\/li>\n\t\t\t<li>\n\t\t\t\t<a target=\"_blank\" data-social=\"twitter\" title=\"Share on Twitter\" href=\"\/\/twitter.com\/share?url=https:\/\/bemypartner.es\/ca\/comunicacion-interna-reputacion-empresarial\/&text=3 claves para convertir tu comunicaci\u00f3n interna en reputaci\u00f3n empresarial\">\n\t\t\t\t\t<i class=\"icofont-twitter\"><\/i>\n\t\t\t\t<\/a>\n\t\t\t<\/li>\n\t\t<\/ul>\n\t<\/div>\n<\/div>                        <\/div>\n\n\t\t\t\t\t<\/div>\n\n\t\t\t\t<\/div>\n\t\t\t<\/div>\n\t\t<\/div>\n\t<\/div>\n<\/div>\n\n<div id=\"row-single-6133\" class=\"vcpg-row-single cl-md-12 \">\n\t<div class=\"vcpg-post-item\">\n\t\t<div class=\"vcpg-row\">\n\t\t\t<div class=\"cl-md-4\">\n\t\t\t\t<div class=\"vcpg-post-photo\">\n\t\t\t\t\t\t\t\t\t\t\t<img decoding=\"async\" class=\"post-img lazyload\" data-src=\"https:\/\/bemypartner.es\/wp-content\/uploads\/2025\/10\/Estrategias-para-maximizar-tus-resultados-de-2025-y-empezar-2026-830x420.png\" alt=\"Estrategias para maximizar tus resultados de 2025 y empezar 2026\" src=\"data:image\/svg+xml;base64,PHN2ZyB3aWR0aD0iMSIgaGVpZ2h0PSIxIiB4bWxucz0iaHR0cDovL3d3dy53My5vcmcvMjAwMC9zdmciPjwvc3ZnPg==\" style=\"--smush-placeholder-width: 830px; --smush-placeholder-aspect-ratio: 830\/420;\">\n\n\t\t\t\t\t\n\t\t\t\t<\/div>\n\t\t\t<\/div>\n\t\t\t<div class=\"cl-md-8\">\n\t\t\t\t<div class=\"vcpg-post-content\">\n\t\t\t\t\t<div class=\"vcpg-categories\"><a href=\"https:\/\/bemypartner.es\/category\/agencia-de-comunicacion\/\">Agencia de comunicaci\u00f3n<\/a><a href=\"https:\/\/bemypartner.es\/category\/campanas\/\">Campa\u00f1as<\/a><a href=\"https:\/\/bemypartner.es\/category\/comunicacion\/comunciacion-digital\/\">Comunciaci\u00f3n Digital<\/a><a href=\"https:\/\/bemypartner.es\/category\/comunicacion\/\">Comunicaci\u00f3n<\/a><a href=\"https:\/\/bemypartner.es\/category\/eventos\/\">Eventos<\/a><a href=\"https:\/\/bemypartner.es\/category\/influencers\/\">Influencers<\/a><a href=\"https:\/\/bemypartner.es\/category\/marca\/\">Marca<\/a><a href=\"https:\/\/bemypartner.es\/category\/marketing-de-influencers\/\">Marketing de Influencers<\/a><a href=\"https:\/\/bemypartner.es\/category\/redes-sociales\/\">Redes Sociales<\/a><a href=\"https:\/\/bemypartner.es\/category\/relaciones-publicas\/\">Relaciones P\u00fablicas<\/a><\/div>\t\t\t\t\t<div class=\"vcpg-post-meta\">\n\t\t\t\t\t\t<div class=\"meta-left\">\n                            <div class=\"grid3-post-author\">\n\t\t\t\t\t\t\t\tby <strong>Bemypartner<\/strong>                            <\/div>\n                            <span class=\"publish-time\"><i class=\"icofont-clock-time\"><\/i> 04 de novembre de 2025<\/span>\n                        <\/div>\n                        <div class=\"meta-right\">\n                            <span class=\"reading-time\"><i class=\"icofont-read-book-alt\"><\/i> 3 min to read<\/span>\n                        <\/div>\n\t\t\t\t\t<\/div>\n\n\t\t\t\t\t<div class=\"vcpg-post-desc\">\n\t\t\t\t\t\t\t\t\t\t\t\t\t<h3 class=\"vcpg-heading\"><a href=\"https:\/\/bemypartner.es\/ca\/estrategias-para-maximizar-tus-resultados-de-2025-y-empezar-2026\/\">Estrategias para maximizar tus resultados de 2025 y empezar 2026<\/a><\/h3>\n\t\t\t\t\t\t\n\t\t\t\t\t\t\t\t\t\t\t\t\t<p>\n\t\t\t\t\t\t\t\t\u00bfEst\u00e1s listo para cerrar el 2025 con \u00e9xito y comenzar el 2026 con buenos n\u00fameros? Ahora es el momento de ajustar tu estrategia y aplicar estrategias para optimizar tus resultados.&hellip;<a href=\"https:\/\/bemypartner.es\/ca\/estrategias-para-maximizar-tus-resultados-de-2025-y-empezar-2026\/\">Llegeix m\u00e9s ><\/a>\n\t\t\t\t\t\t\t<\/p>\n\t\t\t\t\t\t\t\t\t\t\t<\/div>\n\t\t\t\t\t<div class=\"vcpg-post-footer\">\n\t\t\t\t\t\t\t\t\t\t\t\t\t<div class=\"vcpg-post-tags\">\n\t\t\t\t\t\t\t\t<i class=\"icofont-tags\"><\/i>\n\t\t\t\t\t\t\t\t\n\t\t\t\t\t\t\t\t\t\t<div class=\"first-2\"><a href=\"https:\/\/bemypartner.es\/tag\/agencia-de-comunicacion\/\">agencia de comunicaci\u00f3n<\/a><\/div>\n\n\t\t\t\t\t\t\t\t\n\t\t\t\t\t\t\t\t\t\t<div class=\"first-2\"><a href=\"https:\/\/bemypartner.es\/tag\/campanas-marketing\/\">campa\u00f1as marketing<\/a><\/div>\n\n\t\t\t\t\t\t\t\t\n\t\t\t\t\t\t\t\t\t\t<div class=\"first-2\"><a href=\"https:\/\/bemypartner.es\/tag\/comunicacion-estrategica\/\">comunicaci\u00f3n estrat\u00e9gica<\/a><\/div>\n\n\t\t\t\t\t\t\t\t\n\t\t\t\t\t\t\t\t\t\t<div class=\"first-2\"><a href=\"https:\/\/bemypartner.es\/tag\/crisis\/\">crisis<\/a><\/div>\n\n\t\t\t\t\t\t\t\t\n\t\t\t\t\t\t\t\t\t\t<div class=\"first-2\"><a href=\"https:\/\/bemypartner.es\/tag\/estrategias-marketing\/\">estrategias marketing<\/a><\/div>\n\n\t\t\t\t\t\t\t\t\n\t\t\t\t\t\t\t\t\t\t<div class=\"first-2\"><a href=\"https:\/\/bemypartner.es\/tag\/estrategias-marketing-digital\/\">estrategias marketing digital<\/a><\/div>\n\n\t\t\t\t\t\t\t\t\n\t\t\t\t\t\t\t\t\t\t<div class=\"first-2\"><a href=\"https:\/\/bemypartner.es\/tag\/eventos\/\">eventos<\/a><\/div>\n\n\t\t\t\t\t\t\t\t\n\t\t\t\t\t\t\t\t\t\t<div class=\"first-2\"><a href=\"https:\/\/bemypartner.es\/tag\/fidelizacion-clientes-beauty\/\">Fidelizaci\u00f3n clientes beauty<\/a><\/div>\n\n\t\t\t\t\t\t\t\t\n\t\t\t\t\t\t\t\t\t\t<div class=\"first-2\"><a href=\"https:\/\/bemypartner.es\/tag\/reputacion-marca\/\">reputaci\u00f3n marca<\/a><\/div>\n\n\t\t\t\t\t\t\t\t\n\t\t\t\t\t\t\t\t\t\t<div class=\"first-2\"><a href=\"https:\/\/bemypartner.es\/tag\/sector-beauty\/\">Sector beauty<\/a><\/div>\n\n\t\t\t\t\t\t\t\t\n\t\t\t\t\t\t\t\t\n\n\t\t\t\t\t\t\t<\/div>\n\t\t\t\t\t\t\n                        <div class=\"vcpg-footer-right\">\n                            <div class=\"vcpg-comment-wrap\">\n                                <span><i class=\"icofont-comment\"><\/i> 0<\/span>\n                            <\/div>\n\n                            \n<div class=\"vcpg-social-share\">\n\t<a href=\"#\"><i class=\"icofont-share\"><\/i><\/a>\n\t<div class=\"vcpg-social-inner\">\n\t\t<ul>\n\t\t\t<li>\n\t\t\t\t<a target=\"_blank\" data-social=\"facebook\" title=\"Share on Facebook\" href=\"\/\/facebook.com\/sharer.php?u=https:\/\/bemypartner.es\/ca\/estrategias-para-maximizar-tus-resultados-de-2025-y-empezar-2026\/\">\n\t\t\t\t\t<i class=\"icofont-facebook\"><\/i>\n\t\t\t\t<\/a>\n\t\t\t<\/li>\n\t\t\t<li>\n\t\t\t\t<a target=\"_blank\" data-social=\"pinterest\" title=\"Share on Pinterest\" href=\"\/\/pinterest.com\/pin\/create\/button\/?url=https:\/\/bemypartner.es\/ca\/estrategias-para-maximizar-tus-resultados-de-2025-y-empezar-2026\/&amp;media=\">\n\t\t\t\t\t<i class=\"icofont-pinterest\"><\/i>\n\t\t\t\t<\/a>\n\t\t\t<\/li>\n\t\t\t<li>\n\t\t\t\t<a target=\"_blank\" data-social=\"twitter\" title=\"Share on Twitter\" href=\"\/\/twitter.com\/share?url=https:\/\/bemypartner.es\/ca\/estrategias-para-maximizar-tus-resultados-de-2025-y-empezar-2026\/&text=Estrategias para maximizar tus resultados de 2025 y empezar 2026\">\n\t\t\t\t\t<i class=\"icofont-twitter\"><\/i>\n\t\t\t\t<\/a>\n\t\t\t<\/li>\n\t\t<\/ul>\n\t<\/div>\n<\/div>                        <\/div>\n\n\t\t\t\t\t<\/div>\n\n\t\t\t\t<\/div>\n\t\t\t<\/div>\n\t\t<\/div>\n\t<\/div>\n<\/div>\n\n<div id=\"row-single-6110\" class=\"vcpg-row-single cl-md-12 \">\n\t<div class=\"vcpg-post-item\">\n\t\t<div class=\"vcpg-row\">\n\t\t\t<div class=\"cl-md-4\">\n\t\t\t\t<div class=\"vcpg-post-photo\">\n\t\t\t\t\t\t\t\t\t\t\t<img decoding=\"async\" class=\"post-img lazyload\" data-src=\"https:\/\/bemypartner.es\/wp-content\/uploads\/2025\/10\/Compras-con-ChatGPT-en-beauty-830x420.png\" alt=\"Llegan las compras con ChatGPT en el beauty: \u00bfc\u00f3mo va a comunicar ahora tu marca?\" src=\"data:image\/svg+xml;base64,PHN2ZyB3aWR0aD0iMSIgaGVpZ2h0PSIxIiB4bWxucz0iaHR0cDovL3d3dy53My5vcmcvMjAwMC9zdmciPjwvc3ZnPg==\" style=\"--smush-placeholder-width: 830px; --smush-placeholder-aspect-ratio: 830\/420;\">\n\n\t\t\t\t\t\n\t\t\t\t<\/div>\n\t\t\t<\/div>\n\t\t\t<div class=\"cl-md-8\">\n\t\t\t\t<div class=\"vcpg-post-content\">\n\t\t\t\t\t<div class=\"vcpg-categories\"><a href=\"https:\/\/bemypartner.es\/category\/agencia-de-comunicacion\/\">Agencia de comunicaci\u00f3n<\/a><a href=\"https:\/\/bemypartner.es\/category\/comunicacion\/comunciacion-digital\/\">Comunciaci\u00f3n Digital<\/a><a href=\"https:\/\/bemypartner.es\/category\/comunicacion\/\">Comunicaci\u00f3n<\/a><a href=\"https:\/\/bemypartner.es\/category\/marca\/\">Marca<\/a><a href=\"https:\/\/bemypartner.es\/category\/noticia-principal\/\">Noticia Principal<\/a><a href=\"https:\/\/bemypartner.es\/category\/redes-sociales\/\">Redes Sociales<\/a><a href=\"https:\/\/bemypartner.es\/category\/relaciones-publicas\/\">Relaciones P\u00fablicas<\/a><\/div>\t\t\t\t\t<div class=\"vcpg-post-meta\">\n\t\t\t\t\t\t<div class=\"meta-left\">\n                            <div class=\"grid3-post-author\">\n\t\t\t\t\t\t\t\tby <strong>Bemypartner<\/strong>                            <\/div>\n                            <span class=\"publish-time\"><i class=\"icofont-clock-time\"><\/i> 15 d'octubre de 2025<\/span>\n                        <\/div>\n                        <div class=\"meta-right\">\n                            <span class=\"reading-time\"><i class=\"icofont-read-book-alt\"><\/i> 3 min to read<\/span>\n                        <\/div>\n\t\t\t\t\t<\/div>\n\n\t\t\t\t\t<div class=\"vcpg-post-desc\">\n\t\t\t\t\t\t\t\t\t\t\t\t\t<h3 class=\"vcpg-heading\"><a href=\"https:\/\/bemypartner.es\/ca\/compras-chatgpt-como-deben-comunicar-marcas-sector-beauty\/\">Llegan las compras con ChatGPT en el beauty: \u00bfc\u00f3mo va a comunicar ahora tu marca?<\/a><\/h3>\n\t\t\t\t\t\t\n\t\t\t\t\t\t\t\t\t\t\t\t\t<p>\n\t\t\t\t\t\t\t\tLa compra directa a trav\u00e9s de inteligencia artificial est\u00e1 revolucionando la experiencia del cliente en el sector beauty. Con las nuevas funciones de ChatGPT, las compras en beauty se est\u00e1n&hellip;<a href=\"https:\/\/bemypartner.es\/ca\/compras-chatgpt-como-deben-comunicar-marcas-sector-beauty\/\">Llegeix m\u00e9s ><\/a>\n\t\t\t\t\t\t\t<\/p>\n\t\t\t\t\t\t\t\t\t\t\t<\/div>\n\t\t\t\t\t<div class=\"vcpg-post-footer\">\n\t\t\t\t\t\t\t\t\t\t\t\t\t<div class=\"vcpg-post-tags\">\n\t\t\t\t\t\t\t\t<i class=\"icofont-tags\"><\/i>\n\t\t\t\t\t\t\t\t\n\t\t\t\t\t\t\t\t\t\t<div class=\"first-2\"><a href=\"https:\/\/bemypartner.es\/tag\/agencia-de-comunicacion\/\">agencia de comunicaci\u00f3n<\/a><\/div>\n\n\t\t\t\t\t\t\t\t\n\t\t\t\t\t\t\t\t\t\t<div class=\"first-2\"><a href=\"https:\/\/bemypartner.es\/tag\/chatgpt\/\">ChatGPT<\/a><\/div>\n\n\t\t\t\t\t\t\t\t\n\t\t\t\t\t\t\t\t\t\t<div class=\"first-2\"><a href=\"https:\/\/bemypartner.es\/tag\/compras-con-ia\/\">Compras con IA<\/a><\/div>\n\n\t\t\t\t\t\t\t\t\n\t\t\t\t\t\t\t\t\t\t<div class=\"first-2\"><a href=\"https:\/\/bemypartner.es\/tag\/compras-online\/\">Compras online<\/a><\/div>\n\n\t\t\t\t\t\t\t\t\n\t\t\t\t\t\t\t\t\t\t<div class=\"first-2\"><a href=\"https:\/\/bemypartner.es\/tag\/comunicacion-estrategica\/\">comunicaci\u00f3n estrat\u00e9gica<\/a><\/div>\n\n\t\t\t\t\t\t\t\t\n\t\t\t\t\t\t\t\t\t\t<div class=\"first-2\"><a href=\"https:\/\/bemypartner.es\/tag\/fidelizacion-clientes-beauty\/\">Fidelizaci\u00f3n clientes beauty<\/a><\/div>\n\n\t\t\t\t\t\t\t\t\n\t\t\t\t\t\t\t\t\t\t<div class=\"first-2\"><a href=\"https:\/\/bemypartner.es\/tag\/inteligencia-artificial\/\">inteligencia artificial<\/a><\/div>\n\n\t\t\t\t\t\t\t\t\n\t\t\t\t\t\t\t\t\t\t<div class=\"first-2\"><a href=\"https:\/\/bemypartner.es\/tag\/sector-beauty\/\">Sector beauty<\/a><\/div>\n\n\t\t\t\t\t\t\t\t\n\t\t\t\t\t\t\t\t\n\n\t\t\t\t\t\t\t<\/div>\n\t\t\t\t\t\t\n                        <div class=\"vcpg-footer-right\">\n                            <div class=\"vcpg-comment-wrap\">\n                                <span><i class=\"icofont-comment\"><\/i> 0<\/span>\n                            <\/div>\n\n                            \n<div class=\"vcpg-social-share\">\n\t<a href=\"#\"><i class=\"icofont-share\"><\/i><\/a>\n\t<div class=\"vcpg-social-inner\">\n\t\t<ul>\n\t\t\t<li>\n\t\t\t\t<a target=\"_blank\" data-social=\"facebook\" title=\"Share on Facebook\" href=\"\/\/facebook.com\/sharer.php?u=https:\/\/bemypartner.es\/ca\/compras-chatgpt-como-deben-comunicar-marcas-sector-beauty\/\">\n\t\t\t\t\t<i class=\"icofont-facebook\"><\/i>\n\t\t\t\t<\/a>\n\t\t\t<\/li>\n\t\t\t<li>\n\t\t\t\t<a target=\"_blank\" data-social=\"pinterest\" title=\"Share on Pinterest\" href=\"\/\/pinterest.com\/pin\/create\/button\/?url=https:\/\/bemypartner.es\/ca\/compras-chatgpt-como-deben-comunicar-marcas-sector-beauty\/&amp;media=\">\n\t\t\t\t\t<i class=\"icofont-pinterest\"><\/i>\n\t\t\t\t<\/a>\n\t\t\t<\/li>\n\t\t\t<li>\n\t\t\t\t<a target=\"_blank\" data-social=\"twitter\" title=\"Share on Twitter\" href=\"\/\/twitter.com\/share?url=https:\/\/bemypartner.es\/ca\/compras-chatgpt-como-deben-comunicar-marcas-sector-beauty\/&text=Llegan las compras con ChatGPT en el beauty: \u00bfc\u00f3mo va a comunicar ahora tu marca?\">\n\t\t\t\t\t<i class=\"icofont-twitter\"><\/i>\n\t\t\t\t<\/a>\n\t\t\t<\/li>\n\t\t<\/ul>\n\t<\/div>\n<\/div>                        <\/div>\n\n\t\t\t\t\t<\/div>\n\n\t\t\t\t<\/div>\n\t\t\t<\/div>\n\t\t<\/div>\n\t<\/div>\n<\/div>\n\n<div id=\"row-single-6085\" class=\"vcpg-row-single cl-md-12 \">\n\t<div class=\"vcpg-post-item\">\n\t\t<div class=\"vcpg-row\">\n\t\t\t<div class=\"cl-md-4\">\n\t\t\t\t<div class=\"vcpg-post-photo\">\n\t\t\t\t\t\t\t\t\t\t\t<img decoding=\"async\" class=\"post-img lazyload\" data-src=\"https:\/\/bemypartner.es\/wp-content\/uploads\/2025\/09\/Crisis-Reputacion-Tecnologico-830x420.jpg\" alt=\"C\u00f3mo superar una crisis de reputaci\u00f3n en el sector tecnol\u00f3gico\" src=\"data:image\/svg+xml;base64,PHN2ZyB3aWR0aD0iMSIgaGVpZ2h0PSIxIiB4bWxucz0iaHR0cDovL3d3dy53My5vcmcvMjAwMC9zdmciPjwvc3ZnPg==\" style=\"--smush-placeholder-width: 830px; --smush-placeholder-aspect-ratio: 830\/420;\">\n\n\t\t\t\t\t\n\t\t\t\t<\/div>\n\t\t\t<\/div>\n\t\t\t<div class=\"cl-md-8\">\n\t\t\t\t<div class=\"vcpg-post-content\">\n\t\t\t\t\t<div class=\"vcpg-categories\"><a href=\"https:\/\/bemypartner.es\/category\/agencia-de-comunicacion\/\">Agencia de comunicaci\u00f3n<\/a><a href=\"https:\/\/bemypartner.es\/category\/comunicacion\/comunciacion-digital\/\">Comunciaci\u00f3n Digital<\/a><a href=\"https:\/\/bemypartner.es\/category\/comunicacion\/\">Comunicaci\u00f3n<\/a><a href=\"https:\/\/bemypartner.es\/category\/marca\/\">Marca<\/a><a href=\"https:\/\/bemypartner.es\/category\/redes-sociales\/\">Redes Sociales<\/a><a href=\"https:\/\/bemypartner.es\/category\/relaciones-publicas\/\">Relaciones P\u00fablicas<\/a><\/div>\t\t\t\t\t<div class=\"vcpg-post-meta\">\n\t\t\t\t\t\t<div class=\"meta-left\">\n                            <div class=\"grid3-post-author\">\n\t\t\t\t\t\t\t\tby <strong>Bemypartner<\/strong>                            <\/div>\n                            <span class=\"publish-time\"><i class=\"icofont-clock-time\"><\/i> 04 de setembre de 2025<\/span>\n                        <\/div>\n                        <div class=\"meta-right\">\n                            <span class=\"reading-time\"><i class=\"icofont-read-book-alt\"><\/i> 3 min to read<\/span>\n                        <\/div>\n\t\t\t\t\t<\/div>\n\n\t\t\t\t\t<div class=\"vcpg-post-desc\">\n\t\t\t\t\t\t\t\t\t\t\t\t\t<h3 class=\"vcpg-heading\"><a href=\"https:\/\/bemypartner.es\/ca\/como-superar-una-crisis-de-reputacion-en-el-sector-tecnologico\/\">C\u00f3mo superar una crisis de reputaci\u00f3n en el sector tecnol\u00f3gico<\/a><\/h3>\n\t\t\t\t\t\t\n\t\t\t\t\t\t\t\t\t\t\t\t\t<p>\n\t\t\t\t\t\t\t\tLas crisis de reputaci\u00f3n pueden desatarse en cualquier momento, especialmente en el sector tecnol\u00f3gico. Un fallo t\u00e9cnico, una filtraci\u00f3n de datos o una respuesta equivocada en redes sociales pueden poner&hellip;<a href=\"https:\/\/bemypartner.es\/ca\/como-superar-una-crisis-de-reputacion-en-el-sector-tecnologico\/\">Llegeix m\u00e9s ><\/a>\n\t\t\t\t\t\t\t<\/p>\n\t\t\t\t\t\t\t\t\t\t\t<\/div>\n\t\t\t\t\t<div class=\"vcpg-post-footer\">\n\t\t\t\t\t\t\t\t\t\t\t\t\t<div class=\"vcpg-post-tags\">\n\t\t\t\t\t\t\t\t<i class=\"icofont-tags\"><\/i>\n\t\t\t\t\t\t\t\t\n\t\t\t\t\t\t\t\t\t\t<div class=\"first-2\"><a href=\"https:\/\/bemypartner.es\/tag\/comunicacion\/\">comunicaci\u00f3n<\/a><\/div>\n\n\t\t\t\t\t\t\t\t\n\t\t\t\t\t\t\t\t\t\t<div class=\"first-2\"><a href=\"https:\/\/bemypartner.es\/tag\/comunicacion-de-crisis\/\">comunicaci\u00f3n de crisis<\/a><\/div>\n\n\t\t\t\t\t\t\t\t\n\t\t\t\t\t\t\t\t\t\t<div class=\"first-2\"><a href=\"https:\/\/bemypartner.es\/tag\/crisis\/\">crisis<\/a><\/div>\n\n\t\t\t\t\t\t\t\t\n\t\t\t\t\t\t\t\t\t\t<div class=\"first-2\"><a href=\"https:\/\/bemypartner.es\/tag\/reputacion\/\">reputaci\u00f3n<\/a><\/div>\n\n\t\t\t\t\t\t\t\t\n\t\t\t\t\t\t\t\t\t\t<div class=\"first-2\"><a href=\"https:\/\/bemypartner.es\/tag\/sector-tecnologico\/\">sector tecnol\u00f3gico<\/a><\/div>\n\n\t\t\t\t\t\t\t\t\n\t\t\t\t\t\t\t\t\n\n\t\t\t\t\t\t\t<\/div>\n\t\t\t\t\t\t\n                        <div class=\"vcpg-footer-right\">\n                            <div class=\"vcpg-comment-wrap\">\n                                <span><i class=\"icofont-comment\"><\/i> 0<\/span>\n                            <\/div>\n\n                            \n<div class=\"vcpg-social-share\">\n\t<a href=\"#\"><i class=\"icofont-share\"><\/i><\/a>\n\t<div class=\"vcpg-social-inner\">\n\t\t<ul>\n\t\t\t<li>\n\t\t\t\t<a target=\"_blank\" data-social=\"facebook\" title=\"Share on Facebook\" href=\"\/\/facebook.com\/sharer.php?u=https:\/\/bemypartner.es\/ca\/como-superar-una-crisis-de-reputacion-en-el-sector-tecnologico\/\">\n\t\t\t\t\t<i class=\"icofont-facebook\"><\/i>\n\t\t\t\t<\/a>\n\t\t\t<\/li>\n\t\t\t<li>\n\t\t\t\t<a target=\"_blank\" data-social=\"pinterest\" title=\"Share on Pinterest\" href=\"\/\/pinterest.com\/pin\/create\/button\/?url=https:\/\/bemypartner.es\/ca\/como-superar-una-crisis-de-reputacion-en-el-sector-tecnologico\/&amp;media=\">\n\t\t\t\t\t<i class=\"icofont-pinterest\"><\/i>\n\t\t\t\t<\/a>\n\t\t\t<\/li>\n\t\t\t<li>\n\t\t\t\t<a target=\"_blank\" data-social=\"twitter\" title=\"Share on Twitter\" href=\"\/\/twitter.com\/share?url=https:\/\/bemypartner.es\/ca\/como-superar-una-crisis-de-reputacion-en-el-sector-tecnologico\/&text=C\u00f3mo superar una crisis de reputaci\u00f3n en el sector tecnol\u00f3gico\">\n\t\t\t\t\t<i class=\"icofont-twitter\"><\/i>\n\t\t\t\t<\/a>\n\t\t\t<\/li>\n\t\t<\/ul>\n\t<\/div>\n<\/div>                        <\/div>\n\n\t\t\t\t\t<\/div>\n\n\t\t\t\t<\/div>\n\t\t\t<\/div>\n\t\t<\/div>\n\t<\/div>\n<\/div>\n\n<div id=\"row-single-6057\" class=\"vcpg-row-single cl-md-12 \">\n\t<div class=\"vcpg-post-item\">\n\t\t<div class=\"vcpg-row\">\n\t\t\t<div class=\"cl-md-4\">\n\t\t\t\t<div class=\"vcpg-post-photo\">\n\t\t\t\t\t\t\t\t\t\t\t<img decoding=\"async\" class=\"post-img lazyload\" data-src=\"https:\/\/bemypartner.es\/wp-content\/uploads\/2025\/07\/Marketing-de-influencers-2025-830x396.png\" alt=\"Convierte el marketing de influencers en tu aliado en 2025\" src=\"data:image\/svg+xml;base64,PHN2ZyB3aWR0aD0iMSIgaGVpZ2h0PSIxIiB4bWxucz0iaHR0cDovL3d3dy53My5vcmcvMjAwMC9zdmciPjwvc3ZnPg==\" style=\"--smush-placeholder-width: 830px; --smush-placeholder-aspect-ratio: 830\/396;\">\n\n\t\t\t\t\t\n\t\t\t\t<\/div>\n\t\t\t<\/div>\n\t\t\t<div class=\"cl-md-8\">\n\t\t\t\t<div class=\"vcpg-post-content\">\n\t\t\t\t\t<div class=\"vcpg-categories\"><a href=\"https:\/\/bemypartner.es\/category\/comunicacion\/\">Comunicaci\u00f3n<\/a><a href=\"https:\/\/bemypartner.es\/category\/influencers\/\">Influencers<\/a><a href=\"https:\/\/bemypartner.es\/category\/marketing-de-influencers\/\">Marketing de Influencers<\/a><a href=\"https:\/\/bemypartner.es\/category\/redes-sociales\/\">Redes Sociales<\/a><\/div>\t\t\t\t\t<div class=\"vcpg-post-meta\">\n\t\t\t\t\t\t<div class=\"meta-left\">\n                            <div class=\"grid3-post-author\">\n\t\t\t\t\t\t\t\tby <strong>Bemypartner<\/strong>                            <\/div>\n                            <span class=\"publish-time\"><i class=\"icofont-clock-time\"><\/i> 23 de juliol de 2025<\/span>\n                        <\/div>\n                        <div class=\"meta-right\">\n                            <span class=\"reading-time\"><i class=\"icofont-read-book-alt\"><\/i> 4 min to read<\/span>\n                        <\/div>\n\t\t\t\t\t<\/div>\n\n\t\t\t\t\t<div class=\"vcpg-post-desc\">\n\t\t\t\t\t\t\t\t\t\t\t\t\t<h3 class=\"vcpg-heading\"><a href=\"https:\/\/bemypartner.es\/ca\/marketing-influencers-pilar-estrategico-2025\/\">Convierte el marketing de influencers en tu aliado en 2025<\/a><\/h3>\n\t\t\t\t\t\t\n\t\t\t\t\t\t\t\t\t\t\t\t\t<p>\n\t\t\t\t\t\t\t\tEl marketing de influencers se ha consolidado como un pilar estrat\u00e9gico en 2025 para muchas empresas, ganando cada vez m\u00e1s peso dentro de sus estrategias globales de marketing. Desde su&hellip;<a href=\"https:\/\/bemypartner.es\/ca\/marketing-influencers-pilar-estrategico-2025\/\">Llegeix m\u00e9s ><\/a>\n\t\t\t\t\t\t\t<\/p>\n\t\t\t\t\t\t\t\t\t\t\t<\/div>\n\t\t\t\t\t<div class=\"vcpg-post-footer\">\n\t\t\t\t\t\t\t\t\t\t\t\t\t<div class=\"vcpg-post-tags\">\n\t\t\t\t\t\t\t\t<i class=\"icofont-tags\"><\/i>\n\t\t\t\t\t\t\t\t\n\t\t\t\t\t\t\t\t\t\t<div class=\"first-2\"><a href=\"https:\/\/bemypartner.es\/tag\/comunicacion-digital\/\">comunicaci\u00f3n digital<\/a><\/div>\n\n\t\t\t\t\t\t\t\t\n\t\t\t\t\t\t\t\t\t\t<div class=\"first-2\"><a href=\"https:\/\/bemypartner.es\/tag\/influencer-marketing-2025\/\">influencer marketing 2025<\/a><\/div>\n\n\t\t\t\t\t\t\t\t\n\t\t\t\t\t\t\t\t\t\t<div class=\"first-2\"><a href=\"https:\/\/bemypartner.es\/tag\/marketing-de-influencers\/\">marketing de influencers<\/a><\/div>\n\n\t\t\t\t\t\t\t\t\n\t\t\t\t\t\t\t\t\t\t<div class=\"first-2\"><a href=\"https:\/\/bemypartner.es\/tag\/tendencias-marketing-digital\/\">tendencias marketing digital<\/a><\/div>\n\n\t\t\t\t\t\t\t\t\n\t\t\t\t\t\t\t\t\n\n\t\t\t\t\t\t\t<\/div>\n\t\t\t\t\t\t\n                        <div class=\"vcpg-footer-right\">\n                            <div class=\"vcpg-comment-wrap\">\n                                <span><i class=\"icofont-comment\"><\/i> 0<\/span>\n                            <\/div>\n\n                            \n<div class=\"vcpg-social-share\">\n\t<a href=\"#\"><i class=\"icofont-share\"><\/i><\/a>\n\t<div class=\"vcpg-social-inner\">\n\t\t<ul>\n\t\t\t<li>\n\t\t\t\t<a target=\"_blank\" data-social=\"facebook\" title=\"Share on Facebook\" href=\"\/\/facebook.com\/sharer.php?u=https:\/\/bemypartner.es\/ca\/marketing-influencers-pilar-estrategico-2025\/\">\n\t\t\t\t\t<i class=\"icofont-facebook\"><\/i>\n\t\t\t\t<\/a>\n\t\t\t<\/li>\n\t\t\t<li>\n\t\t\t\t<a target=\"_blank\" data-social=\"pinterest\" title=\"Share on Pinterest\" href=\"\/\/pinterest.com\/pin\/create\/button\/?url=https:\/\/bemypartner.es\/ca\/marketing-influencers-pilar-estrategico-2025\/&amp;media=\">\n\t\t\t\t\t<i class=\"icofont-pinterest\"><\/i>\n\t\t\t\t<\/a>\n\t\t\t<\/li>\n\t\t\t<li>\n\t\t\t\t<a target=\"_blank\" data-social=\"twitter\" title=\"Share on Twitter\" href=\"\/\/twitter.com\/share?url=https:\/\/bemypartner.es\/ca\/marketing-influencers-pilar-estrategico-2025\/&text=Convierte el marketing de influencers en tu aliado en 2025\">\n\t\t\t\t\t<i class=\"icofont-twitter\"><\/i>\n\t\t\t\t<\/a>\n\t\t\t<\/li>\n\t\t<\/ul>\n\t<\/div>\n<\/div>                        <\/div>\n\n\t\t\t\t\t<\/div>\n\n\t\t\t\t<\/div>\n\t\t\t<\/div>\n\t\t<\/div>\n\t<\/div>\n<\/div>\n\n<div id=\"row-single-5961\" class=\"vcpg-row-single cl-md-12 \">\n\t<div class=\"vcpg-post-item\">\n\t\t<div class=\"vcpg-row\">\n\t\t\t<div class=\"cl-md-4\">\n\t\t\t\t<div class=\"vcpg-post-photo\">\n\t\t\t\t\t\t\t\t\t\t\t<img decoding=\"async\" class=\"post-img lazyload\" data-src=\"https:\/\/bemypartner.es\/wp-content\/uploads\/2025\/05\/Crisis-Laborales-Banner-Articulo-830x420.png\" alt=\"Aspectos clave en la gesti\u00f3n de crisis laborales\" src=\"data:image\/svg+xml;base64,PHN2ZyB3aWR0aD0iMSIgaGVpZ2h0PSIxIiB4bWxucz0iaHR0cDovL3d3dy53My5vcmcvMjAwMC9zdmciPjwvc3ZnPg==\" style=\"--smush-placeholder-width: 830px; --smush-placeholder-aspect-ratio: 830\/420;\">\n\n\t\t\t\t\t\n\t\t\t\t<\/div>\n\t\t\t<\/div>\n\t\t\t<div class=\"cl-md-8\">\n\t\t\t\t<div class=\"vcpg-post-content\">\n\t\t\t\t\t<div class=\"vcpg-categories\"><a href=\"https:\/\/bemypartner.es\/category\/comunicacion\/\">Comunicaci\u00f3n<\/a><\/div>\t\t\t\t\t<div class=\"vcpg-post-meta\">\n\t\t\t\t\t\t<div class=\"meta-left\">\n                            <div class=\"grid3-post-author\">\n\t\t\t\t\t\t\t\tby <strong>Bemypartner<\/strong>                            <\/div>\n                            <span class=\"publish-time\"><i class=\"icofont-clock-time\"><\/i> 28 de maig de 2025<\/span>\n                        <\/div>\n                        <div class=\"meta-right\">\n                            <span class=\"reading-time\"><i class=\"icofont-read-book-alt\"><\/i> 4 min to read<\/span>\n                        <\/div>\n\t\t\t\t\t<\/div>\n\n\t\t\t\t\t<div class=\"vcpg-post-desc\">\n\t\t\t\t\t\t\t\t\t\t\t\t\t<h3 class=\"vcpg-heading\"><a href=\"https:\/\/bemypartner.es\/ca\/aspectos-clave-gestion-crisis-laborales\/\">Aspectos clave en la gesti\u00f3n de crisis laborales<\/a><\/h3>\n\t\t\t\t\t\t\n\t\t\t\t\t\t\t\t\t\t\t\t\t<p>\n\t\t\t\t\t\t\t\tLas crisis laborales se han convertido en una preocupaci\u00f3n creciente para muchas compa\u00f1\u00edas. Por ello, la necesidad de alinear estrategias legales y de comunicaci\u00f3n se ha vuelto m\u00e1s urgente que&hellip;<a href=\"https:\/\/bemypartner.es\/ca\/aspectos-clave-gestion-crisis-laborales\/\">Llegeix m\u00e9s ><\/a>\n\t\t\t\t\t\t\t<\/p>\n\t\t\t\t\t\t\t\t\t\t\t<\/div>\n\t\t\t\t\t<div class=\"vcpg-post-footer\">\n\t\t\t\t\t\t\t\t\t\t\t\t\t<div class=\"vcpg-post-tags\">\n\t\t\t\t\t\t\t\t<i class=\"icofont-tags\"><\/i>\n\t\t\t\t\t\t\t\t\n\t\t\t\t\t\t\t\t\t\t<div class=\"first-2\"><a href=\"https:\/\/bemypartner.es\/tag\/agencia-de-comunicacion\/\">agencia de comunicaci\u00f3n<\/a><\/div>\n\n\t\t\t\t\t\t\t\t\n\t\t\t\t\t\t\t\t\t\t<div class=\"first-2\"><a href=\"https:\/\/bemypartner.es\/tag\/comunicacion-de-crisis\/\">comunicaci\u00f3n de crisis<\/a><\/div>\n\n\t\t\t\t\t\t\t\t\n\t\t\t\t\t\t\t\t\t\t<div class=\"first-2\"><a href=\"https:\/\/bemypartner.es\/tag\/reputacion\/\">reputaci\u00f3n<\/a><\/div>\n\n\t\t\t\t\t\t\t\t\n\t\t\t\t\t\t\t\t\n\n\t\t\t\t\t\t\t<\/div>\n\t\t\t\t\t\t\n                        <div class=\"vcpg-footer-right\">\n                            <div class=\"vcpg-comment-wrap\">\n                                <span><i class=\"icofont-comment\"><\/i> 0<\/span>\n                            <\/div>\n\n                            \n<div class=\"vcpg-social-share\">\n\t<a href=\"#\"><i class=\"icofont-share\"><\/i><\/a>\n\t<div class=\"vcpg-social-inner\">\n\t\t<ul>\n\t\t\t<li>\n\t\t\t\t<a target=\"_blank\" data-social=\"facebook\" title=\"Share on Facebook\" href=\"\/\/facebook.com\/sharer.php?u=https:\/\/bemypartner.es\/ca\/aspectos-clave-gestion-crisis-laborales\/\">\n\t\t\t\t\t<i class=\"icofont-facebook\"><\/i>\n\t\t\t\t<\/a>\n\t\t\t<\/li>\n\t\t\t<li>\n\t\t\t\t<a target=\"_blank\" data-social=\"pinterest\" title=\"Share on Pinterest\" href=\"\/\/pinterest.com\/pin\/create\/button\/?url=https:\/\/bemypartner.es\/ca\/aspectos-clave-gestion-crisis-laborales\/&amp;media=\">\n\t\t\t\t\t<i class=\"icofont-pinterest\"><\/i>\n\t\t\t\t<\/a>\n\t\t\t<\/li>\n\t\t\t<li>\n\t\t\t\t<a target=\"_blank\" data-social=\"twitter\" title=\"Share on Twitter\" href=\"\/\/twitter.com\/share?url=https:\/\/bemypartner.es\/ca\/aspectos-clave-gestion-crisis-laborales\/&text=Aspectos clave en la gesti\u00f3n de crisis laborales\">\n\t\t\t\t\t<i class=\"icofont-twitter\"><\/i>\n\t\t\t\t<\/a>\n\t\t\t<\/li>\n\t\t<\/ul>\n\t<\/div>\n<\/div>                        <\/div>\n\n\t\t\t\t\t<\/div>\n\n\t\t\t\t<\/div>\n\t\t\t<\/div>\n\t\t<\/div>\n\t<\/div>\n<\/div>\n\n<div id=\"row-single-5923\" class=\"vcpg-row-single cl-md-12 \">\n\t<div class=\"vcpg-post-item\">\n\t\t<div class=\"vcpg-row\">\n\t\t\t<div class=\"cl-md-4\">\n\t\t\t\t<div class=\"vcpg-post-photo\">\n\t\t\t\t\t\t\t\t\t\t\t<img decoding=\"async\" class=\"post-img lazyload\" data-src=\"https:\/\/bemypartner.es\/wp-content\/uploads\/2025\/04\/pexels-tara-winstead-6690884.jpg\" alt=\"Las 5 claves que definir\u00e1n la comunicaci\u00f3n en el sector beauty\" src=\"data:image\/svg+xml;base64,PHN2ZyB3aWR0aD0iMSIgaGVpZ2h0PSIxIiB4bWxucz0iaHR0cDovL3d3dy53My5vcmcvMjAwMC9zdmciPjwvc3ZnPg==\" style=\"--smush-placeholder-width: 6183px; --smush-placeholder-aspect-ratio: 6183\/4122;\">\n\n\t\t\t\t\t\n\t\t\t\t<\/div>\n\t\t\t<\/div>\n\t\t\t<div class=\"cl-md-8\">\n\t\t\t\t<div class=\"vcpg-post-content\">\n\t\t\t\t\t<div class=\"vcpg-categories\"><a href=\"https:\/\/bemypartner.es\/category\/comunicacion\/\">Comunicaci\u00f3n<\/a><\/div>\t\t\t\t\t<div class=\"vcpg-post-meta\">\n\t\t\t\t\t\t<div class=\"meta-left\">\n                            <div class=\"grid3-post-author\">\n\t\t\t\t\t\t\t\tby <strong>Bemypartner<\/strong>                            <\/div>\n                            <span class=\"publish-time\"><i class=\"icofont-clock-time\"><\/i> 30 d'abril de 2025<\/span>\n                        <\/div>\n                        <div class=\"meta-right\">\n                            <span class=\"reading-time\"><i class=\"icofont-read-book-alt\"><\/i> 3 min to read<\/span>\n                        <\/div>\n\t\t\t\t\t<\/div>\n\n\t\t\t\t\t<div class=\"vcpg-post-desc\">\n\t\t\t\t\t\t\t\t\t\t\t\t\t<h3 class=\"vcpg-heading\"><a href=\"https:\/\/bemypartner.es\/ca\/5-claves-comunicacion-sector-beauty\/\">Las 5 claves que definir\u00e1n la comunicaci\u00f3n en el sector beauty<\/a><\/h3>\n\t\t\t\t\t\t\n\t\t\t\t\t\t\t\t\t\t\t\t\t<p>\n\t\t\t\t\t\t\t\tLa primavera arranca con fuerza y trae consigo uno de los momentos m\u00e1s inspiradores para el sector beauty. Nuevas marcas, lanzamientos y campa\u00f1as dictar\u00e1n el inicio de una temporada en&hellip;<a href=\"https:\/\/bemypartner.es\/ca\/5-claves-comunicacion-sector-beauty\/\">Llegeix m\u00e9s ><\/a>\n\t\t\t\t\t\t\t<\/p>\n\t\t\t\t\t\t\t\t\t\t\t<\/div>\n\t\t\t\t\t<div class=\"vcpg-post-footer\">\n\t\t\t\t\t\t\t\t\t\t\t\t\t<div class=\"vcpg-post-tags\">\n\t\t\t\t\t\t\t\t<i class=\"icofont-tags\"><\/i>\n\t\t\t\t\t\t\t\t\n\t\t\t\t\t\t\t\t\t\t<div class=\"first-2\"><a href=\"https:\/\/bemypartner.es\/tag\/agencia-de-comunicacion\/\">agencia de comunicaci\u00f3n<\/a><\/div>\n\n\t\t\t\t\t\t\t\t\n\t\t\t\t\t\t\t\t\t\t<div class=\"first-2\"><a href=\"https:\/\/bemypartner.es\/tag\/beauty\/\">beauty<\/a><\/div>\n\n\t\t\t\t\t\t\t\t\n\t\t\t\t\t\t\t\t\t\t<div class=\"first-2\"><a href=\"https:\/\/bemypartner.es\/tag\/marca\/\">marca<\/a><\/div>\n\n\t\t\t\t\t\t\t\t\n\t\t\t\t\t\t\t\t\n\n\t\t\t\t\t\t\t<\/div>\n\t\t\t\t\t\t\n                        <div class=\"vcpg-footer-right\">\n                            <div class=\"vcpg-comment-wrap\">\n                                <span><i class=\"icofont-comment\"><\/i> 0<\/span>\n                            <\/div>\n\n                            \n<div class=\"vcpg-social-share\">\n\t<a href=\"#\"><i class=\"icofont-share\"><\/i><\/a>\n\t<div class=\"vcpg-social-inner\">\n\t\t<ul>\n\t\t\t<li>\n\t\t\t\t<a target=\"_blank\" data-social=\"facebook\" title=\"Share on Facebook\" href=\"\/\/facebook.com\/sharer.php?u=https:\/\/bemypartner.es\/ca\/5-claves-comunicacion-sector-beauty\/\">\n\t\t\t\t\t<i class=\"icofont-facebook\"><\/i>\n\t\t\t\t<\/a>\n\t\t\t<\/li>\n\t\t\t<li>\n\t\t\t\t<a target=\"_blank\" data-social=\"pinterest\" title=\"Share on Pinterest\" href=\"\/\/pinterest.com\/pin\/create\/button\/?url=https:\/\/bemypartner.es\/ca\/5-claves-comunicacion-sector-beauty\/&amp;media=\">\n\t\t\t\t\t<i class=\"icofont-pinterest\"><\/i>\n\t\t\t\t<\/a>\n\t\t\t<\/li>\n\t\t\t<li>\n\t\t\t\t<a target=\"_blank\" data-social=\"twitter\" title=\"Share on Twitter\" href=\"\/\/twitter.com\/share?url=https:\/\/bemypartner.es\/ca\/5-claves-comunicacion-sector-beauty\/&text=Las 5 claves que definir\u00e1n la comunicaci\u00f3n en el sector beauty\">\n\t\t\t\t\t<i class=\"icofont-twitter\"><\/i>\n\t\t\t\t<\/a>\n\t\t\t<\/li>\n\t\t<\/ul>\n\t<\/div>\n<\/div>                        <\/div>\n\n\t\t\t\t\t<\/div>\n\n\t\t\t\t<\/div>\n\t\t\t<\/div>\n\t\t<\/div>\n\t<\/div>\n<\/div>\n\n<div id=\"row-single-5911\" class=\"vcpg-row-single cl-md-12 \">\n\t<div class=\"vcpg-post-item\">\n\t\t<div class=\"vcpg-row\">\n\t\t\t<div class=\"cl-md-4\">\n\t\t\t\t<div class=\"vcpg-post-photo\">\n\t\t\t\t\t\t\t\t\t\t\t<img decoding=\"async\" class=\"post-img lazyload\" data-src=\"https:\/\/bemypartner.es\/wp-content\/uploads\/2025\/04\/sri-lanka-landscape-group-backpack-830x420.jpg\" alt=\"C\u00f3mo aprovechar las Key Dates para potenciar tu estrategia de contenido\" src=\"data:image\/svg+xml;base64,PHN2ZyB3aWR0aD0iMSIgaGVpZ2h0PSIxIiB4bWxucz0iaHR0cDovL3d3dy53My5vcmcvMjAwMC9zdmciPjwvc3ZnPg==\" style=\"--smush-placeholder-width: 830px; --smush-placeholder-aspect-ratio: 830\/420;\">\n\n\t\t\t\t\t\n\t\t\t\t<\/div>\n\t\t\t<\/div>\n\t\t\t<div class=\"cl-md-8\">\n\t\t\t\t<div class=\"vcpg-post-content\">\n\t\t\t\t\t<div class=\"vcpg-categories\"><a href=\"https:\/\/bemypartner.es\/category\/marca\/\">Marca<\/a><\/div>\t\t\t\t\t<div class=\"vcpg-post-meta\">\n\t\t\t\t\t\t<div class=\"meta-left\">\n                            <div class=\"grid3-post-author\">\n\t\t\t\t\t\t\t\tby <strong>Bemypartner<\/strong>                            <\/div>\n                            <span class=\"publish-time\"><i class=\"icofont-clock-time\"><\/i> 03 d'abril de 2025<\/span>\n                        <\/div>\n                        <div class=\"meta-right\">\n                            <span class=\"reading-time\"><i class=\"icofont-read-book-alt\"><\/i> 4 min to read<\/span>\n                        <\/div>\n\t\t\t\t\t<\/div>\n\n\t\t\t\t\t<div class=\"vcpg-post-desc\">\n\t\t\t\t\t\t\t\t\t\t\t\t\t<h3 class=\"vcpg-heading\"><a href=\"https:\/\/bemypartner.es\/ca\/key-dates-potenciar-estrategia-contenido\/\">C\u00f3mo aprovechar las Key Dates para potenciar tu estrategia de contenido<\/a><\/h3>\n\t\t\t\t\t\t\n\t\t\t\t\t\t\t\t\t\t\t\t\t<p>\n\t\t\t\t\t\t\t\tLa planificaci\u00f3n y estructuraci\u00f3n de contenidos desempe\u00f1an un papel fundamental en cualquier estrategia de marketing, proporcionando coherencia y permitiendo a las marcas generar un impacto significativo. Incorporar fechas clave del&hellip;<a href=\"https:\/\/bemypartner.es\/ca\/key-dates-potenciar-estrategia-contenido\/\">Llegeix m\u00e9s ><\/a>\n\t\t\t\t\t\t\t<\/p>\n\t\t\t\t\t\t\t\t\t\t\t<\/div>\n\t\t\t\t\t<div class=\"vcpg-post-footer\">\n\t\t\t\t\t\t\t\t\t\t\t\t\t<div class=\"vcpg-post-tags\">\n\t\t\t\t\t\t\t\t<i class=\"icofont-tags\"><\/i>\n\t\t\t\t\t\t\t\t\n\t\t\t\t\t\t\t\t\t\t<div class=\"first-2\"><a href=\"https:\/\/bemypartner.es\/tag\/agencia-de-comunicacion\/\">agencia de comunicaci\u00f3n<\/a><\/div>\n\n\t\t\t\t\t\t\t\t\n\t\t\t\t\t\t\t\t\t\t<div class=\"first-2\"><a href=\"https:\/\/bemypartner.es\/tag\/comunicacion\/\">comunicaci\u00f3n<\/a><\/div>\n\n\t\t\t\t\t\t\t\t\n\t\t\t\t\t\t\t\t\t\t<div class=\"first-2\"><a href=\"https:\/\/bemypartner.es\/tag\/estrategia-de-comunicacion\/\">estrategia de comunicaci\u00f3n<\/a><\/div>\n\n\t\t\t\t\t\t\t\t\n\t\t\t\t\t\t\t\t\t\t<div class=\"first-2\"><a href=\"https:\/\/bemypartner.es\/tag\/medios-de-comunicacion\/\">medios de comunicaci\u00f3n<\/a><\/div>\n\n\t\t\t\t\t\t\t\t\n\t\t\t\t\t\t\t\t\n\n\t\t\t\t\t\t\t<\/div>\n\t\t\t\t\t\t\n                        <div class=\"vcpg-footer-right\">\n                            <div class=\"vcpg-comment-wrap\">\n                                <span><i class=\"icofont-comment\"><\/i> 0<\/span>\n                            <\/div>\n\n                            \n<div class=\"vcpg-social-share\">\n\t<a href=\"#\"><i class=\"icofont-share\"><\/i><\/a>\n\t<div class=\"vcpg-social-inner\">\n\t\t<ul>\n\t\t\t<li>\n\t\t\t\t<a target=\"_blank\" data-social=\"facebook\" title=\"Share on Facebook\" href=\"\/\/facebook.com\/sharer.php?u=https:\/\/bemypartner.es\/ca\/key-dates-potenciar-estrategia-contenido\/\">\n\t\t\t\t\t<i class=\"icofont-facebook\"><\/i>\n\t\t\t\t<\/a>\n\t\t\t<\/li>\n\t\t\t<li>\n\t\t\t\t<a target=\"_blank\" data-social=\"pinterest\" title=\"Share on Pinterest\" href=\"\/\/pinterest.com\/pin\/create\/button\/?url=https:\/\/bemypartner.es\/ca\/key-dates-potenciar-estrategia-contenido\/&amp;media=\">\n\t\t\t\t\t<i class=\"icofont-pinterest\"><\/i>\n\t\t\t\t<\/a>\n\t\t\t<\/li>\n\t\t\t<li>\n\t\t\t\t<a target=\"_blank\" data-social=\"twitter\" title=\"Share on Twitter\" href=\"\/\/twitter.com\/share?url=https:\/\/bemypartner.es\/ca\/key-dates-potenciar-estrategia-contenido\/&text=C\u00f3mo aprovechar las Key Dates para potenciar tu estrategia de contenido\">\n\t\t\t\t\t<i class=\"icofont-twitter\"><\/i>\n\t\t\t\t<\/a>\n\t\t\t<\/li>\n\t\t<\/ul>\n\t<\/div>\n<\/div>                        <\/div>\n\n\t\t\t\t\t<\/div>\n\n\t\t\t\t<\/div>\n\t\t\t<\/div>\n\t\t<\/div>\n\t<\/div>\n<\/div>\n\n<div id=\"row-single-5874\" class=\"vcpg-row-single cl-md-12 \">\n\t<div class=\"vcpg-post-item\">\n\t\t<div class=\"vcpg-row\">\n\t\t\t<div class=\"cl-md-4\">\n\t\t\t\t<div class=\"vcpg-post-photo\">\n\t\t\t\t\t\t\t\t\t\t\t<img decoding=\"async\" class=\"post-img lazyload\" data-src=\"https:\/\/bemypartner.es\/wp-content\/uploads\/2024\/07\/Comunicacion-830x420.jpg\" alt=\"5 aspectos clave para gestionar con \u00e9xito tu comunicaci\u00f3n de crisis\" src=\"data:image\/svg+xml;base64,PHN2ZyB3aWR0aD0iMSIgaGVpZ2h0PSIxIiB4bWxucz0iaHR0cDovL3d3dy53My5vcmcvMjAwMC9zdmciPjwvc3ZnPg==\" style=\"--smush-placeholder-width: 830px; --smush-placeholder-aspect-ratio: 830\/420;\">\n\n\t\t\t\t\t\n\t\t\t\t<\/div>\n\t\t\t<\/div>\n\t\t\t<div class=\"cl-md-8\">\n\t\t\t\t<div class=\"vcpg-post-content\">\n\t\t\t\t\t<div class=\"vcpg-categories\"><a href=\"https:\/\/bemypartner.es\/category\/relaciones-publicas\/\">Relaciones P\u00fablicas<\/a><\/div>\t\t\t\t\t<div class=\"vcpg-post-meta\">\n\t\t\t\t\t\t<div class=\"meta-left\">\n                            <div class=\"grid3-post-author\">\n\t\t\t\t\t\t\t\tby <strong>Bemypartner<\/strong>                            <\/div>\n                            <span class=\"publish-time\"><i class=\"icofont-clock-time\"><\/i> 19 de juliol de 2024<\/span>\n                        <\/div>\n                        <div class=\"meta-right\">\n                            <span class=\"reading-time\"><i class=\"icofont-read-book-alt\"><\/i> 5 min to read<\/span>\n                        <\/div>\n\t\t\t\t\t<\/div>\n\n\t\t\t\t\t<div class=\"vcpg-post-desc\">\n\t\t\t\t\t\t\t\t\t\t\t\t\t<h3 class=\"vcpg-heading\"><a href=\"https:\/\/bemypartner.es\/ca\/5-aspectos-clave-para-gestionar-con-exito-tu-comunicacion-de-crisis\/\">5 aspectos clave para gestionar con \u00e9xito tu comunicaci\u00f3n de crisis<\/a><\/h3>\n\t\t\t\t\t\t\n\t\t\t\t\t\t\t\t\t\t\t\t\t<p>\n\t\t\t\t\t\t\t\tEn el mundo actual, la informaci\u00f3n se propaga a la velocidad de un clic. Las crisis ya no son solo desencadenadas por los medios masivos: una cr\u00edtica en redes sociales&hellip;<a href=\"https:\/\/bemypartner.es\/ca\/5-aspectos-clave-para-gestionar-con-exito-tu-comunicacion-de-crisis\/\">Llegeix m\u00e9s ><\/a>\n\t\t\t\t\t\t\t<\/p>\n\t\t\t\t\t\t\t\t\t\t\t<\/div>\n\t\t\t\t\t<div class=\"vcpg-post-footer\">\n\t\t\t\t\t\t\t\t\t\t\t\t\t<div class=\"vcpg-post-tags\">\n\t\t\t\t\t\t\t\t<i class=\"icofont-tags\"><\/i>\n\t\t\t\t\t\t\t\t\n\t\t\t\t\t\t\t\t\t\t<div class=\"first-2\"><a href=\"https:\/\/bemypartner.es\/tag\/agencia-de-comunicacion\/\">agencia de comunicaci\u00f3n<\/a><\/div>\n\n\t\t\t\t\t\t\t\t\n\t\t\t\t\t\t\t\t\t\t<div class=\"first-2\"><a href=\"https:\/\/bemypartner.es\/tag\/bemypartner\/\">bemypartner<\/a><\/div>\n\n\t\t\t\t\t\t\t\t\n\t\t\t\t\t\t\t\t\t\t<div class=\"first-2\"><a href=\"https:\/\/bemypartner.es\/tag\/bemypartnercom\/\">Bemypartnercom<\/a><\/div>\n\n\t\t\t\t\t\t\t\t\n\t\t\t\t\t\t\t\t\t\t<div class=\"first-2\"><a href=\"https:\/\/bemypartner.es\/tag\/comunicaciondecrisis\/\">comunicaciondecrisis<\/a><\/div>\n\n\t\t\t\t\t\t\t\t\n\t\t\t\t\t\t\t\t\t\t<div class=\"first-2\"><a href=\"https:\/\/bemypartner.es\/tag\/gestiondecrisis\/\">gestiondecrisis<\/a><\/div>\n\n\t\t\t\t\t\t\t\t\n\t\t\t\t\t\t\t\t\t\t<div class=\"first-2\"><a href=\"https:\/\/bemypartner.es\/tag\/medios-de-comunicacion\/\">medios de comunicaci\u00f3n<\/a><\/div>\n\n\t\t\t\t\t\t\t\t\n\t\t\t\t\t\t\t\t\t\t<div class=\"first-2\"><a href=\"https:\/\/bemypartner.es\/tag\/planactuacioncrisis\/\">planactuaci\u00f3ncrisis<\/a><\/div>\n\n\t\t\t\t\t\t\t\t\n\t\t\t\t\t\t\t\t\n\n\t\t\t\t\t\t\t<\/div>\n\t\t\t\t\t\t\n                        <div class=\"vcpg-footer-right\">\n                            <div class=\"vcpg-comment-wrap\">\n                                <span><i class=\"icofont-comment\"><\/i> 0<\/span>\n                            <\/div>\n\n                            \n<div class=\"vcpg-social-share\">\n\t<a href=\"#\"><i class=\"icofont-share\"><\/i><\/a>\n\t<div class=\"vcpg-social-inner\">\n\t\t<ul>\n\t\t\t<li>\n\t\t\t\t<a target=\"_blank\" data-social=\"facebook\" title=\"Share on Facebook\" href=\"\/\/facebook.com\/sharer.php?u=https:\/\/bemypartner.es\/ca\/5-aspectos-clave-para-gestionar-con-exito-tu-comunicacion-de-crisis\/\">\n\t\t\t\t\t<i class=\"icofont-facebook\"><\/i>\n\t\t\t\t<\/a>\n\t\t\t<\/li>\n\t\t\t<li>\n\t\t\t\t<a target=\"_blank\" data-social=\"pinterest\" title=\"Share on Pinterest\" href=\"\/\/pinterest.com\/pin\/create\/button\/?url=https:\/\/bemypartner.es\/ca\/5-aspectos-clave-para-gestionar-con-exito-tu-comunicacion-de-crisis\/&amp;media=\">\n\t\t\t\t\t<i class=\"icofont-pinterest\"><\/i>\n\t\t\t\t<\/a>\n\t\t\t<\/li>\n\t\t\t<li>\n\t\t\t\t<a target=\"_blank\" data-social=\"twitter\" title=\"Share on Twitter\" href=\"\/\/twitter.com\/share?url=https:\/\/bemypartner.es\/ca\/5-aspectos-clave-para-gestionar-con-exito-tu-comunicacion-de-crisis\/&text=5 aspectos clave para gestionar con \u00e9xito tu comunicaci\u00f3n de crisis\">\n\t\t\t\t\t<i class=\"icofont-twitter\"><\/i>\n\t\t\t\t<\/a>\n\t\t\t<\/li>\n\t\t<\/ul>\n\t<\/div>\n<\/div>                        <\/div>\n\n\t\t\t\t\t<\/div>\n\n\t\t\t\t<\/div>\n\t\t\t<\/div>\n\t\t<\/div>\n\t<\/div>\n<\/div>\n\n<div id=\"row-single-5843\" class=\"vcpg-row-single cl-md-12 \">\n\t<div class=\"vcpg-post-item\">\n\t\t<div class=\"vcpg-row\">\n\t\t\t<div class=\"cl-md-4\">\n\t\t\t\t<div class=\"vcpg-post-photo\">\n\t\t\t\t\t\t\t\t\t\t\t<img decoding=\"async\" class=\"post-img lazyload\" data-src=\"https:\/\/bemypartner.es\/wp-content\/uploads\/2024\/05\/Banner-Blog-830x420.jpg\" alt=\"Bemypartner recibe el sello de Compromiso con la Huella Social y la Sostenibilidad\" src=\"data:image\/svg+xml;base64,PHN2ZyB3aWR0aD0iMSIgaGVpZ2h0PSIxIiB4bWxucz0iaHR0cDovL3d3dy53My5vcmcvMjAwMC9zdmciPjwvc3ZnPg==\" style=\"--smush-placeholder-width: 830px; --smush-placeholder-aspect-ratio: 830\/420;\">\n\n\t\t\t\t\t\n\t\t\t\t<\/div>\n\t\t\t<\/div>\n\t\t\t<div class=\"cl-md-8\">\n\t\t\t\t<div class=\"vcpg-post-content\">\n\t\t\t\t\t<div class=\"vcpg-categories\"><a href=\"https:\/\/bemypartner.es\/category\/sin-categorizar\/\">Sin categorizar<\/a><\/div>\t\t\t\t\t<div class=\"vcpg-post-meta\">\n\t\t\t\t\t\t<div class=\"meta-left\">\n                            <div class=\"grid3-post-author\">\n\t\t\t\t\t\t\t\tby <strong>Bemypartner<\/strong>                            <\/div>\n                            <span class=\"publish-time\"><i class=\"icofont-clock-time\"><\/i> 10 de maig de 2024<\/span>\n                        <\/div>\n                        <div class=\"meta-right\">\n                            <span class=\"reading-time\"><i class=\"icofont-read-book-alt\"><\/i> 2 min to read<\/span>\n                        <\/div>\n\t\t\t\t\t<\/div>\n\n\t\t\t\t\t<div class=\"vcpg-post-desc\">\n\t\t\t\t\t\t\t\t\t\t\t\t\t<h3 class=\"vcpg-heading\"><a href=\"https:\/\/bemypartner.es\/bemypartner-recibe-el-sello-de-compromiso-con-la-huella-social-y-la-sostenibilidad\/\">Bemypartner recibe el sello de Compromiso con la Huella Social y la Sostenibilidad<\/a><\/h3>\n\t\t\t\t\t\t\n\t\t\t\t\t\t\t\t\t\t\t\t\t<p>\n\t\t\t\t\t\t\t\t\u00a1Nos enorgullece anunciar que Bemypartner ha sido reconocido y certificado por la Fundaci\u00f3n COPADE con el sello COMPROMISO HUELLA SOCIAL Y SOSTENIBILIDAD! \ud83c\udfc6 Este importante reconocimiento valida nuestro firme compromiso&hellip;<a href=\"https:\/\/bemypartner.es\/bemypartner-recibe-el-sello-de-compromiso-con-la-huella-social-y-la-sostenibilidad\/\">Llegeix m\u00e9s ><\/a>\n\t\t\t\t\t\t\t<\/p>\n\t\t\t\t\t\t\t\t\t\t\t<\/div>\n\t\t\t\t\t<div class=\"vcpg-post-footer\">\n\t\t\t\t\t\t\t\t\t\t\t\t\t<div class=\"vcpg-post-tags\">\n\t\t\t\t\t\t\t\t<i class=\"icofont-tags\"><\/i>\n\t\t\t\t\t\t\t\t\n\t\t\t\t\t\t\t\t\t\t<div class=\"first-2\"><a href=\"https:\/\/bemypartner.es\/tag\/agencia-de-comunicacion\/\">agencia de comunicaci\u00f3n<\/a><\/div>\n\n\t\t\t\t\t\t\t\t\n\t\t\t\t\t\t\t\t\t\t<div class=\"first-2\"><a href=\"https:\/\/bemypartner.es\/tag\/bemypartner\/\">bemypartner<\/a><\/div>\n\n\t\t\t\t\t\t\t\t\n\t\t\t\t\t\t\t\t\t\t<div class=\"first-2\"><a href=\"https:\/\/bemypartner.es\/tag\/bemypartnercom\/\">Bemypartnercom<\/a><\/div>\n\n\t\t\t\t\t\t\t\t\n\t\t\t\t\t\t\t\t\t\t<div class=\"first-2\"><a href=\"https:\/\/bemypartner.es\/tag\/certificacion\/\">certificacion<\/a><\/div>\n\n\t\t\t\t\t\t\t\t\n\t\t\t\t\t\t\t\t\t\t<div class=\"first-2\"><a href=\"https:\/\/bemypartner.es\/tag\/copade\/\">copade<\/a><\/div>\n\n\t\t\t\t\t\t\t\t\n\t\t\t\t\t\t\t\t\t\t<div class=\"first-2\"><a href=\"https:\/\/bemypartner.es\/tag\/huella-social\/\">huella social<\/a><\/div>\n\n\t\t\t\t\t\t\t\t\n\t\t\t\t\t\t\t\t\t\t<div class=\"first-2\"><a href=\"https:\/\/bemypartner.es\/tag\/medios-de-comunicacion\/\">medios de comunicaci\u00f3n<\/a><\/div>\n\n\t\t\t\t\t\t\t\t\n\t\t\t\t\t\t\t\t\t\t<div class=\"first-2\"><a href=\"https:\/\/bemypartner.es\/tag\/sostenibilidad\/\">sostenibilidad<\/a><\/div>\n\n\t\t\t\t\t\t\t\t\n\t\t\t\t\t\t\t\t\t\t<div class=\"first-2\"><a href=\"https:\/\/bemypartner.es\/tag\/sostenible\/\">sostenible<\/a><\/div>\n\n\t\t\t\t\t\t\t\t\n\t\t\t\t\t\t\t\t\n\n\t\t\t\t\t\t\t<\/div>\n\t\t\t\t\t\t\n                        <div class=\"vcpg-footer-right\">\n                            <div class=\"vcpg-comment-wrap\">\n                                <span><i class=\"icofont-comment\"><\/i> 0<\/span>\n                            <\/div>\n\n                            \n<div class=\"vcpg-social-share\">\n\t<a href=\"#\"><i class=\"icofont-share\"><\/i><\/a>\n\t<div class=\"vcpg-social-inner\">\n\t\t<ul>\n\t\t\t<li>\n\t\t\t\t<a target=\"_blank\" data-social=\"facebook\" title=\"Share on Facebook\" href=\"\/\/facebook.com\/sharer.php?u=https:\/\/bemypartner.es\/bemypartner-recibe-el-sello-de-compromiso-con-la-huella-social-y-la-sostenibilidad\/\">\n\t\t\t\t\t<i class=\"icofont-facebook\"><\/i>\n\t\t\t\t<\/a>\n\t\t\t<\/li>\n\t\t\t<li>\n\t\t\t\t<a target=\"_blank\" data-social=\"pinterest\" title=\"Share on Pinterest\" href=\"\/\/pinterest.com\/pin\/create\/button\/?url=https:\/\/bemypartner.es\/bemypartner-recibe-el-sello-de-compromiso-con-la-huella-social-y-la-sostenibilidad\/&amp;media=\">\n\t\t\t\t\t<i class=\"icofont-pinterest\"><\/i>\n\t\t\t\t<\/a>\n\t\t\t<\/li>\n\t\t\t<li>\n\t\t\t\t<a target=\"_blank\" data-social=\"twitter\" title=\"Share on Twitter\" href=\"\/\/twitter.com\/share?url=https:\/\/bemypartner.es\/bemypartner-recibe-el-sello-de-compromiso-con-la-huella-social-y-la-sostenibilidad\/&text=Bemypartner recibe el sello de Compromiso con la Huella Social y la Sostenibilidad\">\n\t\t\t\t\t<i class=\"icofont-twitter\"><\/i>\n\t\t\t\t<\/a>\n\t\t\t<\/li>\n\t\t<\/ul>\n\t<\/div>\n<\/div>                        <\/div>\n\n\t\t\t\t\t<\/div>\n\n\t\t\t\t<\/div>\n\t\t\t<\/div>\n\t\t<\/div>\n\t<\/div>\n<\/div>\n\n<div id=\"row-single-5818\" class=\"vcpg-row-single cl-md-12 \">\n\t<div class=\"vcpg-post-item\">\n\t\t<div class=\"vcpg-row\">\n\t\t\t<div class=\"cl-md-4\">\n\t\t\t\t<div class=\"vcpg-post-photo\">\n\t\t\t\t\t\t\t\t\t\t\t<img decoding=\"async\" class=\"post-img lazyload\" data-src=\"https:\/\/bemypartner.es\/wp-content\/uploads\/2024\/05\/ley-influencer2-830x420.jpg\" alt=\"Revoluci\u00f3n en las redes: La nueva Ley de Influencers transforma el panorama digital\" src=\"data:image\/svg+xml;base64,PHN2ZyB3aWR0aD0iMSIgaGVpZ2h0PSIxIiB4bWxucz0iaHR0cDovL3d3dy53My5vcmcvMjAwMC9zdmciPjwvc3ZnPg==\" style=\"--smush-placeholder-width: 830px; --smush-placeholder-aspect-ratio: 830\/420;\">\n\n\t\t\t\t\t\n\t\t\t\t<\/div>\n\t\t\t<\/div>\n\t\t\t<div class=\"cl-md-8\">\n\t\t\t\t<div class=\"vcpg-post-content\">\n\t\t\t\t\t<div class=\"vcpg-categories\"><a href=\"https:\/\/bemypartner.es\/category\/sin-categorizar\/\">Sin categorizar<\/a><\/div>\t\t\t\t\t<div class=\"vcpg-post-meta\">\n\t\t\t\t\t\t<div class=\"meta-left\">\n                            <div class=\"grid3-post-author\">\n\t\t\t\t\t\t\t\tby <strong>Bemypartner<\/strong>                            <\/div>\n                            <span class=\"publish-time\"><i class=\"icofont-clock-time\"><\/i> 07 de maig de 2024<\/span>\n                        <\/div>\n                        <div class=\"meta-right\">\n                            <span class=\"reading-time\"><i class=\"icofont-read-book-alt\"><\/i> 5 min to read<\/span>\n                        <\/div>\n\t\t\t\t\t<\/div>\n\n\t\t\t\t\t<div class=\"vcpg-post-desc\">\n\t\t\t\t\t\t\t\t\t\t\t\t\t<h3 class=\"vcpg-heading\"><a href=\"https:\/\/bemypartner.es\/revolucion-en-las-redes-la-nueva-ley-de-influencers-transforma-el-panorama-digital\/\">Revoluci\u00f3n en las redes: La nueva Ley de Influencers transforma el panorama digital<\/a><\/h3>\n\t\t\t\t\t\t\n\t\t\t\t\t\t\t\t\t\t\t\t\t<p>\n\t\t\t\t\t\t\t\tEl Gobierno espa\u00f1ol ha aprobado recientemente una nueva ley que regula la actividad de los influencers en las redes sociales. Esta normativa busca establecer pautas claras y responsabilidades para quienes&hellip;<a href=\"https:\/\/bemypartner.es\/revolucion-en-las-redes-la-nueva-ley-de-influencers-transforma-el-panorama-digital\/\">Llegeix m\u00e9s ><\/a>\n\t\t\t\t\t\t\t<\/p>\n\t\t\t\t\t\t\t\t\t\t\t<\/div>\n\t\t\t\t\t<div class=\"vcpg-post-footer\">\n\t\t\t\t\t\t\t\t\t\t\t\t\t<div class=\"vcpg-post-tags\">\n\t\t\t\t\t\t\t\t<i class=\"icofont-tags\"><\/i>\n\t\t\t\t\t\t\t\t\n\t\t\t\t\t\t\t\t\t\t<div class=\"first-2\"><a href=\"https:\/\/bemypartner.es\/tag\/agencia-de-comunicacion\/\">agencia de comunicaci\u00f3n<\/a><\/div>\n\n\t\t\t\t\t\t\t\t\n\t\t\t\t\t\t\t\t\t\t<div class=\"first-2\"><a href=\"https:\/\/bemypartner.es\/tag\/bemypartner\/\">bemypartner<\/a><\/div>\n\n\t\t\t\t\t\t\t\t\n\t\t\t\t\t\t\t\t\t\t<div class=\"first-2\"><a href=\"https:\/\/bemypartner.es\/tag\/bemypartnercom\/\">Bemypartnercom<\/a><\/div>\n\n\t\t\t\t\t\t\t\t\n\t\t\t\t\t\t\t\t\t\t<div class=\"first-2\"><a href=\"https:\/\/bemypartner.es\/tag\/estrategia-de-comunicacion\/\">estrategia de comunicaci\u00f3n<\/a><\/div>\n\n\t\t\t\t\t\t\t\t\n\t\t\t\t\t\t\t\t\t\t<div class=\"first-2\"><a href=\"https:\/\/bemypartner.es\/tag\/influencer\/\">influencer<\/a><\/div>\n\n\t\t\t\t\t\t\t\t\n\t\t\t\t\t\t\t\t\t\t<div class=\"first-2\"><a href=\"https:\/\/bemypartner.es\/tag\/instagram\/\">Instagram<\/a><\/div>\n\n\t\t\t\t\t\t\t\t\n\t\t\t\t\t\t\t\t\t\t<div class=\"first-2\"><a href=\"https:\/\/bemypartner.es\/tag\/ley\/\">ley<\/a><\/div>\n\n\t\t\t\t\t\t\t\t\n\t\t\t\t\t\t\t\t\t\t<div class=\"first-2\"><a href=\"https:\/\/bemypartner.es\/tag\/medios-de-comunicacion\/\">medios de comunicaci\u00f3n<\/a><\/div>\n\n\t\t\t\t\t\t\t\t\n\t\t\t\t\t\t\t\t\t\t<div class=\"first-2\"><a href=\"https:\/\/bemypartner.es\/tag\/tiktok\/\">tiktok<\/a><\/div>\n\n\t\t\t\t\t\t\t\t\n\t\t\t\t\t\t\t\t\t\t<div class=\"first-2\"><a href=\"https:\/\/bemypartner.es\/tag\/twitch\/\">twitch<\/a><\/div>\n\n\t\t\t\t\t\t\t\t\n\t\t\t\t\t\t\t\t\n\n\t\t\t\t\t\t\t<\/div>\n\t\t\t\t\t\t\n                        <div class=\"vcpg-footer-right\">\n                            <div class=\"vcpg-comment-wrap\">\n                                <span><i class=\"icofont-comment\"><\/i> 0<\/span>\n                            <\/div>\n\n                            \n<div class=\"vcpg-social-share\">\n\t<a href=\"#\"><i class=\"icofont-share\"><\/i><\/a>\n\t<div class=\"vcpg-social-inner\">\n\t\t<ul>\n\t\t\t<li>\n\t\t\t\t<a target=\"_blank\" data-social=\"facebook\" title=\"Share on Facebook\" href=\"\/\/facebook.com\/sharer.php?u=https:\/\/bemypartner.es\/revolucion-en-las-redes-la-nueva-ley-de-influencers-transforma-el-panorama-digital\/\">\n\t\t\t\t\t<i class=\"icofont-facebook\"><\/i>\n\t\t\t\t<\/a>\n\t\t\t<\/li>\n\t\t\t<li>\n\t\t\t\t<a target=\"_blank\" data-social=\"pinterest\" title=\"Share on Pinterest\" href=\"\/\/pinterest.com\/pin\/create\/button\/?url=https:\/\/bemypartner.es\/revolucion-en-las-redes-la-nueva-ley-de-influencers-transforma-el-panorama-digital\/&amp;media=\">\n\t\t\t\t\t<i class=\"icofont-pinterest\"><\/i>\n\t\t\t\t<\/a>\n\t\t\t<\/li>\n\t\t\t<li>\n\t\t\t\t<a target=\"_blank\" data-social=\"twitter\" title=\"Share on Twitter\" href=\"\/\/twitter.com\/share?url=https:\/\/bemypartner.es\/revolucion-en-las-redes-la-nueva-ley-de-influencers-transforma-el-panorama-digital\/&text=Revoluci\u00f3n en las redes: La nueva Ley de Influencers transforma el panorama digital\">\n\t\t\t\t\t<i class=\"icofont-twitter\"><\/i>\n\t\t\t\t<\/a>\n\t\t\t<\/li>\n\t\t<\/ul>\n\t<\/div>\n<\/div>                        <\/div>\n\n\t\t\t\t\t<\/div>\n\n\t\t\t\t<\/div>\n\t\t\t<\/div>\n\t\t<\/div>\n\t<\/div>\n<\/div>\n\n<div id=\"row-single-5802\" class=\"vcpg-row-single cl-md-12 \">\n\t<div class=\"vcpg-post-item\">\n\t\t<div class=\"vcpg-row\">\n\t\t\t<div class=\"cl-md-4\">\n\t\t\t\t<div class=\"vcpg-post-photo\">\n\t\t\t\t\t\t\t\t\t\t\t<img decoding=\"async\" class=\"post-img lazyload\" data-src=\"https:\/\/bemypartner.es\/wp-content\/uploads\/2024\/04\/04_30_BLOG_VISUALWEB_BMP-830x420.jpg\" alt=\"El poder del storytelling en la comunicaci\u00f3n estrat\u00e9gica: cautivando mentes y moviendo corazones\" src=\"data:image\/svg+xml;base64,PHN2ZyB3aWR0aD0iMSIgaGVpZ2h0PSIxIiB4bWxucz0iaHR0cDovL3d3dy53My5vcmcvMjAwMC9zdmciPjwvc3ZnPg==\" style=\"--smush-placeholder-width: 830px; --smush-placeholder-aspect-ratio: 830\/420;\">\n\n\t\t\t\t\t\n\t\t\t\t<\/div>\n\t\t\t<\/div>\n\t\t\t<div class=\"cl-md-8\">\n\t\t\t\t<div class=\"vcpg-post-content\">\n\t\t\t\t\t<div class=\"vcpg-categories\"><a href=\"https:\/\/bemypartner.es\/category\/sin-categorizar\/\">Sin categorizar<\/a><\/div>\t\t\t\t\t<div class=\"vcpg-post-meta\">\n\t\t\t\t\t\t<div class=\"meta-left\">\n                            <div class=\"grid3-post-author\">\n\t\t\t\t\t\t\t\tby <strong>Bemypartner<\/strong>                            <\/div>\n                            <span class=\"publish-time\"><i class=\"icofont-clock-time\"><\/i> 30 d'abril de 2024<\/span>\n                        <\/div>\n                        <div class=\"meta-right\">\n                            <span class=\"reading-time\"><i class=\"icofont-read-book-alt\"><\/i> 3 min to read<\/span>\n                        <\/div>\n\t\t\t\t\t<\/div>\n\n\t\t\t\t\t<div class=\"vcpg-post-desc\">\n\t\t\t\t\t\t\t\t\t\t\t\t\t<h3 class=\"vcpg-heading\"><a href=\"https:\/\/bemypartner.es\/el-poder-de-la-narrativa-en-la-comunicacion-estrategica-cautivando-mentes-y-moviendo-corazones\/\">El poder del storytelling en la comunicaci\u00f3n estrat\u00e9gica: cautivando mentes y moviendo corazones<\/a><\/h3>\n\t\t\t\t\t\t\n\t\t\t\t\t\t\t\t\t\t\t\t\t<p>\n\t\t\t\t\t\t\t\tEn el mundo de la comunicaci\u00f3n estrat\u00e9gica, donde la competencia por la atenci\u00f3n de la audiencia es feroz, la narrativa se alza como una herramienta indispensable para conectar con las&hellip;<a href=\"https:\/\/bemypartner.es\/el-poder-de-la-narrativa-en-la-comunicacion-estrategica-cautivando-mentes-y-moviendo-corazones\/\">Llegeix m\u00e9s ><\/a>\n\t\t\t\t\t\t\t<\/p>\n\t\t\t\t\t\t\t\t\t\t\t<\/div>\n\t\t\t\t\t<div class=\"vcpg-post-footer\">\n\t\t\t\t\t\t\t\t\t\t\t\t\t<div class=\"vcpg-post-tags\">\n\t\t\t\t\t\t\t\t<i class=\"icofont-tags\"><\/i>\n\t\t\t\t\t\t\t\t\n\t\t\t\t\t\t\t\t\t\t<div class=\"first-2\"><a href=\"https:\/\/bemypartner.es\/tag\/agencia-de-comunicacion\/\">agencia de comunicaci\u00f3n<\/a><\/div>\n\n\t\t\t\t\t\t\t\t\n\t\t\t\t\t\t\t\t\t\t<div class=\"first-2\"><a href=\"https:\/\/bemypartner.es\/tag\/bemypartner\/\">bemypartner<\/a><\/div>\n\n\t\t\t\t\t\t\t\t\n\t\t\t\t\t\t\t\t\t\t<div class=\"first-2\"><a href=\"https:\/\/bemypartner.es\/tag\/bemypartnercom\/\">Bemypartnercom<\/a><\/div>\n\n\t\t\t\t\t\t\t\t\n\t\t\t\t\t\t\t\t\t\t<div class=\"first-2\"><a href=\"https:\/\/bemypartner.es\/tag\/comunicacion\/\">comunicaci\u00f3n<\/a><\/div>\n\n\t\t\t\t\t\t\t\t\n\t\t\t\t\t\t\t\t\t\t<div class=\"first-2\"><a href=\"https:\/\/bemypartner.es\/tag\/comunicacion-estrategica\/\">comunicaci\u00f3n estrat\u00e9gica<\/a><\/div>\n\n\t\t\t\t\t\t\t\t\n\t\t\t\t\t\t\t\t\t\t<div class=\"first-2\"><a href=\"https:\/\/bemypartner.es\/tag\/estrategia-de-comunicacion\/\">estrategia de comunicaci\u00f3n<\/a><\/div>\n\n\t\t\t\t\t\t\t\t\n\t\t\t\t\t\t\t\t\t\t<div class=\"first-2\"><a href=\"https:\/\/bemypartner.es\/tag\/medios-de-comunicacion\/\">medios de comunicaci\u00f3n<\/a><\/div>\n\n\t\t\t\t\t\t\t\t\n\t\t\t\t\t\t\t\t\t\t<div class=\"first-2\"><a href=\"https:\/\/bemypartner.es\/tag\/narrativa\/\">narrativa<\/a><\/div>\n\n\t\t\t\t\t\t\t\t\n\t\t\t\t\t\t\t\t\t\t<div class=\"first-2\"><a href=\"https:\/\/bemypartner.es\/tag\/storytelling\/\">storytelling<\/a><\/div>\n\n\t\t\t\t\t\t\t\t\n\t\t\t\t\t\t\t\t\n\n\t\t\t\t\t\t\t<\/div>\n\t\t\t\t\t\t\n                        <div class=\"vcpg-footer-right\">\n                            <div class=\"vcpg-comment-wrap\">\n                                <span><i class=\"icofont-comment\"><\/i> 0<\/span>\n                            <\/div>\n\n                            \n<div class=\"vcpg-social-share\">\n\t<a href=\"#\"><i class=\"icofont-share\"><\/i><\/a>\n\t<div class=\"vcpg-social-inner\">\n\t\t<ul>\n\t\t\t<li>\n\t\t\t\t<a target=\"_blank\" data-social=\"facebook\" title=\"Share on Facebook\" href=\"\/\/facebook.com\/sharer.php?u=https:\/\/bemypartner.es\/el-poder-de-la-narrativa-en-la-comunicacion-estrategica-cautivando-mentes-y-moviendo-corazones\/\">\n\t\t\t\t\t<i class=\"icofont-facebook\"><\/i>\n\t\t\t\t<\/a>\n\t\t\t<\/li>\n\t\t\t<li>\n\t\t\t\t<a target=\"_blank\" data-social=\"pinterest\" title=\"Share on Pinterest\" href=\"\/\/pinterest.com\/pin\/create\/button\/?url=https:\/\/bemypartner.es\/el-poder-de-la-narrativa-en-la-comunicacion-estrategica-cautivando-mentes-y-moviendo-corazones\/&amp;media=\">\n\t\t\t\t\t<i class=\"icofont-pinterest\"><\/i>\n\t\t\t\t<\/a>\n\t\t\t<\/li>\n\t\t\t<li>\n\t\t\t\t<a target=\"_blank\" data-social=\"twitter\" title=\"Share on Twitter\" href=\"\/\/twitter.com\/share?url=https:\/\/bemypartner.es\/el-poder-de-la-narrativa-en-la-comunicacion-estrategica-cautivando-mentes-y-moviendo-corazones\/&text=El poder del storytelling en la comunicaci\u00f3n estrat\u00e9gica: cautivando mentes y moviendo corazones\">\n\t\t\t\t\t<i class=\"icofont-twitter\"><\/i>\n\t\t\t\t<\/a>\n\t\t\t<\/li>\n\t\t<\/ul>\n\t<\/div>\n<\/div>                        <\/div>\n\n\t\t\t\t\t<\/div>\n\n\t\t\t\t<\/div>\n\t\t\t<\/div>\n\t\t<\/div>\n\t<\/div>\n<\/div>\n\n<div id=\"row-single-5789\" class=\"vcpg-row-single cl-md-12 \">\n\t<div class=\"vcpg-post-item\">\n\t\t<div class=\"vcpg-row\">\n\t\t\t<div class=\"cl-md-4\">\n\t\t\t\t<div class=\"vcpg-post-photo\">\n\t\t\t\t\t\t\t\t\t\t\t<img decoding=\"async\" class=\"post-img lazyload\" data-src=\"https:\/\/bemypartner.es\/wp-content\/uploads\/2024\/04\/1-830x420.jpg\" alt=\"Inteligencia Artificial en el mundo de las Agencias de Comunicaci\u00f3n: Un Aliado para la Eficiencia y la Creatividad\" src=\"data:image\/svg+xml;base64,PHN2ZyB3aWR0aD0iMSIgaGVpZ2h0PSIxIiB4bWxucz0iaHR0cDovL3d3dy53My5vcmcvMjAwMC9zdmciPjwvc3ZnPg==\" style=\"--smush-placeholder-width: 830px; --smush-placeholder-aspect-ratio: 830\/420;\">\n\n\t\t\t\t\t\n\t\t\t\t<\/div>\n\t\t\t<\/div>\n\t\t\t<div class=\"cl-md-8\">\n\t\t\t\t<div class=\"vcpg-post-content\">\n\t\t\t\t\t<div class=\"vcpg-categories\"><a href=\"https:\/\/bemypartner.es\/category\/sin-categorizar\/\">Sin categorizar<\/a><\/div>\t\t\t\t\t<div class=\"vcpg-post-meta\">\n\t\t\t\t\t\t<div class=\"meta-left\">\n                            <div class=\"grid3-post-author\">\n\t\t\t\t\t\t\t\tby <strong>Bemypartner<\/strong>                            <\/div>\n                            <span class=\"publish-time\"><i class=\"icofont-clock-time\"><\/i> 23 d'abril de 2024<\/span>\n                        <\/div>\n                        <div class=\"meta-right\">\n                            <span class=\"reading-time\"><i class=\"icofont-read-book-alt\"><\/i> 4 min to read<\/span>\n                        <\/div>\n\t\t\t\t\t<\/div>\n\n\t\t\t\t\t<div class=\"vcpg-post-desc\">\n\t\t\t\t\t\t\t\t\t\t\t\t\t<h3 class=\"vcpg-heading\"><a href=\"https:\/\/bemypartner.es\/inteligencia-artificial-en-el-mundo-de-las-agencias-de-comunicacion-un-aliado-para-la-eficiencia-y-la-creatividad\/\">Inteligencia Artificial en el mundo de las Agencias de Comunicaci\u00f3n: Un Aliado para la Eficiencia y la Creatividad<\/a><\/h3>\n\t\t\t\t\t\t\n\t\t\t\t\t\t\t\t\t\t\t\t\t<p>\n\t\t\t\t\t\t\t\tEl mundo de la comunicaci\u00f3n y el marketing est\u00e1 en constante evoluci\u00f3n, y la inteligencia artificial (IA) se ha convertido en una herramienta fundamental para las agencias que buscan mantenerse&hellip;<a href=\"https:\/\/bemypartner.es\/inteligencia-artificial-en-el-mundo-de-las-agencias-de-comunicacion-un-aliado-para-la-eficiencia-y-la-creatividad\/\">Llegeix m\u00e9s ><\/a>\n\t\t\t\t\t\t\t<\/p>\n\t\t\t\t\t\t\t\t\t\t\t<\/div>\n\t\t\t\t\t<div class=\"vcpg-post-footer\">\n\t\t\t\t\t\t\t\t\t\t\t\t\t<div class=\"vcpg-post-tags\">\n\t\t\t\t\t\t\t\t<i class=\"icofont-tags\"><\/i>\n\t\t\t\t\t\t\t\t\n\t\t\t\t\t\t\t\t\t\t<div class=\"first-2\"><a href=\"https:\/\/bemypartner.es\/tag\/agencia-de-comunicacion\/\">agencia de comunicaci\u00f3n<\/a><\/div>\n\n\t\t\t\t\t\t\t\t\n\t\t\t\t\t\t\t\t\t\t<div class=\"first-2\"><a href=\"https:\/\/bemypartner.es\/tag\/bemypartner\/\">bemypartner<\/a><\/div>\n\n\t\t\t\t\t\t\t\t\n\t\t\t\t\t\t\t\t\t\t<div class=\"first-2\"><a href=\"https:\/\/bemypartner.es\/tag\/bemypartnercom\/\">Bemypartnercom<\/a><\/div>\n\n\t\t\t\t\t\t\t\t\n\t\t\t\t\t\t\t\t\t\t<div class=\"first-2\"><a href=\"https:\/\/bemypartner.es\/tag\/comunicacion\/\">comunicaci\u00f3n<\/a><\/div>\n\n\t\t\t\t\t\t\t\t\n\t\t\t\t\t\t\t\t\t\t<div class=\"first-2\"><a href=\"https:\/\/bemypartner.es\/tag\/estrategia-de-comunicacion\/\">estrategia de comunicaci\u00f3n<\/a><\/div>\n\n\t\t\t\t\t\t\t\t\n\t\t\t\t\t\t\t\t\t\t<div class=\"first-2\"><a href=\"https:\/\/bemypartner.es\/tag\/ia\/\">IA<\/a><\/div>\n\n\t\t\t\t\t\t\t\t\n\t\t\t\t\t\t\t\t\t\t<div class=\"first-2\"><a href=\"https:\/\/bemypartner.es\/tag\/inteligencia-artificial\/\">inteligencia artificial<\/a><\/div>\n\n\t\t\t\t\t\t\t\t\n\t\t\t\t\t\t\t\t\n\n\t\t\t\t\t\t\t<\/div>\n\t\t\t\t\t\t\n                        <div class=\"vcpg-footer-right\">\n                            <div class=\"vcpg-comment-wrap\">\n                                <span><i class=\"icofont-comment\"><\/i> 0<\/span>\n                            <\/div>\n\n                            \n<div class=\"vcpg-social-share\">\n\t<a href=\"#\"><i class=\"icofont-share\"><\/i><\/a>\n\t<div class=\"vcpg-social-inner\">\n\t\t<ul>\n\t\t\t<li>\n\t\t\t\t<a target=\"_blank\" data-social=\"facebook\" title=\"Share on Facebook\" href=\"\/\/facebook.com\/sharer.php?u=https:\/\/bemypartner.es\/inteligencia-artificial-en-el-mundo-de-las-agencias-de-comunicacion-un-aliado-para-la-eficiencia-y-la-creatividad\/\">\n\t\t\t\t\t<i class=\"icofont-facebook\"><\/i>\n\t\t\t\t<\/a>\n\t\t\t<\/li>\n\t\t\t<li>\n\t\t\t\t<a target=\"_blank\" data-social=\"pinterest\" title=\"Share on Pinterest\" href=\"\/\/pinterest.com\/pin\/create\/button\/?url=https:\/\/bemypartner.es\/inteligencia-artificial-en-el-mundo-de-las-agencias-de-comunicacion-un-aliado-para-la-eficiencia-y-la-creatividad\/&amp;media=\">\n\t\t\t\t\t<i class=\"icofont-pinterest\"><\/i>\n\t\t\t\t<\/a>\n\t\t\t<\/li>\n\t\t\t<li>\n\t\t\t\t<a target=\"_blank\" data-social=\"twitter\" title=\"Share on Twitter\" href=\"\/\/twitter.com\/share?url=https:\/\/bemypartner.es\/inteligencia-artificial-en-el-mundo-de-las-agencias-de-comunicacion-un-aliado-para-la-eficiencia-y-la-creatividad\/&text=Inteligencia Artificial en el mundo de las Agencias de Comunicaci\u00f3n: Un Aliado para la Eficiencia y la Creatividad\">\n\t\t\t\t\t<i class=\"icofont-twitter\"><\/i>\n\t\t\t\t<\/a>\n\t\t\t<\/li>\n\t\t<\/ul>\n\t<\/div>\n<\/div>                        <\/div>\n\n\t\t\t\t\t<\/div>\n\n\t\t\t\t<\/div>\n\t\t\t<\/div>\n\t\t<\/div>\n\t<\/div>\n<\/div>\n\n<div id=\"row-single-5618\" class=\"vcpg-row-single cl-md-12 \">\n\t<div class=\"vcpg-post-item\">\n\t\t<div class=\"vcpg-row\">\n\t\t\t<div class=\"cl-md-4\">\n\t\t\t\t<div class=\"vcpg-post-photo\">\n\t\t\t\t\t\t\t\t\t\t\t<img decoding=\"async\" class=\"post-img lazyload\" data-src=\"https:\/\/bemypartner.es\/wp-content\/uploads\/2023\/05\/Banners-Entrada-Blog-BEMYPARTNER-3-830x420.png\" alt=\"MET Gala: El evento m\u00e1s importante de la moda y la clave para la visibilidad de las marca\" src=\"data:image\/svg+xml;base64,PHN2ZyB3aWR0aD0iMSIgaGVpZ2h0PSIxIiB4bWxucz0iaHR0cDovL3d3dy53My5vcmcvMjAwMC9zdmciPjwvc3ZnPg==\" style=\"--smush-placeholder-width: 830px; --smush-placeholder-aspect-ratio: 830\/420;\">\n\n\t\t\t\t\t\n\t\t\t\t<\/div>\n\t\t\t<\/div>\n\t\t\t<div class=\"cl-md-8\">\n\t\t\t\t<div class=\"vcpg-post-content\">\n\t\t\t\t\t<div class=\"vcpg-categories\"><a href=\"https:\/\/bemypartner.es\/category\/sin-categorizar\/\">Sin categorizar<\/a><\/div>\t\t\t\t\t<div class=\"vcpg-post-meta\">\n\t\t\t\t\t\t<div class=\"meta-left\">\n                            <div class=\"grid3-post-author\">\n\t\t\t\t\t\t\t\tby <strong>Bemypartner<\/strong>                            <\/div>\n                            <span class=\"publish-time\"><i class=\"icofont-clock-time\"><\/i> 03 de maig de 2023<\/span>\n                        <\/div>\n                        <div class=\"meta-right\">\n                            <span class=\"reading-time\"><i class=\"icofont-read-book-alt\"><\/i> 4 min to read<\/span>\n                        <\/div>\n\t\t\t\t\t<\/div>\n\n\t\t\t\t\t<div class=\"vcpg-post-desc\">\n\t\t\t\t\t\t\t\t\t\t\t\t\t<h3 class=\"vcpg-heading\"><a href=\"https:\/\/bemypartner.es\/ca\/met-gala-el-evento-mas-importante-de-la-moda-y-la-clave-para-la-visibilidad-de-las-marca\/\">MET Gala: El evento m\u00e1s importante de la moda y la clave para la visibilidad de las marca<\/a><\/h3>\n\t\t\t\t\t\t\n\t\t\t\t\t\t\t\t\t\t\t\t\t<p>\n\t\t\t\t\t\t\t\tEn la alfombra roja de la gala del MET, los dise\u00f1adores y marcas tienen la oportunidad de mostrar sus mejores creaciones. Seg\u00fan Vogue, esta es una de las alfombras rojas&hellip;<a href=\"https:\/\/bemypartner.es\/ca\/met-gala-el-evento-mas-importante-de-la-moda-y-la-clave-para-la-visibilidad-de-las-marca\/\">Llegeix m\u00e9s ><\/a>\n\t\t\t\t\t\t\t<\/p>\n\t\t\t\t\t\t\t\t\t\t\t<\/div>\n\t\t\t\t\t<div class=\"vcpg-post-footer\">\n\t\t\t\t\t\t\n                        <div class=\"vcpg-footer-right\">\n                            <div class=\"vcpg-comment-wrap\">\n                                <span><i class=\"icofont-comment\"><\/i> 0<\/span>\n                            <\/div>\n\n                            \n<div class=\"vcpg-social-share\">\n\t<a href=\"#\"><i class=\"icofont-share\"><\/i><\/a>\n\t<div class=\"vcpg-social-inner\">\n\t\t<ul>\n\t\t\t<li>\n\t\t\t\t<a target=\"_blank\" data-social=\"facebook\" title=\"Share on Facebook\" href=\"\/\/facebook.com\/sharer.php?u=https:\/\/bemypartner.es\/ca\/met-gala-el-evento-mas-importante-de-la-moda-y-la-clave-para-la-visibilidad-de-las-marca\/\">\n\t\t\t\t\t<i class=\"icofont-facebook\"><\/i>\n\t\t\t\t<\/a>\n\t\t\t<\/li>\n\t\t\t<li>\n\t\t\t\t<a target=\"_blank\" data-social=\"pinterest\" title=\"Share on Pinterest\" href=\"\/\/pinterest.com\/pin\/create\/button\/?url=https:\/\/bemypartner.es\/ca\/met-gala-el-evento-mas-importante-de-la-moda-y-la-clave-para-la-visibilidad-de-las-marca\/&amp;media=\">\n\t\t\t\t\t<i class=\"icofont-pinterest\"><\/i>\n\t\t\t\t<\/a>\n\t\t\t<\/li>\n\t\t\t<li>\n\t\t\t\t<a target=\"_blank\" data-social=\"twitter\" title=\"Share on Twitter\" href=\"\/\/twitter.com\/share?url=https:\/\/bemypartner.es\/ca\/met-gala-el-evento-mas-importante-de-la-moda-y-la-clave-para-la-visibilidad-de-las-marca\/&text=MET Gala: El evento m\u00e1s importante de la moda y la clave para la visibilidad de las marca\">\n\t\t\t\t\t<i class=\"icofont-twitter\"><\/i>\n\t\t\t\t<\/a>\n\t\t\t<\/li>\n\t\t<\/ul>\n\t<\/div>\n<\/div>                        <\/div>\n\n\t\t\t\t\t<\/div>\n\n\t\t\t\t<\/div>\n\t\t\t<\/div>\n\t\t<\/div>\n\t<\/div>\n<\/div>\n\n<div id=\"row-single-5601\" class=\"vcpg-row-single cl-md-12 \">\n\t<div class=\"vcpg-post-item\">\n\t\t<div class=\"vcpg-row\">\n\t\t\t<div class=\"cl-md-4\">\n\t\t\t\t<div class=\"vcpg-post-photo\">\n\t\t\t\t\t\t\t\t\t\t\t<img decoding=\"async\" class=\"post-img lazyload\" data-src=\"https:\/\/bemypartner.es\/wp-content\/uploads\/2023\/04\/Banners-tiktok-830x420.png\" alt=\"La publicidad en TikTok crece un 11% pese a la filtraci\u00f3n de datos\" src=\"data:image\/svg+xml;base64,PHN2ZyB3aWR0aD0iMSIgaGVpZ2h0PSIxIiB4bWxucz0iaHR0cDovL3d3dy53My5vcmcvMjAwMC9zdmciPjwvc3ZnPg==\" style=\"--smush-placeholder-width: 830px; --smush-placeholder-aspect-ratio: 830\/420;\">\n\n\t\t\t\t\t\n\t\t\t\t<\/div>\n\t\t\t<\/div>\n\t\t\t<div class=\"cl-md-8\">\n\t\t\t\t<div class=\"vcpg-post-content\">\n\t\t\t\t\t<div class=\"vcpg-categories\"><a href=\"https:\/\/bemypartner.es\/category\/sin-categorizar\/\">Sin categorizar<\/a><\/div>\t\t\t\t\t<div class=\"vcpg-post-meta\">\n\t\t\t\t\t\t<div class=\"meta-left\">\n                            <div class=\"grid3-post-author\">\n\t\t\t\t\t\t\t\tby <strong>Bemypartner<\/strong>                            <\/div>\n                            <span class=\"publish-time\"><i class=\"icofont-clock-time\"><\/i> 24 d'abril de 2023<\/span>\n                        <\/div>\n                        <div class=\"meta-right\">\n                            <span class=\"reading-time\"><i class=\"icofont-read-book-alt\"><\/i> 2 min to read<\/span>\n                        <\/div>\n\t\t\t\t\t<\/div>\n\n\t\t\t\t\t<div class=\"vcpg-post-desc\">\n\t\t\t\t\t\t\t\t\t\t\t\t\t<h3 class=\"vcpg-heading\"><a href=\"https:\/\/bemypartner.es\/ca\/tiktok-crece-en-publicidad\/\">La publicidad en TikTok crece un 11% pese a la filtraci\u00f3n de datos<\/a><\/h3>\n\t\t\t\t\t\t\n\t\t\t\t\t\t\t\t\t\t\t\t\t<p>\n\t\t\t\t\t\t\t\t\u00a1El mundo de la publicidad en TikTok est\u00e1 en constante evoluci\u00f3n! A pesar de la amenaza de una posible prohibici\u00f3n en Estados Unidos, las marcas contin\u00faan apostando por esta red&hellip;<a href=\"https:\/\/bemypartner.es\/ca\/tiktok-crece-en-publicidad\/\">Llegeix m\u00e9s ><\/a>\n\t\t\t\t\t\t\t<\/p>\n\t\t\t\t\t\t\t\t\t\t\t<\/div>\n\t\t\t\t\t<div class=\"vcpg-post-footer\">\n\t\t\t\t\t\t\n                        <div class=\"vcpg-footer-right\">\n                            <div class=\"vcpg-comment-wrap\">\n                                <span><i class=\"icofont-comment\"><\/i> 0<\/span>\n                            <\/div>\n\n                            \n<div class=\"vcpg-social-share\">\n\t<a href=\"#\"><i class=\"icofont-share\"><\/i><\/a>\n\t<div class=\"vcpg-social-inner\">\n\t\t<ul>\n\t\t\t<li>\n\t\t\t\t<a target=\"_blank\" data-social=\"facebook\" title=\"Share on Facebook\" href=\"\/\/facebook.com\/sharer.php?u=https:\/\/bemypartner.es\/ca\/tiktok-crece-en-publicidad\/\">\n\t\t\t\t\t<i class=\"icofont-facebook\"><\/i>\n\t\t\t\t<\/a>\n\t\t\t<\/li>\n\t\t\t<li>\n\t\t\t\t<a target=\"_blank\" data-social=\"pinterest\" title=\"Share on Pinterest\" href=\"\/\/pinterest.com\/pin\/create\/button\/?url=https:\/\/bemypartner.es\/ca\/tiktok-crece-en-publicidad\/&amp;media=\">\n\t\t\t\t\t<i class=\"icofont-pinterest\"><\/i>\n\t\t\t\t<\/a>\n\t\t\t<\/li>\n\t\t\t<li>\n\t\t\t\t<a target=\"_blank\" data-social=\"twitter\" title=\"Share on Twitter\" href=\"\/\/twitter.com\/share?url=https:\/\/bemypartner.es\/ca\/tiktok-crece-en-publicidad\/&text=La publicidad en TikTok crece un 11% pese a la filtraci\u00f3n de datos\">\n\t\t\t\t\t<i class=\"icofont-twitter\"><\/i>\n\t\t\t\t<\/a>\n\t\t\t<\/li>\n\t\t<\/ul>\n\t<\/div>\n<\/div>                        <\/div>\n\n\t\t\t\t\t<\/div>\n\n\t\t\t\t<\/div>\n\t\t\t<\/div>\n\t\t<\/div>\n\t<\/div>\n<\/div>\n\n<div id=\"row-single-5603\" class=\"vcpg-row-single cl-md-12 \">\n\t<div class=\"vcpg-post-item\">\n\t\t<div class=\"vcpg-row\">\n\t\t\t<div class=\"cl-md-4\">\n\t\t\t\t<div class=\"vcpg-post-photo\">\n\t\t\t\t\t\t\t\t\t\t\t<img decoding=\"async\" class=\"post-img lazyload\" data-src=\"https:\/\/bemypartner.es\/wp-content\/uploads\/2023\/04\/Banners-Entrada-Blog-BEMYPARTNER-15-830x420.jpg\" alt=\"Por qu\u00e9 necesitas un Content Host para tus redes sociales\" src=\"data:image\/svg+xml;base64,PHN2ZyB3aWR0aD0iMSIgaGVpZ2h0PSIxIiB4bWxucz0iaHR0cDovL3d3dy53My5vcmcvMjAwMC9zdmciPjwvc3ZnPg==\" style=\"--smush-placeholder-width: 830px; --smush-placeholder-aspect-ratio: 830\/420;\">\n\n\t\t\t\t\t\n\t\t\t\t<\/div>\n\t\t\t<\/div>\n\t\t\t<div class=\"cl-md-8\">\n\t\t\t\t<div class=\"vcpg-post-content\">\n\t\t\t\t\t<div class=\"vcpg-categories\"><a href=\"https:\/\/bemypartner.es\/category\/comunicacion\/comunciacion-digital\/\">Comunciaci\u00f3n Digital<\/a><a href=\"https:\/\/bemypartner.es\/category\/redes-sociales\/\">Redes Sociales<\/a><\/div>\t\t\t\t\t<div class=\"vcpg-post-meta\">\n\t\t\t\t\t\t<div class=\"meta-left\">\n                            <div class=\"grid3-post-author\">\n\t\t\t\t\t\t\t\tby <strong>Bemypartner<\/strong>                            <\/div>\n                            <span class=\"publish-time\"><i class=\"icofont-clock-time\"><\/i> 13 d'abril de 2023<\/span>\n                        <\/div>\n                        <div class=\"meta-right\">\n                            <span class=\"reading-time\"><i class=\"icofont-read-book-alt\"><\/i> 4 min to read<\/span>\n                        <\/div>\n\t\t\t\t\t<\/div>\n\n\t\t\t\t\t<div class=\"vcpg-post-desc\">\n\t\t\t\t\t\t\t\t\t\t\t\t\t<h3 class=\"vcpg-heading\"><a href=\"https:\/\/bemypartner.es\/ca\/por-que-necesitas-un-content-host-para-tus-redes-sociales\/\">Por qu\u00e9 necesitas un Content Host para tus redes sociales<\/a><\/h3>\n\t\t\t\t\t\t\n\t\t\t\t\t\t\t\t\t\t\t\t\t<p>\n\t\t\t\t\t\t\t\tEn la era digital, el contenido es uno de los principales recursos para atraer a tu p\u00fablico objetivo y construir una marca s\u00f3lida. Sin embargo, crear contenido relevante y valioso&hellip;<a href=\"https:\/\/bemypartner.es\/ca\/por-que-necesitas-un-content-host-para-tus-redes-sociales\/\">Llegeix m\u00e9s ><\/a>\n\t\t\t\t\t\t\t<\/p>\n\t\t\t\t\t\t\t\t\t\t\t<\/div>\n\t\t\t\t\t<div class=\"vcpg-post-footer\">\n\t\t\t\t\t\t\t\t\t\t\t\t\t<div class=\"vcpg-post-tags\">\n\t\t\t\t\t\t\t\t<i class=\"icofont-tags\"><\/i>\n\t\t\t\t\t\t\t\t\n\t\t\t\t\t\t\t\t\t\t<div class=\"first-2\"><a href=\"https:\/\/bemypartner.es\/tag\/comunicacion\/\">comunicaci\u00f3n<\/a><\/div>\n\n\t\t\t\t\t\t\t\t\n\t\t\t\t\t\t\t\t\t\t<div class=\"first-2\"><a href=\"https:\/\/bemypartner.es\/tag\/redes-sociales\/\">Redes Sociales<\/a><\/div>\n\n\t\t\t\t\t\t\t\t\n\t\t\t\t\t\t\t\t\n\n\t\t\t\t\t\t\t<\/div>\n\t\t\t\t\t\t\n                        <div class=\"vcpg-footer-right\">\n                            <div class=\"vcpg-comment-wrap\">\n                                <span><i class=\"icofont-comment\"><\/i> 0<\/span>\n                            <\/div>\n\n                            \n<div class=\"vcpg-social-share\">\n\t<a href=\"#\"><i class=\"icofont-share\"><\/i><\/a>\n\t<div class=\"vcpg-social-inner\">\n\t\t<ul>\n\t\t\t<li>\n\t\t\t\t<a target=\"_blank\" data-social=\"facebook\" title=\"Share on Facebook\" href=\"\/\/facebook.com\/sharer.php?u=https:\/\/bemypartner.es\/ca\/por-que-necesitas-un-content-host-para-tus-redes-sociales\/\">\n\t\t\t\t\t<i class=\"icofont-facebook\"><\/i>\n\t\t\t\t<\/a>\n\t\t\t<\/li>\n\t\t\t<li>\n\t\t\t\t<a target=\"_blank\" data-social=\"pinterest\" title=\"Share on Pinterest\" href=\"\/\/pinterest.com\/pin\/create\/button\/?url=https:\/\/bemypartner.es\/ca\/por-que-necesitas-un-content-host-para-tus-redes-sociales\/&amp;media=\">\n\t\t\t\t\t<i class=\"icofont-pinterest\"><\/i>\n\t\t\t\t<\/a>\n\t\t\t<\/li>\n\t\t\t<li>\n\t\t\t\t<a target=\"_blank\" data-social=\"twitter\" title=\"Share on Twitter\" href=\"\/\/twitter.com\/share?url=https:\/\/bemypartner.es\/ca\/por-que-necesitas-un-content-host-para-tus-redes-sociales\/&text=Por qu\u00e9 necesitas un Content Host para tus redes sociales\">\n\t\t\t\t\t<i class=\"icofont-twitter\"><\/i>\n\t\t\t\t<\/a>\n\t\t\t<\/li>\n\t\t<\/ul>\n\t<\/div>\n<\/div>                        <\/div>\n\n\t\t\t\t\t<\/div>\n\n\t\t\t\t<\/div>\n\t\t\t<\/div>\n\t\t<\/div>\n\t<\/div>\n<\/div>\n\n<div id=\"row-single-5488\" class=\"vcpg-row-single cl-md-12 \">\n\t<div class=\"vcpg-post-item\">\n\t\t<div class=\"vcpg-row\">\n\t\t\t<div class=\"cl-md-4\">\n\t\t\t\t<div class=\"vcpg-post-photo\">\n\t\t\t\t\t\t\t\t\t\t\t<img decoding=\"async\" class=\"post-img lazyload\" data-src=\"https:\/\/bemypartner.es\/wp-content\/uploads\/2023\/03\/Banners-Entrada-Blog-BEMYPARTNER-11-830x420.jpg\" alt=\"Los ganadores de la 2\u00aa edici\u00f3n de los Premios \u00cddolo\" src=\"data:image\/svg+xml;base64,PHN2ZyB3aWR0aD0iMSIgaGVpZ2h0PSIxIiB4bWxucz0iaHR0cDovL3d3dy53My5vcmcvMjAwMC9zdmciPjwvc3ZnPg==\" style=\"--smush-placeholder-width: 830px; --smush-placeholder-aspect-ratio: 830\/420;\">\n\n\t\t\t\t\t\n\t\t\t\t<\/div>\n\t\t\t<\/div>\n\t\t\t<div class=\"cl-md-8\">\n\t\t\t\t<div class=\"vcpg-post-content\">\n\t\t\t\t\t<div class=\"vcpg-categories\"><a href=\"https:\/\/bemypartner.es\/category\/comunicacion\/comunciacion-digital\/\">Comunciaci\u00f3n Digital<\/a><a href=\"https:\/\/bemypartner.es\/category\/influencers\/\">Influencers<\/a><a href=\"https:\/\/bemypartner.es\/category\/marketing-de-influencers\/\">Marketing de Influencers<\/a><a href=\"https:\/\/bemypartner.es\/category\/redes-sociales\/\">Redes Sociales<\/a><\/div>\t\t\t\t\t<div class=\"vcpg-post-meta\">\n\t\t\t\t\t\t<div class=\"meta-left\">\n                            <div class=\"grid3-post-author\">\n\t\t\t\t\t\t\t\tby <strong>Bemypartner<\/strong>                            <\/div>\n                            <span class=\"publish-time\"><i class=\"icofont-clock-time\"><\/i> 10 de mar\u00e7 de 2023<\/span>\n                        <\/div>\n                        <div class=\"meta-right\">\n                            <span class=\"reading-time\"><i class=\"icofont-read-book-alt\"><\/i> 5 min to read<\/span>\n                        <\/div>\n\t\t\t\t\t<\/div>\n\n\t\t\t\t\t<div class=\"vcpg-post-desc\">\n\t\t\t\t\t\t\t\t\t\t\t\t\t<h3 class=\"vcpg-heading\"><a href=\"https:\/\/bemypartner.es\/ca\/los-ganadores-de-la-2a-edicion-de-los-premios-idolo\/\">Los ganadores de la 2\u00aa edici\u00f3n de los Premios \u00cddolo<\/a><\/h3>\n\t\t\t\t\t\t\n\t\t\t\t\t\t\t\t\t\t\t\t\t<p>\n\t\t\t\t\t\t\t\tConoce todas las categor\u00edas, los nominados y los ganadores de los premios de los creadores de contenido organizados por Dulceida Los Premios \u00cddolo son el evento anual por excelencia en&hellip;<a href=\"https:\/\/bemypartner.es\/ca\/los-ganadores-de-la-2a-edicion-de-los-premios-idolo\/\">Llegeix m\u00e9s ><\/a>\n\t\t\t\t\t\t\t<\/p>\n\t\t\t\t\t\t\t\t\t\t\t<\/div>\n\t\t\t\t\t<div class=\"vcpg-post-footer\">\n\t\t\t\t\t\t\n                        <div class=\"vcpg-footer-right\">\n                            <div class=\"vcpg-comment-wrap\">\n                                <span><i class=\"icofont-comment\"><\/i> 0<\/span>\n                            <\/div>\n\n                            \n<div class=\"vcpg-social-share\">\n\t<a href=\"#\"><i class=\"icofont-share\"><\/i><\/a>\n\t<div class=\"vcpg-social-inner\">\n\t\t<ul>\n\t\t\t<li>\n\t\t\t\t<a target=\"_blank\" data-social=\"facebook\" title=\"Share on Facebook\" href=\"\/\/facebook.com\/sharer.php?u=https:\/\/bemypartner.es\/ca\/los-ganadores-de-la-2a-edicion-de-los-premios-idolo\/\">\n\t\t\t\t\t<i class=\"icofont-facebook\"><\/i>\n\t\t\t\t<\/a>\n\t\t\t<\/li>\n\t\t\t<li>\n\t\t\t\t<a target=\"_blank\" data-social=\"pinterest\" title=\"Share on Pinterest\" href=\"\/\/pinterest.com\/pin\/create\/button\/?url=https:\/\/bemypartner.es\/ca\/los-ganadores-de-la-2a-edicion-de-los-premios-idolo\/&amp;media=\">\n\t\t\t\t\t<i class=\"icofont-pinterest\"><\/i>\n\t\t\t\t<\/a>\n\t\t\t<\/li>\n\t\t\t<li>\n\t\t\t\t<a target=\"_blank\" data-social=\"twitter\" title=\"Share on Twitter\" href=\"\/\/twitter.com\/share?url=https:\/\/bemypartner.es\/ca\/los-ganadores-de-la-2a-edicion-de-los-premios-idolo\/&text=Los ganadores de la 2\u00aa edici\u00f3n de los Premios \u00cddolo\">\n\t\t\t\t\t<i class=\"icofont-twitter\"><\/i>\n\t\t\t\t<\/a>\n\t\t\t<\/li>\n\t\t<\/ul>\n\t<\/div>\n<\/div>                        <\/div>\n\n\t\t\t\t\t<\/div>\n\n\t\t\t\t<\/div>\n\t\t\t<\/div>\n\t\t<\/div>\n\t<\/div>\n<\/div>\n\n<div id=\"row-single-5479\" class=\"vcpg-row-single cl-md-12 \">\n\t<div class=\"vcpg-post-item\">\n\t\t<div class=\"vcpg-row\">\n\t\t\t<div class=\"cl-md-4\">\n\t\t\t\t<div class=\"vcpg-post-photo\">\n\t\t\t\t\t\t\t\t\t\t\t<img decoding=\"async\" class=\"post-img lazyload\" data-src=\"https:\/\/bemypartner.es\/wp-content\/uploads\/2023\/02\/Blog_Bemypartner_TikTok-830x420.jpg\" alt=\"\u00bfQuieres anunciarte en TikTok? \u00a1Esto es lo que debes saber!\" src=\"data:image\/svg+xml;base64,PHN2ZyB3aWR0aD0iMSIgaGVpZ2h0PSIxIiB4bWxucz0iaHR0cDovL3d3dy53My5vcmcvMjAwMC9zdmciPjwvc3ZnPg==\" style=\"--smush-placeholder-width: 830px; --smush-placeholder-aspect-ratio: 830\/420;\">\n\n\t\t\t\t\t\n\t\t\t\t<\/div>\n\t\t\t<\/div>\n\t\t\t<div class=\"cl-md-8\">\n\t\t\t\t<div class=\"vcpg-post-content\">\n\t\t\t\t\t<div class=\"vcpg-categories\"><a href=\"https:\/\/bemypartner.es\/category\/sin-categorizar\/\">Sin categorizar<\/a><\/div>\t\t\t\t\t<div class=\"vcpg-post-meta\">\n\t\t\t\t\t\t<div class=\"meta-left\">\n                            <div class=\"grid3-post-author\">\n\t\t\t\t\t\t\t\tby <strong>Bemypartner<\/strong>                            <\/div>\n                            <span class=\"publish-time\"><i class=\"icofont-clock-time\"><\/i> 24 de febrer de 2023<\/span>\n                        <\/div>\n                        <div class=\"meta-right\">\n                            <span class=\"reading-time\"><i class=\"icofont-read-book-alt\"><\/i> 4 min to read<\/span>\n                        <\/div>\n\t\t\t\t\t<\/div>\n\n\t\t\t\t\t<div class=\"vcpg-post-desc\">\n\t\t\t\t\t\t\t\t\t\t\t\t\t<h3 class=\"vcpg-heading\"><a href=\"https:\/\/bemypartner.es\/ca\/quieres-anunciarte-en-tiktok-esto-es-lo-que-debes-saber\/\">\u00bfQuieres anunciarte en TikTok? \u00a1Esto es lo que debes saber!<\/a><\/h3>\n\t\t\t\t\t\t\n\t\t\t\t\t\t\t\t\t\t\t\t\t<p>\n\t\t\t\t\t\t\t\tTikTok se ha convertido en una de las plataformas m\u00e1s populares para la creaci\u00f3n y el consumo de contenido de video en los \u00faltimos a\u00f1os. Con m\u00e1s de mil millones&hellip;<a href=\"https:\/\/bemypartner.es\/ca\/quieres-anunciarte-en-tiktok-esto-es-lo-que-debes-saber\/\">Llegeix m\u00e9s ><\/a>\n\t\t\t\t\t\t\t<\/p>\n\t\t\t\t\t\t\t\t\t\t\t<\/div>\n\t\t\t\t\t<div class=\"vcpg-post-footer\">\n\t\t\t\t\t\t\n                        <div class=\"vcpg-footer-right\">\n                            <div class=\"vcpg-comment-wrap\">\n                                <span><i class=\"icofont-comment\"><\/i> 0<\/span>\n                            <\/div>\n\n                            \n<div class=\"vcpg-social-share\">\n\t<a href=\"#\"><i class=\"icofont-share\"><\/i><\/a>\n\t<div class=\"vcpg-social-inner\">\n\t\t<ul>\n\t\t\t<li>\n\t\t\t\t<a target=\"_blank\" data-social=\"facebook\" title=\"Share on Facebook\" href=\"\/\/facebook.com\/sharer.php?u=https:\/\/bemypartner.es\/ca\/quieres-anunciarte-en-tiktok-esto-es-lo-que-debes-saber\/\">\n\t\t\t\t\t<i class=\"icofont-facebook\"><\/i>\n\t\t\t\t<\/a>\n\t\t\t<\/li>\n\t\t\t<li>\n\t\t\t\t<a target=\"_blank\" data-social=\"pinterest\" title=\"Share on Pinterest\" href=\"\/\/pinterest.com\/pin\/create\/button\/?url=https:\/\/bemypartner.es\/ca\/quieres-anunciarte-en-tiktok-esto-es-lo-que-debes-saber\/&amp;media=\">\n\t\t\t\t\t<i class=\"icofont-pinterest\"><\/i>\n\t\t\t\t<\/a>\n\t\t\t<\/li>\n\t\t\t<li>\n\t\t\t\t<a target=\"_blank\" data-social=\"twitter\" title=\"Share on Twitter\" href=\"\/\/twitter.com\/share?url=https:\/\/bemypartner.es\/ca\/quieres-anunciarte-en-tiktok-esto-es-lo-que-debes-saber\/&text=\u00bfQuieres anunciarte en TikTok? \u00a1Esto es lo que debes saber!\">\n\t\t\t\t\t<i class=\"icofont-twitter\"><\/i>\n\t\t\t\t<\/a>\n\t\t\t<\/li>\n\t\t<\/ul>\n\t<\/div>\n<\/div>                        <\/div>\n\n\t\t\t\t\t<\/div>\n\n\t\t\t\t<\/div>\n\t\t\t<\/div>\n\t\t<\/div>\n\t<\/div>\n<\/div>\n\n<div id=\"row-single-5422\" class=\"vcpg-row-single cl-md-12 \">\n\t<div class=\"vcpg-post-item\">\n\t\t<div class=\"vcpg-row\">\n\t\t\t<div class=\"cl-md-4\">\n\t\t\t\t<div class=\"vcpg-post-photo\">\n\t\t\t\t\t\t\t\t\t\t\t<img decoding=\"async\" class=\"post-img lazyload\" data-src=\"https:\/\/bemypartner.es\/wp-content\/uploads\/2023\/01\/Banner-830x420.jpg\" alt=\"Las redes sociales m\u00e1s populares del 2023\" src=\"data:image\/svg+xml;base64,PHN2ZyB3aWR0aD0iMSIgaGVpZ2h0PSIxIiB4bWxucz0iaHR0cDovL3d3dy53My5vcmcvMjAwMC9zdmciPjwvc3ZnPg==\" style=\"--smush-placeholder-width: 830px; --smush-placeholder-aspect-ratio: 830\/420;\">\n\n\t\t\t\t\t\n\t\t\t\t<\/div>\n\t\t\t<\/div>\n\t\t\t<div class=\"cl-md-8\">\n\t\t\t\t<div class=\"vcpg-post-content\">\n\t\t\t\t\t<div class=\"vcpg-categories\"><a href=\"https:\/\/bemypartner.es\/category\/comunicacion\/comunciacion-digital\/\">Comunciaci\u00f3n Digital<\/a><a href=\"https:\/\/bemypartner.es\/category\/redes-sociales\/\">Redes Sociales<\/a><\/div>\t\t\t\t\t<div class=\"vcpg-post-meta\">\n\t\t\t\t\t\t<div class=\"meta-left\">\n                            <div class=\"grid3-post-author\">\n\t\t\t\t\t\t\t\tby <strong>Bemypartner<\/strong>                            <\/div>\n                            <span class=\"publish-time\"><i class=\"icofont-clock-time\"><\/i> 19 de gener de 2023<\/span>\n                        <\/div>\n                        <div class=\"meta-right\">\n                            <span class=\"reading-time\"><i class=\"icofont-read-book-alt\"><\/i> 5 min to read<\/span>\n                        <\/div>\n\t\t\t\t\t<\/div>\n\n\t\t\t\t\t<div class=\"vcpg-post-desc\">\n\t\t\t\t\t\t\t\t\t\t\t\t\t<h3 class=\"vcpg-heading\"><a href=\"https:\/\/bemypartner.es\/ca\/las-redes-sociales-mas-populares-del-2023\/\">Las redes sociales m\u00e1s populares del 2023<\/a><\/h3>\n\t\t\t\t\t\t\n\t\t\t\t\t\t\t\t\t\t\t\t\t<p>\n\t\t\t\t\t\t\t\tEn el mundo digital actual, las redes sociales son una herramienta esencial para cualquier empresa. Estas plataformas ofrecen un canal directo para darse a conocer y conectar con los clientes,&hellip;<a href=\"https:\/\/bemypartner.es\/ca\/las-redes-sociales-mas-populares-del-2023\/\">Llegeix m\u00e9s ><\/a>\n\t\t\t\t\t\t\t<\/p>\n\t\t\t\t\t\t\t\t\t\t\t<\/div>\n\t\t\t\t\t<div class=\"vcpg-post-footer\">\n\t\t\t\t\t\t\t\t\t\t\t\t\t<div class=\"vcpg-post-tags\">\n\t\t\t\t\t\t\t\t<i class=\"icofont-tags\"><\/i>\n\t\t\t\t\t\t\t\t\n\t\t\t\t\t\t\t\t\t\t<div class=\"first-2\"><a href=\"https:\/\/bemypartner.es\/tag\/comunicacion\/\">comunicaci\u00f3n<\/a><\/div>\n\n\t\t\t\t\t\t\t\t\n\t\t\t\t\t\t\t\t\t\t<div class=\"first-2\"><a href=\"https:\/\/bemypartner.es\/tag\/comunicacion-digital\/\">comunicaci\u00f3n digital<\/a><\/div>\n\n\t\t\t\t\t\t\t\t\n\t\t\t\t\t\t\t\t\t\t<div class=\"first-2\"><a href=\"https:\/\/bemypartner.es\/tag\/marketing-digital\/\">marketing digital<\/a><\/div>\n\n\t\t\t\t\t\t\t\t\n\t\t\t\t\t\t\t\t\t\t<div class=\"first-2\"><a href=\"https:\/\/bemypartner.es\/tag\/redes-sociales\/\">Redes Sociales<\/a><\/div>\n\n\t\t\t\t\t\t\t\t\n\t\t\t\t\t\t\t\t\n\n\t\t\t\t\t\t\t<\/div>\n\t\t\t\t\t\t\n                        <div class=\"vcpg-footer-right\">\n                            <div class=\"vcpg-comment-wrap\">\n                                <span><i class=\"icofont-comment\"><\/i> 0<\/span>\n                            <\/div>\n\n                            \n<div class=\"vcpg-social-share\">\n\t<a href=\"#\"><i class=\"icofont-share\"><\/i><\/a>\n\t<div class=\"vcpg-social-inner\">\n\t\t<ul>\n\t\t\t<li>\n\t\t\t\t<a target=\"_blank\" data-social=\"facebook\" title=\"Share on Facebook\" href=\"\/\/facebook.com\/sharer.php?u=https:\/\/bemypartner.es\/ca\/las-redes-sociales-mas-populares-del-2023\/\">\n\t\t\t\t\t<i class=\"icofont-facebook\"><\/i>\n\t\t\t\t<\/a>\n\t\t\t<\/li>\n\t\t\t<li>\n\t\t\t\t<a target=\"_blank\" data-social=\"pinterest\" title=\"Share on Pinterest\" href=\"\/\/pinterest.com\/pin\/create\/button\/?url=https:\/\/bemypartner.es\/ca\/las-redes-sociales-mas-populares-del-2023\/&amp;media=\">\n\t\t\t\t\t<i class=\"icofont-pinterest\"><\/i>\n\t\t\t\t<\/a>\n\t\t\t<\/li>\n\t\t\t<li>\n\t\t\t\t<a target=\"_blank\" data-social=\"twitter\" title=\"Share on Twitter\" href=\"\/\/twitter.com\/share?url=https:\/\/bemypartner.es\/ca\/las-redes-sociales-mas-populares-del-2023\/&text=Las redes sociales m\u00e1s populares del 2023\">\n\t\t\t\t\t<i class=\"icofont-twitter\"><\/i>\n\t\t\t\t<\/a>\n\t\t\t<\/li>\n\t\t<\/ul>\n\t<\/div>\n<\/div>                        <\/div>\n\n\t\t\t\t\t<\/div>\n\n\t\t\t\t<\/div>\n\t\t\t<\/div>\n\t\t<\/div>\n\t<\/div>\n<\/div>\n\n<div id=\"row-single-5397\" class=\"vcpg-row-single cl-md-12 \">\n\t<div class=\"vcpg-post-item\">\n\t\t<div class=\"vcpg-row\">\n\t\t\t<div class=\"cl-md-4\">\n\t\t\t\t<div class=\"vcpg-post-photo\">\n\t\t\t\t\t\t\t\t\t\t\t<img decoding=\"async\" class=\"post-img lazyload\" data-src=\"https:\/\/bemypartner.es\/wp-content\/uploads\/2022\/10\/COMO-HACER-QUE-TU-CAMPANA-DE-INFLUENCERS-SEA-UN-EXITO-830x420.jpg\" alt=\"C\u00f3mo hacer que tu campa\u00f1a de influencers sea un \u00e9xito\" src=\"data:image\/svg+xml;base64,PHN2ZyB3aWR0aD0iMSIgaGVpZ2h0PSIxIiB4bWxucz0iaHR0cDovL3d3dy53My5vcmcvMjAwMC9zdmciPjwvc3ZnPg==\" style=\"--smush-placeholder-width: 830px; --smush-placeholder-aspect-ratio: 830\/420;\">\n\n\t\t\t\t\t\n\t\t\t\t<\/div>\n\t\t\t<\/div>\n\t\t\t<div class=\"cl-md-8\">\n\t\t\t\t<div class=\"vcpg-post-content\">\n\t\t\t\t\t<div class=\"vcpg-categories\"><a href=\"https:\/\/bemypartner.es\/category\/campanas\/\">Campa\u00f1as<\/a><a href=\"https:\/\/bemypartner.es\/category\/comunicacion\/comunciacion-digital\/\">Comunciaci\u00f3n Digital<\/a><a href=\"https:\/\/bemypartner.es\/category\/comunicacion\/\">Comunicaci\u00f3n<\/a><a href=\"https:\/\/bemypartner.es\/category\/influencers\/\">Influencers<\/a><a href=\"https:\/\/bemypartner.es\/category\/marketing-de-influencers\/\">Marketing de Influencers<\/a><a href=\"https:\/\/bemypartner.es\/category\/redes-sociales\/\">Redes Sociales<\/a><\/div>\t\t\t\t\t<div class=\"vcpg-post-meta\">\n\t\t\t\t\t\t<div class=\"meta-left\">\n                            <div class=\"grid3-post-author\">\n\t\t\t\t\t\t\t\tby <strong>Bemypartner<\/strong>                            <\/div>\n                            <span class=\"publish-time\"><i class=\"icofont-clock-time\"><\/i> 11 d'octubre de 2022<\/span>\n                        <\/div>\n                        <div class=\"meta-right\">\n                            <span class=\"reading-time\"><i class=\"icofont-read-book-alt\"><\/i> 4 min to read<\/span>\n                        <\/div>\n\t\t\t\t\t<\/div>\n\n\t\t\t\t\t<div class=\"vcpg-post-desc\">\n\t\t\t\t\t\t\t\t\t\t\t\t\t<h3 class=\"vcpg-heading\"><a href=\"https:\/\/bemypartner.es\/ca\/como-hacer-que-tu-campana-de-influencers-sea-un-exito\/\">C\u00f3mo hacer que tu campa\u00f1a de influencers sea un \u00e9xito<\/a><\/h3>\n\t\t\t\t\t\t\n\t\t\t\t\t\t\t\t\t\t\t\t\t<p>\n\t\t\t\t\t\t\t\tHay todo tipo de personas que se pueden considerar influenciadores, tus mejores clientes pueden ser algunos de los mejores influenciadores y defensores de sus productos\/servicios. Sin embargo, hay ocasiones en&hellip;<a href=\"https:\/\/bemypartner.es\/ca\/como-hacer-que-tu-campana-de-influencers-sea-un-exito\/\">Llegeix m\u00e9s ><\/a>\n\t\t\t\t\t\t\t<\/p>\n\t\t\t\t\t\t\t\t\t\t\t<\/div>\n\t\t\t\t\t<div class=\"vcpg-post-footer\">\n\t\t\t\t\t\t\t\t\t\t\t\t\t<div class=\"vcpg-post-tags\">\n\t\t\t\t\t\t\t\t<i class=\"icofont-tags\"><\/i>\n\t\t\t\t\t\t\t\t\n\t\t\t\t\t\t\t\t\t\t<div class=\"first-2\"><a href=\"https:\/\/bemypartner.es\/tag\/bemypartnercom\/\">Bemypartnercom<\/a><\/div>\n\n\t\t\t\t\t\t\t\t\n\t\t\t\t\t\t\t\t\t\t<div class=\"first-2\"><a href=\"https:\/\/bemypartner.es\/tag\/influencer-marketing\/\">influencer marketing<\/a><\/div>\n\n\t\t\t\t\t\t\t\t\n\t\t\t\t\t\t\t\t\t\t<div class=\"first-2\"><a href=\"https:\/\/bemypartner.es\/tag\/marketing-de-influencers\/\">marketing de influencers<\/a><\/div>\n\n\t\t\t\t\t\t\t\t\n\t\t\t\t\t\t\t\t\t\t<div class=\"first-2\"><a href=\"https:\/\/bemypartner.es\/tag\/redes-sociales\/\">Redes Sociales<\/a><\/div>\n\n\t\t\t\t\t\t\t\t\n\t\t\t\t\t\t\t\t\n\n\t\t\t\t\t\t\t<\/div>\n\t\t\t\t\t\t\n                        <div class=\"vcpg-footer-right\">\n                            <div class=\"vcpg-comment-wrap\">\n                                <span><i class=\"icofont-comment\"><\/i> 0<\/span>\n                            <\/div>\n\n                            \n<div class=\"vcpg-social-share\">\n\t<a href=\"#\"><i class=\"icofont-share\"><\/i><\/a>\n\t<div class=\"vcpg-social-inner\">\n\t\t<ul>\n\t\t\t<li>\n\t\t\t\t<a target=\"_blank\" data-social=\"facebook\" title=\"Share on Facebook\" href=\"\/\/facebook.com\/sharer.php?u=https:\/\/bemypartner.es\/ca\/como-hacer-que-tu-campana-de-influencers-sea-un-exito\/\">\n\t\t\t\t\t<i class=\"icofont-facebook\"><\/i>\n\t\t\t\t<\/a>\n\t\t\t<\/li>\n\t\t\t<li>\n\t\t\t\t<a target=\"_blank\" data-social=\"pinterest\" title=\"Share on Pinterest\" href=\"\/\/pinterest.com\/pin\/create\/button\/?url=https:\/\/bemypartner.es\/ca\/como-hacer-que-tu-campana-de-influencers-sea-un-exito\/&amp;media=\">\n\t\t\t\t\t<i class=\"icofont-pinterest\"><\/i>\n\t\t\t\t<\/a>\n\t\t\t<\/li>\n\t\t\t<li>\n\t\t\t\t<a target=\"_blank\" data-social=\"twitter\" title=\"Share on Twitter\" href=\"\/\/twitter.com\/share?url=https:\/\/bemypartner.es\/ca\/como-hacer-que-tu-campana-de-influencers-sea-un-exito\/&text=C\u00f3mo hacer que tu campa\u00f1a de influencers sea un \u00e9xito\">\n\t\t\t\t\t<i class=\"icofont-twitter\"><\/i>\n\t\t\t\t<\/a>\n\t\t\t<\/li>\n\t\t<\/ul>\n\t<\/div>\n<\/div>                        <\/div>\n\n\t\t\t\t\t<\/div>\n\n\t\t\t\t<\/div>\n\t\t\t<\/div>\n\t\t<\/div>\n\t<\/div>\n<\/div>\n\n<div id=\"row-single-5376\" class=\"vcpg-row-single cl-md-12 \">\n\t<div class=\"vcpg-post-item\">\n\t\t<div class=\"vcpg-row\">\n\t\t\t<div class=\"cl-md-4\">\n\t\t\t\t<div class=\"vcpg-post-photo\">\n\t\t\t\t\t\t\t\t\t\t\t<img decoding=\"async\" class=\"post-img lazyload\" data-src=\"https:\/\/bemypartner.es\/wp-content\/uploads\/2022\/09\/crea-contenido-viral-y-arrasa-en-las-redes-sociales-830x420.jpg\" alt=\"Crea contenido viral y \u00a1arrasa en las redes sociales!\" src=\"data:image\/svg+xml;base64,PHN2ZyB3aWR0aD0iMSIgaGVpZ2h0PSIxIiB4bWxucz0iaHR0cDovL3d3dy53My5vcmcvMjAwMC9zdmciPjwvc3ZnPg==\" style=\"--smush-placeholder-width: 830px; --smush-placeholder-aspect-ratio: 830\/420;\">\n\n\t\t\t\t\t\n\t\t\t\t<\/div>\n\t\t\t<\/div>\n\t\t\t<div class=\"cl-md-8\">\n\t\t\t\t<div class=\"vcpg-post-content\">\n\t\t\t\t\t<div class=\"vcpg-categories\"><a href=\"https:\/\/bemypartner.es\/category\/comunicacion\/comunciacion-digital\/\">Comunciaci\u00f3n Digital<\/a><\/div>\t\t\t\t\t<div class=\"vcpg-post-meta\">\n\t\t\t\t\t\t<div class=\"meta-left\">\n                            <div class=\"grid3-post-author\">\n\t\t\t\t\t\t\t\tby <strong>Bemypartner<\/strong>                            <\/div>\n                            <span class=\"publish-time\"><i class=\"icofont-clock-time\"><\/i> 13 de setembre de 2022<\/span>\n                        <\/div>\n                        <div class=\"meta-right\">\n                            <span class=\"reading-time\"><i class=\"icofont-read-book-alt\"><\/i> 4 min to read<\/span>\n                        <\/div>\n\t\t\t\t\t<\/div>\n\n\t\t\t\t\t<div class=\"vcpg-post-desc\">\n\t\t\t\t\t\t\t\t\t\t\t\t\t<h3 class=\"vcpg-heading\"><a href=\"https:\/\/bemypartner.es\/ca\/crea-contenido-viral-y-arrasa-en-las-redes-sociales\/\">Crea contenido viral y \u00a1arrasa en las redes sociales!<\/a><\/h3>\n\t\t\t\t\t\t\n\t\t\t\t\t\t\t\t\t\t\t\t\t<p>\n\t\t\t\t\t\t\t\tEn una realidad en la que cada d\u00eda se publican m\u00e1s de sesenta millones de publicaciones en Instagram, quinientos millones de tuits, etc., es muy dif\u00edcil destacar. Pero no imposible,&hellip;<a href=\"https:\/\/bemypartner.es\/ca\/crea-contenido-viral-y-arrasa-en-las-redes-sociales\/\">Llegeix m\u00e9s ><\/a>\n\t\t\t\t\t\t\t<\/p>\n\t\t\t\t\t\t\t\t\t\t\t<\/div>\n\t\t\t\t\t<div class=\"vcpg-post-footer\">\n\t\t\t\t\t\t\t\t\t\t\t\t\t<div class=\"vcpg-post-tags\">\n\t\t\t\t\t\t\t\t<i class=\"icofont-tags\"><\/i>\n\t\t\t\t\t\t\t\t\n\t\t\t\t\t\t\t\t\t\t<div class=\"first-2\"><a href=\"https:\/\/bemypartner.es\/tag\/agencia-de-comunicacion\/\">agencia de comunicaci\u00f3n<\/a><\/div>\n\n\t\t\t\t\t\t\t\t\n\t\t\t\t\t\t\t\t\t\t<div class=\"first-2\"><a href=\"https:\/\/bemypartner.es\/tag\/comunicacion\/\">comunicaci\u00f3n<\/a><\/div>\n\n\t\t\t\t\t\t\t\t\n\t\t\t\t\t\t\t\t\t\t<div class=\"first-2\"><a href=\"https:\/\/bemypartner.es\/tag\/contenido-online\/\">contenido online<\/a><\/div>\n\n\t\t\t\t\t\t\t\t\n\t\t\t\t\t\t\t\t\t\t<div class=\"first-2\"><a href=\"https:\/\/bemypartner.es\/tag\/redes-sociales\/\">Redes Sociales<\/a><\/div>\n\n\t\t\t\t\t\t\t\t\n\t\t\t\t\t\t\t\t\n\n\t\t\t\t\t\t\t<\/div>\n\t\t\t\t\t\t\n                        <div class=\"vcpg-footer-right\">\n                            <div class=\"vcpg-comment-wrap\">\n                                <span><i class=\"icofont-comment\"><\/i> 0<\/span>\n                            <\/div>\n\n                            \n<div class=\"vcpg-social-share\">\n\t<a href=\"#\"><i class=\"icofont-share\"><\/i><\/a>\n\t<div class=\"vcpg-social-inner\">\n\t\t<ul>\n\t\t\t<li>\n\t\t\t\t<a target=\"_blank\" data-social=\"facebook\" title=\"Share on Facebook\" href=\"\/\/facebook.com\/sharer.php?u=https:\/\/bemypartner.es\/ca\/crea-contenido-viral-y-arrasa-en-las-redes-sociales\/\">\n\t\t\t\t\t<i class=\"icofont-facebook\"><\/i>\n\t\t\t\t<\/a>\n\t\t\t<\/li>\n\t\t\t<li>\n\t\t\t\t<a target=\"_blank\" data-social=\"pinterest\" title=\"Share on Pinterest\" href=\"\/\/pinterest.com\/pin\/create\/button\/?url=https:\/\/bemypartner.es\/ca\/crea-contenido-viral-y-arrasa-en-las-redes-sociales\/&amp;media=\">\n\t\t\t\t\t<i class=\"icofont-pinterest\"><\/i>\n\t\t\t\t<\/a>\n\t\t\t<\/li>\n\t\t\t<li>\n\t\t\t\t<a target=\"_blank\" data-social=\"twitter\" title=\"Share on Twitter\" href=\"\/\/twitter.com\/share?url=https:\/\/bemypartner.es\/ca\/crea-contenido-viral-y-arrasa-en-las-redes-sociales\/&text=Crea contenido viral y \u00a1arrasa en las redes sociales!\">\n\t\t\t\t\t<i class=\"icofont-twitter\"><\/i>\n\t\t\t\t<\/a>\n\t\t\t<\/li>\n\t\t<\/ul>\n\t<\/div>\n<\/div>                        <\/div>\n\n\t\t\t\t\t<\/div>\n\n\t\t\t\t<\/div>\n\t\t\t<\/div>\n\t\t<\/div>\n\t<\/div>\n<\/div>\n\n<div id=\"row-single-5365\" class=\"vcpg-row-single cl-md-12 \">\n\t<div class=\"vcpg-post-item\">\n\t\t<div class=\"vcpg-row\">\n\t\t\t<div class=\"cl-md-4\">\n\t\t\t\t<div class=\"vcpg-post-photo\">\n\t\t\t\t\t\t\t\t\t\t\t<img decoding=\"async\" class=\"post-img lazyload\" data-src=\"https:\/\/bemypartner.es\/wp-content\/uploads\/2022\/09\/como-aparecer-en-primera-posicion-gracias-a-las-palabras-clave-830x420.jpg\" alt=\"Posicionar una web con palabras clave\" src=\"data:image\/svg+xml;base64,PHN2ZyB3aWR0aD0iMSIgaGVpZ2h0PSIxIiB4bWxucz0iaHR0cDovL3d3dy53My5vcmcvMjAwMC9zdmciPjwvc3ZnPg==\" style=\"--smush-placeholder-width: 830px; --smush-placeholder-aspect-ratio: 830\/420;\">\n\n\t\t\t\t\t\n\t\t\t\t<\/div>\n\t\t\t<\/div>\n\t\t\t<div class=\"cl-md-8\">\n\t\t\t\t<div class=\"vcpg-post-content\">\n\t\t\t\t\t<div class=\"vcpg-categories\"><a href=\"https:\/\/bemypartner.es\/category\/agencia-de-comunicacion\/\">Agencia de comunicaci\u00f3n<\/a><a href=\"https:\/\/bemypartner.es\/category\/comunicacion\/comunciacion-digital\/\">Comunciaci\u00f3n Digital<\/a><a href=\"https:\/\/bemypartner.es\/category\/comunicacion\/\">Comunicaci\u00f3n<\/a><a href=\"https:\/\/bemypartner.es\/category\/redes-sociales\/\">Redes Sociales<\/a><a href=\"https:\/\/bemypartner.es\/category\/sin-categorizar\/\">Sin categorizar<\/a><\/div>\t\t\t\t\t<div class=\"vcpg-post-meta\">\n\t\t\t\t\t\t<div class=\"meta-left\">\n                            <div class=\"grid3-post-author\">\n\t\t\t\t\t\t\t\tby <strong>Bemypartner<\/strong>                            <\/div>\n                            <span class=\"publish-time\"><i class=\"icofont-clock-time\"><\/i> 05 de setembre de 2022<\/span>\n                        <\/div>\n                        <div class=\"meta-right\">\n                            <span class=\"reading-time\"><i class=\"icofont-read-book-alt\"><\/i> 4 min to read<\/span>\n                        <\/div>\n\t\t\t\t\t<\/div>\n\n\t\t\t\t\t<div class=\"vcpg-post-desc\">\n\t\t\t\t\t\t\t\t\t\t\t\t\t<h3 class=\"vcpg-heading\"><a href=\"https:\/\/bemypartner.es\/ca\/posicionar-una-web-con-palabras-clave\/\">Posicionar una web con palabras clave<\/a><\/h3>\n\t\t\t\t\t\t\n\t\t\t\t\t\t\t\t\t\t\t\t\t<p>\n\t\t\t\t\t\t\t\tPosicionar una p\u00e1gina web es m\u00e1s f\u00e1cil de lo que te piensas gracias a las palabras clave. El uso de estas permite que el buscador las detecte y relacione las&hellip;<a href=\"https:\/\/bemypartner.es\/ca\/posicionar-una-web-con-palabras-clave\/\">Llegeix m\u00e9s ><\/a>\n\t\t\t\t\t\t\t<\/p>\n\t\t\t\t\t\t\t\t\t\t\t<\/div>\n\t\t\t\t\t<div class=\"vcpg-post-footer\">\n\t\t\t\t\t\t\t\t\t\t\t\t\t<div class=\"vcpg-post-tags\">\n\t\t\t\t\t\t\t\t<i class=\"icofont-tags\"><\/i>\n\t\t\t\t\t\t\t\t\n\t\t\t\t\t\t\t\t\t\t<div class=\"first-2\"><a href=\"https:\/\/bemypartner.es\/tag\/comunicacion\/\">comunicaci\u00f3n<\/a><\/div>\n\n\t\t\t\t\t\t\t\t\n\t\t\t\t\t\t\t\t\t\t<div class=\"first-2\"><a href=\"https:\/\/bemypartner.es\/tag\/comunicacion-digital\/\">comunicaci\u00f3n digital<\/a><\/div>\n\n\t\t\t\t\t\t\t\t\n\t\t\t\t\t\t\t\t\t\t<div class=\"first-2\"><a href=\"https:\/\/bemypartner.es\/tag\/estrategia-de-comunicacion\/\">estrategia de comunicaci\u00f3n<\/a><\/div>\n\n\t\t\t\t\t\t\t\t\n\t\t\t\t\t\t\t\t\t\t<div class=\"first-2\"><a href=\"https:\/\/bemypartner.es\/tag\/redes-sociales\/\">Redes Sociales<\/a><\/div>\n\n\t\t\t\t\t\t\t\t\n\t\t\t\t\t\t\t\t\n\n\t\t\t\t\t\t\t<\/div>\n\t\t\t\t\t\t\n                        <div class=\"vcpg-footer-right\">\n                            <div class=\"vcpg-comment-wrap\">\n                                <span><i class=\"icofont-comment\"><\/i> 0<\/span>\n                            <\/div>\n\n                            \n<div class=\"vcpg-social-share\">\n\t<a href=\"#\"><i class=\"icofont-share\"><\/i><\/a>\n\t<div class=\"vcpg-social-inner\">\n\t\t<ul>\n\t\t\t<li>\n\t\t\t\t<a target=\"_blank\" data-social=\"facebook\" title=\"Share on Facebook\" href=\"\/\/facebook.com\/sharer.php?u=https:\/\/bemypartner.es\/ca\/posicionar-una-web-con-palabras-clave\/\">\n\t\t\t\t\t<i class=\"icofont-facebook\"><\/i>\n\t\t\t\t<\/a>\n\t\t\t<\/li>\n\t\t\t<li>\n\t\t\t\t<a target=\"_blank\" data-social=\"pinterest\" title=\"Share on Pinterest\" href=\"\/\/pinterest.com\/pin\/create\/button\/?url=https:\/\/bemypartner.es\/ca\/posicionar-una-web-con-palabras-clave\/&amp;media=\">\n\t\t\t\t\t<i class=\"icofont-pinterest\"><\/i>\n\t\t\t\t<\/a>\n\t\t\t<\/li>\n\t\t\t<li>\n\t\t\t\t<a target=\"_blank\" data-social=\"twitter\" title=\"Share on Twitter\" href=\"\/\/twitter.com\/share?url=https:\/\/bemypartner.es\/ca\/posicionar-una-web-con-palabras-clave\/&text=Posicionar una web con palabras clave\">\n\t\t\t\t\t<i class=\"icofont-twitter\"><\/i>\n\t\t\t\t<\/a>\n\t\t\t<\/li>\n\t\t<\/ul>\n\t<\/div>\n<\/div>                        <\/div>\n\n\t\t\t\t\t<\/div>\n\n\t\t\t\t<\/div>\n\t\t\t<\/div>\n\t\t<\/div>\n\t<\/div>\n<\/div>\n\n<div id=\"row-single-5356\" class=\"vcpg-row-single cl-md-12 \">\n\t<div class=\"vcpg-post-item\">\n\t\t<div class=\"vcpg-row\">\n\t\t\t<div class=\"cl-md-4\">\n\t\t\t\t<div class=\"vcpg-post-photo\">\n\t\t\t\t\t\t\t\t\t\t\t<img decoding=\"async\" class=\"post-img lazyload\" data-src=\"https:\/\/bemypartner.es\/wp-content\/uploads\/2022\/08\/HERRAMIENTAS-COMMUNITY-MANAGER-830x420.jpg\" alt=\"Herramientas que todo Community Manager debe conocer\" src=\"data:image\/svg+xml;base64,PHN2ZyB3aWR0aD0iMSIgaGVpZ2h0PSIxIiB4bWxucz0iaHR0cDovL3d3dy53My5vcmcvMjAwMC9zdmciPjwvc3ZnPg==\" style=\"--smush-placeholder-width: 830px; --smush-placeholder-aspect-ratio: 830\/420;\">\n\n\t\t\t\t\t\n\t\t\t\t<\/div>\n\t\t\t<\/div>\n\t\t\t<div class=\"cl-md-8\">\n\t\t\t\t<div class=\"vcpg-post-content\">\n\t\t\t\t\t<div class=\"vcpg-categories\"><a href=\"https:\/\/bemypartner.es\/category\/comunicacion\/\">Comunicaci\u00f3n<\/a><a href=\"https:\/\/bemypartner.es\/category\/redes-sociales\/\">Redes Sociales<\/a><\/div>\t\t\t\t\t<div class=\"vcpg-post-meta\">\n\t\t\t\t\t\t<div class=\"meta-left\">\n                            <div class=\"grid3-post-author\">\n\t\t\t\t\t\t\t\tby <strong>Bemypartner<\/strong>                            <\/div>\n                            <span class=\"publish-time\"><i class=\"icofont-clock-time\"><\/i> 22 d'agost de 2022<\/span>\n                        <\/div>\n                        <div class=\"meta-right\">\n                            <span class=\"reading-time\"><i class=\"icofont-read-book-alt\"><\/i> 5 min to read<\/span>\n                        <\/div>\n\t\t\t\t\t<\/div>\n\n\t\t\t\t\t<div class=\"vcpg-post-desc\">\n\t\t\t\t\t\t\t\t\t\t\t\t\t<h3 class=\"vcpg-heading\"><a href=\"https:\/\/bemypartner.es\/ca\/herramientas-que-todo-community-manager-debe-conocer\/\">Herramientas que todo Community Manager debe conocer<\/a><\/h3>\n\t\t\t\t\t\t\n\t\t\t\t\t\t\t\t\t\t\t\t\t<p>\n\t\t\t\t\t\t\t\tMucha gente piensa que un Community Manager nunca descansa y que no libra ni un fin de semana. Pero, lo cierto es que no es as\u00ed. Al igual que los&hellip;<a href=\"https:\/\/bemypartner.es\/ca\/herramientas-que-todo-community-manager-debe-conocer\/\">Llegeix m\u00e9s ><\/a>\n\t\t\t\t\t\t\t<\/p>\n\t\t\t\t\t\t\t\t\t\t\t<\/div>\n\t\t\t\t\t<div class=\"vcpg-post-footer\">\n\t\t\t\t\t\t\n                        <div class=\"vcpg-footer-right\">\n                            <div class=\"vcpg-comment-wrap\">\n                                <span><i class=\"icofont-comment\"><\/i> 0<\/span>\n                            <\/div>\n\n                            \n<div class=\"vcpg-social-share\">\n\t<a href=\"#\"><i class=\"icofont-share\"><\/i><\/a>\n\t<div class=\"vcpg-social-inner\">\n\t\t<ul>\n\t\t\t<li>\n\t\t\t\t<a target=\"_blank\" data-social=\"facebook\" title=\"Share on Facebook\" href=\"\/\/facebook.com\/sharer.php?u=https:\/\/bemypartner.es\/ca\/herramientas-que-todo-community-manager-debe-conocer\/\">\n\t\t\t\t\t<i class=\"icofont-facebook\"><\/i>\n\t\t\t\t<\/a>\n\t\t\t<\/li>\n\t\t\t<li>\n\t\t\t\t<a target=\"_blank\" data-social=\"pinterest\" title=\"Share on Pinterest\" href=\"\/\/pinterest.com\/pin\/create\/button\/?url=https:\/\/bemypartner.es\/ca\/herramientas-que-todo-community-manager-debe-conocer\/&amp;media=\">\n\t\t\t\t\t<i class=\"icofont-pinterest\"><\/i>\n\t\t\t\t<\/a>\n\t\t\t<\/li>\n\t\t\t<li>\n\t\t\t\t<a target=\"_blank\" data-social=\"twitter\" title=\"Share on Twitter\" href=\"\/\/twitter.com\/share?url=https:\/\/bemypartner.es\/ca\/herramientas-que-todo-community-manager-debe-conocer\/&text=Herramientas que todo Community Manager debe conocer\">\n\t\t\t\t\t<i class=\"icofont-twitter\"><\/i>\n\t\t\t\t<\/a>\n\t\t\t<\/li>\n\t\t<\/ul>\n\t<\/div>\n<\/div>                        <\/div>\n\n\t\t\t\t\t<\/div>\n\n\t\t\t\t<\/div>\n\t\t\t<\/div>\n\t\t<\/div>\n\t<\/div>\n<\/div>\n\n<div id=\"row-single-5247\" class=\"vcpg-row-single cl-md-12 \">\n\t<div class=\"vcpg-post-item\">\n\t\t<div class=\"vcpg-row\">\n\t\t\t<div class=\"cl-md-4\">\n\t\t\t\t<div class=\"vcpg-post-photo\">\n\t\t\t\t\t\t\t\t\t\t\t<img decoding=\"async\" class=\"post-img lazyload\" data-src=\"https:\/\/bemypartner.es\/wp-content\/uploads\/2022\/06\/Marketing-Las-4-P--830x420.png\" alt=\"Cuatro claves del marketing mix que debes cumplir s\u00ed o s\u00ed\" src=\"data:image\/svg+xml;base64,PHN2ZyB3aWR0aD0iMSIgaGVpZ2h0PSIxIiB4bWxucz0iaHR0cDovL3d3dy53My5vcmcvMjAwMC9zdmciPjwvc3ZnPg==\" style=\"--smush-placeholder-width: 830px; --smush-placeholder-aspect-ratio: 830\/420;\">\n\n\t\t\t\t\t\n\t\t\t\t<\/div>\n\t\t\t<\/div>\n\t\t\t<div class=\"cl-md-8\">\n\t\t\t\t<div class=\"vcpg-post-content\">\n\t\t\t\t\t<div class=\"vcpg-categories\"><a href=\"https:\/\/bemypartner.es\/category\/comunicacion\/\">Comunicaci\u00f3n<\/a><a href=\"https:\/\/bemypartner.es\/category\/marca\/\">Marca<\/a><a href=\"https:\/\/bemypartner.es\/category\/redes-sociales\/\">Redes Sociales<\/a><\/div>\t\t\t\t\t<div class=\"vcpg-post-meta\">\n\t\t\t\t\t\t<div class=\"meta-left\">\n                            <div class=\"grid3-post-author\">\n\t\t\t\t\t\t\t\tby <strong>Bemypartner<\/strong>                            <\/div>\n                            <span class=\"publish-time\"><i class=\"icofont-clock-time\"><\/i> 04 de juliol de 2022<\/span>\n                        <\/div>\n                        <div class=\"meta-right\">\n                            <span class=\"reading-time\"><i class=\"icofont-read-book-alt\"><\/i> 4 min to read<\/span>\n                        <\/div>\n\t\t\t\t\t<\/div>\n\n\t\t\t\t\t<div class=\"vcpg-post-desc\">\n\t\t\t\t\t\t\t\t\t\t\t\t\t<h3 class=\"vcpg-heading\"><a href=\"https:\/\/bemypartner.es\/ca\/cuatro-claves-del-marketinc-mix-que-debes-cumplir-si-o-si\/\">Cuatro claves del marketing mix que debes cumplir s\u00ed o s\u00ed<\/a><\/h3>\n\t\t\t\t\t\t\n\t\t\t\t\t\t\t\t\t\t\t\t\t<p>\n\t\t\t\t\t\t\t\tSi quieres que tu negocio empiece a triunfar, establece las cuatro claves del marketing mix (Producto, Precio, Punto de venta y Promoci\u00f3n) y, \u00a1a despegar! Las 4P El marketing es&hellip;<a href=\"https:\/\/bemypartner.es\/ca\/cuatro-claves-del-marketinc-mix-que-debes-cumplir-si-o-si\/\">Llegeix m\u00e9s ><\/a>\n\t\t\t\t\t\t\t<\/p>\n\t\t\t\t\t\t\t\t\t\t\t<\/div>\n\t\t\t\t\t<div class=\"vcpg-post-footer\">\n\t\t\t\t\t\t\n                        <div class=\"vcpg-footer-right\">\n                            <div class=\"vcpg-comment-wrap\">\n                                <span><i class=\"icofont-comment\"><\/i> 0<\/span>\n                            <\/div>\n\n                            \n<div class=\"vcpg-social-share\">\n\t<a href=\"#\"><i class=\"icofont-share\"><\/i><\/a>\n\t<div class=\"vcpg-social-inner\">\n\t\t<ul>\n\t\t\t<li>\n\t\t\t\t<a target=\"_blank\" data-social=\"facebook\" title=\"Share on Facebook\" href=\"\/\/facebook.com\/sharer.php?u=https:\/\/bemypartner.es\/ca\/cuatro-claves-del-marketinc-mix-que-debes-cumplir-si-o-si\/\">\n\t\t\t\t\t<i class=\"icofont-facebook\"><\/i>\n\t\t\t\t<\/a>\n\t\t\t<\/li>\n\t\t\t<li>\n\t\t\t\t<a target=\"_blank\" data-social=\"pinterest\" title=\"Share on Pinterest\" href=\"\/\/pinterest.com\/pin\/create\/button\/?url=https:\/\/bemypartner.es\/ca\/cuatro-claves-del-marketinc-mix-que-debes-cumplir-si-o-si\/&amp;media=\">\n\t\t\t\t\t<i class=\"icofont-pinterest\"><\/i>\n\t\t\t\t<\/a>\n\t\t\t<\/li>\n\t\t\t<li>\n\t\t\t\t<a target=\"_blank\" data-social=\"twitter\" title=\"Share on Twitter\" href=\"\/\/twitter.com\/share?url=https:\/\/bemypartner.es\/ca\/cuatro-claves-del-marketinc-mix-que-debes-cumplir-si-o-si\/&text=Cuatro claves del marketing mix que debes cumplir s\u00ed o s\u00ed\">\n\t\t\t\t\t<i class=\"icofont-twitter\"><\/i>\n\t\t\t\t<\/a>\n\t\t\t<\/li>\n\t\t<\/ul>\n\t<\/div>\n<\/div>                        <\/div>\n\n\t\t\t\t\t<\/div>\n\n\t\t\t\t<\/div>\n\t\t\t<\/div>\n\t\t<\/div>\n\t<\/div>\n<\/div>\n\n<div id=\"row-single-5285\" class=\"vcpg-row-single cl-md-12 \">\n\t<div class=\"vcpg-post-item\">\n\t\t<div class=\"vcpg-row\">\n\t\t\t<div class=\"cl-md-4\">\n\t\t\t\t<div class=\"vcpg-post-photo\">\n\t\t\t\t\t\n\t\t\t\t\t\t<img decoding=\"async\" data-src=\"https:\/\/bemypartner.es\/wp-content\/plugins\/vc-post-grid\/assets\/front\/img\/image-not-found.png\" alt=\"\u00bfQu\u00e9 es el famoso Kit Digital y c\u00f3mo solicitarlo?\" src=\"data:image\/svg+xml;base64,PHN2ZyB3aWR0aD0iMSIgaGVpZ2h0PSIxIiB4bWxucz0iaHR0cDovL3d3dy53My5vcmcvMjAwMC9zdmciPjwvc3ZnPg==\" class=\"lazyload\" style=\"--smush-placeholder-width: 800px; --smush-placeholder-aspect-ratio: 800\/600;\">\n\n\t\t\t\t\t\n\t\t\t\t<\/div>\n\t\t\t<\/div>\n\t\t\t<div class=\"cl-md-8\">\n\t\t\t\t<div class=\"vcpg-post-content\">\n\t\t\t\t\t<div class=\"vcpg-categories\"><a href=\"https:\/\/bemypartner.es\/category\/sin-categorizar\/\">Sin categorizar<\/a><\/div>\t\t\t\t\t<div class=\"vcpg-post-meta\">\n\t\t\t\t\t\t<div class=\"meta-left\">\n                            <div class=\"grid3-post-author\">\n\t\t\t\t\t\t\t\tby <strong>Bemypartner<\/strong>                            <\/div>\n                            <span class=\"publish-time\"><i class=\"icofont-clock-time\"><\/i> 30 de juny de 2022<\/span>\n                        <\/div>\n                        <div class=\"meta-right\">\n                            <span class=\"reading-time\"><i class=\"icofont-read-book-alt\"><\/i> 3 min to read<\/span>\n                        <\/div>\n\t\t\t\t\t<\/div>\n\n\t\t\t\t\t<div class=\"vcpg-post-desc\">\n\t\t\t\t\t\t\t\t\t\t\t\t\t<h3 class=\"vcpg-heading\"><a href=\"https:\/\/bemypartner.es\/ca\/que-es-el-famoso-kit-digital-y-como-solicitarlo\/\">\u00bfQu\u00e9 es el famoso Kit Digital y c\u00f3mo solicitarlo?<\/a><\/h3>\n\t\t\t\t\t\t\n\t\t\t\t\t\t\t\t\t\t\t\t\t<p>\n\t\t\t\t\t\t\t\tDigitalizaci\u00f3n, sitio web, presencia en internet, gesti\u00f3n de redes, globalizaci\u00f3n\u2026 y muchos otros t\u00e9rminos de esta \u00edndole son los que en los \u00faltimos a\u00f1os han ido tomando el protagonismo en&hellip;<a href=\"https:\/\/bemypartner.es\/ca\/que-es-el-famoso-kit-digital-y-como-solicitarlo\/\">Llegeix m\u00e9s ><\/a>\n\t\t\t\t\t\t\t<\/p>\n\t\t\t\t\t\t\t\t\t\t\t<\/div>\n\t\t\t\t\t<div class=\"vcpg-post-footer\">\n\t\t\t\t\t\t\n                        <div class=\"vcpg-footer-right\">\n                            <div class=\"vcpg-comment-wrap\">\n                                <span><i class=\"icofont-comment\"><\/i> 0<\/span>\n                            <\/div>\n\n                            \n<div class=\"vcpg-social-share\">\n\t<a href=\"#\"><i class=\"icofont-share\"><\/i><\/a>\n\t<div class=\"vcpg-social-inner\">\n\t\t<ul>\n\t\t\t<li>\n\t\t\t\t<a target=\"_blank\" data-social=\"facebook\" title=\"Share on Facebook\" href=\"\/\/facebook.com\/sharer.php?u=https:\/\/bemypartner.es\/ca\/que-es-el-famoso-kit-digital-y-como-solicitarlo\/\">\n\t\t\t\t\t<i class=\"icofont-facebook\"><\/i>\n\t\t\t\t<\/a>\n\t\t\t<\/li>\n\t\t\t<li>\n\t\t\t\t<a target=\"_blank\" data-social=\"pinterest\" title=\"Share on Pinterest\" href=\"\/\/pinterest.com\/pin\/create\/button\/?url=https:\/\/bemypartner.es\/ca\/que-es-el-famoso-kit-digital-y-como-solicitarlo\/&amp;media=\">\n\t\t\t\t\t<i class=\"icofont-pinterest\"><\/i>\n\t\t\t\t<\/a>\n\t\t\t<\/li>\n\t\t\t<li>\n\t\t\t\t<a target=\"_blank\" data-social=\"twitter\" title=\"Share on Twitter\" href=\"\/\/twitter.com\/share?url=https:\/\/bemypartner.es\/ca\/que-es-el-famoso-kit-digital-y-como-solicitarlo\/&text=\u00bfQu\u00e9 es el famoso Kit Digital y c\u00f3mo solicitarlo?\">\n\t\t\t\t\t<i class=\"icofont-twitter\"><\/i>\n\t\t\t\t<\/a>\n\t\t\t<\/li>\n\t\t<\/ul>\n\t<\/div>\n<\/div>                        <\/div>\n\n\t\t\t\t\t<\/div>\n\n\t\t\t\t<\/div>\n\t\t\t<\/div>\n\t\t<\/div>\n\t<\/div>\n<\/div>\n\n<div id=\"row-single-5207\" class=\"vcpg-row-single cl-md-12 \">\n\t<div class=\"vcpg-post-item\">\n\t\t<div class=\"vcpg-row\">\n\t\t\t<div class=\"cl-md-4\">\n\t\t\t\t<div class=\"vcpg-post-photo\">\n\t\t\t\t\t\t\t\t\t\t\t<img decoding=\"async\" class=\"post-img lazyload\" data-src=\"https:\/\/bemypartner.es\/wp-content\/uploads\/2022\/06\/los-nfts-llegan-a-instagram-830x420.png\" alt=\"Los NFTs en Instagram, \u00bffuturo o burbuja especulativa?\" src=\"data:image\/svg+xml;base64,PHN2ZyB3aWR0aD0iMSIgaGVpZ2h0PSIxIiB4bWxucz0iaHR0cDovL3d3dy53My5vcmcvMjAwMC9zdmciPjwvc3ZnPg==\" style=\"--smush-placeholder-width: 830px; --smush-placeholder-aspect-ratio: 830\/420;\">\n\n\t\t\t\t\t\n\t\t\t\t<\/div>\n\t\t\t<\/div>\n\t\t\t<div class=\"cl-md-8\">\n\t\t\t\t<div class=\"vcpg-post-content\">\n\t\t\t\t\t<div class=\"vcpg-categories\"><a href=\"https:\/\/bemypartner.es\/category\/agencia-de-comunicacion\/\">Agencia de comunicaci\u00f3n<\/a><a href=\"https:\/\/bemypartner.es\/category\/comunicacion\/\">Comunicaci\u00f3n<\/a><a href=\"https:\/\/bemypartner.es\/category\/marca\/\">Marca<\/a><a href=\"https:\/\/bemypartner.es\/category\/redes-sociales\/\">Redes Sociales<\/a><\/div>\t\t\t\t\t<div class=\"vcpg-post-meta\">\n\t\t\t\t\t\t<div class=\"meta-left\">\n                            <div class=\"grid3-post-author\">\n\t\t\t\t\t\t\t\tby <strong>Bemypartner<\/strong>                            <\/div>\n                            <span class=\"publish-time\"><i class=\"icofont-clock-time\"><\/i> 23 de juny de 2022<\/span>\n                        <\/div>\n                        <div class=\"meta-right\">\n                            <span class=\"reading-time\"><i class=\"icofont-read-book-alt\"><\/i> 3 min to read<\/span>\n                        <\/div>\n\t\t\t\t\t<\/div>\n\n\t\t\t\t\t<div class=\"vcpg-post-desc\">\n\t\t\t\t\t\t\t\t\t\t\t\t\t<h3 class=\"vcpg-heading\"><a href=\"https:\/\/bemypartner.es\/ca\/los-nfts-en-instagram\/\">Los NFTs en Instagram, \u00bffuturo o burbuja especulativa?<\/a><\/h3>\n\t\t\t\t\t\t\n\t\t\t\t\t\t\t\t\t\t\t\t\t<p>\n\t\t\t\t\t\t\t\tCada d\u00eda las plataformas de redes sociales buscan innovar, para mantener los procesos de digitalizaci\u00f3n y la econom\u00eda en movimiento. Las actualizaciones en nuestras redes sociales favoritas, intentan mejorar constantemente&hellip;<a href=\"https:\/\/bemypartner.es\/ca\/los-nfts-en-instagram\/\">Llegeix m\u00e9s ><\/a>\n\t\t\t\t\t\t\t<\/p>\n\t\t\t\t\t\t\t\t\t\t\t<\/div>\n\t\t\t\t\t<div class=\"vcpg-post-footer\">\n\t\t\t\t\t\t\t\t\t\t\t\t\t<div class=\"vcpg-post-tags\">\n\t\t\t\t\t\t\t\t<i class=\"icofont-tags\"><\/i>\n\t\t\t\t\t\t\t\t\n\t\t\t\t\t\t\t\t\t\t<div class=\"first-2\"><a href=\"https:\/\/bemypartner.es\/tag\/medios-de-comunicacion\/\">medios de comunicaci\u00f3n<\/a><\/div>\n\n\t\t\t\t\t\t\t\t\n\t\t\t\t\t\t\t\t\t\t<div class=\"first-2\"><a href=\"https:\/\/bemypartner.es\/tag\/nft\/\">nft<\/a><\/div>\n\n\t\t\t\t\t\t\t\t\n\t\t\t\t\t\t\t\t\t\t<div class=\"first-2\"><a href=\"https:\/\/bemypartner.es\/tag\/redes-sociales\/\">Redes Sociales<\/a><\/div>\n\n\t\t\t\t\t\t\t\t\n\t\t\t\t\t\t\t\t\n\n\t\t\t\t\t\t\t<\/div>\n\t\t\t\t\t\t\n                        <div class=\"vcpg-footer-right\">\n                            <div class=\"vcpg-comment-wrap\">\n                                <span><i class=\"icofont-comment\"><\/i> 0<\/span>\n                            <\/div>\n\n                            \n<div class=\"vcpg-social-share\">\n\t<a href=\"#\"><i class=\"icofont-share\"><\/i><\/a>\n\t<div class=\"vcpg-social-inner\">\n\t\t<ul>\n\t\t\t<li>\n\t\t\t\t<a target=\"_blank\" data-social=\"facebook\" title=\"Share on Facebook\" href=\"\/\/facebook.com\/sharer.php?u=https:\/\/bemypartner.es\/ca\/los-nfts-en-instagram\/\">\n\t\t\t\t\t<i class=\"icofont-facebook\"><\/i>\n\t\t\t\t<\/a>\n\t\t\t<\/li>\n\t\t\t<li>\n\t\t\t\t<a target=\"_blank\" data-social=\"pinterest\" title=\"Share on Pinterest\" href=\"\/\/pinterest.com\/pin\/create\/button\/?url=https:\/\/bemypartner.es\/ca\/los-nfts-en-instagram\/&amp;media=\">\n\t\t\t\t\t<i class=\"icofont-pinterest\"><\/i>\n\t\t\t\t<\/a>\n\t\t\t<\/li>\n\t\t\t<li>\n\t\t\t\t<a target=\"_blank\" data-social=\"twitter\" title=\"Share on Twitter\" href=\"\/\/twitter.com\/share?url=https:\/\/bemypartner.es\/ca\/los-nfts-en-instagram\/&text=Los NFTs en Instagram, \u00bffuturo o burbuja especulativa?\">\n\t\t\t\t\t<i class=\"icofont-twitter\"><\/i>\n\t\t\t\t<\/a>\n\t\t\t<\/li>\n\t\t<\/ul>\n\t<\/div>\n<\/div>                        <\/div>\n\n\t\t\t\t\t<\/div>\n\n\t\t\t\t<\/div>\n\t\t\t<\/div>\n\t\t<\/div>\n\t<\/div>\n<\/div>\n\n<div id=\"row-single-5201\" class=\"vcpg-row-single cl-md-12 \">\n\t<div class=\"vcpg-post-item\">\n\t\t<div class=\"vcpg-row\">\n\t\t\t<div class=\"cl-md-4\">\n\t\t\t\t<div class=\"vcpg-post-photo\">\n\t\t\t\t\t\t\t\t\t\t\t<img decoding=\"async\" class=\"post-img lazyload\" data-src=\"https:\/\/bemypartner.es\/wp-content\/uploads\/2022\/05\/Convencion-de-verano-830x420.jpg\" alt=\"\u00bfSIN IDEAS PARA LA CONVENCI\u00d3N DE VERANO?\" src=\"data:image\/svg+xml;base64,PHN2ZyB3aWR0aD0iMSIgaGVpZ2h0PSIxIiB4bWxucz0iaHR0cDovL3d3dy53My5vcmcvMjAwMC9zdmciPjwvc3ZnPg==\" style=\"--smush-placeholder-width: 830px; --smush-placeholder-aspect-ratio: 830\/420;\">\n\n\t\t\t\t\t\n\t\t\t\t<\/div>\n\t\t\t<\/div>\n\t\t\t<div class=\"cl-md-8\">\n\t\t\t\t<div class=\"vcpg-post-content\">\n\t\t\t\t\t<div class=\"vcpg-categories\"><a href=\"https:\/\/bemypartner.es\/category\/agencia-de-comunicacion\/\">Agencia de comunicaci\u00f3n<\/a><a href=\"https:\/\/bemypartner.es\/category\/comunicacion\/\">Comunicaci\u00f3n<\/a><a href=\"https:\/\/bemypartner.es\/category\/eventos\/\">Eventos<\/a><a href=\"https:\/\/bemypartner.es\/category\/marca\/\">Marca<\/a><\/div>\t\t\t\t\t<div class=\"vcpg-post-meta\">\n\t\t\t\t\t\t<div class=\"meta-left\">\n                            <div class=\"grid3-post-author\">\n\t\t\t\t\t\t\t\tby <strong>Bemypartner<\/strong>                            <\/div>\n                            <span class=\"publish-time\"><i class=\"icofont-clock-time\"><\/i> 30 de maig de 2022<\/span>\n                        <\/div>\n                        <div class=\"meta-right\">\n                            <span class=\"reading-time\"><i class=\"icofont-read-book-alt\"><\/i> 3 min to read<\/span>\n                        <\/div>\n\t\t\t\t\t<\/div>\n\n\t\t\t\t\t<div class=\"vcpg-post-desc\">\n\t\t\t\t\t\t\t\t\t\t\t\t\t<h3 class=\"vcpg-heading\"><a href=\"https:\/\/bemypartner.es\/ca\/sin-ideas-para-la-convencion-de-verano\/\">\u00bfSIN IDEAS PARA LA CONVENCI\u00d3N DE VERANO?<\/a><\/h3>\n\t\t\t\t\t\t\n\t\t\t\t\t\t\t\t\t\t\t\t\t<p>\n\t\t\t\t\t\t\t\t\u00a1LA CONVENCI\u00d3N DE VERANO ES EL MOMENTO PARA MEJORAR TU EMPLOYER BRANDING! Tras m\u00e1s de dos a\u00f1os de espera, por fin, podemos volver a los eventos presenciales para vernos las&hellip;<a href=\"https:\/\/bemypartner.es\/ca\/sin-ideas-para-la-convencion-de-verano\/\">Llegeix m\u00e9s ><\/a>\n\t\t\t\t\t\t\t<\/p>\n\t\t\t\t\t\t\t\t\t\t\t<\/div>\n\t\t\t\t\t<div class=\"vcpg-post-footer\">\n\t\t\t\t\t\t\n                        <div class=\"vcpg-footer-right\">\n                            <div class=\"vcpg-comment-wrap\">\n                                <span><i class=\"icofont-comment\"><\/i> 0<\/span>\n                            <\/div>\n\n                            \n<div class=\"vcpg-social-share\">\n\t<a href=\"#\"><i class=\"icofont-share\"><\/i><\/a>\n\t<div class=\"vcpg-social-inner\">\n\t\t<ul>\n\t\t\t<li>\n\t\t\t\t<a target=\"_blank\" data-social=\"facebook\" title=\"Share on Facebook\" href=\"\/\/facebook.com\/sharer.php?u=https:\/\/bemypartner.es\/ca\/sin-ideas-para-la-convencion-de-verano\/\">\n\t\t\t\t\t<i class=\"icofont-facebook\"><\/i>\n\t\t\t\t<\/a>\n\t\t\t<\/li>\n\t\t\t<li>\n\t\t\t\t<a target=\"_blank\" data-social=\"pinterest\" title=\"Share on Pinterest\" href=\"\/\/pinterest.com\/pin\/create\/button\/?url=https:\/\/bemypartner.es\/ca\/sin-ideas-para-la-convencion-de-verano\/&amp;media=\">\n\t\t\t\t\t<i class=\"icofont-pinterest\"><\/i>\n\t\t\t\t<\/a>\n\t\t\t<\/li>\n\t\t\t<li>\n\t\t\t\t<a target=\"_blank\" data-social=\"twitter\" title=\"Share on Twitter\" href=\"\/\/twitter.com\/share?url=https:\/\/bemypartner.es\/ca\/sin-ideas-para-la-convencion-de-verano\/&text=\u00bfSIN IDEAS PARA LA CONVENCI\u00d3N DE VERANO?\">\n\t\t\t\t\t<i class=\"icofont-twitter\"><\/i>\n\t\t\t\t<\/a>\n\t\t\t<\/li>\n\t\t<\/ul>\n\t<\/div>\n<\/div>                        <\/div>\n\n\t\t\t\t\t<\/div>\n\n\t\t\t\t<\/div>\n\t\t\t<\/div>\n\t\t<\/div>\n\t<\/div>\n<\/div>\n\n<div id=\"row-single-5166\" class=\"vcpg-row-single cl-md-12 \">\n\t<div class=\"vcpg-post-item\">\n\t\t<div class=\"vcpg-row\">\n\t\t\t<div class=\"cl-md-4\">\n\t\t\t\t<div class=\"vcpg-post-photo\">\n\t\t\t\t\t\t\t\t\t\t\t<img decoding=\"async\" class=\"post-img lazyload\" data-src=\"https:\/\/bemypartner.es\/wp-content\/uploads\/2022\/03\/Blog-BMP-1-1-830x420.png\" alt=\"Este es el tipo de art\u00edculo que te ayudar\u00e1 a posicionarte como referente en tu sector\" src=\"data:image\/svg+xml;base64,PHN2ZyB3aWR0aD0iMSIgaGVpZ2h0PSIxIiB4bWxucz0iaHR0cDovL3d3dy53My5vcmcvMjAwMC9zdmciPjwvc3ZnPg==\" style=\"--smush-placeholder-width: 830px; --smush-placeholder-aspect-ratio: 830\/420;\">\n\n\t\t\t\t\t\n\t\t\t\t<\/div>\n\t\t\t<\/div>\n\t\t\t<div class=\"cl-md-8\">\n\t\t\t\t<div class=\"vcpg-post-content\">\n\t\t\t\t\t<div class=\"vcpg-categories\"><a href=\"https:\/\/bemypartner.es\/category\/comunicacion\/\">Comunicaci\u00f3n<\/a><a href=\"https:\/\/bemypartner.es\/category\/marca\/\">Marca<\/a><a href=\"https:\/\/bemypartner.es\/category\/relaciones-publicas\/\">Relaciones P\u00fablicas<\/a><\/div>\t\t\t\t\t<div class=\"vcpg-post-meta\">\n\t\t\t\t\t\t<div class=\"meta-left\">\n                            <div class=\"grid3-post-author\">\n\t\t\t\t\t\t\t\tby <strong>Bemypartner<\/strong>                            <\/div>\n                            <span class=\"publish-time\"><i class=\"icofont-clock-time\"><\/i> 25 de mar\u00e7 de 2022<\/span>\n                        <\/div>\n                        <div class=\"meta-right\">\n                            <span class=\"reading-time\"><i class=\"icofont-read-book-alt\"><\/i> 3 min to read<\/span>\n                        <\/div>\n\t\t\t\t\t<\/div>\n\n\t\t\t\t\t<div class=\"vcpg-post-desc\">\n\t\t\t\t\t\t\t\t\t\t\t\t\t<h3 class=\"vcpg-heading\"><a href=\"https:\/\/bemypartner.es\/ca\/referente-posicionamiento-visibilidad\/\">Este es el tipo de art\u00edculo que te ayudar\u00e1 a posicionarte como referente en tu sector<\/a><\/h3>\n\t\t\t\t\t\t\n\t\t\t\t\t\t\t\t\t\t\t\t\t<p>\n\t\t\t\t\t\t\t\tLas estrategias de comunicaci\u00f3n buscan, en la mayor\u00eda de ocasiones, generar visibilidad a trav\u00e9s del Brand awareness y cada vez m\u00e1s, tanto de los productos\/servicios as\u00ed como de sus portavoces.&hellip;<a href=\"https:\/\/bemypartner.es\/ca\/referente-posicionamiento-visibilidad\/\">Llegeix m\u00e9s ><\/a>\n\t\t\t\t\t\t\t<\/p>\n\t\t\t\t\t\t\t\t\t\t\t<\/div>\n\t\t\t\t\t<div class=\"vcpg-post-footer\">\n\t\t\t\t\t\t\n                        <div class=\"vcpg-footer-right\">\n                            <div class=\"vcpg-comment-wrap\">\n                                <span><i class=\"icofont-comment\"><\/i> 0<\/span>\n                            <\/div>\n\n                            \n<div class=\"vcpg-social-share\">\n\t<a href=\"#\"><i class=\"icofont-share\"><\/i><\/a>\n\t<div class=\"vcpg-social-inner\">\n\t\t<ul>\n\t\t\t<li>\n\t\t\t\t<a target=\"_blank\" data-social=\"facebook\" title=\"Share on Facebook\" href=\"\/\/facebook.com\/sharer.php?u=https:\/\/bemypartner.es\/ca\/referente-posicionamiento-visibilidad\/\">\n\t\t\t\t\t<i class=\"icofont-facebook\"><\/i>\n\t\t\t\t<\/a>\n\t\t\t<\/li>\n\t\t\t<li>\n\t\t\t\t<a target=\"_blank\" data-social=\"pinterest\" title=\"Share on Pinterest\" href=\"\/\/pinterest.com\/pin\/create\/button\/?url=https:\/\/bemypartner.es\/ca\/referente-posicionamiento-visibilidad\/&amp;media=\">\n\t\t\t\t\t<i class=\"icofont-pinterest\"><\/i>\n\t\t\t\t<\/a>\n\t\t\t<\/li>\n\t\t\t<li>\n\t\t\t\t<a target=\"_blank\" data-social=\"twitter\" title=\"Share on Twitter\" href=\"\/\/twitter.com\/share?url=https:\/\/bemypartner.es\/ca\/referente-posicionamiento-visibilidad\/&text=Este es el tipo de art\u00edculo que te ayudar\u00e1 a posicionarte como referente en tu sector\">\n\t\t\t\t\t<i class=\"icofont-twitter\"><\/i>\n\t\t\t\t<\/a>\n\t\t\t<\/li>\n\t\t<\/ul>\n\t<\/div>\n<\/div>                        <\/div>\n\n\t\t\t\t\t<\/div>\n\n\t\t\t\t<\/div>\n\t\t\t<\/div>\n\t\t<\/div>\n\t<\/div>\n<\/div>\n\n<div id=\"row-single-5156\" class=\"vcpg-row-single cl-md-12 \">\n\t<div class=\"vcpg-post-item\">\n\t\t<div class=\"vcpg-row\">\n\t\t\t<div class=\"cl-md-4\">\n\t\t\t\t<div class=\"vcpg-post-photo\">\n\t\t\t\t\t\t\t\t\t\t\t<img decoding=\"async\" class=\"post-img lazyload\" data-src=\"https:\/\/bemypartner.es\/wp-content\/uploads\/2022\/03\/Blog-BMP-3-830x420.png\" alt=\"La importancia de seleccionar correctamente a los portavoces de tu empresa\" src=\"data:image\/svg+xml;base64,PHN2ZyB3aWR0aD0iMSIgaGVpZ2h0PSIxIiB4bWxucz0iaHR0cDovL3d3dy53My5vcmcvMjAwMC9zdmciPjwvc3ZnPg==\" style=\"--smush-placeholder-width: 830px; --smush-placeholder-aspect-ratio: 830\/420;\">\n\n\t\t\t\t\t\n\t\t\t\t<\/div>\n\t\t\t<\/div>\n\t\t\t<div class=\"cl-md-8\">\n\t\t\t\t<div class=\"vcpg-post-content\">\n\t\t\t\t\t<div class=\"vcpg-categories\"><a href=\"https:\/\/bemypartner.es\/category\/comunicacion\/\">Comunicaci\u00f3n<\/a><\/div>\t\t\t\t\t<div class=\"vcpg-post-meta\">\n\t\t\t\t\t\t<div class=\"meta-left\">\n                            <div class=\"grid3-post-author\">\n\t\t\t\t\t\t\t\tby <strong>Bemypartner<\/strong>                            <\/div>\n                            <span class=\"publish-time\"><i class=\"icofont-clock-time\"><\/i> 16 de mar\u00e7 de 2022<\/span>\n                        <\/div>\n                        <div class=\"meta-right\">\n                            <span class=\"reading-time\"><i class=\"icofont-read-book-alt\"><\/i> 3 min to read<\/span>\n                        <\/div>\n\t\t\t\t\t<\/div>\n\n\t\t\t\t\t<div class=\"vcpg-post-desc\">\n\t\t\t\t\t\t\t\t\t\t\t\t\t<h3 class=\"vcpg-heading\"><a href=\"https:\/\/bemypartner.es\/ca\/la-importancia-de-seleccionar-correctamente-a-los-portavoces-de-tu-empresa\/\">La importancia de seleccionar correctamente a los portavoces de tu empresa<\/a><\/h3>\n\t\t\t\t\t\t\n\t\t\t\t\t\t\t\t\t\t\t\t\t<p>\n\t\t\t\t\t\t\t\tLo que no digas de tu empresa, otro lo dir\u00e1 por ti. Aunque parezca una frase muy escuchada, lo cierto es que no hace m\u00e1s que cobrar relevancia en el&hellip;<a href=\"https:\/\/bemypartner.es\/ca\/la-importancia-de-seleccionar-correctamente-a-los-portavoces-de-tu-empresa\/\">Llegeix m\u00e9s ><\/a>\n\t\t\t\t\t\t\t<\/p>\n\t\t\t\t\t\t\t\t\t\t\t<\/div>\n\t\t\t\t\t<div class=\"vcpg-post-footer\">\n\t\t\t\t\t\t\n                        <div class=\"vcpg-footer-right\">\n                            <div class=\"vcpg-comment-wrap\">\n                                <span><i class=\"icofont-comment\"><\/i> 0<\/span>\n                            <\/div>\n\n                            \n<div class=\"vcpg-social-share\">\n\t<a href=\"#\"><i class=\"icofont-share\"><\/i><\/a>\n\t<div class=\"vcpg-social-inner\">\n\t\t<ul>\n\t\t\t<li>\n\t\t\t\t<a target=\"_blank\" data-social=\"facebook\" title=\"Share on Facebook\" href=\"\/\/facebook.com\/sharer.php?u=https:\/\/bemypartner.es\/ca\/la-importancia-de-seleccionar-correctamente-a-los-portavoces-de-tu-empresa\/\">\n\t\t\t\t\t<i class=\"icofont-facebook\"><\/i>\n\t\t\t\t<\/a>\n\t\t\t<\/li>\n\t\t\t<li>\n\t\t\t\t<a target=\"_blank\" data-social=\"pinterest\" title=\"Share on Pinterest\" href=\"\/\/pinterest.com\/pin\/create\/button\/?url=https:\/\/bemypartner.es\/ca\/la-importancia-de-seleccionar-correctamente-a-los-portavoces-de-tu-empresa\/&amp;media=\">\n\t\t\t\t\t<i class=\"icofont-pinterest\"><\/i>\n\t\t\t\t<\/a>\n\t\t\t<\/li>\n\t\t\t<li>\n\t\t\t\t<a target=\"_blank\" data-social=\"twitter\" title=\"Share on Twitter\" href=\"\/\/twitter.com\/share?url=https:\/\/bemypartner.es\/ca\/la-importancia-de-seleccionar-correctamente-a-los-portavoces-de-tu-empresa\/&text=La importancia de seleccionar correctamente a los portavoces de tu empresa\">\n\t\t\t\t\t<i class=\"icofont-twitter\"><\/i>\n\t\t\t\t<\/a>\n\t\t\t<\/li>\n\t\t<\/ul>\n\t<\/div>\n<\/div>                        <\/div>\n\n\t\t\t\t\t<\/div>\n\n\t\t\t\t<\/div>\n\t\t\t<\/div>\n\t\t<\/div>\n\t<\/div>\n<\/div>\n\n<div id=\"row-single-5151\" class=\"vcpg-row-single cl-md-12 \">\n\t<div class=\"vcpg-post-item\">\n\t\t<div class=\"vcpg-row\">\n\t\t\t<div class=\"cl-md-4\">\n\t\t\t\t<div class=\"vcpg-post-photo\">\n\t\t\t\t\t\t\t\t\t\t\t<img decoding=\"async\" class=\"post-img lazyload\" data-src=\"https:\/\/bemypartner.es\/wp-content\/uploads\/2022\/03\/Blog-BMP-2-830x420.png\" alt=\"La importancia de un plan de comunicaci\u00f3n de crisis\" src=\"data:image\/svg+xml;base64,PHN2ZyB3aWR0aD0iMSIgaGVpZ2h0PSIxIiB4bWxucz0iaHR0cDovL3d3dy53My5vcmcvMjAwMC9zdmciPjwvc3ZnPg==\" style=\"--smush-placeholder-width: 830px; --smush-placeholder-aspect-ratio: 830\/420;\">\n\n\t\t\t\t\t\n\t\t\t\t<\/div>\n\t\t\t<\/div>\n\t\t\t<div class=\"cl-md-8\">\n\t\t\t\t<div class=\"vcpg-post-content\">\n\t\t\t\t\t<div class=\"vcpg-categories\"><a href=\"https:\/\/bemypartner.es\/category\/agencia-de-comunicacion\/\">Agencia de comunicaci\u00f3n<\/a><a href=\"https:\/\/bemypartner.es\/category\/comunicacion\/\">Comunicaci\u00f3n<\/a><\/div>\t\t\t\t\t<div class=\"vcpg-post-meta\">\n\t\t\t\t\t\t<div class=\"meta-left\">\n                            <div class=\"grid3-post-author\">\n\t\t\t\t\t\t\t\tby <strong>Bemypartner<\/strong>                            <\/div>\n                            <span class=\"publish-time\"><i class=\"icofont-clock-time\"><\/i> 11 de mar\u00e7 de 2022<\/span>\n                        <\/div>\n                        <div class=\"meta-right\">\n                            <span class=\"reading-time\"><i class=\"icofont-read-book-alt\"><\/i> 3 min to read<\/span>\n                        <\/div>\n\t\t\t\t\t<\/div>\n\n\t\t\t\t\t<div class=\"vcpg-post-desc\">\n\t\t\t\t\t\t\t\t\t\t\t\t\t<h3 class=\"vcpg-heading\"><a href=\"https:\/\/bemypartner.es\/ca\/importancia-plan-comunicacion-crisis\/\">La importancia de un plan de comunicaci\u00f3n de crisis<\/a><\/h3>\n\t\t\t\t\t\t\n\t\t\t\t\t\t\t\t\t\t\t\t\t<p>\n\t\t\t\t\t\t\t\tLas crisis reputacionales no son algo para lo que estemos preparados en cualquier momento. La reputaci\u00f3n empresarial y la credibilidad son intangibles que se consiguen tras a\u00f1os de trabajo y&hellip;<a href=\"https:\/\/bemypartner.es\/ca\/importancia-plan-comunicacion-crisis\/\">Llegeix m\u00e9s ><\/a>\n\t\t\t\t\t\t\t<\/p>\n\t\t\t\t\t\t\t\t\t\t\t<\/div>\n\t\t\t\t\t<div class=\"vcpg-post-footer\">\n\t\t\t\t\t\t\t\t\t\t\t\t\t<div class=\"vcpg-post-tags\">\n\t\t\t\t\t\t\t\t<i class=\"icofont-tags\"><\/i>\n\t\t\t\t\t\t\t\t\n\t\t\t\t\t\t\t\t\t\t<div class=\"first-2\"><a href=\"https:\/\/bemypartner.es\/tag\/crisis\/\">crisis<\/a><\/div>\n\n\t\t\t\t\t\t\t\t\n\t\t\t\t\t\t\t\t\t\t<div class=\"first-2\"><a href=\"https:\/\/bemypartner.es\/tag\/crisis-de-comunicacion\/\">crisis de comunicaci\u00f3n<\/a><\/div>\n\n\t\t\t\t\t\t\t\t\n\t\t\t\t\t\t\t\t\t\t<div class=\"first-2\"><a href=\"https:\/\/bemypartner.es\/tag\/gestion-de-crisis\/\">gesti\u00f3n de crisis<\/a><\/div>\n\n\t\t\t\t\t\t\t\t\n\t\t\t\t\t\t\t\t\t\t<div class=\"first-2\"><a href=\"https:\/\/bemypartner.es\/tag\/stakeholders\/\">stakeholders<\/a><\/div>\n\n\t\t\t\t\t\t\t\t\n\t\t\t\t\t\t\t\t\n\n\t\t\t\t\t\t\t<\/div>\n\t\t\t\t\t\t\n                        <div class=\"vcpg-footer-right\">\n                            <div class=\"vcpg-comment-wrap\">\n                                <span><i class=\"icofont-comment\"><\/i> 0<\/span>\n                            <\/div>\n\n                            \n<div class=\"vcpg-social-share\">\n\t<a href=\"#\"><i class=\"icofont-share\"><\/i><\/a>\n\t<div class=\"vcpg-social-inner\">\n\t\t<ul>\n\t\t\t<li>\n\t\t\t\t<a target=\"_blank\" data-social=\"facebook\" title=\"Share on Facebook\" href=\"\/\/facebook.com\/sharer.php?u=https:\/\/bemypartner.es\/ca\/importancia-plan-comunicacion-crisis\/\">\n\t\t\t\t\t<i class=\"icofont-facebook\"><\/i>\n\t\t\t\t<\/a>\n\t\t\t<\/li>\n\t\t\t<li>\n\t\t\t\t<a target=\"_blank\" data-social=\"pinterest\" title=\"Share on Pinterest\" href=\"\/\/pinterest.com\/pin\/create\/button\/?url=https:\/\/bemypartner.es\/ca\/importancia-plan-comunicacion-crisis\/&amp;media=\">\n\t\t\t\t\t<i class=\"icofont-pinterest\"><\/i>\n\t\t\t\t<\/a>\n\t\t\t<\/li>\n\t\t\t<li>\n\t\t\t\t<a target=\"_blank\" data-social=\"twitter\" title=\"Share on Twitter\" href=\"\/\/twitter.com\/share?url=https:\/\/bemypartner.es\/ca\/importancia-plan-comunicacion-crisis\/&text=La importancia de un plan de comunicaci\u00f3n de crisis\">\n\t\t\t\t\t<i class=\"icofont-twitter\"><\/i>\n\t\t\t\t<\/a>\n\t\t\t<\/li>\n\t\t<\/ul>\n\t<\/div>\n<\/div>                        <\/div>\n\n\t\t\t\t\t<\/div>\n\n\t\t\t\t<\/div>\n\t\t\t<\/div>\n\t\t<\/div>\n\t<\/div>\n<\/div>\n\n<div id=\"row-single-5095\" class=\"vcpg-row-single cl-md-12 \">\n\t<div class=\"vcpg-post-item\">\n\t\t<div class=\"vcpg-row\">\n\t\t\t<div class=\"cl-md-4\">\n\t\t\t\t<div class=\"vcpg-post-photo\">\n\t\t\t\t\t\t\t\t\t\t\t<img decoding=\"async\" class=\"post-img lazyload\" data-src=\"https:\/\/bemypartner.es\/wp-content\/uploads\/2022\/03\/Blog-BMP-1-830x420.png\" alt=\"MUJERES EN PUESTOS DE LIDERAZGO \u2013 8M\" src=\"data:image\/svg+xml;base64,PHN2ZyB3aWR0aD0iMSIgaGVpZ2h0PSIxIiB4bWxucz0iaHR0cDovL3d3dy53My5vcmcvMjAwMC9zdmciPjwvc3ZnPg==\" style=\"--smush-placeholder-width: 830px; --smush-placeholder-aspect-ratio: 830\/420;\">\n\n\t\t\t\t\t\n\t\t\t\t<\/div>\n\t\t\t<\/div>\n\t\t\t<div class=\"cl-md-8\">\n\t\t\t\t<div class=\"vcpg-post-content\">\n\t\t\t\t\t<div class=\"vcpg-categories\"><a href=\"https:\/\/bemypartner.es\/category\/sin-categorizar\/\">Sin categorizar<\/a><\/div>\t\t\t\t\t<div class=\"vcpg-post-meta\">\n\t\t\t\t\t\t<div class=\"meta-left\">\n                            <div class=\"grid3-post-author\">\n\t\t\t\t\t\t\t\tby <strong>Bemypartner<\/strong>                            <\/div>\n                            <span class=\"publish-time\"><i class=\"icofont-clock-time\"><\/i> 08 de mar\u00e7 de 2022<\/span>\n                        <\/div>\n                        <div class=\"meta-right\">\n                            <span class=\"reading-time\"><i class=\"icofont-read-book-alt\"><\/i> 8 min to read<\/span>\n                        <\/div>\n\t\t\t\t\t<\/div>\n\n\t\t\t\t\t<div class=\"vcpg-post-desc\">\n\t\t\t\t\t\t\t\t\t\t\t\t\t<h3 class=\"vcpg-heading\"><a href=\"https:\/\/bemypartner.es\/ca\/mujeres-en-puestos-de-liderazgo\/\">MUJERES EN PUESTOS DE LIDERAZGO \u2013 8M<\/a><\/h3>\n\t\t\t\t\t\t\n\t\t\t\t\t\t\t\t\t\t\t\t\t<p>\n\t\t\t\t\t\t\t\tDesde Bemypartner queremos dar visibilidad a las mujeres directivas que, a trav\u00e9s del trabajo y la constancia, ocupan puestos de liderazgo en grandes empresas. #8M Seg\u00fan Forbes SUMMIT Woman 2021,&hellip;<a href=\"https:\/\/bemypartner.es\/ca\/mujeres-en-puestos-de-liderazgo\/\">Llegeix m\u00e9s ><\/a>\n\t\t\t\t\t\t\t<\/p>\n\t\t\t\t\t\t\t\t\t\t\t<\/div>\n\t\t\t\t\t<div class=\"vcpg-post-footer\">\n\t\t\t\t\t\t\n                        <div class=\"vcpg-footer-right\">\n                            <div class=\"vcpg-comment-wrap\">\n                                <span><i class=\"icofont-comment\"><\/i> 0<\/span>\n                            <\/div>\n\n                            \n<div class=\"vcpg-social-share\">\n\t<a href=\"#\"><i class=\"icofont-share\"><\/i><\/a>\n\t<div class=\"vcpg-social-inner\">\n\t\t<ul>\n\t\t\t<li>\n\t\t\t\t<a target=\"_blank\" data-social=\"facebook\" title=\"Share on Facebook\" href=\"\/\/facebook.com\/sharer.php?u=https:\/\/bemypartner.es\/ca\/mujeres-en-puestos-de-liderazgo\/\">\n\t\t\t\t\t<i class=\"icofont-facebook\"><\/i>\n\t\t\t\t<\/a>\n\t\t\t<\/li>\n\t\t\t<li>\n\t\t\t\t<a target=\"_blank\" data-social=\"pinterest\" title=\"Share on Pinterest\" href=\"\/\/pinterest.com\/pin\/create\/button\/?url=https:\/\/bemypartner.es\/ca\/mujeres-en-puestos-de-liderazgo\/&amp;media=\">\n\t\t\t\t\t<i class=\"icofont-pinterest\"><\/i>\n\t\t\t\t<\/a>\n\t\t\t<\/li>\n\t\t\t<li>\n\t\t\t\t<a target=\"_blank\" data-social=\"twitter\" title=\"Share on Twitter\" href=\"\/\/twitter.com\/share?url=https:\/\/bemypartner.es\/ca\/mujeres-en-puestos-de-liderazgo\/&text=MUJERES EN PUESTOS DE LIDERAZGO \u2013 8M\">\n\t\t\t\t\t<i class=\"icofont-twitter\"><\/i>\n\t\t\t\t<\/a>\n\t\t\t<\/li>\n\t\t<\/ul>\n\t<\/div>\n<\/div>                        <\/div>\n\n\t\t\t\t\t<\/div>\n\n\t\t\t\t<\/div>\n\t\t\t<\/div>\n\t\t<\/div>\n\t<\/div>\n<\/div>\n\n<div id=\"row-single-5087\" class=\"vcpg-row-single cl-md-12 \">\n\t<div class=\"vcpg-post-item\">\n\t\t<div class=\"vcpg-row\">\n\t\t\t<div class=\"cl-md-4\">\n\t\t\t\t<div class=\"vcpg-post-photo\">\n\t\t\t\t\t\t\t\t\t\t\t<img decoding=\"async\" class=\"post-img lazyload\" data-src=\"https:\/\/bemypartner.es\/wp-content\/uploads\/2022\/03\/Diseno-sin-titulo-1-830x420.png\" alt=\"LinkedIn en tu estrategia empresarial: el rol de tus empleados\" src=\"data:image\/svg+xml;base64,PHN2ZyB3aWR0aD0iMSIgaGVpZ2h0PSIxIiB4bWxucz0iaHR0cDovL3d3dy53My5vcmcvMjAwMC9zdmciPjwvc3ZnPg==\" style=\"--smush-placeholder-width: 830px; --smush-placeholder-aspect-ratio: 830\/420;\">\n\n\t\t\t\t\t\n\t\t\t\t<\/div>\n\t\t\t<\/div>\n\t\t\t<div class=\"cl-md-8\">\n\t\t\t\t<div class=\"vcpg-post-content\">\n\t\t\t\t\t<div class=\"vcpg-categories\"><a href=\"https:\/\/bemypartner.es\/category\/agencia-de-comunicacion\/\">Agencia de comunicaci\u00f3n<\/a><a href=\"https:\/\/bemypartner.es\/category\/campanas\/\">Campa\u00f1as<\/a><a href=\"https:\/\/bemypartner.es\/category\/comunicacion\/\">Comunicaci\u00f3n<\/a><\/div>\t\t\t\t\t<div class=\"vcpg-post-meta\">\n\t\t\t\t\t\t<div class=\"meta-left\">\n                            <div class=\"grid3-post-author\">\n\t\t\t\t\t\t\t\tby <strong>Bemypartner<\/strong>                            <\/div>\n                            <span class=\"publish-time\"><i class=\"icofont-clock-time\"><\/i> 02 de mar\u00e7 de 2022<\/span>\n                        <\/div>\n                        <div class=\"meta-right\">\n                            <span class=\"reading-time\"><i class=\"icofont-read-book-alt\"><\/i> 4 min to read<\/span>\n                        <\/div>\n\t\t\t\t\t<\/div>\n\n\t\t\t\t\t<div class=\"vcpg-post-desc\">\n\t\t\t\t\t\t\t\t\t\t\t\t\t<h3 class=\"vcpg-heading\"><a href=\"https:\/\/bemypartner.es\/ca\/estrategia-linkedin\/\">LinkedIn en tu estrategia empresarial: el rol de tus empleados<\/a><\/h3>\n\t\t\t\t\t\t\n\t\t\t\t\t\t\t\t\t\t\t\t\t<p>\n\t\t\t\t\t\t\t\tEn el mundo corporativo es innegable otorgarle el protagonismo a LinkedIn como la principal red de contacto entre los profesionales de distintos sectores. Y es que la plataforma nacida en&hellip;<a href=\"https:\/\/bemypartner.es\/ca\/estrategia-linkedin\/\">Llegeix m\u00e9s ><\/a>\n\t\t\t\t\t\t\t<\/p>\n\t\t\t\t\t\t\t\t\t\t\t<\/div>\n\t\t\t\t\t<div class=\"vcpg-post-footer\">\n\t\t\t\t\t\t\t\t\t\t\t\t\t<div class=\"vcpg-post-tags\">\n\t\t\t\t\t\t\t\t<i class=\"icofont-tags\"><\/i>\n\t\t\t\t\t\t\t\t\n\t\t\t\t\t\t\t\t\t\t<div class=\"first-2\"><a href=\"https:\/\/bemypartner.es\/tag\/aliados\/\">aliados<\/a><\/div>\n\n\t\t\t\t\t\t\t\t\n\t\t\t\t\t\t\t\t\t\t<div class=\"first-2\"><a href=\"https:\/\/bemypartner.es\/tag\/empleados\/\">empleados<\/a><\/div>\n\n\t\t\t\t\t\t\t\t\n\t\t\t\t\t\t\t\t\t\t<div class=\"first-2\"><a href=\"https:\/\/bemypartner.es\/tag\/estrategia\/\">estrategia<\/a><\/div>\n\n\t\t\t\t\t\t\t\t\n\t\t\t\t\t\t\t\t\t\t<div class=\"first-2\"><a href=\"https:\/\/bemypartner.es\/tag\/estrategia-de-comunicacion\/\">estrategia de comunicaci\u00f3n<\/a><\/div>\n\n\t\t\t\t\t\t\t\t\n\t\t\t\t\t\t\t\t\t\t<div class=\"first-2\"><a href=\"https:\/\/bemypartner.es\/tag\/medios-de-comunicacion\/\">medios de comunicaci\u00f3n<\/a><\/div>\n\n\t\t\t\t\t\t\t\t\n\t\t\t\t\t\t\t\t\t\t<div class=\"first-2\"><a href=\"https:\/\/bemypartner.es\/tag\/reputacion\/\">reputaci\u00f3n<\/a><\/div>\n\n\t\t\t\t\t\t\t\t\n\t\t\t\t\t\t\t\t\n\n\t\t\t\t\t\t\t<\/div>\n\t\t\t\t\t\t\n                        <div class=\"vcpg-footer-right\">\n                            <div class=\"vcpg-comment-wrap\">\n                                <span><i class=\"icofont-comment\"><\/i> 0<\/span>\n                            <\/div>\n\n                            \n<div class=\"vcpg-social-share\">\n\t<a href=\"#\"><i class=\"icofont-share\"><\/i><\/a>\n\t<div class=\"vcpg-social-inner\">\n\t\t<ul>\n\t\t\t<li>\n\t\t\t\t<a target=\"_blank\" data-social=\"facebook\" title=\"Share on Facebook\" href=\"\/\/facebook.com\/sharer.php?u=https:\/\/bemypartner.es\/ca\/estrategia-linkedin\/\">\n\t\t\t\t\t<i class=\"icofont-facebook\"><\/i>\n\t\t\t\t<\/a>\n\t\t\t<\/li>\n\t\t\t<li>\n\t\t\t\t<a target=\"_blank\" data-social=\"pinterest\" title=\"Share on Pinterest\" href=\"\/\/pinterest.com\/pin\/create\/button\/?url=https:\/\/bemypartner.es\/ca\/estrategia-linkedin\/&amp;media=\">\n\t\t\t\t\t<i class=\"icofont-pinterest\"><\/i>\n\t\t\t\t<\/a>\n\t\t\t<\/li>\n\t\t\t<li>\n\t\t\t\t<a target=\"_blank\" data-social=\"twitter\" title=\"Share on Twitter\" href=\"\/\/twitter.com\/share?url=https:\/\/bemypartner.es\/ca\/estrategia-linkedin\/&text=LinkedIn en tu estrategia empresarial: el rol de tus empleados\">\n\t\t\t\t\t<i class=\"icofont-twitter\"><\/i>\n\t\t\t\t<\/a>\n\t\t\t<\/li>\n\t\t<\/ul>\n\t<\/div>\n<\/div>                        <\/div>\n\n\t\t\t\t\t<\/div>\n\n\t\t\t\t<\/div>\n\t\t\t<\/div>\n\t\t<\/div>\n\t<\/div>\n<\/div>\n\n<div id=\"row-single-5081\" class=\"vcpg-row-single cl-md-12 \">\n\t<div class=\"vcpg-post-item\">\n\t\t<div class=\"vcpg-row\">\n\t\t\t<div class=\"cl-md-4\">\n\t\t\t\t<div class=\"vcpg-post-photo\">\n\t\t\t\t\t\t\t\t\t\t\t<img decoding=\"async\" class=\"post-img lazyload\" data-src=\"https:\/\/bemypartner.es\/wp-content\/uploads\/2022\/02\/Posiciona-tu-marca-con-un-podcast-830x420.png\" alt=\"\u00bfSabes qu\u00e9 puede hacer un podcast por tu marca?\" src=\"data:image\/svg+xml;base64,PHN2ZyB3aWR0aD0iMSIgaGVpZ2h0PSIxIiB4bWxucz0iaHR0cDovL3d3dy53My5vcmcvMjAwMC9zdmciPjwvc3ZnPg==\" style=\"--smush-placeholder-width: 830px; --smush-placeholder-aspect-ratio: 830\/420;\">\n\n\t\t\t\t\t\n\t\t\t\t<\/div>\n\t\t\t<\/div>\n\t\t\t<div class=\"cl-md-8\">\n\t\t\t\t<div class=\"vcpg-post-content\">\n\t\t\t\t\t<div class=\"vcpg-categories\"><a href=\"https:\/\/bemypartner.es\/category\/agencia-de-comunicacion\/\">Agencia de comunicaci\u00f3n<\/a><a href=\"https:\/\/bemypartner.es\/category\/comunicacion\/\">Comunicaci\u00f3n<\/a><a href=\"https:\/\/bemypartner.es\/category\/marca\/\">Marca<\/a><a href=\"https:\/\/bemypartner.es\/category\/redes-sociales\/\">Redes Sociales<\/a><\/div>\t\t\t\t\t<div class=\"vcpg-post-meta\">\n\t\t\t\t\t\t<div class=\"meta-left\">\n                            <div class=\"grid3-post-author\">\n\t\t\t\t\t\t\t\tby <strong>Bemypartner<\/strong>                            <\/div>\n                            <span class=\"publish-time\"><i class=\"icofont-clock-time\"><\/i> 22 de febrer de 2022<\/span>\n                        <\/div>\n                        <div class=\"meta-right\">\n                            <span class=\"reading-time\"><i class=\"icofont-read-book-alt\"><\/i> 3 min to read<\/span>\n                        <\/div>\n\t\t\t\t\t<\/div>\n\n\t\t\t\t\t<div class=\"vcpg-post-desc\">\n\t\t\t\t\t\t\t\t\t\t\t\t\t<h3 class=\"vcpg-heading\"><a href=\"https:\/\/bemypartner.es\/ca\/el-podcast-en-tu-estrategia-de-comunicacion\/\">\u00bfSabes qu\u00e9 puede hacer un podcast por tu marca?<\/a><\/h3>\n\t\t\t\t\t\t\n\t\t\t\t\t\t\t\t\t\t\t\t\t<p>\n\t\t\t\t\t\t\t\tEl podcast se ha convertido en una de las herramientas fundamentales en cualquier estrategia de comunicaci\u00f3n de marca. La modernizaci\u00f3n en el mundo de la comunicaci\u00f3n y las relaciones p\u00fablicas&hellip;<a href=\"https:\/\/bemypartner.es\/ca\/el-podcast-en-tu-estrategia-de-comunicacion\/\">Llegeix m\u00e9s ><\/a>\n\t\t\t\t\t\t\t<\/p>\n\t\t\t\t\t\t\t\t\t\t\t<\/div>\n\t\t\t\t\t<div class=\"vcpg-post-footer\">\n\t\t\t\t\t\t\t\t\t\t\t\t\t<div class=\"vcpg-post-tags\">\n\t\t\t\t\t\t\t\t<i class=\"icofont-tags\"><\/i>\n\t\t\t\t\t\t\t\t\n\t\t\t\t\t\t\t\t\t\t<div class=\"first-2\"><a href=\"https:\/\/bemypartner.es\/tag\/agencia-de-comunicacion\/\">agencia de comunicaci\u00f3n<\/a><\/div>\n\n\t\t\t\t\t\t\t\t\n\t\t\t\t\t\t\t\t\t\t<div class=\"first-2\"><a href=\"https:\/\/bemypartner.es\/tag\/bemypartnercom\/\">Bemypartnercom<\/a><\/div>\n\n\t\t\t\t\t\t\t\t\n\t\t\t\t\t\t\t\t\t\t<div class=\"first-2\"><a href=\"https:\/\/bemypartner.es\/tag\/comunicacion\/\">comunicaci\u00f3n<\/a><\/div>\n\n\t\t\t\t\t\t\t\t\n\t\t\t\t\t\t\t\t\t\t<div class=\"first-2\"><a href=\"https:\/\/bemypartner.es\/tag\/estrategia-de-comunicacion\/\">estrategia de comunicaci\u00f3n<\/a><\/div>\n\n\t\t\t\t\t\t\t\t\n\t\t\t\t\t\t\t\t\t\t<div class=\"first-2\"><a href=\"https:\/\/bemypartner.es\/tag\/redes-sociales\/\">Redes Sociales<\/a><\/div>\n\n\t\t\t\t\t\t\t\t\n\t\t\t\t\t\t\t\t\n\n\t\t\t\t\t\t\t<\/div>\n\t\t\t\t\t\t\n                        <div class=\"vcpg-footer-right\">\n                            <div class=\"vcpg-comment-wrap\">\n                                <span><i class=\"icofont-comment\"><\/i> 0<\/span>\n                            <\/div>\n\n                            \n<div class=\"vcpg-social-share\">\n\t<a href=\"#\"><i class=\"icofont-share\"><\/i><\/a>\n\t<div class=\"vcpg-social-inner\">\n\t\t<ul>\n\t\t\t<li>\n\t\t\t\t<a target=\"_blank\" data-social=\"facebook\" title=\"Share on Facebook\" href=\"\/\/facebook.com\/sharer.php?u=https:\/\/bemypartner.es\/ca\/el-podcast-en-tu-estrategia-de-comunicacion\/\">\n\t\t\t\t\t<i class=\"icofont-facebook\"><\/i>\n\t\t\t\t<\/a>\n\t\t\t<\/li>\n\t\t\t<li>\n\t\t\t\t<a target=\"_blank\" data-social=\"pinterest\" title=\"Share on Pinterest\" href=\"\/\/pinterest.com\/pin\/create\/button\/?url=https:\/\/bemypartner.es\/ca\/el-podcast-en-tu-estrategia-de-comunicacion\/&amp;media=\">\n\t\t\t\t\t<i class=\"icofont-pinterest\"><\/i>\n\t\t\t\t<\/a>\n\t\t\t<\/li>\n\t\t\t<li>\n\t\t\t\t<a target=\"_blank\" data-social=\"twitter\" title=\"Share on Twitter\" href=\"\/\/twitter.com\/share?url=https:\/\/bemypartner.es\/ca\/el-podcast-en-tu-estrategia-de-comunicacion\/&text=\u00bfSabes qu\u00e9 puede hacer un podcast por tu marca?\">\n\t\t\t\t\t<i class=\"icofont-twitter\"><\/i>\n\t\t\t\t<\/a>\n\t\t\t<\/li>\n\t\t<\/ul>\n\t<\/div>\n<\/div>                        <\/div>\n\n\t\t\t\t\t<\/div>\n\n\t\t\t\t<\/div>\n\t\t\t<\/div>\n\t\t<\/div>\n\t<\/div>\n<\/div>\n\n<div id=\"row-single-5076\" class=\"vcpg-row-single cl-md-12 \">\n\t<div class=\"vcpg-post-item\">\n\t\t<div class=\"vcpg-row\">\n\t\t\t<div class=\"cl-md-4\">\n\t\t\t\t<div class=\"vcpg-post-photo\">\n\t\t\t\t\t\t\t\t\t\t\t<img decoding=\"async\" class=\"post-img lazyload\" data-src=\"https:\/\/bemypartner.es\/wp-content\/uploads\/2022\/02\/Blog-BMP-6-830x420.png\" alt=\"10 consejos de redacci\u00f3n y presentaci\u00f3n para directiv@s con enfoque period\u00edstico\" src=\"data:image\/svg+xml;base64,PHN2ZyB3aWR0aD0iMSIgaGVpZ2h0PSIxIiB4bWxucz0iaHR0cDovL3d3dy53My5vcmcvMjAwMC9zdmciPjwvc3ZnPg==\" style=\"--smush-placeholder-width: 830px; --smush-placeholder-aspect-ratio: 830\/420;\">\n\n\t\t\t\t\t\n\t\t\t\t<\/div>\n\t\t\t<\/div>\n\t\t\t<div class=\"cl-md-8\">\n\t\t\t\t<div class=\"vcpg-post-content\">\n\t\t\t\t\t<div class=\"vcpg-categories\"><a href=\"https:\/\/bemypartner.es\/category\/sin-categorizar\/\">Sin categorizar<\/a><\/div>\t\t\t\t\t<div class=\"vcpg-post-meta\">\n\t\t\t\t\t\t<div class=\"meta-left\">\n                            <div class=\"grid3-post-author\">\n\t\t\t\t\t\t\t\tby <strong>Bemypartner<\/strong>                            <\/div>\n                            <span class=\"publish-time\"><i class=\"icofont-clock-time\"><\/i> 18 de febrer de 2022<\/span>\n                        <\/div>\n                        <div class=\"meta-right\">\n                            <span class=\"reading-time\"><i class=\"icofont-read-book-alt\"><\/i> 6 min to read<\/span>\n                        <\/div>\n\t\t\t\t\t<\/div>\n\n\t\t\t\t\t<div class=\"vcpg-post-desc\">\n\t\t\t\t\t\t\t\t\t\t\t\t\t<h3 class=\"vcpg-heading\"><a href=\"https:\/\/bemypartner.es\/ca\/10-consejos-de-redaccion-para-directivos\/\">10 consejos de redacci\u00f3n y presentaci\u00f3n para directiv@s con enfoque period\u00edstico<\/a><\/h3>\n\t\t\t\t\t\t\n\t\t\t\t\t\t\t\t\t\t\t\t\t<p>\n\t\t\t\t\t\t\t\tA todos nos sucede. Nos env\u00edan un informe de un tema que nos interesa, pero\u2026 Tiene 80 p\u00e1ginas, no hay un resumen ejecutivo, no hay apenas titulares, la jerga es&hellip;<a href=\"https:\/\/bemypartner.es\/ca\/10-consejos-de-redaccion-para-directivos\/\">Llegeix m\u00e9s ><\/a>\n\t\t\t\t\t\t\t<\/p>\n\t\t\t\t\t\t\t\t\t\t\t<\/div>\n\t\t\t\t\t<div class=\"vcpg-post-footer\">\n\t\t\t\t\t\t\n                        <div class=\"vcpg-footer-right\">\n                            <div class=\"vcpg-comment-wrap\">\n                                <span><i class=\"icofont-comment\"><\/i> 0<\/span>\n                            <\/div>\n\n                            \n<div class=\"vcpg-social-share\">\n\t<a href=\"#\"><i class=\"icofont-share\"><\/i><\/a>\n\t<div class=\"vcpg-social-inner\">\n\t\t<ul>\n\t\t\t<li>\n\t\t\t\t<a target=\"_blank\" data-social=\"facebook\" title=\"Share on Facebook\" href=\"\/\/facebook.com\/sharer.php?u=https:\/\/bemypartner.es\/ca\/10-consejos-de-redaccion-para-directivos\/\">\n\t\t\t\t\t<i class=\"icofont-facebook\"><\/i>\n\t\t\t\t<\/a>\n\t\t\t<\/li>\n\t\t\t<li>\n\t\t\t\t<a target=\"_blank\" data-social=\"pinterest\" title=\"Share on Pinterest\" href=\"\/\/pinterest.com\/pin\/create\/button\/?url=https:\/\/bemypartner.es\/ca\/10-consejos-de-redaccion-para-directivos\/&amp;media=\">\n\t\t\t\t\t<i class=\"icofont-pinterest\"><\/i>\n\t\t\t\t<\/a>\n\t\t\t<\/li>\n\t\t\t<li>\n\t\t\t\t<a target=\"_blank\" data-social=\"twitter\" title=\"Share on Twitter\" href=\"\/\/twitter.com\/share?url=https:\/\/bemypartner.es\/ca\/10-consejos-de-redaccion-para-directivos\/&text=10 consejos de redacci\u00f3n y presentaci\u00f3n para directiv@s con enfoque period\u00edstico\">\n\t\t\t\t\t<i class=\"icofont-twitter\"><\/i>\n\t\t\t\t<\/a>\n\t\t\t<\/li>\n\t\t<\/ul>\n\t<\/div>\n<\/div>                        <\/div>\n\n\t\t\t\t\t<\/div>\n\n\t\t\t\t<\/div>\n\t\t\t<\/div>\n\t\t<\/div>\n\t<\/div>\n<\/div>\n\n<div id=\"row-single-5068\" class=\"vcpg-row-single cl-md-12 \">\n\t<div class=\"vcpg-post-item\">\n\t\t<div class=\"vcpg-row\">\n\t\t\t<div class=\"cl-md-4\">\n\t\t\t\t<div class=\"vcpg-post-photo\">\n\t\t\t\t\t\t\t\t\t\t\t<img decoding=\"async\" class=\"post-img lazyload\" data-src=\"https:\/\/bemypartner.es\/wp-content\/uploads\/2022\/02\/WhatsApp-Image-2022-02-09-at-15.27.28-830x420.jpeg\" alt=\"TikTok Shopping, nueva herramienta en la App Tendencia\" src=\"data:image\/svg+xml;base64,PHN2ZyB3aWR0aD0iMSIgaGVpZ2h0PSIxIiB4bWxucz0iaHR0cDovL3d3dy53My5vcmcvMjAwMC9zdmciPjwvc3ZnPg==\" style=\"--smush-placeholder-width: 830px; --smush-placeholder-aspect-ratio: 830\/420;\">\n\n\t\t\t\t\t\n\t\t\t\t<\/div>\n\t\t\t<\/div>\n\t\t\t<div class=\"cl-md-8\">\n\t\t\t\t<div class=\"vcpg-post-content\">\n\t\t\t\t\t<div class=\"vcpg-categories\"><a href=\"https:\/\/bemypartner.es\/category\/comunicacion\/\">Comunicaci\u00f3n<\/a><a href=\"https:\/\/bemypartner.es\/category\/redes-sociales\/\">Redes Sociales<\/a><a href=\"https:\/\/bemypartner.es\/category\/sin-categorizar\/\">Sin categorizar<\/a><\/div>\t\t\t\t\t<div class=\"vcpg-post-meta\">\n\t\t\t\t\t\t<div class=\"meta-left\">\n                            <div class=\"grid3-post-author\">\n\t\t\t\t\t\t\t\tby <strong>Bemypartner<\/strong>                            <\/div>\n                            <span class=\"publish-time\"><i class=\"icofont-clock-time\"><\/i> 09 de febrer de 2022<\/span>\n                        <\/div>\n                        <div class=\"meta-right\">\n                            <span class=\"reading-time\"><i class=\"icofont-read-book-alt\"><\/i> 4 min to read<\/span>\n                        <\/div>\n\t\t\t\t\t<\/div>\n\n\t\t\t\t\t<div class=\"vcpg-post-desc\">\n\t\t\t\t\t\t\t\t\t\t\t\t\t<h3 class=\"vcpg-heading\"><a href=\"https:\/\/bemypartner.es\/ca\/tiktok-shopping-nueva-herramienta\/\">TikTok Shopping, nueva herramienta en la App Tendencia<\/a><\/h3>\n\t\t\t\t\t\t\n\t\t\t\t\t\t\t\t\t\t\t\t\t<p>\n\t\t\t\t\t\t\t\tEl nuevo gigante del Social Media lanz\u00f3 TikTok Shopping para impulsar las ventas dentro de su aplicaci\u00f3n, presentando esta nueva herramienta en la primera edici\u00f3n del TikTok World Business Showcase.&hellip;<a href=\"https:\/\/bemypartner.es\/ca\/tiktok-shopping-nueva-herramienta\/\">Llegeix m\u00e9s ><\/a>\n\t\t\t\t\t\t\t<\/p>\n\t\t\t\t\t\t\t\t\t\t\t<\/div>\n\t\t\t\t\t<div class=\"vcpg-post-footer\">\n\t\t\t\t\t\t\n                        <div class=\"vcpg-footer-right\">\n                            <div class=\"vcpg-comment-wrap\">\n                                <span><i class=\"icofont-comment\"><\/i> 0<\/span>\n                            <\/div>\n\n                            \n<div class=\"vcpg-social-share\">\n\t<a href=\"#\"><i class=\"icofont-share\"><\/i><\/a>\n\t<div class=\"vcpg-social-inner\">\n\t\t<ul>\n\t\t\t<li>\n\t\t\t\t<a target=\"_blank\" data-social=\"facebook\" title=\"Share on Facebook\" href=\"\/\/facebook.com\/sharer.php?u=https:\/\/bemypartner.es\/ca\/tiktok-shopping-nueva-herramienta\/\">\n\t\t\t\t\t<i class=\"icofont-facebook\"><\/i>\n\t\t\t\t<\/a>\n\t\t\t<\/li>\n\t\t\t<li>\n\t\t\t\t<a target=\"_blank\" data-social=\"pinterest\" title=\"Share on Pinterest\" href=\"\/\/pinterest.com\/pin\/create\/button\/?url=https:\/\/bemypartner.es\/ca\/tiktok-shopping-nueva-herramienta\/&amp;media=\">\n\t\t\t\t\t<i class=\"icofont-pinterest\"><\/i>\n\t\t\t\t<\/a>\n\t\t\t<\/li>\n\t\t\t<li>\n\t\t\t\t<a target=\"_blank\" data-social=\"twitter\" title=\"Share on Twitter\" href=\"\/\/twitter.com\/share?url=https:\/\/bemypartner.es\/ca\/tiktok-shopping-nueva-herramienta\/&text=TikTok Shopping, nueva herramienta en la App Tendencia\">\n\t\t\t\t\t<i class=\"icofont-twitter\"><\/i>\n\t\t\t\t<\/a>\n\t\t\t<\/li>\n\t\t<\/ul>\n\t<\/div>\n<\/div>                        <\/div>\n\n\t\t\t\t\t<\/div>\n\n\t\t\t\t<\/div>\n\t\t\t<\/div>\n\t\t<\/div>\n\t<\/div>\n<\/div>\n\n<div id=\"row-single-5060\" class=\"vcpg-row-single cl-md-12 \">\n\t<div class=\"vcpg-post-item\">\n\t\t<div class=\"vcpg-row\">\n\t\t\t<div class=\"cl-md-4\">\n\t\t\t\t<div class=\"vcpg-post-photo\">\n\t\t\t\t\t\t\t\t\t\t\t<img decoding=\"async\" class=\"post-img lazyload\" data-src=\"https:\/\/bemypartner.es\/wp-content\/uploads\/2022\/01\/Diseno-sin-titulo-830x420.png\" alt=\"Pinterest como canal fundamental para tu estrategia de branding\" src=\"data:image\/svg+xml;base64,PHN2ZyB3aWR0aD0iMSIgaGVpZ2h0PSIxIiB4bWxucz0iaHR0cDovL3d3dy53My5vcmcvMjAwMC9zdmciPjwvc3ZnPg==\" style=\"--smush-placeholder-width: 830px; --smush-placeholder-aspect-ratio: 830\/420;\">\n\n\t\t\t\t\t\n\t\t\t\t<\/div>\n\t\t\t<\/div>\n\t\t\t<div class=\"cl-md-8\">\n\t\t\t\t<div class=\"vcpg-post-content\">\n\t\t\t\t\t<div class=\"vcpg-categories\"><a href=\"https:\/\/bemypartner.es\/category\/comunicacion\/\">Comunicaci\u00f3n<\/a><a href=\"https:\/\/bemypartner.es\/category\/redes-sociales\/\">Redes Sociales<\/a><\/div>\t\t\t\t\t<div class=\"vcpg-post-meta\">\n\t\t\t\t\t\t<div class=\"meta-left\">\n                            <div class=\"grid3-post-author\">\n\t\t\t\t\t\t\t\tby <strong>Bemypartner<\/strong>                            <\/div>\n                            <span class=\"publish-time\"><i class=\"icofont-clock-time\"><\/i> 27 de gener de 2022<\/span>\n                        <\/div>\n                        <div class=\"meta-right\">\n                            <span class=\"reading-time\"><i class=\"icofont-read-book-alt\"><\/i> 4 min to read<\/span>\n                        <\/div>\n\t\t\t\t\t<\/div>\n\n\t\t\t\t\t<div class=\"vcpg-post-desc\">\n\t\t\t\t\t\t\t\t\t\t\t\t\t<h3 class=\"vcpg-heading\"><a href=\"https:\/\/bemypartner.es\/ca\/pinterest-para-tu-estrategia-de-branding\/\">Pinterest como canal fundamental para tu estrategia de branding<\/a><\/h3>\n\t\t\t\t\t\t\n\t\t\t\t\t\t\t\t\t\t\t\t\t<p>\n\t\t\t\t\t\t\t\tPinterest es esa plataforma id\u00edlica, fuente de inspiraci\u00f3n, de creatividad, de arte y de contenido de cualquier tem\u00e1tica que puedas imaginar. Una red que sigue creciendo y que cuenta con&nbsp;&hellip;<a href=\"https:\/\/bemypartner.es\/ca\/pinterest-para-tu-estrategia-de-branding\/\">Llegeix m\u00e9s ><\/a>\n\t\t\t\t\t\t\t<\/p>\n\t\t\t\t\t\t\t\t\t\t\t<\/div>\n\t\t\t\t\t<div class=\"vcpg-post-footer\">\n\t\t\t\t\t\t\t\t\t\t\t\t\t<div class=\"vcpg-post-tags\">\n\t\t\t\t\t\t\t\t<i class=\"icofont-tags\"><\/i>\n\t\t\t\t\t\t\t\t\n\t\t\t\t\t\t\t\t\t\t<div class=\"first-2\"><a href=\"https:\/\/bemypartner.es\/tag\/agencia-de-comunicacion\/\">agencia de comunicaci\u00f3n<\/a><\/div>\n\n\t\t\t\t\t\t\t\t\n\t\t\t\t\t\t\t\t\t\t<div class=\"first-2\"><a href=\"https:\/\/bemypartner.es\/tag\/bemypartner\/\">bemypartner<\/a><\/div>\n\n\t\t\t\t\t\t\t\t\n\t\t\t\t\t\t\t\t\t\t<div class=\"first-2\"><a href=\"https:\/\/bemypartner.es\/tag\/branding\/\">branding<\/a><\/div>\n\n\t\t\t\t\t\t\t\t\n\t\t\t\t\t\t\t\t\t\t<div class=\"first-2\"><a href=\"https:\/\/bemypartner.es\/tag\/comunicacion\/\">comunicaci\u00f3n<\/a><\/div>\n\n\t\t\t\t\t\t\t\t\n\t\t\t\t\t\t\t\t\t\t<div class=\"first-2\"><a href=\"https:\/\/bemypartner.es\/tag\/estrategia-de-comunicacion\/\">estrategia de comunicaci\u00f3n<\/a><\/div>\n\n\t\t\t\t\t\t\t\t\n\t\t\t\t\t\t\t\t\t\t<div class=\"first-2\"><a href=\"https:\/\/bemypartner.es\/tag\/redes-sociales\/\">Redes Sociales<\/a><\/div>\n\n\t\t\t\t\t\t\t\t\n\t\t\t\t\t\t\t\t\n\n\t\t\t\t\t\t\t<\/div>\n\t\t\t\t\t\t\n                        <div class=\"vcpg-footer-right\">\n                            <div class=\"vcpg-comment-wrap\">\n                                <span><i class=\"icofont-comment\"><\/i> 0<\/span>\n                            <\/div>\n\n                            \n<div class=\"vcpg-social-share\">\n\t<a href=\"#\"><i class=\"icofont-share\"><\/i><\/a>\n\t<div class=\"vcpg-social-inner\">\n\t\t<ul>\n\t\t\t<li>\n\t\t\t\t<a target=\"_blank\" data-social=\"facebook\" title=\"Share on Facebook\" href=\"\/\/facebook.com\/sharer.php?u=https:\/\/bemypartner.es\/ca\/pinterest-para-tu-estrategia-de-branding\/\">\n\t\t\t\t\t<i class=\"icofont-facebook\"><\/i>\n\t\t\t\t<\/a>\n\t\t\t<\/li>\n\t\t\t<li>\n\t\t\t\t<a target=\"_blank\" data-social=\"pinterest\" title=\"Share on Pinterest\" href=\"\/\/pinterest.com\/pin\/create\/button\/?url=https:\/\/bemypartner.es\/ca\/pinterest-para-tu-estrategia-de-branding\/&amp;media=\">\n\t\t\t\t\t<i class=\"icofont-pinterest\"><\/i>\n\t\t\t\t<\/a>\n\t\t\t<\/li>\n\t\t\t<li>\n\t\t\t\t<a target=\"_blank\" data-social=\"twitter\" title=\"Share on Twitter\" href=\"\/\/twitter.com\/share?url=https:\/\/bemypartner.es\/ca\/pinterest-para-tu-estrategia-de-branding\/&text=Pinterest como canal fundamental para tu estrategia de branding\">\n\t\t\t\t\t<i class=\"icofont-twitter\"><\/i>\n\t\t\t\t<\/a>\n\t\t\t<\/li>\n\t\t<\/ul>\n\t<\/div>\n<\/div>                        <\/div>\n\n\t\t\t\t\t<\/div>\n\n\t\t\t\t<\/div>\n\t\t\t<\/div>\n\t\t<\/div>\n\t<\/div>\n<\/div>\n\n<div id=\"row-single-5050\" class=\"vcpg-row-single cl-md-12 \">\n\t<div class=\"vcpg-post-item\">\n\t\t<div class=\"vcpg-row\">\n\t\t\t<div class=\"cl-md-4\">\n\t\t\t\t<div class=\"vcpg-post-photo\">\n\t\t\t\t\t\t\t\t\t\t\t<img decoding=\"async\" class=\"post-img lazyload\" data-src=\"https:\/\/bemypartner.es\/wp-content\/uploads\/2022\/01\/Blog-BMP-2-830x420.png\" alt=\"9 claves para elaborar una Newsletter efectiva\" src=\"data:image\/svg+xml;base64,PHN2ZyB3aWR0aD0iMSIgaGVpZ2h0PSIxIiB4bWxucz0iaHR0cDovL3d3dy53My5vcmcvMjAwMC9zdmciPjwvc3ZnPg==\" style=\"--smush-placeholder-width: 830px; --smush-placeholder-aspect-ratio: 830\/420;\">\n\n\t\t\t\t\t\n\t\t\t\t<\/div>\n\t\t\t<\/div>\n\t\t\t<div class=\"cl-md-8\">\n\t\t\t\t<div class=\"vcpg-post-content\">\n\t\t\t\t\t<div class=\"vcpg-categories\"><a href=\"https:\/\/bemypartner.es\/category\/agencia-de-comunicacion\/\">Agencia de comunicaci\u00f3n<\/a><a href=\"https:\/\/bemypartner.es\/category\/campanas\/\">Campa\u00f1as<\/a><a href=\"https:\/\/bemypartner.es\/category\/comunicacion\/\">Comunicaci\u00f3n<\/a><a href=\"https:\/\/bemypartner.es\/category\/prensa\/\">Prensa<\/a><\/div>\t\t\t\t\t<div class=\"vcpg-post-meta\">\n\t\t\t\t\t\t<div class=\"meta-left\">\n                            <div class=\"grid3-post-author\">\n\t\t\t\t\t\t\t\tby <strong>Bemypartner<\/strong>                            <\/div>\n                            <span class=\"publish-time\"><i class=\"icofont-clock-time\"><\/i> 20 de gener de 2022<\/span>\n                        <\/div>\n                        <div class=\"meta-right\">\n                            <span class=\"reading-time\"><i class=\"icofont-read-book-alt\"><\/i> 5 min to read<\/span>\n                        <\/div>\n\t\t\t\t\t<\/div>\n\n\t\t\t\t\t<div class=\"vcpg-post-desc\">\n\t\t\t\t\t\t\t\t\t\t\t\t\t<h3 class=\"vcpg-heading\"><a href=\"https:\/\/bemypartner.es\/ca\/claves-newsletter-efectiva\/\">9 claves para elaborar una Newsletter efectiva<\/a><\/h3>\n\t\t\t\t\t\t\n\t\t\t\t\t\t\t\t\t\t\t\t\t<p>\n\t\t\t\t\t\t\t\tAl contrario de lo que muchas personas creen, las newsletter no son algo obsoleto, sino que hoy en d\u00eda adquieren cada vez m\u00e1s relevancia a\u00a0la hora de implementar una estrategia&hellip;<a href=\"https:\/\/bemypartner.es\/ca\/claves-newsletter-efectiva\/\">Llegeix m\u00e9s ><\/a>\n\t\t\t\t\t\t\t<\/p>\n\t\t\t\t\t\t\t\t\t\t\t<\/div>\n\t\t\t\t\t<div class=\"vcpg-post-footer\">\n\t\t\t\t\t\t\n                        <div class=\"vcpg-footer-right\">\n                            <div class=\"vcpg-comment-wrap\">\n                                <span><i class=\"icofont-comment\"><\/i> 0<\/span>\n                            <\/div>\n\n                            \n<div class=\"vcpg-social-share\">\n\t<a href=\"#\"><i class=\"icofont-share\"><\/i><\/a>\n\t<div class=\"vcpg-social-inner\">\n\t\t<ul>\n\t\t\t<li>\n\t\t\t\t<a target=\"_blank\" data-social=\"facebook\" title=\"Share on Facebook\" href=\"\/\/facebook.com\/sharer.php?u=https:\/\/bemypartner.es\/ca\/claves-newsletter-efectiva\/\">\n\t\t\t\t\t<i class=\"icofont-facebook\"><\/i>\n\t\t\t\t<\/a>\n\t\t\t<\/li>\n\t\t\t<li>\n\t\t\t\t<a target=\"_blank\" data-social=\"pinterest\" title=\"Share on Pinterest\" href=\"\/\/pinterest.com\/pin\/create\/button\/?url=https:\/\/bemypartner.es\/ca\/claves-newsletter-efectiva\/&amp;media=\">\n\t\t\t\t\t<i class=\"icofont-pinterest\"><\/i>\n\t\t\t\t<\/a>\n\t\t\t<\/li>\n\t\t\t<li>\n\t\t\t\t<a target=\"_blank\" data-social=\"twitter\" title=\"Share on Twitter\" href=\"\/\/twitter.com\/share?url=https:\/\/bemypartner.es\/ca\/claves-newsletter-efectiva\/&text=9 claves para elaborar una Newsletter efectiva\">\n\t\t\t\t\t<i class=\"icofont-twitter\"><\/i>\n\t\t\t\t<\/a>\n\t\t\t<\/li>\n\t\t<\/ul>\n\t<\/div>\n<\/div>                        <\/div>\n\n\t\t\t\t\t<\/div>\n\n\t\t\t\t<\/div>\n\t\t\t<\/div>\n\t\t<\/div>\n\t<\/div>\n<\/div>\n\n<div id=\"row-single-5026\" class=\"vcpg-row-single cl-md-12 \">\n\t<div class=\"vcpg-post-item\">\n\t\t<div class=\"vcpg-row\">\n\t\t\t<div class=\"cl-md-4\">\n\t\t\t\t<div class=\"vcpg-post-photo\">\n\t\t\t\t\t\t\t\t\t\t\t<img decoding=\"async\" class=\"post-img lazyload\" data-src=\"https:\/\/bemypartner.es\/wp-content\/uploads\/2022\/01\/Diseno-sin-titulo-2022-01-11T131932.819-830x420.png\" alt=\"Marketing digital: tendencias para 2022\" src=\"data:image\/svg+xml;base64,PHN2ZyB3aWR0aD0iMSIgaGVpZ2h0PSIxIiB4bWxucz0iaHR0cDovL3d3dy53My5vcmcvMjAwMC9zdmciPjwvc3ZnPg==\" style=\"--smush-placeholder-width: 830px; --smush-placeholder-aspect-ratio: 830\/420;\">\n\n\t\t\t\t\t\n\t\t\t\t<\/div>\n\t\t\t<\/div>\n\t\t\t<div class=\"cl-md-8\">\n\t\t\t\t<div class=\"vcpg-post-content\">\n\t\t\t\t\t<div class=\"vcpg-categories\"><a href=\"https:\/\/bemypartner.es\/category\/comunicacion\/\">Comunicaci\u00f3n<\/a><a href=\"https:\/\/bemypartner.es\/category\/noticia-principal\/\">Noticia Principal<\/a><\/div>\t\t\t\t\t<div class=\"vcpg-post-meta\">\n\t\t\t\t\t\t<div class=\"meta-left\">\n                            <div class=\"grid3-post-author\">\n\t\t\t\t\t\t\t\tby <strong>Bemypartner<\/strong>                            <\/div>\n                            <span class=\"publish-time\"><i class=\"icofont-clock-time\"><\/i> 11 de gener de 2022<\/span>\n                        <\/div>\n                        <div class=\"meta-right\">\n                            <span class=\"reading-time\"><i class=\"icofont-read-book-alt\"><\/i> 3 min to read<\/span>\n                        <\/div>\n\t\t\t\t\t<\/div>\n\n\t\t\t\t\t<div class=\"vcpg-post-desc\">\n\t\t\t\t\t\t\t\t\t\t\t\t\t<h3 class=\"vcpg-heading\"><a href=\"https:\/\/bemypartner.es\/ca\/marketing-digital-tendencias-2022\/\">Marketing digital: tendencias para 2022<\/a><\/h3>\n\t\t\t\t\t\t\n\t\t\t\t\t\t\t\t\t\t\t\t\t<p>\n\t\t\t\t\t\t\t\tCon la llegada de un nuevo a\u00f1o, damos la bienvenida a las nuevas tendencias de marketing digital que triunfar\u00e1n este 2022.Aqu\u00ed te dejamos con algunas de las principales. &#8211; Contenido&hellip;<a href=\"https:\/\/bemypartner.es\/ca\/marketing-digital-tendencias-2022\/\">Llegeix m\u00e9s ><\/a>\n\t\t\t\t\t\t\t<\/p>\n\t\t\t\t\t\t\t\t\t\t\t<\/div>\n\t\t\t\t\t<div class=\"vcpg-post-footer\">\n\t\t\t\t\t\t\t\t\t\t\t\t\t<div class=\"vcpg-post-tags\">\n\t\t\t\t\t\t\t\t<i class=\"icofont-tags\"><\/i>\n\t\t\t\t\t\t\t\t\n\t\t\t\t\t\t\t\t\t\t<div class=\"first-2\"><a href=\"https:\/\/bemypartner.es\/tag\/agencia-de-comunicacion\/\">agencia de comunicaci\u00f3n<\/a><\/div>\n\n\t\t\t\t\t\t\t\t\n\t\t\t\t\t\t\t\t\t\t<div class=\"first-2\"><a href=\"https:\/\/bemypartner.es\/tag\/bemypartnercom\/\">Bemypartnercom<\/a><\/div>\n\n\t\t\t\t\t\t\t\t\n\t\t\t\t\t\t\t\t\t\t<div class=\"first-2\"><a href=\"https:\/\/bemypartner.es\/tag\/marketing-digital\/\">marketing digital<\/a><\/div>\n\n\t\t\t\t\t\t\t\t\n\t\t\t\t\t\t\t\t\t\t<div class=\"first-2\"><a href=\"https:\/\/bemypartner.es\/tag\/redes-sociales\/\">Redes Sociales<\/a><\/div>\n\n\t\t\t\t\t\t\t\t\n\t\t\t\t\t\t\t\t\t\t<div class=\"first-2\"><a href=\"https:\/\/bemypartner.es\/tag\/tendencias-marketing-digital\/\">tendencias marketing digital<\/a><\/div>\n\n\t\t\t\t\t\t\t\t\n\t\t\t\t\t\t\t\t\n\n\t\t\t\t\t\t\t<\/div>\n\t\t\t\t\t\t\n                        <div class=\"vcpg-footer-right\">\n                            <div class=\"vcpg-comment-wrap\">\n                                <span><i class=\"icofont-comment\"><\/i> 0<\/span>\n                            <\/div>\n\n                            \n<div class=\"vcpg-social-share\">\n\t<a href=\"#\"><i class=\"icofont-share\"><\/i><\/a>\n\t<div class=\"vcpg-social-inner\">\n\t\t<ul>\n\t\t\t<li>\n\t\t\t\t<a target=\"_blank\" data-social=\"facebook\" title=\"Share on Facebook\" href=\"\/\/facebook.com\/sharer.php?u=https:\/\/bemypartner.es\/ca\/marketing-digital-tendencias-2022\/\">\n\t\t\t\t\t<i class=\"icofont-facebook\"><\/i>\n\t\t\t\t<\/a>\n\t\t\t<\/li>\n\t\t\t<li>\n\t\t\t\t<a target=\"_blank\" data-social=\"pinterest\" title=\"Share on Pinterest\" href=\"\/\/pinterest.com\/pin\/create\/button\/?url=https:\/\/bemypartner.es\/ca\/marketing-digital-tendencias-2022\/&amp;media=\">\n\t\t\t\t\t<i class=\"icofont-pinterest\"><\/i>\n\t\t\t\t<\/a>\n\t\t\t<\/li>\n\t\t\t<li>\n\t\t\t\t<a target=\"_blank\" data-social=\"twitter\" title=\"Share on Twitter\" href=\"\/\/twitter.com\/share?url=https:\/\/bemypartner.es\/ca\/marketing-digital-tendencias-2022\/&text=Marketing digital: tendencias para 2022\">\n\t\t\t\t\t<i class=\"icofont-twitter\"><\/i>\n\t\t\t\t<\/a>\n\t\t\t<\/li>\n\t\t<\/ul>\n\t<\/div>\n<\/div>                        <\/div>\n\n\t\t\t\t\t<\/div>\n\n\t\t\t\t<\/div>\n\t\t\t<\/div>\n\t\t<\/div>\n\t<\/div>\n<\/div>\n\n<div id=\"row-single-5018\" class=\"vcpg-row-single cl-md-12 \">\n\t<div class=\"vcpg-post-item\">\n\t\t<div class=\"vcpg-row\">\n\t\t\t<div class=\"cl-md-4\">\n\t\t\t\t<div class=\"vcpg-post-photo\">\n\t\t\t\t\t\t\t\t\t\t\t<img decoding=\"async\" class=\"post-img lazyload\" data-src=\"https:\/\/bemypartner.es\/wp-content\/uploads\/2021\/12\/Banner-Articulo-Blog-Bemypartner-830x420.png\" alt=\"El dossier de prensa: \u00bfqu\u00e9 es y para qu\u00e9 sirve?\" src=\"data:image\/svg+xml;base64,PHN2ZyB3aWR0aD0iMSIgaGVpZ2h0PSIxIiB4bWxucz0iaHR0cDovL3d3dy53My5vcmcvMjAwMC9zdmciPjwvc3ZnPg==\" style=\"--smush-placeholder-width: 830px; --smush-placeholder-aspect-ratio: 830\/420;\">\n\n\t\t\t\t\t\n\t\t\t\t<\/div>\n\t\t\t<\/div>\n\t\t\t<div class=\"cl-md-8\">\n\t\t\t\t<div class=\"vcpg-post-content\">\n\t\t\t\t\t<div class=\"vcpg-categories\"><a href=\"https:\/\/bemypartner.es\/category\/comunicacion\/\">Comunicaci\u00f3n<\/a><a href=\"https:\/\/bemypartner.es\/category\/marca\/\">Marca<\/a><\/div>\t\t\t\t\t<div class=\"vcpg-post-meta\">\n\t\t\t\t\t\t<div class=\"meta-left\">\n                            <div class=\"grid3-post-author\">\n\t\t\t\t\t\t\t\tby <strong>Bemypartner<\/strong>                            <\/div>\n                            <span class=\"publish-time\"><i class=\"icofont-clock-time\"><\/i> 29 de desembre de 2021<\/span>\n                        <\/div>\n                        <div class=\"meta-right\">\n                            <span class=\"reading-time\"><i class=\"icofont-read-book-alt\"><\/i> 3 min to read<\/span>\n                        <\/div>\n\t\t\t\t\t<\/div>\n\n\t\t\t\t\t<div class=\"vcpg-post-desc\">\n\t\t\t\t\t\t\t\t\t\t\t\t\t<h3 class=\"vcpg-heading\"><a href=\"https:\/\/bemypartner.es\/ca\/el-dossier-de-prensa-que-es-y-para-que-sirve\/\">El dossier de prensa: \u00bfqu\u00e9 es y para qu\u00e9 sirve?<\/a><\/h3>\n\t\t\t\t\t\t\n\t\t\t\t\t\t\t\t\t\t\t\t\t<p>\n\t\t\t\t\t\t\t\tSi tienes una empresa, ya sea grande o peque\u00f1a, ya debes ser plenamente consciente de la importancia que tiene para tu negocio dar a conocer tu producto o servicios. As\u00ed,&hellip;<a href=\"https:\/\/bemypartner.es\/ca\/el-dossier-de-prensa-que-es-y-para-que-sirve\/\">Llegeix m\u00e9s ><\/a>\n\t\t\t\t\t\t\t<\/p>\n\t\t\t\t\t\t\t\t\t\t\t<\/div>\n\t\t\t\t\t<div class=\"vcpg-post-footer\">\n\t\t\t\t\t\t\t\t\t\t\t\t\t<div class=\"vcpg-post-tags\">\n\t\t\t\t\t\t\t\t<i class=\"icofont-tags\"><\/i>\n\t\t\t\t\t\t\t\t\n\t\t\t\t\t\t\t\t\t\t<div class=\"first-2\"><a href=\"https:\/\/bemypartner.es\/tag\/agencia-de-comunicacion\/\">agencia de comunicaci\u00f3n<\/a><\/div>\n\n\t\t\t\t\t\t\t\t\n\t\t\t\t\t\t\t\t\t\t<div class=\"first-2\"><a href=\"https:\/\/bemypartner.es\/tag\/bemypartner\/\">bemypartner<\/a><\/div>\n\n\t\t\t\t\t\t\t\t\n\t\t\t\t\t\t\t\t\t\t<div class=\"first-2\"><a href=\"https:\/\/bemypartner.es\/tag\/bemypartnercom\/\">Bemypartnercom<\/a><\/div>\n\n\t\t\t\t\t\t\t\t\n\t\t\t\t\t\t\t\t\t\t<div class=\"first-2\"><a href=\"https:\/\/bemypartner.es\/tag\/comunicacion\/\">comunicaci\u00f3n<\/a><\/div>\n\n\t\t\t\t\t\t\t\t\n\t\t\t\t\t\t\t\t\t\t<div class=\"first-2\"><a href=\"https:\/\/bemypartner.es\/tag\/dosier-de-prensa\/\">dosier de prensa<\/a><\/div>\n\n\t\t\t\t\t\t\t\t\n\t\t\t\t\t\t\t\t\t\t<div class=\"first-2\"><a href=\"https:\/\/bemypartner.es\/tag\/medios-de-comunicacion\/\">medios de comunicaci\u00f3n<\/a><\/div>\n\n\t\t\t\t\t\t\t\t\n\t\t\t\t\t\t\t\t\t\t<div class=\"first-2\"><a href=\"https:\/\/bemypartner.es\/tag\/prensa\/\">prensa<\/a><\/div>\n\n\t\t\t\t\t\t\t\t\n\t\t\t\t\t\t\t\t\n\n\t\t\t\t\t\t\t<\/div>\n\t\t\t\t\t\t\n                        <div class=\"vcpg-footer-right\">\n                            <div class=\"vcpg-comment-wrap\">\n                                <span><i class=\"icofont-comment\"><\/i> 0<\/span>\n                            <\/div>\n\n                            \n<div class=\"vcpg-social-share\">\n\t<a href=\"#\"><i class=\"icofont-share\"><\/i><\/a>\n\t<div class=\"vcpg-social-inner\">\n\t\t<ul>\n\t\t\t<li>\n\t\t\t\t<a target=\"_blank\" data-social=\"facebook\" title=\"Share on Facebook\" href=\"\/\/facebook.com\/sharer.php?u=https:\/\/bemypartner.es\/ca\/el-dossier-de-prensa-que-es-y-para-que-sirve\/\">\n\t\t\t\t\t<i class=\"icofont-facebook\"><\/i>\n\t\t\t\t<\/a>\n\t\t\t<\/li>\n\t\t\t<li>\n\t\t\t\t<a target=\"_blank\" data-social=\"pinterest\" title=\"Share on Pinterest\" href=\"\/\/pinterest.com\/pin\/create\/button\/?url=https:\/\/bemypartner.es\/ca\/el-dossier-de-prensa-que-es-y-para-que-sirve\/&amp;media=\">\n\t\t\t\t\t<i class=\"icofont-pinterest\"><\/i>\n\t\t\t\t<\/a>\n\t\t\t<\/li>\n\t\t\t<li>\n\t\t\t\t<a target=\"_blank\" data-social=\"twitter\" title=\"Share on Twitter\" href=\"\/\/twitter.com\/share?url=https:\/\/bemypartner.es\/ca\/el-dossier-de-prensa-que-es-y-para-que-sirve\/&text=El dossier de prensa: \u00bfqu\u00e9 es y para qu\u00e9 sirve?\">\n\t\t\t\t\t<i class=\"icofont-twitter\"><\/i>\n\t\t\t\t<\/a>\n\t\t\t<\/li>\n\t\t<\/ul>\n\t<\/div>\n<\/div>                        <\/div>\n\n\t\t\t\t\t<\/div>\n\n\t\t\t\t<\/div>\n\t\t\t<\/div>\n\t\t<\/div>\n\t<\/div>\n<\/div>\n\n<div id=\"row-single-5009\" class=\"vcpg-row-single cl-md-12 \">\n\t<div class=\"vcpg-post-item\">\n\t\t<div class=\"vcpg-row\">\n\t\t\t<div class=\"cl-md-4\">\n\t\t\t\t<div class=\"vcpg-post-photo\">\n\t\t\t\t\t\t\t\t\t\t\t<img decoding=\"async\" class=\"post-img lazyload\" data-src=\"https:\/\/bemypartner.es\/wp-content\/uploads\/2021\/12\/Blog-BMP-2-830x420.png\" alt=\"\u00bfC\u00f3mo funcionan los art\u00edculos de opini\u00f3n en tu estrategia de comunicaci\u00f3n?\" src=\"data:image\/svg+xml;base64,PHN2ZyB3aWR0aD0iMSIgaGVpZ2h0PSIxIiB4bWxucz0iaHR0cDovL3d3dy53My5vcmcvMjAwMC9zdmciPjwvc3ZnPg==\" style=\"--smush-placeholder-width: 830px; --smush-placeholder-aspect-ratio: 830\/420;\">\n\n\t\t\t\t\t\n\t\t\t\t<\/div>\n\t\t\t<\/div>\n\t\t\t<div class=\"cl-md-8\">\n\t\t\t\t<div class=\"vcpg-post-content\">\n\t\t\t\t\t<div class=\"vcpg-categories\"><a href=\"https:\/\/bemypartner.es\/category\/agencia-de-comunicacion\/\">Agencia de comunicaci\u00f3n<\/a><a href=\"https:\/\/bemypartner.es\/category\/comunicacion\/\">Comunicaci\u00f3n<\/a><a href=\"https:\/\/bemypartner.es\/category\/prensa\/\">Prensa<\/a><\/div>\t\t\t\t\t<div class=\"vcpg-post-meta\">\n\t\t\t\t\t\t<div class=\"meta-left\">\n                            <div class=\"grid3-post-author\">\n\t\t\t\t\t\t\t\tby <strong>Bemypartner<\/strong>                            <\/div>\n                            <span class=\"publish-time\"><i class=\"icofont-clock-time\"><\/i> 20 de desembre de 2021<\/span>\n                        <\/div>\n                        <div class=\"meta-right\">\n                            <span class=\"reading-time\"><i class=\"icofont-read-book-alt\"><\/i> 2 min to read<\/span>\n                        <\/div>\n\t\t\t\t\t<\/div>\n\n\t\t\t\t\t<div class=\"vcpg-post-desc\">\n\t\t\t\t\t\t\t\t\t\t\t\t\t<h3 class=\"vcpg-heading\"><a href=\"https:\/\/bemypartner.es\/ca\/funcionamiento-de-articulos-opinion-en-estrategias-de-comunicacion\/\">\u00bfC\u00f3mo funcionan los art\u00edculos de opini\u00f3n en tu estrategia de comunicaci\u00f3n?<\/a><\/h3>\n\t\t\t\t\t\t\n\t\t\t\t\t\t\t\t\t\t\t\t\t<p>\n\t\t\t\t\t\t\t\tEn una estrategia de relaciones p\u00fablicas todas las l\u00edneas comunicativas suman y, por supuesto, apostar por realizar art\u00edculos de opini\u00f3n es una parte esencial de un plan de comunicaci\u00f3n para&hellip;<a href=\"https:\/\/bemypartner.es\/ca\/funcionamiento-de-articulos-opinion-en-estrategias-de-comunicacion\/\">Llegeix m\u00e9s ><\/a>\n\t\t\t\t\t\t\t<\/p>\n\t\t\t\t\t\t\t\t\t\t\t<\/div>\n\t\t\t\t\t<div class=\"vcpg-post-footer\">\n\t\t\t\t\t\t\t\t\t\t\t\t\t<div class=\"vcpg-post-tags\">\n\t\t\t\t\t\t\t\t<i class=\"icofont-tags\"><\/i>\n\t\t\t\t\t\t\t\t\n\t\t\t\t\t\t\t\t\t\t<div class=\"first-2\"><a href=\"https:\/\/bemypartner.es\/tag\/agencia-de-comunicacion\/\">agencia de comunicaci\u00f3n<\/a><\/div>\n\n\t\t\t\t\t\t\t\t\n\t\t\t\t\t\t\t\t\t\t<div class=\"first-2\"><a href=\"https:\/\/bemypartner.es\/tag\/bemypartner\/\">bemypartner<\/a><\/div>\n\n\t\t\t\t\t\t\t\t\n\t\t\t\t\t\t\t\t\t\t<div class=\"first-2\"><a href=\"https:\/\/bemypartner.es\/tag\/bemypartnercom\/\">Bemypartnercom<\/a><\/div>\n\n\t\t\t\t\t\t\t\t\n\t\t\t\t\t\t\t\t\t\t<div class=\"first-2\"><a href=\"https:\/\/bemypartner.es\/tag\/cobranding\/\">cobranding<\/a><\/div>\n\n\t\t\t\t\t\t\t\t\n\t\t\t\t\t\t\t\t\t\t<div class=\"first-2\"><a href=\"https:\/\/bemypartner.es\/tag\/estrategia-de-comunicacion\/\">estrategia de comunicaci\u00f3n<\/a><\/div>\n\n\t\t\t\t\t\t\t\t\n\t\t\t\t\t\t\t\t\n\n\t\t\t\t\t\t\t<\/div>\n\t\t\t\t\t\t\n                        <div class=\"vcpg-footer-right\">\n                            <div class=\"vcpg-comment-wrap\">\n                                <span><i class=\"icofont-comment\"><\/i> 0<\/span>\n                            <\/div>\n\n                            \n<div class=\"vcpg-social-share\">\n\t<a href=\"#\"><i class=\"icofont-share\"><\/i><\/a>\n\t<div class=\"vcpg-social-inner\">\n\t\t<ul>\n\t\t\t<li>\n\t\t\t\t<a target=\"_blank\" data-social=\"facebook\" title=\"Share on Facebook\" href=\"\/\/facebook.com\/sharer.php?u=https:\/\/bemypartner.es\/ca\/funcionamiento-de-articulos-opinion-en-estrategias-de-comunicacion\/\">\n\t\t\t\t\t<i class=\"icofont-facebook\"><\/i>\n\t\t\t\t<\/a>\n\t\t\t<\/li>\n\t\t\t<li>\n\t\t\t\t<a target=\"_blank\" data-social=\"pinterest\" title=\"Share on Pinterest\" href=\"\/\/pinterest.com\/pin\/create\/button\/?url=https:\/\/bemypartner.es\/ca\/funcionamiento-de-articulos-opinion-en-estrategias-de-comunicacion\/&amp;media=\">\n\t\t\t\t\t<i class=\"icofont-pinterest\"><\/i>\n\t\t\t\t<\/a>\n\t\t\t<\/li>\n\t\t\t<li>\n\t\t\t\t<a target=\"_blank\" data-social=\"twitter\" title=\"Share on Twitter\" href=\"\/\/twitter.com\/share?url=https:\/\/bemypartner.es\/ca\/funcionamiento-de-articulos-opinion-en-estrategias-de-comunicacion\/&text=\u00bfC\u00f3mo funcionan los art\u00edculos de opini\u00f3n en tu estrategia de comunicaci\u00f3n?\">\n\t\t\t\t\t<i class=\"icofont-twitter\"><\/i>\n\t\t\t\t<\/a>\n\t\t\t<\/li>\n\t\t<\/ul>\n\t<\/div>\n<\/div>                        <\/div>\n\n\t\t\t\t\t<\/div>\n\n\t\t\t\t<\/div>\n\t\t\t<\/div>\n\t\t<\/div>\n\t<\/div>\n<\/div>\n\n<div id=\"row-single-4999\" class=\"vcpg-row-single cl-md-12 \">\n\t<div class=\"vcpg-post-item\">\n\t\t<div class=\"vcpg-row\">\n\t\t\t<div class=\"cl-md-4\">\n\t\t\t\t<div class=\"vcpg-post-photo\">\n\t\t\t\t\t\t\t\t\t\t\t<img decoding=\"async\" class=\"post-img lazyload\" data-src=\"https:\/\/bemypartner.es\/wp-content\/uploads\/2021\/12\/Blog-BMP-1-830x420.png\" alt=\"Cobranding, \u00bfpor qu\u00e9 deber\u00edas incluirlo en tu estrategia de marketing?\" src=\"data:image\/svg+xml;base64,PHN2ZyB3aWR0aD0iMSIgaGVpZ2h0PSIxIiB4bWxucz0iaHR0cDovL3d3dy53My5vcmcvMjAwMC9zdmciPjwvc3ZnPg==\" style=\"--smush-placeholder-width: 830px; --smush-placeholder-aspect-ratio: 830\/420;\">\n\n\t\t\t\t\t\n\t\t\t\t<\/div>\n\t\t\t<\/div>\n\t\t\t<div class=\"cl-md-8\">\n\t\t\t\t<div class=\"vcpg-post-content\">\n\t\t\t\t\t<div class=\"vcpg-categories\"><a href=\"https:\/\/bemypartner.es\/category\/agencia-de-comunicacion\/\">Agencia de comunicaci\u00f3n<\/a><a href=\"https:\/\/bemypartner.es\/category\/campanas\/\">Campa\u00f1as<\/a><a href=\"https:\/\/bemypartner.es\/category\/comunicacion\/\">Comunicaci\u00f3n<\/a><a href=\"https:\/\/bemypartner.es\/category\/marca\/\">Marca<\/a><\/div>\t\t\t\t\t<div class=\"vcpg-post-meta\">\n\t\t\t\t\t\t<div class=\"meta-left\">\n                            <div class=\"grid3-post-author\">\n\t\t\t\t\t\t\t\tby <strong>Bemypartner<\/strong>                            <\/div>\n                            <span class=\"publish-time\"><i class=\"icofont-clock-time\"><\/i> 16 de desembre de 2021<\/span>\n                        <\/div>\n                        <div class=\"meta-right\">\n                            <span class=\"reading-time\"><i class=\"icofont-read-book-alt\"><\/i> 3 min to read<\/span>\n                        <\/div>\n\t\t\t\t\t<\/div>\n\n\t\t\t\t\t<div class=\"vcpg-post-desc\">\n\t\t\t\t\t\t\t\t\t\t\t\t\t<h3 class=\"vcpg-heading\"><a href=\"https:\/\/bemypartner.es\/ca\/cobranding-por-que-incluirlo-en-tu-estrategia-de-marketing\/\">Cobranding, \u00bfpor qu\u00e9 deber\u00edas incluirlo en tu estrategia de marketing?<\/a><\/h3>\n\t\t\t\t\t\t\n\t\t\t\t\t\t\t\t\t\t\t\t\t<p>\n\t\t\t\t\t\t\t\t\u00bfCu\u00e1ntas veces nos hemos sorprendido viendo unidas a dos marcas reconocidas sin previa conexi\u00f3n? Esta coincidencia no es fortuita sino que es fruto de una estrategia de marketing, una estrategia&hellip;<a href=\"https:\/\/bemypartner.es\/ca\/cobranding-por-que-incluirlo-en-tu-estrategia-de-marketing\/\">Llegeix m\u00e9s ><\/a>\n\t\t\t\t\t\t\t<\/p>\n\t\t\t\t\t\t\t\t\t\t\t<\/div>\n\t\t\t\t\t<div class=\"vcpg-post-footer\">\n\t\t\t\t\t\t\t\t\t\t\t\t\t<div class=\"vcpg-post-tags\">\n\t\t\t\t\t\t\t\t<i class=\"icofont-tags\"><\/i>\n\t\t\t\t\t\t\t\t\n\t\t\t\t\t\t\t\t\t\t<div class=\"first-2\"><a href=\"https:\/\/bemypartner.es\/tag\/agencia-de-comunicacion\/\">agencia de comunicaci\u00f3n<\/a><\/div>\n\n\t\t\t\t\t\t\t\t\n\t\t\t\t\t\t\t\t\t\t<div class=\"first-2\"><a href=\"https:\/\/bemypartner.es\/tag\/bemypartner\/\">bemypartner<\/a><\/div>\n\n\t\t\t\t\t\t\t\t\n\t\t\t\t\t\t\t\t\t\t<div class=\"first-2\"><a href=\"https:\/\/bemypartner.es\/tag\/bemypartnercom\/\">Bemypartnercom<\/a><\/div>\n\n\t\t\t\t\t\t\t\t\n\t\t\t\t\t\t\t\t\t\t<div class=\"first-2\"><a href=\"https:\/\/bemypartner.es\/tag\/cobranding\/\">cobranding<\/a><\/div>\n\n\t\t\t\t\t\t\t\t\n\t\t\t\t\t\t\t\t\t\t<div class=\"first-2\"><a href=\"https:\/\/bemypartner.es\/tag\/estrategia-de-comunicacion\/\">estrategia de comunicaci\u00f3n<\/a><\/div>\n\n\t\t\t\t\t\t\t\t\n\t\t\t\t\t\t\t\t\n\n\t\t\t\t\t\t\t<\/div>\n\t\t\t\t\t\t\n                        <div class=\"vcpg-footer-right\">\n                            <div class=\"vcpg-comment-wrap\">\n                                <span><i class=\"icofont-comment\"><\/i> 0<\/span>\n                            <\/div>\n\n                            \n<div class=\"vcpg-social-share\">\n\t<a href=\"#\"><i class=\"icofont-share\"><\/i><\/a>\n\t<div class=\"vcpg-social-inner\">\n\t\t<ul>\n\t\t\t<li>\n\t\t\t\t<a target=\"_blank\" data-social=\"facebook\" title=\"Share on Facebook\" href=\"\/\/facebook.com\/sharer.php?u=https:\/\/bemypartner.es\/ca\/cobranding-por-que-incluirlo-en-tu-estrategia-de-marketing\/\">\n\t\t\t\t\t<i class=\"icofont-facebook\"><\/i>\n\t\t\t\t<\/a>\n\t\t\t<\/li>\n\t\t\t<li>\n\t\t\t\t<a target=\"_blank\" data-social=\"pinterest\" title=\"Share on Pinterest\" href=\"\/\/pinterest.com\/pin\/create\/button\/?url=https:\/\/bemypartner.es\/ca\/cobranding-por-que-incluirlo-en-tu-estrategia-de-marketing\/&amp;media=\">\n\t\t\t\t\t<i class=\"icofont-pinterest\"><\/i>\n\t\t\t\t<\/a>\n\t\t\t<\/li>\n\t\t\t<li>\n\t\t\t\t<a target=\"_blank\" data-social=\"twitter\" title=\"Share on Twitter\" href=\"\/\/twitter.com\/share?url=https:\/\/bemypartner.es\/ca\/cobranding-por-que-incluirlo-en-tu-estrategia-de-marketing\/&text=Cobranding, \u00bfpor qu\u00e9 deber\u00edas incluirlo en tu estrategia de marketing?\">\n\t\t\t\t\t<i class=\"icofont-twitter\"><\/i>\n\t\t\t\t<\/a>\n\t\t\t<\/li>\n\t\t<\/ul>\n\t<\/div>\n<\/div>                        <\/div>\n\n\t\t\t\t\t<\/div>\n\n\t\t\t\t<\/div>\n\t\t\t<\/div>\n\t\t<\/div>\n\t<\/div>\n<\/div>\n\n<div id=\"row-single-4989\" class=\"vcpg-row-single cl-md-12 \">\n\t<div class=\"vcpg-post-item\">\n\t\t<div class=\"vcpg-row\">\n\t\t\t<div class=\"cl-md-4\">\n\t\t\t\t<div class=\"vcpg-post-photo\">\n\t\t\t\t\t\t\t\t\t\t\t<img decoding=\"async\" class=\"post-img lazyload\" data-src=\"https:\/\/bemypartner.es\/wp-content\/uploads\/2021\/12\/Blog-BMP-830x420.png\" alt=\"5 consejos para aparecer en los medios de comunicaci\u00f3n\" src=\"data:image\/svg+xml;base64,PHN2ZyB3aWR0aD0iMSIgaGVpZ2h0PSIxIiB4bWxucz0iaHR0cDovL3d3dy53My5vcmcvMjAwMC9zdmciPjwvc3ZnPg==\" style=\"--smush-placeholder-width: 830px; --smush-placeholder-aspect-ratio: 830\/420;\">\n\n\t\t\t\t\t\n\t\t\t\t<\/div>\n\t\t\t<\/div>\n\t\t\t<div class=\"cl-md-8\">\n\t\t\t\t<div class=\"vcpg-post-content\">\n\t\t\t\t\t<div class=\"vcpg-categories\"><a href=\"https:\/\/bemypartner.es\/category\/agencia-de-comunicacion\/\">Agencia de comunicaci\u00f3n<\/a><a href=\"https:\/\/bemypartner.es\/category\/campanas\/\">Campa\u00f1as<\/a><a href=\"https:\/\/bemypartner.es\/category\/comunicacion\/\">Comunicaci\u00f3n<\/a><a href=\"https:\/\/bemypartner.es\/category\/relaciones-publicas\/\">Relaciones P\u00fablicas<\/a><\/div>\t\t\t\t\t<div class=\"vcpg-post-meta\">\n\t\t\t\t\t\t<div class=\"meta-left\">\n                            <div class=\"grid3-post-author\">\n\t\t\t\t\t\t\t\tby <strong>Bemypartner<\/strong>                            <\/div>\n                            <span class=\"publish-time\"><i class=\"icofont-clock-time\"><\/i> 10 de desembre de 2021<\/span>\n                        <\/div>\n                        <div class=\"meta-right\">\n                            <span class=\"reading-time\"><i class=\"icofont-read-book-alt\"><\/i> 4 min to read<\/span>\n                        <\/div>\n\t\t\t\t\t<\/div>\n\n\t\t\t\t\t<div class=\"vcpg-post-desc\">\n\t\t\t\t\t\t\t\t\t\t\t\t\t<h3 class=\"vcpg-heading\"><a href=\"https:\/\/bemypartner.es\/ca\/consejos-aparecer-medios-comunicacion\/\">5 consejos para aparecer en los medios de comunicaci\u00f3n<\/a><\/h3>\n\t\t\t\t\t\t\n\t\t\t\t\t\t\t\t\t\t\t\t\t<p>\n\t\t\t\t\t\t\t\tAparecer en los medios de comunicaci\u00f3n es una parte fundamental e insustituible en cualquier campa\u00f1a de comunicaci\u00f3n y relaciones p\u00fablicas. Tanto es as\u00ed, que todo lo que se publique en&hellip;<a href=\"https:\/\/bemypartner.es\/ca\/consejos-aparecer-medios-comunicacion\/\">Llegeix m\u00e9s ><\/a>\n\t\t\t\t\t\t\t<\/p>\n\t\t\t\t\t\t\t\t\t\t\t<\/div>\n\t\t\t\t\t<div class=\"vcpg-post-footer\">\n\t\t\t\t\t\t\t\t\t\t\t\t\t<div class=\"vcpg-post-tags\">\n\t\t\t\t\t\t\t\t<i class=\"icofont-tags\"><\/i>\n\t\t\t\t\t\t\t\t\n\t\t\t\t\t\t\t\t\t\t<div class=\"first-2\"><a href=\"https:\/\/bemypartner.es\/tag\/agencia-de-comunicacion\/\">agencia de comunicaci\u00f3n<\/a><\/div>\n\n\t\t\t\t\t\t\t\t\n\t\t\t\t\t\t\t\t\t\t<div class=\"first-2\"><a href=\"https:\/\/bemypartner.es\/tag\/bemypartner\/\">bemypartner<\/a><\/div>\n\n\t\t\t\t\t\t\t\t\n\t\t\t\t\t\t\t\t\t\t<div class=\"first-2\"><a href=\"https:\/\/bemypartner.es\/tag\/bemypartnercom\/\">Bemypartnercom<\/a><\/div>\n\n\t\t\t\t\t\t\t\t\n\t\t\t\t\t\t\t\t\t\t<div class=\"first-2\"><a href=\"https:\/\/bemypartner.es\/tag\/comunicacion\/\">comunicaci\u00f3n<\/a><\/div>\n\n\t\t\t\t\t\t\t\t\n\t\t\t\t\t\t\t\t\t\t<div class=\"first-2\"><a href=\"https:\/\/bemypartner.es\/tag\/estrategia-de-comunicacion\/\">estrategia de comunicaci\u00f3n<\/a><\/div>\n\n\t\t\t\t\t\t\t\t\n\t\t\t\t\t\t\t\t\t\t<div class=\"first-2\"><a href=\"https:\/\/bemypartner.es\/tag\/medios-de-comunicacion\/\">medios de comunicaci\u00f3n<\/a><\/div>\n\n\t\t\t\t\t\t\t\t\n\t\t\t\t\t\t\t\t\n\n\t\t\t\t\t\t\t<\/div>\n\t\t\t\t\t\t\n                        <div class=\"vcpg-footer-right\">\n                            <div class=\"vcpg-comment-wrap\">\n                                <span><i class=\"icofont-comment\"><\/i> 0<\/span>\n                            <\/div>\n\n                            \n<div class=\"vcpg-social-share\">\n\t<a href=\"#\"><i class=\"icofont-share\"><\/i><\/a>\n\t<div class=\"vcpg-social-inner\">\n\t\t<ul>\n\t\t\t<li>\n\t\t\t\t<a target=\"_blank\" data-social=\"facebook\" title=\"Share on Facebook\" href=\"\/\/facebook.com\/sharer.php?u=https:\/\/bemypartner.es\/ca\/consejos-aparecer-medios-comunicacion\/\">\n\t\t\t\t\t<i class=\"icofont-facebook\"><\/i>\n\t\t\t\t<\/a>\n\t\t\t<\/li>\n\t\t\t<li>\n\t\t\t\t<a target=\"_blank\" data-social=\"pinterest\" title=\"Share on Pinterest\" href=\"\/\/pinterest.com\/pin\/create\/button\/?url=https:\/\/bemypartner.es\/ca\/consejos-aparecer-medios-comunicacion\/&amp;media=\">\n\t\t\t\t\t<i class=\"icofont-pinterest\"><\/i>\n\t\t\t\t<\/a>\n\t\t\t<\/li>\n\t\t\t<li>\n\t\t\t\t<a target=\"_blank\" data-social=\"twitter\" title=\"Share on Twitter\" href=\"\/\/twitter.com\/share?url=https:\/\/bemypartner.es\/ca\/consejos-aparecer-medios-comunicacion\/&text=5 consejos para aparecer en los medios de comunicaci\u00f3n\">\n\t\t\t\t\t<i class=\"icofont-twitter\"><\/i>\n\t\t\t\t<\/a>\n\t\t\t<\/li>\n\t\t<\/ul>\n\t<\/div>\n<\/div>                        <\/div>\n\n\t\t\t\t\t<\/div>\n\n\t\t\t\t<\/div>\n\t\t\t<\/div>\n\t\t<\/div>\n\t<\/div>\n<\/div>\n\n<div id=\"row-single-4984\" class=\"vcpg-row-single cl-md-12 \">\n\t<div class=\"vcpg-post-item\">\n\t\t<div class=\"vcpg-row\">\n\t\t\t<div class=\"cl-md-4\">\n\t\t\t\t<div class=\"vcpg-post-photo\">\n\t\t\t\t\t\t\t\t\t\t\t<img decoding=\"async\" class=\"post-img lazyload\" data-src=\"https:\/\/bemypartner.es\/wp-content\/uploads\/2021\/12\/Blog-BMP-4-830x420.png\" alt=\"6 aspectos clave de comunicaci\u00f3n para tu negocio online\" src=\"data:image\/svg+xml;base64,PHN2ZyB3aWR0aD0iMSIgaGVpZ2h0PSIxIiB4bWxucz0iaHR0cDovL3d3dy53My5vcmcvMjAwMC9zdmciPjwvc3ZnPg==\" style=\"--smush-placeholder-width: 830px; --smush-placeholder-aspect-ratio: 830\/420;\">\n\n\t\t\t\t\t\n\t\t\t\t<\/div>\n\t\t\t<\/div>\n\t\t\t<div class=\"cl-md-8\">\n\t\t\t\t<div class=\"vcpg-post-content\">\n\t\t\t\t\t<div class=\"vcpg-categories\"><a href=\"https:\/\/bemypartner.es\/category\/agencia-de-comunicacion\/\">Agencia de comunicaci\u00f3n<\/a><a href=\"https:\/\/bemypartner.es\/category\/comunicacion\/\">Comunicaci\u00f3n<\/a><a href=\"https:\/\/bemypartner.es\/category\/marca\/\">Marca<\/a><\/div>\t\t\t\t\t<div class=\"vcpg-post-meta\">\n\t\t\t\t\t\t<div class=\"meta-left\">\n                            <div class=\"grid3-post-author\">\n\t\t\t\t\t\t\t\tby <strong>Bemypartner<\/strong>                            <\/div>\n                            <span class=\"publish-time\"><i class=\"icofont-clock-time\"><\/i> 02 de desembre de 2021<\/span>\n                        <\/div>\n                        <div class=\"meta-right\">\n                            <span class=\"reading-time\"><i class=\"icofont-read-book-alt\"><\/i> 6 min to read<\/span>\n                        <\/div>\n\t\t\t\t\t<\/div>\n\n\t\t\t\t\t<div class=\"vcpg-post-desc\">\n\t\t\t\t\t\t\t\t\t\t\t\t\t<h3 class=\"vcpg-heading\"><a href=\"https:\/\/bemypartner.es\/ca\/comunicacion-negocio-online\/\">6 aspectos clave de comunicaci\u00f3n para tu negocio online<\/a><\/h3>\n\t\t\t\t\t\t\n\t\t\t\t\t\t\t\t\t\t\t\t\t<p>\n\t\t\t\t\t\t\t\tAlgunos factores de comunicaci\u00f3n para tu negocio online, son claves para asegurarnos un futuro ordenado y exitoso. Es posible que tengamos una idea que a simple vista parezca muy prometedora&hellip;<a href=\"https:\/\/bemypartner.es\/ca\/comunicacion-negocio-online\/\">Llegeix m\u00e9s ><\/a>\n\t\t\t\t\t\t\t<\/p>\n\t\t\t\t\t\t\t\t\t\t\t<\/div>\n\t\t\t\t\t<div class=\"vcpg-post-footer\">\n\t\t\t\t\t\t\t\t\t\t\t\t\t<div class=\"vcpg-post-tags\">\n\t\t\t\t\t\t\t\t<i class=\"icofont-tags\"><\/i>\n\t\t\t\t\t\t\t\t\n\t\t\t\t\t\t\t\t\t\t<div class=\"first-2\"><a href=\"https:\/\/bemypartner.es\/tag\/agencia-de-comunicacion\/\">agencia de comunicaci\u00f3n<\/a><\/div>\n\n\t\t\t\t\t\t\t\t\n\t\t\t\t\t\t\t\t\t\t<div class=\"first-2\"><a href=\"https:\/\/bemypartner.es\/tag\/bemypartnercom\/\">Bemypartnercom<\/a><\/div>\n\n\t\t\t\t\t\t\t\t\n\t\t\t\t\t\t\t\t\t\t<div class=\"first-2\"><a href=\"https:\/\/bemypartner.es\/tag\/estrategia-de-comunicacion\/\">estrategia de comunicaci\u00f3n<\/a><\/div>\n\n\t\t\t\t\t\t\t\t\n\t\t\t\t\t\t\t\t\n\n\t\t\t\t\t\t\t<\/div>\n\t\t\t\t\t\t\n                        <div class=\"vcpg-footer-right\">\n                            <div class=\"vcpg-comment-wrap\">\n                                <span><i class=\"icofont-comment\"><\/i> 0<\/span>\n                            <\/div>\n\n                            \n<div class=\"vcpg-social-share\">\n\t<a href=\"#\"><i class=\"icofont-share\"><\/i><\/a>\n\t<div class=\"vcpg-social-inner\">\n\t\t<ul>\n\t\t\t<li>\n\t\t\t\t<a target=\"_blank\" data-social=\"facebook\" title=\"Share on Facebook\" href=\"\/\/facebook.com\/sharer.php?u=https:\/\/bemypartner.es\/ca\/comunicacion-negocio-online\/\">\n\t\t\t\t\t<i class=\"icofont-facebook\"><\/i>\n\t\t\t\t<\/a>\n\t\t\t<\/li>\n\t\t\t<li>\n\t\t\t\t<a target=\"_blank\" data-social=\"pinterest\" title=\"Share on Pinterest\" href=\"\/\/pinterest.com\/pin\/create\/button\/?url=https:\/\/bemypartner.es\/ca\/comunicacion-negocio-online\/&amp;media=\">\n\t\t\t\t\t<i class=\"icofont-pinterest\"><\/i>\n\t\t\t\t<\/a>\n\t\t\t<\/li>\n\t\t\t<li>\n\t\t\t\t<a target=\"_blank\" data-social=\"twitter\" title=\"Share on Twitter\" href=\"\/\/twitter.com\/share?url=https:\/\/bemypartner.es\/ca\/comunicacion-negocio-online\/&text=6 aspectos clave de comunicaci\u00f3n para tu negocio online\">\n\t\t\t\t\t<i class=\"icofont-twitter\"><\/i>\n\t\t\t\t<\/a>\n\t\t\t<\/li>\n\t\t<\/ul>\n\t<\/div>\n<\/div>                        <\/div>\n\n\t\t\t\t\t<\/div>\n\n\t\t\t\t<\/div>\n\t\t\t<\/div>\n\t\t<\/div>\n\t<\/div>\n<\/div>\n\n<div id=\"row-single-4976\" class=\"vcpg-row-single cl-md-12 \">\n\t<div class=\"vcpg-post-item\">\n\t\t<div class=\"vcpg-row\">\n\t\t\t<div class=\"cl-md-4\">\n\t\t\t\t<div class=\"vcpg-post-photo\">\n\t\t\t\t\t\t\t\t\t\t\t<img decoding=\"async\" class=\"post-img lazyload\" data-src=\"https:\/\/bemypartner.es\/wp-content\/uploads\/2021\/11\/Marca-de-cosmetica-830x420.png\" alt=\"Aspectos clave para lanzar una marca de cosm\u00e9tica a medios\" src=\"data:image\/svg+xml;base64,PHN2ZyB3aWR0aD0iMSIgaGVpZ2h0PSIxIiB4bWxucz0iaHR0cDovL3d3dy53My5vcmcvMjAwMC9zdmciPjwvc3ZnPg==\" style=\"--smush-placeholder-width: 830px; --smush-placeholder-aspect-ratio: 830\/420;\">\n\n\t\t\t\t\t\n\t\t\t\t<\/div>\n\t\t\t<\/div>\n\t\t\t<div class=\"cl-md-8\">\n\t\t\t\t<div class=\"vcpg-post-content\">\n\t\t\t\t\t<div class=\"vcpg-categories\"><a href=\"https:\/\/bemypartner.es\/category\/agencia-de-comunicacion\/\">Agencia de comunicaci\u00f3n<\/a><a href=\"https:\/\/bemypartner.es\/category\/comunicacion\/\">Comunicaci\u00f3n<\/a><a href=\"https:\/\/bemypartner.es\/category\/marca\/\">Marca<\/a><a href=\"https:\/\/bemypartner.es\/category\/prensa\/\">Prensa<\/a><a href=\"https:\/\/bemypartner.es\/category\/relaciones-publicas\/\">Relaciones P\u00fablicas<\/a><\/div>\t\t\t\t\t<div class=\"vcpg-post-meta\">\n\t\t\t\t\t\t<div class=\"meta-left\">\n                            <div class=\"grid3-post-author\">\n\t\t\t\t\t\t\t\tby <strong>Bemypartner<\/strong>                            <\/div>\n                            <span class=\"publish-time\"><i class=\"icofont-clock-time\"><\/i> 23 de novembre de 2021<\/span>\n                        <\/div>\n                        <div class=\"meta-right\">\n                            <span class=\"reading-time\"><i class=\"icofont-read-book-alt\"><\/i> 4 min to read<\/span>\n                        <\/div>\n\t\t\t\t\t<\/div>\n\n\t\t\t\t\t<div class=\"vcpg-post-desc\">\n\t\t\t\t\t\t\t\t\t\t\t\t\t<h3 class=\"vcpg-heading\"><a href=\"https:\/\/bemypartner.es\/ca\/aspectos-clave-lanzar-marca-cosmetica-medios\/\">Aspectos clave para lanzar una marca de cosm\u00e9tica a medios<\/a><\/h3>\n\t\t\t\t\t\t\n\t\t\t\t\t\t\t\t\t\t\t\t\t<p>\n\t\t\t\t\t\t\t\tEl sector de belleza se ha convertido en uno de los m\u00e1s copados debido al surgimiento de muchas marcas en los \u00faltimos tiempos. Por eso, estos aspectos clave para lanzar&hellip;<a href=\"https:\/\/bemypartner.es\/ca\/aspectos-clave-lanzar-marca-cosmetica-medios\/\">Llegeix m\u00e9s ><\/a>\n\t\t\t\t\t\t\t<\/p>\n\t\t\t\t\t\t\t\t\t\t\t<\/div>\n\t\t\t\t\t<div class=\"vcpg-post-footer\">\n\t\t\t\t\t\t\t\t\t\t\t\t\t<div class=\"vcpg-post-tags\">\n\t\t\t\t\t\t\t\t<i class=\"icofont-tags\"><\/i>\n\t\t\t\t\t\t\t\t\n\t\t\t\t\t\t\t\t\t\t<div class=\"first-2\"><a href=\"https:\/\/bemypartner.es\/tag\/agencia-de-comunicacion\/\">agencia de comunicaci\u00f3n<\/a><\/div>\n\n\t\t\t\t\t\t\t\t\n\t\t\t\t\t\t\t\t\t\t<div class=\"first-2\"><a href=\"https:\/\/bemypartner.es\/tag\/bemypartnercom\/\">Bemypartnercom<\/a><\/div>\n\n\t\t\t\t\t\t\t\t\n\t\t\t\t\t\t\t\t\t\t<div class=\"first-2\"><a href=\"https:\/\/bemypartner.es\/tag\/campana-de-comunicacion\/\">campa\u00f1a de comunicaci\u00f3n<\/a><\/div>\n\n\t\t\t\t\t\t\t\t\n\t\t\t\t\t\t\t\t\t\t<div class=\"first-2\"><a href=\"https:\/\/bemypartner.es\/tag\/comunicacion\/\">comunicaci\u00f3n<\/a><\/div>\n\n\t\t\t\t\t\t\t\t\n\t\t\t\t\t\t\t\t\t\t<div class=\"first-2\"><a href=\"https:\/\/bemypartner.es\/tag\/lanzamiento-de-marca\/\">Lanzamiento de marca<\/a><\/div>\n\n\t\t\t\t\t\t\t\t\n\t\t\t\t\t\t\t\t\t\t<div class=\"first-2\"><a href=\"https:\/\/bemypartner.es\/tag\/marca-de-cosmetica\/\">Marca de cosm\u00e9tica<\/a><\/div>\n\n\t\t\t\t\t\t\t\t\n\t\t\t\t\t\t\t\t\t\t<div class=\"first-2\"><a href=\"https:\/\/bemypartner.es\/tag\/medios-de-comunicacion\/\">medios de comunicaci\u00f3n<\/a><\/div>\n\n\t\t\t\t\t\t\t\t\n\t\t\t\t\t\t\t\t\n\n\t\t\t\t\t\t\t<\/div>\n\t\t\t\t\t\t\n                        <div class=\"vcpg-footer-right\">\n                            <div class=\"vcpg-comment-wrap\">\n                                <span><i class=\"icofont-comment\"><\/i> 0<\/span>\n                            <\/div>\n\n                            \n<div class=\"vcpg-social-share\">\n\t<a href=\"#\"><i class=\"icofont-share\"><\/i><\/a>\n\t<div class=\"vcpg-social-inner\">\n\t\t<ul>\n\t\t\t<li>\n\t\t\t\t<a target=\"_blank\" data-social=\"facebook\" title=\"Share on Facebook\" href=\"\/\/facebook.com\/sharer.php?u=https:\/\/bemypartner.es\/ca\/aspectos-clave-lanzar-marca-cosmetica-medios\/\">\n\t\t\t\t\t<i class=\"icofont-facebook\"><\/i>\n\t\t\t\t<\/a>\n\t\t\t<\/li>\n\t\t\t<li>\n\t\t\t\t<a target=\"_blank\" data-social=\"pinterest\" title=\"Share on Pinterest\" href=\"\/\/pinterest.com\/pin\/create\/button\/?url=https:\/\/bemypartner.es\/ca\/aspectos-clave-lanzar-marca-cosmetica-medios\/&amp;media=\">\n\t\t\t\t\t<i class=\"icofont-pinterest\"><\/i>\n\t\t\t\t<\/a>\n\t\t\t<\/li>\n\t\t\t<li>\n\t\t\t\t<a target=\"_blank\" data-social=\"twitter\" title=\"Share on Twitter\" href=\"\/\/twitter.com\/share?url=https:\/\/bemypartner.es\/ca\/aspectos-clave-lanzar-marca-cosmetica-medios\/&text=Aspectos clave para lanzar una marca de cosm\u00e9tica a medios\">\n\t\t\t\t\t<i class=\"icofont-twitter\"><\/i>\n\t\t\t\t<\/a>\n\t\t\t<\/li>\n\t\t<\/ul>\n\t<\/div>\n<\/div>                        <\/div>\n\n\t\t\t\t\t<\/div>\n\n\t\t\t\t<\/div>\n\t\t\t<\/div>\n\t\t<\/div>\n\t<\/div>\n<\/div>\n\n<div id=\"row-single-4971\" class=\"vcpg-row-single cl-md-12 \">\n\t<div class=\"vcpg-post-item\">\n\t\t<div class=\"vcpg-row\">\n\t\t\t<div class=\"cl-md-4\">\n\t\t\t\t<div class=\"vcpg-post-photo\">\n\t\t\t\t\t\t\t\t\t\t\t<img decoding=\"async\" class=\"post-img lazyload\" data-src=\"https:\/\/bemypartner.es\/wp-content\/uploads\/2021\/11\/Blog-BMP-3-830x420.png\" alt=\"Como incluir en redes sociales tu estrategia de Black Friday\" src=\"data:image\/svg+xml;base64,PHN2ZyB3aWR0aD0iMSIgaGVpZ2h0PSIxIiB4bWxucz0iaHR0cDovL3d3dy53My5vcmcvMjAwMC9zdmciPjwvc3ZnPg==\" style=\"--smush-placeholder-width: 830px; --smush-placeholder-aspect-ratio: 830\/420;\">\n\n\t\t\t\t\t\n\t\t\t\t<\/div>\n\t\t\t<\/div>\n\t\t\t<div class=\"cl-md-8\">\n\t\t\t\t<div class=\"vcpg-post-content\">\n\t\t\t\t\t<div class=\"vcpg-categories\"><a href=\"https:\/\/bemypartner.es\/category\/sin-categorizar\/\">Sin categorizar<\/a><\/div>\t\t\t\t\t<div class=\"vcpg-post-meta\">\n\t\t\t\t\t\t<div class=\"meta-left\">\n                            <div class=\"grid3-post-author\">\n\t\t\t\t\t\t\t\tby <strong>Bemypartner<\/strong>                            <\/div>\n                            <span class=\"publish-time\"><i class=\"icofont-clock-time\"><\/i> 19 de novembre de 2021<\/span>\n                        <\/div>\n                        <div class=\"meta-right\">\n                            <span class=\"reading-time\"><i class=\"icofont-read-book-alt\"><\/i> 3 min to read<\/span>\n                        <\/div>\n\t\t\t\t\t<\/div>\n\n\t\t\t\t\t<div class=\"vcpg-post-desc\">\n\t\t\t\t\t\t\t\t\t\t\t\t\t<h3 class=\"vcpg-heading\"><a href=\"https:\/\/bemypartner.es\/ca\/blackfriday-redes-sociales\/\">Como incluir en redes sociales tu estrategia de Black Friday<\/a><\/h3>\n\t\t\t\t\t\t\n\t\t\t\t\t\t\t\t\t\t\t\t\t<p>\n\t\t\t\t\t\t\t\tEl Black Friday es una de las fechas m\u00e1s esperadas de todo el a\u00f1o tanto para compradores como para empresas. Para los consumidores, por la gran cantidad de ofertas y&hellip;<a href=\"https:\/\/bemypartner.es\/ca\/blackfriday-redes-sociales\/\">Llegeix m\u00e9s ><\/a>\n\t\t\t\t\t\t\t<\/p>\n\t\t\t\t\t\t\t\t\t\t\t<\/div>\n\t\t\t\t\t<div class=\"vcpg-post-footer\">\n\t\t\t\t\t\t\n                        <div class=\"vcpg-footer-right\">\n                            <div class=\"vcpg-comment-wrap\">\n                                <span><i class=\"icofont-comment\"><\/i> 0<\/span>\n                            <\/div>\n\n                            \n<div class=\"vcpg-social-share\">\n\t<a href=\"#\"><i class=\"icofont-share\"><\/i><\/a>\n\t<div class=\"vcpg-social-inner\">\n\t\t<ul>\n\t\t\t<li>\n\t\t\t\t<a target=\"_blank\" data-social=\"facebook\" title=\"Share on Facebook\" href=\"\/\/facebook.com\/sharer.php?u=https:\/\/bemypartner.es\/ca\/blackfriday-redes-sociales\/\">\n\t\t\t\t\t<i class=\"icofont-facebook\"><\/i>\n\t\t\t\t<\/a>\n\t\t\t<\/li>\n\t\t\t<li>\n\t\t\t\t<a target=\"_blank\" data-social=\"pinterest\" title=\"Share on Pinterest\" href=\"\/\/pinterest.com\/pin\/create\/button\/?url=https:\/\/bemypartner.es\/ca\/blackfriday-redes-sociales\/&amp;media=\">\n\t\t\t\t\t<i class=\"icofont-pinterest\"><\/i>\n\t\t\t\t<\/a>\n\t\t\t<\/li>\n\t\t\t<li>\n\t\t\t\t<a target=\"_blank\" data-social=\"twitter\" title=\"Share on Twitter\" href=\"\/\/twitter.com\/share?url=https:\/\/bemypartner.es\/ca\/blackfriday-redes-sociales\/&text=Como incluir en redes sociales tu estrategia de Black Friday\">\n\t\t\t\t\t<i class=\"icofont-twitter\"><\/i>\n\t\t\t\t<\/a>\n\t\t\t<\/li>\n\t\t<\/ul>\n\t<\/div>\n<\/div>                        <\/div>\n\n\t\t\t\t\t<\/div>\n\n\t\t\t\t<\/div>\n\t\t\t<\/div>\n\t\t<\/div>\n\t<\/div>\n<\/div>\n\n<div id=\"row-single-4964\" class=\"vcpg-row-single cl-md-12 \">\n\t<div class=\"vcpg-post-item\">\n\t\t<div class=\"vcpg-row\">\n\t\t\t<div class=\"cl-md-4\">\n\t\t\t\t<div class=\"vcpg-post-photo\">\n\t\t\t\t\t\t\t\t\t\t\t<img decoding=\"async\" class=\"post-img lazyload\" data-src=\"https:\/\/bemypartner.es\/wp-content\/uploads\/2021\/11\/Notas-de-prensa-830x420.png\" alt=\"\u00bfC\u00f3mo evitar que tu nota de prensa termine en la papelera de reciclaje?\" src=\"data:image\/svg+xml;base64,PHN2ZyB3aWR0aD0iMSIgaGVpZ2h0PSIxIiB4bWxucz0iaHR0cDovL3d3dy53My5vcmcvMjAwMC9zdmciPjwvc3ZnPg==\" style=\"--smush-placeholder-width: 830px; --smush-placeholder-aspect-ratio: 830\/420;\">\n\n\t\t\t\t\t\n\t\t\t\t<\/div>\n\t\t\t<\/div>\n\t\t\t<div class=\"cl-md-8\">\n\t\t\t\t<div class=\"vcpg-post-content\">\n\t\t\t\t\t<div class=\"vcpg-categories\"><a href=\"https:\/\/bemypartner.es\/category\/agencia-de-comunicacion\/\">Agencia de comunicaci\u00f3n<\/a><a href=\"https:\/\/bemypartner.es\/category\/comunicacion\/\">Comunicaci\u00f3n<\/a><a href=\"https:\/\/bemypartner.es\/category\/prensa\/\">Prensa<\/a><a href=\"https:\/\/bemypartner.es\/category\/relaciones-publicas\/\">Relaciones P\u00fablicas<\/a><\/div>\t\t\t\t\t<div class=\"vcpg-post-meta\">\n\t\t\t\t\t\t<div class=\"meta-left\">\n                            <div class=\"grid3-post-author\">\n\t\t\t\t\t\t\t\tby <strong>Bemypartner<\/strong>                            <\/div>\n                            <span class=\"publish-time\"><i class=\"icofont-clock-time\"><\/i> 12 de novembre de 2021<\/span>\n                        <\/div>\n                        <div class=\"meta-right\">\n                            <span class=\"reading-time\"><i class=\"icofont-read-book-alt\"><\/i> 4 min to read<\/span>\n                        <\/div>\n\t\t\t\t\t<\/div>\n\n\t\t\t\t\t<div class=\"vcpg-post-desc\">\n\t\t\t\t\t\t\t\t\t\t\t\t\t<h3 class=\"vcpg-heading\"><a href=\"https:\/\/bemypartner.es\/ca\/como-evitar-que-tu-nota-de-prensa-termine-en-la-papelera-de-reciclaje\/\">\u00bfC\u00f3mo evitar que tu nota de prensa termine en la papelera de reciclaje?<\/a><\/h3>\n\t\t\t\t\t\t\n\t\t\t\t\t\t\t\t\t\t\t\t\t<p>\n\t\t\t\t\t\t\t\tEn estos tiempos que vivimos, hablamos constantemente de cambios, evoluciones, de subirnos a la ola para no quedarnos atr\u00e1s. Las tendencias, de lo que sea, est\u00e1n tan en boca de&hellip;<a href=\"https:\/\/bemypartner.es\/ca\/como-evitar-que-tu-nota-de-prensa-termine-en-la-papelera-de-reciclaje\/\">Llegeix m\u00e9s ><\/a>\n\t\t\t\t\t\t\t<\/p>\n\t\t\t\t\t\t\t\t\t\t\t<\/div>\n\t\t\t\t\t<div class=\"vcpg-post-footer\">\n\t\t\t\t\t\t\t\t\t\t\t\t\t<div class=\"vcpg-post-tags\">\n\t\t\t\t\t\t\t\t<i class=\"icofont-tags\"><\/i>\n\t\t\t\t\t\t\t\t\n\t\t\t\t\t\t\t\t\t\t<div class=\"first-2\"><a href=\"https:\/\/bemypartner.es\/tag\/agencia-de-comunicacion\/\">agencia de comunicaci\u00f3n<\/a><\/div>\n\n\t\t\t\t\t\t\t\t\n\t\t\t\t\t\t\t\t\t\t<div class=\"first-2\"><a href=\"https:\/\/bemypartner.es\/tag\/comunicacion\/\">comunicaci\u00f3n<\/a><\/div>\n\n\t\t\t\t\t\t\t\t\n\t\t\t\t\t\t\t\t\t\t<div class=\"first-2\"><a href=\"https:\/\/bemypartner.es\/tag\/medios-de-comunicacion\/\">medios de comunicaci\u00f3n<\/a><\/div>\n\n\t\t\t\t\t\t\t\t\n\t\t\t\t\t\t\t\t\t\t<div class=\"first-2\"><a href=\"https:\/\/bemypartner.es\/tag\/notas-de-prensa\/\">Notas de prensa<\/a><\/div>\n\n\t\t\t\t\t\t\t\t\n\t\t\t\t\t\t\t\t\n\n\t\t\t\t\t\t\t<\/div>\n\t\t\t\t\t\t\n                        <div class=\"vcpg-footer-right\">\n                            <div class=\"vcpg-comment-wrap\">\n                                <span><i class=\"icofont-comment\"><\/i> 0<\/span>\n                            <\/div>\n\n                            \n<div class=\"vcpg-social-share\">\n\t<a href=\"#\"><i class=\"icofont-share\"><\/i><\/a>\n\t<div class=\"vcpg-social-inner\">\n\t\t<ul>\n\t\t\t<li>\n\t\t\t\t<a target=\"_blank\" data-social=\"facebook\" title=\"Share on Facebook\" href=\"\/\/facebook.com\/sharer.php?u=https:\/\/bemypartner.es\/ca\/como-evitar-que-tu-nota-de-prensa-termine-en-la-papelera-de-reciclaje\/\">\n\t\t\t\t\t<i class=\"icofont-facebook\"><\/i>\n\t\t\t\t<\/a>\n\t\t\t<\/li>\n\t\t\t<li>\n\t\t\t\t<a target=\"_blank\" data-social=\"pinterest\" title=\"Share on Pinterest\" href=\"\/\/pinterest.com\/pin\/create\/button\/?url=https:\/\/bemypartner.es\/ca\/como-evitar-que-tu-nota-de-prensa-termine-en-la-papelera-de-reciclaje\/&amp;media=\">\n\t\t\t\t\t<i class=\"icofont-pinterest\"><\/i>\n\t\t\t\t<\/a>\n\t\t\t<\/li>\n\t\t\t<li>\n\t\t\t\t<a target=\"_blank\" data-social=\"twitter\" title=\"Share on Twitter\" href=\"\/\/twitter.com\/share?url=https:\/\/bemypartner.es\/ca\/como-evitar-que-tu-nota-de-prensa-termine-en-la-papelera-de-reciclaje\/&text=\u00bfC\u00f3mo evitar que tu nota de prensa termine en la papelera de reciclaje?\">\n\t\t\t\t\t<i class=\"icofont-twitter\"><\/i>\n\t\t\t\t<\/a>\n\t\t\t<\/li>\n\t\t<\/ul>\n\t<\/div>\n<\/div>                        <\/div>\n\n\t\t\t\t\t<\/div>\n\n\t\t\t\t<\/div>\n\t\t\t<\/div>\n\t\t<\/div>\n\t<\/div>\n<\/div>\n\n<div id=\"row-single-4957\" class=\"vcpg-row-single cl-md-12 \">\n\t<div class=\"vcpg-post-item\">\n\t\t<div class=\"vcpg-row\">\n\t\t\t<div class=\"cl-md-4\">\n\t\t\t\t<div class=\"vcpg-post-photo\">\n\t\t\t\t\t\t\t\t\t\t\t<img decoding=\"async\" class=\"post-img lazyload\" data-src=\"https:\/\/bemypartner.es\/wp-content\/uploads\/2021\/10\/Blog-BMP-830x420.png\" alt=\"Consejos para conseguir incluir tu producto en los bazares de Navidad\" src=\"data:image\/svg+xml;base64,PHN2ZyB3aWR0aD0iMSIgaGVpZ2h0PSIxIiB4bWxucz0iaHR0cDovL3d3dy53My5vcmcvMjAwMC9zdmciPjwvc3ZnPg==\" style=\"--smush-placeholder-width: 830px; --smush-placeholder-aspect-ratio: 830\/420;\">\n\n\t\t\t\t\t\n\t\t\t\t<\/div>\n\t\t\t<\/div>\n\t\t\t<div class=\"cl-md-8\">\n\t\t\t\t<div class=\"vcpg-post-content\">\n\t\t\t\t\t<div class=\"vcpg-categories\"><a href=\"https:\/\/bemypartner.es\/category\/agencia-de-comunicacion\/\">Agencia de comunicaci\u00f3n<\/a><a href=\"https:\/\/bemypartner.es\/category\/comunicacion\/\">Comunicaci\u00f3n<\/a><a href=\"https:\/\/bemypartner.es\/category\/prensa\/\">Prensa<\/a><a href=\"https:\/\/bemypartner.es\/category\/relaciones-publicas\/\">Relaciones P\u00fablicas<\/a><\/div>\t\t\t\t\t<div class=\"vcpg-post-meta\">\n\t\t\t\t\t\t<div class=\"meta-left\">\n                            <div class=\"grid3-post-author\">\n\t\t\t\t\t\t\t\tby <strong>Bemypartner<\/strong>                            <\/div>\n                            <span class=\"publish-time\"><i class=\"icofont-clock-time\"><\/i> 29 d'octubre de 2021<\/span>\n                        <\/div>\n                        <div class=\"meta-right\">\n                            <span class=\"reading-time\"><i class=\"icofont-read-book-alt\"><\/i> 3 min to read<\/span>\n                        <\/div>\n\t\t\t\t\t<\/div>\n\n\t\t\t\t\t<div class=\"vcpg-post-desc\">\n\t\t\t\t\t\t\t\t\t\t\t\t\t<h3 class=\"vcpg-heading\"><a href=\"https:\/\/bemypartner.es\/ca\/bazares-navidad\/\">Consejos para conseguir incluir tu producto en los bazares de Navidad<\/a><\/h3>\n\t\t\t\t\t\t\n\t\t\t\t\t\t\t\t\t\t\t\t\t<p>\n\t\t\t\t\t\t\t\tLa llegada de la Navidad es sin\u00f3nimo de ritmo fren\u00e9tico en los medios de comunicaci\u00f3n y agencias. Multitud de art\u00edculos, reportajes y entrevistas que realizar, inundan las redacciones. Sin embargo,&hellip;<a href=\"https:\/\/bemypartner.es\/ca\/bazares-navidad\/\">Llegeix m\u00e9s ><\/a>\n\t\t\t\t\t\t\t<\/p>\n\t\t\t\t\t\t\t\t\t\t\t<\/div>\n\t\t\t\t\t<div class=\"vcpg-post-footer\">\n\t\t\t\t\t\t\t\t\t\t\t\t\t<div class=\"vcpg-post-tags\">\n\t\t\t\t\t\t\t\t<i class=\"icofont-tags\"><\/i>\n\t\t\t\t\t\t\t\t\n\t\t\t\t\t\t\t\t\t\t<div class=\"first-2\"><a href=\"https:\/\/bemypartner.es\/tag\/agencia-de-comunicacion\/\">agencia de comunicaci\u00f3n<\/a><\/div>\n\n\t\t\t\t\t\t\t\t\n\t\t\t\t\t\t\t\t\t\t<div class=\"first-2\"><a href=\"https:\/\/bemypartner.es\/tag\/bazares-de-navidad\/\">Bazares de Navidad<\/a><\/div>\n\n\t\t\t\t\t\t\t\t\n\t\t\t\t\t\t\t\t\t\t<div class=\"first-2\"><a href=\"https:\/\/bemypartner.es\/tag\/bemypartner\/\">bemypartner<\/a><\/div>\n\n\t\t\t\t\t\t\t\t\n\t\t\t\t\t\t\t\t\t\t<div class=\"first-2\"><a href=\"https:\/\/bemypartner.es\/tag\/bemypartnercom\/\">Bemypartnercom<\/a><\/div>\n\n\t\t\t\t\t\t\t\t\n\t\t\t\t\t\t\t\t\t\t<div class=\"first-2\"><a href=\"https:\/\/bemypartner.es\/tag\/comunicacion\/\">comunicaci\u00f3n<\/a><\/div>\n\n\t\t\t\t\t\t\t\t\n\t\t\t\t\t\t\t\t\t\t<div class=\"first-2\"><a href=\"https:\/\/bemypartner.es\/tag\/estrategia-de-comunicacion\/\">estrategia de comunicaci\u00f3n<\/a><\/div>\n\n\t\t\t\t\t\t\t\t\n\t\t\t\t\t\t\t\t\t\t<div class=\"first-2\"><a href=\"https:\/\/bemypartner.es\/tag\/medios-de-comunicacion\/\">medios de comunicaci\u00f3n<\/a><\/div>\n\n\t\t\t\t\t\t\t\t\n\t\t\t\t\t\t\t\t\n\n\t\t\t\t\t\t\t<\/div>\n\t\t\t\t\t\t\n                        <div class=\"vcpg-footer-right\">\n                            <div class=\"vcpg-comment-wrap\">\n                                <span><i class=\"icofont-comment\"><\/i> 0<\/span>\n                            <\/div>\n\n                            \n<div class=\"vcpg-social-share\">\n\t<a href=\"#\"><i class=\"icofont-share\"><\/i><\/a>\n\t<div class=\"vcpg-social-inner\">\n\t\t<ul>\n\t\t\t<li>\n\t\t\t\t<a target=\"_blank\" data-social=\"facebook\" title=\"Share on Facebook\" href=\"\/\/facebook.com\/sharer.php?u=https:\/\/bemypartner.es\/ca\/bazares-navidad\/\">\n\t\t\t\t\t<i class=\"icofont-facebook\"><\/i>\n\t\t\t\t<\/a>\n\t\t\t<\/li>\n\t\t\t<li>\n\t\t\t\t<a target=\"_blank\" data-social=\"pinterest\" title=\"Share on Pinterest\" href=\"\/\/pinterest.com\/pin\/create\/button\/?url=https:\/\/bemypartner.es\/ca\/bazares-navidad\/&amp;media=\">\n\t\t\t\t\t<i class=\"icofont-pinterest\"><\/i>\n\t\t\t\t<\/a>\n\t\t\t<\/li>\n\t\t\t<li>\n\t\t\t\t<a target=\"_blank\" data-social=\"twitter\" title=\"Share on Twitter\" href=\"\/\/twitter.com\/share?url=https:\/\/bemypartner.es\/ca\/bazares-navidad\/&text=Consejos para conseguir incluir tu producto en los bazares de Navidad\">\n\t\t\t\t\t<i class=\"icofont-twitter\"><\/i>\n\t\t\t\t<\/a>\n\t\t\t<\/li>\n\t\t<\/ul>\n\t<\/div>\n<\/div>                        <\/div>\n\n\t\t\t\t\t<\/div>\n\n\t\t\t\t<\/div>\n\t\t\t<\/div>\n\t\t<\/div>\n\t<\/div>\n<\/div>\n\n<div id=\"row-single-4948\" class=\"vcpg-row-single cl-md-12 \">\n\t<div class=\"vcpg-post-item\">\n\t\t<div class=\"vcpg-row\">\n\t\t\t<div class=\"cl-md-4\">\n\t\t\t\t<div class=\"vcpg-post-photo\">\n\t\t\t\t\t\t\t\t\t\t\t<img decoding=\"async\" class=\"post-img lazyload\" data-src=\"https:\/\/bemypartner.es\/wp-content\/uploads\/2021\/10\/Newsletter-830x420.png\" alt=\"Ideas para contenidos de newsletters, \u00bfc\u00f3mo generarlos?\" src=\"data:image\/svg+xml;base64,PHN2ZyB3aWR0aD0iMSIgaGVpZ2h0PSIxIiB4bWxucz0iaHR0cDovL3d3dy53My5vcmcvMjAwMC9zdmciPjwvc3ZnPg==\" style=\"--smush-placeholder-width: 830px; --smush-placeholder-aspect-ratio: 830\/420;\">\n\n\t\t\t\t\t\n\t\t\t\t<\/div>\n\t\t\t<\/div>\n\t\t\t<div class=\"cl-md-8\">\n\t\t\t\t<div class=\"vcpg-post-content\">\n\t\t\t\t\t<div class=\"vcpg-categories\"><a href=\"https:\/\/bemypartner.es\/category\/agencia-de-comunicacion\/\">Agencia de comunicaci\u00f3n<\/a><a href=\"https:\/\/bemypartner.es\/category\/comunicacion\/\">Comunicaci\u00f3n<\/a><a href=\"https:\/\/bemypartner.es\/category\/relaciones-publicas\/\">Relaciones P\u00fablicas<\/a><\/div>\t\t\t\t\t<div class=\"vcpg-post-meta\">\n\t\t\t\t\t\t<div class=\"meta-left\">\n                            <div class=\"grid3-post-author\">\n\t\t\t\t\t\t\t\tby <strong>Bemypartner<\/strong>                            <\/div>\n                            <span class=\"publish-time\"><i class=\"icofont-clock-time\"><\/i> 22 d'octubre de 2021<\/span>\n                        <\/div>\n                        <div class=\"meta-right\">\n                            <span class=\"reading-time\"><i class=\"icofont-read-book-alt\"><\/i> 3 min to read<\/span>\n                        <\/div>\n\t\t\t\t\t<\/div>\n\n\t\t\t\t\t<div class=\"vcpg-post-desc\">\n\t\t\t\t\t\t\t\t\t\t\t\t\t<h3 class=\"vcpg-heading\"><a href=\"https:\/\/bemypartner.es\/ca\/contenidos-newsletters\/\">Ideas para contenidos de newsletters, \u00bfc\u00f3mo generarlos?<\/a><\/h3>\n\t\t\t\t\t\t\n\t\t\t\t\t\t\t\t\t\t\t\t\t<p>\n\t\t\t\t\t\t\t\t\u00bfC\u00f3mo conseguir que los usuarios hagan click y no desechen las newsletters? \u00bfC\u00f3mo conseguir que una vez lo abran hagan scroll y clicken en nuestros contenidos? Todos tenemos la respuesta,&hellip;<a href=\"https:\/\/bemypartner.es\/ca\/contenidos-newsletters\/\">Llegeix m\u00e9s ><\/a>\n\t\t\t\t\t\t\t<\/p>\n\t\t\t\t\t\t\t\t\t\t\t<\/div>\n\t\t\t\t\t<div class=\"vcpg-post-footer\">\n\t\t\t\t\t\t\t\t\t\t\t\t\t<div class=\"vcpg-post-tags\">\n\t\t\t\t\t\t\t\t<i class=\"icofont-tags\"><\/i>\n\t\t\t\t\t\t\t\t\n\t\t\t\t\t\t\t\t\t\t<div class=\"first-2\"><a href=\"https:\/\/bemypartner.es\/tag\/bemypartner\/\">bemypartner<\/a><\/div>\n\n\t\t\t\t\t\t\t\t\n\t\t\t\t\t\t\t\t\t\t<div class=\"first-2\"><a href=\"https:\/\/bemypartner.es\/tag\/bemypartnercom\/\">Bemypartnercom<\/a><\/div>\n\n\t\t\t\t\t\t\t\t\n\t\t\t\t\t\t\t\t\t\t<div class=\"first-2\"><a href=\"https:\/\/bemypartner.es\/tag\/comunicacion\/\">comunicaci\u00f3n<\/a><\/div>\n\n\t\t\t\t\t\t\t\t\n\t\t\t\t\t\t\t\t\t\t<div class=\"first-2\"><a href=\"https:\/\/bemypartner.es\/tag\/contenido\/\">Contenido<\/a><\/div>\n\n\t\t\t\t\t\t\t\t\n\t\t\t\t\t\t\t\t\t\t<div class=\"first-2\"><a href=\"https:\/\/bemypartner.es\/tag\/estrategia-de-comunicacion\/\">estrategia de comunicaci\u00f3n<\/a><\/div>\n\n\t\t\t\t\t\t\t\t\n\t\t\t\t\t\t\t\t\t\t<div class=\"first-2\"><a href=\"https:\/\/bemypartner.es\/tag\/newsletters\/\">Newsletters<\/a><\/div>\n\n\t\t\t\t\t\t\t\t\n\t\t\t\t\t\t\t\t\n\n\t\t\t\t\t\t\t<\/div>\n\t\t\t\t\t\t\n                        <div class=\"vcpg-footer-right\">\n                            <div class=\"vcpg-comment-wrap\">\n                                <span><i class=\"icofont-comment\"><\/i> 0<\/span>\n                            <\/div>\n\n                            \n<div class=\"vcpg-social-share\">\n\t<a href=\"#\"><i class=\"icofont-share\"><\/i><\/a>\n\t<div class=\"vcpg-social-inner\">\n\t\t<ul>\n\t\t\t<li>\n\t\t\t\t<a target=\"_blank\" data-social=\"facebook\" title=\"Share on Facebook\" href=\"\/\/facebook.com\/sharer.php?u=https:\/\/bemypartner.es\/ca\/contenidos-newsletters\/\">\n\t\t\t\t\t<i class=\"icofont-facebook\"><\/i>\n\t\t\t\t<\/a>\n\t\t\t<\/li>\n\t\t\t<li>\n\t\t\t\t<a target=\"_blank\" data-social=\"pinterest\" title=\"Share on Pinterest\" href=\"\/\/pinterest.com\/pin\/create\/button\/?url=https:\/\/bemypartner.es\/ca\/contenidos-newsletters\/&amp;media=\">\n\t\t\t\t\t<i class=\"icofont-pinterest\"><\/i>\n\t\t\t\t<\/a>\n\t\t\t<\/li>\n\t\t\t<li>\n\t\t\t\t<a target=\"_blank\" data-social=\"twitter\" title=\"Share on Twitter\" href=\"\/\/twitter.com\/share?url=https:\/\/bemypartner.es\/ca\/contenidos-newsletters\/&text=Ideas para contenidos de newsletters, \u00bfc\u00f3mo generarlos?\">\n\t\t\t\t\t<i class=\"icofont-twitter\"><\/i>\n\t\t\t\t<\/a>\n\t\t\t<\/li>\n\t\t<\/ul>\n\t<\/div>\n<\/div>                        <\/div>\n\n\t\t\t\t\t<\/div>\n\n\t\t\t\t<\/div>\n\t\t\t<\/div>\n\t\t<\/div>\n\t<\/div>\n<\/div>\n\n<div id=\"row-single-4942\" class=\"vcpg-row-single cl-md-12 \">\n\t<div class=\"vcpg-post-item\">\n\t\t<div class=\"vcpg-row\">\n\t\t\t<div class=\"cl-md-4\">\n\t\t\t\t<div class=\"vcpg-post-photo\">\n\t\t\t\t\t\t\t\t\t\t\t<img decoding=\"async\" class=\"post-img lazyload\" data-src=\"https:\/\/bemypartner.es\/wp-content\/uploads\/2021\/10\/Aprendizajes-de-comunicacion-830x420.png\" alt=\"7 aprendizajes de comunicaci\u00f3n inspirados por la pandemia\" src=\"data:image\/svg+xml;base64,PHN2ZyB3aWR0aD0iMSIgaGVpZ2h0PSIxIiB4bWxucz0iaHR0cDovL3d3dy53My5vcmcvMjAwMC9zdmciPjwvc3ZnPg==\" style=\"--smush-placeholder-width: 830px; --smush-placeholder-aspect-ratio: 830\/420;\">\n\n\t\t\t\t\t\n\t\t\t\t<\/div>\n\t\t\t<\/div>\n\t\t\t<div class=\"cl-md-8\">\n\t\t\t\t<div class=\"vcpg-post-content\">\n\t\t\t\t\t<div class=\"vcpg-categories\"><a href=\"https:\/\/bemypartner.es\/category\/agencia-de-comunicacion\/\">Agencia de comunicaci\u00f3n<\/a><a href=\"https:\/\/bemypartner.es\/category\/comunicacion\/\">Comunicaci\u00f3n<\/a><a href=\"https:\/\/bemypartner.es\/category\/relaciones-publicas\/\">Relaciones P\u00fablicas<\/a><\/div>\t\t\t\t\t<div class=\"vcpg-post-meta\">\n\t\t\t\t\t\t<div class=\"meta-left\">\n                            <div class=\"grid3-post-author\">\n\t\t\t\t\t\t\t\tby <strong>Bemypartner<\/strong>                            <\/div>\n                            <span class=\"publish-time\"><i class=\"icofont-clock-time\"><\/i> 06 d'octubre de 2021<\/span>\n                        <\/div>\n                        <div class=\"meta-right\">\n                            <span class=\"reading-time\"><i class=\"icofont-read-book-alt\"><\/i> 5 min to read<\/span>\n                        <\/div>\n\t\t\t\t\t<\/div>\n\n\t\t\t\t\t<div class=\"vcpg-post-desc\">\n\t\t\t\t\t\t\t\t\t\t\t\t\t<h3 class=\"vcpg-heading\"><a href=\"https:\/\/bemypartner.es\/ca\/7-aprendizajes-comunicacion-inspirados-pandemia\/\">7 aprendizajes de comunicaci\u00f3n inspirados por la pandemia<\/a><\/h3>\n\t\t\t\t\t\t\n\t\t\t\t\t\t\t\t\t\t\t\t\t<p>\n\t\t\t\t\t\t\t\tLa crisis del coronavirus todav\u00eda no ha acabado y parece no hacerlo nunca. \u00a0Acontecimientos inesperados que lo cambian todo suceden a nivel mundial, en el \u00e1mbito personal y tambi\u00e9n en&hellip;<a href=\"https:\/\/bemypartner.es\/ca\/7-aprendizajes-comunicacion-inspirados-pandemia\/\">Llegeix m\u00e9s ><\/a>\n\t\t\t\t\t\t\t<\/p>\n\t\t\t\t\t\t\t\t\t\t\t<\/div>\n\t\t\t\t\t<div class=\"vcpg-post-footer\">\n\t\t\t\t\t\t\t\t\t\t\t\t\t<div class=\"vcpg-post-tags\">\n\t\t\t\t\t\t\t\t<i class=\"icofont-tags\"><\/i>\n\t\t\t\t\t\t\t\t\n\t\t\t\t\t\t\t\t\t\t<div class=\"first-2\"><a href=\"https:\/\/bemypartner.es\/tag\/agencia-de-comunicacion\/\">agencia de comunicaci\u00f3n<\/a><\/div>\n\n\t\t\t\t\t\t\t\t\n\t\t\t\t\t\t\t\t\t\t<div class=\"first-2\"><a href=\"https:\/\/bemypartner.es\/tag\/bemypartner\/\">bemypartner<\/a><\/div>\n\n\t\t\t\t\t\t\t\t\n\t\t\t\t\t\t\t\t\t\t<div class=\"first-2\"><a href=\"https:\/\/bemypartner.es\/tag\/bemypartnercom\/\">Bemypartnercom<\/a><\/div>\n\n\t\t\t\t\t\t\t\t\n\t\t\t\t\t\t\t\t\t\t<div class=\"first-2\"><a href=\"https:\/\/bemypartner.es\/tag\/comunicacion\/\">comunicaci\u00f3n<\/a><\/div>\n\n\t\t\t\t\t\t\t\t\n\t\t\t\t\t\t\t\t\t\t<div class=\"first-2\"><a href=\"https:\/\/bemypartner.es\/tag\/comunicacion-de-crisis\/\">comunicaci\u00f3n de crisis<\/a><\/div>\n\n\t\t\t\t\t\t\t\t\n\t\t\t\t\t\t\t\t\n\n\t\t\t\t\t\t\t<\/div>\n\t\t\t\t\t\t\n                        <div class=\"vcpg-footer-right\">\n                            <div class=\"vcpg-comment-wrap\">\n                                <span><i class=\"icofont-comment\"><\/i> 0<\/span>\n                            <\/div>\n\n                            \n<div class=\"vcpg-social-share\">\n\t<a href=\"#\"><i class=\"icofont-share\"><\/i><\/a>\n\t<div class=\"vcpg-social-inner\">\n\t\t<ul>\n\t\t\t<li>\n\t\t\t\t<a target=\"_blank\" data-social=\"facebook\" title=\"Share on Facebook\" href=\"\/\/facebook.com\/sharer.php?u=https:\/\/bemypartner.es\/ca\/7-aprendizajes-comunicacion-inspirados-pandemia\/\">\n\t\t\t\t\t<i class=\"icofont-facebook\"><\/i>\n\t\t\t\t<\/a>\n\t\t\t<\/li>\n\t\t\t<li>\n\t\t\t\t<a target=\"_blank\" data-social=\"pinterest\" title=\"Share on Pinterest\" href=\"\/\/pinterest.com\/pin\/create\/button\/?url=https:\/\/bemypartner.es\/ca\/7-aprendizajes-comunicacion-inspirados-pandemia\/&amp;media=\">\n\t\t\t\t\t<i class=\"icofont-pinterest\"><\/i>\n\t\t\t\t<\/a>\n\t\t\t<\/li>\n\t\t\t<li>\n\t\t\t\t<a target=\"_blank\" data-social=\"twitter\" title=\"Share on Twitter\" href=\"\/\/twitter.com\/share?url=https:\/\/bemypartner.es\/ca\/7-aprendizajes-comunicacion-inspirados-pandemia\/&text=7 aprendizajes de comunicaci\u00f3n inspirados por la pandemia\">\n\t\t\t\t\t<i class=\"icofont-twitter\"><\/i>\n\t\t\t\t<\/a>\n\t\t\t<\/li>\n\t\t<\/ul>\n\t<\/div>\n<\/div>                        <\/div>\n\n\t\t\t\t\t<\/div>\n\n\t\t\t\t<\/div>\n\t\t\t<\/div>\n\t\t<\/div>\n\t<\/div>\n<\/div>\n\n<div id=\"row-single-4936\" class=\"vcpg-row-single cl-md-12 \">\n\t<div class=\"vcpg-post-item\">\n\t\t<div class=\"vcpg-row\">\n\t\t\t<div class=\"cl-md-4\">\n\t\t\t\t<div class=\"vcpg-post-photo\">\n\t\t\t\t\t\t\t\t\t\t\t<img decoding=\"async\" class=\"post-img lazyload\" data-src=\"https:\/\/bemypartner.es\/wp-content\/uploads\/2021\/09\/Blog-BMP-2-830x420.png\" alt=\"Instagram Reels en tu estrategia digital\" src=\"data:image\/svg+xml;base64,PHN2ZyB3aWR0aD0iMSIgaGVpZ2h0PSIxIiB4bWxucz0iaHR0cDovL3d3dy53My5vcmcvMjAwMC9zdmciPjwvc3ZnPg==\" style=\"--smush-placeholder-width: 830px; --smush-placeholder-aspect-ratio: 830\/420;\">\n\n\t\t\t\t\t\n\t\t\t\t<\/div>\n\t\t\t<\/div>\n\t\t\t<div class=\"cl-md-8\">\n\t\t\t\t<div class=\"vcpg-post-content\">\n\t\t\t\t\t<div class=\"vcpg-categories\"><a href=\"https:\/\/bemypartner.es\/category\/agencia-de-comunicacion\/\">Agencia de comunicaci\u00f3n<\/a><a href=\"https:\/\/bemypartner.es\/category\/comunicacion\/\">Comunicaci\u00f3n<\/a><a href=\"https:\/\/bemypartner.es\/category\/marca\/\">Marca<\/a><a href=\"https:\/\/bemypartner.es\/category\/redes-sociales\/\">Redes Sociales<\/a><\/div>\t\t\t\t\t<div class=\"vcpg-post-meta\">\n\t\t\t\t\t\t<div class=\"meta-left\">\n                            <div class=\"grid3-post-author\">\n\t\t\t\t\t\t\t\tby <strong>Bemypartner<\/strong>                            <\/div>\n                            <span class=\"publish-time\"><i class=\"icofont-clock-time\"><\/i> 27 de setembre de 2021<\/span>\n                        <\/div>\n                        <div class=\"meta-right\">\n                            <span class=\"reading-time\"><i class=\"icofont-read-book-alt\"><\/i> 5 min to read<\/span>\n                        <\/div>\n\t\t\t\t\t<\/div>\n\n\t\t\t\t\t<div class=\"vcpg-post-desc\">\n\t\t\t\t\t\t\t\t\t\t\t\t\t<h3 class=\"vcpg-heading\"><a href=\"https:\/\/bemypartner.es\/ca\/instagram-reels-estrategia-digital\/\">Instagram Reels en tu estrategia digital<\/a><\/h3>\n\t\t\t\t\t\t\n\t\t\t\t\t\t\t\t\t\t\t\t\t<p>\n\t\t\t\t\t\t\t\tSaca el m\u00e1ximo provecho a Instagram Reels en tu estrategia de comunicaci\u00f3n digital A menudo muchas marcas y clientes nos consultan sobre la necesidad de incluir nuevos formatos en sus&hellip;<a href=\"https:\/\/bemypartner.es\/ca\/instagram-reels-estrategia-digital\/\">Llegeix m\u00e9s ><\/a>\n\t\t\t\t\t\t\t<\/p>\n\t\t\t\t\t\t\t\t\t\t\t<\/div>\n\t\t\t\t\t<div class=\"vcpg-post-footer\">\n\t\t\t\t\t\t\t\t\t\t\t\t\t<div class=\"vcpg-post-tags\">\n\t\t\t\t\t\t\t\t<i class=\"icofont-tags\"><\/i>\n\t\t\t\t\t\t\t\t\n\t\t\t\t\t\t\t\t\t\t<div class=\"first-2\"><a href=\"https:\/\/bemypartner.es\/tag\/bemypartnercom\/\">Bemypartnercom<\/a><\/div>\n\n\t\t\t\t\t\t\t\t\n\t\t\t\t\t\t\t\t\t\t<div class=\"first-2\"><a href=\"https:\/\/bemypartner.es\/tag\/estrategia-de-comunicacion\/\">estrategia de comunicaci\u00f3n<\/a><\/div>\n\n\t\t\t\t\t\t\t\t\n\t\t\t\t\t\t\t\t\t\t<div class=\"first-2\"><a href=\"https:\/\/bemypartner.es\/tag\/estrategia-de-redes-sociales\/\">Estrategia de redes sociales<\/a><\/div>\n\n\t\t\t\t\t\t\t\t\n\t\t\t\t\t\t\t\t\t\t<div class=\"first-2\"><a href=\"https:\/\/bemypartner.es\/tag\/instagram-reels\/\">Instagram Reels<\/a><\/div>\n\n\t\t\t\t\t\t\t\t\n\t\t\t\t\t\t\t\t\t\t<div class=\"first-2\"><a href=\"https:\/\/bemypartner.es\/tag\/redes-sociales\/\">Redes Sociales<\/a><\/div>\n\n\t\t\t\t\t\t\t\t\n\t\t\t\t\t\t\t\t\t\t<div class=\"first-2\"><a href=\"https:\/\/bemypartner.es\/tag\/reels\/\">Reels<\/a><\/div>\n\n\t\t\t\t\t\t\t\t\n\t\t\t\t\t\t\t\t\t\t<div class=\"first-2\"><a href=\"https:\/\/bemypartner.es\/tag\/social-media\/\">Social Media<\/a><\/div>\n\n\t\t\t\t\t\t\t\t\n\t\t\t\t\t\t\t\t\t\t<div class=\"first-2\"><a href=\"https:\/\/bemypartner.es\/tag\/social-media-plan\/\">social media plan<\/a><\/div>\n\n\t\t\t\t\t\t\t\t\n\t\t\t\t\t\t\t\t\t\t<div class=\"first-2\"><a href=\"https:\/\/bemypartner.es\/tag\/social-media-strategy\/\">Social Media Strategy<\/a><\/div>\n\n\t\t\t\t\t\t\t\t\n\t\t\t\t\t\t\t\t\n\n\t\t\t\t\t\t\t<\/div>\n\t\t\t\t\t\t\n                        <div class=\"vcpg-footer-right\">\n                            <div class=\"vcpg-comment-wrap\">\n                                <span><i class=\"icofont-comment\"><\/i> 0<\/span>\n                            <\/div>\n\n                            \n<div class=\"vcpg-social-share\">\n\t<a href=\"#\"><i class=\"icofont-share\"><\/i><\/a>\n\t<div class=\"vcpg-social-inner\">\n\t\t<ul>\n\t\t\t<li>\n\t\t\t\t<a target=\"_blank\" data-social=\"facebook\" title=\"Share on Facebook\" href=\"\/\/facebook.com\/sharer.php?u=https:\/\/bemypartner.es\/ca\/instagram-reels-estrategia-digital\/\">\n\t\t\t\t\t<i class=\"icofont-facebook\"><\/i>\n\t\t\t\t<\/a>\n\t\t\t<\/li>\n\t\t\t<li>\n\t\t\t\t<a target=\"_blank\" data-social=\"pinterest\" title=\"Share on Pinterest\" href=\"\/\/pinterest.com\/pin\/create\/button\/?url=https:\/\/bemypartner.es\/ca\/instagram-reels-estrategia-digital\/&amp;media=\">\n\t\t\t\t\t<i class=\"icofont-pinterest\"><\/i>\n\t\t\t\t<\/a>\n\t\t\t<\/li>\n\t\t\t<li>\n\t\t\t\t<a target=\"_blank\" data-social=\"twitter\" title=\"Share on Twitter\" href=\"\/\/twitter.com\/share?url=https:\/\/bemypartner.es\/ca\/instagram-reels-estrategia-digital\/&text=Instagram Reels en tu estrategia digital\">\n\t\t\t\t\t<i class=\"icofont-twitter\"><\/i>\n\t\t\t\t<\/a>\n\t\t\t<\/li>\n\t\t<\/ul>\n\t<\/div>\n<\/div>                        <\/div>\n\n\t\t\t\t\t<\/div>\n\n\t\t\t\t<\/div>\n\t\t\t<\/div>\n\t\t<\/div>\n\t<\/div>\n<\/div>\n\n<div id=\"row-single-4930\" class=\"vcpg-row-single cl-md-12 \">\n\t<div class=\"vcpg-post-item\">\n\t\t<div class=\"vcpg-row\">\n\t\t\t<div class=\"cl-md-4\">\n\t\t\t\t<div class=\"vcpg-post-photo\">\n\t\t\t\t\t\t\t\t\t\t\t<img decoding=\"async\" class=\"post-img lazyload\" data-src=\"https:\/\/bemypartner.es\/wp-content\/uploads\/2021\/09\/convo-prensa-830x420.png\" alt=\"5 cosas que debes tener en cuenta en la organizaci\u00f3n de una convocatoria de prensa\" src=\"data:image\/svg+xml;base64,PHN2ZyB3aWR0aD0iMSIgaGVpZ2h0PSIxIiB4bWxucz0iaHR0cDovL3d3dy53My5vcmcvMjAwMC9zdmciPjwvc3ZnPg==\" style=\"--smush-placeholder-width: 830px; --smush-placeholder-aspect-ratio: 830\/420;\">\n\n\t\t\t\t\t\n\t\t\t\t<\/div>\n\t\t\t<\/div>\n\t\t\t<div class=\"cl-md-8\">\n\t\t\t\t<div class=\"vcpg-post-content\">\n\t\t\t\t\t<div class=\"vcpg-categories\"><a href=\"https:\/\/bemypartner.es\/category\/agencia-de-comunicacion\/\">Agencia de comunicaci\u00f3n<\/a><a href=\"https:\/\/bemypartner.es\/category\/campanas\/\">Campa\u00f1as<\/a><a href=\"https:\/\/bemypartner.es\/category\/comunicacion\/\">Comunicaci\u00f3n<\/a><a href=\"https:\/\/bemypartner.es\/category\/eventos\/\">Eventos<\/a><a href=\"https:\/\/bemypartner.es\/category\/marca\/\">Marca<\/a><a href=\"https:\/\/bemypartner.es\/category\/relaciones-publicas\/\">Relaciones P\u00fablicas<\/a><\/div>\t\t\t\t\t<div class=\"vcpg-post-meta\">\n\t\t\t\t\t\t<div class=\"meta-left\">\n                            <div class=\"grid3-post-author\">\n\t\t\t\t\t\t\t\tby <strong>Bemypartner<\/strong>                            <\/div>\n                            <span class=\"publish-time\"><i class=\"icofont-clock-time\"><\/i> 16 de setembre de 2021<\/span>\n                        <\/div>\n                        <div class=\"meta-right\">\n                            <span class=\"reading-time\"><i class=\"icofont-read-book-alt\"><\/i> 5 min to read<\/span>\n                        <\/div>\n\t\t\t\t\t<\/div>\n\n\t\t\t\t\t<div class=\"vcpg-post-desc\">\n\t\t\t\t\t\t\t\t\t\t\t\t\t<h3 class=\"vcpg-heading\"><a href=\"https:\/\/bemypartner.es\/ca\/5-consejos-convocatorias-de-prensa\/\">5 cosas que debes tener en cuenta en la organizaci\u00f3n de una convocatoria de prensa<\/a><\/h3>\n\t\t\t\t\t\t\n\t\t\t\t\t\t\t\t\t\t\t\t\t<p>\n\t\t\t\t\t\t\t\tLas convocatorias de prensa son una herramienta muy potente para acercar las marcas a los medios. Tambi\u00e9n para maximizar la visibilidad de un producto, iniciativa o campa\u00f1a o, en algunos&hellip;<a href=\"https:\/\/bemypartner.es\/ca\/5-consejos-convocatorias-de-prensa\/\">Llegeix m\u00e9s ><\/a>\n\t\t\t\t\t\t\t<\/p>\n\t\t\t\t\t\t\t\t\t\t\t<\/div>\n\t\t\t\t\t<div class=\"vcpg-post-footer\">\n\t\t\t\t\t\t\t\t\t\t\t\t\t<div class=\"vcpg-post-tags\">\n\t\t\t\t\t\t\t\t<i class=\"icofont-tags\"><\/i>\n\t\t\t\t\t\t\t\t\n\t\t\t\t\t\t\t\t\t\t<div class=\"first-2\"><a href=\"https:\/\/bemypartner.es\/tag\/agencia-de-comunicacion\/\">agencia de comunicaci\u00f3n<\/a><\/div>\n\n\t\t\t\t\t\t\t\t\n\t\t\t\t\t\t\t\t\t\t<div class=\"first-2\"><a href=\"https:\/\/bemypartner.es\/tag\/bemypartnercom\/\">Bemypartnercom<\/a><\/div>\n\n\t\t\t\t\t\t\t\t\n\t\t\t\t\t\t\t\t\t\t<div class=\"first-2\"><a href=\"https:\/\/bemypartner.es\/tag\/comunicacion\/\">comunicaci\u00f3n<\/a><\/div>\n\n\t\t\t\t\t\t\t\t\n\t\t\t\t\t\t\t\t\t\t<div class=\"first-2\"><a href=\"https:\/\/bemypartner.es\/tag\/convocatorias-de-prensa\/\">Convocatorias de prensa<\/a><\/div>\n\n\t\t\t\t\t\t\t\t\n\t\t\t\t\t\t\t\t\t\t<div class=\"first-2\"><a href=\"https:\/\/bemypartner.es\/tag\/evento\/\">evento<\/a><\/div>\n\n\t\t\t\t\t\t\t\t\n\t\t\t\t\t\t\t\t\t\t<div class=\"first-2\"><a href=\"https:\/\/bemypartner.es\/tag\/prensa\/\">prensa<\/a><\/div>\n\n\t\t\t\t\t\t\t\t\n\t\t\t\t\t\t\t\t\t\t<div class=\"first-2\"><a href=\"https:\/\/bemypartner.es\/tag\/relaciones-publicas\/\">relaciones p\u00fablicas<\/a><\/div>\n\n\t\t\t\t\t\t\t\t\n\t\t\t\t\t\t\t\t\n\n\t\t\t\t\t\t\t<\/div>\n\t\t\t\t\t\t\n                        <div class=\"vcpg-footer-right\">\n                            <div class=\"vcpg-comment-wrap\">\n                                <span><i class=\"icofont-comment\"><\/i> 0<\/span>\n                            <\/div>\n\n                            \n<div class=\"vcpg-social-share\">\n\t<a href=\"#\"><i class=\"icofont-share\"><\/i><\/a>\n\t<div class=\"vcpg-social-inner\">\n\t\t<ul>\n\t\t\t<li>\n\t\t\t\t<a target=\"_blank\" data-social=\"facebook\" title=\"Share on Facebook\" href=\"\/\/facebook.com\/sharer.php?u=https:\/\/bemypartner.es\/ca\/5-consejos-convocatorias-de-prensa\/\">\n\t\t\t\t\t<i class=\"icofont-facebook\"><\/i>\n\t\t\t\t<\/a>\n\t\t\t<\/li>\n\t\t\t<li>\n\t\t\t\t<a target=\"_blank\" data-social=\"pinterest\" title=\"Share on Pinterest\" href=\"\/\/pinterest.com\/pin\/create\/button\/?url=https:\/\/bemypartner.es\/ca\/5-consejos-convocatorias-de-prensa\/&amp;media=\">\n\t\t\t\t\t<i class=\"icofont-pinterest\"><\/i>\n\t\t\t\t<\/a>\n\t\t\t<\/li>\n\t\t\t<li>\n\t\t\t\t<a target=\"_blank\" data-social=\"twitter\" title=\"Share on Twitter\" href=\"\/\/twitter.com\/share?url=https:\/\/bemypartner.es\/ca\/5-consejos-convocatorias-de-prensa\/&text=5 cosas que debes tener en cuenta en la organizaci\u00f3n de una convocatoria de prensa\">\n\t\t\t\t\t<i class=\"icofont-twitter\"><\/i>\n\t\t\t\t<\/a>\n\t\t\t<\/li>\n\t\t<\/ul>\n\t<\/div>\n<\/div>                        <\/div>\n\n\t\t\t\t\t<\/div>\n\n\t\t\t\t<\/div>\n\t\t\t<\/div>\n\t\t<\/div>\n\t<\/div>\n<\/div>\n\n<div id=\"row-single-4923\" class=\"vcpg-row-single cl-md-12 \">\n\t<div class=\"vcpg-post-item\">\n\t\t<div class=\"vcpg-row\">\n\t\t\t<div class=\"cl-md-4\">\n\t\t\t\t<div class=\"vcpg-post-photo\">\n\t\t\t\t\t\t\t\t\t\t\t<img decoding=\"async\" class=\"post-img lazyload\" data-src=\"https:\/\/bemypartner.es\/wp-content\/uploads\/2021\/09\/Blog-BMP-830x420.png\" alt=\"Tik Tok: \u00bfImprescindible en las estrategias de comunicaci\u00f3n?\" src=\"data:image\/svg+xml;base64,PHN2ZyB3aWR0aD0iMSIgaGVpZ2h0PSIxIiB4bWxucz0iaHR0cDovL3d3dy53My5vcmcvMjAwMC9zdmciPjwvc3ZnPg==\" style=\"--smush-placeholder-width: 830px; --smush-placeholder-aspect-ratio: 830\/420;\">\n\n\t\t\t\t\t\n\t\t\t\t<\/div>\n\t\t\t<\/div>\n\t\t\t<div class=\"cl-md-8\">\n\t\t\t\t<div class=\"vcpg-post-content\">\n\t\t\t\t\t<div class=\"vcpg-categories\"><a href=\"https:\/\/bemypartner.es\/category\/agencia-de-comunicacion\/\">Agencia de comunicaci\u00f3n<\/a><a href=\"https:\/\/bemypartner.es\/category\/comunicacion\/\">Comunicaci\u00f3n<\/a><a href=\"https:\/\/bemypartner.es\/category\/marca\/\">Marca<\/a><a href=\"https:\/\/bemypartner.es\/category\/redes-sociales\/\">Redes Sociales<\/a><\/div>\t\t\t\t\t<div class=\"vcpg-post-meta\">\n\t\t\t\t\t\t<div class=\"meta-left\">\n                            <div class=\"grid3-post-author\">\n\t\t\t\t\t\t\t\tby <strong>Bemypartner<\/strong>                            <\/div>\n                            <span class=\"publish-time\"><i class=\"icofont-clock-time\"><\/i> 09 de setembre de 2021<\/span>\n                        <\/div>\n                        <div class=\"meta-right\">\n                            <span class=\"reading-time\"><i class=\"icofont-read-book-alt\"><\/i> 3 min to read<\/span>\n                        <\/div>\n\t\t\t\t\t<\/div>\n\n\t\t\t\t\t<div class=\"vcpg-post-desc\">\n\t\t\t\t\t\t\t\t\t\t\t\t\t<h3 class=\"vcpg-heading\"><a href=\"https:\/\/bemypartner.es\/ca\/tik-tok-estrategia-de-comunicacion\/\">Tik Tok: \u00bfImprescindible en las estrategias de comunicaci\u00f3n?<\/a><\/h3>\n\t\t\t\t\t\t\n\t\t\t\t\t\t\t\t\t\t\t\t\t<p>\n\t\t\t\t\t\t\t\tTikTok es la red social m\u00e1s descargada en Espa\u00f1a a principios del 2020 y la que est\u00e1 m\u00e1s de moda entre el p\u00fablico m\u00e1s joven. Durante el a\u00f1o pasado, el&hellip;<a href=\"https:\/\/bemypartner.es\/ca\/tik-tok-estrategia-de-comunicacion\/\">Llegeix m\u00e9s ><\/a>\n\t\t\t\t\t\t\t<\/p>\n\t\t\t\t\t\t\t\t\t\t\t<\/div>\n\t\t\t\t\t<div class=\"vcpg-post-footer\">\n\t\t\t\t\t\t\t\t\t\t\t\t\t<div class=\"vcpg-post-tags\">\n\t\t\t\t\t\t\t\t<i class=\"icofont-tags\"><\/i>\n\t\t\t\t\t\t\t\t\n\t\t\t\t\t\t\t\t\t\t<div class=\"first-2\"><a href=\"https:\/\/bemypartner.es\/tag\/bemypartnercom\/\">Bemypartnercom<\/a><\/div>\n\n\t\t\t\t\t\t\t\t\n\t\t\t\t\t\t\t\t\t\t<div class=\"first-2\"><a href=\"https:\/\/bemypartner.es\/tag\/community-management\/\">community management<\/a><\/div>\n\n\t\t\t\t\t\t\t\t\n\t\t\t\t\t\t\t\t\t\t<div class=\"first-2\"><a href=\"https:\/\/bemypartner.es\/tag\/estrategia-de-comunicacion\/\">estrategia de comunicaci\u00f3n<\/a><\/div>\n\n\t\t\t\t\t\t\t\t\n\t\t\t\t\t\t\t\t\t\t<div class=\"first-2\"><a href=\"https:\/\/bemypartner.es\/tag\/redes-sociales\/\">Redes Sociales<\/a><\/div>\n\n\t\t\t\t\t\t\t\t\n\t\t\t\t\t\t\t\t\t\t<div class=\"first-2\"><a href=\"https:\/\/bemypartner.es\/tag\/social-media\/\">Social Media<\/a><\/div>\n\n\t\t\t\t\t\t\t\t\n\t\t\t\t\t\t\t\t\t\t<div class=\"first-2\"><a href=\"https:\/\/bemypartner.es\/tag\/social-media-management\/\">social media management<\/a><\/div>\n\n\t\t\t\t\t\t\t\t\n\t\t\t\t\t\t\t\t\t\t<div class=\"first-2\"><a href=\"https:\/\/bemypartner.es\/tag\/social-media-marketing\/\">social media marketing<\/a><\/div>\n\n\t\t\t\t\t\t\t\t\n\t\t\t\t\t\t\t\t\t\t<div class=\"first-2\"><a href=\"https:\/\/bemypartner.es\/tag\/tik-tok\/\">Tik Tok<\/a><\/div>\n\n\t\t\t\t\t\t\t\t\n\t\t\t\t\t\t\t\t\n\n\t\t\t\t\t\t\t<\/div>\n\t\t\t\t\t\t\n                        <div class=\"vcpg-footer-right\">\n                            <div class=\"vcpg-comment-wrap\">\n                                <span><i class=\"icofont-comment\"><\/i> 1<\/span>\n                            <\/div>\n\n                            \n<div class=\"vcpg-social-share\">\n\t<a href=\"#\"><i class=\"icofont-share\"><\/i><\/a>\n\t<div class=\"vcpg-social-inner\">\n\t\t<ul>\n\t\t\t<li>\n\t\t\t\t<a target=\"_blank\" data-social=\"facebook\" title=\"Share on Facebook\" href=\"\/\/facebook.com\/sharer.php?u=https:\/\/bemypartner.es\/ca\/tik-tok-estrategia-de-comunicacion\/\">\n\t\t\t\t\t<i class=\"icofont-facebook\"><\/i>\n\t\t\t\t<\/a>\n\t\t\t<\/li>\n\t\t\t<li>\n\t\t\t\t<a target=\"_blank\" data-social=\"pinterest\" title=\"Share on Pinterest\" href=\"\/\/pinterest.com\/pin\/create\/button\/?url=https:\/\/bemypartner.es\/ca\/tik-tok-estrategia-de-comunicacion\/&amp;media=\">\n\t\t\t\t\t<i class=\"icofont-pinterest\"><\/i>\n\t\t\t\t<\/a>\n\t\t\t<\/li>\n\t\t\t<li>\n\t\t\t\t<a target=\"_blank\" data-social=\"twitter\" title=\"Share on Twitter\" href=\"\/\/twitter.com\/share?url=https:\/\/bemypartner.es\/ca\/tik-tok-estrategia-de-comunicacion\/&text=Tik Tok: \u00bfImprescindible en las estrategias de comunicaci\u00f3n?\">\n\t\t\t\t\t<i class=\"icofont-twitter\"><\/i>\n\t\t\t\t<\/a>\n\t\t\t<\/li>\n\t\t<\/ul>\n\t<\/div>\n<\/div>                        <\/div>\n\n\t\t\t\t\t<\/div>\n\n\t\t\t\t<\/div>\n\t\t\t<\/div>\n\t\t<\/div>\n\t<\/div>\n<\/div>\n\n<div id=\"row-single-4912\" class=\"vcpg-row-single cl-md-12 \">\n\t<div class=\"vcpg-post-item\">\n\t\t<div class=\"vcpg-row\">\n\t\t\t<div class=\"cl-md-4\">\n\t\t\t\t<div class=\"vcpg-post-photo\">\n\t\t\t\t\t\t\t\t\t\t\t<img decoding=\"async\" class=\"post-img lazyload\" data-src=\"https:\/\/bemypartner.es\/wp-content\/uploads\/2021\/09\/Entrevista-period\u00edstica-1-830x420.png\" alt=\"C\u00f3mo hacer que una entrevista period\u00edstica sea todo un \u00e9xito\" src=\"data:image\/svg+xml;base64,PHN2ZyB3aWR0aD0iMSIgaGVpZ2h0PSIxIiB4bWxucz0iaHR0cDovL3d3dy53My5vcmcvMjAwMC9zdmciPjwvc3ZnPg==\" style=\"--smush-placeholder-width: 830px; --smush-placeholder-aspect-ratio: 830\/420;\">\n\n\t\t\t\t\t\n\t\t\t\t<\/div>\n\t\t\t<\/div>\n\t\t\t<div class=\"cl-md-8\">\n\t\t\t\t<div class=\"vcpg-post-content\">\n\t\t\t\t\t<div class=\"vcpg-categories\"><a href=\"https:\/\/bemypartner.es\/category\/agencia-de-comunicacion\/\">Agencia de comunicaci\u00f3n<\/a><a href=\"https:\/\/bemypartner.es\/category\/campanas\/\">Campa\u00f1as<\/a><a href=\"https:\/\/bemypartner.es\/category\/comunicacion\/\">Comunicaci\u00f3n<\/a><a href=\"https:\/\/bemypartner.es\/category\/prensa\/\">Prensa<\/a><a href=\"https:\/\/bemypartner.es\/category\/relaciones-publicas\/\">Relaciones P\u00fablicas<\/a><\/div>\t\t\t\t\t<div class=\"vcpg-post-meta\">\n\t\t\t\t\t\t<div class=\"meta-left\">\n                            <div class=\"grid3-post-author\">\n\t\t\t\t\t\t\t\tby <strong>Bemypartner<\/strong>                            <\/div>\n                            <span class=\"publish-time\"><i class=\"icofont-clock-time\"><\/i> 02 de setembre de 2021<\/span>\n                        <\/div>\n                        <div class=\"meta-right\">\n                            <span class=\"reading-time\"><i class=\"icofont-read-book-alt\"><\/i> 2 min to read<\/span>\n                        <\/div>\n\t\t\t\t\t<\/div>\n\n\t\t\t\t\t<div class=\"vcpg-post-desc\">\n\t\t\t\t\t\t\t\t\t\t\t\t\t<h3 class=\"vcpg-heading\"><a href=\"https:\/\/bemypartner.es\/ca\/entrevista-periodistica\/\">C\u00f3mo hacer que una entrevista period\u00edstica sea todo un \u00e9xito<\/a><\/h3>\n\t\t\t\t\t\t\n\t\t\t\t\t\t\t\t\t\t\t\t\t<p>\n\t\t\t\t\t\t\t\tGestionar y promover una entrevista period\u00edstica es fundamental para cualquier estrategia de comunicaci\u00f3n que se precie. Es cierto que, cada una de las apariciones de un cliente en medios de&hellip;<a href=\"https:\/\/bemypartner.es\/ca\/entrevista-periodistica\/\">Llegeix m\u00e9s ><\/a>\n\t\t\t\t\t\t\t<\/p>\n\t\t\t\t\t\t\t\t\t\t\t<\/div>\n\t\t\t\t\t<div class=\"vcpg-post-footer\">\n\t\t\t\t\t\t\t\t\t\t\t\t\t<div class=\"vcpg-post-tags\">\n\t\t\t\t\t\t\t\t<i class=\"icofont-tags\"><\/i>\n\t\t\t\t\t\t\t\t\n\t\t\t\t\t\t\t\t\t\t<div class=\"first-2\"><a href=\"https:\/\/bemypartner.es\/tag\/agencia-de-comunicacion\/\">agencia de comunicaci\u00f3n<\/a><\/div>\n\n\t\t\t\t\t\t\t\t\n\t\t\t\t\t\t\t\t\t\t<div class=\"first-2\"><a href=\"https:\/\/bemypartner.es\/tag\/bemypartnercom\/\">Bemypartnercom<\/a><\/div>\n\n\t\t\t\t\t\t\t\t\n\t\t\t\t\t\t\t\t\t\t<div class=\"first-2\"><a href=\"https:\/\/bemypartner.es\/tag\/entrevista\/\">Entrevista<\/a><\/div>\n\n\t\t\t\t\t\t\t\t\n\t\t\t\t\t\t\t\t\t\t<div class=\"first-2\"><a href=\"https:\/\/bemypartner.es\/tag\/entrevista-periodistica\/\">Entrevista period\u00edstica<\/a><\/div>\n\n\t\t\t\t\t\t\t\t\n\t\t\t\t\t\t\t\t\t\t<div class=\"first-2\"><a href=\"https:\/\/bemypartner.es\/tag\/estrategia-de-comunicacion\/\">estrategia de comunicaci\u00f3n<\/a><\/div>\n\n\t\t\t\t\t\t\t\t\n\t\t\t\t\t\t\t\t\t\t<div class=\"first-2\"><a href=\"https:\/\/bemypartner.es\/tag\/marca\/\">marca<\/a><\/div>\n\n\t\t\t\t\t\t\t\t\n\t\t\t\t\t\t\t\t\n\n\t\t\t\t\t\t\t<\/div>\n\t\t\t\t\t\t\n                        <div class=\"vcpg-footer-right\">\n                            <div class=\"vcpg-comment-wrap\">\n                                <span><i class=\"icofont-comment\"><\/i> 0<\/span>\n                            <\/div>\n\n                            \n<div class=\"vcpg-social-share\">\n\t<a href=\"#\"><i class=\"icofont-share\"><\/i><\/a>\n\t<div class=\"vcpg-social-inner\">\n\t\t<ul>\n\t\t\t<li>\n\t\t\t\t<a target=\"_blank\" data-social=\"facebook\" title=\"Share on Facebook\" href=\"\/\/facebook.com\/sharer.php?u=https:\/\/bemypartner.es\/ca\/entrevista-periodistica\/\">\n\t\t\t\t\t<i class=\"icofont-facebook\"><\/i>\n\t\t\t\t<\/a>\n\t\t\t<\/li>\n\t\t\t<li>\n\t\t\t\t<a target=\"_blank\" data-social=\"pinterest\" title=\"Share on Pinterest\" href=\"\/\/pinterest.com\/pin\/create\/button\/?url=https:\/\/bemypartner.es\/ca\/entrevista-periodistica\/&amp;media=\">\n\t\t\t\t\t<i class=\"icofont-pinterest\"><\/i>\n\t\t\t\t<\/a>\n\t\t\t<\/li>\n\t\t\t<li>\n\t\t\t\t<a target=\"_blank\" data-social=\"twitter\" title=\"Share on Twitter\" href=\"\/\/twitter.com\/share?url=https:\/\/bemypartner.es\/ca\/entrevista-periodistica\/&text=C\u00f3mo hacer que una entrevista period\u00edstica sea todo un \u00e9xito\">\n\t\t\t\t\t<i class=\"icofont-twitter\"><\/i>\n\t\t\t\t<\/a>\n\t\t\t<\/li>\n\t\t<\/ul>\n\t<\/div>\n<\/div>                        <\/div>\n\n\t\t\t\t\t<\/div>\n\n\t\t\t\t<\/div>\n\t\t\t<\/div>\n\t\t<\/div>\n\t<\/div>\n<\/div>\n\n<div id=\"row-single-4906\" class=\"vcpg-row-single cl-md-12 \">\n\t<div class=\"vcpg-post-item\">\n\t\t<div class=\"vcpg-row\">\n\t\t\t<div class=\"cl-md-4\">\n\t\t\t\t<div class=\"vcpg-post-photo\">\n\t\t\t\t\t\t\t\t\t\t\t<img decoding=\"async\" class=\"post-img lazyload\" data-src=\"https:\/\/bemypartner.es\/wp-content\/uploads\/2021\/08\/Blog-BMP-7-830x420.png\" alt=\"Streaming \u00bfLleg\u00f3 para quedarse?\" src=\"data:image\/svg+xml;base64,PHN2ZyB3aWR0aD0iMSIgaGVpZ2h0PSIxIiB4bWxucz0iaHR0cDovL3d3dy53My5vcmcvMjAwMC9zdmciPjwvc3ZnPg==\" style=\"--smush-placeholder-width: 830px; --smush-placeholder-aspect-ratio: 830\/420;\">\n\n\t\t\t\t\t\n\t\t\t\t<\/div>\n\t\t\t<\/div>\n\t\t\t<div class=\"cl-md-8\">\n\t\t\t\t<div class=\"vcpg-post-content\">\n\t\t\t\t\t<div class=\"vcpg-categories\"><a href=\"https:\/\/bemypartner.es\/category\/agencia-de-comunicacion\/\">Agencia de comunicaci\u00f3n<\/a><a href=\"https:\/\/bemypartner.es\/category\/comunicacion\/\">Comunicaci\u00f3n<\/a><a href=\"https:\/\/bemypartner.es\/category\/eventos\/\">Eventos<\/a><a href=\"https:\/\/bemypartner.es\/category\/marca\/\">Marca<\/a><a href=\"https:\/\/bemypartner.es\/category\/redes-sociales\/\">Redes Sociales<\/a><\/div>\t\t\t\t\t<div class=\"vcpg-post-meta\">\n\t\t\t\t\t\t<div class=\"meta-left\">\n                            <div class=\"grid3-post-author\">\n\t\t\t\t\t\t\t\tby <strong>Bemypartner<\/strong>                            <\/div>\n                            <span class=\"publish-time\"><i class=\"icofont-clock-time\"><\/i> 23 d'agost de 2021<\/span>\n                        <\/div>\n                        <div class=\"meta-right\">\n                            <span class=\"reading-time\"><i class=\"icofont-read-book-alt\"><\/i> 4 min to read<\/span>\n                        <\/div>\n\t\t\t\t\t<\/div>\n\n\t\t\t\t\t<div class=\"vcpg-post-desc\">\n\t\t\t\t\t\t\t\t\t\t\t\t\t<h3 class=\"vcpg-heading\"><a href=\"https:\/\/bemypartner.es\/ca\/streaming-llego-para-quedarse-twitch\/\">Streaming \u00bfLleg\u00f3 para quedarse?<\/a><\/h3>\n\t\t\t\t\t\t\n\t\t\t\t\t\t\t\t\t\t\t\t\t<p>\n\t\t\t\t\t\t\t\tNo es novedad que desde incluso antes de la pandemia, el streaming de video se plantaba con fuerza como un nuevo formato de transmisi\u00f3n de contenidos para personas y marcas.&hellip;<a href=\"https:\/\/bemypartner.es\/ca\/streaming-llego-para-quedarse-twitch\/\">Llegeix m\u00e9s ><\/a>\n\t\t\t\t\t\t\t<\/p>\n\t\t\t\t\t\t\t\t\t\t\t<\/div>\n\t\t\t\t\t<div class=\"vcpg-post-footer\">\n\t\t\t\t\t\t\t\t\t\t\t\t\t<div class=\"vcpg-post-tags\">\n\t\t\t\t\t\t\t\t<i class=\"icofont-tags\"><\/i>\n\t\t\t\t\t\t\t\t\n\t\t\t\t\t\t\t\t\t\t<div class=\"first-2\"><a href=\"https:\/\/bemypartner.es\/tag\/como-funciona-twitch\/\">c\u00f3mo funciona twitch<\/a><\/div>\n\n\t\t\t\t\t\t\t\t\n\t\t\t\t\t\t\t\t\t\t<div class=\"first-2\"><a href=\"https:\/\/bemypartner.es\/tag\/comunicacion-digital\/\">comunicaci\u00f3n digital<\/a><\/div>\n\n\t\t\t\t\t\t\t\t\n\t\t\t\t\t\t\t\t\t\t<div class=\"first-2\"><a href=\"https:\/\/bemypartner.es\/tag\/estrategia-de-marca\/\">estrategia de marca<\/a><\/div>\n\n\t\t\t\t\t\t\t\t\n\t\t\t\t\t\t\t\t\t\t<div class=\"first-2\"><a href=\"https:\/\/bemypartner.es\/tag\/estrategia-digital\/\">estrategia digital<\/a><\/div>\n\n\t\t\t\t\t\t\t\t\n\t\t\t\t\t\t\t\t\t\t<div class=\"first-2\"><a href=\"https:\/\/bemypartner.es\/tag\/red-social\/\">red social<\/a><\/div>\n\n\t\t\t\t\t\t\t\t\n\t\t\t\t\t\t\t\t\t\t<div class=\"first-2\"><a href=\"https:\/\/bemypartner.es\/tag\/streaming\/\">streaming<\/a><\/div>\n\n\t\t\t\t\t\t\t\t\n\t\t\t\t\t\t\t\t\t\t<div class=\"first-2\"><a href=\"https:\/\/bemypartner.es\/tag\/tendencias-digitales\/\">tendencias digitales<\/a><\/div>\n\n\t\t\t\t\t\t\t\t\n\t\t\t\t\t\t\t\t\t\t<div class=\"first-2\"><a href=\"https:\/\/bemypartner.es\/tag\/transmision-en-vivo\/\">transmisi\u00f3n en vivo<\/a><\/div>\n\n\t\t\t\t\t\t\t\t\n\t\t\t\t\t\t\t\t\t\t<div class=\"first-2\"><a href=\"https:\/\/bemypartner.es\/tag\/twitch\/\">twitch<\/a><\/div>\n\n\t\t\t\t\t\t\t\t\n\t\t\t\t\t\t\t\t\n\n\t\t\t\t\t\t\t<\/div>\n\t\t\t\t\t\t\n                        <div class=\"vcpg-footer-right\">\n                            <div class=\"vcpg-comment-wrap\">\n                                <span><i class=\"icofont-comment\"><\/i> 1<\/span>\n                            <\/div>\n\n                            \n<div class=\"vcpg-social-share\">\n\t<a href=\"#\"><i class=\"icofont-share\"><\/i><\/a>\n\t<div class=\"vcpg-social-inner\">\n\t\t<ul>\n\t\t\t<li>\n\t\t\t\t<a target=\"_blank\" data-social=\"facebook\" title=\"Share on Facebook\" href=\"\/\/facebook.com\/sharer.php?u=https:\/\/bemypartner.es\/ca\/streaming-llego-para-quedarse-twitch\/\">\n\t\t\t\t\t<i class=\"icofont-facebook\"><\/i>\n\t\t\t\t<\/a>\n\t\t\t<\/li>\n\t\t\t<li>\n\t\t\t\t<a target=\"_blank\" data-social=\"pinterest\" title=\"Share on Pinterest\" href=\"\/\/pinterest.com\/pin\/create\/button\/?url=https:\/\/bemypartner.es\/ca\/streaming-llego-para-quedarse-twitch\/&amp;media=\">\n\t\t\t\t\t<i class=\"icofont-pinterest\"><\/i>\n\t\t\t\t<\/a>\n\t\t\t<\/li>\n\t\t\t<li>\n\t\t\t\t<a target=\"_blank\" data-social=\"twitter\" title=\"Share on Twitter\" href=\"\/\/twitter.com\/share?url=https:\/\/bemypartner.es\/ca\/streaming-llego-para-quedarse-twitch\/&text=Streaming \u00bfLleg\u00f3 para quedarse?\">\n\t\t\t\t\t<i class=\"icofont-twitter\"><\/i>\n\t\t\t\t<\/a>\n\t\t\t<\/li>\n\t\t<\/ul>\n\t<\/div>\n<\/div>                        <\/div>\n\n\t\t\t\t\t<\/div>\n\n\t\t\t\t<\/div>\n\t\t\t<\/div>\n\t\t<\/div>\n\t<\/div>\n<\/div>\n\n<div id=\"row-single-4894\" class=\"vcpg-row-single cl-md-12 \">\n\t<div class=\"vcpg-post-item\">\n\t\t<div class=\"vcpg-row\">\n\t\t\t<div class=\"cl-md-4\">\n\t\t\t\t<div class=\"vcpg-post-photo\">\n\t\t\t\t\t\t\t\t\t\t\t<img decoding=\"async\" class=\"post-img lazyload\" data-src=\"https:\/\/bemypartner.es\/wp-content\/uploads\/2021\/08\/Blog-BMP-3-1-830x420.png\" alt=\"Cuatro claves para que tu campa\u00f1a de comunicaci\u00f3n funcione y llegue a tu p\u00fablico objetivo\" src=\"data:image\/svg+xml;base64,PHN2ZyB3aWR0aD0iMSIgaGVpZ2h0PSIxIiB4bWxucz0iaHR0cDovL3d3dy53My5vcmcvMjAwMC9zdmciPjwvc3ZnPg==\" style=\"--smush-placeholder-width: 830px; --smush-placeholder-aspect-ratio: 830\/420;\">\n\n\t\t\t\t\t\n\t\t\t\t<\/div>\n\t\t\t<\/div>\n\t\t\t<div class=\"cl-md-8\">\n\t\t\t\t<div class=\"vcpg-post-content\">\n\t\t\t\t\t<div class=\"vcpg-categories\"><a href=\"https:\/\/bemypartner.es\/category\/agencia-de-comunicacion\/\">Agencia de comunicaci\u00f3n<\/a><a href=\"https:\/\/bemypartner.es\/category\/campanas\/\">Campa\u00f1as<\/a><a href=\"https:\/\/bemypartner.es\/category\/comunicacion\/\">Comunicaci\u00f3n<\/a><\/div>\t\t\t\t\t<div class=\"vcpg-post-meta\">\n\t\t\t\t\t\t<div class=\"meta-left\">\n                            <div class=\"grid3-post-author\">\n\t\t\t\t\t\t\t\tby <strong>Bemypartner<\/strong>                            <\/div>\n                            <span class=\"publish-time\"><i class=\"icofont-clock-time\"><\/i> 13 d'agost de 2021<\/span>\n                        <\/div>\n                        <div class=\"meta-right\">\n                            <span class=\"reading-time\"><i class=\"icofont-read-book-alt\"><\/i> 3 min to read<\/span>\n                        <\/div>\n\t\t\t\t\t<\/div>\n\n\t\t\t\t\t<div class=\"vcpg-post-desc\">\n\t\t\t\t\t\t\t\t\t\t\t\t\t<h3 class=\"vcpg-heading\"><a href=\"https:\/\/bemypartner.es\/ca\/claves-campanas-comunicacion-funcione\/\">Cuatro claves para que tu campa\u00f1a de comunicaci\u00f3n funcione y llegue a tu p\u00fablico objetivo<\/a><\/h3>\n\t\t\t\t\t\t\n\t\t\t\t\t\t\t\t\t\t\t\t\t<p>\n\t\t\t\t\t\t\t\tEn ciertas ocasiones, las campa\u00f1as de comunicaci\u00f3n suelen ser bastante te\u00f3ricas. Muchas veces puede quedar en segundo plano la parte de la acci\u00f3n que es la m\u00e1s importante. Podemos haber&hellip;<a href=\"https:\/\/bemypartner.es\/ca\/claves-campanas-comunicacion-funcione\/\">Llegeix m\u00e9s ><\/a>\n\t\t\t\t\t\t\t<\/p>\n\t\t\t\t\t\t\t\t\t\t\t<\/div>\n\t\t\t\t\t<div class=\"vcpg-post-footer\">\n\t\t\t\t\t\t\t\t\t\t\t\t\t<div class=\"vcpg-post-tags\">\n\t\t\t\t\t\t\t\t<i class=\"icofont-tags\"><\/i>\n\t\t\t\t\t\t\t\t\n\t\t\t\t\t\t\t\t\t\t<div class=\"first-2\"><a href=\"https:\/\/bemypartner.es\/tag\/agencia-de-comunicacion\/\">agencia de comunicaci\u00f3n<\/a><\/div>\n\n\t\t\t\t\t\t\t\t\n\t\t\t\t\t\t\t\t\t\t<div class=\"first-2\"><a href=\"https:\/\/bemypartner.es\/tag\/bemypartnercom\/\">Bemypartnercom<\/a><\/div>\n\n\t\t\t\t\t\t\t\t\n\t\t\t\t\t\t\t\t\t\t<div class=\"first-2\"><a href=\"https:\/\/bemypartner.es\/tag\/buyer-person\/\">buyer person<\/a><\/div>\n\n\t\t\t\t\t\t\t\t\n\t\t\t\t\t\t\t\t\t\t<div class=\"first-2\"><a href=\"https:\/\/bemypartner.es\/tag\/campana-de-comunicacion\/\">campa\u00f1a de comunicaci\u00f3n<\/a><\/div>\n\n\t\t\t\t\t\t\t\t\n\t\t\t\t\t\t\t\t\t\t<div class=\"first-2\"><a href=\"https:\/\/bemypartner.es\/tag\/marketing-de-influencers\/\">marketing de influencers<\/a><\/div>\n\n\t\t\t\t\t\t\t\t\n\t\t\t\t\t\t\t\t\t\t<div class=\"first-2\"><a href=\"https:\/\/bemypartner.es\/tag\/storytelling\/\">storytelling<\/a><\/div>\n\n\t\t\t\t\t\t\t\t\n\t\t\t\t\t\t\t\t\n\n\t\t\t\t\t\t\t<\/div>\n\t\t\t\t\t\t\n                        <div class=\"vcpg-footer-right\">\n                            <div class=\"vcpg-comment-wrap\">\n                                <span><i class=\"icofont-comment\"><\/i> 1<\/span>\n                            <\/div>\n\n                            \n<div class=\"vcpg-social-share\">\n\t<a href=\"#\"><i class=\"icofont-share\"><\/i><\/a>\n\t<div class=\"vcpg-social-inner\">\n\t\t<ul>\n\t\t\t<li>\n\t\t\t\t<a target=\"_blank\" data-social=\"facebook\" title=\"Share on Facebook\" href=\"\/\/facebook.com\/sharer.php?u=https:\/\/bemypartner.es\/ca\/claves-campanas-comunicacion-funcione\/\">\n\t\t\t\t\t<i class=\"icofont-facebook\"><\/i>\n\t\t\t\t<\/a>\n\t\t\t<\/li>\n\t\t\t<li>\n\t\t\t\t<a target=\"_blank\" data-social=\"pinterest\" title=\"Share on Pinterest\" href=\"\/\/pinterest.com\/pin\/create\/button\/?url=https:\/\/bemypartner.es\/ca\/claves-campanas-comunicacion-funcione\/&amp;media=\">\n\t\t\t\t\t<i class=\"icofont-pinterest\"><\/i>\n\t\t\t\t<\/a>\n\t\t\t<\/li>\n\t\t\t<li>\n\t\t\t\t<a target=\"_blank\" data-social=\"twitter\" title=\"Share on Twitter\" href=\"\/\/twitter.com\/share?url=https:\/\/bemypartner.es\/ca\/claves-campanas-comunicacion-funcione\/&text=Cuatro claves para que tu campa\u00f1a de comunicaci\u00f3n funcione y llegue a tu p\u00fablico objetivo\">\n\t\t\t\t\t<i class=\"icofont-twitter\"><\/i>\n\t\t\t\t<\/a>\n\t\t\t<\/li>\n\t\t<\/ul>\n\t<\/div>\n<\/div>                        <\/div>\n\n\t\t\t\t\t<\/div>\n\n\t\t\t\t<\/div>\n\t\t\t<\/div>\n\t\t<\/div>\n\t<\/div>\n<\/div>\n\n<div id=\"row-single-4879\" class=\"vcpg-row-single cl-md-12 \">\n\t<div class=\"vcpg-post-item\">\n\t\t<div class=\"vcpg-row\">\n\t\t\t<div class=\"cl-md-4\">\n\t\t\t\t<div class=\"vcpg-post-photo\">\n\t\t\t\t\t\t\t\t\t\t\t<img decoding=\"async\" class=\"post-img lazyload\" data-src=\"https:\/\/bemypartner.es\/wp-content\/uploads\/2021\/07\/Blog-estrategia-SEO-830x420.png\" alt=\"El blog, parte fundamental en tu estrategia de posicionamiento SEO\" src=\"data:image\/svg+xml;base64,PHN2ZyB3aWR0aD0iMSIgaGVpZ2h0PSIxIiB4bWxucz0iaHR0cDovL3d3dy53My5vcmcvMjAwMC9zdmciPjwvc3ZnPg==\" style=\"--smush-placeholder-width: 830px; --smush-placeholder-aspect-ratio: 830\/420;\">\n\n\t\t\t\t\t\n\t\t\t\t<\/div>\n\t\t\t<\/div>\n\t\t\t<div class=\"cl-md-8\">\n\t\t\t\t<div class=\"vcpg-post-content\">\n\t\t\t\t\t<div class=\"vcpg-categories\"><a href=\"https:\/\/bemypartner.es\/category\/agencia-de-comunicacion\/\">Agencia de comunicaci\u00f3n<\/a><a href=\"https:\/\/bemypartner.es\/category\/campanas\/\">Campa\u00f1as<\/a><a href=\"https:\/\/bemypartner.es\/category\/comunicacion\/\">Comunicaci\u00f3n<\/a><\/div>\t\t\t\t\t<div class=\"vcpg-post-meta\">\n\t\t\t\t\t\t<div class=\"meta-left\">\n                            <div class=\"grid3-post-author\">\n\t\t\t\t\t\t\t\tby <strong>Bemypartner<\/strong>                            <\/div>\n                            <span class=\"publish-time\"><i class=\"icofont-clock-time\"><\/i> 05 d'agost de 2021<\/span>\n                        <\/div>\n                        <div class=\"meta-right\">\n                            <span class=\"reading-time\"><i class=\"icofont-read-book-alt\"><\/i> 3 min to read<\/span>\n                        <\/div>\n\t\t\t\t\t<\/div>\n\n\t\t\t\t\t<div class=\"vcpg-post-desc\">\n\t\t\t\t\t\t\t\t\t\t\t\t\t<h3 class=\"vcpg-heading\"><a href=\"https:\/\/bemypartner.es\/ca\/blogs-estrategia-posicionamiento-seo\/\">El blog, parte fundamental en tu estrategia de posicionamiento SEO<\/a><\/h3>\n\t\t\t\t\t\t\n\t\t\t\t\t\t\t\t\t\t\t\t\t<p>\n\t\t\t\t\t\t\t\tLos blogs son una parte fundamental para tu estrategia de posicionamiento SEO. Si trabajas su contenido, tono y estilo, ser\u00e1 m\u00e1s f\u00e1cil aparecer en las primeras posiciones de los motores&hellip;<a href=\"https:\/\/bemypartner.es\/ca\/blogs-estrategia-posicionamiento-seo\/\">Llegeix m\u00e9s ><\/a>\n\t\t\t\t\t\t\t<\/p>\n\t\t\t\t\t\t\t\t\t\t\t<\/div>\n\t\t\t\t\t<div class=\"vcpg-post-footer\">\n\t\t\t\t\t\t\t\t\t\t\t\t\t<div class=\"vcpg-post-tags\">\n\t\t\t\t\t\t\t\t<i class=\"icofont-tags\"><\/i>\n\t\t\t\t\t\t\t\t\n\t\t\t\t\t\t\t\t\t\t<div class=\"first-2\"><a href=\"https:\/\/bemypartner.es\/tag\/agencia-de-comunicacion\/\">agencia de comunicaci\u00f3n<\/a><\/div>\n\n\t\t\t\t\t\t\t\t\n\t\t\t\t\t\t\t\t\t\t<div class=\"first-2\"><a href=\"https:\/\/bemypartner.es\/tag\/bemypartnercom\/\">Bemypartnercom<\/a><\/div>\n\n\t\t\t\t\t\t\t\t\n\t\t\t\t\t\t\t\t\t\t<div class=\"first-2\"><a href=\"https:\/\/bemypartner.es\/tag\/blog\/\">blog<\/a><\/div>\n\n\t\t\t\t\t\t\t\t\n\t\t\t\t\t\t\t\t\t\t<div class=\"first-2\"><a href=\"https:\/\/bemypartner.es\/tag\/estrategia-digital\/\">estrategia digital<\/a><\/div>\n\n\t\t\t\t\t\t\t\t\n\t\t\t\t\t\t\t\t\t\t<div class=\"first-2\"><a href=\"https:\/\/bemypartner.es\/tag\/posicionamiento-seo\/\">Posicionamiento SEO<\/a><\/div>\n\n\t\t\t\t\t\t\t\t\n\t\t\t\t\t\t\t\t\t\t<div class=\"first-2\"><a href=\"https:\/\/bemypartner.es\/tag\/seo\/\">SEO<\/a><\/div>\n\n\t\t\t\t\t\t\t\t\n\t\t\t\t\t\t\t\t\n\n\t\t\t\t\t\t\t<\/div>\n\t\t\t\t\t\t\n                        <div class=\"vcpg-footer-right\">\n                            <div class=\"vcpg-comment-wrap\">\n                                <span><i class=\"icofont-comment\"><\/i> 0<\/span>\n                            <\/div>\n\n                            \n<div class=\"vcpg-social-share\">\n\t<a href=\"#\"><i class=\"icofont-share\"><\/i><\/a>\n\t<div class=\"vcpg-social-inner\">\n\t\t<ul>\n\t\t\t<li>\n\t\t\t\t<a target=\"_blank\" data-social=\"facebook\" title=\"Share on Facebook\" href=\"\/\/facebook.com\/sharer.php?u=https:\/\/bemypartner.es\/ca\/blogs-estrategia-posicionamiento-seo\/\">\n\t\t\t\t\t<i class=\"icofont-facebook\"><\/i>\n\t\t\t\t<\/a>\n\t\t\t<\/li>\n\t\t\t<li>\n\t\t\t\t<a target=\"_blank\" data-social=\"pinterest\" title=\"Share on Pinterest\" href=\"\/\/pinterest.com\/pin\/create\/button\/?url=https:\/\/bemypartner.es\/ca\/blogs-estrategia-posicionamiento-seo\/&amp;media=\">\n\t\t\t\t\t<i class=\"icofont-pinterest\"><\/i>\n\t\t\t\t<\/a>\n\t\t\t<\/li>\n\t\t\t<li>\n\t\t\t\t<a target=\"_blank\" data-social=\"twitter\" title=\"Share on Twitter\" href=\"\/\/twitter.com\/share?url=https:\/\/bemypartner.es\/ca\/blogs-estrategia-posicionamiento-seo\/&text=El blog, parte fundamental en tu estrategia de posicionamiento SEO\">\n\t\t\t\t\t<i class=\"icofont-twitter\"><\/i>\n\t\t\t\t<\/a>\n\t\t\t<\/li>\n\t\t<\/ul>\n\t<\/div>\n<\/div>                        <\/div>\n\n\t\t\t\t\t<\/div>\n\n\t\t\t\t<\/div>\n\t\t\t<\/div>\n\t\t<\/div>\n\t<\/div>\n<\/div>\n\n<div id=\"row-single-4886\" class=\"vcpg-row-single cl-md-12 \">\n\t<div class=\"vcpg-post-item\">\n\t\t<div class=\"vcpg-row\">\n\t\t\t<div class=\"cl-md-4\">\n\t\t\t\t<div class=\"vcpg-post-photo\">\n\t\t\t\t\t\t\t\t\t\t\t<img decoding=\"async\" class=\"post-img lazyload\" data-src=\"https:\/\/bemypartner.es\/wp-content\/uploads\/2021\/07\/Blog-BMP-6-830x420.png\" alt=\"Nuevas actualizaciones de protecci\u00f3n de datos que pueden afectar a tus Facebook Ads\" src=\"data:image\/svg+xml;base64,PHN2ZyB3aWR0aD0iMSIgaGVpZ2h0PSIxIiB4bWxucz0iaHR0cDovL3d3dy53My5vcmcvMjAwMC9zdmciPjwvc3ZnPg==\" style=\"--smush-placeholder-width: 830px; --smush-placeholder-aspect-ratio: 830\/420;\">\n\n\t\t\t\t\t\n\t\t\t\t<\/div>\n\t\t\t<\/div>\n\t\t\t<div class=\"cl-md-8\">\n\t\t\t\t<div class=\"vcpg-post-content\">\n\t\t\t\t\t<div class=\"vcpg-categories\"><a href=\"https:\/\/bemypartner.es\/category\/agencia-de-comunicacion\/\">Agencia de comunicaci\u00f3n<\/a><a href=\"https:\/\/bemypartner.es\/category\/campanas\/\">Campa\u00f1as<\/a><a href=\"https:\/\/bemypartner.es\/category\/redes-sociales\/\">Redes Sociales<\/a><\/div>\t\t\t\t\t<div class=\"vcpg-post-meta\">\n\t\t\t\t\t\t<div class=\"meta-left\">\n                            <div class=\"grid3-post-author\">\n\t\t\t\t\t\t\t\tby <strong>Bemypartner<\/strong>                            <\/div>\n                            <span class=\"publish-time\"><i class=\"icofont-clock-time\"><\/i> 29 de juliol de 2021<\/span>\n                        <\/div>\n                        <div class=\"meta-right\">\n                            <span class=\"reading-time\"><i class=\"icofont-read-book-alt\"><\/i> 4 min to read<\/span>\n                        <\/div>\n\t\t\t\t\t<\/div>\n\n\t\t\t\t\t<div class=\"vcpg-post-desc\">\n\t\t\t\t\t\t\t\t\t\t\t\t\t<h3 class=\"vcpg-heading\"><a href=\"https:\/\/bemypartner.es\/ca\/actualizaciones-proteccion-datos-facebook-ads\/\">Nuevas actualizaciones de protecci\u00f3n de datos que pueden afectar a tus Facebook Ads<\/a><\/h3>\n\t\t\t\t\t\t\n\t\t\t\t\t\t\t\t\t\t\t\t\t<p>\n\t\t\t\t\t\t\t\tPrivacidad Vs. Segmentaci\u00f3n de anuncios Si eres usuario de Redes Sociales, comprender\u00e1s muy bien ese momento misterioso en el que te impacta un anuncio relacionado con un producto o servicio&hellip;<a href=\"https:\/\/bemypartner.es\/ca\/actualizaciones-proteccion-datos-facebook-ads\/\">Llegeix m\u00e9s ><\/a>\n\t\t\t\t\t\t\t<\/p>\n\t\t\t\t\t\t\t\t\t\t\t<\/div>\n\t\t\t\t\t<div class=\"vcpg-post-footer\">\n\t\t\t\t\t\t\t\t\t\t\t\t\t<div class=\"vcpg-post-tags\">\n\t\t\t\t\t\t\t\t<i class=\"icofont-tags\"><\/i>\n\t\t\t\t\t\t\t\t\n\t\t\t\t\t\t\t\t\t\t<div class=\"first-2\"><a href=\"https:\/\/bemypartner.es\/tag\/actualizacion\/\">Actualizaci\u00f3n<\/a><\/div>\n\n\t\t\t\t\t\t\t\t\n\t\t\t\t\t\t\t\t\t\t<div class=\"first-2\"><a href=\"https:\/\/bemypartner.es\/tag\/agencia-de-comunicacion\/\">agencia de comunicaci\u00f3n<\/a><\/div>\n\n\t\t\t\t\t\t\t\t\n\t\t\t\t\t\t\t\t\t\t<div class=\"first-2\"><a href=\"https:\/\/bemypartner.es\/tag\/bemypartnercom\/\">Bemypartnercom<\/a><\/div>\n\n\t\t\t\t\t\t\t\t\n\t\t\t\t\t\t\t\t\t\t<div class=\"first-2\"><a href=\"https:\/\/bemypartner.es\/tag\/cookies\/\">Cookies<\/a><\/div>\n\n\t\t\t\t\t\t\t\t\n\t\t\t\t\t\t\t\t\t\t<div class=\"first-2\"><a href=\"https:\/\/bemypartner.es\/tag\/facebook\/\">Facebook<\/a><\/div>\n\n\t\t\t\t\t\t\t\t\n\t\t\t\t\t\t\t\t\t\t<div class=\"first-2\"><a href=\"https:\/\/bemypartner.es\/tag\/facebook-ads\/\">Facebook Ads<\/a><\/div>\n\n\t\t\t\t\t\t\t\t\n\t\t\t\t\t\t\t\t\t\t<div class=\"first-2\"><a href=\"https:\/\/bemypartner.es\/tag\/proteccion-de-datos\/\">Protecci\u00f3n de datos<\/a><\/div>\n\n\t\t\t\t\t\t\t\t\n\t\t\t\t\t\t\t\t\n\n\t\t\t\t\t\t\t<\/div>\n\t\t\t\t\t\t\n                        <div class=\"vcpg-footer-right\">\n                            <div class=\"vcpg-comment-wrap\">\n                                <span><i class=\"icofont-comment\"><\/i> 0<\/span>\n                            <\/div>\n\n                            \n<div class=\"vcpg-social-share\">\n\t<a href=\"#\"><i class=\"icofont-share\"><\/i><\/a>\n\t<div class=\"vcpg-social-inner\">\n\t\t<ul>\n\t\t\t<li>\n\t\t\t\t<a target=\"_blank\" data-social=\"facebook\" title=\"Share on Facebook\" href=\"\/\/facebook.com\/sharer.php?u=https:\/\/bemypartner.es\/ca\/actualizaciones-proteccion-datos-facebook-ads\/\">\n\t\t\t\t\t<i class=\"icofont-facebook\"><\/i>\n\t\t\t\t<\/a>\n\t\t\t<\/li>\n\t\t\t<li>\n\t\t\t\t<a target=\"_blank\" data-social=\"pinterest\" title=\"Share on Pinterest\" href=\"\/\/pinterest.com\/pin\/create\/button\/?url=https:\/\/bemypartner.es\/ca\/actualizaciones-proteccion-datos-facebook-ads\/&amp;media=\">\n\t\t\t\t\t<i class=\"icofont-pinterest\"><\/i>\n\t\t\t\t<\/a>\n\t\t\t<\/li>\n\t\t\t<li>\n\t\t\t\t<a target=\"_blank\" data-social=\"twitter\" title=\"Share on Twitter\" href=\"\/\/twitter.com\/share?url=https:\/\/bemypartner.es\/ca\/actualizaciones-proteccion-datos-facebook-ads\/&text=Nuevas actualizaciones de protecci\u00f3n de datos que pueden afectar a tus Facebook Ads\">\n\t\t\t\t\t<i class=\"icofont-twitter\"><\/i>\n\t\t\t\t<\/a>\n\t\t\t<\/li>\n\t\t<\/ul>\n\t<\/div>\n<\/div>                        <\/div>\n\n\t\t\t\t\t<\/div>\n\n\t\t\t\t<\/div>\n\t\t\t<\/div>\n\t\t<\/div>\n\t<\/div>\n<\/div>\n\n<div id=\"row-single-4873\" class=\"vcpg-row-single cl-md-12 \">\n\t<div class=\"vcpg-post-item\">\n\t\t<div class=\"vcpg-row\">\n\t\t\t<div class=\"cl-md-4\">\n\t\t\t\t<div class=\"vcpg-post-photo\">\n\t\t\t\t\t\t\t\t\t\t\t<img decoding=\"async\" class=\"post-img lazyload\" data-src=\"https:\/\/bemypartner.es\/wp-content\/uploads\/2021\/07\/Storydoing-830x420.jpg\" alt=\"El storydoing \u00bfPor qu\u00e9 apostar por \u00e9l?\" src=\"data:image\/svg+xml;base64,PHN2ZyB3aWR0aD0iMSIgaGVpZ2h0PSIxIiB4bWxucz0iaHR0cDovL3d3dy53My5vcmcvMjAwMC9zdmciPjwvc3ZnPg==\" style=\"--smush-placeholder-width: 830px; --smush-placeholder-aspect-ratio: 830\/420;\">\n\n\t\t\t\t\t\n\t\t\t\t<\/div>\n\t\t\t<\/div>\n\t\t\t<div class=\"cl-md-8\">\n\t\t\t\t<div class=\"vcpg-post-content\">\n\t\t\t\t\t<div class=\"vcpg-categories\"><a href=\"https:\/\/bemypartner.es\/category\/agencia-de-comunicacion\/\">Agencia de comunicaci\u00f3n<\/a><a href=\"https:\/\/bemypartner.es\/category\/comunicacion\/\">Comunicaci\u00f3n<\/a><a href=\"https:\/\/bemypartner.es\/category\/marca\/\">Marca<\/a><\/div>\t\t\t\t\t<div class=\"vcpg-post-meta\">\n\t\t\t\t\t\t<div class=\"meta-left\">\n                            <div class=\"grid3-post-author\">\n\t\t\t\t\t\t\t\tby <strong>Bemypartner<\/strong>                            <\/div>\n                            <span class=\"publish-time\"><i class=\"icofont-clock-time\"><\/i> 23 de juliol de 2021<\/span>\n                        <\/div>\n                        <div class=\"meta-right\">\n                            <span class=\"reading-time\"><i class=\"icofont-read-book-alt\"><\/i> 3 min to read<\/span>\n                        <\/div>\n\t\t\t\t\t<\/div>\n\n\t\t\t\t\t<div class=\"vcpg-post-desc\">\n\t\t\t\t\t\t\t\t\t\t\t\t\t<h3 class=\"vcpg-heading\"><a href=\"https:\/\/bemypartner.es\/ca\/el-storydoing-por-que-apostar-por-el\/\">El storydoing \u00bfPor qu\u00e9 apostar por \u00e9l?<\/a><\/h3>\n\t\t\t\t\t\t\n\t\t\t\t\t\t\t\t\t\t\t\t\t<p>\n\t\t\t\t\t\t\t\tEstamos empezando a escuchar hablar del storydoing, pero \u00bfqu\u00e9 es realmente esta tendencia? Se trata de un paso m\u00e1s all\u00e1 del storytelling. Si en el storytelling quer\u00edamos plasmar los valores,&hellip;<a href=\"https:\/\/bemypartner.es\/ca\/el-storydoing-por-que-apostar-por-el\/\">Llegeix m\u00e9s ><\/a>\n\t\t\t\t\t\t\t<\/p>\n\t\t\t\t\t\t\t\t\t\t\t<\/div>\n\t\t\t\t\t<div class=\"vcpg-post-footer\">\n\t\t\t\t\t\t\t\t\t\t\t\t\t<div class=\"vcpg-post-tags\">\n\t\t\t\t\t\t\t\t<i class=\"icofont-tags\"><\/i>\n\t\t\t\t\t\t\t\t\n\t\t\t\t\t\t\t\t\t\t<div class=\"first-2\"><a href=\"https:\/\/bemypartner.es\/tag\/agencia-de-comunicacion\/\">agencia de comunicaci\u00f3n<\/a><\/div>\n\n\t\t\t\t\t\t\t\t\n\t\t\t\t\t\t\t\t\t\t<div class=\"first-2\"><a href=\"https:\/\/bemypartner.es\/tag\/bemypartnercom\/\">Bemypartnercom<\/a><\/div>\n\n\t\t\t\t\t\t\t\t\n\t\t\t\t\t\t\t\t\t\t<div class=\"first-2\"><a href=\"https:\/\/bemypartner.es\/tag\/storydoing\/\">storydoing<\/a><\/div>\n\n\t\t\t\t\t\t\t\t\n\t\t\t\t\t\t\t\t\t\t<div class=\"first-2\"><a href=\"https:\/\/bemypartner.es\/tag\/storytelling\/\">storytelling<\/a><\/div>\n\n\t\t\t\t\t\t\t\t\n\t\t\t\t\t\t\t\t\t\t<div class=\"first-2\"><a href=\"https:\/\/bemypartner.es\/tag\/valores-de-marca\/\">Valores de marca<\/a><\/div>\n\n\t\t\t\t\t\t\t\t\n\t\t\t\t\t\t\t\t\n\n\t\t\t\t\t\t\t<\/div>\n\t\t\t\t\t\t\n                        <div class=\"vcpg-footer-right\">\n                            <div class=\"vcpg-comment-wrap\">\n                                <span><i class=\"icofont-comment\"><\/i> 0<\/span>\n                            <\/div>\n\n                            \n<div class=\"vcpg-social-share\">\n\t<a href=\"#\"><i class=\"icofont-share\"><\/i><\/a>\n\t<div class=\"vcpg-social-inner\">\n\t\t<ul>\n\t\t\t<li>\n\t\t\t\t<a target=\"_blank\" data-social=\"facebook\" title=\"Share on Facebook\" href=\"\/\/facebook.com\/sharer.php?u=https:\/\/bemypartner.es\/ca\/el-storydoing-por-que-apostar-por-el\/\">\n\t\t\t\t\t<i class=\"icofont-facebook\"><\/i>\n\t\t\t\t<\/a>\n\t\t\t<\/li>\n\t\t\t<li>\n\t\t\t\t<a target=\"_blank\" data-social=\"pinterest\" title=\"Share on Pinterest\" href=\"\/\/pinterest.com\/pin\/create\/button\/?url=https:\/\/bemypartner.es\/ca\/el-storydoing-por-que-apostar-por-el\/&amp;media=\">\n\t\t\t\t\t<i class=\"icofont-pinterest\"><\/i>\n\t\t\t\t<\/a>\n\t\t\t<\/li>\n\t\t\t<li>\n\t\t\t\t<a target=\"_blank\" data-social=\"twitter\" title=\"Share on Twitter\" href=\"\/\/twitter.com\/share?url=https:\/\/bemypartner.es\/ca\/el-storydoing-por-que-apostar-por-el\/&text=El storydoing \u00bfPor qu\u00e9 apostar por \u00e9l?\">\n\t\t\t\t\t<i class=\"icofont-twitter\"><\/i>\n\t\t\t\t<\/a>\n\t\t\t<\/li>\n\t\t<\/ul>\n\t<\/div>\n<\/div>                        <\/div>\n\n\t\t\t\t\t<\/div>\n\n\t\t\t\t<\/div>\n\t\t\t<\/div>\n\t\t<\/div>\n\t<\/div>\n<\/div>\n\n<div id=\"row-single-4867\" class=\"vcpg-row-single cl-md-12 \">\n\t<div class=\"vcpg-post-item\">\n\t\t<div class=\"vcpg-row\">\n\t\t\t<div class=\"cl-md-4\">\n\t\t\t\t<div class=\"vcpg-post-photo\">\n\t\t\t\t\t\t\t\t\t\t\t<img decoding=\"async\" class=\"post-img lazyload\" data-src=\"https:\/\/bemypartner.es\/wp-content\/uploads\/2021\/07\/RSC-830x420.png\" alt=\"C\u00f3mo incluir tus acciones de RSC en la estrategia de comunicaci\u00f3n sin caer en el \u201cGreenwashing\u201d\" src=\"data:image\/svg+xml;base64,PHN2ZyB3aWR0aD0iMSIgaGVpZ2h0PSIxIiB4bWxucz0iaHR0cDovL3d3dy53My5vcmcvMjAwMC9zdmciPjwvc3ZnPg==\" style=\"--smush-placeholder-width: 830px; --smush-placeholder-aspect-ratio: 830\/420;\">\n\n\t\t\t\t\t\n\t\t\t\t<\/div>\n\t\t\t<\/div>\n\t\t\t<div class=\"cl-md-8\">\n\t\t\t\t<div class=\"vcpg-post-content\">\n\t\t\t\t\t<div class=\"vcpg-categories\"><a href=\"https:\/\/bemypartner.es\/category\/agencia-de-comunicacion\/\">Agencia de comunicaci\u00f3n<\/a><a href=\"https:\/\/bemypartner.es\/category\/comunicacion\/\">Comunicaci\u00f3n<\/a><a href=\"https:\/\/bemypartner.es\/category\/relaciones-publicas\/\">Relaciones P\u00fablicas<\/a><\/div>\t\t\t\t\t<div class=\"vcpg-post-meta\">\n\t\t\t\t\t\t<div class=\"meta-left\">\n                            <div class=\"grid3-post-author\">\n\t\t\t\t\t\t\t\tby <strong>Bemypartner<\/strong>                            <\/div>\n                            <span class=\"publish-time\"><i class=\"icofont-clock-time\"><\/i> 16 de juliol de 2021<\/span>\n                        <\/div>\n                        <div class=\"meta-right\">\n                            <span class=\"reading-time\"><i class=\"icofont-read-book-alt\"><\/i> 3 min to read<\/span>\n                        <\/div>\n\t\t\t\t\t<\/div>\n\n\t\t\t\t\t<div class=\"vcpg-post-desc\">\n\t\t\t\t\t\t\t\t\t\t\t\t\t<h3 class=\"vcpg-heading\"><a href=\"https:\/\/bemypartner.es\/ca\/como-incluir-acciones-rsc-estrategia-comunicacion\/\">C\u00f3mo incluir tus acciones de RSC en la estrategia de comunicaci\u00f3n sin caer en el \u201cGreenwashing\u201d<\/a><\/h3>\n\t\t\t\t\t\t\n\t\t\t\t\t\t\t\t\t\t\t\t\t<p>\n\t\t\t\t\t\t\t\tEn los \u00faltimos a\u00f1os las empresas cada vez han sido m\u00e1s conscientes de la necesidad de incorporar acciones de RSC como ADN de la compa\u00f1\u00eda. Y es que, entre otras&hellip;<a href=\"https:\/\/bemypartner.es\/ca\/como-incluir-acciones-rsc-estrategia-comunicacion\/\">Llegeix m\u00e9s ><\/a>\n\t\t\t\t\t\t\t<\/p>\n\t\t\t\t\t\t\t\t\t\t\t<\/div>\n\t\t\t\t\t<div class=\"vcpg-post-footer\">\n\t\t\t\t\t\t\t\t\t\t\t\t\t<div class=\"vcpg-post-tags\">\n\t\t\t\t\t\t\t\t<i class=\"icofont-tags\"><\/i>\n\t\t\t\t\t\t\t\t\n\t\t\t\t\t\t\t\t\t\t<div class=\"first-2\"><a href=\"https:\/\/bemypartner.es\/tag\/agencia-de-comunicacion\/\">agencia de comunicaci\u00f3n<\/a><\/div>\n\n\t\t\t\t\t\t\t\t\n\t\t\t\t\t\t\t\t\t\t<div class=\"first-2\"><a href=\"https:\/\/bemypartner.es\/tag\/bemypartnercom\/\">Bemypartnercom<\/a><\/div>\n\n\t\t\t\t\t\t\t\t\n\t\t\t\t\t\t\t\t\t\t<div class=\"first-2\"><a href=\"https:\/\/bemypartner.es\/tag\/greenwashing\/\">Greenwashing<\/a><\/div>\n\n\t\t\t\t\t\t\t\t\n\t\t\t\t\t\t\t\t\t\t<div class=\"first-2\"><a href=\"https:\/\/bemypartner.es\/tag\/relaciones-publicas\/\">relaciones p\u00fablicas<\/a><\/div>\n\n\t\t\t\t\t\t\t\t\n\t\t\t\t\t\t\t\t\t\t<div class=\"first-2\"><a href=\"https:\/\/bemypartner.es\/tag\/responsabilidad-social-corporativa\/\">Responsabilidad Social Corporativa<\/a><\/div>\n\n\t\t\t\t\t\t\t\t\n\t\t\t\t\t\t\t\t\t\t<div class=\"first-2\"><a href=\"https:\/\/bemypartner.es\/tag\/rsc\/\">RSC<\/a><\/div>\n\n\t\t\t\t\t\t\t\t\n\t\t\t\t\t\t\t\t\n\n\t\t\t\t\t\t\t<\/div>\n\t\t\t\t\t\t\n                        <div class=\"vcpg-footer-right\">\n                            <div class=\"vcpg-comment-wrap\">\n                                <span><i class=\"icofont-comment\"><\/i> 0<\/span>\n                            <\/div>\n\n                            \n<div class=\"vcpg-social-share\">\n\t<a href=\"#\"><i class=\"icofont-share\"><\/i><\/a>\n\t<div class=\"vcpg-social-inner\">\n\t\t<ul>\n\t\t\t<li>\n\t\t\t\t<a target=\"_blank\" data-social=\"facebook\" title=\"Share on Facebook\" href=\"\/\/facebook.com\/sharer.php?u=https:\/\/bemypartner.es\/ca\/como-incluir-acciones-rsc-estrategia-comunicacion\/\">\n\t\t\t\t\t<i class=\"icofont-facebook\"><\/i>\n\t\t\t\t<\/a>\n\t\t\t<\/li>\n\t\t\t<li>\n\t\t\t\t<a target=\"_blank\" data-social=\"pinterest\" title=\"Share on Pinterest\" href=\"\/\/pinterest.com\/pin\/create\/button\/?url=https:\/\/bemypartner.es\/ca\/como-incluir-acciones-rsc-estrategia-comunicacion\/&amp;media=\">\n\t\t\t\t\t<i class=\"icofont-pinterest\"><\/i>\n\t\t\t\t<\/a>\n\t\t\t<\/li>\n\t\t\t<li>\n\t\t\t\t<a target=\"_blank\" data-social=\"twitter\" title=\"Share on Twitter\" href=\"\/\/twitter.com\/share?url=https:\/\/bemypartner.es\/ca\/como-incluir-acciones-rsc-estrategia-comunicacion\/&text=C\u00f3mo incluir tus acciones de RSC en la estrategia de comunicaci\u00f3n sin caer en el \u201cGreenwashing\u201d\">\n\t\t\t\t\t<i class=\"icofont-twitter\"><\/i>\n\t\t\t\t<\/a>\n\t\t\t<\/li>\n\t\t<\/ul>\n\t<\/div>\n<\/div>                        <\/div>\n\n\t\t\t\t\t<\/div>\n\n\t\t\t\t<\/div>\n\t\t\t<\/div>\n\t\t<\/div>\n\t<\/div>\n<\/div>\n\n<div id=\"row-single-4858\" class=\"vcpg-row-single cl-md-12 \">\n\t<div class=\"vcpg-post-item\">\n\t\t<div class=\"vcpg-row\">\n\t\t\t<div class=\"cl-md-4\">\n\t\t\t\t<div class=\"vcpg-post-photo\">\n\t\t\t\t\t\t\t\t\t\t\t<img decoding=\"async\" class=\"post-img lazyload\" data-src=\"https:\/\/bemypartner.es\/wp-content\/uploads\/2021\/07\/Tiendas-en-Whatsapp-830x420.png\" alt=\"Las tiendas de Facebook llegan a WhatsApp\" src=\"data:image\/svg+xml;base64,PHN2ZyB3aWR0aD0iMSIgaGVpZ2h0PSIxIiB4bWxucz0iaHR0cDovL3d3dy53My5vcmcvMjAwMC9zdmciPjwvc3ZnPg==\" style=\"--smush-placeholder-width: 830px; --smush-placeholder-aspect-ratio: 830\/420;\">\n\n\t\t\t\t\t\n\t\t\t\t<\/div>\n\t\t\t<\/div>\n\t\t\t<div class=\"cl-md-8\">\n\t\t\t\t<div class=\"vcpg-post-content\">\n\t\t\t\t\t<div class=\"vcpg-categories\"><a href=\"https:\/\/bemypartner.es\/category\/agencia-de-comunicacion\/\">Agencia de comunicaci\u00f3n<\/a><a href=\"https:\/\/bemypartner.es\/category\/campanas\/\">Campa\u00f1as<\/a><a href=\"https:\/\/bemypartner.es\/category\/redes-sociales\/\">Redes Sociales<\/a><\/div>\t\t\t\t\t<div class=\"vcpg-post-meta\">\n\t\t\t\t\t\t<div class=\"meta-left\">\n                            <div class=\"grid3-post-author\">\n\t\t\t\t\t\t\t\tby <strong>Bemypartner<\/strong>                            <\/div>\n                            <span class=\"publish-time\"><i class=\"icofont-clock-time\"><\/i> 08 de juliol de 2021<\/span>\n                        <\/div>\n                        <div class=\"meta-right\">\n                            <span class=\"reading-time\"><i class=\"icofont-read-book-alt\"><\/i> 4 min to read<\/span>\n                        <\/div>\n\t\t\t\t\t<\/div>\n\n\t\t\t\t\t<div class=\"vcpg-post-desc\">\n\t\t\t\t\t\t\t\t\t\t\t\t\t<h3 class=\"vcpg-heading\"><a href=\"https:\/\/bemypartner.es\/ca\/tiendas-facebook-whatsapp\/\">Las tiendas de Facebook llegan a WhatsApp<\/a><\/h3>\n\t\t\t\t\t\t\n\t\t\t\t\t\t\t\t\t\t\t\t\t<p>\n\t\t\t\t\t\t\t\tMarc Zuckerberg anunci\u00f3 a finales del mes de junio la llegada de las tiendas de Facebook a WhatsApp Business. Seguramente conocer\u00e1s las tiendas de Facebook o Instagram, una gran herramienta&hellip;<a href=\"https:\/\/bemypartner.es\/ca\/tiendas-facebook-whatsapp\/\">Llegeix m\u00e9s ><\/a>\n\t\t\t\t\t\t\t<\/p>\n\t\t\t\t\t\t\t\t\t\t\t<\/div>\n\t\t\t\t\t<div class=\"vcpg-post-footer\">\n\t\t\t\t\t\t\t\t\t\t\t\t\t<div class=\"vcpg-post-tags\">\n\t\t\t\t\t\t\t\t<i class=\"icofont-tags\"><\/i>\n\t\t\t\t\t\t\t\t\n\t\t\t\t\t\t\t\t\t\t<div class=\"first-2\"><a href=\"https:\/\/bemypartner.es\/tag\/agencia-de-comunicacion\/\">agencia de comunicaci\u00f3n<\/a><\/div>\n\n\t\t\t\t\t\t\t\t\n\t\t\t\t\t\t\t\t\t\t<div class=\"first-2\"><a href=\"https:\/\/bemypartner.es\/tag\/bemypartnercom\/\">Bemypartnercom<\/a><\/div>\n\n\t\t\t\t\t\t\t\t\n\t\t\t\t\t\t\t\t\t\t<div class=\"first-2\"><a href=\"https:\/\/bemypartner.es\/tag\/facebook\/\">Facebook<\/a><\/div>\n\n\t\t\t\t\t\t\t\t\n\t\t\t\t\t\t\t\t\t\t<div class=\"first-2\"><a href=\"https:\/\/bemypartner.es\/tag\/redes-sociales\/\">Redes Sociales<\/a><\/div>\n\n\t\t\t\t\t\t\t\t\n\t\t\t\t\t\t\t\t\t\t<div class=\"first-2\"><a href=\"https:\/\/bemypartner.es\/tag\/tiendas\/\">Tiendas<\/a><\/div>\n\n\t\t\t\t\t\t\t\t\n\t\t\t\t\t\t\t\t\t\t<div class=\"first-2\"><a href=\"https:\/\/bemypartner.es\/tag\/whatsapp\/\">Whatsapp<\/a><\/div>\n\n\t\t\t\t\t\t\t\t\n\t\t\t\t\t\t\t\t\n\n\t\t\t\t\t\t\t<\/div>\n\t\t\t\t\t\t\n                        <div class=\"vcpg-footer-right\">\n                            <div class=\"vcpg-comment-wrap\">\n                                <span><i class=\"icofont-comment\"><\/i> 0<\/span>\n                            <\/div>\n\n                            \n<div class=\"vcpg-social-share\">\n\t<a href=\"#\"><i class=\"icofont-share\"><\/i><\/a>\n\t<div class=\"vcpg-social-inner\">\n\t\t<ul>\n\t\t\t<li>\n\t\t\t\t<a target=\"_blank\" data-social=\"facebook\" title=\"Share on Facebook\" href=\"\/\/facebook.com\/sharer.php?u=https:\/\/bemypartner.es\/ca\/tiendas-facebook-whatsapp\/\">\n\t\t\t\t\t<i class=\"icofont-facebook\"><\/i>\n\t\t\t\t<\/a>\n\t\t\t<\/li>\n\t\t\t<li>\n\t\t\t\t<a target=\"_blank\" data-social=\"pinterest\" title=\"Share on Pinterest\" href=\"\/\/pinterest.com\/pin\/create\/button\/?url=https:\/\/bemypartner.es\/ca\/tiendas-facebook-whatsapp\/&amp;media=\">\n\t\t\t\t\t<i class=\"icofont-pinterest\"><\/i>\n\t\t\t\t<\/a>\n\t\t\t<\/li>\n\t\t\t<li>\n\t\t\t\t<a target=\"_blank\" data-social=\"twitter\" title=\"Share on Twitter\" href=\"\/\/twitter.com\/share?url=https:\/\/bemypartner.es\/ca\/tiendas-facebook-whatsapp\/&text=Las tiendas de Facebook llegan a WhatsApp\">\n\t\t\t\t\t<i class=\"icofont-twitter\"><\/i>\n\t\t\t\t<\/a>\n\t\t\t<\/li>\n\t\t<\/ul>\n\t<\/div>\n<\/div>                        <\/div>\n\n\t\t\t\t\t<\/div>\n\n\t\t\t\t<\/div>\n\t\t\t<\/div>\n\t\t<\/div>\n\t<\/div>\n<\/div>\n\n<div id=\"row-single-4852\" class=\"vcpg-row-single cl-md-12 \">\n\t<div class=\"vcpg-post-item\">\n\t\t<div class=\"vcpg-row\">\n\t\t\t<div class=\"cl-md-4\">\n\t\t\t\t<div class=\"vcpg-post-photo\">\n\t\t\t\t\t\t\t\t\t\t\t<img decoding=\"async\" class=\"post-img lazyload\" data-src=\"https:\/\/bemypartner.es\/wp-content\/uploads\/2021\/07\/Blog-BMP-5-830x420.png\" alt=\"5 razones por las que comunicar valores de marca\" src=\"data:image\/svg+xml;base64,PHN2ZyB3aWR0aD0iMSIgaGVpZ2h0PSIxIiB4bWxucz0iaHR0cDovL3d3dy53My5vcmcvMjAwMC9zdmciPjwvc3ZnPg==\" style=\"--smush-placeholder-width: 830px; --smush-placeholder-aspect-ratio: 830\/420;\">\n\n\t\t\t\t\t\n\t\t\t\t<\/div>\n\t\t\t<\/div>\n\t\t\t<div class=\"cl-md-8\">\n\t\t\t\t<div class=\"vcpg-post-content\">\n\t\t\t\t\t<div class=\"vcpg-categories\"><a href=\"https:\/\/bemypartner.es\/category\/agencia-de-comunicacion\/\">Agencia de comunicaci\u00f3n<\/a><a href=\"https:\/\/bemypartner.es\/category\/comunicacion\/\">Comunicaci\u00f3n<\/a><a href=\"https:\/\/bemypartner.es\/category\/marca\/\">Marca<\/a><\/div>\t\t\t\t\t<div class=\"vcpg-post-meta\">\n\t\t\t\t\t\t<div class=\"meta-left\">\n                            <div class=\"grid3-post-author\">\n\t\t\t\t\t\t\t\tby <strong>Bemypartner<\/strong>                            <\/div>\n                            <span class=\"publish-time\"><i class=\"icofont-clock-time\"><\/i> 01 de juliol de 2021<\/span>\n                        <\/div>\n                        <div class=\"meta-right\">\n                            <span class=\"reading-time\"><i class=\"icofont-read-book-alt\"><\/i> 2 min to read<\/span>\n                        <\/div>\n\t\t\t\t\t<\/div>\n\n\t\t\t\t\t<div class=\"vcpg-post-desc\">\n\t\t\t\t\t\t\t\t\t\t\t\t\t<h3 class=\"vcpg-heading\"><a href=\"https:\/\/bemypartner.es\/ca\/valores-de-marca\/\">5 razones por las que comunicar valores de marca<\/a><\/h3>\n\t\t\t\t\t\t\n\t\t\t\t\t\t\t\t\t\t\t\t\t<p>\n\t\t\t\t\t\t\t\t\u00bfAlguna vez te has preguntado qu\u00e9 hace que te guste m\u00e1s una marca que otra? Si te paras a pensarlo, es muy probable que te des cuenta que no solo&hellip;<a href=\"https:\/\/bemypartner.es\/ca\/valores-de-marca\/\">Llegeix m\u00e9s ><\/a>\n\t\t\t\t\t\t\t<\/p>\n\t\t\t\t\t\t\t\t\t\t\t<\/div>\n\t\t\t\t\t<div class=\"vcpg-post-footer\">\n\t\t\t\t\t\t\t\t\t\t\t\t\t<div class=\"vcpg-post-tags\">\n\t\t\t\t\t\t\t\t<i class=\"icofont-tags\"><\/i>\n\t\t\t\t\t\t\t\t\n\t\t\t\t\t\t\t\t\t\t<div class=\"first-2\"><a href=\"https:\/\/bemypartner.es\/tag\/comunicacion\/\">comunicaci\u00f3n<\/a><\/div>\n\n\t\t\t\t\t\t\t\t\n\t\t\t\t\t\t\t\t\t\t<div class=\"first-2\"><a href=\"https:\/\/bemypartner.es\/tag\/comunicacion-corporativa\/\">comunicaci\u00f3n corporativa<\/a><\/div>\n\n\t\t\t\t\t\t\t\t\n\t\t\t\t\t\t\t\t\t\t<div class=\"first-2\"><a href=\"https:\/\/bemypartner.es\/tag\/comunicacion-de-empresa\/\">comunicaci\u00f3n de empresa<\/a><\/div>\n\n\t\t\t\t\t\t\t\t\n\t\t\t\t\t\t\t\t\t\t<div class=\"first-2\"><a href=\"https:\/\/bemypartner.es\/tag\/comunicacion-estrategica\/\">comunicaci\u00f3n estrat\u00e9gica<\/a><\/div>\n\n\t\t\t\t\t\t\t\t\n\t\t\t\t\t\t\t\t\t\t<div class=\"first-2\"><a href=\"https:\/\/bemypartner.es\/tag\/comunicacion-institucional\/\">comunicaci\u00f3n institucional<\/a><\/div>\n\n\t\t\t\t\t\t\t\t\n\t\t\t\t\t\t\t\t\t\t<div class=\"first-2\"><a href=\"https:\/\/bemypartner.es\/tag\/gestion-comunicacion\/\">gesti\u00f3n comunicaci\u00f3n<\/a><\/div>\n\n\t\t\t\t\t\t\t\t\n\t\t\t\t\t\t\t\t\t\t<div class=\"first-2\"><a href=\"https:\/\/bemypartner.es\/tag\/marca\/\">marca<\/a><\/div>\n\n\t\t\t\t\t\t\t\t\n\t\t\t\t\t\t\t\t\t\t<div class=\"first-2\"><a href=\"https:\/\/bemypartner.es\/tag\/publico-objetivo\/\">p\u00fablico objetivo<\/a><\/div>\n\n\t\t\t\t\t\t\t\t\n\t\t\t\t\t\t\t\t\t\t<div class=\"first-2\"><a href=\"https:\/\/bemypartner.es\/tag\/valores-de-marca\/\">Valores de marca<\/a><\/div>\n\n\t\t\t\t\t\t\t\t\n\t\t\t\t\t\t\t\t\n\n\t\t\t\t\t\t\t<\/div>\n\t\t\t\t\t\t\n                        <div class=\"vcpg-footer-right\">\n                            <div class=\"vcpg-comment-wrap\">\n                                <span><i class=\"icofont-comment\"><\/i> 0<\/span>\n                            <\/div>\n\n                            \n<div class=\"vcpg-social-share\">\n\t<a href=\"#\"><i class=\"icofont-share\"><\/i><\/a>\n\t<div class=\"vcpg-social-inner\">\n\t\t<ul>\n\t\t\t<li>\n\t\t\t\t<a target=\"_blank\" data-social=\"facebook\" title=\"Share on Facebook\" href=\"\/\/facebook.com\/sharer.php?u=https:\/\/bemypartner.es\/ca\/valores-de-marca\/\">\n\t\t\t\t\t<i class=\"icofont-facebook\"><\/i>\n\t\t\t\t<\/a>\n\t\t\t<\/li>\n\t\t\t<li>\n\t\t\t\t<a target=\"_blank\" data-social=\"pinterest\" title=\"Share on Pinterest\" href=\"\/\/pinterest.com\/pin\/create\/button\/?url=https:\/\/bemypartner.es\/ca\/valores-de-marca\/&amp;media=\">\n\t\t\t\t\t<i class=\"icofont-pinterest\"><\/i>\n\t\t\t\t<\/a>\n\t\t\t<\/li>\n\t\t\t<li>\n\t\t\t\t<a target=\"_blank\" data-social=\"twitter\" title=\"Share on Twitter\" href=\"\/\/twitter.com\/share?url=https:\/\/bemypartner.es\/ca\/valores-de-marca\/&text=5 razones por las que comunicar valores de marca\">\n\t\t\t\t\t<i class=\"icofont-twitter\"><\/i>\n\t\t\t\t<\/a>\n\t\t\t<\/li>\n\t\t<\/ul>\n\t<\/div>\n<\/div>                        <\/div>\n\n\t\t\t\t\t<\/div>\n\n\t\t\t\t<\/div>\n\t\t\t<\/div>\n\t\t<\/div>\n\t<\/div>\n<\/div>\n\n<div id=\"row-single-4845\" class=\"vcpg-row-single cl-md-12 \">\n\t<div class=\"vcpg-post-item\">\n\t\t<div class=\"vcpg-row\">\n\t\t\t<div class=\"cl-md-4\">\n\t\t\t\t<div class=\"vcpg-post-photo\">\n\t\t\t\t\t\t\t\t\t\t\t<img decoding=\"async\" class=\"post-img lazyload\" data-src=\"https:\/\/bemypartner.es\/wp-content\/uploads\/2021\/06\/Customer-Journey-830x420.png\" alt=\"\u00bfSabes qu\u00e9 es el customer journey?\" src=\"data:image\/svg+xml;base64,PHN2ZyB3aWR0aD0iMSIgaGVpZ2h0PSIxIiB4bWxucz0iaHR0cDovL3d3dy53My5vcmcvMjAwMC9zdmciPjwvc3ZnPg==\" style=\"--smush-placeholder-width: 830px; --smush-placeholder-aspect-ratio: 830\/420;\">\n\n\t\t\t\t\t\n\t\t\t\t<\/div>\n\t\t\t<\/div>\n\t\t\t<div class=\"cl-md-8\">\n\t\t\t\t<div class=\"vcpg-post-content\">\n\t\t\t\t\t<div class=\"vcpg-categories\"><a href=\"https:\/\/bemypartner.es\/category\/agencia-de-comunicacion\/\">Agencia de comunicaci\u00f3n<\/a><a href=\"https:\/\/bemypartner.es\/category\/campanas\/\">Campa\u00f1as<\/a><a href=\"https:\/\/bemypartner.es\/category\/comunicacion\/\">Comunicaci\u00f3n<\/a><a href=\"https:\/\/bemypartner.es\/category\/relaciones-publicas\/\">Relaciones P\u00fablicas<\/a><\/div>\t\t\t\t\t<div class=\"vcpg-post-meta\">\n\t\t\t\t\t\t<div class=\"meta-left\">\n                            <div class=\"grid3-post-author\">\n\t\t\t\t\t\t\t\tby <strong>Bemypartner<\/strong>                            <\/div>\n                            <span class=\"publish-time\"><i class=\"icofont-clock-time\"><\/i> 25 de juny de 2021<\/span>\n                        <\/div>\n                        <div class=\"meta-right\">\n                            <span class=\"reading-time\"><i class=\"icofont-read-book-alt\"><\/i> 3 min to read<\/span>\n                        <\/div>\n\t\t\t\t\t<\/div>\n\n\t\t\t\t\t<div class=\"vcpg-post-desc\">\n\t\t\t\t\t\t\t\t\t\t\t\t\t<h3 class=\"vcpg-heading\"><a href=\"https:\/\/bemypartner.es\/ca\/customer-journey\/\">\u00bfSabes qu\u00e9 es el customer journey?<\/a><\/h3>\n\t\t\t\t\t\t\n\t\t\t\t\t\t\t\t\t\t\t\t\t<p>\n\t\t\t\t\t\t\t\tEl customer journey es un proceso que engloba todas las fases por las que pasa una persona desde que decide que tiene una necesidad hasta que se decanta por comprar&hellip;<a href=\"https:\/\/bemypartner.es\/ca\/customer-journey\/\">Llegeix m\u00e9s ><\/a>\n\t\t\t\t\t\t\t<\/p>\n\t\t\t\t\t\t\t\t\t\t\t<\/div>\n\t\t\t\t\t<div class=\"vcpg-post-footer\">\n\t\t\t\t\t\t\t\t\t\t\t\t\t<div class=\"vcpg-post-tags\">\n\t\t\t\t\t\t\t\t<i class=\"icofont-tags\"><\/i>\n\t\t\t\t\t\t\t\t\n\t\t\t\t\t\t\t\t\t\t<div class=\"first-2\"><a href=\"https:\/\/bemypartner.es\/tag\/agencia-de-comunicacion\/\">agencia de comunicaci\u00f3n<\/a><\/div>\n\n\t\t\t\t\t\t\t\t\n\t\t\t\t\t\t\t\t\t\t<div class=\"first-2\"><a href=\"https:\/\/bemypartner.es\/tag\/bemypartner\/\">bemypartner<\/a><\/div>\n\n\t\t\t\t\t\t\t\t\n\t\t\t\t\t\t\t\t\t\t<div class=\"first-2\"><a href=\"https:\/\/bemypartner.es\/tag\/buyer-person\/\">buyer person<\/a><\/div>\n\n\t\t\t\t\t\t\t\t\n\t\t\t\t\t\t\t\t\t\t<div class=\"first-2\"><a href=\"https:\/\/bemypartner.es\/tag\/customer-journey\/\">Customer Journey<\/a><\/div>\n\n\t\t\t\t\t\t\t\t\n\t\t\t\t\t\t\t\t\t\t<div class=\"first-2\"><a href=\"https:\/\/bemypartner.es\/tag\/fases\/\">Fases<\/a><\/div>\n\n\t\t\t\t\t\t\t\t\n\t\t\t\t\t\t\t\t\n\n\t\t\t\t\t\t\t<\/div>\n\t\t\t\t\t\t\n                        <div class=\"vcpg-footer-right\">\n                            <div class=\"vcpg-comment-wrap\">\n                                <span><i class=\"icofont-comment\"><\/i> 0<\/span>\n                            <\/div>\n\n                            \n<div class=\"vcpg-social-share\">\n\t<a href=\"#\"><i class=\"icofont-share\"><\/i><\/a>\n\t<div class=\"vcpg-social-inner\">\n\t\t<ul>\n\t\t\t<li>\n\t\t\t\t<a target=\"_blank\" data-social=\"facebook\" title=\"Share on Facebook\" href=\"\/\/facebook.com\/sharer.php?u=https:\/\/bemypartner.es\/ca\/customer-journey\/\">\n\t\t\t\t\t<i class=\"icofont-facebook\"><\/i>\n\t\t\t\t<\/a>\n\t\t\t<\/li>\n\t\t\t<li>\n\t\t\t\t<a target=\"_blank\" data-social=\"pinterest\" title=\"Share on Pinterest\" href=\"\/\/pinterest.com\/pin\/create\/button\/?url=https:\/\/bemypartner.es\/ca\/customer-journey\/&amp;media=\">\n\t\t\t\t\t<i class=\"icofont-pinterest\"><\/i>\n\t\t\t\t<\/a>\n\t\t\t<\/li>\n\t\t\t<li>\n\t\t\t\t<a target=\"_blank\" data-social=\"twitter\" title=\"Share on Twitter\" href=\"\/\/twitter.com\/share?url=https:\/\/bemypartner.es\/ca\/customer-journey\/&text=\u00bfSabes qu\u00e9 es el customer journey?\">\n\t\t\t\t\t<i class=\"icofont-twitter\"><\/i>\n\t\t\t\t<\/a>\n\t\t\t<\/li>\n\t\t<\/ul>\n\t<\/div>\n<\/div>                        <\/div>\n\n\t\t\t\t\t<\/div>\n\n\t\t\t\t<\/div>\n\t\t\t<\/div>\n\t\t<\/div>\n\t<\/div>\n<\/div>\n\n<div id=\"row-single-4839\" class=\"vcpg-row-single cl-md-12 \">\n\t<div class=\"vcpg-post-item\">\n\t\t<div class=\"vcpg-row\">\n\t\t\t<div class=\"cl-md-4\">\n\t\t\t\t<div class=\"vcpg-post-photo\">\n\t\t\t\t\t\t\t\t\t\t\t<img decoding=\"async\" class=\"post-img lazyload\" data-src=\"https:\/\/bemypartner.es\/wp-content\/uploads\/2021\/06\/Blog-BMP-6-830x420.png\" alt=\"Estrategia de Influencer Marketing: la importancia de incluirla en tu plan de comunicaci\u00f3n\" src=\"data:image\/svg+xml;base64,PHN2ZyB3aWR0aD0iMSIgaGVpZ2h0PSIxIiB4bWxucz0iaHR0cDovL3d3dy53My5vcmcvMjAwMC9zdmciPjwvc3ZnPg==\" style=\"--smush-placeholder-width: 830px; --smush-placeholder-aspect-ratio: 830\/420;\">\n\n\t\t\t\t\t\n\t\t\t\t<\/div>\n\t\t\t<\/div>\n\t\t\t<div class=\"cl-md-8\">\n\t\t\t\t<div class=\"vcpg-post-content\">\n\t\t\t\t\t<div class=\"vcpg-categories\"><a href=\"https:\/\/bemypartner.es\/category\/agencia-de-comunicacion\/\">Agencia de comunicaci\u00f3n<\/a><a href=\"https:\/\/bemypartner.es\/category\/campanas\/\">Campa\u00f1as<\/a><a href=\"https:\/\/bemypartner.es\/category\/comunicacion\/\">Comunicaci\u00f3n<\/a><a href=\"https:\/\/bemypartner.es\/category\/redes-sociales\/\">Redes Sociales<\/a><\/div>\t\t\t\t\t<div class=\"vcpg-post-meta\">\n\t\t\t\t\t\t<div class=\"meta-left\">\n                            <div class=\"grid3-post-author\">\n\t\t\t\t\t\t\t\tby <strong>Bemypartner<\/strong>                            <\/div>\n                            <span class=\"publish-time\"><i class=\"icofont-clock-time\"><\/i> 17 de juny de 2021<\/span>\n                        <\/div>\n                        <div class=\"meta-right\">\n                            <span class=\"reading-time\"><i class=\"icofont-read-book-alt\"><\/i> 4 min to read<\/span>\n                        <\/div>\n\t\t\t\t\t<\/div>\n\n\t\t\t\t\t<div class=\"vcpg-post-desc\">\n\t\t\t\t\t\t\t\t\t\t\t\t\t<h3 class=\"vcpg-heading\"><a href=\"https:\/\/bemypartner.es\/ca\/estrategia-influencer-marketing\/\">Estrategia de Influencer Marketing: la importancia de incluirla en tu plan de comunicaci\u00f3n<\/a><\/h3>\n\t\t\t\t\t\t\n\t\t\t\t\t\t\t\t\t\t\t\t\t<p>\n\t\t\t\t\t\t\t\tComo bien cita el documental \u201cFake Famous\u201d sobre los influencers, si antes un ni\u00f1o dec\u00eda que quer\u00eda ser m\u00e9dico, actor o estrella de rock, hoy dir\u00eda que quiere ser influencer.&hellip;<a href=\"https:\/\/bemypartner.es\/ca\/estrategia-influencer-marketing\/\">Llegeix m\u00e9s ><\/a>\n\t\t\t\t\t\t\t<\/p>\n\t\t\t\t\t\t\t\t\t\t\t<\/div>\n\t\t\t\t\t<div class=\"vcpg-post-footer\">\n\t\t\t\t\t\t\t\t\t\t\t\t\t<div class=\"vcpg-post-tags\">\n\t\t\t\t\t\t\t\t<i class=\"icofont-tags\"><\/i>\n\t\t\t\t\t\t\t\t\n\t\t\t\t\t\t\t\t\t\t<div class=\"first-2\"><a href=\"https:\/\/bemypartner.es\/tag\/campana-con-influencers\/\">campa\u00f1a con influencers<\/a><\/div>\n\n\t\t\t\t\t\t\t\t\n\t\t\t\t\t\t\t\t\t\t<div class=\"first-2\"><a href=\"https:\/\/bemypartner.es\/tag\/influencer-marketing\/\">influencer marketing<\/a><\/div>\n\n\t\t\t\t\t\t\t\t\n\t\t\t\t\t\t\t\t\t\t<div class=\"first-2\"><a href=\"https:\/\/bemypartner.es\/tag\/marketing-de-influencers\/\">marketing de influencers<\/a><\/div>\n\n\t\t\t\t\t\t\t\t\n\t\t\t\t\t\t\t\t\t\t<div class=\"first-2\"><a href=\"https:\/\/bemypartner.es\/tag\/publicidad-con-influencers\/\">Publicidad con influencers<\/a><\/div>\n\n\t\t\t\t\t\t\t\t\n\t\t\t\t\t\t\t\t\n\n\t\t\t\t\t\t\t<\/div>\n\t\t\t\t\t\t\n                        <div class=\"vcpg-footer-right\">\n                            <div class=\"vcpg-comment-wrap\">\n                                <span><i class=\"icofont-comment\"><\/i> 1<\/span>\n                            <\/div>\n\n                            \n<div class=\"vcpg-social-share\">\n\t<a href=\"#\"><i class=\"icofont-share\"><\/i><\/a>\n\t<div class=\"vcpg-social-inner\">\n\t\t<ul>\n\t\t\t<li>\n\t\t\t\t<a target=\"_blank\" data-social=\"facebook\" title=\"Share on Facebook\" href=\"\/\/facebook.com\/sharer.php?u=https:\/\/bemypartner.es\/ca\/estrategia-influencer-marketing\/\">\n\t\t\t\t\t<i class=\"icofont-facebook\"><\/i>\n\t\t\t\t<\/a>\n\t\t\t<\/li>\n\t\t\t<li>\n\t\t\t\t<a target=\"_blank\" data-social=\"pinterest\" title=\"Share on Pinterest\" href=\"\/\/pinterest.com\/pin\/create\/button\/?url=https:\/\/bemypartner.es\/ca\/estrategia-influencer-marketing\/&amp;media=\">\n\t\t\t\t\t<i class=\"icofont-pinterest\"><\/i>\n\t\t\t\t<\/a>\n\t\t\t<\/li>\n\t\t\t<li>\n\t\t\t\t<a target=\"_blank\" data-social=\"twitter\" title=\"Share on Twitter\" href=\"\/\/twitter.com\/share?url=https:\/\/bemypartner.es\/ca\/estrategia-influencer-marketing\/&text=Estrategia de Influencer Marketing: la importancia de incluirla en tu plan de comunicaci\u00f3n\">\n\t\t\t\t\t<i class=\"icofont-twitter\"><\/i>\n\t\t\t\t<\/a>\n\t\t\t<\/li>\n\t\t<\/ul>\n\t<\/div>\n<\/div>                        <\/div>\n\n\t\t\t\t\t<\/div>\n\n\t\t\t\t<\/div>\n\t\t\t<\/div>\n\t\t<\/div>\n\t<\/div>\n<\/div>\n\n<div id=\"row-single-4828\" class=\"vcpg-row-single cl-md-12 \">\n\t<div class=\"vcpg-post-item\">\n\t\t<div class=\"vcpg-row\">\n\t\t\t<div class=\"cl-md-4\">\n\t\t\t\t<div class=\"vcpg-post-photo\">\n\t\t\t\t\t\t\t\t\t\t\t<img decoding=\"async\" class=\"post-img lazyload\" data-src=\"https:\/\/bemypartner.es\/wp-content\/uploads\/2021\/06\/Blog-BMP-5-830x420.png\" alt=\"Shadowban, la sombra de Instagram. \u00bfQu\u00e9 es?\" src=\"data:image\/svg+xml;base64,PHN2ZyB3aWR0aD0iMSIgaGVpZ2h0PSIxIiB4bWxucz0iaHR0cDovL3d3dy53My5vcmcvMjAwMC9zdmciPjwvc3ZnPg==\" style=\"--smush-placeholder-width: 830px; --smush-placeholder-aspect-ratio: 830\/420;\">\n\n\t\t\t\t\t\n\t\t\t\t<\/div>\n\t\t\t<\/div>\n\t\t\t<div class=\"cl-md-8\">\n\t\t\t\t<div class=\"vcpg-post-content\">\n\t\t\t\t\t<div class=\"vcpg-categories\"><a href=\"https:\/\/bemypartner.es\/category\/agencia-de-comunicacion\/\">Agencia de comunicaci\u00f3n<\/a><a href=\"https:\/\/bemypartner.es\/category\/comunicacion\/\">Comunicaci\u00f3n<\/a><a href=\"https:\/\/bemypartner.es\/category\/redes-sociales\/\">Redes Sociales<\/a><\/div>\t\t\t\t\t<div class=\"vcpg-post-meta\">\n\t\t\t\t\t\t<div class=\"meta-left\">\n                            <div class=\"grid3-post-author\">\n\t\t\t\t\t\t\t\tby <strong>Bemypartner<\/strong>                            <\/div>\n                            <span class=\"publish-time\"><i class=\"icofont-clock-time\"><\/i> 10 de juny de 2021<\/span>\n                        <\/div>\n                        <div class=\"meta-right\">\n                            <span class=\"reading-time\"><i class=\"icofont-read-book-alt\"><\/i> 3 min to read<\/span>\n                        <\/div>\n\t\t\t\t\t<\/div>\n\n\t\t\t\t\t<div class=\"vcpg-post-desc\">\n\t\t\t\t\t\t\t\t\t\t\t\t\t<h3 class=\"vcpg-heading\"><a href=\"https:\/\/bemypartner.es\/ca\/shadowban\/\">Shadowban, la sombra de Instagram. \u00bfQu\u00e9 es?<\/a><\/h3>\n\t\t\t\t\t\t\n\t\t\t\t\t\t\t\t\t\t\t\t\t<p>\n\t\t\t\t\t\t\t\tFrecuentemente recibimos consultas de clientes preocupados sobre advertencias de penalizaci\u00f3n de Instagram o porque han visto una notoria ca\u00edda en el tama\u00f1o de sus comunidades, o de su engagement. El&hellip;<a href=\"https:\/\/bemypartner.es\/ca\/shadowban\/\">Llegeix m\u00e9s ><\/a>\n\t\t\t\t\t\t\t<\/p>\n\t\t\t\t\t\t\t\t\t\t\t<\/div>\n\t\t\t\t\t<div class=\"vcpg-post-footer\">\n\t\t\t\t\t\t\t\t\t\t\t\t\t<div class=\"vcpg-post-tags\">\n\t\t\t\t\t\t\t\t<i class=\"icofont-tags\"><\/i>\n\t\t\t\t\t\t\t\t\n\t\t\t\t\t\t\t\t\t\t<div class=\"first-2\"><a href=\"https:\/\/bemypartner.es\/tag\/evitar-el-shadowban\/\">evitar el shadowban<\/a><\/div>\n\n\t\t\t\t\t\t\t\t\n\t\t\t\t\t\t\t\t\t\t<div class=\"first-2\"><a href=\"https:\/\/bemypartner.es\/tag\/instagram\/\">Instagram<\/a><\/div>\n\n\t\t\t\t\t\t\t\t\n\t\t\t\t\t\t\t\t\t\t<div class=\"first-2\"><a href=\"https:\/\/bemypartner.es\/tag\/redes-sociales\/\">Redes Sociales<\/a><\/div>\n\n\t\t\t\t\t\t\t\t\n\t\t\t\t\t\t\t\t\t\t<div class=\"first-2\"><a href=\"https:\/\/bemypartner.es\/tag\/shadowban\/\">shadowban<\/a><\/div>\n\n\t\t\t\t\t\t\t\t\n\t\t\t\t\t\t\t\t\n\n\t\t\t\t\t\t\t<\/div>\n\t\t\t\t\t\t\n                        <div class=\"vcpg-footer-right\">\n                            <div class=\"vcpg-comment-wrap\">\n                                <span><i class=\"icofont-comment\"><\/i> 0<\/span>\n                            <\/div>\n\n                            \n<div class=\"vcpg-social-share\">\n\t<a href=\"#\"><i class=\"icofont-share\"><\/i><\/a>\n\t<div class=\"vcpg-social-inner\">\n\t\t<ul>\n\t\t\t<li>\n\t\t\t\t<a target=\"_blank\" data-social=\"facebook\" title=\"Share on Facebook\" href=\"\/\/facebook.com\/sharer.php?u=https:\/\/bemypartner.es\/ca\/shadowban\/\">\n\t\t\t\t\t<i class=\"icofont-facebook\"><\/i>\n\t\t\t\t<\/a>\n\t\t\t<\/li>\n\t\t\t<li>\n\t\t\t\t<a target=\"_blank\" data-social=\"pinterest\" title=\"Share on Pinterest\" href=\"\/\/pinterest.com\/pin\/create\/button\/?url=https:\/\/bemypartner.es\/ca\/shadowban\/&amp;media=\">\n\t\t\t\t\t<i class=\"icofont-pinterest\"><\/i>\n\t\t\t\t<\/a>\n\t\t\t<\/li>\n\t\t\t<li>\n\t\t\t\t<a target=\"_blank\" data-social=\"twitter\" title=\"Share on Twitter\" href=\"\/\/twitter.com\/share?url=https:\/\/bemypartner.es\/ca\/shadowban\/&text=Shadowban, la sombra de Instagram. \u00bfQu\u00e9 es?\">\n\t\t\t\t\t<i class=\"icofont-twitter\"><\/i>\n\t\t\t\t<\/a>\n\t\t\t<\/li>\n\t\t<\/ul>\n\t<\/div>\n<\/div>                        <\/div>\n\n\t\t\t\t\t<\/div>\n\n\t\t\t\t<\/div>\n\t\t\t<\/div>\n\t\t<\/div>\n\t<\/div>\n<\/div>\n\n<div id=\"row-single-4822\" class=\"vcpg-row-single cl-md-12 \">\n\t<div class=\"vcpg-post-item\">\n\t\t<div class=\"vcpg-row\">\n\t\t\t<div class=\"cl-md-4\">\n\t\t\t\t<div class=\"vcpg-post-photo\">\n\t\t\t\t\t\t\t\t\t\t\t<img decoding=\"async\" class=\"post-img lazyload\" data-src=\"https:\/\/bemypartner.es\/wp-content\/uploads\/2021\/06\/Blog-BMP-830x420.png\" alt=\"\u00bfPor qu\u00e9 es importante contratar una agencia para organizar un evento?\" src=\"data:image\/svg+xml;base64,PHN2ZyB3aWR0aD0iMSIgaGVpZ2h0PSIxIiB4bWxucz0iaHR0cDovL3d3dy53My5vcmcvMjAwMC9zdmciPjwvc3ZnPg==\" style=\"--smush-placeholder-width: 830px; --smush-placeholder-aspect-ratio: 830\/420;\">\n\n\t\t\t\t\t\n\t\t\t\t<\/div>\n\t\t\t<\/div>\n\t\t\t<div class=\"cl-md-8\">\n\t\t\t\t<div class=\"vcpg-post-content\">\n\t\t\t\t\t<div class=\"vcpg-categories\"><a href=\"https:\/\/bemypartner.es\/category\/agencia-de-comunicacion\/\">Agencia de comunicaci\u00f3n<\/a><a href=\"https:\/\/bemypartner.es\/category\/campanas\/\">Campa\u00f1as<\/a><a href=\"https:\/\/bemypartner.es\/category\/comunicacion\/\">Comunicaci\u00f3n<\/a><a href=\"https:\/\/bemypartner.es\/category\/eventos\/\">Eventos<\/a><\/div>\t\t\t\t\t<div class=\"vcpg-post-meta\">\n\t\t\t\t\t\t<div class=\"meta-left\">\n                            <div class=\"grid3-post-author\">\n\t\t\t\t\t\t\t\tby <strong>Bemypartner<\/strong>                            <\/div>\n                            <span class=\"publish-time\"><i class=\"icofont-clock-time\"><\/i> 03 de juny de 2021<\/span>\n                        <\/div>\n                        <div class=\"meta-right\">\n                            <span class=\"reading-time\"><i class=\"icofont-read-book-alt\"><\/i> 3 min to read<\/span>\n                        <\/div>\n\t\t\t\t\t<\/div>\n\n\t\t\t\t\t<div class=\"vcpg-post-desc\">\n\t\t\t\t\t\t\t\t\t\t\t\t\t<h3 class=\"vcpg-heading\"><a href=\"https:\/\/bemypartner.es\/ca\/contratar-agencia-organizacion-eventos\/\">\u00bfPor qu\u00e9 es importante contratar una agencia para organizar un evento?<\/a><\/h3>\n\t\t\t\t\t\t\n\t\t\t\t\t\t\t\t\t\t\t\t\t<p>\n\t\t\t\t\t\t\t\tTe lo contamos en 10 claves Una presentaci\u00f3n de marca, un lanzamiento de producto, una rueda de prensa, un cambio de identidad corporativa, inauguraciones\u2026 se nos ocurren cientos de excusas&hellip;<a href=\"https:\/\/bemypartner.es\/ca\/contratar-agencia-organizacion-eventos\/\">Llegeix m\u00e9s ><\/a>\n\t\t\t\t\t\t\t<\/p>\n\t\t\t\t\t\t\t\t\t\t\t<\/div>\n\t\t\t\t\t<div class=\"vcpg-post-footer\">\n\t\t\t\t\t\t\t\t\t\t\t\t\t<div class=\"vcpg-post-tags\">\n\t\t\t\t\t\t\t\t<i class=\"icofont-tags\"><\/i>\n\t\t\t\t\t\t\t\t\n\t\t\t\t\t\t\t\t\t\t<div class=\"first-2\"><a href=\"https:\/\/bemypartner.es\/tag\/claves\/\">Claves<\/a><\/div>\n\n\t\t\t\t\t\t\t\t\n\t\t\t\t\t\t\t\t\t\t<div class=\"first-2\"><a href=\"https:\/\/bemypartner.es\/tag\/organizacion-de-eventos\/\">Organizaci\u00f3n de eventos<\/a><\/div>\n\n\t\t\t\t\t\t\t\t\n\t\t\t\t\t\t\t\t\n\n\t\t\t\t\t\t\t<\/div>\n\t\t\t\t\t\t\n                        <div class=\"vcpg-footer-right\">\n                            <div class=\"vcpg-comment-wrap\">\n                                <span><i class=\"icofont-comment\"><\/i> 0<\/span>\n                            <\/div>\n\n                            \n<div class=\"vcpg-social-share\">\n\t<a href=\"#\"><i class=\"icofont-share\"><\/i><\/a>\n\t<div class=\"vcpg-social-inner\">\n\t\t<ul>\n\t\t\t<li>\n\t\t\t\t<a target=\"_blank\" data-social=\"facebook\" title=\"Share on Facebook\" href=\"\/\/facebook.com\/sharer.php?u=https:\/\/bemypartner.es\/ca\/contratar-agencia-organizacion-eventos\/\">\n\t\t\t\t\t<i class=\"icofont-facebook\"><\/i>\n\t\t\t\t<\/a>\n\t\t\t<\/li>\n\t\t\t<li>\n\t\t\t\t<a target=\"_blank\" data-social=\"pinterest\" title=\"Share on Pinterest\" href=\"\/\/pinterest.com\/pin\/create\/button\/?url=https:\/\/bemypartner.es\/ca\/contratar-agencia-organizacion-eventos\/&amp;media=\">\n\t\t\t\t\t<i class=\"icofont-pinterest\"><\/i>\n\t\t\t\t<\/a>\n\t\t\t<\/li>\n\t\t\t<li>\n\t\t\t\t<a target=\"_blank\" data-social=\"twitter\" title=\"Share on Twitter\" href=\"\/\/twitter.com\/share?url=https:\/\/bemypartner.es\/ca\/contratar-agencia-organizacion-eventos\/&text=\u00bfPor qu\u00e9 es importante contratar una agencia para organizar un evento?\">\n\t\t\t\t\t<i class=\"icofont-twitter\"><\/i>\n\t\t\t\t<\/a>\n\t\t\t<\/li>\n\t\t<\/ul>\n\t<\/div>\n<\/div>                        <\/div>\n\n\t\t\t\t\t<\/div>\n\n\t\t\t\t<\/div>\n\t\t\t<\/div>\n\t\t<\/div>\n\t<\/div>\n<\/div>\n\n<div id=\"row-single-4816\" class=\"vcpg-row-single cl-md-12 \">\n\t<div class=\"vcpg-post-item\">\n\t\t<div class=\"vcpg-row\">\n\t\t\t<div class=\"cl-md-4\">\n\t\t\t\t<div class=\"vcpg-post-photo\">\n\t\t\t\t\t\t\t\t\t\t\t<img decoding=\"async\" class=\"post-img lazyload\" data-src=\"https:\/\/bemypartner.es\/wp-content\/uploads\/2021\/05\/Blog-BMP-2705-830x420.jpg\" alt=\"Notas de prensa: Herramienta esencial en tu estrategia de comunicaci\u00f3n\" src=\"data:image\/svg+xml;base64,PHN2ZyB3aWR0aD0iMSIgaGVpZ2h0PSIxIiB4bWxucz0iaHR0cDovL3d3dy53My5vcmcvMjAwMC9zdmciPjwvc3ZnPg==\" style=\"--smush-placeholder-width: 830px; --smush-placeholder-aspect-ratio: 830\/420;\">\n\n\t\t\t\t\t\n\t\t\t\t<\/div>\n\t\t\t<\/div>\n\t\t\t<div class=\"cl-md-8\">\n\t\t\t\t<div class=\"vcpg-post-content\">\n\t\t\t\t\t<div class=\"vcpg-categories\"><a href=\"https:\/\/bemypartner.es\/category\/agencia-de-comunicacion\/\">Agencia de comunicaci\u00f3n<\/a><a href=\"https:\/\/bemypartner.es\/category\/comunicacion\/\">Comunicaci\u00f3n<\/a><a href=\"https:\/\/bemypartner.es\/category\/noticia-principal\/\">Noticia Principal<\/a><a href=\"https:\/\/bemypartner.es\/category\/prensa\/\">Prensa<\/a><\/div>\t\t\t\t\t<div class=\"vcpg-post-meta\">\n\t\t\t\t\t\t<div class=\"meta-left\">\n                            <div class=\"grid3-post-author\">\n\t\t\t\t\t\t\t\tby <strong>Bemypartner<\/strong>                            <\/div>\n                            <span class=\"publish-time\"><i class=\"icofont-clock-time\"><\/i> 27 de maig de 2021<\/span>\n                        <\/div>\n                        <div class=\"meta-right\">\n                            <span class=\"reading-time\"><i class=\"icofont-read-book-alt\"><\/i> 2 min to read<\/span>\n                        <\/div>\n\t\t\t\t\t<\/div>\n\n\t\t\t\t\t<div class=\"vcpg-post-desc\">\n\t\t\t\t\t\t\t\t\t\t\t\t\t<h3 class=\"vcpg-heading\"><a href=\"https:\/\/bemypartner.es\/ca\/notas-de-prensa\/\">Notas de prensa: Herramienta esencial en tu estrategia de comunicaci\u00f3n<\/a><\/h3>\n\t\t\t\t\t\t\n\t\t\t\t\t\t\t\t\t\t\t\t\t<p>\n\t\t\t\t\t\t\t\tEn este art\u00edculo te explicamos las claves para entender por qu\u00e9 las agencias de comunicaci\u00f3n y Relaciones P\u00fablicas seguimos trabajando con notas de prensa para llegar a los medios de&hellip;<a href=\"https:\/\/bemypartner.es\/ca\/notas-de-prensa\/\">Llegeix m\u00e9s ><\/a>\n\t\t\t\t\t\t\t<\/p>\n\t\t\t\t\t\t\t\t\t\t\t<\/div>\n\t\t\t\t\t<div class=\"vcpg-post-footer\">\n\t\t\t\t\t\t\t\t\t\t\t\t\t<div class=\"vcpg-post-tags\">\n\t\t\t\t\t\t\t\t<i class=\"icofont-tags\"><\/i>\n\t\t\t\t\t\t\t\t\n\t\t\t\t\t\t\t\t\t\t<div class=\"first-2\"><a href=\"https:\/\/bemypartner.es\/tag\/agencia-de-comunicacion\/\">agencia de comunicaci\u00f3n<\/a><\/div>\n\n\t\t\t\t\t\t\t\t\n\t\t\t\t\t\t\t\t\t\t<div class=\"first-2\"><a href=\"https:\/\/bemypartner.es\/tag\/agencia-de-pr\/\">agencia de PR<\/a><\/div>\n\n\t\t\t\t\t\t\t\t\n\t\t\t\t\t\t\t\t\t\t<div class=\"first-2\"><a href=\"https:\/\/bemypartner.es\/tag\/agencia-de-prensam\/\">agencia de prensam<\/a><\/div>\n\n\t\t\t\t\t\t\t\t\n\t\t\t\t\t\t\t\t\t\t<div class=\"first-2\"><a href=\"https:\/\/bemypartner.es\/tag\/estrategia-de-comunicacion\/\">estrategia de comunicaci\u00f3n<\/a><\/div>\n\n\t\t\t\t\t\t\t\t\n\t\t\t\t\t\t\t\t\t\t<div class=\"first-2\"><a href=\"https:\/\/bemypartner.es\/tag\/notas-de-prensa\/\">Notas de prensa<\/a><\/div>\n\n\t\t\t\t\t\t\t\t\n\t\t\t\t\t\t\t\t\t\t<div class=\"first-2\"><a href=\"https:\/\/bemypartner.es\/tag\/prensa\/\">prensa<\/a><\/div>\n\n\t\t\t\t\t\t\t\t\n\t\t\t\t\t\t\t\t\n\n\t\t\t\t\t\t\t<\/div>\n\t\t\t\t\t\t\n                        <div class=\"vcpg-footer-right\">\n                            <div class=\"vcpg-comment-wrap\">\n                                <span><i class=\"icofont-comment\"><\/i> 0<\/span>\n                            <\/div>\n\n                            \n<div class=\"vcpg-social-share\">\n\t<a href=\"#\"><i class=\"icofont-share\"><\/i><\/a>\n\t<div class=\"vcpg-social-inner\">\n\t\t<ul>\n\t\t\t<li>\n\t\t\t\t<a target=\"_blank\" data-social=\"facebook\" title=\"Share on Facebook\" href=\"\/\/facebook.com\/sharer.php?u=https:\/\/bemypartner.es\/ca\/notas-de-prensa\/\">\n\t\t\t\t\t<i class=\"icofont-facebook\"><\/i>\n\t\t\t\t<\/a>\n\t\t\t<\/li>\n\t\t\t<li>\n\t\t\t\t<a target=\"_blank\" data-social=\"pinterest\" title=\"Share on Pinterest\" href=\"\/\/pinterest.com\/pin\/create\/button\/?url=https:\/\/bemypartner.es\/ca\/notas-de-prensa\/&amp;media=\">\n\t\t\t\t\t<i class=\"icofont-pinterest\"><\/i>\n\t\t\t\t<\/a>\n\t\t\t<\/li>\n\t\t\t<li>\n\t\t\t\t<a target=\"_blank\" data-social=\"twitter\" title=\"Share on Twitter\" href=\"\/\/twitter.com\/share?url=https:\/\/bemypartner.es\/ca\/notas-de-prensa\/&text=Notas de prensa: Herramienta esencial en tu estrategia de comunicaci\u00f3n\">\n\t\t\t\t\t<i class=\"icofont-twitter\"><\/i>\n\t\t\t\t<\/a>\n\t\t\t<\/li>\n\t\t<\/ul>\n\t<\/div>\n<\/div>                        <\/div>\n\n\t\t\t\t\t<\/div>\n\n\t\t\t\t<\/div>\n\t\t\t<\/div>\n\t\t<\/div>\n\t<\/div>\n<\/div>\n\n<div id=\"row-single-4802\" class=\"vcpg-row-single cl-md-12 \">\n\t<div class=\"vcpg-post-item\">\n\t\t<div class=\"vcpg-row\">\n\t\t\t<div class=\"cl-md-4\">\n\t\t\t\t<div class=\"vcpg-post-photo\">\n\t\t\t\t\t\t\t\t\t\t\t<img decoding=\"async\" class=\"post-img lazyload\" data-src=\"https:\/\/bemypartner.es\/wp-content\/uploads\/2021\/05\/Blog-BMP-sientesquetuestrategia-830x420.png\" alt=\"\u00bfSientes que tu estrategia de comunicaci\u00f3n no funciona?\" src=\"data:image\/svg+xml;base64,PHN2ZyB3aWR0aD0iMSIgaGVpZ2h0PSIxIiB4bWxucz0iaHR0cDovL3d3dy53My5vcmcvMjAwMC9zdmciPjwvc3ZnPg==\" style=\"--smush-placeholder-width: 830px; --smush-placeholder-aspect-ratio: 830\/420;\">\n\n\t\t\t\t\t\n\t\t\t\t<\/div>\n\t\t\t<\/div>\n\t\t\t<div class=\"cl-md-8\">\n\t\t\t\t<div class=\"vcpg-post-content\">\n\t\t\t\t\t<div class=\"vcpg-categories\"><a href=\"https:\/\/bemypartner.es\/category\/agencia-de-comunicacion\/\">Agencia de comunicaci\u00f3n<\/a><a href=\"https:\/\/bemypartner.es\/category\/campanas\/\">Campa\u00f1as<\/a><a href=\"https:\/\/bemypartner.es\/category\/comunicacion\/\">Comunicaci\u00f3n<\/a><a href=\"https:\/\/bemypartner.es\/category\/relaciones-publicas\/\">Relaciones P\u00fablicas<\/a><\/div>\t\t\t\t\t<div class=\"vcpg-post-meta\">\n\t\t\t\t\t\t<div class=\"meta-left\">\n                            <div class=\"grid3-post-author\">\n\t\t\t\t\t\t\t\tby <strong>Bemypartner<\/strong>                            <\/div>\n                            <span class=\"publish-time\"><i class=\"icofont-clock-time\"><\/i> 20 de maig de 2021<\/span>\n                        <\/div>\n                        <div class=\"meta-right\">\n                            <span class=\"reading-time\"><i class=\"icofont-read-book-alt\"><\/i> 6 min to read<\/span>\n                        <\/div>\n\t\t\t\t\t<\/div>\n\n\t\t\t\t\t<div class=\"vcpg-post-desc\">\n\t\t\t\t\t\t\t\t\t\t\t\t\t<h3 class=\"vcpg-heading\"><a href=\"https:\/\/bemypartner.es\/ca\/aspectos-clave-estrategia-comunicacion\/\">\u00bfSientes que tu estrategia de comunicaci\u00f3n no funciona?<\/a><\/h3>\n\t\t\t\t\t\t\n\t\t\t\t\t\t\t\t\t\t\t\t\t<p>\n\t\t\t\t\t\t\t\t6 aspectos clave a tener en cuenta en tu estrategia de comunicaci\u00f3n \u00bfSientes que tu estrategia de comunicaci\u00f3n no funciona? Sabemos que la pandemia ha acelerado las estrategias de comunicaci\u00f3n&hellip;<a href=\"https:\/\/bemypartner.es\/ca\/aspectos-clave-estrategia-comunicacion\/\">Llegeix m\u00e9s ><\/a>\n\t\t\t\t\t\t\t<\/p>\n\t\t\t\t\t\t\t\t\t\t\t<\/div>\n\t\t\t\t\t<div class=\"vcpg-post-footer\">\n\t\t\t\t\t\t\t\t\t\t\t\t\t<div class=\"vcpg-post-tags\">\n\t\t\t\t\t\t\t\t<i class=\"icofont-tags\"><\/i>\n\t\t\t\t\t\t\t\t\n\t\t\t\t\t\t\t\t\t\t<div class=\"first-2\"><a href=\"https:\/\/bemypartner.es\/tag\/bemypartner\/\">bemypartner<\/a><\/div>\n\n\t\t\t\t\t\t\t\t\n\t\t\t\t\t\t\t\t\t\t<div class=\"first-2\"><a href=\"https:\/\/bemypartner.es\/tag\/buyer-person\/\">buyer person<\/a><\/div>\n\n\t\t\t\t\t\t\t\t\n\t\t\t\t\t\t\t\t\t\t<div class=\"first-2\"><a href=\"https:\/\/bemypartner.es\/tag\/comunicacion\/\">comunicaci\u00f3n<\/a><\/div>\n\n\t\t\t\t\t\t\t\t\n\t\t\t\t\t\t\t\t\t\t<div class=\"first-2\"><a href=\"https:\/\/bemypartner.es\/tag\/estrategia-de-comunicacion\/\">estrategia de comunicaci\u00f3n<\/a><\/div>\n\n\t\t\t\t\t\t\t\t\n\t\t\t\t\t\t\t\t\t\t<div class=\"first-2\"><a href=\"https:\/\/bemypartner.es\/tag\/marketing\/\">Marketing<\/a><\/div>\n\n\t\t\t\t\t\t\t\t\n\t\t\t\t\t\t\t\t\n\n\t\t\t\t\t\t\t<\/div>\n\t\t\t\t\t\t\n                        <div class=\"vcpg-footer-right\">\n                            <div class=\"vcpg-comment-wrap\">\n                                <span><i class=\"icofont-comment\"><\/i> 1<\/span>\n                            <\/div>\n\n                            \n<div class=\"vcpg-social-share\">\n\t<a href=\"#\"><i class=\"icofont-share\"><\/i><\/a>\n\t<div class=\"vcpg-social-inner\">\n\t\t<ul>\n\t\t\t<li>\n\t\t\t\t<a target=\"_blank\" data-social=\"facebook\" title=\"Share on Facebook\" href=\"\/\/facebook.com\/sharer.php?u=https:\/\/bemypartner.es\/ca\/aspectos-clave-estrategia-comunicacion\/\">\n\t\t\t\t\t<i class=\"icofont-facebook\"><\/i>\n\t\t\t\t<\/a>\n\t\t\t<\/li>\n\t\t\t<li>\n\t\t\t\t<a target=\"_blank\" data-social=\"pinterest\" title=\"Share on Pinterest\" href=\"\/\/pinterest.com\/pin\/create\/button\/?url=https:\/\/bemypartner.es\/ca\/aspectos-clave-estrategia-comunicacion\/&amp;media=\">\n\t\t\t\t\t<i class=\"icofont-pinterest\"><\/i>\n\t\t\t\t<\/a>\n\t\t\t<\/li>\n\t\t\t<li>\n\t\t\t\t<a target=\"_blank\" data-social=\"twitter\" title=\"Share on Twitter\" href=\"\/\/twitter.com\/share?url=https:\/\/bemypartner.es\/ca\/aspectos-clave-estrategia-comunicacion\/&text=\u00bfSientes que tu estrategia de comunicaci\u00f3n no funciona?\">\n\t\t\t\t\t<i class=\"icofont-twitter\"><\/i>\n\t\t\t\t<\/a>\n\t\t\t<\/li>\n\t\t<\/ul>\n\t<\/div>\n<\/div>                        <\/div>\n\n\t\t\t\t\t<\/div>\n\n\t\t\t\t<\/div>\n\t\t\t<\/div>\n\t\t<\/div>\n\t<\/div>\n<\/div>\n\n<div id=\"row-single-4785\" class=\"vcpg-row-single cl-md-12 \">\n\t<div class=\"vcpg-post-item\">\n\t\t<div class=\"vcpg-row\">\n\t\t\t<div class=\"cl-md-4\">\n\t\t\t\t<div class=\"vcpg-post-photo\">\n\t\t\t\t\t\t\t\t\t\t\t<img decoding=\"async\" class=\"post-img lazyload\" data-src=\"https:\/\/bemypartner.es\/wp-content\/uploads\/2021\/05\/Blog-_____BMP-830x420.png\" alt=\"\u00a1Las actualizaciones en las redes sociales no dejan de sorprendernos!\" src=\"data:image\/svg+xml;base64,PHN2ZyB3aWR0aD0iMSIgaGVpZ2h0PSIxIiB4bWxucz0iaHR0cDovL3d3dy53My5vcmcvMjAwMC9zdmciPjwvc3ZnPg==\" style=\"--smush-placeholder-width: 830px; --smush-placeholder-aspect-ratio: 830\/420;\">\n\n\t\t\t\t\t\n\t\t\t\t<\/div>\n\t\t\t<\/div>\n\t\t\t<div class=\"cl-md-8\">\n\t\t\t\t<div class=\"vcpg-post-content\">\n\t\t\t\t\t<div class=\"vcpg-categories\"><a href=\"https:\/\/bemypartner.es\/category\/agencia-de-comunicacion\/\">Agencia de comunicaci\u00f3n<\/a><a href=\"https:\/\/bemypartner.es\/category\/comunicacion\/\">Comunicaci\u00f3n<\/a><a href=\"https:\/\/bemypartner.es\/category\/redes-sociales\/\">Redes Sociales<\/a><a href=\"https:\/\/bemypartner.es\/category\/sin-categorizar\/\">Sin categorizar<\/a><\/div>\t\t\t\t\t<div class=\"vcpg-post-meta\">\n\t\t\t\t\t\t<div class=\"meta-left\">\n                            <div class=\"grid3-post-author\">\n\t\t\t\t\t\t\t\tby <strong>Bemypartner<\/strong>                            <\/div>\n                            <span class=\"publish-time\"><i class=\"icofont-clock-time\"><\/i> 12 de maig de 2021<\/span>\n                        <\/div>\n                        <div class=\"meta-right\">\n                            <span class=\"reading-time\"><i class=\"icofont-read-book-alt\"><\/i> 3 min to read<\/span>\n                        <\/div>\n\t\t\t\t\t<\/div>\n\n\t\t\t\t\t<div class=\"vcpg-post-desc\">\n\t\t\t\t\t\t\t\t\t\t\t\t\t<h3 class=\"vcpg-heading\"><a href=\"https:\/\/bemypartner.es\/ca\/las-actualizaciones-en-las-redes-sociales-no-dejan-de-sorprendernos\/\">\u00a1Las actualizaciones en las redes sociales no dejan de sorprendernos!<\/a><\/h3>\n\t\t\t\t\t\t\n\t\t\t\t\t\t\t\t\t\t\t\t\t<p>\n\t\t\t\t\t\t\t\tLas nuevas actualizaciones en las redes sociales son constantes y muchas veces revolucionarias. Cada vez es m\u00e1s com\u00fan ver c\u00f3mo todas las plataformas comienzan a integrar las funciones de las&hellip;<a href=\"https:\/\/bemypartner.es\/ca\/las-actualizaciones-en-las-redes-sociales-no-dejan-de-sorprendernos\/\">Llegeix m\u00e9s ><\/a>\n\t\t\t\t\t\t\t<\/p>\n\t\t\t\t\t\t\t\t\t\t\t<\/div>\n\t\t\t\t\t<div class=\"vcpg-post-footer\">\n\t\t\t\t\t\t\n                        <div class=\"vcpg-footer-right\">\n                            <div class=\"vcpg-comment-wrap\">\n                                <span><i class=\"icofont-comment\"><\/i> 1<\/span>\n                            <\/div>\n\n                            \n<div class=\"vcpg-social-share\">\n\t<a href=\"#\"><i class=\"icofont-share\"><\/i><\/a>\n\t<div class=\"vcpg-social-inner\">\n\t\t<ul>\n\t\t\t<li>\n\t\t\t\t<a target=\"_blank\" data-social=\"facebook\" title=\"Share on Facebook\" href=\"\/\/facebook.com\/sharer.php?u=https:\/\/bemypartner.es\/ca\/las-actualizaciones-en-las-redes-sociales-no-dejan-de-sorprendernos\/\">\n\t\t\t\t\t<i class=\"icofont-facebook\"><\/i>\n\t\t\t\t<\/a>\n\t\t\t<\/li>\n\t\t\t<li>\n\t\t\t\t<a target=\"_blank\" data-social=\"pinterest\" title=\"Share on Pinterest\" href=\"\/\/pinterest.com\/pin\/create\/button\/?url=https:\/\/bemypartner.es\/ca\/las-actualizaciones-en-las-redes-sociales-no-dejan-de-sorprendernos\/&amp;media=\">\n\t\t\t\t\t<i class=\"icofont-pinterest\"><\/i>\n\t\t\t\t<\/a>\n\t\t\t<\/li>\n\t\t\t<li>\n\t\t\t\t<a target=\"_blank\" data-social=\"twitter\" title=\"Share on Twitter\" href=\"\/\/twitter.com\/share?url=https:\/\/bemypartner.es\/ca\/las-actualizaciones-en-las-redes-sociales-no-dejan-de-sorprendernos\/&text=\u00a1Las actualizaciones en las redes sociales no dejan de sorprendernos!\">\n\t\t\t\t\t<i class=\"icofont-twitter\"><\/i>\n\t\t\t\t<\/a>\n\t\t\t<\/li>\n\t\t<\/ul>\n\t<\/div>\n<\/div>                        <\/div>\n\n\t\t\t\t\t<\/div>\n\n\t\t\t\t<\/div>\n\t\t\t<\/div>\n\t\t<\/div>\n\t<\/div>\n<\/div>\n\n<div id=\"row-single-4769\" class=\"vcpg-row-single cl-md-12 \">\n\t<div class=\"vcpg-post-item\">\n\t\t<div class=\"vcpg-row\">\n\t\t\t<div class=\"cl-md-4\">\n\t\t\t\t<div class=\"vcpg-post-photo\">\n\t\t\t\t\t\t\t\t\t\t\t<img decoding=\"async\" class=\"post-img lazyload\" data-src=\"https:\/\/bemypartner.es\/wp-content\/uploads\/2021\/05\/Blog-BMP_INFLUS-830x420.png\" alt=\"Marketing de influencers: qu\u00e9 hacer y qu\u00e9 no hacer en tu campa\u00f1a con influencers\" src=\"data:image\/svg+xml;base64,PHN2ZyB3aWR0aD0iMSIgaGVpZ2h0PSIxIiB4bWxucz0iaHR0cDovL3d3dy53My5vcmcvMjAwMC9zdmciPjwvc3ZnPg==\" style=\"--smush-placeholder-width: 830px; --smush-placeholder-aspect-ratio: 830\/420;\">\n\n\t\t\t\t\t\n\t\t\t\t<\/div>\n\t\t\t<\/div>\n\t\t\t<div class=\"cl-md-8\">\n\t\t\t\t<div class=\"vcpg-post-content\">\n\t\t\t\t\t<div class=\"vcpg-categories\"><a href=\"https:\/\/bemypartner.es\/category\/agencia-de-comunicacion\/\">Agencia de comunicaci\u00f3n<\/a><a href=\"https:\/\/bemypartner.es\/category\/campanas\/\">Campa\u00f1as<\/a><a href=\"https:\/\/bemypartner.es\/category\/comunicacion\/\">Comunicaci\u00f3n<\/a><a href=\"https:\/\/bemypartner.es\/category\/eventos\/\">Eventos<\/a><a href=\"https:\/\/bemypartner.es\/category\/redes-sociales\/\">Redes Sociales<\/a><\/div>\t\t\t\t\t<div class=\"vcpg-post-meta\">\n\t\t\t\t\t\t<div class=\"meta-left\">\n                            <div class=\"grid3-post-author\">\n\t\t\t\t\t\t\t\tby <strong>Bemypartner<\/strong>                            <\/div>\n                            <span class=\"publish-time\"><i class=\"icofont-clock-time\"><\/i> 07 de maig de 2021<\/span>\n                        <\/div>\n                        <div class=\"meta-right\">\n                            <span class=\"reading-time\"><i class=\"icofont-read-book-alt\"><\/i> 4 min to read<\/span>\n                        <\/div>\n\t\t\t\t\t<\/div>\n\n\t\t\t\t\t<div class=\"vcpg-post-desc\">\n\t\t\t\t\t\t\t\t\t\t\t\t\t<h3 class=\"vcpg-heading\"><a href=\"https:\/\/bemypartner.es\/ca\/marketing-de-influencers\/\">Marketing de influencers: qu\u00e9 hacer y qu\u00e9 no hacer en tu campa\u00f1a con influencers<\/a><\/h3>\n\t\t\t\t\t\t\n\t\t\t\t\t\t\t\t\t\t\t\t\t<p>\n\t\t\t\t\t\t\t\tEl pasado 5 de mayo el equipo de Bemypartner organiz\u00f3 un encuentro en formato h\u00edbrido para analizar la nueva realidad del marketing y la comunicaci\u00f3n de influencers y explicar c\u00f3mo&hellip;<a href=\"https:\/\/bemypartner.es\/ca\/marketing-de-influencers\/\">Llegeix m\u00e9s ><\/a>\n\t\t\t\t\t\t\t<\/p>\n\t\t\t\t\t\t\t\t\t\t\t<\/div>\n\t\t\t\t\t<div class=\"vcpg-post-footer\">\n\t\t\t\t\t\t\t\t\t\t\t\t\t<div class=\"vcpg-post-tags\">\n\t\t\t\t\t\t\t\t<i class=\"icofont-tags\"><\/i>\n\t\t\t\t\t\t\t\t\n\t\t\t\t\t\t\t\t\t\t<div class=\"first-2\"><a href=\"https:\/\/bemypartner.es\/tag\/agencia-de-comunicacion\/\">agencia de comunicaci\u00f3n<\/a><\/div>\n\n\t\t\t\t\t\t\t\t\n\t\t\t\t\t\t\t\t\t\t<div class=\"first-2\"><a href=\"https:\/\/bemypartner.es\/tag\/bemypartner\/\">bemypartner<\/a><\/div>\n\n\t\t\t\t\t\t\t\t\n\t\t\t\t\t\t\t\t\t\t<div class=\"first-2\"><a href=\"https:\/\/bemypartner.es\/tag\/evento-hibrido\/\">Evento h\u00edbrido<\/a><\/div>\n\n\t\t\t\t\t\t\t\t\n\t\t\t\t\t\t\t\t\t\t<div class=\"first-2\"><a href=\"https:\/\/bemypartner.es\/tag\/influencers\/\">influencers<\/a><\/div>\n\n\t\t\t\t\t\t\t\t\n\t\t\t\t\t\t\t\t\t\t<div class=\"first-2\"><a href=\"https:\/\/bemypartner.es\/tag\/marketing-de-influencers\/\">marketing de influencers<\/a><\/div>\n\n\t\t\t\t\t\t\t\t\n\t\t\t\t\t\t\t\t\t\t<div class=\"first-2\"><a href=\"https:\/\/bemypartner.es\/tag\/redes-sociales\/\">Redes Sociales<\/a><\/div>\n\n\t\t\t\t\t\t\t\t\n\t\t\t\t\t\t\t\t\n\n\t\t\t\t\t\t\t<\/div>\n\t\t\t\t\t\t\n                        <div class=\"vcpg-footer-right\">\n                            <div class=\"vcpg-comment-wrap\">\n                                <span><i class=\"icofont-comment\"><\/i> 1<\/span>\n                            <\/div>\n\n                            \n<div class=\"vcpg-social-share\">\n\t<a href=\"#\"><i class=\"icofont-share\"><\/i><\/a>\n\t<div class=\"vcpg-social-inner\">\n\t\t<ul>\n\t\t\t<li>\n\t\t\t\t<a target=\"_blank\" data-social=\"facebook\" title=\"Share on Facebook\" href=\"\/\/facebook.com\/sharer.php?u=https:\/\/bemypartner.es\/ca\/marketing-de-influencers\/\">\n\t\t\t\t\t<i class=\"icofont-facebook\"><\/i>\n\t\t\t\t<\/a>\n\t\t\t<\/li>\n\t\t\t<li>\n\t\t\t\t<a target=\"_blank\" data-social=\"pinterest\" title=\"Share on Pinterest\" href=\"\/\/pinterest.com\/pin\/create\/button\/?url=https:\/\/bemypartner.es\/ca\/marketing-de-influencers\/&amp;media=\">\n\t\t\t\t\t<i class=\"icofont-pinterest\"><\/i>\n\t\t\t\t<\/a>\n\t\t\t<\/li>\n\t\t\t<li>\n\t\t\t\t<a target=\"_blank\" data-social=\"twitter\" title=\"Share on Twitter\" href=\"\/\/twitter.com\/share?url=https:\/\/bemypartner.es\/ca\/marketing-de-influencers\/&text=Marketing de influencers: qu\u00e9 hacer y qu\u00e9 no hacer en tu campa\u00f1a con influencers\">\n\t\t\t\t\t<i class=\"icofont-twitter\"><\/i>\n\t\t\t\t<\/a>\n\t\t\t<\/li>\n\t\t<\/ul>\n\t<\/div>\n<\/div>                        <\/div>\n\n\t\t\t\t\t<\/div>\n\n\t\t\t\t<\/div>\n\t\t\t<\/div>\n\t\t<\/div>\n\t<\/div>\n<\/div>\n\n<div id=\"row-single-4762\" class=\"vcpg-row-single cl-md-12 \">\n\t<div class=\"vcpg-post-item\">\n\t\t<div class=\"vcpg-row\">\n\t\t\t<div class=\"cl-md-4\">\n\t\t\t\t<div class=\"vcpg-post-photo\">\n\t\t\t\t\t\t\t\t\t\t\t<img decoding=\"async\" class=\"post-img lazyload\" data-src=\"https:\/\/bemypartner.es\/wp-content\/uploads\/2021\/04\/Blog-BMP-4-830x420.png\" alt=\"Fake news: \u00bfC\u00f3mo funcionan? Aprende a detectarlas\" src=\"data:image\/svg+xml;base64,PHN2ZyB3aWR0aD0iMSIgaGVpZ2h0PSIxIiB4bWxucz0iaHR0cDovL3d3dy53My5vcmcvMjAwMC9zdmciPjwvc3ZnPg==\" style=\"--smush-placeholder-width: 830px; --smush-placeholder-aspect-ratio: 830\/420;\">\n\n\t\t\t\t\t\n\t\t\t\t<\/div>\n\t\t\t<\/div>\n\t\t\t<div class=\"cl-md-8\">\n\t\t\t\t<div class=\"vcpg-post-content\">\n\t\t\t\t\t<div class=\"vcpg-categories\"><a href=\"https:\/\/bemypartner.es\/category\/agencia-de-comunicacion\/\">Agencia de comunicaci\u00f3n<\/a><a href=\"https:\/\/bemypartner.es\/category\/campanas\/\">Campa\u00f1as<\/a><a href=\"https:\/\/bemypartner.es\/category\/comunicacion\/\">Comunicaci\u00f3n<\/a><\/div>\t\t\t\t\t<div class=\"vcpg-post-meta\">\n\t\t\t\t\t\t<div class=\"meta-left\">\n                            <div class=\"grid3-post-author\">\n\t\t\t\t\t\t\t\tby <strong>Bemypartner<\/strong>                            <\/div>\n                            <span class=\"publish-time\"><i class=\"icofont-clock-time\"><\/i> 23 d'abril de 2021<\/span>\n                        <\/div>\n                        <div class=\"meta-right\">\n                            <span class=\"reading-time\"><i class=\"icofont-read-book-alt\"><\/i> 5 min to read<\/span>\n                        <\/div>\n\t\t\t\t\t<\/div>\n\n\t\t\t\t\t<div class=\"vcpg-post-desc\">\n\t\t\t\t\t\t\t\t\t\t\t\t\t<h3 class=\"vcpg-heading\"><a href=\"https:\/\/bemypartner.es\/ca\/como-evitar-fake-news\/\">Fake news: \u00bfC\u00f3mo funcionan? Aprende a detectarlas<\/a><\/h3>\n\t\t\t\t\t\t\n\t\t\t\t\t\t\t\t\t\t\t\t\t<p>\n\t\t\t\t\t\t\t\tTips para detectar fake news y frenarlas En los \u00faltimos a\u00f1os el t\u00e9rmino \u201cfake news\u201d ha cobrado especial relevancia. Y, si bien es cierto que lo hemos incorporado a nuestro&hellip;<a href=\"https:\/\/bemypartner.es\/ca\/como-evitar-fake-news\/\">Llegeix m\u00e9s ><\/a>\n\t\t\t\t\t\t\t<\/p>\n\t\t\t\t\t\t\t\t\t\t\t<\/div>\n\t\t\t\t\t<div class=\"vcpg-post-footer\">\n\t\t\t\t\t\t\t\t\t\t\t\t\t<div class=\"vcpg-post-tags\">\n\t\t\t\t\t\t\t\t<i class=\"icofont-tags\"><\/i>\n\t\t\t\t\t\t\t\t\n\t\t\t\t\t\t\t\t\t\t<div class=\"first-2\"><a href=\"https:\/\/bemypartner.es\/tag\/detectar-fake-news\/\">detectar fake news<\/a><\/div>\n\n\t\t\t\t\t\t\t\t\n\t\t\t\t\t\t\t\t\t\t<div class=\"first-2\"><a href=\"https:\/\/bemypartner.es\/tag\/fake-news\/\">fake news<\/a><\/div>\n\n\t\t\t\t\t\t\t\t\n\t\t\t\t\t\t\t\t\t\t<div class=\"first-2\"><a href=\"https:\/\/bemypartner.es\/tag\/prensa\/\">prensa<\/a><\/div>\n\n\t\t\t\t\t\t\t\t\n\t\t\t\t\t\t\t\t\n\n\t\t\t\t\t\t\t<\/div>\n\t\t\t\t\t\t\n                        <div class=\"vcpg-footer-right\">\n                            <div class=\"vcpg-comment-wrap\">\n                                <span><i class=\"icofont-comment\"><\/i> 0<\/span>\n                            <\/div>\n\n                            \n<div class=\"vcpg-social-share\">\n\t<a href=\"#\"><i class=\"icofont-share\"><\/i><\/a>\n\t<div class=\"vcpg-social-inner\">\n\t\t<ul>\n\t\t\t<li>\n\t\t\t\t<a target=\"_blank\" data-social=\"facebook\" title=\"Share on Facebook\" href=\"\/\/facebook.com\/sharer.php?u=https:\/\/bemypartner.es\/ca\/como-evitar-fake-news\/\">\n\t\t\t\t\t<i class=\"icofont-facebook\"><\/i>\n\t\t\t\t<\/a>\n\t\t\t<\/li>\n\t\t\t<li>\n\t\t\t\t<a target=\"_blank\" data-social=\"pinterest\" title=\"Share on Pinterest\" href=\"\/\/pinterest.com\/pin\/create\/button\/?url=https:\/\/bemypartner.es\/ca\/como-evitar-fake-news\/&amp;media=\">\n\t\t\t\t\t<i class=\"icofont-pinterest\"><\/i>\n\t\t\t\t<\/a>\n\t\t\t<\/li>\n\t\t\t<li>\n\t\t\t\t<a target=\"_blank\" data-social=\"twitter\" title=\"Share on Twitter\" href=\"\/\/twitter.com\/share?url=https:\/\/bemypartner.es\/ca\/como-evitar-fake-news\/&text=Fake news: \u00bfC\u00f3mo funcionan? Aprende a detectarlas\">\n\t\t\t\t\t<i class=\"icofont-twitter\"><\/i>\n\t\t\t\t<\/a>\n\t\t\t<\/li>\n\t\t<\/ul>\n\t<\/div>\n<\/div>                        <\/div>\n\n\t\t\t\t\t<\/div>\n\n\t\t\t\t<\/div>\n\t\t\t<\/div>\n\t\t<\/div>\n\t<\/div>\n<\/div>\n\n<div id=\"row-single-4753\" class=\"vcpg-row-single cl-md-12 \">\n\t<div class=\"vcpg-post-item\">\n\t\t<div class=\"vcpg-row\">\n\t\t\t<div class=\"cl-md-4\">\n\t\t\t\t<div class=\"vcpg-post-photo\">\n\t\t\t\t\t\t\t\t\t\t\t<img decoding=\"async\" class=\"post-img lazyload\" data-src=\"https:\/\/bemypartner.es\/wp-content\/uploads\/2021\/04\/BUYERPERSON-830x420.png\" alt=\"\u00bfConoces a tu Buyer person?\" src=\"data:image\/svg+xml;base64,PHN2ZyB3aWR0aD0iMSIgaGVpZ2h0PSIxIiB4bWxucz0iaHR0cDovL3d3dy53My5vcmcvMjAwMC9zdmciPjwvc3ZnPg==\" style=\"--smush-placeholder-width: 830px; --smush-placeholder-aspect-ratio: 830\/420;\">\n\n\t\t\t\t\t\n\t\t\t\t<\/div>\n\t\t\t<\/div>\n\t\t\t<div class=\"cl-md-8\">\n\t\t\t\t<div class=\"vcpg-post-content\">\n\t\t\t\t\t<div class=\"vcpg-categories\"><a href=\"https:\/\/bemypartner.es\/category\/agencia-de-comunicacion\/\">Agencia de comunicaci\u00f3n<\/a><a href=\"https:\/\/bemypartner.es\/category\/campanas\/\">Campa\u00f1as<\/a><a href=\"https:\/\/bemypartner.es\/category\/comunicacion\/\">Comunicaci\u00f3n<\/a><\/div>\t\t\t\t\t<div class=\"vcpg-post-meta\">\n\t\t\t\t\t\t<div class=\"meta-left\">\n                            <div class=\"grid3-post-author\">\n\t\t\t\t\t\t\t\tby <strong>Bemypartner<\/strong>                            <\/div>\n                            <span class=\"publish-time\"><i class=\"icofont-clock-time\"><\/i> 15 d'abril de 2021<\/span>\n                        <\/div>\n                        <div class=\"meta-right\">\n                            <span class=\"reading-time\"><i class=\"icofont-read-book-alt\"><\/i> 3 min to read<\/span>\n                        <\/div>\n\t\t\t\t\t<\/div>\n\n\t\t\t\t\t<div class=\"vcpg-post-desc\">\n\t\t\t\t\t\t\t\t\t\t\t\t\t<h3 class=\"vcpg-heading\"><a href=\"https:\/\/bemypartner.es\/ca\/conocer-tu-buyer-person\/\">\u00bfConoces a tu Buyer person?<\/a><\/h3>\n\t\t\t\t\t\t\n\t\t\t\t\t\t\t\t\t\t\t\t\t<p>\n\t\t\t\t\t\t\t\tConocer a tu buyer person ser\u00e1 el primer paso que determinar\u00e1 qu\u00e9 direcci\u00f3n tomar\u00e1 tu estrategia. El esfuerzo de conocerlo es clave para llegar a obtener una estrategia digital y&hellip;<a href=\"https:\/\/bemypartner.es\/ca\/conocer-tu-buyer-person\/\">Llegeix m\u00e9s ><\/a>\n\t\t\t\t\t\t\t<\/p>\n\t\t\t\t\t\t\t\t\t\t\t<\/div>\n\t\t\t\t\t<div class=\"vcpg-post-footer\">\n\t\t\t\t\t\t\t\t\t\t\t\t\t<div class=\"vcpg-post-tags\">\n\t\t\t\t\t\t\t\t<i class=\"icofont-tags\"><\/i>\n\t\t\t\t\t\t\t\t\n\t\t\t\t\t\t\t\t\t\t<div class=\"first-2\"><a href=\"https:\/\/bemypartner.es\/tag\/bemypartner\/\">bemypartner<\/a><\/div>\n\n\t\t\t\t\t\t\t\t\n\t\t\t\t\t\t\t\t\t\t<div class=\"first-2\"><a href=\"https:\/\/bemypartner.es\/tag\/buyer-person\/\">buyer person<\/a><\/div>\n\n\t\t\t\t\t\t\t\t\n\t\t\t\t\t\t\t\t\t\t<div class=\"first-2\"><a href=\"https:\/\/bemypartner.es\/tag\/comunicacion\/\">comunicaci\u00f3n<\/a><\/div>\n\n\t\t\t\t\t\t\t\t\n\t\t\t\t\t\t\t\t\t\t<div class=\"first-2\"><a href=\"https:\/\/bemypartner.es\/tag\/estrategia-digital\/\">estrategia digital<\/a><\/div>\n\n\t\t\t\t\t\t\t\t\n\t\t\t\t\t\t\t\t\t\t<div class=\"first-2\"><a href=\"https:\/\/bemypartner.es\/tag\/marketing-digital\/\">marketing digital<\/a><\/div>\n\n\t\t\t\t\t\t\t\t\n\t\t\t\t\t\t\t\t\n\n\t\t\t\t\t\t\t<\/div>\n\t\t\t\t\t\t\n                        <div class=\"vcpg-footer-right\">\n                            <div class=\"vcpg-comment-wrap\">\n                                <span><i class=\"icofont-comment\"><\/i> 4<\/span>\n                            <\/div>\n\n                            \n<div class=\"vcpg-social-share\">\n\t<a href=\"#\"><i class=\"icofont-share\"><\/i><\/a>\n\t<div class=\"vcpg-social-inner\">\n\t\t<ul>\n\t\t\t<li>\n\t\t\t\t<a target=\"_blank\" data-social=\"facebook\" title=\"Share on Facebook\" href=\"\/\/facebook.com\/sharer.php?u=https:\/\/bemypartner.es\/ca\/conocer-tu-buyer-person\/\">\n\t\t\t\t\t<i class=\"icofont-facebook\"><\/i>\n\t\t\t\t<\/a>\n\t\t\t<\/li>\n\t\t\t<li>\n\t\t\t\t<a target=\"_blank\" data-social=\"pinterest\" title=\"Share on Pinterest\" href=\"\/\/pinterest.com\/pin\/create\/button\/?url=https:\/\/bemypartner.es\/ca\/conocer-tu-buyer-person\/&amp;media=\">\n\t\t\t\t\t<i class=\"icofont-pinterest\"><\/i>\n\t\t\t\t<\/a>\n\t\t\t<\/li>\n\t\t\t<li>\n\t\t\t\t<a target=\"_blank\" data-social=\"twitter\" title=\"Share on Twitter\" href=\"\/\/twitter.com\/share?url=https:\/\/bemypartner.es\/ca\/conocer-tu-buyer-person\/&text=\u00bfConoces a tu Buyer person?\">\n\t\t\t\t\t<i class=\"icofont-twitter\"><\/i>\n\t\t\t\t<\/a>\n\t\t\t<\/li>\n\t\t<\/ul>\n\t<\/div>\n<\/div>                        <\/div>\n\n\t\t\t\t\t<\/div>\n\n\t\t\t\t<\/div>\n\t\t\t<\/div>\n\t\t<\/div>\n\t<\/div>\n<\/div>\n\n<div id=\"row-single-4726\" class=\"vcpg-row-single cl-md-12 \">\n\t<div class=\"vcpg-post-item\">\n\t\t<div class=\"vcpg-row\">\n\t\t\t<div class=\"cl-md-4\">\n\t\t\t\t<div class=\"vcpg-post-photo\">\n\t\t\t\t\t\t\t\t\t\t\t<img decoding=\"async\" class=\"post-img lazyload\" data-src=\"https:\/\/bemypartner.es\/wp-content\/uploads\/2021\/04\/Blog-BMP-830x420.png\" alt=\"Conoce los 10 pasos para escribir un copy creativo de forma efectiva\" src=\"data:image\/svg+xml;base64,PHN2ZyB3aWR0aD0iMSIgaGVpZ2h0PSIxIiB4bWxucz0iaHR0cDovL3d3dy53My5vcmcvMjAwMC9zdmciPjwvc3ZnPg==\" style=\"--smush-placeholder-width: 830px; --smush-placeholder-aspect-ratio: 830\/420;\">\n\n\t\t\t\t\t\n\t\t\t\t<\/div>\n\t\t\t<\/div>\n\t\t\t<div class=\"cl-md-8\">\n\t\t\t\t<div class=\"vcpg-post-content\">\n\t\t\t\t\t<div class=\"vcpg-categories\"><a href=\"https:\/\/bemypartner.es\/category\/agencia-de-comunicacion\/\">Agencia de comunicaci\u00f3n<\/a><a href=\"https:\/\/bemypartner.es\/category\/comunicacion\/\">Comunicaci\u00f3n<\/a><\/div>\t\t\t\t\t<div class=\"vcpg-post-meta\">\n\t\t\t\t\t\t<div class=\"meta-left\">\n                            <div class=\"grid3-post-author\">\n\t\t\t\t\t\t\t\tby <strong>Bemypartner<\/strong>                            <\/div>\n                            <span class=\"publish-time\"><i class=\"icofont-clock-time\"><\/i> 08 d'abril de 2021<\/span>\n                        <\/div>\n                        <div class=\"meta-right\">\n                            <span class=\"reading-time\"><i class=\"icofont-read-book-alt\"><\/i> 3 min to read<\/span>\n                        <\/div>\n\t\t\t\t\t<\/div>\n\n\t\t\t\t\t<div class=\"vcpg-post-desc\">\n\t\t\t\t\t\t\t\t\t\t\t\t\t<h3 class=\"vcpg-heading\"><a href=\"https:\/\/bemypartner.es\/ca\/10-pasos-claves-para-escribir-tu-copy-creativo\/\">Conoce los 10 pasos para escribir un copy creativo de forma efectiva<\/a><\/h3>\n\t\t\t\t\t\t\n\t\t\t\t\t\t\t\t\t\t\t\t\t<p>\n\t\t\t\t\t\t\t\tEsta semana os traemos un tema a la orden del d\u00eda en las agencias de comunicaci\u00f3n: \u00bfC\u00f3mo construir un copy creativo de forma efectiva? El copy es un elemento indispensable&hellip;<a href=\"https:\/\/bemypartner.es\/ca\/10-pasos-claves-para-escribir-tu-copy-creativo\/\">Llegeix m\u00e9s ><\/a>\n\t\t\t\t\t\t\t<\/p>\n\t\t\t\t\t\t\t\t\t\t\t<\/div>\n\t\t\t\t\t<div class=\"vcpg-post-footer\">\n\t\t\t\t\t\t\t\t\t\t\t\t\t<div class=\"vcpg-post-tags\">\n\t\t\t\t\t\t\t\t<i class=\"icofont-tags\"><\/i>\n\t\t\t\t\t\t\t\t\n\t\t\t\t\t\t\t\t\t\t<div class=\"first-2\"><a href=\"https:\/\/bemypartner.es\/tag\/copy-creativo\/\">copy creativo<\/a><\/div>\n\n\t\t\t\t\t\t\t\t\n\t\t\t\t\t\t\t\t\t\t<div class=\"first-2\"><a href=\"https:\/\/bemypartner.es\/tag\/escribir-para-redes-sociales\/\">escribir para redes sociales<\/a><\/div>\n\n\t\t\t\t\t\t\t\t\n\t\t\t\t\t\t\t\t\t\t<div class=\"first-2\"><a href=\"https:\/\/bemypartner.es\/tag\/redaccion-creativa\/\">redacci\u00f3n creativa<\/a><\/div>\n\n\t\t\t\t\t\t\t\t\n\t\t\t\t\t\t\t\t\t\t<div class=\"first-2\"><a href=\"https:\/\/bemypartner.es\/tag\/social-media\/\">Social Media<\/a><\/div>\n\n\t\t\t\t\t\t\t\t\n\t\t\t\t\t\t\t\t\n\n\t\t\t\t\t\t\t<\/div>\n\t\t\t\t\t\t\n                        <div class=\"vcpg-footer-right\">\n                            <div class=\"vcpg-comment-wrap\">\n                                <span><i class=\"icofont-comment\"><\/i> 0<\/span>\n                            <\/div>\n\n                            \n<div class=\"vcpg-social-share\">\n\t<a href=\"#\"><i class=\"icofont-share\"><\/i><\/a>\n\t<div class=\"vcpg-social-inner\">\n\t\t<ul>\n\t\t\t<li>\n\t\t\t\t<a target=\"_blank\" data-social=\"facebook\" title=\"Share on Facebook\" href=\"\/\/facebook.com\/sharer.php?u=https:\/\/bemypartner.es\/ca\/10-pasos-claves-para-escribir-tu-copy-creativo\/\">\n\t\t\t\t\t<i class=\"icofont-facebook\"><\/i>\n\t\t\t\t<\/a>\n\t\t\t<\/li>\n\t\t\t<li>\n\t\t\t\t<a target=\"_blank\" data-social=\"pinterest\" title=\"Share on Pinterest\" href=\"\/\/pinterest.com\/pin\/create\/button\/?url=https:\/\/bemypartner.es\/ca\/10-pasos-claves-para-escribir-tu-copy-creativo\/&amp;media=\">\n\t\t\t\t\t<i class=\"icofont-pinterest\"><\/i>\n\t\t\t\t<\/a>\n\t\t\t<\/li>\n\t\t\t<li>\n\t\t\t\t<a target=\"_blank\" data-social=\"twitter\" title=\"Share on Twitter\" href=\"\/\/twitter.com\/share?url=https:\/\/bemypartner.es\/ca\/10-pasos-claves-para-escribir-tu-copy-creativo\/&text=Conoce los 10 pasos para escribir un copy creativo de forma efectiva\">\n\t\t\t\t\t<i class=\"icofont-twitter\"><\/i>\n\t\t\t\t<\/a>\n\t\t\t<\/li>\n\t\t<\/ul>\n\t<\/div>\n<\/div>                        <\/div>\n\n\t\t\t\t\t<\/div>\n\n\t\t\t\t<\/div>\n\t\t\t<\/div>\n\t\t<\/div>\n\t<\/div>\n<\/div>\n\n<div id=\"row-single-4705\" class=\"vcpg-row-single cl-md-12 \">\n\t<div class=\"vcpg-post-item\">\n\t\t<div class=\"vcpg-row\">\n\t\t\t<div class=\"cl-md-4\">\n\t\t\t\t<div class=\"vcpg-post-photo\">\n\t\t\t\t\t\t\t\t\t\t\t<img decoding=\"async\" class=\"post-img lazyload\" data-src=\"https:\/\/bemypartner.es\/wp-content\/uploads\/2021\/03\/Blog-BMP-3-830x420.png\" alt=\"\u00bfCu\u00e1les son los cambios en la comunicaci\u00f3n a ra\u00edz del covid-19?\" src=\"data:image\/svg+xml;base64,PHN2ZyB3aWR0aD0iMSIgaGVpZ2h0PSIxIiB4bWxucz0iaHR0cDovL3d3dy53My5vcmcvMjAwMC9zdmciPjwvc3ZnPg==\" style=\"--smush-placeholder-width: 830px; --smush-placeholder-aspect-ratio: 830\/420;\">\n\n\t\t\t\t\t\n\t\t\t\t<\/div>\n\t\t\t<\/div>\n\t\t\t<div class=\"cl-md-8\">\n\t\t\t\t<div class=\"vcpg-post-content\">\n\t\t\t\t\t<div class=\"vcpg-categories\"><a href=\"https:\/\/bemypartner.es\/category\/agencia-de-comunicacion\/\">Agencia de comunicaci\u00f3n<\/a><a href=\"https:\/\/bemypartner.es\/category\/comunicacion\/\">Comunicaci\u00f3n<\/a><a href=\"https:\/\/bemypartner.es\/category\/relaciones-publicas\/\">Relaciones P\u00fablicas<\/a><\/div>\t\t\t\t\t<div class=\"vcpg-post-meta\">\n\t\t\t\t\t\t<div class=\"meta-left\">\n                            <div class=\"grid3-post-author\">\n\t\t\t\t\t\t\t\tby <strong>Bemypartner<\/strong>                            <\/div>\n                            <span class=\"publish-time\"><i class=\"icofont-clock-time\"><\/i> 29 de mar\u00e7 de 2021<\/span>\n                        <\/div>\n                        <div class=\"meta-right\">\n                            <span class=\"reading-time\"><i class=\"icofont-read-book-alt\"><\/i> 3 min to read<\/span>\n                        <\/div>\n\t\t\t\t\t<\/div>\n\n\t\t\t\t\t<div class=\"vcpg-post-desc\">\n\t\t\t\t\t\t\t\t\t\t\t\t\t<h3 class=\"vcpg-heading\"><a href=\"https:\/\/bemypartner.es\/ca\/cambios-comunicacion-covid-19\/\">\u00bfCu\u00e1les son los cambios en la comunicaci\u00f3n a ra\u00edz del covid-19?<\/a><\/h3>\n\t\t\t\t\t\t\n\t\t\t\t\t\t\t\t\t\t\t\t\t<p>\n\t\t\t\t\t\t\t\tComunicaci\u00f3n en la era Covid-19 Todos somos conscientes de que los cambios vividos durante el \u00faltimo a\u00f1o han llegado para quedarse, sobre todo los cambios en la comunicaci\u00f3n, las relaciones&hellip;<a href=\"https:\/\/bemypartner.es\/ca\/cambios-comunicacion-covid-19\/\">Llegeix m\u00e9s ><\/a>\n\t\t\t\t\t\t\t<\/p>\n\t\t\t\t\t\t\t\t\t\t\t<\/div>\n\t\t\t\t\t<div class=\"vcpg-post-footer\">\n\t\t\t\t\t\t\t\t\t\t\t\t\t<div class=\"vcpg-post-tags\">\n\t\t\t\t\t\t\t\t<i class=\"icofont-tags\"><\/i>\n\t\t\t\t\t\t\t\t\n\t\t\t\t\t\t\t\t\t\t<div class=\"first-2\"><a href=\"https:\/\/bemypartner.es\/tag\/comunicacion\/\">comunicaci\u00f3n<\/a><\/div>\n\n\t\t\t\t\t\t\t\t\n\t\t\t\t\t\t\t\t\t\t<div class=\"first-2\"><a href=\"https:\/\/bemypartner.es\/tag\/comunicacion-corporativa\/\">comunicaci\u00f3n corporativa<\/a><\/div>\n\n\t\t\t\t\t\t\t\t\n\t\t\t\t\t\t\t\t\t\t<div class=\"first-2\"><a href=\"https:\/\/bemypartner.es\/tag\/comunicacion-de-crisis\/\">comunicaci\u00f3n de crisis<\/a><\/div>\n\n\t\t\t\t\t\t\t\t\n\t\t\t\t\t\t\t\t\t\t<div class=\"first-2\"><a href=\"https:\/\/bemypartner.es\/tag\/comunicacion-digital\/\">comunicaci\u00f3n digital<\/a><\/div>\n\n\t\t\t\t\t\t\t\t\n\t\t\t\t\t\t\t\t\n\n\t\t\t\t\t\t\t<\/div>\n\t\t\t\t\t\t\n                        <div class=\"vcpg-footer-right\">\n                            <div class=\"vcpg-comment-wrap\">\n                                <span><i class=\"icofont-comment\"><\/i> 0<\/span>\n                            <\/div>\n\n                            \n<div class=\"vcpg-social-share\">\n\t<a href=\"#\"><i class=\"icofont-share\"><\/i><\/a>\n\t<div class=\"vcpg-social-inner\">\n\t\t<ul>\n\t\t\t<li>\n\t\t\t\t<a target=\"_blank\" data-social=\"facebook\" title=\"Share on Facebook\" href=\"\/\/facebook.com\/sharer.php?u=https:\/\/bemypartner.es\/ca\/cambios-comunicacion-covid-19\/\">\n\t\t\t\t\t<i class=\"icofont-facebook\"><\/i>\n\t\t\t\t<\/a>\n\t\t\t<\/li>\n\t\t\t<li>\n\t\t\t\t<a target=\"_blank\" data-social=\"pinterest\" title=\"Share on Pinterest\" href=\"\/\/pinterest.com\/pin\/create\/button\/?url=https:\/\/bemypartner.es\/ca\/cambios-comunicacion-covid-19\/&amp;media=\">\n\t\t\t\t\t<i class=\"icofont-pinterest\"><\/i>\n\t\t\t\t<\/a>\n\t\t\t<\/li>\n\t\t\t<li>\n\t\t\t\t<a target=\"_blank\" data-social=\"twitter\" title=\"Share on Twitter\" href=\"\/\/twitter.com\/share?url=https:\/\/bemypartner.es\/ca\/cambios-comunicacion-covid-19\/&text=\u00bfCu\u00e1les son los cambios en la comunicaci\u00f3n a ra\u00edz del covid-19?\">\n\t\t\t\t\t<i class=\"icofont-twitter\"><\/i>\n\t\t\t\t<\/a>\n\t\t\t<\/li>\n\t\t<\/ul>\n\t<\/div>\n<\/div>                        <\/div>\n\n\t\t\t\t\t<\/div>\n\n\t\t\t\t<\/div>\n\t\t\t<\/div>\n\t\t<\/div>\n\t<\/div>\n<\/div>\n\n<div id=\"row-single-4699\" class=\"vcpg-row-single cl-md-12 \">\n\t<div class=\"vcpg-post-item\">\n\t\t<div class=\"vcpg-row\">\n\t\t\t<div class=\"cl-md-4\">\n\t\t\t\t<div class=\"vcpg-post-photo\">\n\t\t\t\t\t\t\t\t\t\t\t<img decoding=\"async\" class=\"post-img lazyload\" data-src=\"https:\/\/bemypartner.es\/wp-content\/uploads\/2021\/03\/Dise\u00f1o-sin-t\u00edtulo-830x420.png\" alt=\"Imagen profesional del CEO: 7 claves para representar a la empresa.\" src=\"data:image\/svg+xml;base64,PHN2ZyB3aWR0aD0iMSIgaGVpZ2h0PSIxIiB4bWxucz0iaHR0cDovL3d3dy53My5vcmcvMjAwMC9zdmciPjwvc3ZnPg==\" style=\"--smush-placeholder-width: 830px; --smush-placeholder-aspect-ratio: 830\/420;\">\n\n\t\t\t\t\t\n\t\t\t\t<\/div>\n\t\t\t<\/div>\n\t\t\t<div class=\"cl-md-8\">\n\t\t\t\t<div class=\"vcpg-post-content\">\n\t\t\t\t\t<div class=\"vcpg-categories\"><a href=\"https:\/\/bemypartner.es\/category\/agencia-de-comunicacion\/\">Agencia de comunicaci\u00f3n<\/a><a href=\"https:\/\/bemypartner.es\/category\/comunicacion\/\">Comunicaci\u00f3n<\/a><a href=\"https:\/\/bemypartner.es\/category\/relaciones-publicas\/\">Relaciones P\u00fablicas<\/a><\/div>\t\t\t\t\t<div class=\"vcpg-post-meta\">\n\t\t\t\t\t\t<div class=\"meta-left\">\n                            <div class=\"grid3-post-author\">\n\t\t\t\t\t\t\t\tby <strong>Bemypartner<\/strong>                            <\/div>\n                            <span class=\"publish-time\"><i class=\"icofont-clock-time\"><\/i> 17 de mar\u00e7 de 2021<\/span>\n                        <\/div>\n                        <div class=\"meta-right\">\n                            <span class=\"reading-time\"><i class=\"icofont-read-book-alt\"><\/i> 4 min to read<\/span>\n                        <\/div>\n\t\t\t\t\t<\/div>\n\n\t\t\t\t\t<div class=\"vcpg-post-desc\">\n\t\t\t\t\t\t\t\t\t\t\t\t\t<h3 class=\"vcpg-heading\"><a href=\"https:\/\/bemypartner.es\/ca\/imagen-profesional-ceo\/\">Imagen profesional del CEO: 7 claves para representar a la empresa.<\/a><\/h3>\n\t\t\t\t\t\t\n\t\t\t\t\t\t\t\t\t\t\t\t\t<p>\n\t\t\t\t\t\t\t\tImagen profesional del CEO como pilar principal del mensaje de la empresa. CEOs como transmisores del relato y los valores de su empresa Ya nadie duda del valor de la&hellip;<a href=\"https:\/\/bemypartner.es\/ca\/imagen-profesional-ceo\/\">Llegeix m\u00e9s ><\/a>\n\t\t\t\t\t\t\t<\/p>\n\t\t\t\t\t\t\t\t\t\t\t<\/div>\n\t\t\t\t\t<div class=\"vcpg-post-footer\">\n\t\t\t\t\t\t\t\t\t\t\t\t\t<div class=\"vcpg-post-tags\">\n\t\t\t\t\t\t\t\t<i class=\"icofont-tags\"><\/i>\n\t\t\t\t\t\t\t\t\n\t\t\t\t\t\t\t\t\t\t<div class=\"first-2\"><a href=\"https:\/\/bemypartner.es\/tag\/imagen-del-ceo\/\">imagen del CEO<\/a><\/div>\n\n\t\t\t\t\t\t\t\t\n\t\t\t\t\t\t\t\t\t\t<div class=\"first-2\"><a href=\"https:\/\/bemypartner.es\/tag\/imagen-profesional\/\">imagen profesional<\/a><\/div>\n\n\t\t\t\t\t\t\t\t\n\t\t\t\t\t\t\t\t\t\t<div class=\"first-2\"><a href=\"https:\/\/bemypartner.es\/tag\/marca-personal\/\">Marca personal<\/a><\/div>\n\n\t\t\t\t\t\t\t\t\n\t\t\t\t\t\t\t\t\n\n\t\t\t\t\t\t\t<\/div>\n\t\t\t\t\t\t\n                        <div class=\"vcpg-footer-right\">\n                            <div class=\"vcpg-comment-wrap\">\n                                <span><i class=\"icofont-comment\"><\/i> 1<\/span>\n                            <\/div>\n\n                            \n<div class=\"vcpg-social-share\">\n\t<a href=\"#\"><i class=\"icofont-share\"><\/i><\/a>\n\t<div class=\"vcpg-social-inner\">\n\t\t<ul>\n\t\t\t<li>\n\t\t\t\t<a target=\"_blank\" data-social=\"facebook\" title=\"Share on Facebook\" href=\"\/\/facebook.com\/sharer.php?u=https:\/\/bemypartner.es\/ca\/imagen-profesional-ceo\/\">\n\t\t\t\t\t<i class=\"icofont-facebook\"><\/i>\n\t\t\t\t<\/a>\n\t\t\t<\/li>\n\t\t\t<li>\n\t\t\t\t<a target=\"_blank\" data-social=\"pinterest\" title=\"Share on Pinterest\" href=\"\/\/pinterest.com\/pin\/create\/button\/?url=https:\/\/bemypartner.es\/ca\/imagen-profesional-ceo\/&amp;media=\">\n\t\t\t\t\t<i class=\"icofont-pinterest\"><\/i>\n\t\t\t\t<\/a>\n\t\t\t<\/li>\n\t\t\t<li>\n\t\t\t\t<a target=\"_blank\" data-social=\"twitter\" title=\"Share on Twitter\" href=\"\/\/twitter.com\/share?url=https:\/\/bemypartner.es\/ca\/imagen-profesional-ceo\/&text=Imagen profesional del CEO: 7 claves para representar a la empresa.\">\n\t\t\t\t\t<i class=\"icofont-twitter\"><\/i>\n\t\t\t\t<\/a>\n\t\t\t<\/li>\n\t\t<\/ul>\n\t<\/div>\n<\/div>                        <\/div>\n\n\t\t\t\t\t<\/div>\n\n\t\t\t\t<\/div>\n\t\t\t<\/div>\n\t\t<\/div>\n\t<\/div>\n<\/div>\n\n<div id=\"row-single-4653\" class=\"vcpg-row-single cl-md-12 \">\n\t<div class=\"vcpg-post-item\">\n\t\t<div class=\"vcpg-row\">\n\t\t\t<div class=\"cl-md-4\">\n\t\t\t\t<div class=\"vcpg-post-photo\">\n\t\t\t\t\t\t\t\t\t\t\t<img decoding=\"async\" class=\"post-img lazyload\" data-src=\"https:\/\/bemypartner.es\/wp-content\/uploads\/2021\/03\/EL-Publicista-Bemypartner-Twitter-y-LinkedIn-8-1-830x420.png\" alt=\"MUJERES DIRECTIVAS NOS RELATAN SU EXPERIENCIA &#8211; 8M\" src=\"data:image\/svg+xml;base64,PHN2ZyB3aWR0aD0iMSIgaGVpZ2h0PSIxIiB4bWxucz0iaHR0cDovL3d3dy53My5vcmcvMjAwMC9zdmciPjwvc3ZnPg==\" style=\"--smush-placeholder-width: 830px; --smush-placeholder-aspect-ratio: 830\/420;\">\n\n\t\t\t\t\t\n\t\t\t\t<\/div>\n\t\t\t<\/div>\n\t\t\t<div class=\"cl-md-8\">\n\t\t\t\t<div class=\"vcpg-post-content\">\n\t\t\t\t\t<div class=\"vcpg-categories\"><a href=\"https:\/\/bemypartner.es\/category\/agencia-de-comunicacion\/\">Agencia de comunicaci\u00f3n<\/a><a href=\"https:\/\/bemypartner.es\/category\/comunicacion\/\">Comunicaci\u00f3n<\/a><a href=\"https:\/\/bemypartner.es\/category\/relaciones-publicas\/\">Relaciones P\u00fablicas<\/a><\/div>\t\t\t\t\t<div class=\"vcpg-post-meta\">\n\t\t\t\t\t\t<div class=\"meta-left\">\n                            <div class=\"grid3-post-author\">\n\t\t\t\t\t\t\t\tby <strong>Bemypartner<\/strong>                            <\/div>\n                            <span class=\"publish-time\"><i class=\"icofont-clock-time\"><\/i> 09 de mar\u00e7 de 2021<\/span>\n                        <\/div>\n                        <div class=\"meta-right\">\n                            <span class=\"reading-time\"><i class=\"icofont-read-book-alt\"><\/i> 7 min to read<\/span>\n                        <\/div>\n\t\t\t\t\t<\/div>\n\n\t\t\t\t\t<div class=\"vcpg-post-desc\">\n\t\t\t\t\t\t\t\t\t\t\t\t\t<h3 class=\"vcpg-heading\"><a href=\"https:\/\/bemypartner.es\/ca\/mujeres-lideres-directivas-8-m\/\">MUJERES DIRECTIVAS NOS RELATAN SU EXPERIENCIA &#8211; 8M<\/a><\/h3>\n\t\t\t\t\t\t\n\t\t\t\t\t\t\t\t\t\t\t\t\t<p>\n\t\t\t\t\t\t\t\tMujeres directivas &#8211; 8M El 8 de marzo se celebra el D\u00eda Internacional de la Mujer y desde Bemypartner, agencia de comunicaci\u00f3n especializada en gabinete de prensa, comunicaci\u00f3n online y&hellip;<a href=\"https:\/\/bemypartner.es\/ca\/mujeres-lideres-directivas-8-m\/\">Llegeix m\u00e9s ><\/a>\n\t\t\t\t\t\t\t<\/p>\n\t\t\t\t\t\t\t\t\t\t\t<\/div>\n\t\t\t\t\t<div class=\"vcpg-post-footer\">\n\t\t\t\t\t\t\t\t\t\t\t\t\t<div class=\"vcpg-post-tags\">\n\t\t\t\t\t\t\t\t<i class=\"icofont-tags\"><\/i>\n\t\t\t\t\t\t\t\t\n\t\t\t\t\t\t\t\t\t\t<div class=\"first-2\"><a href=\"https:\/\/bemypartner.es\/tag\/8-de-marzo\/\">8 de marzo<\/a><\/div>\n\n\t\t\t\t\t\t\t\t\n\t\t\t\t\t\t\t\t\t\t<div class=\"first-2\"><a href=\"https:\/\/bemypartner.es\/tag\/dia-de-la-mujer\/\">d\u00eda de la mujer<\/a><\/div>\n\n\t\t\t\t\t\t\t\t\n\t\t\t\t\t\t\t\t\t\t<div class=\"first-2\"><a href=\"https:\/\/bemypartner.es\/tag\/dia-de-la-mujer-trabajadora\/\">d\u00eda de la mujer trabajadora<\/a><\/div>\n\n\t\t\t\t\t\t\t\t\n\t\t\t\t\t\t\t\t\t\t<div class=\"first-2\"><a href=\"https:\/\/bemypartner.es\/tag\/mujeres-directivas\/\">mujeres directivas<\/a><\/div>\n\n\t\t\t\t\t\t\t\t\n\t\t\t\t\t\t\t\t\t\t<div class=\"first-2\"><a href=\"https:\/\/bemypartner.es\/tag\/mujeres-empoderadas\/\">mujeres empoderadas<\/a><\/div>\n\n\t\t\t\t\t\t\t\t\n\t\t\t\t\t\t\t\t\t\t<div class=\"first-2\"><a href=\"https:\/\/bemypartner.es\/tag\/mujeres-lideres\/\">mujeres l\u00edderes<\/a><\/div>\n\n\t\t\t\t\t\t\t\t\n\t\t\t\t\t\t\t\t\n\n\t\t\t\t\t\t\t<\/div>\n\t\t\t\t\t\t\n                        <div class=\"vcpg-footer-right\">\n                            <div class=\"vcpg-comment-wrap\">\n                                <span><i class=\"icofont-comment\"><\/i> 0<\/span>\n                            <\/div>\n\n                            \n<div class=\"vcpg-social-share\">\n\t<a href=\"#\"><i class=\"icofont-share\"><\/i><\/a>\n\t<div class=\"vcpg-social-inner\">\n\t\t<ul>\n\t\t\t<li>\n\t\t\t\t<a target=\"_blank\" data-social=\"facebook\" title=\"Share on Facebook\" href=\"\/\/facebook.com\/sharer.php?u=https:\/\/bemypartner.es\/ca\/mujeres-lideres-directivas-8-m\/\">\n\t\t\t\t\t<i class=\"icofont-facebook\"><\/i>\n\t\t\t\t<\/a>\n\t\t\t<\/li>\n\t\t\t<li>\n\t\t\t\t<a target=\"_blank\" data-social=\"pinterest\" title=\"Share on Pinterest\" href=\"\/\/pinterest.com\/pin\/create\/button\/?url=https:\/\/bemypartner.es\/ca\/mujeres-lideres-directivas-8-m\/&amp;media=\">\n\t\t\t\t\t<i class=\"icofont-pinterest\"><\/i>\n\t\t\t\t<\/a>\n\t\t\t<\/li>\n\t\t\t<li>\n\t\t\t\t<a target=\"_blank\" data-social=\"twitter\" title=\"Share on Twitter\" href=\"\/\/twitter.com\/share?url=https:\/\/bemypartner.es\/ca\/mujeres-lideres-directivas-8-m\/&text=MUJERES DIRECTIVAS NOS RELATAN SU EXPERIENCIA &#8211; 8M\">\n\t\t\t\t\t<i class=\"icofont-twitter\"><\/i>\n\t\t\t\t<\/a>\n\t\t\t<\/li>\n\t\t<\/ul>\n\t<\/div>\n<\/div>                        <\/div>\n\n\t\t\t\t\t<\/div>\n\n\t\t\t\t<\/div>\n\t\t\t<\/div>\n\t\t<\/div>\n\t<\/div>\n<\/div>\n\n<div id=\"row-single-5174\" class=\"vcpg-row-single cl-md-12 \">\n\t<div class=\"vcpg-post-item\">\n\t\t<div class=\"vcpg-row\">\n\t\t\t<div class=\"cl-md-4\">\n\t\t\t\t<div class=\"vcpg-post-photo\">\n\t\t\t\t\t\t\t\t\t\t\t<img decoding=\"async\" class=\"post-img lazyload\" data-src=\"https:\/\/bemypartner.es\/wp-content\/uploads\/2022\/05\/cropped-nueva-imagen-web-830x420.png\" alt=\"MUJERES DIRECTIVAS NOS RELATAN SU EXPERIENCIA &#8211; 8M\" src=\"data:image\/svg+xml;base64,PHN2ZyB3aWR0aD0iMSIgaGVpZ2h0PSIxIiB4bWxucz0iaHR0cDovL3d3dy53My5vcmcvMjAwMC9zdmciPjwvc3ZnPg==\" style=\"--smush-placeholder-width: 830px; --smush-placeholder-aspect-ratio: 830\/420;\">\n\n\t\t\t\t\t\n\t\t\t\t<\/div>\n\t\t\t<\/div>\n\t\t\t<div class=\"cl-md-8\">\n\t\t\t\t<div class=\"vcpg-post-content\">\n\t\t\t\t\t<div class=\"vcpg-categories\"><a href=\"https:\/\/bemypartner.es\/category\/agencia-de-comunicacion\/\">Agencia de comunicaci\u00f3n<\/a><a href=\"https:\/\/bemypartner.es\/category\/comunicacion\/\">Comunicaci\u00f3n<\/a><a href=\"https:\/\/bemypartner.es\/category\/relaciones-publicas\/\">Relaciones P\u00fablicas<\/a><\/div>\t\t\t\t\t<div class=\"vcpg-post-meta\">\n\t\t\t\t\t\t<div class=\"meta-left\">\n                            <div class=\"grid3-post-author\">\n\t\t\t\t\t\t\t\tby <strong>Bemypartner<\/strong>                            <\/div>\n                            <span class=\"publish-time\"><i class=\"icofont-clock-time\"><\/i> 08 de mar\u00e7 de 2021<\/span>\n                        <\/div>\n                        <div class=\"meta-right\">\n                            <span class=\"reading-time\"><i class=\"icofont-read-book-alt\"><\/i> 7 min to read<\/span>\n                        <\/div>\n\t\t\t\t\t<\/div>\n\n\t\t\t\t\t<div class=\"vcpg-post-desc\">\n\t\t\t\t\t\t\t\t\t\t\t\t\t<h3 class=\"vcpg-heading\"><a href=\"https:\/\/bemypartner.es\/ca\/mujeres-directivas-nos-relatan-su-experiencia-8m\/\">MUJERES DIRECTIVAS NOS RELATAN SU EXPERIENCIA &#8211; 8M<\/a><\/h3>\n\t\t\t\t\t\t\n\t\t\t\t\t\t\t\t\t\t\t\t\t<p>\n\t\t\t\t\t\t\t\tMujeres directivas &#8211; 8M El 8 de marzo se celebra el D\u00eda Internacional de la Mujer y desde Bemypartner, agencia de comunicaci\u00f3n especializada en gabinete de prensa, comunicaci\u00f3n online y&hellip;<a href=\"https:\/\/bemypartner.es\/ca\/mujeres-directivas-nos-relatan-su-experiencia-8m\/\">Llegeix m\u00e9s ><\/a>\n\t\t\t\t\t\t\t<\/p>\n\t\t\t\t\t\t\t\t\t\t\t<\/div>\n\t\t\t\t\t<div class=\"vcpg-post-footer\">\n\t\t\t\t\t\t\t\t\t\t\t\t\t<div class=\"vcpg-post-tags\">\n\t\t\t\t\t\t\t\t<i class=\"icofont-tags\"><\/i>\n\t\t\t\t\t\t\t\t\n\t\t\t\t\t\t\t\t\t\t<div class=\"first-2\"><a href=\"https:\/\/bemypartner.es\/tag\/8-de-marzo\/\">8 de marzo<\/a><\/div>\n\n\t\t\t\t\t\t\t\t\n\t\t\t\t\t\t\t\t\t\t<div class=\"first-2\"><a href=\"https:\/\/bemypartner.es\/tag\/dia-de-la-mujer\/\">d\u00eda de la mujer<\/a><\/div>\n\n\t\t\t\t\t\t\t\t\n\t\t\t\t\t\t\t\t\t\t<div class=\"first-2\"><a href=\"https:\/\/bemypartner.es\/tag\/dia-de-la-mujer-trabajadora\/\">d\u00eda de la mujer trabajadora<\/a><\/div>\n\n\t\t\t\t\t\t\t\t\n\t\t\t\t\t\t\t\t\t\t<div class=\"first-2\"><a href=\"https:\/\/bemypartner.es\/tag\/mujeres-directivas\/\">mujeres directivas<\/a><\/div>\n\n\t\t\t\t\t\t\t\t\n\t\t\t\t\t\t\t\t\t\t<div class=\"first-2\"><a href=\"https:\/\/bemypartner.es\/tag\/mujeres-empoderadas\/\">mujeres empoderadas<\/a><\/div>\n\n\t\t\t\t\t\t\t\t\n\t\t\t\t\t\t\t\t\t\t<div class=\"first-2\"><a href=\"https:\/\/bemypartner.es\/tag\/mujeres-lideres\/\">mujeres l\u00edderes<\/a><\/div>\n\n\t\t\t\t\t\t\t\t\n\t\t\t\t\t\t\t\t\n\n\t\t\t\t\t\t\t<\/div>\n\t\t\t\t\t\t\n                        <div class=\"vcpg-footer-right\">\n                            <div class=\"vcpg-comment-wrap\">\n                                <span><i class=\"icofont-comment\"><\/i> 0<\/span>\n                            <\/div>\n\n                            \n<div class=\"vcpg-social-share\">\n\t<a href=\"#\"><i class=\"icofont-share\"><\/i><\/a>\n\t<div class=\"vcpg-social-inner\">\n\t\t<ul>\n\t\t\t<li>\n\t\t\t\t<a target=\"_blank\" data-social=\"facebook\" title=\"Share on Facebook\" href=\"\/\/facebook.com\/sharer.php?u=https:\/\/bemypartner.es\/ca\/mujeres-directivas-nos-relatan-su-experiencia-8m\/\">\n\t\t\t\t\t<i class=\"icofont-facebook\"><\/i>\n\t\t\t\t<\/a>\n\t\t\t<\/li>\n\t\t\t<li>\n\t\t\t\t<a target=\"_blank\" data-social=\"pinterest\" title=\"Share on Pinterest\" href=\"\/\/pinterest.com\/pin\/create\/button\/?url=https:\/\/bemypartner.es\/ca\/mujeres-directivas-nos-relatan-su-experiencia-8m\/&amp;media=\">\n\t\t\t\t\t<i class=\"icofont-pinterest\"><\/i>\n\t\t\t\t<\/a>\n\t\t\t<\/li>\n\t\t\t<li>\n\t\t\t\t<a target=\"_blank\" data-social=\"twitter\" title=\"Share on Twitter\" href=\"\/\/twitter.com\/share?url=https:\/\/bemypartner.es\/ca\/mujeres-directivas-nos-relatan-su-experiencia-8m\/&text=MUJERES DIRECTIVAS NOS RELATAN SU EXPERIENCIA &#8211; 8M\">\n\t\t\t\t\t<i class=\"icofont-twitter\"><\/i>\n\t\t\t\t<\/a>\n\t\t\t<\/li>\n\t\t<\/ul>\n\t<\/div>\n<\/div>                        <\/div>\n\n\t\t\t\t\t<\/div>\n\n\t\t\t\t<\/div>\n\t\t\t<\/div>\n\t\t<\/div>\n\t<\/div>\n<\/div>\n\n<div id=\"row-single-4631\" class=\"vcpg-row-single cl-md-12 \">\n\t<div class=\"vcpg-post-item\">\n\t\t<div class=\"vcpg-row\">\n\t\t\t<div class=\"cl-md-4\">\n\t\t\t\t<div class=\"vcpg-post-photo\">\n\t\t\t\t\t\t\t\t\t\t\t<img decoding=\"async\" class=\"post-img lazyload\" data-src=\"https:\/\/bemypartner.es\/wp-content\/uploads\/2021\/03\/Dise\u00f1o-sin-t\u00edtulo-88-830x420.png\" alt=\"Instagram 2021: \u00daltimas novedades\" src=\"data:image\/svg+xml;base64,PHN2ZyB3aWR0aD0iMSIgaGVpZ2h0PSIxIiB4bWxucz0iaHR0cDovL3d3dy53My5vcmcvMjAwMC9zdmciPjwvc3ZnPg==\" style=\"--smush-placeholder-width: 830px; --smush-placeholder-aspect-ratio: 830\/420;\">\n\n\t\t\t\t\t\n\t\t\t\t<\/div>\n\t\t\t<\/div>\n\t\t\t<div class=\"cl-md-8\">\n\t\t\t\t<div class=\"vcpg-post-content\">\n\t\t\t\t\t<div class=\"vcpg-categories\"><a href=\"https:\/\/bemypartner.es\/category\/sin-categorizar\/\">Sin categorizar<\/a><\/div>\t\t\t\t\t<div class=\"vcpg-post-meta\">\n\t\t\t\t\t\t<div class=\"meta-left\">\n                            <div class=\"grid3-post-author\">\n\t\t\t\t\t\t\t\tby <strong>Bemypartner<\/strong>                            <\/div>\n                            <span class=\"publish-time\"><i class=\"icofont-clock-time\"><\/i> 05 de mar\u00e7 de 2021<\/span>\n                        <\/div>\n                        <div class=\"meta-right\">\n                            <span class=\"reading-time\"><i class=\"icofont-read-book-alt\"><\/i> 4 min to read<\/span>\n                        <\/div>\n\t\t\t\t\t<\/div>\n\n\t\t\t\t\t<div class=\"vcpg-post-desc\">\n\t\t\t\t\t\t\t\t\t\t\t\t\t<h3 class=\"vcpg-heading\"><a href=\"https:\/\/bemypartner.es\/ca\/actualizaciones-de-instagram-2021\/\">Instagram 2021: \u00daltimas novedades<\/a><\/h3>\n\t\t\t\t\t\t\n\t\t\t\t\t\t\t\t\t\t\t\t\t<p>\n\t\t\t\t\t\t\t\t\u00bfQu\u00e9 actualizaciones llegan a Instagram este a\u00f1o? Como ya te hemos contado, un must en tu estrategia de Redes Sociales es estar pendiente de las actualizaciones constantemente. Conocer las novedades&hellip;<a href=\"https:\/\/bemypartner.es\/ca\/actualizaciones-de-instagram-2021\/\">Llegeix m\u00e9s ><\/a>\n\t\t\t\t\t\t\t<\/p>\n\t\t\t\t\t\t\t\t\t\t\t<\/div>\n\t\t\t\t\t<div class=\"vcpg-post-footer\">\n\t\t\t\t\t\t\t\t\t\t\t\t\t<div class=\"vcpg-post-tags\">\n\t\t\t\t\t\t\t\t<i class=\"icofont-tags\"><\/i>\n\t\t\t\t\t\t\t\t\n\t\t\t\t\t\t\t\t\t\t<div class=\"first-2\"><a href=\"https:\/\/bemypartner.es\/tag\/comunicacion-digital\/\">comunicaci\u00f3n digital<\/a><\/div>\n\n\t\t\t\t\t\t\t\t\n\t\t\t\t\t\t\t\t\t\t<div class=\"first-2\"><a href=\"https:\/\/bemypartner.es\/tag\/instagram\/\">Instagram<\/a><\/div>\n\n\t\t\t\t\t\t\t\t\n\t\t\t\t\t\t\t\t\t\t<div class=\"first-2\"><a href=\"https:\/\/bemypartner.es\/tag\/redes-sociales\/\">Redes Sociales<\/a><\/div>\n\n\t\t\t\t\t\t\t\t\n\t\t\t\t\t\t\t\t\t\t<div class=\"first-2\"><a href=\"https:\/\/bemypartner.es\/tag\/social-media\/\">Social Media<\/a><\/div>\n\n\t\t\t\t\t\t\t\t\n\t\t\t\t\t\t\t\t\t\t<div class=\"first-2\"><a href=\"https:\/\/bemypartner.es\/tag\/social-media-strategy\/\">Social Media Strategy<\/a><\/div>\n\n\t\t\t\t\t\t\t\t\n\t\t\t\t\t\t\t\t\n\n\t\t\t\t\t\t\t<\/div>\n\t\t\t\t\t\t\n                        <div class=\"vcpg-footer-right\">\n                            <div class=\"vcpg-comment-wrap\">\n                                <span><i class=\"icofont-comment\"><\/i> 0<\/span>\n                            <\/div>\n\n                            \n<div class=\"vcpg-social-share\">\n\t<a href=\"#\"><i class=\"icofont-share\"><\/i><\/a>\n\t<div class=\"vcpg-social-inner\">\n\t\t<ul>\n\t\t\t<li>\n\t\t\t\t<a target=\"_blank\" data-social=\"facebook\" title=\"Share on Facebook\" href=\"\/\/facebook.com\/sharer.php?u=https:\/\/bemypartner.es\/ca\/actualizaciones-de-instagram-2021\/\">\n\t\t\t\t\t<i class=\"icofont-facebook\"><\/i>\n\t\t\t\t<\/a>\n\t\t\t<\/li>\n\t\t\t<li>\n\t\t\t\t<a target=\"_blank\" data-social=\"pinterest\" title=\"Share on Pinterest\" href=\"\/\/pinterest.com\/pin\/create\/button\/?url=https:\/\/bemypartner.es\/ca\/actualizaciones-de-instagram-2021\/&amp;media=\">\n\t\t\t\t\t<i class=\"icofont-pinterest\"><\/i>\n\t\t\t\t<\/a>\n\t\t\t<\/li>\n\t\t\t<li>\n\t\t\t\t<a target=\"_blank\" data-social=\"twitter\" title=\"Share on Twitter\" href=\"\/\/twitter.com\/share?url=https:\/\/bemypartner.es\/ca\/actualizaciones-de-instagram-2021\/&text=Instagram 2021: \u00daltimas novedades\">\n\t\t\t\t\t<i class=\"icofont-twitter\"><\/i>\n\t\t\t\t<\/a>\n\t\t\t<\/li>\n\t\t<\/ul>\n\t<\/div>\n<\/div>                        <\/div>\n\n\t\t\t\t\t<\/div>\n\n\t\t\t\t<\/div>\n\t\t\t<\/div>\n\t\t<\/div>\n\t<\/div>\n<\/div>\n\n<div id=\"row-single-4601\" class=\"vcpg-row-single cl-md-12 \">\n\t<div class=\"vcpg-post-item\">\n\t\t<div class=\"vcpg-row\">\n\t\t\t<div class=\"cl-md-4\">\n\t\t\t\t<div class=\"vcpg-post-photo\">\n\t\t\t\t\t\t\t\t\t\t\t<img decoding=\"async\" class=\"post-img lazyload\" data-src=\"https:\/\/bemypartner.es\/wp-content\/uploads\/2021\/02\/Dise\u00f1o-sin-t\u00edtulo-76-2-830x420.png\" alt=\"Redes Sociales \u00bfC\u00f3mo potenciar tu negocio?\" src=\"data:image\/svg+xml;base64,PHN2ZyB3aWR0aD0iMSIgaGVpZ2h0PSIxIiB4bWxucz0iaHR0cDovL3d3dy53My5vcmcvMjAwMC9zdmciPjwvc3ZnPg==\" style=\"--smush-placeholder-width: 830px; --smush-placeholder-aspect-ratio: 830\/420;\">\n\n\t\t\t\t\t\n\t\t\t\t<\/div>\n\t\t\t<\/div>\n\t\t\t<div class=\"cl-md-8\">\n\t\t\t\t<div class=\"vcpg-post-content\">\n\t\t\t\t\t<div class=\"vcpg-categories\"><a href=\"https:\/\/bemypartner.es\/category\/comunicacion\/\">Comunicaci\u00f3n<\/a><a href=\"https:\/\/bemypartner.es\/category\/redes-sociales\/\">Redes Sociales<\/a><a href=\"https:\/\/bemypartner.es\/category\/sin-categorizar\/\">Sin categorizar<\/a><\/div>\t\t\t\t\t<div class=\"vcpg-post-meta\">\n\t\t\t\t\t\t<div class=\"meta-left\">\n                            <div class=\"grid3-post-author\">\n\t\t\t\t\t\t\t\tby <strong>Bemypartner<\/strong>                            <\/div>\n                            <span class=\"publish-time\"><i class=\"icofont-clock-time\"><\/i> 26 de febrer de 2021<\/span>\n                        <\/div>\n                        <div class=\"meta-right\">\n                            <span class=\"reading-time\"><i class=\"icofont-read-book-alt\"><\/i> 6 min to read<\/span>\n                        <\/div>\n\t\t\t\t\t<\/div>\n\n\t\t\t\t\t<div class=\"vcpg-post-desc\">\n\t\t\t\t\t\t\t\t\t\t\t\t\t<h3 class=\"vcpg-heading\"><a href=\"https:\/\/bemypartner.es\/ca\/potenciar-tu-negocio-a-traves-de-redes-sociales\/\">Redes Sociales \u00bfC\u00f3mo potenciar tu negocio?<\/a><\/h3>\n\t\t\t\t\t\t\n\t\t\t\t\t\t\t\t\t\t\t\t\t<p>\n\t\t\t\t\t\t\t\tSeg\u00fan el \u00faltimo estudio sobre Redes Sociales de la IAB, el 52% de los usuarios siguen cuentas de marcas o empresas. El 33% de los usuarios de redes sociales consultados&hellip;<a href=\"https:\/\/bemypartner.es\/ca\/potenciar-tu-negocio-a-traves-de-redes-sociales\/\">Llegeix m\u00e9s ><\/a>\n\t\t\t\t\t\t\t<\/p>\n\t\t\t\t\t\t\t\t\t\t\t<\/div>\n\t\t\t\t\t<div class=\"vcpg-post-footer\">\n\t\t\t\t\t\t\t\t\t\t\t\t\t<div class=\"vcpg-post-tags\">\n\t\t\t\t\t\t\t\t<i class=\"icofont-tags\"><\/i>\n\t\t\t\t\t\t\t\t\n\t\t\t\t\t\t\t\t\t\t<div class=\"first-2\"><a href=\"https:\/\/bemypartner.es\/tag\/estrategia-de-redes-sociales\/\">Estrategia de redes sociales<\/a><\/div>\n\n\t\t\t\t\t\t\t\t\n\t\t\t\t\t\t\t\t\t\t<div class=\"first-2\"><a href=\"https:\/\/bemypartner.es\/tag\/redes-sociales\/\">Redes Sociales<\/a><\/div>\n\n\t\t\t\t\t\t\t\t\n\t\t\t\t\t\t\t\t\t\t<div class=\"first-2\"><a href=\"https:\/\/bemypartner.es\/tag\/redes-sociales-como-herramientas-de-negocio\/\">redes sociales como herramientas de negocio<\/a><\/div>\n\n\t\t\t\t\t\t\t\t\n\t\t\t\t\t\t\t\t\t\t<div class=\"first-2\"><a href=\"https:\/\/bemypartner.es\/tag\/social-media\/\">Social Media<\/a><\/div>\n\n\t\t\t\t\t\t\t\t\n\t\t\t\t\t\t\t\t\t\t<div class=\"first-2\"><a href=\"https:\/\/bemypartner.es\/tag\/social-media-plan\/\">social media plan<\/a><\/div>\n\n\t\t\t\t\t\t\t\t\n\t\t\t\t\t\t\t\t\t\t<div class=\"first-2\"><a href=\"https:\/\/bemypartner.es\/tag\/social-media-strategy\/\">Social Media Strategy<\/a><\/div>\n\n\t\t\t\t\t\t\t\t\n\t\t\t\t\t\t\t\t\n\n\t\t\t\t\t\t\t<\/div>\n\t\t\t\t\t\t\n                        <div class=\"vcpg-footer-right\">\n                            <div class=\"vcpg-comment-wrap\">\n                                <span><i class=\"icofont-comment\"><\/i> 2<\/span>\n                            <\/div>\n\n                            \n<div class=\"vcpg-social-share\">\n\t<a href=\"#\"><i class=\"icofont-share\"><\/i><\/a>\n\t<div class=\"vcpg-social-inner\">\n\t\t<ul>\n\t\t\t<li>\n\t\t\t\t<a target=\"_blank\" data-social=\"facebook\" title=\"Share on Facebook\" href=\"\/\/facebook.com\/sharer.php?u=https:\/\/bemypartner.es\/ca\/potenciar-tu-negocio-a-traves-de-redes-sociales\/\">\n\t\t\t\t\t<i class=\"icofont-facebook\"><\/i>\n\t\t\t\t<\/a>\n\t\t\t<\/li>\n\t\t\t<li>\n\t\t\t\t<a target=\"_blank\" data-social=\"pinterest\" title=\"Share on Pinterest\" href=\"\/\/pinterest.com\/pin\/create\/button\/?url=https:\/\/bemypartner.es\/ca\/potenciar-tu-negocio-a-traves-de-redes-sociales\/&amp;media=\">\n\t\t\t\t\t<i class=\"icofont-pinterest\"><\/i>\n\t\t\t\t<\/a>\n\t\t\t<\/li>\n\t\t\t<li>\n\t\t\t\t<a target=\"_blank\" data-social=\"twitter\" title=\"Share on Twitter\" href=\"\/\/twitter.com\/share?url=https:\/\/bemypartner.es\/ca\/potenciar-tu-negocio-a-traves-de-redes-sociales\/&text=Redes Sociales \u00bfC\u00f3mo potenciar tu negocio?\">\n\t\t\t\t\t<i class=\"icofont-twitter\"><\/i>\n\t\t\t\t<\/a>\n\t\t\t<\/li>\n\t\t<\/ul>\n\t<\/div>\n<\/div>                        <\/div>\n\n\t\t\t\t\t<\/div>\n\n\t\t\t\t<\/div>\n\t\t\t<\/div>\n\t\t<\/div>\n\t<\/div>\n<\/div>\n\n<div id=\"row-single-4593\" class=\"vcpg-row-single cl-md-12 \">\n\t<div class=\"vcpg-post-item\">\n\t\t<div class=\"vcpg-row\">\n\t\t\t<div class=\"cl-md-4\">\n\t\t\t\t<div class=\"vcpg-post-photo\">\n\t\t\t\t\t\t\t\t\t\t\t<img decoding=\"async\" class=\"post-img lazyload\" data-src=\"https:\/\/bemypartner.es\/wp-content\/uploads\/2021\/02\/Dise\u00f1o-sin-t\u00edtulo-75-1-830x420.png\" alt=\"Marketing y Comunicaci\u00f3n: Owned Media\" src=\"data:image\/svg+xml;base64,PHN2ZyB3aWR0aD0iMSIgaGVpZ2h0PSIxIiB4bWxucz0iaHR0cDovL3d3dy53My5vcmcvMjAwMC9zdmciPjwvc3ZnPg==\" style=\"--smush-placeholder-width: 830px; --smush-placeholder-aspect-ratio: 830\/420;\">\n\n\t\t\t\t\t\n\t\t\t\t<\/div>\n\t\t\t<\/div>\n\t\t\t<div class=\"cl-md-8\">\n\t\t\t\t<div class=\"vcpg-post-content\">\n\t\t\t\t\t<div class=\"vcpg-categories\"><a href=\"https:\/\/bemypartner.es\/category\/agencia-de-comunicacion\/\">Agencia de comunicaci\u00f3n<\/a><a href=\"https:\/\/bemypartner.es\/category\/comunicacion\/\">Comunicaci\u00f3n<\/a><a href=\"https:\/\/bemypartner.es\/category\/redes-sociales\/\">Redes Sociales<\/a><\/div>\t\t\t\t\t<div class=\"vcpg-post-meta\">\n\t\t\t\t\t\t<div class=\"meta-left\">\n                            <div class=\"grid3-post-author\">\n\t\t\t\t\t\t\t\tby <strong>Bemypartner<\/strong>                            <\/div>\n                            <span class=\"publish-time\"><i class=\"icofont-clock-time\"><\/i> 19 de febrer de 2021<\/span>\n                        <\/div>\n                        <div class=\"meta-right\">\n                            <span class=\"reading-time\"><i class=\"icofont-read-book-alt\"><\/i> 4 min to read<\/span>\n                        <\/div>\n\t\t\t\t\t<\/div>\n\n\t\t\t\t\t<div class=\"vcpg-post-desc\">\n\t\t\t\t\t\t\t\t\t\t\t\t\t<h3 class=\"vcpg-heading\"><a href=\"https:\/\/bemypartner.es\/ca\/marketing-y-comunicacion-owned-media\/\">Marketing y Comunicaci\u00f3n: Owned Media<\/a><\/h3>\n\t\t\t\t\t\t\n\t\t\t\t\t\t\t\t\t\t\t\t\t<p>\n\t\t\t\t\t\t\t\t7 Consejos para crear contenido de valor en tus Owned Media En toda estrategia de marketing y comunicaci\u00f3n hay tres ramas fundamentales de canales de comunicaci\u00f3n: earn media, paid media&hellip;<a href=\"https:\/\/bemypartner.es\/ca\/marketing-y-comunicacion-owned-media\/\">Llegeix m\u00e9s ><\/a>\n\t\t\t\t\t\t\t<\/p>\n\t\t\t\t\t\t\t\t\t\t\t<\/div>\n\t\t\t\t\t<div class=\"vcpg-post-footer\">\n\t\t\t\t\t\t\t\t\t\t\t\t\t<div class=\"vcpg-post-tags\">\n\t\t\t\t\t\t\t\t<i class=\"icofont-tags\"><\/i>\n\t\t\t\t\t\t\t\t\n\t\t\t\t\t\t\t\t\t\t<div class=\"first-2\"><a href=\"https:\/\/bemypartner.es\/tag\/comunicacion\/\">comunicaci\u00f3n<\/a><\/div>\n\n\t\t\t\t\t\t\t\t\n\t\t\t\t\t\t\t\t\t\t<div class=\"first-2\"><a href=\"https:\/\/bemypartner.es\/tag\/estrategia-de-comunicacion\/\">estrategia de comunicaci\u00f3n<\/a><\/div>\n\n\t\t\t\t\t\t\t\t\n\t\t\t\t\t\t\t\t\t\t<div class=\"first-2\"><a href=\"https:\/\/bemypartner.es\/tag\/estrategia-digital\/\">estrategia digital<\/a><\/div>\n\n\t\t\t\t\t\t\t\t\n\t\t\t\t\t\t\t\t\t\t<div class=\"first-2\"><a href=\"https:\/\/bemypartner.es\/tag\/marketing-digital\/\">marketing digital<\/a><\/div>\n\n\t\t\t\t\t\t\t\t\n\t\t\t\t\t\t\t\t\t\t<div class=\"first-2\"><a href=\"https:\/\/bemypartner.es\/tag\/owned-media\/\">owned media<\/a><\/div>\n\n\t\t\t\t\t\t\t\t\n\t\t\t\t\t\t\t\t\n\n\t\t\t\t\t\t\t<\/div>\n\t\t\t\t\t\t\n                        <div class=\"vcpg-footer-right\">\n                            <div class=\"vcpg-comment-wrap\">\n                                <span><i class=\"icofont-comment\"><\/i> 2<\/span>\n                            <\/div>\n\n                            \n<div class=\"vcpg-social-share\">\n\t<a href=\"#\"><i class=\"icofont-share\"><\/i><\/a>\n\t<div class=\"vcpg-social-inner\">\n\t\t<ul>\n\t\t\t<li>\n\t\t\t\t<a target=\"_blank\" data-social=\"facebook\" title=\"Share on Facebook\" href=\"\/\/facebook.com\/sharer.php?u=https:\/\/bemypartner.es\/ca\/marketing-y-comunicacion-owned-media\/\">\n\t\t\t\t\t<i class=\"icofont-facebook\"><\/i>\n\t\t\t\t<\/a>\n\t\t\t<\/li>\n\t\t\t<li>\n\t\t\t\t<a target=\"_blank\" data-social=\"pinterest\" title=\"Share on Pinterest\" href=\"\/\/pinterest.com\/pin\/create\/button\/?url=https:\/\/bemypartner.es\/ca\/marketing-y-comunicacion-owned-media\/&amp;media=\">\n\t\t\t\t\t<i class=\"icofont-pinterest\"><\/i>\n\t\t\t\t<\/a>\n\t\t\t<\/li>\n\t\t\t<li>\n\t\t\t\t<a target=\"_blank\" data-social=\"twitter\" title=\"Share on Twitter\" href=\"\/\/twitter.com\/share?url=https:\/\/bemypartner.es\/ca\/marketing-y-comunicacion-owned-media\/&text=Marketing y Comunicaci\u00f3n: Owned Media\">\n\t\t\t\t\t<i class=\"icofont-twitter\"><\/i>\n\t\t\t\t<\/a>\n\t\t\t<\/li>\n\t\t<\/ul>\n\t<\/div>\n<\/div>                        <\/div>\n\n\t\t\t\t\t<\/div>\n\n\t\t\t\t<\/div>\n\t\t\t<\/div>\n\t\t<\/div>\n\t<\/div>\n<\/div>\n\n<div id=\"row-single-4440\" class=\"vcpg-row-single cl-md-12 \">\n\t<div class=\"vcpg-post-item\">\n\t\t<div class=\"vcpg-row\">\n\t\t\t<div class=\"cl-md-4\">\n\t\t\t\t<div class=\"vcpg-post-photo\">\n\t\t\t\t\t\t\t\t\t\t\t<img decoding=\"async\" class=\"post-img lazyload\" data-src=\"https:\/\/bemypartner.es\/wp-content\/uploads\/2021\/01\/Campa\u00f1as-con-Influencers-Nueva-Normativa-Bemypartner-830x420.png\" alt=\"Influencer Marketing, nuevo desaf\u00edo.\" src=\"data:image\/svg+xml;base64,PHN2ZyB3aWR0aD0iMSIgaGVpZ2h0PSIxIiB4bWxucz0iaHR0cDovL3d3dy53My5vcmcvMjAwMC9zdmciPjwvc3ZnPg==\" style=\"--smush-placeholder-width: 830px; --smush-placeholder-aspect-ratio: 830\/420;\">\n\n\t\t\t\t\t\n\t\t\t\t<\/div>\n\t\t\t<\/div>\n\t\t\t<div class=\"cl-md-8\">\n\t\t\t\t<div class=\"vcpg-post-content\">\n\t\t\t\t\t<div class=\"vcpg-categories\"><a href=\"https:\/\/bemypartner.es\/category\/agencia-de-comunicacion\/\">Agencia de comunicaci\u00f3n<\/a><a href=\"https:\/\/bemypartner.es\/category\/campanas\/\">Campa\u00f1as<\/a><a href=\"https:\/\/bemypartner.es\/category\/redes-sociales\/\">Redes Sociales<\/a><\/div>\t\t\t\t\t<div class=\"vcpg-post-meta\">\n\t\t\t\t\t\t<div class=\"meta-left\">\n                            <div class=\"grid3-post-author\">\n\t\t\t\t\t\t\t\tby <strong>Bemypartner<\/strong>                            <\/div>\n                            <span class=\"publish-time\"><i class=\"icofont-clock-time\"><\/i> 20 de gener de 2021<\/span>\n                        <\/div>\n                        <div class=\"meta-right\">\n                            <span class=\"reading-time\"><i class=\"icofont-read-book-alt\"><\/i> 6 min to read<\/span>\n                        <\/div>\n\t\t\t\t\t<\/div>\n\n\t\t\t\t\t<div class=\"vcpg-post-desc\">\n\t\t\t\t\t\t\t\t\t\t\t\t\t<h3 class=\"vcpg-heading\"><a href=\"https:\/\/bemypartner.es\/ca\/nuevo-codigo-de-conducta-influencer-marketing\/\">Influencer Marketing, nuevo desaf\u00edo.<\/a><\/h3>\n\t\t\t\t\t\t\n\t\t\t\t\t\t\t\t\t\t\t\t\t<p>\n\t\t\t\t\t\t\t\tEl nuevo C\u00f3digo de Conducta sobre el uso de Influencers en la Publicidad se suma a los aspectos a tener en cuenta a la hora de pensar una estrategia de&hellip;<a href=\"https:\/\/bemypartner.es\/ca\/nuevo-codigo-de-conducta-influencer-marketing\/\">Llegeix m\u00e9s ><\/a>\n\t\t\t\t\t\t\t<\/p>\n\t\t\t\t\t\t\t\t\t\t\t<\/div>\n\t\t\t\t\t<div class=\"vcpg-post-footer\">\n\t\t\t\t\t\t\t\t\t\t\t\t\t<div class=\"vcpg-post-tags\">\n\t\t\t\t\t\t\t\t<i class=\"icofont-tags\"><\/i>\n\t\t\t\t\t\t\t\t\n\t\t\t\t\t\t\t\t\t\t<div class=\"first-2\"><a href=\"https:\/\/bemypartner.es\/tag\/influencer\/\">influencer<\/a><\/div>\n\n\t\t\t\t\t\t\t\t\n\t\t\t\t\t\t\t\t\t\t<div class=\"first-2\"><a href=\"https:\/\/bemypartner.es\/tag\/influencer-marketing\/\">influencer marketing<\/a><\/div>\n\n\t\t\t\t\t\t\t\t\n\t\t\t\t\t\t\t\t\t\t<div class=\"first-2\"><a href=\"https:\/\/bemypartner.es\/tag\/marketing-digital\/\">marketing digital<\/a><\/div>\n\n\t\t\t\t\t\t\t\t\n\t\t\t\t\t\t\t\t\t\t<div class=\"first-2\"><a href=\"https:\/\/bemypartner.es\/tag\/publicidad-con-influencers\/\">Publicidad con influencers<\/a><\/div>\n\n\t\t\t\t\t\t\t\t\n\t\t\t\t\t\t\t\t\n\n\t\t\t\t\t\t\t<\/div>\n\t\t\t\t\t\t\n                        <div class=\"vcpg-footer-right\">\n                            <div class=\"vcpg-comment-wrap\">\n                                <span><i class=\"icofont-comment\"><\/i> 2<\/span>\n                            <\/div>\n\n                            \n<div class=\"vcpg-social-share\">\n\t<a href=\"#\"><i class=\"icofont-share\"><\/i><\/a>\n\t<div class=\"vcpg-social-inner\">\n\t\t<ul>\n\t\t\t<li>\n\t\t\t\t<a target=\"_blank\" data-social=\"facebook\" title=\"Share on Facebook\" href=\"\/\/facebook.com\/sharer.php?u=https:\/\/bemypartner.es\/ca\/nuevo-codigo-de-conducta-influencer-marketing\/\">\n\t\t\t\t\t<i class=\"icofont-facebook\"><\/i>\n\t\t\t\t<\/a>\n\t\t\t<\/li>\n\t\t\t<li>\n\t\t\t\t<a target=\"_blank\" data-social=\"pinterest\" title=\"Share on Pinterest\" href=\"\/\/pinterest.com\/pin\/create\/button\/?url=https:\/\/bemypartner.es\/ca\/nuevo-codigo-de-conducta-influencer-marketing\/&amp;media=\">\n\t\t\t\t\t<i class=\"icofont-pinterest\"><\/i>\n\t\t\t\t<\/a>\n\t\t\t<\/li>\n\t\t\t<li>\n\t\t\t\t<a target=\"_blank\" data-social=\"twitter\" title=\"Share on Twitter\" href=\"\/\/twitter.com\/share?url=https:\/\/bemypartner.es\/ca\/nuevo-codigo-de-conducta-influencer-marketing\/&text=Influencer Marketing, nuevo desaf\u00edo.\">\n\t\t\t\t\t<i class=\"icofont-twitter\"><\/i>\n\t\t\t\t<\/a>\n\t\t\t<\/li>\n\t\t<\/ul>\n\t<\/div>\n<\/div>                        <\/div>\n\n\t\t\t\t\t<\/div>\n\n\t\t\t\t<\/div>\n\t\t\t<\/div>\n\t\t<\/div>\n\t<\/div>\n<\/div>\n\n<div id=\"row-single-4381\" class=\"vcpg-row-single cl-md-12 \">\n\t<div class=\"vcpg-post-item\">\n\t\t<div class=\"vcpg-row\">\n\t\t\t<div class=\"cl-md-4\">\n\t\t\t\t<div class=\"vcpg-post-photo\">\n\t\t\t\t\t\t\t\t\t\t\t<img decoding=\"async\" class=\"post-img lazyload\" data-src=\"https:\/\/bemypartner.es\/wp-content\/uploads\/2020\/11\/pexels-fauxels-3184405-1-830x420.jpg\" alt=\"Comunicar para generar confianza desde la raz\u00f3n y la emoci\u00f3n\" src=\"data:image\/svg+xml;base64,PHN2ZyB3aWR0aD0iMSIgaGVpZ2h0PSIxIiB4bWxucz0iaHR0cDovL3d3dy53My5vcmcvMjAwMC9zdmciPjwvc3ZnPg==\" style=\"--smush-placeholder-width: 830px; --smush-placeholder-aspect-ratio: 830\/420;\">\n\n\t\t\t\t\t\n\t\t\t\t<\/div>\n\t\t\t<\/div>\n\t\t\t<div class=\"cl-md-8\">\n\t\t\t\t<div class=\"vcpg-post-content\">\n\t\t\t\t\t<div class=\"vcpg-categories\"><a href=\"https:\/\/bemypartner.es\/category\/agencia-de-comunicacion\/\">Agencia de comunicaci\u00f3n<\/a><a href=\"https:\/\/bemypartner.es\/category\/comunicacion\/\">Comunicaci\u00f3n<\/a><\/div>\t\t\t\t\t<div class=\"vcpg-post-meta\">\n\t\t\t\t\t\t<div class=\"meta-left\">\n                            <div class=\"grid3-post-author\">\n\t\t\t\t\t\t\t\tby <strong>Bemypartner<\/strong>                            <\/div>\n                            <span class=\"publish-time\"><i class=\"icofont-clock-time\"><\/i> 04 de novembre de 2020<\/span>\n                        <\/div>\n                        <div class=\"meta-right\">\n                            <span class=\"reading-time\"><i class=\"icofont-read-book-alt\"><\/i> 3 min to read<\/span>\n                        <\/div>\n\t\t\t\t\t<\/div>\n\n\t\t\t\t\t<div class=\"vcpg-post-desc\">\n\t\t\t\t\t\t\t\t\t\t\t\t\t<h3 class=\"vcpg-heading\"><a href=\"https:\/\/bemypartner.es\/ca\/comunicar-para-generar-confianza-desde-razon-y-emocion\/\">Comunicar para generar confianza desde la raz\u00f3n y la emoci\u00f3n<\/a><\/h3>\n\t\t\t\t\t\t\n\t\t\t\t\t\t\t\t\t\t\t\t\t<p>\n\t\t\t\t\t\t\t\tConsejos para comunicar mucho y bien en tiempos de incertidumbre Para lo bueno y lo malo, vivimos en un mundo con mucha informaci\u00f3n y a veces, las fake news y&hellip;<a href=\"https:\/\/bemypartner.es\/ca\/comunicar-para-generar-confianza-desde-razon-y-emocion\/\">Llegeix m\u00e9s ><\/a>\n\t\t\t\t\t\t\t<\/p>\n\t\t\t\t\t\t\t\t\t\t\t<\/div>\n\t\t\t\t\t<div class=\"vcpg-post-footer\">\n\t\t\t\t\t\t\t\t\t\t\t\t\t<div class=\"vcpg-post-tags\">\n\t\t\t\t\t\t\t\t<i class=\"icofont-tags\"><\/i>\n\t\t\t\t\t\t\t\t\n\t\t\t\t\t\t\t\t\t\t<div class=\"first-2\"><a href=\"https:\/\/bemypartner.es\/tag\/comunicacion\/\">comunicaci\u00f3n<\/a><\/div>\n\n\t\t\t\t\t\t\t\t\n\t\t\t\t\t\t\t\t\t\t<div class=\"first-2\"><a href=\"https:\/\/bemypartner.es\/tag\/estrategia-de-comunicacion\/\">estrategia de comunicaci\u00f3n<\/a><\/div>\n\n\t\t\t\t\t\t\t\t\n\t\t\t\t\t\t\t\t\t\t<div class=\"first-2\"><a href=\"https:\/\/bemypartner.es\/tag\/portavoz\/\">portavoz<\/a><\/div>\n\n\t\t\t\t\t\t\t\t\n\t\t\t\t\t\t\t\t\n\n\t\t\t\t\t\t\t<\/div>\n\t\t\t\t\t\t\n                        <div class=\"vcpg-footer-right\">\n                            <div class=\"vcpg-comment-wrap\">\n                                <span><i class=\"icofont-comment\"><\/i> 1<\/span>\n                            <\/div>\n\n                            \n<div class=\"vcpg-social-share\">\n\t<a href=\"#\"><i class=\"icofont-share\"><\/i><\/a>\n\t<div class=\"vcpg-social-inner\">\n\t\t<ul>\n\t\t\t<li>\n\t\t\t\t<a target=\"_blank\" data-social=\"facebook\" title=\"Share on Facebook\" href=\"\/\/facebook.com\/sharer.php?u=https:\/\/bemypartner.es\/ca\/comunicar-para-generar-confianza-desde-razon-y-emocion\/\">\n\t\t\t\t\t<i class=\"icofont-facebook\"><\/i>\n\t\t\t\t<\/a>\n\t\t\t<\/li>\n\t\t\t<li>\n\t\t\t\t<a target=\"_blank\" data-social=\"pinterest\" title=\"Share on Pinterest\" href=\"\/\/pinterest.com\/pin\/create\/button\/?url=https:\/\/bemypartner.es\/ca\/comunicar-para-generar-confianza-desde-razon-y-emocion\/&amp;media=\">\n\t\t\t\t\t<i class=\"icofont-pinterest\"><\/i>\n\t\t\t\t<\/a>\n\t\t\t<\/li>\n\t\t\t<li>\n\t\t\t\t<a target=\"_blank\" data-social=\"twitter\" title=\"Share on Twitter\" href=\"\/\/twitter.com\/share?url=https:\/\/bemypartner.es\/ca\/comunicar-para-generar-confianza-desde-razon-y-emocion\/&text=Comunicar para generar confianza desde la raz\u00f3n y la emoci\u00f3n\">\n\t\t\t\t\t<i class=\"icofont-twitter\"><\/i>\n\t\t\t\t<\/a>\n\t\t\t<\/li>\n\t\t<\/ul>\n\t<\/div>\n<\/div>                        <\/div>\n\n\t\t\t\t\t<\/div>\n\n\t\t\t\t<\/div>\n\t\t\t<\/div>\n\t\t<\/div>\n\t<\/div>\n<\/div>\n\n<div id=\"row-single-4369\" class=\"vcpg-row-single cl-md-12 \">\n\t<div class=\"vcpg-post-item\">\n\t\t<div class=\"vcpg-row\">\n\t\t\t<div class=\"cl-md-4\">\n\t\t\t\t<div class=\"vcpg-post-photo\">\n\t\t\t\t\t\t\t\t\t\t\t<img decoding=\"async\" class=\"post-img lazyload\" data-src=\"https:\/\/bemypartner.es\/wp-content\/uploads\/2020\/11\/\u00bfHARTO-DE-WEBINARS-DINAMIZA-TUS-EVENTOS-830x420.jpg\" alt=\"\u00bfHarto de webinars? Dinamiza tus eventos\" src=\"data:image\/svg+xml;base64,PHN2ZyB3aWR0aD0iMSIgaGVpZ2h0PSIxIiB4bWxucz0iaHR0cDovL3d3dy53My5vcmcvMjAwMC9zdmciPjwvc3ZnPg==\" style=\"--smush-placeholder-width: 830px; --smush-placeholder-aspect-ratio: 830\/420;\">\n\n\t\t\t\t\t\n\t\t\t\t<\/div>\n\t\t\t<\/div>\n\t\t\t<div class=\"cl-md-8\">\n\t\t\t\t<div class=\"vcpg-post-content\">\n\t\t\t\t\t<div class=\"vcpg-categories\"><a href=\"https:\/\/bemypartner.es\/category\/eventos\/\">Eventos<\/a><a href=\"https:\/\/bemypartner.es\/category\/relaciones-publicas\/\">Relaciones P\u00fablicas<\/a><\/div>\t\t\t\t\t<div class=\"vcpg-post-meta\">\n\t\t\t\t\t\t<div class=\"meta-left\">\n                            <div class=\"grid3-post-author\">\n\t\t\t\t\t\t\t\tby <strong>Bemypartner<\/strong>                            <\/div>\n                            <span class=\"publish-time\"><i class=\"icofont-clock-time\"><\/i> 04 de novembre de 2020<\/span>\n                        <\/div>\n                        <div class=\"meta-right\">\n                            <span class=\"reading-time\"><i class=\"icofont-read-book-alt\"><\/i> 3 min to read<\/span>\n                        <\/div>\n\t\t\t\t\t<\/div>\n\n\t\t\t\t\t<div class=\"vcpg-post-desc\">\n\t\t\t\t\t\t\t\t\t\t\t\t\t<h3 class=\"vcpg-heading\"><a href=\"https:\/\/bemypartner.es\/ca\/harto-de-webinars-dinamiza-tus-eventos\/\">\u00bfHarto de webinars? Dinamiza tus eventos<\/a><\/h3>\n\t\t\t\t\t\t\n\t\t\t\t\t\t\t\t\t\t\t\t\t<p>\n\t\t\t\t\t\t\t\tQuedarse sin convenci\u00f3n o evento no es una opci\u00f3n. Te damos algunas ideas para organizar tus propios eventos online. Reconozc\u00e1moslo, estamos un poco aburridos de webinars. Tenemos muchas ganas de&hellip;<a href=\"https:\/\/bemypartner.es\/ca\/harto-de-webinars-dinamiza-tus-eventos\/\">Llegeix m\u00e9s ><\/a>\n\t\t\t\t\t\t\t<\/p>\n\t\t\t\t\t\t\t\t\t\t\t<\/div>\n\t\t\t\t\t<div class=\"vcpg-post-footer\">\n\t\t\t\t\t\t\t\t\t\t\t\t\t<div class=\"vcpg-post-tags\">\n\t\t\t\t\t\t\t\t<i class=\"icofont-tags\"><\/i>\n\t\t\t\t\t\t\t\t\n\t\t\t\t\t\t\t\t\t\t<div class=\"first-2\"><a href=\"https:\/\/bemypartner.es\/tag\/eventos-corporativos\/\">eventos corporativos<\/a><\/div>\n\n\t\t\t\t\t\t\t\t\n\t\t\t\t\t\t\t\t\t\t<div class=\"first-2\"><a href=\"https:\/\/bemypartner.es\/tag\/eventos-online\/\">eventos online<\/a><\/div>\n\n\t\t\t\t\t\t\t\t\n\t\t\t\t\t\t\t\t\t\t<div class=\"first-2\"><a href=\"https:\/\/bemypartner.es\/tag\/webinars\/\">webinars<\/a><\/div>\n\n\t\t\t\t\t\t\t\t\n\t\t\t\t\t\t\t\t\t\t<div class=\"first-2\"><a href=\"https:\/\/bemypartner.es\/tag\/workshops\/\">workshops<\/a><\/div>\n\n\t\t\t\t\t\t\t\t\n\t\t\t\t\t\t\t\t\n\n\t\t\t\t\t\t\t<\/div>\n\t\t\t\t\t\t\n                        <div class=\"vcpg-footer-right\">\n                            <div class=\"vcpg-comment-wrap\">\n                                <span><i class=\"icofont-comment\"><\/i> 0<\/span>\n                            <\/div>\n\n                            \n<div class=\"vcpg-social-share\">\n\t<a href=\"#\"><i class=\"icofont-share\"><\/i><\/a>\n\t<div class=\"vcpg-social-inner\">\n\t\t<ul>\n\t\t\t<li>\n\t\t\t\t<a target=\"_blank\" data-social=\"facebook\" title=\"Share on Facebook\" href=\"\/\/facebook.com\/sharer.php?u=https:\/\/bemypartner.es\/ca\/harto-de-webinars-dinamiza-tus-eventos\/\">\n\t\t\t\t\t<i class=\"icofont-facebook\"><\/i>\n\t\t\t\t<\/a>\n\t\t\t<\/li>\n\t\t\t<li>\n\t\t\t\t<a target=\"_blank\" data-social=\"pinterest\" title=\"Share on Pinterest\" href=\"\/\/pinterest.com\/pin\/create\/button\/?url=https:\/\/bemypartner.es\/ca\/harto-de-webinars-dinamiza-tus-eventos\/&amp;media=\">\n\t\t\t\t\t<i class=\"icofont-pinterest\"><\/i>\n\t\t\t\t<\/a>\n\t\t\t<\/li>\n\t\t\t<li>\n\t\t\t\t<a target=\"_blank\" data-social=\"twitter\" title=\"Share on Twitter\" href=\"\/\/twitter.com\/share?url=https:\/\/bemypartner.es\/ca\/harto-de-webinars-dinamiza-tus-eventos\/&text=\u00bfHarto de webinars? Dinamiza tus eventos\">\n\t\t\t\t\t<i class=\"icofont-twitter\"><\/i>\n\t\t\t\t<\/a>\n\t\t\t<\/li>\n\t\t<\/ul>\n\t<\/div>\n<\/div>                        <\/div>\n\n\t\t\t\t\t<\/div>\n\n\t\t\t\t<\/div>\n\t\t\t<\/div>\n\t\t<\/div>\n\t<\/div>\n<\/div>\n\n<div id=\"row-single-4360\" class=\"vcpg-row-single cl-md-12 \">\n\t<div class=\"vcpg-post-item\">\n\t\t<div class=\"vcpg-row\">\n\t\t\t<div class=\"cl-md-4\">\n\t\t\t\t<div class=\"vcpg-post-photo\">\n\t\t\t\t\t\t\t\t\t\t\t<img decoding=\"async\" class=\"post-img lazyload\" data-src=\"https:\/\/bemypartner.es\/wp-content\/uploads\/2020\/11\/jametlene-reskp-gM3By71lISE-unsplash-830x420.jpg\" alt=\"C\u00f3mo aumentar la visibilidad de una marca en tiempos de crisis\" src=\"data:image\/svg+xml;base64,PHN2ZyB3aWR0aD0iMSIgaGVpZ2h0PSIxIiB4bWxucz0iaHR0cDovL3d3dy53My5vcmcvMjAwMC9zdmciPjwvc3ZnPg==\" style=\"--smush-placeholder-width: 830px; --smush-placeholder-aspect-ratio: 830\/420;\">\n\n\t\t\t\t\t\n\t\t\t\t<\/div>\n\t\t\t<\/div>\n\t\t\t<div class=\"cl-md-8\">\n\t\t\t\t<div class=\"vcpg-post-content\">\n\t\t\t\t\t<div class=\"vcpg-categories\"><a href=\"https:\/\/bemypartner.es\/category\/agencia-de-comunicacion\/\">Agencia de comunicaci\u00f3n<\/a><a href=\"https:\/\/bemypartner.es\/category\/comunicacion\/\">Comunicaci\u00f3n<\/a><\/div>\t\t\t\t\t<div class=\"vcpg-post-meta\">\n\t\t\t\t\t\t<div class=\"meta-left\">\n                            <div class=\"grid3-post-author\">\n\t\t\t\t\t\t\t\tby <strong>Bemypartner<\/strong>                            <\/div>\n                            <span class=\"publish-time\"><i class=\"icofont-clock-time\"><\/i> 04 de novembre de 2020<\/span>\n                        <\/div>\n                        <div class=\"meta-right\">\n                            <span class=\"reading-time\"><i class=\"icofont-read-book-alt\"><\/i> 4 min to read<\/span>\n                        <\/div>\n\t\t\t\t\t<\/div>\n\n\t\t\t\t\t<div class=\"vcpg-post-desc\">\n\t\t\t\t\t\t\t\t\t\t\t\t\t<h3 class=\"vcpg-heading\"><a href=\"https:\/\/bemypartner.es\/ca\/como-aumentar-visibilidad-de-marca-en-tiempos-de-crisis\/\">C\u00f3mo aumentar la visibilidad de una marca en tiempos de crisis<\/a><\/h3>\n\t\t\t\t\t\t\n\t\t\t\t\t\t\t\t\t\t\t\t\t<p>\n\t\t\t\t\t\t\t\tSi no lo dices t\u00fa, otro lo dir\u00e1 por ti. Esta debe ser tu premisa para no dejar de lado a la comunicaci\u00f3n, incluso en tiempos turbulentos. Existe una leyenda&hellip;<a href=\"https:\/\/bemypartner.es\/ca\/como-aumentar-visibilidad-de-marca-en-tiempos-de-crisis\/\">Llegeix m\u00e9s ><\/a>\n\t\t\t\t\t\t\t<\/p>\n\t\t\t\t\t\t\t\t\t\t\t<\/div>\n\t\t\t\t\t<div class=\"vcpg-post-footer\">\n\t\t\t\t\t\t\t\t\t\t\t\t\t<div class=\"vcpg-post-tags\">\n\t\t\t\t\t\t\t\t<i class=\"icofont-tags\"><\/i>\n\t\t\t\t\t\t\t\t\n\t\t\t\t\t\t\t\t\t\t<div class=\"first-2\"><a href=\"https:\/\/bemypartner.es\/tag\/comunicacion\/\">comunicaci\u00f3n<\/a><\/div>\n\n\t\t\t\t\t\t\t\t\n\t\t\t\t\t\t\t\t\t\t<div class=\"first-2\"><a href=\"https:\/\/bemypartner.es\/tag\/crisis\/\">crisis<\/a><\/div>\n\n\t\t\t\t\t\t\t\t\n\t\t\t\t\t\t\t\t\t\t<div class=\"first-2\"><a href=\"https:\/\/bemypartner.es\/tag\/marca\/\">marca<\/a><\/div>\n\n\t\t\t\t\t\t\t\t\n\t\t\t\t\t\t\t\t\t\t<div class=\"first-2\"><a href=\"https:\/\/bemypartner.es\/tag\/reputacion\/\">reputaci\u00f3n<\/a><\/div>\n\n\t\t\t\t\t\t\t\t\n\t\t\t\t\t\t\t\t\n\n\t\t\t\t\t\t\t<\/div>\n\t\t\t\t\t\t\n                        <div class=\"vcpg-footer-right\">\n                            <div class=\"vcpg-comment-wrap\">\n                                <span><i class=\"icofont-comment\"><\/i> 0<\/span>\n                            <\/div>\n\n                            \n<div class=\"vcpg-social-share\">\n\t<a href=\"#\"><i class=\"icofont-share\"><\/i><\/a>\n\t<div class=\"vcpg-social-inner\">\n\t\t<ul>\n\t\t\t<li>\n\t\t\t\t<a target=\"_blank\" data-social=\"facebook\" title=\"Share on Facebook\" href=\"\/\/facebook.com\/sharer.php?u=https:\/\/bemypartner.es\/ca\/como-aumentar-visibilidad-de-marca-en-tiempos-de-crisis\/\">\n\t\t\t\t\t<i class=\"icofont-facebook\"><\/i>\n\t\t\t\t<\/a>\n\t\t\t<\/li>\n\t\t\t<li>\n\t\t\t\t<a target=\"_blank\" data-social=\"pinterest\" title=\"Share on Pinterest\" href=\"\/\/pinterest.com\/pin\/create\/button\/?url=https:\/\/bemypartner.es\/ca\/como-aumentar-visibilidad-de-marca-en-tiempos-de-crisis\/&amp;media=\">\n\t\t\t\t\t<i class=\"icofont-pinterest\"><\/i>\n\t\t\t\t<\/a>\n\t\t\t<\/li>\n\t\t\t<li>\n\t\t\t\t<a target=\"_blank\" data-social=\"twitter\" title=\"Share on Twitter\" href=\"\/\/twitter.com\/share?url=https:\/\/bemypartner.es\/ca\/como-aumentar-visibilidad-de-marca-en-tiempos-de-crisis\/&text=C\u00f3mo aumentar la visibilidad de una marca en tiempos de crisis\">\n\t\t\t\t\t<i class=\"icofont-twitter\"><\/i>\n\t\t\t\t<\/a>\n\t\t\t<\/li>\n\t\t<\/ul>\n\t<\/div>\n<\/div>                        <\/div>\n\n\t\t\t\t\t<\/div>\n\n\t\t\t\t<\/div>\n\t\t\t<\/div>\n\t\t<\/div>\n\t<\/div>\n<\/div>\n\n<div id=\"row-single-4026\" class=\"vcpg-row-single cl-md-12 \">\n\t<div class=\"vcpg-post-item\">\n\t\t<div class=\"vcpg-row\">\n\t\t\t<div class=\"cl-md-4\">\n\t\t\t\t<div class=\"vcpg-post-photo\">\n\t\t\t\t\t\t\t\t\t\t\t<img decoding=\"async\" class=\"post-img lazyload\" data-src=\"https:\/\/bemypartner.es\/wp-content\/uploads\/2020\/06\/LOS-EVENTOS-H\u00cdBRIDOS-TOMAN-PROTAGONISMO-EN-LA-NUEVA-NORMALIDAD_-830x420.jpg\" alt=\"Los eventos h\u00edbridos toman protagonismo en la nueva normalidad\" src=\"data:image\/svg+xml;base64,PHN2ZyB3aWR0aD0iMSIgaGVpZ2h0PSIxIiB4bWxucz0iaHR0cDovL3d3dy53My5vcmcvMjAwMC9zdmciPjwvc3ZnPg==\" style=\"--smush-placeholder-width: 830px; --smush-placeholder-aspect-ratio: 830\/420;\">\n\n\t\t\t\t\t\n\t\t\t\t<\/div>\n\t\t\t<\/div>\n\t\t\t<div class=\"cl-md-8\">\n\t\t\t\t<div class=\"vcpg-post-content\">\n\t\t\t\t\t<div class=\"vcpg-categories\"><a href=\"https:\/\/bemypartner.es\/ca\/category\/agencia-de-comunicacion-ca\/\">Agencia de comunicaci\u00f3n<\/a><a href=\"https:\/\/bemypartner.es\/ca\/category\/eventos-ca\/\">Eventos<\/a><\/div>\t\t\t\t\t<div class=\"vcpg-post-meta\">\n\t\t\t\t\t\t<div class=\"meta-left\">\n                            <div class=\"grid3-post-author\">\n\t\t\t\t\t\t\t\tby <strong>Bemypartner<\/strong>                            <\/div>\n                            <span class=\"publish-time\"><i class=\"icofont-clock-time\"><\/i> 22 de juny de 2020<\/span>\n                        <\/div>\n                        <div class=\"meta-right\">\n                            <span class=\"reading-time\"><i class=\"icofont-read-book-alt\"><\/i> 4 min to read<\/span>\n                        <\/div>\n\t\t\t\t\t<\/div>\n\n\t\t\t\t\t<div class=\"vcpg-post-desc\">\n\t\t\t\t\t\t\t\t\t\t\t\t\t<h3 class=\"vcpg-heading\"><a href=\"https:\/\/bemypartner.es\/ca\/los-eventos-hibridos-toman-protagonismo-en-la-nueva-normalidad\/\">Los eventos h\u00edbridos toman protagonismo en la nueva normalidad<\/a><\/h3>\n\t\t\t\t\t\t\n\t\t\t\t\t\t\t\t\t\t\t\t\t<p>\n\t\t\t\t\t\t\t\tEn un a\u00f1o que para el sector de los eventos se anunciaba brillante y pr\u00f3spero, el COVID-19 ha supuesto un dur\u00edsimo golpe. Por ello, se ha visto obligado a reinventarse&hellip;<a href=\"https:\/\/bemypartner.es\/ca\/los-eventos-hibridos-toman-protagonismo-en-la-nueva-normalidad\/\">Llegeix m\u00e9s ><\/a>\n\t\t\t\t\t\t\t<\/p>\n\t\t\t\t\t\t\t\t\t\t\t<\/div>\n\t\t\t\t\t<div class=\"vcpg-post-footer\">\n\t\t\t\t\t\t\t\t\t\t\t\t\t<div class=\"vcpg-post-tags\">\n\t\t\t\t\t\t\t\t<i class=\"icofont-tags\"><\/i>\n\t\t\t\t\t\t\t\t\n\t\t\t\t\t\t\t\t\t\t<div class=\"first-2\"><a href=\"https:\/\/bemypartner.es\/ca\/tag\/eventos-mixtos-ca\/\">eventos mixtos<\/a><\/div>\n\n\t\t\t\t\t\t\t\t\n\t\t\t\t\t\t\t\t\t\t<div class=\"first-2\"><a href=\"https:\/\/bemypartner.es\/ca\/tag\/plataformas-digitales-ca\/\">plataformas digitales<\/a><\/div>\n\n\t\t\t\t\t\t\t\t\n\t\t\t\t\t\t\t\t\n\n\t\t\t\t\t\t\t<\/div>\n\t\t\t\t\t\t\n                        <div class=\"vcpg-footer-right\">\n                            <div class=\"vcpg-comment-wrap\">\n                                <span><i class=\"icofont-comment\"><\/i> 0<\/span>\n                            <\/div>\n\n                            \n<div class=\"vcpg-social-share\">\n\t<a href=\"#\"><i class=\"icofont-share\"><\/i><\/a>\n\t<div class=\"vcpg-social-inner\">\n\t\t<ul>\n\t\t\t<li>\n\t\t\t\t<a target=\"_blank\" data-social=\"facebook\" title=\"Share on Facebook\" href=\"\/\/facebook.com\/sharer.php?u=https:\/\/bemypartner.es\/ca\/los-eventos-hibridos-toman-protagonismo-en-la-nueva-normalidad\/\">\n\t\t\t\t\t<i class=\"icofont-facebook\"><\/i>\n\t\t\t\t<\/a>\n\t\t\t<\/li>\n\t\t\t<li>\n\t\t\t\t<a target=\"_blank\" data-social=\"pinterest\" title=\"Share on Pinterest\" href=\"\/\/pinterest.com\/pin\/create\/button\/?url=https:\/\/bemypartner.es\/ca\/los-eventos-hibridos-toman-protagonismo-en-la-nueva-normalidad\/&amp;media=\">\n\t\t\t\t\t<i class=\"icofont-pinterest\"><\/i>\n\t\t\t\t<\/a>\n\t\t\t<\/li>\n\t\t\t<li>\n\t\t\t\t<a target=\"_blank\" data-social=\"twitter\" title=\"Share on Twitter\" href=\"\/\/twitter.com\/share?url=https:\/\/bemypartner.es\/ca\/los-eventos-hibridos-toman-protagonismo-en-la-nueva-normalidad\/&text=Los eventos h\u00edbridos toman protagonismo en la nueva normalidad\">\n\t\t\t\t\t<i class=\"icofont-twitter\"><\/i>\n\t\t\t\t<\/a>\n\t\t\t<\/li>\n\t\t<\/ul>\n\t<\/div>\n<\/div>                        <\/div>\n\n\t\t\t\t\t<\/div>\n\n\t\t\t\t<\/div>\n\t\t\t<\/div>\n\t\t<\/div>\n\t<\/div>\n<\/div>\n\n<div id=\"row-single-4028\" class=\"vcpg-row-single cl-md-12 \">\n\t<div class=\"vcpg-post-item\">\n\t\t<div class=\"vcpg-row\">\n\t\t\t<div class=\"cl-md-4\">\n\t\t\t\t<div class=\"vcpg-post-photo\">\n\t\t\t\t\t\t\t\t\t\t\t<img decoding=\"async\" class=\"post-img lazyload\" data-src=\"https:\/\/bemypartner.es\/wp-content\/uploads\/2020\/06\/POR-QU\u00c9-UNA-EMPRESA-NECESITA-UN-PLAN-DE-COMUNICACI\u00d3N-DE-CRISIS_.jpg\" alt=\"\u00bfPor qu\u00e9 una empresa necesita un plan de comunicaci\u00f3n de crisis?\" src=\"data:image\/svg+xml;base64,PHN2ZyB3aWR0aD0iMSIgaGVpZ2h0PSIxIiB4bWxucz0iaHR0cDovL3d3dy53My5vcmcvMjAwMC9zdmciPjwvc3ZnPg==\" style=\"--smush-placeholder-width: 626px; --smush-placeholder-aspect-ratio: 626\/417;\">\n\n\t\t\t\t\t\n\t\t\t\t<\/div>\n\t\t\t<\/div>\n\t\t\t<div class=\"cl-md-8\">\n\t\t\t\t<div class=\"vcpg-post-content\">\n\t\t\t\t\t<div class=\"vcpg-categories\"><a href=\"https:\/\/bemypartner.es\/ca\/category\/agencia-de-comunicacion-ca\/\">Agencia de comunicaci\u00f3n<\/a><a href=\"https:\/\/bemypartner.es\/ca\/category\/comunicacion-ca\/\">Comunicaci\u00f3n<\/a><\/div>\t\t\t\t\t<div class=\"vcpg-post-meta\">\n\t\t\t\t\t\t<div class=\"meta-left\">\n                            <div class=\"grid3-post-author\">\n\t\t\t\t\t\t\t\tby <strong>Bemypartner<\/strong>                            <\/div>\n                            <span class=\"publish-time\"><i class=\"icofont-clock-time\"><\/i> 09 de juny de 2020<\/span>\n                        <\/div>\n                        <div class=\"meta-right\">\n                            <span class=\"reading-time\"><i class=\"icofont-read-book-alt\"><\/i> 4 min to read<\/span>\n                        <\/div>\n\t\t\t\t\t<\/div>\n\n\t\t\t\t\t<div class=\"vcpg-post-desc\">\n\t\t\t\t\t\t\t\t\t\t\t\t\t<h3 class=\"vcpg-heading\"><a href=\"https:\/\/bemypartner.es\/ca\/por-que-una-empresa-necesita-un-plan-de-comunicacion-de-crisis-4\/\">\u00bfPor qu\u00e9 una empresa necesita un plan de comunicaci\u00f3n de crisis?<\/a><\/h3>\n\t\t\t\t\t\t\n\t\t\t\t\t\t\t\t\t\t\t\t\t<p>\n\t\t\t\t\t\t\t\t\u00bfSabr\u00edas reconocer en una empresa una situaci\u00f3n de crisis de una que no lo es?, \u00bfsabes qu\u00e9 tipo de crisis o en qu\u00e9 escenarios se puede dar una crisis de&hellip;<a href=\"https:\/\/bemypartner.es\/ca\/por-que-una-empresa-necesita-un-plan-de-comunicacion-de-crisis-4\/\">Llegeix m\u00e9s ><\/a>\n\t\t\t\t\t\t\t<\/p>\n\t\t\t\t\t\t\t\t\t\t\t<\/div>\n\t\t\t\t\t<div class=\"vcpg-post-footer\">\n\t\t\t\t\t\t\t\t\t\t\t\t\t<div class=\"vcpg-post-tags\">\n\t\t\t\t\t\t\t\t<i class=\"icofont-tags\"><\/i>\n\t\t\t\t\t\t\t\t\n\t\t\t\t\t\t\t\t\t\t<div class=\"first-2\"><a href=\"https:\/\/bemypartner.es\/ca\/tag\/comunicacion-de-crisis-ca\/\">comunicaci\u00f3n de crisis<\/a><\/div>\n\n\t\t\t\t\t\t\t\t\n\t\t\t\t\t\t\t\t\t\t<div class=\"first-2\"><a href=\"https:\/\/bemypartner.es\/ca\/tag\/comunicacion-de-portavoces-ca\/\">comunicaci\u00f3n de portavoces<\/a><\/div>\n\n\t\t\t\t\t\t\t\t\n\t\t\t\t\t\t\t\t\t\t<div class=\"first-2\"><a href=\"https:\/\/bemypartner.es\/ca\/tag\/crisis-de-reputacion-ca\/\">crisis de reputaci\u00f3n<\/a><\/div>\n\n\t\t\t\t\t\t\t\t\n\t\t\t\t\t\t\t\t\t\t<div class=\"first-2\"><a href=\"https:\/\/bemypartner.es\/ca\/tag\/gestion-de-crisis-ca\/\">gesti\u00f3n de crisis<\/a><\/div>\n\n\t\t\t\t\t\t\t\t\n\t\t\t\t\t\t\t\t\t\t<div class=\"first-2\"><a href=\"https:\/\/bemypartner.es\/ca\/tag\/plan-de-comunicacion-ca\/\">plan de comunicaci\u00f3n<\/a><\/div>\n\n\t\t\t\t\t\t\t\t\n\t\t\t\t\t\t\t\t\n\n\t\t\t\t\t\t\t<\/div>\n\t\t\t\t\t\t\n                        <div class=\"vcpg-footer-right\">\n                            <div class=\"vcpg-comment-wrap\">\n                                <span><i class=\"icofont-comment\"><\/i> 0<\/span>\n                            <\/div>\n\n                            \n<div class=\"vcpg-social-share\">\n\t<a href=\"#\"><i class=\"icofont-share\"><\/i><\/a>\n\t<div class=\"vcpg-social-inner\">\n\t\t<ul>\n\t\t\t<li>\n\t\t\t\t<a target=\"_blank\" data-social=\"facebook\" title=\"Share on Facebook\" href=\"\/\/facebook.com\/sharer.php?u=https:\/\/bemypartner.es\/ca\/por-que-una-empresa-necesita-un-plan-de-comunicacion-de-crisis-4\/\">\n\t\t\t\t\t<i class=\"icofont-facebook\"><\/i>\n\t\t\t\t<\/a>\n\t\t\t<\/li>\n\t\t\t<li>\n\t\t\t\t<a target=\"_blank\" data-social=\"pinterest\" title=\"Share on Pinterest\" href=\"\/\/pinterest.com\/pin\/create\/button\/?url=https:\/\/bemypartner.es\/ca\/por-que-una-empresa-necesita-un-plan-de-comunicacion-de-crisis-4\/&amp;media=\">\n\t\t\t\t\t<i class=\"icofont-pinterest\"><\/i>\n\t\t\t\t<\/a>\n\t\t\t<\/li>\n\t\t\t<li>\n\t\t\t\t<a target=\"_blank\" data-social=\"twitter\" title=\"Share on Twitter\" href=\"\/\/twitter.com\/share?url=https:\/\/bemypartner.es\/ca\/por-que-una-empresa-necesita-un-plan-de-comunicacion-de-crisis-4\/&text=\u00bfPor qu\u00e9 una empresa necesita un plan de comunicaci\u00f3n de crisis?\">\n\t\t\t\t\t<i class=\"icofont-twitter\"><\/i>\n\t\t\t\t<\/a>\n\t\t\t<\/li>\n\t\t<\/ul>\n\t<\/div>\n<\/div>                        <\/div>\n\n\t\t\t\t\t<\/div>\n\n\t\t\t\t<\/div>\n\t\t\t<\/div>\n\t\t<\/div>\n\t<\/div>\n<\/div>\n\n<div id=\"row-single-4030\" class=\"vcpg-row-single cl-md-12 \">\n\t<div class=\"vcpg-post-item\">\n\t\t<div class=\"vcpg-row\">\n\t\t\t<div class=\"cl-md-4\">\n\t\t\t\t<div class=\"vcpg-post-photo\">\n\t\t\t\t\t\t\t\t\t\t\t<img decoding=\"async\" class=\"post-img lazyload\" data-src=\"https:\/\/bemypartner.es\/wp-content\/uploads\/2020\/06\/5-RAZONES-POR-LAS-QUE-TU-NEGOCIO-DEBER\u00cdA-CONTAR-CON-UNA-AGENCIA-DE-PR-830x420.jpg\" alt=\"5 razones por las que tu negocio deber\u00eda contar con una agencia de PR\" src=\"data:image\/svg+xml;base64,PHN2ZyB3aWR0aD0iMSIgaGVpZ2h0PSIxIiB4bWxucz0iaHR0cDovL3d3dy53My5vcmcvMjAwMC9zdmciPjwvc3ZnPg==\" style=\"--smush-placeholder-width: 830px; --smush-placeholder-aspect-ratio: 830\/420;\">\n\n\t\t\t\t\t\n\t\t\t\t<\/div>\n\t\t\t<\/div>\n\t\t\t<div class=\"cl-md-8\">\n\t\t\t\t<div class=\"vcpg-post-content\">\n\t\t\t\t\t<div class=\"vcpg-categories\"><a href=\"https:\/\/bemypartner.es\/ca\/category\/agencia-de-comunicacion-ca\/\">Agencia de comunicaci\u00f3n<\/a><a href=\"https:\/\/bemypartner.es\/ca\/category\/comunicacion-ca\/\">Comunicaci\u00f3n<\/a><\/div>\t\t\t\t\t<div class=\"vcpg-post-meta\">\n\t\t\t\t\t\t<div class=\"meta-left\">\n                            <div class=\"grid3-post-author\">\n\t\t\t\t\t\t\t\tby <strong>Bemypartner<\/strong>                            <\/div>\n                            <span class=\"publish-time\"><i class=\"icofont-clock-time\"><\/i> 04 de juny de 2020<\/span>\n                        <\/div>\n                        <div class=\"meta-right\">\n                            <span class=\"reading-time\"><i class=\"icofont-read-book-alt\"><\/i> 4 min to read<\/span>\n                        <\/div>\n\t\t\t\t\t<\/div>\n\n\t\t\t\t\t<div class=\"vcpg-post-desc\">\n\t\t\t\t\t\t\t\t\t\t\t\t\t<h3 class=\"vcpg-heading\"><a href=\"https:\/\/bemypartner.es\/ca\/5-razones-por-las-que-tu-negocio-deberia-contar-con-una-agencia-de-pr\/\">5 razones por las que tu negocio deber\u00eda contar con una agencia de PR<\/a><\/h3>\n\t\t\t\t\t\t\n\t\t\t\t\t\t\t\t\t\t\t\t\t<p>\n\t\t\t\t\t\t\t\tSi tienes un negocio o trabajas en el mundo empresarial, seguramente muchas veces hayas escuchado hablar de la importancia que tiene la comunicaci\u00f3n para potenciarlo. Probablemente tambi\u00e9n hayas escuchado hablar&hellip;<a href=\"https:\/\/bemypartner.es\/ca\/5-razones-por-las-que-tu-negocio-deberia-contar-con-una-agencia-de-pr\/\">Llegeix m\u00e9s ><\/a>\n\t\t\t\t\t\t\t<\/p>\n\t\t\t\t\t\t\t\t\t\t\t<\/div>\n\t\t\t\t\t<div class=\"vcpg-post-footer\">\n\t\t\t\t\t\t\t\t\t\t\t\t\t<div class=\"vcpg-post-tags\">\n\t\t\t\t\t\t\t\t<i class=\"icofont-tags\"><\/i>\n\t\t\t\t\t\t\t\t\n\t\t\t\t\t\t\t\t\t\t<div class=\"first-2\"><a href=\"https:\/\/bemypartner.es\/ca\/tag\/agencia-de-comunicacion-ca\/\">agencia de comunicaci\u00f3n<\/a><\/div>\n\n\t\t\t\t\t\t\t\t\n\t\t\t\t\t\t\t\t\t\t<div class=\"first-2\"><a href=\"https:\/\/bemypartner.es\/ca\/tag\/agencia-de-pr-ca\/\">agencia de PR<\/a><\/div>\n\n\t\t\t\t\t\t\t\t\n\t\t\t\t\t\t\t\t\t\t<div class=\"first-2\"><a href=\"https:\/\/bemypartner.es\/ca\/tag\/estrategia-de-comunicacion-ca\/\">estrategia de comunicaci\u00f3n<\/a><\/div>\n\n\t\t\t\t\t\t\t\t\n\t\t\t\t\t\t\t\t\t\t<div class=\"first-2\"><a href=\"https:\/\/bemypartner.es\/ca\/tag\/identidad-corporativa-ca\/\">identidad corporativa<\/a><\/div>\n\n\t\t\t\t\t\t\t\t\n\t\t\t\t\t\t\t\t\t\t<div class=\"first-2\"><a href=\"https:\/\/bemypartner.es\/ca\/tag\/reputacion-online-ca\/\">reputaci\u00f3n online<\/a><\/div>\n\n\t\t\t\t\t\t\t\t\n\t\t\t\t\t\t\t\t\n\n\t\t\t\t\t\t\t<\/div>\n\t\t\t\t\t\t\n                        <div class=\"vcpg-footer-right\">\n                            <div class=\"vcpg-comment-wrap\">\n                                <span><i class=\"icofont-comment\"><\/i> 0<\/span>\n                            <\/div>\n\n                            \n<div class=\"vcpg-social-share\">\n\t<a href=\"#\"><i class=\"icofont-share\"><\/i><\/a>\n\t<div class=\"vcpg-social-inner\">\n\t\t<ul>\n\t\t\t<li>\n\t\t\t\t<a target=\"_blank\" data-social=\"facebook\" title=\"Share on Facebook\" href=\"\/\/facebook.com\/sharer.php?u=https:\/\/bemypartner.es\/ca\/5-razones-por-las-que-tu-negocio-deberia-contar-con-una-agencia-de-pr\/\">\n\t\t\t\t\t<i class=\"icofont-facebook\"><\/i>\n\t\t\t\t<\/a>\n\t\t\t<\/li>\n\t\t\t<li>\n\t\t\t\t<a target=\"_blank\" data-social=\"pinterest\" title=\"Share on Pinterest\" href=\"\/\/pinterest.com\/pin\/create\/button\/?url=https:\/\/bemypartner.es\/ca\/5-razones-por-las-que-tu-negocio-deberia-contar-con-una-agencia-de-pr\/&amp;media=\">\n\t\t\t\t\t<i class=\"icofont-pinterest\"><\/i>\n\t\t\t\t<\/a>\n\t\t\t<\/li>\n\t\t\t<li>\n\t\t\t\t<a target=\"_blank\" data-social=\"twitter\" title=\"Share on Twitter\" href=\"\/\/twitter.com\/share?url=https:\/\/bemypartner.es\/ca\/5-razones-por-las-que-tu-negocio-deberia-contar-con-una-agencia-de-pr\/&text=5 razones por las que tu negocio deber\u00eda contar con una agencia de PR\">\n\t\t\t\t\t<i class=\"icofont-twitter\"><\/i>\n\t\t\t\t<\/a>\n\t\t\t<\/li>\n\t\t<\/ul>\n\t<\/div>\n<\/div>                        <\/div>\n\n\t\t\t\t\t<\/div>\n\n\t\t\t\t<\/div>\n\t\t\t<\/div>\n\t\t<\/div>\n\t<\/div>\n<\/div>\n\n<div id=\"row-single-4032\" class=\"vcpg-row-single cl-md-12 \">\n\t<div class=\"vcpg-post-item\">\n\t\t<div class=\"vcpg-row\">\n\t\t\t<div class=\"cl-md-4\">\n\t\t\t\t<div class=\"vcpg-post-photo\">\n\t\t\t\t\t\t\t\t\t\t\t<img decoding=\"async\" class=\"post-img lazyload\" data-src=\"https:\/\/bemypartner.es\/wp-content\/uploads\/2020\/05\/C\u00d3MO-OPTIMIZAR-EL-PERFIL-DE-INSTAGRAM-DE-TU-NEGOCIO-PARA-AUMENTAR-LAS-VENTAS-830x420.jpg\" alt=\"C\u00f3mo optimizar el perfil de Instagram de tu negocio para aumentar las ventas\" src=\"data:image\/svg+xml;base64,PHN2ZyB3aWR0aD0iMSIgaGVpZ2h0PSIxIiB4bWxucz0iaHR0cDovL3d3dy53My5vcmcvMjAwMC9zdmciPjwvc3ZnPg==\" style=\"--smush-placeholder-width: 830px; --smush-placeholder-aspect-ratio: 830\/420;\">\n\n\t\t\t\t\t\n\t\t\t\t<\/div>\n\t\t\t<\/div>\n\t\t\t<div class=\"cl-md-8\">\n\t\t\t\t<div class=\"vcpg-post-content\">\n\t\t\t\t\t<div class=\"vcpg-categories\"><a href=\"https:\/\/bemypartner.es\/ca\/category\/destacadas-ca\/\">Destacadas<\/a><a href=\"https:\/\/bemypartner.es\/ca\/category\/redes-sociales-ca\/\">Redes Sociales<\/a><\/div>\t\t\t\t\t<div class=\"vcpg-post-meta\">\n\t\t\t\t\t\t<div class=\"meta-left\">\n                            <div class=\"grid3-post-author\">\n\t\t\t\t\t\t\t\tby <strong>Bemypartner<\/strong>                            <\/div>\n                            <span class=\"publish-time\"><i class=\"icofont-clock-time\"><\/i> 28 de maig de 2020<\/span>\n                        <\/div>\n                        <div class=\"meta-right\">\n                            <span class=\"reading-time\"><i class=\"icofont-read-book-alt\"><\/i> 5 min to read<\/span>\n                        <\/div>\n\t\t\t\t\t<\/div>\n\n\t\t\t\t\t<div class=\"vcpg-post-desc\">\n\t\t\t\t\t\t\t\t\t\t\t\t\t<h3 class=\"vcpg-heading\"><a href=\"https:\/\/bemypartner.es\/ca\/como-optimizar-el-perfil-de-instagram-de-tu-negocio-para-aumentar-las-ventas\/\">C\u00f3mo optimizar el perfil de Instagram de tu negocio para aumentar las ventas<\/a><\/h3>\n\t\t\t\t\t\t\n\t\t\t\t\t\t\t\t\t\t\t\t\t<p>\n\t\t\t\t\t\t\t\tA ra\u00edz de la crisis provocada por el COVID-19, el mundo digital ha tomado todav\u00eda m\u00e1s importancia en todas las relaciones sociales: comunicaci\u00f3n, ocio, compras, trabajo, etc. Tanto es as\u00ed,&hellip;<a href=\"https:\/\/bemypartner.es\/ca\/como-optimizar-el-perfil-de-instagram-de-tu-negocio-para-aumentar-las-ventas\/\">Llegeix m\u00e9s ><\/a>\n\t\t\t\t\t\t\t<\/p>\n\t\t\t\t\t\t\t\t\t\t\t<\/div>\n\t\t\t\t\t<div class=\"vcpg-post-footer\">\n\t\t\t\t\t\t\t\t\t\t\t\t\t<div class=\"vcpg-post-tags\">\n\t\t\t\t\t\t\t\t<i class=\"icofont-tags\"><\/i>\n\t\t\t\t\t\t\t\t\n\t\t\t\t\t\t\t\t\t\t<div class=\"first-2\"><a href=\"https:\/\/bemypartner.es\/ca\/tag\/agencia-de-comunicacion-ca\/\">agencia de comunicaci\u00f3n<\/a><\/div>\n\n\t\t\t\t\t\t\t\t\n\t\t\t\t\t\t\t\t\t\t<div class=\"first-2\"><a href=\"https:\/\/bemypartner.es\/ca\/tag\/estrategia-ca\/\">estrategia<\/a><\/div>\n\n\t\t\t\t\t\t\t\t\n\t\t\t\t\t\t\t\t\t\t<div class=\"first-2\"><a href=\"https:\/\/bemypartner.es\/ca\/tag\/instagram-ca\/\">Instagram<\/a><\/div>\n\n\t\t\t\t\t\t\t\t\n\t\t\t\t\t\t\t\t\t\t<div class=\"first-2\"><a href=\"https:\/\/bemypartner.es\/ca\/tag\/redes-sociales-ca\/\">Redes Sociales<\/a><\/div>\n\n\t\t\t\t\t\t\t\t\n\t\t\t\t\t\t\t\t\t\t<div class=\"first-2\"><a href=\"https:\/\/bemypartner.es\/ca\/tag\/ventas-ca\/\">ventas<\/a><\/div>\n\n\t\t\t\t\t\t\t\t\n\t\t\t\t\t\t\t\t\n\n\t\t\t\t\t\t\t<\/div>\n\t\t\t\t\t\t\n                        <div class=\"vcpg-footer-right\">\n                            <div class=\"vcpg-comment-wrap\">\n                                <span><i class=\"icofont-comment\"><\/i> 0<\/span>\n                            <\/div>\n\n                            \n<div class=\"vcpg-social-share\">\n\t<a href=\"#\"><i class=\"icofont-share\"><\/i><\/a>\n\t<div class=\"vcpg-social-inner\">\n\t\t<ul>\n\t\t\t<li>\n\t\t\t\t<a target=\"_blank\" data-social=\"facebook\" title=\"Share on Facebook\" href=\"\/\/facebook.com\/sharer.php?u=https:\/\/bemypartner.es\/ca\/como-optimizar-el-perfil-de-instagram-de-tu-negocio-para-aumentar-las-ventas\/\">\n\t\t\t\t\t<i class=\"icofont-facebook\"><\/i>\n\t\t\t\t<\/a>\n\t\t\t<\/li>\n\t\t\t<li>\n\t\t\t\t<a target=\"_blank\" data-social=\"pinterest\" title=\"Share on Pinterest\" href=\"\/\/pinterest.com\/pin\/create\/button\/?url=https:\/\/bemypartner.es\/ca\/como-optimizar-el-perfil-de-instagram-de-tu-negocio-para-aumentar-las-ventas\/&amp;media=\">\n\t\t\t\t\t<i class=\"icofont-pinterest\"><\/i>\n\t\t\t\t<\/a>\n\t\t\t<\/li>\n\t\t\t<li>\n\t\t\t\t<a target=\"_blank\" data-social=\"twitter\" title=\"Share on Twitter\" href=\"\/\/twitter.com\/share?url=https:\/\/bemypartner.es\/ca\/como-optimizar-el-perfil-de-instagram-de-tu-negocio-para-aumentar-las-ventas\/&text=C\u00f3mo optimizar el perfil de Instagram de tu negocio para aumentar las ventas\">\n\t\t\t\t\t<i class=\"icofont-twitter\"><\/i>\n\t\t\t\t<\/a>\n\t\t\t<\/li>\n\t\t<\/ul>\n\t<\/div>\n<\/div>                        <\/div>\n\n\t\t\t\t\t<\/div>\n\n\t\t\t\t<\/div>\n\t\t\t<\/div>\n\t\t<\/div>\n\t<\/div>\n<\/div>\n\n<div id=\"row-single-4034\" class=\"vcpg-row-single cl-md-12 \">\n\t<div class=\"vcpg-post-item\">\n\t\t<div class=\"vcpg-row\">\n\t\t\t<div class=\"cl-md-4\">\n\t\t\t\t<div class=\"vcpg-post-photo\">\n\t\t\t\t\t\t\t\t\t\t\t<img decoding=\"async\" class=\"post-img lazyload\" data-src=\"https:\/\/bemypartner.es\/wp-content\/uploads\/2020\/05\/TRANSFORMACI\u00d3N-DIGITAL_NUEVOS-FORMATOS-DE-COMUNICACI\u00d3N-QUE-HAN-LLEGADO-PARA-QUEDARSE-830x420.jpg\" alt=\"Transformaci\u00f3n digital: Nuevos formatos de comunicaci\u00f3n que han llegado para quedarse\" src=\"data:image\/svg+xml;base64,PHN2ZyB3aWR0aD0iMSIgaGVpZ2h0PSIxIiB4bWxucz0iaHR0cDovL3d3dy53My5vcmcvMjAwMC9zdmciPjwvc3ZnPg==\" style=\"--smush-placeholder-width: 830px; --smush-placeholder-aspect-ratio: 830\/420;\">\n\n\t\t\t\t\t\n\t\t\t\t<\/div>\n\t\t\t<\/div>\n\t\t\t<div class=\"cl-md-8\">\n\t\t\t\t<div class=\"vcpg-post-content\">\n\t\t\t\t\t<div class=\"vcpg-categories\"><a href=\"https:\/\/bemypartner.es\/ca\/category\/comunicacion-ca\/\">Comunicaci\u00f3n<\/a><\/div>\t\t\t\t\t<div class=\"vcpg-post-meta\">\n\t\t\t\t\t\t<div class=\"meta-left\">\n                            <div class=\"grid3-post-author\">\n\t\t\t\t\t\t\t\tby <strong>Bemypartner<\/strong>                            <\/div>\n                            <span class=\"publish-time\"><i class=\"icofont-clock-time\"><\/i> 07 de maig de 2020<\/span>\n                        <\/div>\n                        <div class=\"meta-right\">\n                            <span class=\"reading-time\"><i class=\"icofont-read-book-alt\"><\/i> 5 min to read<\/span>\n                        <\/div>\n\t\t\t\t\t<\/div>\n\n\t\t\t\t\t<div class=\"vcpg-post-desc\">\n\t\t\t\t\t\t\t\t\t\t\t\t\t<h3 class=\"vcpg-heading\"><a href=\"https:\/\/bemypartner.es\/ca\/transformacion-digital-nuevos-formatos-de-comunicacion-que-han-llegado-para-quedarse\/\">Transformaci\u00f3n digital: Nuevos formatos de comunicaci\u00f3n que han llegado para quedarse<\/a><\/h3>\n\t\t\t\t\t\t\n\t\t\t\t\t\t\t\t\t\t\t\t\t<p>\n\t\t\t\t\t\t\t\tLa transformaci\u00f3n que est\u00e1 experimentando hoy el mundo de la comunicaci\u00f3n offline y online es verdaderamente profunda. El impacto del COVID-19 ha obligado a instituciones, entidades, empresas y trabajadores a&hellip;<a href=\"https:\/\/bemypartner.es\/ca\/transformacion-digital-nuevos-formatos-de-comunicacion-que-han-llegado-para-quedarse\/\">Llegeix m\u00e9s ><\/a>\n\t\t\t\t\t\t\t<\/p>\n\t\t\t\t\t\t\t\t\t\t\t<\/div>\n\t\t\t\t\t<div class=\"vcpg-post-footer\">\n\t\t\t\t\t\t\t\t\t\t\t\t\t<div class=\"vcpg-post-tags\">\n\t\t\t\t\t\t\t\t<i class=\"icofont-tags\"><\/i>\n\t\t\t\t\t\t\t\t\n\t\t\t\t\t\t\t\t\t\t<div class=\"first-2\"><a href=\"https:\/\/bemypartner.es\/ca\/tag\/comunicacion-ca\/\">comunicaci\u00f3n<\/a><\/div>\n\n\t\t\t\t\t\t\t\t\n\t\t\t\t\t\t\t\t\t\t<div class=\"first-2\"><a href=\"https:\/\/bemypartner.es\/ca\/tag\/covid-19-ca\/\">Covid-19<\/a><\/div>\n\n\t\t\t\t\t\t\t\t\n\t\t\t\t\t\t\t\t\t\t<div class=\"first-2\"><a href=\"https:\/\/bemypartner.es\/ca\/tag\/eventos-ca\/\">eventos<\/a><\/div>\n\n\t\t\t\t\t\t\t\t\n\t\t\t\t\t\t\t\t\t\t<div class=\"first-2\"><a href=\"https:\/\/bemypartner.es\/ca\/tag\/plataformas-digitales-ca\/\">plataformas digitales<\/a><\/div>\n\n\t\t\t\t\t\t\t\t\n\t\t\t\t\t\t\t\t\t\t<div class=\"first-2\"><a href=\"https:\/\/bemypartner.es\/ca\/tag\/webinars-ca\/\">webinars<\/a><\/div>\n\n\t\t\t\t\t\t\t\t\n\t\t\t\t\t\t\t\t\n\n\t\t\t\t\t\t\t<\/div>\n\t\t\t\t\t\t\n                        <div class=\"vcpg-footer-right\">\n                            <div class=\"vcpg-comment-wrap\">\n                                <span><i class=\"icofont-comment\"><\/i> 0<\/span>\n                            <\/div>\n\n                            \n<div class=\"vcpg-social-share\">\n\t<a href=\"#\"><i class=\"icofont-share\"><\/i><\/a>\n\t<div class=\"vcpg-social-inner\">\n\t\t<ul>\n\t\t\t<li>\n\t\t\t\t<a target=\"_blank\" data-social=\"facebook\" title=\"Share on Facebook\" href=\"\/\/facebook.com\/sharer.php?u=https:\/\/bemypartner.es\/ca\/transformacion-digital-nuevos-formatos-de-comunicacion-que-han-llegado-para-quedarse\/\">\n\t\t\t\t\t<i class=\"icofont-facebook\"><\/i>\n\t\t\t\t<\/a>\n\t\t\t<\/li>\n\t\t\t<li>\n\t\t\t\t<a target=\"_blank\" data-social=\"pinterest\" title=\"Share on Pinterest\" href=\"\/\/pinterest.com\/pin\/create\/button\/?url=https:\/\/bemypartner.es\/ca\/transformacion-digital-nuevos-formatos-de-comunicacion-que-han-llegado-para-quedarse\/&amp;media=\">\n\t\t\t\t\t<i class=\"icofont-pinterest\"><\/i>\n\t\t\t\t<\/a>\n\t\t\t<\/li>\n\t\t\t<li>\n\t\t\t\t<a target=\"_blank\" data-social=\"twitter\" title=\"Share on Twitter\" href=\"\/\/twitter.com\/share?url=https:\/\/bemypartner.es\/ca\/transformacion-digital-nuevos-formatos-de-comunicacion-que-han-llegado-para-quedarse\/&text=Transformaci\u00f3n digital: Nuevos formatos de comunicaci\u00f3n que han llegado para quedarse\">\n\t\t\t\t\t<i class=\"icofont-twitter\"><\/i>\n\t\t\t\t<\/a>\n\t\t\t<\/li>\n\t\t<\/ul>\n\t<\/div>\n<\/div>                        <\/div>\n\n\t\t\t\t\t<\/div>\n\n\t\t\t\t<\/div>\n\t\t\t<\/div>\n\t\t<\/div>\n\t<\/div>\n<\/div>\n\n<div id=\"row-single-4298\" class=\"vcpg-row-single cl-md-12 \">\n\t<div class=\"vcpg-post-item\">\n\t\t<div class=\"vcpg-row\">\n\t\t\t<div class=\"cl-md-4\">\n\t\t\t\t<div class=\"vcpg-post-photo\">\n\t\t\t\t\t\t\t\t\t\t\t<img decoding=\"async\" class=\"post-img lazyload\" data-src=\"https:\/\/bemypartner.es\/wp-content\/uploads\/2020\/03\/10-CLAVES-DE-LA-COMUNICACI\u00d3N-DIGITAL-EN-TIEMPOS-DE-CORONAVIRUS-830x420.jpg\" alt=\"10 claves de la comunicaci\u00f3n digital en tiempos de Coronavirus\" src=\"data:image\/svg+xml;base64,PHN2ZyB3aWR0aD0iMSIgaGVpZ2h0PSIxIiB4bWxucz0iaHR0cDovL3d3dy53My5vcmcvMjAwMC9zdmciPjwvc3ZnPg==\" style=\"--smush-placeholder-width: 830px; --smush-placeholder-aspect-ratio: 830\/420;\">\n\n\t\t\t\t\t\n\t\t\t\t<\/div>\n\t\t\t<\/div>\n\t\t\t<div class=\"cl-md-8\">\n\t\t\t\t<div class=\"vcpg-post-content\">\n\t\t\t\t\t<div class=\"vcpg-categories\"><a href=\"https:\/\/bemypartner.es\/ca\/category\/comunicacion-ca\/\">Comunicaci\u00f3n<\/a><a href=\"https:\/\/bemypartner.es\/ca\/category\/redes-sociales-ca\/\">Redes Sociales<\/a><\/div>\t\t\t\t\t<div class=\"vcpg-post-meta\">\n\t\t\t\t\t\t<div class=\"meta-left\">\n                            <div class=\"grid3-post-author\">\n\t\t\t\t\t\t\t\tby <strong>Bemypartner<\/strong>                            <\/div>\n                            <span class=\"publish-time\"><i class=\"icofont-clock-time\"><\/i> 30 de mar\u00e7 de 2020<\/span>\n                        <\/div>\n                        <div class=\"meta-right\">\n                            <span class=\"reading-time\"><i class=\"icofont-read-book-alt\"><\/i> 1 min to read<\/span>\n                        <\/div>\n\t\t\t\t\t<\/div>\n\n\t\t\t\t\t<div class=\"vcpg-post-desc\">\n\t\t\t\t\t\t\t\t\t\t\t\t\t<h3 class=\"vcpg-heading\"><a href=\"https:\/\/bemypartner.es\/ca\/10-claves-de-la-comunicacion-digital-en-tiempos-de-coronavirus\/\">10 claves de la comunicaci\u00f3n digital en tiempos de Coronavirus<\/a><\/h3>\n\t\t\t\t\t\t\n\t\t\t\t\t\t\t\t\t\t\t\t\t<p>\n\t\t\t\t\t\t\t\t\u00bfC\u00f3mo est\u00e1 afectando el Covid-19 a las estrategias digitales, de Social Media o de marketing de contenidos? \u00bfC\u00f3mo debemos comunicar ante esta situaci\u00f3n de forma correcta? Con la irrupci\u00f3n y&hellip;<a href=\"https:\/\/bemypartner.es\/ca\/10-claves-de-la-comunicacion-digital-en-tiempos-de-coronavirus\/\">Llegeix m\u00e9s ><\/a>\n\t\t\t\t\t\t\t<\/p>\n\t\t\t\t\t\t\t\t\t\t\t<\/div>\n\t\t\t\t\t<div class=\"vcpg-post-footer\">\n\t\t\t\t\t\t\t\t\t\t\t\t\t<div class=\"vcpg-post-tags\">\n\t\t\t\t\t\t\t\t<i class=\"icofont-tags\"><\/i>\n\t\t\t\t\t\t\t\t\n\t\t\t\t\t\t\t\t\t\t<div class=\"first-2\"><a href=\"https:\/\/bemypartner.es\/ca\/tag\/comunicacion-digital-ca\/\">comunicaci\u00f3n digital<\/a><\/div>\n\n\t\t\t\t\t\t\t\t\n\t\t\t\t\t\t\t\t\t\t<div class=\"first-2\"><a href=\"https:\/\/bemypartner.es\/ca\/tag\/coronavirus-ca\/\">Coronavirus<\/a><\/div>\n\n\t\t\t\t\t\t\t\t\n\t\t\t\t\t\t\t\t\t\t<div class=\"first-2\"><a href=\"https:\/\/bemypartner.es\/ca\/tag\/covid-19-ca\/\">Covid-19<\/a><\/div>\n\n\t\t\t\t\t\t\t\t\n\t\t\t\t\t\t\t\t\t\t<div class=\"first-2\"><a href=\"https:\/\/bemypartner.es\/ca\/tag\/crisis-de-comunicacion-ca\/\">crisis de comunicaci\u00f3n<\/a><\/div>\n\n\t\t\t\t\t\t\t\t\n\t\t\t\t\t\t\t\t\t\t<div class=\"first-2\"><a href=\"https:\/\/bemypartner.es\/ca\/tag\/estrategia-digital-ca\/\">estrategia digital<\/a><\/div>\n\n\t\t\t\t\t\t\t\t\n\t\t\t\t\t\t\t\t\t\t<div class=\"first-2\"><a href=\"https:\/\/bemypartner.es\/ca\/tag\/redes-sociales-ca\/\">Redes Sociales<\/a><\/div>\n\n\t\t\t\t\t\t\t\t\n\t\t\t\t\t\t\t\t\n\n\t\t\t\t\t\t\t<\/div>\n\t\t\t\t\t\t\n                        <div class=\"vcpg-footer-right\">\n                            <div class=\"vcpg-comment-wrap\">\n                                <span><i class=\"icofont-comment\"><\/i> 0<\/span>\n                            <\/div>\n\n                            \n<div class=\"vcpg-social-share\">\n\t<a href=\"#\"><i class=\"icofont-share\"><\/i><\/a>\n\t<div class=\"vcpg-social-inner\">\n\t\t<ul>\n\t\t\t<li>\n\t\t\t\t<a target=\"_blank\" data-social=\"facebook\" title=\"Share on Facebook\" href=\"\/\/facebook.com\/sharer.php?u=https:\/\/bemypartner.es\/ca\/10-claves-de-la-comunicacion-digital-en-tiempos-de-coronavirus\/\">\n\t\t\t\t\t<i class=\"icofont-facebook\"><\/i>\n\t\t\t\t<\/a>\n\t\t\t<\/li>\n\t\t\t<li>\n\t\t\t\t<a target=\"_blank\" data-social=\"pinterest\" title=\"Share on Pinterest\" href=\"\/\/pinterest.com\/pin\/create\/button\/?url=https:\/\/bemypartner.es\/ca\/10-claves-de-la-comunicacion-digital-en-tiempos-de-coronavirus\/&amp;media=\">\n\t\t\t\t\t<i class=\"icofont-pinterest\"><\/i>\n\t\t\t\t<\/a>\n\t\t\t<\/li>\n\t\t\t<li>\n\t\t\t\t<a target=\"_blank\" data-social=\"twitter\" title=\"Share on Twitter\" href=\"\/\/twitter.com\/share?url=https:\/\/bemypartner.es\/ca\/10-claves-de-la-comunicacion-digital-en-tiempos-de-coronavirus\/&text=10 claves de la comunicaci\u00f3n digital en tiempos de Coronavirus\">\n\t\t\t\t\t<i class=\"icofont-twitter\"><\/i>\n\t\t\t\t<\/a>\n\t\t\t<\/li>\n\t\t<\/ul>\n\t<\/div>\n<\/div>                        <\/div>\n\n\t\t\t\t\t<\/div>\n\n\t\t\t\t<\/div>\n\t\t\t<\/div>\n\t\t<\/div>\n\t<\/div>\n<\/div>\n\n<div id=\"row-single-4036\" class=\"vcpg-row-single cl-md-12 \">\n\t<div class=\"vcpg-post-item\">\n\t\t<div class=\"vcpg-row\">\n\t\t\t<div class=\"cl-md-4\">\n\t\t\t\t<div class=\"vcpg-post-photo\">\n\t\t\t\t\t\t\t\t\t\t\t<img decoding=\"async\" class=\"post-img lazyload\" data-src=\"https:\/\/bemypartner.es\/wp-content\/uploads\/2018\/11\/Apariciones-blog-nyfgm18s9j3jx63xowhaa4mjuhynvuzvq14vdf8bgo.jpg\" alt=\"Salir en medios de comunicaci\u00f3n: la potente pero desconocida herramienta para el \u00e9xito empresarial\" src=\"data:image\/svg+xml;base64,PHN2ZyB3aWR0aD0iMSIgaGVpZ2h0PSIxIiB4bWxucz0iaHR0cDovL3d3dy53My5vcmcvMjAwMC9zdmciPjwvc3ZnPg==\" style=\"--smush-placeholder-width: 748px; --smush-placeholder-aspect-ratio: 748\/308;\">\n\n\t\t\t\t\t\n\t\t\t\t<\/div>\n\t\t\t<\/div>\n\t\t\t<div class=\"cl-md-8\">\n\t\t\t\t<div class=\"vcpg-post-content\">\n\t\t\t\t\t<div class=\"vcpg-categories\"><a href=\"https:\/\/bemypartner.es\/ca\/category\/agencia-de-comunicacion-ca\/\">Agencia de comunicaci\u00f3n<\/a><\/div>\t\t\t\t\t<div class=\"vcpg-post-meta\">\n\t\t\t\t\t\t<div class=\"meta-left\">\n                            <div class=\"grid3-post-author\">\n\t\t\t\t\t\t\t\tby <strong>Bemypartner<\/strong>                            <\/div>\n                            <span class=\"publish-time\"><i class=\"icofont-clock-time\"><\/i> 01 de novembre de 2018<\/span>\n                        <\/div>\n                        <div class=\"meta-right\">\n                            <span class=\"reading-time\"><i class=\"icofont-read-book-alt\"><\/i> 3 min to read<\/span>\n                        <\/div>\n\t\t\t\t\t<\/div>\n\n\t\t\t\t\t<div class=\"vcpg-post-desc\">\n\t\t\t\t\t\t\t\t\t\t\t\t\t<h3 class=\"vcpg-heading\"><a href=\"https:\/\/bemypartner.es\/ca\/salir-en-medios-de-comunicacion\/\">Salir en medios de comunicaci\u00f3n: la potente pero desconocida herramienta para el \u00e9xito empresarial<\/a><\/h3>\n\t\t\t\t\t\t\n\t\t\t\t\t\t\t\t\t\t\t\t\t<p>\n\t\t\t\t\t\t\t\tHola CEO, vamos a descubrirte por qu\u00e9 salir en medios de comunicaci\u00f3n va a hacer crecer tu compa\u00f1\u00eda \u00bfPara qu\u00e9 me sirve que mi empresa salga en medios de comunicaci\u00f3n?&hellip;<a href=\"https:\/\/bemypartner.es\/ca\/salir-en-medios-de-comunicacion\/\">Llegeix m\u00e9s ><\/a>\n\t\t\t\t\t\t\t<\/p>\n\t\t\t\t\t\t\t\t\t\t\t<\/div>\n\t\t\t\t\t<div class=\"vcpg-post-footer\">\n\t\t\t\t\t\t\n                        <div class=\"vcpg-footer-right\">\n                            <div class=\"vcpg-comment-wrap\">\n                                <span><i class=\"icofont-comment\"><\/i> 0<\/span>\n                            <\/div>\n\n                            \n<div class=\"vcpg-social-share\">\n\t<a href=\"#\"><i class=\"icofont-share\"><\/i><\/a>\n\t<div class=\"vcpg-social-inner\">\n\t\t<ul>\n\t\t\t<li>\n\t\t\t\t<a target=\"_blank\" data-social=\"facebook\" title=\"Share on Facebook\" href=\"\/\/facebook.com\/sharer.php?u=https:\/\/bemypartner.es\/ca\/salir-en-medios-de-comunicacion\/\">\n\t\t\t\t\t<i class=\"icofont-facebook\"><\/i>\n\t\t\t\t<\/a>\n\t\t\t<\/li>\n\t\t\t<li>\n\t\t\t\t<a target=\"_blank\" data-social=\"pinterest\" title=\"Share on Pinterest\" href=\"\/\/pinterest.com\/pin\/create\/button\/?url=https:\/\/bemypartner.es\/ca\/salir-en-medios-de-comunicacion\/&amp;media=\">\n\t\t\t\t\t<i class=\"icofont-pinterest\"><\/i>\n\t\t\t\t<\/a>\n\t\t\t<\/li>\n\t\t\t<li>\n\t\t\t\t<a target=\"_blank\" data-social=\"twitter\" title=\"Share on Twitter\" href=\"\/\/twitter.com\/share?url=https:\/\/bemypartner.es\/ca\/salir-en-medios-de-comunicacion\/&text=Salir en medios de comunicaci\u00f3n: la potente pero desconocida herramienta para el \u00e9xito empresarial\">\n\t\t\t\t\t<i class=\"icofont-twitter\"><\/i>\n\t\t\t\t<\/a>\n\t\t\t<\/li>\n\t\t<\/ul>\n\t<\/div>\n<\/div>                        <\/div>\n\n\t\t\t\t\t<\/div>\n\n\t\t\t\t<\/div>\n\t\t\t<\/div>\n\t\t<\/div>\n\t<\/div>\n<\/div>\n\n<div id=\"row-single-4038\" class=\"vcpg-row-single cl-md-12 \">\n\t<div class=\"vcpg-post-item\">\n\t\t<div class=\"vcpg-row\">\n\t\t\t<div class=\"cl-md-4\">\n\t\t\t\t<div class=\"vcpg-post-photo\">\n\t\t\t\t\t\t\t\t\t\t\t<img decoding=\"async\" class=\"post-img lazyload\" data-src=\"https:\/\/bemypartner.es\/wp-content\/uploads\/2018\/10\/Gesti\u00f3n-de-crisis-1-nxnkqi92umt5pssf5e4tvt8vo13e1bksbz7amzo2rs.jpg\" alt=\"C\u00f3mo preparar la comunicaci\u00f3n de crisis de una empresa\" src=\"data:image\/svg+xml;base64,PHN2ZyB3aWR0aD0iMSIgaGVpZ2h0PSIxIiB4bWxucz0iaHR0cDovL3d3dy53My5vcmcvMjAwMC9zdmciPjwvc3ZnPg==\" style=\"--smush-placeholder-width: 748px; --smush-placeholder-aspect-ratio: 748\/308;\">\n\n\t\t\t\t\t\n\t\t\t\t<\/div>\n\t\t\t<\/div>\n\t\t\t<div class=\"cl-md-8\">\n\t\t\t\t<div class=\"vcpg-post-content\">\n\t\t\t\t\t<div class=\"vcpg-categories\"><a href=\"https:\/\/bemypartner.es\/ca\/category\/comunicacion-ca\/\">Comunicaci\u00f3n<\/a><\/div>\t\t\t\t\t<div class=\"vcpg-post-meta\">\n\t\t\t\t\t\t<div class=\"meta-left\">\n                            <div class=\"grid3-post-author\">\n\t\t\t\t\t\t\t\tby <strong>Bemypartner<\/strong>                            <\/div>\n                            <span class=\"publish-time\"><i class=\"icofont-clock-time\"><\/i> 16 d'octubre de 2018<\/span>\n                        <\/div>\n                        <div class=\"meta-right\">\n                            <span class=\"reading-time\"><i class=\"icofont-read-book-alt\"><\/i> 3 min to read<\/span>\n                        <\/div>\n\t\t\t\t\t<\/div>\n\n\t\t\t\t\t<div class=\"vcpg-post-desc\">\n\t\t\t\t\t\t\t\t\t\t\t\t\t<h3 class=\"vcpg-heading\"><a href=\"https:\/\/bemypartner.es\/ca\/comunicacion-de-crisis-de-una-empresa\/\">C\u00f3mo preparar la comunicaci\u00f3n de crisis de una empresa<\/a><\/h3>\n\t\t\t\t\t\t\n\t\t\t\t\t\t\t\t\t\t\t\t\t<p>\n\t\t\t\t\t\t\t\tUna buena planificaci\u00f3n, definir claramente las funciones y responsabilidades del equipo y elegir bien al portavoz son algunos de los elementos clave que ayudar\u00e1n a cualquier empresa a preparar un&hellip;<a href=\"https:\/\/bemypartner.es\/ca\/comunicacion-de-crisis-de-una-empresa\/\">Llegeix m\u00e9s ><\/a>\n\t\t\t\t\t\t\t<\/p>\n\t\t\t\t\t\t\t\t\t\t\t<\/div>\n\t\t\t\t\t<div class=\"vcpg-post-footer\">\n\t\t\t\t\t\t\t\t\t\t\t\t\t<div class=\"vcpg-post-tags\">\n\t\t\t\t\t\t\t\t<i class=\"icofont-tags\"><\/i>\n\t\t\t\t\t\t\t\t\n\t\t\t\t\t\t\t\t\t\t<div class=\"first-2\"><a href=\"https:\/\/bemypartner.es\/ca\/tag\/comunicacion-de-crisis-ca\/\">comunicaci\u00f3n de crisis<\/a><\/div>\n\n\t\t\t\t\t\t\t\t\n\t\t\t\t\t\t\t\t\t\t<div class=\"first-2\"><a href=\"https:\/\/bemypartner.es\/ca\/tag\/gabinete-de-prensa-ca\/\">gabinete de prensa<\/a><\/div>\n\n\t\t\t\t\t\t\t\t\n\t\t\t\t\t\t\t\t\t\t<div class=\"first-2\"><a href=\"https:\/\/bemypartner.es\/ca\/tag\/gestion-de-crisis-ca\/\">gesti\u00f3n de crisis<\/a><\/div>\n\n\t\t\t\t\t\t\t\t\n\t\t\t\t\t\t\t\t\t\t<div class=\"first-2\"><a href=\"https:\/\/bemypartner.es\/ca\/tag\/notas-de-prensa-ca\/\">Notas de prensa<\/a><\/div>\n\n\t\t\t\t\t\t\t\t\n\t\t\t\t\t\t\t\t\t\t<div class=\"first-2\"><a href=\"https:\/\/bemypartner.es\/ca\/tag\/reputacion-ca\/\">reputaci\u00f3n<\/a><\/div>\n\n\t\t\t\t\t\t\t\t\n\t\t\t\t\t\t\t\t\n\n\t\t\t\t\t\t\t<\/div>\n\t\t\t\t\t\t\n                        <div class=\"vcpg-footer-right\">\n                            <div class=\"vcpg-comment-wrap\">\n                                <span><i class=\"icofont-comment\"><\/i> 0<\/span>\n                            <\/div>\n\n                            \n<div class=\"vcpg-social-share\">\n\t<a href=\"#\"><i class=\"icofont-share\"><\/i><\/a>\n\t<div class=\"vcpg-social-inner\">\n\t\t<ul>\n\t\t\t<li>\n\t\t\t\t<a target=\"_blank\" data-social=\"facebook\" title=\"Share on Facebook\" href=\"\/\/facebook.com\/sharer.php?u=https:\/\/bemypartner.es\/ca\/comunicacion-de-crisis-de-una-empresa\/\">\n\t\t\t\t\t<i class=\"icofont-facebook\"><\/i>\n\t\t\t\t<\/a>\n\t\t\t<\/li>\n\t\t\t<li>\n\t\t\t\t<a target=\"_blank\" data-social=\"pinterest\" title=\"Share on Pinterest\" href=\"\/\/pinterest.com\/pin\/create\/button\/?url=https:\/\/bemypartner.es\/ca\/comunicacion-de-crisis-de-una-empresa\/&amp;media=\">\n\t\t\t\t\t<i class=\"icofont-pinterest\"><\/i>\n\t\t\t\t<\/a>\n\t\t\t<\/li>\n\t\t\t<li>\n\t\t\t\t<a target=\"_blank\" data-social=\"twitter\" title=\"Share on Twitter\" href=\"\/\/twitter.com\/share?url=https:\/\/bemypartner.es\/ca\/comunicacion-de-crisis-de-una-empresa\/&text=C\u00f3mo preparar la comunicaci\u00f3n de crisis de una empresa\">\n\t\t\t\t\t<i class=\"icofont-twitter\"><\/i>\n\t\t\t\t<\/a>\n\t\t\t<\/li>\n\t\t<\/ul>\n\t<\/div>\n<\/div>                        <\/div>\n\n\t\t\t\t\t<\/div>\n\n\t\t\t\t<\/div>\n\t\t\t<\/div>\n\t\t<\/div>\n\t<\/div>\n<\/div>\n\n<div id=\"row-single-4040\" class=\"vcpg-row-single cl-md-12 \">\n\t<div class=\"vcpg-post-item\">\n\t\t<div class=\"vcpg-row\">\n\t\t\t<div class=\"cl-md-4\">\n\t\t\t\t<div class=\"vcpg-post-photo\">\n\t\t\t\t\t\t\t\t\t\t\t<img decoding=\"async\" class=\"post-img lazyload\" data-src=\"https:\/\/bemypartner.es\/wp-content\/uploads\/2018\/09\/6-CLAVES-PARA-ORGANIZAR-UN-EVENTO-EMPRESARIAL-DE-\u00c9XITO.png\" alt=\"6 Claves para organizar un evento empresarial de \u00e9xito\" src=\"data:image\/svg+xml;base64,PHN2ZyB3aWR0aD0iMSIgaGVpZ2h0PSIxIiB4bWxucz0iaHR0cDovL3d3dy53My5vcmcvMjAwMC9zdmciPjwvc3ZnPg==\" style=\"--smush-placeholder-width: 800px; --smush-placeholder-aspect-ratio: 800\/418;\">\n\n\t\t\t\t\t\n\t\t\t\t<\/div>\n\t\t\t<\/div>\n\t\t\t<div class=\"cl-md-8\">\n\t\t\t\t<div class=\"vcpg-post-content\">\n\t\t\t\t\t<div class=\"vcpg-categories\"><a href=\"https:\/\/bemypartner.es\/ca\/category\/destacadas-ca\/\">Destacadas<\/a><a href=\"https:\/\/bemypartner.es\/ca\/category\/relaciones-publicas-ca\/\">Relaciones P\u00fablicas<\/a><\/div>\t\t\t\t\t<div class=\"vcpg-post-meta\">\n\t\t\t\t\t\t<div class=\"meta-left\">\n                            <div class=\"grid3-post-author\">\n\t\t\t\t\t\t\t\tby <strong>Bemypartner<\/strong>                            <\/div>\n                            <span class=\"publish-time\"><i class=\"icofont-clock-time\"><\/i> 28 de setembre de 2018<\/span>\n                        <\/div>\n                        <div class=\"meta-right\">\n                            <span class=\"reading-time\"><i class=\"icofont-read-book-alt\"><\/i> 3 min to read<\/span>\n                        <\/div>\n\t\t\t\t\t<\/div>\n\n\t\t\t\t\t<div class=\"vcpg-post-desc\">\n\t\t\t\t\t\t\t\t\t\t\t\t\t<h3 class=\"vcpg-heading\"><a href=\"https:\/\/bemypartner.es\/ca\/6-claves-para-organizar-un-evento\/\">6 Claves para organizar un evento empresarial de \u00e9xito<\/a><\/h3>\n\t\t\t\t\t\t\n\t\t\t\t\t\t\t\t\t\t\t\t\t<p>\n\t\t\t\t\t\t\t\t\u00bfEst\u00e1s pensando en organizar un evento? Una buena estrategia log\u00edstica previa, un seguimiento constante durante el acontecimiento y un an\u00e1lisis profesional posterior son las bases para organizar un evento 10&hellip;<a href=\"https:\/\/bemypartner.es\/ca\/6-claves-para-organizar-un-evento\/\">Llegeix m\u00e9s ><\/a>\n\t\t\t\t\t\t\t<\/p>\n\t\t\t\t\t\t\t\t\t\t\t<\/div>\n\t\t\t\t\t<div class=\"vcpg-post-footer\">\n\t\t\t\t\t\t\t\t\t\t\t\t\t<div class=\"vcpg-post-tags\">\n\t\t\t\t\t\t\t\t<i class=\"icofont-tags\"><\/i>\n\t\t\t\t\t\t\t\t\n\t\t\t\t\t\t\t\t\t\t<div class=\"first-2\"><a href=\"https:\/\/bemypartner.es\/ca\/tag\/evento-corporativo-ca\/\">evento corporativo<\/a><\/div>\n\n\t\t\t\t\t\t\t\t\n\t\t\t\t\t\t\t\t\t\t<div class=\"first-2\"><a href=\"https:\/\/bemypartner.es\/ca\/tag\/evento-interno-ca\/\">evento interno<\/a><\/div>\n\n\t\t\t\t\t\t\t\t\n\t\t\t\t\t\t\t\t\t\t<div class=\"first-2\"><a href=\"https:\/\/bemypartner.es\/ca\/tag\/eventos-ca\/\">eventos<\/a><\/div>\n\n\t\t\t\t\t\t\t\t\n\t\t\t\t\t\t\t\t\t\t<div class=\"first-2\"><a href=\"https:\/\/bemypartner.es\/ca\/tag\/relaciones-publicas-ca\/\">relaciones p\u00fablicas<\/a><\/div>\n\n\t\t\t\t\t\t\t\t\n\t\t\t\t\t\t\t\t\t\t<div class=\"first-2\"><a href=\"https:\/\/bemypartner.es\/ca\/tag\/rrpp-ca\/\">rrpp<\/a><\/div>\n\n\t\t\t\t\t\t\t\t\n\t\t\t\t\t\t\t\t\n\n\t\t\t\t\t\t\t<\/div>\n\t\t\t\t\t\t\n                        <div class=\"vcpg-footer-right\">\n                            <div class=\"vcpg-comment-wrap\">\n                                <span><i class=\"icofont-comment\"><\/i> 0<\/span>\n                            <\/div>\n\n                            \n<div class=\"vcpg-social-share\">\n\t<a href=\"#\"><i class=\"icofont-share\"><\/i><\/a>\n\t<div class=\"vcpg-social-inner\">\n\t\t<ul>\n\t\t\t<li>\n\t\t\t\t<a target=\"_blank\" data-social=\"facebook\" title=\"Share on Facebook\" href=\"\/\/facebook.com\/sharer.php?u=https:\/\/bemypartner.es\/ca\/6-claves-para-organizar-un-evento\/\">\n\t\t\t\t\t<i class=\"icofont-facebook\"><\/i>\n\t\t\t\t<\/a>\n\t\t\t<\/li>\n\t\t\t<li>\n\t\t\t\t<a target=\"_blank\" data-social=\"pinterest\" title=\"Share on Pinterest\" href=\"\/\/pinterest.com\/pin\/create\/button\/?url=https:\/\/bemypartner.es\/ca\/6-claves-para-organizar-un-evento\/&amp;media=\">\n\t\t\t\t\t<i class=\"icofont-pinterest\"><\/i>\n\t\t\t\t<\/a>\n\t\t\t<\/li>\n\t\t\t<li>\n\t\t\t\t<a target=\"_blank\" data-social=\"twitter\" title=\"Share on Twitter\" href=\"\/\/twitter.com\/share?url=https:\/\/bemypartner.es\/ca\/6-claves-para-organizar-un-evento\/&text=6 Claves para organizar un evento empresarial de \u00e9xito\">\n\t\t\t\t\t<i class=\"icofont-twitter\"><\/i>\n\t\t\t\t<\/a>\n\t\t\t<\/li>\n\t\t<\/ul>\n\t<\/div>\n<\/div>                        <\/div>\n\n\t\t\t\t\t<\/div>\n\n\t\t\t\t<\/div>\n\t\t\t<\/div>\n\t\t<\/div>\n\t<\/div>\n<\/div>\n\n<div id=\"row-single-4042\" class=\"vcpg-row-single cl-md-12 \">\n\t<div class=\"vcpg-post-item\">\n\t\t<div class=\"vcpg-row\">\n\t\t\t<div class=\"cl-md-4\">\n\t\t\t\t<div class=\"vcpg-post-photo\">\n\t\t\t\t\t\t\t\t\t\t\t<img decoding=\"async\" class=\"post-img lazyload\" data-src=\"https:\/\/bemypartner.es\/wp-content\/uploads\/2018\/06\/Comunicaci\u00f3n-crisis-odkzwid4x2m5pm4wqarjxzktoblrw6gfis4z7btjig.jpg\" alt=\"Por qu\u00e9 la \u2018Golden Hour\u2019 es clave en una situaci\u00f3n de crisis\" src=\"data:image\/svg+xml;base64,PHN2ZyB3aWR0aD0iMSIgaGVpZ2h0PSIxIiB4bWxucz0iaHR0cDovL3d3dy53My5vcmcvMjAwMC9zdmciPjwvc3ZnPg==\" style=\"--smush-placeholder-width: 748px; --smush-placeholder-aspect-ratio: 748\/308;\">\n\n\t\t\t\t\t\n\t\t\t\t<\/div>\n\t\t\t<\/div>\n\t\t\t<div class=\"cl-md-8\">\n\t\t\t\t<div class=\"vcpg-post-content\">\n\t\t\t\t\t<div class=\"vcpg-categories\"><a href=\"https:\/\/bemypartner.es\/ca\/category\/agencia-de-comunicacion-ca\/\">Agencia de comunicaci\u00f3n<\/a><a href=\"https:\/\/bemypartner.es\/ca\/category\/destacadas-ca\/\">Destacadas<\/a><\/div>\t\t\t\t\t<div class=\"vcpg-post-meta\">\n\t\t\t\t\t\t<div class=\"meta-left\">\n                            <div class=\"grid3-post-author\">\n\t\t\t\t\t\t\t\tby <strong>Bemypartner<\/strong>                            <\/div>\n                            <span class=\"publish-time\"><i class=\"icofont-clock-time\"><\/i> 07 de juny de 2018<\/span>\n                        <\/div>\n                        <div class=\"meta-right\">\n                            <span class=\"reading-time\"><i class=\"icofont-read-book-alt\"><\/i> 2 min to read<\/span>\n                        <\/div>\n\t\t\t\t\t<\/div>\n\n\t\t\t\t\t<div class=\"vcpg-post-desc\">\n\t\t\t\t\t\t\t\t\t\t\t\t\t<h3 class=\"vcpg-heading\"><a href=\"https:\/\/bemypartner.es\/ca\/la-golden-hour-clave-comunicacion-crisis\/\">Por qu\u00e9 la \u2018Golden Hour\u2019 es clave en una situaci\u00f3n de crisis<\/a><\/h3>\n\t\t\t\t\t\t\n\t\t\t\t\t\t\t\t\t\t\t\t\t<p>\n\t\t\t\t\t\t\t\tDurante los 60 primeros minutos de una crisis puedes salvar o hundir la reputaci\u00f3n de tu empresa Acaba de estallar una crisis de comunicaci\u00f3n. Los nervios se apoderan de nosotros,&hellip;<a href=\"https:\/\/bemypartner.es\/ca\/la-golden-hour-clave-comunicacion-crisis\/\">Llegeix m\u00e9s ><\/a>\n\t\t\t\t\t\t\t<\/p>\n\t\t\t\t\t\t\t\t\t\t\t<\/div>\n\t\t\t\t\t<div class=\"vcpg-post-footer\">\n\t\t\t\t\t\t\t\t\t\t\t\t\t<div class=\"vcpg-post-tags\">\n\t\t\t\t\t\t\t\t<i class=\"icofont-tags\"><\/i>\n\t\t\t\t\t\t\t\t\n\t\t\t\t\t\t\t\t\t\t<div class=\"first-2\"><a href=\"https:\/\/bemypartner.es\/ca\/tag\/comunicacion-corporativa-ca\/\">comunicaci\u00f3n corporativa<\/a><\/div>\n\n\t\t\t\t\t\t\t\t\n\t\t\t\t\t\t\t\t\t\t<div class=\"first-2\"><a href=\"https:\/\/bemypartner.es\/ca\/tag\/comunicacion-de-crisis-ca\/\">comunicaci\u00f3n de crisis<\/a><\/div>\n\n\t\t\t\t\t\t\t\t\n\t\t\t\t\t\t\t\t\t\t<div class=\"first-2\"><a href=\"https:\/\/bemypartner.es\/ca\/tag\/reputacion-ca\/\">reputaci\u00f3n<\/a><\/div>\n\n\t\t\t\t\t\t\t\t\n\t\t\t\t\t\t\t\t\n\n\t\t\t\t\t\t\t<\/div>\n\t\t\t\t\t\t\n                        <div class=\"vcpg-footer-right\">\n                            <div class=\"vcpg-comment-wrap\">\n                                <span><i class=\"icofont-comment\"><\/i> 0<\/span>\n                            <\/div>\n\n                            \n<div class=\"vcpg-social-share\">\n\t<a href=\"#\"><i class=\"icofont-share\"><\/i><\/a>\n\t<div class=\"vcpg-social-inner\">\n\t\t<ul>\n\t\t\t<li>\n\t\t\t\t<a target=\"_blank\" data-social=\"facebook\" title=\"Share on Facebook\" href=\"\/\/facebook.com\/sharer.php?u=https:\/\/bemypartner.es\/ca\/la-golden-hour-clave-comunicacion-crisis\/\">\n\t\t\t\t\t<i class=\"icofont-facebook\"><\/i>\n\t\t\t\t<\/a>\n\t\t\t<\/li>\n\t\t\t<li>\n\t\t\t\t<a target=\"_blank\" data-social=\"pinterest\" title=\"Share on Pinterest\" href=\"\/\/pinterest.com\/pin\/create\/button\/?url=https:\/\/bemypartner.es\/ca\/la-golden-hour-clave-comunicacion-crisis\/&amp;media=\">\n\t\t\t\t\t<i class=\"icofont-pinterest\"><\/i>\n\t\t\t\t<\/a>\n\t\t\t<\/li>\n\t\t\t<li>\n\t\t\t\t<a target=\"_blank\" data-social=\"twitter\" title=\"Share on Twitter\" href=\"\/\/twitter.com\/share?url=https:\/\/bemypartner.es\/ca\/la-golden-hour-clave-comunicacion-crisis\/&text=Por qu\u00e9 la \u2018Golden Hour\u2019 es clave en una situaci\u00f3n de crisis\">\n\t\t\t\t\t<i class=\"icofont-twitter\"><\/i>\n\t\t\t\t<\/a>\n\t\t\t<\/li>\n\t\t<\/ul>\n\t<\/div>\n<\/div>                        <\/div>\n\n\t\t\t\t\t<\/div>\n\n\t\t\t\t<\/div>\n\t\t\t<\/div>\n\t\t<\/div>\n\t<\/div>\n<\/div>\n\n<div id=\"row-single-4044\" class=\"vcpg-row-single cl-md-12 \">\n\t<div class=\"vcpg-post-item\">\n\t\t<div class=\"vcpg-row\">\n\t\t\t<div class=\"cl-md-4\">\n\t\t\t\t<div class=\"vcpg-post-photo\">\n\t\t\t\t\t\t\t\t\t\t\t<img decoding=\"async\" class=\"post-img lazyload\" data-src=\"https:\/\/bemypartner.es\/wp-content\/uploads\/2018\/04\/Comunicaci\u00f3n-interna-nozwmu7mrhrcjqgbo5xsxjjqwdftf8m5bfxzrxbf9k.jpg\" alt=\"La comunicaci\u00f3n interna es clave para involucrar al empleado\" src=\"data:image\/svg+xml;base64,PHN2ZyB3aWR0aD0iMSIgaGVpZ2h0PSIxIiB4bWxucz0iaHR0cDovL3d3dy53My5vcmcvMjAwMC9zdmciPjwvc3ZnPg==\" style=\"--smush-placeholder-width: 748px; --smush-placeholder-aspect-ratio: 748\/308;\">\n\n\t\t\t\t\t\n\t\t\t\t<\/div>\n\t\t\t<\/div>\n\t\t\t<div class=\"cl-md-8\">\n\t\t\t\t<div class=\"vcpg-post-content\">\n\t\t\t\t\t<div class=\"vcpg-categories\"><a href=\"https:\/\/bemypartner.es\/ca\/category\/comunicacion-ca\/\">Comunicaci\u00f3n<\/a><\/div>\t\t\t\t\t<div class=\"vcpg-post-meta\">\n\t\t\t\t\t\t<div class=\"meta-left\">\n                            <div class=\"grid3-post-author\">\n\t\t\t\t\t\t\t\tby <strong>Bemypartner<\/strong>                            <\/div>\n                            <span class=\"publish-time\"><i class=\"icofont-clock-time\"><\/i> 25 d'abril de 2018<\/span>\n                        <\/div>\n                        <div class=\"meta-right\">\n                            <span class=\"reading-time\"><i class=\"icofont-read-book-alt\"><\/i> 3 min to read<\/span>\n                        <\/div>\n\t\t\t\t\t<\/div>\n\n\t\t\t\t\t<div class=\"vcpg-post-desc\">\n\t\t\t\t\t\t\t\t\t\t\t\t\t<h3 class=\"vcpg-heading\"><a href=\"https:\/\/bemypartner.es\/ca\/la-comunicacion-interna-es-clave-para-involucrar-al-empleado\/\">La comunicaci\u00f3n interna es clave para involucrar al empleado<\/a><\/h3>\n\t\t\t\t\t\t\n\t\t\t\t\t\t\t\t\t\t\t\t\t<p>\n\t\t\t\t\t\t\t\tEl talento humano es el verdadero motor para cualquier empresa No existen empresas sin empleados, ni comunicaci\u00f3n sin personas. Vivimos inmersos en un mundo que gira alrededor de la informaci\u00f3n.&hellip;<a href=\"https:\/\/bemypartner.es\/ca\/la-comunicacion-interna-es-clave-para-involucrar-al-empleado\/\">Llegeix m\u00e9s ><\/a>\n\t\t\t\t\t\t\t<\/p>\n\t\t\t\t\t\t\t\t\t\t\t<\/div>\n\t\t\t\t\t<div class=\"vcpg-post-footer\">\n\t\t\t\t\t\t\t\t\t\t\t\t\t<div class=\"vcpg-post-tags\">\n\t\t\t\t\t\t\t\t<i class=\"icofont-tags\"><\/i>\n\t\t\t\t\t\t\t\t\n\t\t\t\t\t\t\t\t\t\t<div class=\"first-2\"><a href=\"https:\/\/bemypartner.es\/ca\/tag\/comunicacion-ca\/\">comunicaci\u00f3n<\/a><\/div>\n\n\t\t\t\t\t\t\t\t\n\t\t\t\t\t\t\t\t\t\t<div class=\"first-2\"><a href=\"https:\/\/bemypartner.es\/ca\/tag\/comunicacion-interna-ca\/\">Comunicaci\u00f3n Interna<\/a><\/div>\n\n\t\t\t\t\t\t\t\t\n\t\t\t\t\t\t\t\t\t\t<div class=\"first-2\"><a href=\"https:\/\/bemypartner.es\/ca\/tag\/gestion-comunicacion-ca\/\">gesti\u00f3n comunicaci\u00f3n<\/a><\/div>\n\n\t\t\t\t\t\t\t\t\n\t\t\t\t\t\t\t\t\n\n\t\t\t\t\t\t\t<\/div>\n\t\t\t\t\t\t\n                        <div class=\"vcpg-footer-right\">\n                            <div class=\"vcpg-comment-wrap\">\n                                <span><i class=\"icofont-comment\"><\/i> 0<\/span>\n                            <\/div>\n\n                            \n<div class=\"vcpg-social-share\">\n\t<a href=\"#\"><i class=\"icofont-share\"><\/i><\/a>\n\t<div class=\"vcpg-social-inner\">\n\t\t<ul>\n\t\t\t<li>\n\t\t\t\t<a target=\"_blank\" data-social=\"facebook\" title=\"Share on Facebook\" href=\"\/\/facebook.com\/sharer.php?u=https:\/\/bemypartner.es\/ca\/la-comunicacion-interna-es-clave-para-involucrar-al-empleado\/\">\n\t\t\t\t\t<i class=\"icofont-facebook\"><\/i>\n\t\t\t\t<\/a>\n\t\t\t<\/li>\n\t\t\t<li>\n\t\t\t\t<a target=\"_blank\" data-social=\"pinterest\" title=\"Share on Pinterest\" href=\"\/\/pinterest.com\/pin\/create\/button\/?url=https:\/\/bemypartner.es\/ca\/la-comunicacion-interna-es-clave-para-involucrar-al-empleado\/&amp;media=\">\n\t\t\t\t\t<i class=\"icofont-pinterest\"><\/i>\n\t\t\t\t<\/a>\n\t\t\t<\/li>\n\t\t\t<li>\n\t\t\t\t<a target=\"_blank\" data-social=\"twitter\" title=\"Share on Twitter\" href=\"\/\/twitter.com\/share?url=https:\/\/bemypartner.es\/ca\/la-comunicacion-interna-es-clave-para-involucrar-al-empleado\/&text=La comunicaci\u00f3n interna es clave para involucrar al empleado\">\n\t\t\t\t\t<i class=\"icofont-twitter\"><\/i>\n\t\t\t\t<\/a>\n\t\t\t<\/li>\n\t\t<\/ul>\n\t<\/div>\n<\/div>                        <\/div>\n\n\t\t\t\t\t<\/div>\n\n\t\t\t\t<\/div>\n\t\t\t<\/div>\n\t\t<\/div>\n\t<\/div>\n<\/div>\n\n<div id=\"row-single-4046\" class=\"vcpg-row-single cl-md-12 \">\n\t<div class=\"vcpg-post-item\">\n\t\t<div class=\"vcpg-row\">\n\t\t\t<div class=\"cl-md-4\">\n\t\t\t\t<div class=\"vcpg-post-photo\">\n\t\t\t\t\t\t\t\t\t\t\t<img decoding=\"async\" class=\"post-img lazyload\" data-src=\"https:\/\/bemypartner.es\/wp-content\/uploads\/2018\/01\/POR-QU\u00c9-LAS-EMPRESAS-B2B-NECESITAN-UNA-VISI\u00d3N-ESTRATEGICA-DE-LA-COMUNICACI\u00d3N-830x420.jpg\" alt=\"\u00bfPor qu\u00e9 las empresas B2B tambi\u00e9n necesitan una gesti\u00f3n estrat\u00e9gica de la comunicaci\u00f3n?\" src=\"data:image\/svg+xml;base64,PHN2ZyB3aWR0aD0iMSIgaGVpZ2h0PSIxIiB4bWxucz0iaHR0cDovL3d3dy53My5vcmcvMjAwMC9zdmciPjwvc3ZnPg==\" style=\"--smush-placeholder-width: 830px; --smush-placeholder-aspect-ratio: 830\/420;\">\n\n\t\t\t\t\t\n\t\t\t\t<\/div>\n\t\t\t<\/div>\n\t\t\t<div class=\"cl-md-8\">\n\t\t\t\t<div class=\"vcpg-post-content\">\n\t\t\t\t\t<div class=\"vcpg-categories\"><a href=\"https:\/\/bemypartner.es\/ca\/category\/agencia-de-comunicacion-ca\/\">Agencia de comunicaci\u00f3n<\/a><a href=\"https:\/\/bemypartner.es\/ca\/category\/comunicacion-ca\/\">Comunicaci\u00f3n<\/a><\/div>\t\t\t\t\t<div class=\"vcpg-post-meta\">\n\t\t\t\t\t\t<div class=\"meta-left\">\n                            <div class=\"grid3-post-author\">\n\t\t\t\t\t\t\t\tby <strong>Bemypartner<\/strong>                            <\/div>\n                            <span class=\"publish-time\"><i class=\"icofont-clock-time\"><\/i> 10 de gener de 2018<\/span>\n                        <\/div>\n                        <div class=\"meta-right\">\n                            <span class=\"reading-time\"><i class=\"icofont-read-book-alt\"><\/i> 4 min to read<\/span>\n                        <\/div>\n\t\t\t\t\t<\/div>\n\n\t\t\t\t\t<div class=\"vcpg-post-desc\">\n\t\t\t\t\t\t\t\t\t\t\t\t\t<h3 class=\"vcpg-heading\"><a href=\"https:\/\/bemypartner.es\/ca\/las-empresas-b2b-tambien-necesitan-una-gestion-estrategica-la-comunicacion\/\">\u00bfPor qu\u00e9 las empresas B2B tambi\u00e9n necesitan una gesti\u00f3n estrat\u00e9gica de la comunicaci\u00f3n?<\/a><\/h3>\n\t\t\t\t\t\t\n\t\t\t\t\t\t\t\t\t\t\t\t\t<p>\n\t\t\t\t\t\t\t\t10 razones para apostar por la comunicaci\u00f3n como una herramienta de negocio Las empresas B2B (Business to Business), cuyos clientes son otras empresas y no el consumidor final, a menudo&hellip;<a href=\"https:\/\/bemypartner.es\/ca\/las-empresas-b2b-tambien-necesitan-una-gestion-estrategica-la-comunicacion\/\">Llegeix m\u00e9s ><\/a>\n\t\t\t\t\t\t\t<\/p>\n\t\t\t\t\t\t\t\t\t\t\t<\/div>\n\t\t\t\t\t<div class=\"vcpg-post-footer\">\n\t\t\t\t\t\t\t\t\t\t\t\t\t<div class=\"vcpg-post-tags\">\n\t\t\t\t\t\t\t\t<i class=\"icofont-tags\"><\/i>\n\t\t\t\t\t\t\t\t\n\t\t\t\t\t\t\t\t\t\t<div class=\"first-2\"><a href=\"https:\/\/bemypartner.es\/ca\/tag\/b2b-ca\/\">B2B<\/a><\/div>\n\n\t\t\t\t\t\t\t\t\n\t\t\t\t\t\t\t\t\t\t<div class=\"first-2\"><a href=\"https:\/\/bemypartner.es\/ca\/tag\/comunicacion-ca\/\">comunicaci\u00f3n<\/a><\/div>\n\n\t\t\t\t\t\t\t\t\n\t\t\t\t\t\t\t\t\t\t<div class=\"first-2\"><a href=\"https:\/\/bemypartner.es\/ca\/tag\/comunicacion-b2b-ca\/\">comunicaci\u00f3n B2B<\/a><\/div>\n\n\t\t\t\t\t\t\t\t\n\t\t\t\t\t\t\t\t\t\t<div class=\"first-2\"><a href=\"https:\/\/bemypartner.es\/ca\/tag\/comunicacion-estrategica-ca\/\">comunicaci\u00f3n estrat\u00e9gica<\/a><\/div>\n\n\t\t\t\t\t\t\t\t\n\t\t\t\t\t\t\t\t\t\t<div class=\"first-2\"><a href=\"https:\/\/bemypartner.es\/ca\/tag\/estrategia-ca\/\">estrategia<\/a><\/div>\n\n\t\t\t\t\t\t\t\t\n\t\t\t\t\t\t\t\t\t\t<div class=\"first-2\"><a href=\"https:\/\/bemypartner.es\/ca\/tag\/fidelizacion-ca\/\">fidelizaci\u00f3n<\/a><\/div>\n\n\t\t\t\t\t\t\t\t\n\t\t\t\t\t\t\t\t\t\t<div class=\"first-2\"><a href=\"https:\/\/bemypartner.es\/ca\/tag\/gestion-de-la-comunicacion-ca\/\">gesti\u00f3n de la comunicaci\u00f3n<\/a><\/div>\n\n\t\t\t\t\t\t\t\t\n\t\t\t\t\t\t\t\t\t\t<div class=\"first-2\"><a href=\"https:\/\/bemypartner.es\/ca\/tag\/notoriedad-ca\/\">notoriedad<\/a><\/div>\n\n\t\t\t\t\t\t\t\t\n\t\t\t\t\t\t\t\t\t\t<div class=\"first-2\"><a href=\"https:\/\/bemypartner.es\/ca\/tag\/reputacion-ca\/\">reputaci\u00f3n<\/a><\/div>\n\n\t\t\t\t\t\t\t\t\n\t\t\t\t\t\t\t\t\n\n\t\t\t\t\t\t\t<\/div>\n\t\t\t\t\t\t\n                        <div class=\"vcpg-footer-right\">\n                            <div class=\"vcpg-comment-wrap\">\n                                <span><i class=\"icofont-comment\"><\/i> 0<\/span>\n                            <\/div>\n\n                            \n<div class=\"vcpg-social-share\">\n\t<a href=\"#\"><i class=\"icofont-share\"><\/i><\/a>\n\t<div class=\"vcpg-social-inner\">\n\t\t<ul>\n\t\t\t<li>\n\t\t\t\t<a target=\"_blank\" data-social=\"facebook\" title=\"Share on Facebook\" href=\"\/\/facebook.com\/sharer.php?u=https:\/\/bemypartner.es\/ca\/las-empresas-b2b-tambien-necesitan-una-gestion-estrategica-la-comunicacion\/\">\n\t\t\t\t\t<i class=\"icofont-facebook\"><\/i>\n\t\t\t\t<\/a>\n\t\t\t<\/li>\n\t\t\t<li>\n\t\t\t\t<a target=\"_blank\" data-social=\"pinterest\" title=\"Share on Pinterest\" href=\"\/\/pinterest.com\/pin\/create\/button\/?url=https:\/\/bemypartner.es\/ca\/las-empresas-b2b-tambien-necesitan-una-gestion-estrategica-la-comunicacion\/&amp;media=\">\n\t\t\t\t\t<i class=\"icofont-pinterest\"><\/i>\n\t\t\t\t<\/a>\n\t\t\t<\/li>\n\t\t\t<li>\n\t\t\t\t<a target=\"_blank\" data-social=\"twitter\" title=\"Share on Twitter\" href=\"\/\/twitter.com\/share?url=https:\/\/bemypartner.es\/ca\/las-empresas-b2b-tambien-necesitan-una-gestion-estrategica-la-comunicacion\/&text=\u00bfPor qu\u00e9 las empresas B2B tambi\u00e9n necesitan una gesti\u00f3n estrat\u00e9gica de la comunicaci\u00f3n?\">\n\t\t\t\t\t<i class=\"icofont-twitter\"><\/i>\n\t\t\t\t<\/a>\n\t\t\t<\/li>\n\t\t<\/ul>\n\t<\/div>\n<\/div>                        <\/div>\n\n\t\t\t\t\t<\/div>\n\n\t\t\t\t<\/div>\n\t\t\t<\/div>\n\t\t<\/div>\n\t<\/div>\n<\/div>\n\n<div id=\"row-single-4048\" class=\"vcpg-row-single cl-md-12 \">\n\t<div class=\"vcpg-post-item\">\n\t\t<div class=\"vcpg-row\">\n\t\t\t<div class=\"cl-md-4\">\n\t\t\t\t<div class=\"vcpg-post-photo\">\n\t\t\t\t\t\t\t\t\t\t\t<img decoding=\"async\" class=\"post-img lazyload\" data-src=\"https:\/\/bemypartner.es\/wp-content\/uploads\/2017\/12\/blog-ef-nkk36z0ub4sufhfbkqfjrj1vpsm2c7813hj20hxseg.jpg\" alt=\"El blog de nuestro cliente Eurofragance, entre los 50 mejores blogs sobre perfumes seg\u00fan Feedspot\" src=\"data:image\/svg+xml;base64,PHN2ZyB3aWR0aD0iMSIgaGVpZ2h0PSIxIiB4bWxucz0iaHR0cDovL3d3dy53My5vcmcvMjAwMC9zdmciPjwvc3ZnPg==\" style=\"--smush-placeholder-width: 748px; --smush-placeholder-aspect-ratio: 748\/308;\">\n\n\t\t\t\t\t\n\t\t\t\t<\/div>\n\t\t\t<\/div>\n\t\t\t<div class=\"cl-md-8\">\n\t\t\t\t<div class=\"vcpg-post-content\">\n\t\t\t\t\t<div class=\"vcpg-categories\"><a href=\"https:\/\/bemypartner.es\/ca\/category\/agencia-de-comunicacion-ca\/\">Agencia de comunicaci\u00f3n<\/a><a href=\"https:\/\/bemypartner.es\/ca\/category\/comunicacion-ca\/\">Comunicaci\u00f3n<\/a><a href=\"https:\/\/bemypartner.es\/ca\/category\/redes-sociales-ca\/\">Redes Sociales<\/a><\/div>\t\t\t\t\t<div class=\"vcpg-post-meta\">\n\t\t\t\t\t\t<div class=\"meta-left\">\n                            <div class=\"grid3-post-author\">\n\t\t\t\t\t\t\t\tby <strong>Bemypartner<\/strong>                            <\/div>\n                            <span class=\"publish-time\"><i class=\"icofont-clock-time\"><\/i> 18 de desembre de 2017<\/span>\n                        <\/div>\n                        <div class=\"meta-right\">\n                            <span class=\"reading-time\"><i class=\"icofont-read-book-alt\"><\/i> 2 min to read<\/span>\n                        <\/div>\n\t\t\t\t\t<\/div>\n\n\t\t\t\t\t<div class=\"vcpg-post-desc\">\n\t\t\t\t\t\t\t\t\t\t\t\t\t<h3 class=\"vcpg-heading\"><a href=\"https:\/\/bemypartner.es\/ca\/blog-cliente-eurofragance-los-50-mejores-blogs-perfumes-segun-feedspot\/\">El blog de nuestro cliente Eurofragance, entre los 50 mejores blogs sobre perfumes seg\u00fan Feedspot<\/a><\/h3>\n\t\t\t\t\t\t\n\t\t\t\t\t\t\t\t\t\t\t\t\t<p>\n\t\t\t\t\t\t\t\tEl blogging es hoy tan importante como las notas de prensa, genera notoriedad y\u00a0 mejora el SEO de los canales digitales de la marca La gesti\u00f3n de la comunicaci\u00f3n de&hellip;<a href=\"https:\/\/bemypartner.es\/ca\/blog-cliente-eurofragance-los-50-mejores-blogs-perfumes-segun-feedspot\/\">Llegeix m\u00e9s ><\/a>\n\t\t\t\t\t\t\t<\/p>\n\t\t\t\t\t\t\t\t\t\t\t<\/div>\n\t\t\t\t\t<div class=\"vcpg-post-footer\">\n\t\t\t\t\t\t\t\t\t\t\t\t\t<div class=\"vcpg-post-tags\">\n\t\t\t\t\t\t\t\t<i class=\"icofont-tags\"><\/i>\n\t\t\t\t\t\t\t\t\n\t\t\t\t\t\t\t\t\t\t<div class=\"first-2\"><a href=\"https:\/\/bemypartner.es\/ca\/tag\/blog-ca\/\">blog<\/a><\/div>\n\n\t\t\t\t\t\t\t\t\n\t\t\t\t\t\t\t\t\t\t<div class=\"first-2\"><a href=\"https:\/\/bemypartner.es\/ca\/tag\/blogging-ca\/\">blogging<\/a><\/div>\n\n\t\t\t\t\t\t\t\t\n\t\t\t\t\t\t\t\t\t\t<div class=\"first-2\"><a href=\"https:\/\/bemypartner.es\/ca\/tag\/contenido-online-ca\/\">contenido online<\/a><\/div>\n\n\t\t\t\t\t\t\t\t\n\t\t\t\t\t\t\t\t\t\t<div class=\"first-2\"><a href=\"https:\/\/bemypartner.es\/ca\/tag\/eurofragance-ca\/\">Eurofragance<\/a><\/div>\n\n\t\t\t\t\t\t\t\t\n\t\t\t\t\t\t\t\t\t\t<div class=\"first-2\"><a href=\"https:\/\/bemypartner.es\/ca\/tag\/feedspot-ca\/\">Feedspot<\/a><\/div>\n\n\t\t\t\t\t\t\t\t\n\t\t\t\t\t\t\t\t\t\t<div class=\"first-2\"><a href=\"https:\/\/bemypartner.es\/ca\/tag\/gestion-de-blogs-ca\/\">gesti\u00f3n de blogs<\/a><\/div>\n\n\t\t\t\t\t\t\t\t\n\t\t\t\t\t\t\t\t\t\t<div class=\"first-2\"><a href=\"https:\/\/bemypartner.es\/ca\/tag\/google-ca\/\">Google<\/a><\/div>\n\n\t\t\t\t\t\t\t\t\n\t\t\t\t\t\t\t\t\t\t<div class=\"first-2\"><a href=\"https:\/\/bemypartner.es\/ca\/tag\/notoriedad-ca\/\">notoriedad<\/a><\/div>\n\n\t\t\t\t\t\t\t\t\n\t\t\t\t\t\t\t\t\t\t<div class=\"first-2\"><a href=\"https:\/\/bemypartner.es\/ca\/tag\/perfumes-ca\/\">perfumes<\/a><\/div>\n\n\t\t\t\t\t\t\t\t\n\t\t\t\t\t\t\t\t\t\t<div class=\"first-2\"><a href=\"https:\/\/bemypartner.es\/ca\/tag\/redes-sociales-ca\/\">Redes Sociales<\/a><\/div>\n\n\t\t\t\t\t\t\t\t\n\t\t\t\t\t\t\t\t\t\t<div class=\"first-2\"><a href=\"https:\/\/bemypartner.es\/ca\/tag\/seo-ca\/\">SEO<\/a><\/div>\n\n\t\t\t\t\t\t\t\t\n\t\t\t\t\t\t\t\t\n\n\t\t\t\t\t\t\t<\/div>\n\t\t\t\t\t\t\n                        <div class=\"vcpg-footer-right\">\n                            <div class=\"vcpg-comment-wrap\">\n                                <span><i class=\"icofont-comment\"><\/i> 0<\/span>\n                            <\/div>\n\n                            \n<div class=\"vcpg-social-share\">\n\t<a href=\"#\"><i class=\"icofont-share\"><\/i><\/a>\n\t<div class=\"vcpg-social-inner\">\n\t\t<ul>\n\t\t\t<li>\n\t\t\t\t<a target=\"_blank\" data-social=\"facebook\" title=\"Share on Facebook\" href=\"\/\/facebook.com\/sharer.php?u=https:\/\/bemypartner.es\/ca\/blog-cliente-eurofragance-los-50-mejores-blogs-perfumes-segun-feedspot\/\">\n\t\t\t\t\t<i class=\"icofont-facebook\"><\/i>\n\t\t\t\t<\/a>\n\t\t\t<\/li>\n\t\t\t<li>\n\t\t\t\t<a target=\"_blank\" data-social=\"pinterest\" title=\"Share on Pinterest\" href=\"\/\/pinterest.com\/pin\/create\/button\/?url=https:\/\/bemypartner.es\/ca\/blog-cliente-eurofragance-los-50-mejores-blogs-perfumes-segun-feedspot\/&amp;media=\">\n\t\t\t\t\t<i class=\"icofont-pinterest\"><\/i>\n\t\t\t\t<\/a>\n\t\t\t<\/li>\n\t\t\t<li>\n\t\t\t\t<a target=\"_blank\" data-social=\"twitter\" title=\"Share on Twitter\" href=\"\/\/twitter.com\/share?url=https:\/\/bemypartner.es\/ca\/blog-cliente-eurofragance-los-50-mejores-blogs-perfumes-segun-feedspot\/&text=El blog de nuestro cliente Eurofragance, entre los 50 mejores blogs sobre perfumes seg\u00fan Feedspot\">\n\t\t\t\t\t<i class=\"icofont-twitter\"><\/i>\n\t\t\t\t<\/a>\n\t\t\t<\/li>\n\t\t<\/ul>\n\t<\/div>\n<\/div>                        <\/div>\n\n\t\t\t\t\t<\/div>\n\n\t\t\t\t<\/div>\n\t\t\t<\/div>\n\t\t<\/div>\n\t<\/div>\n<\/div>\n\n<div id=\"row-single-4050\" class=\"vcpg-row-single cl-md-12 \">\n\t<div class=\"vcpg-post-item\">\n\t\t<div class=\"vcpg-row\">\n\t\t\t<div class=\"cl-md-4\">\n\t\t\t\t<div class=\"vcpg-post-photo\">\n\t\t\t\t\t\t\t\t\t\t\t<img decoding=\"async\" class=\"post-img lazyload\" data-src=\"https:\/\/bemypartner.es\/wp-content\/uploads\/2017\/12\/freshly-team-9-nkjsodl1lej65ncub315h2e66qnu1083pm2jcbaako.jpg\" alt=\"Freshly Cosmetics conf\u00eda en Bemypartner para el lanzamiento de su primera tienda pop up y la gesti\u00f3n de la comunicaci\u00f3n\" src=\"data:image\/svg+xml;base64,PHN2ZyB3aWR0aD0iMSIgaGVpZ2h0PSIxIiB4bWxucz0iaHR0cDovL3d3dy53My5vcmcvMjAwMC9zdmciPjwvc3ZnPg==\" style=\"--smush-placeholder-width: 748px; --smush-placeholder-aspect-ratio: 748\/308;\">\n\n\t\t\t\t\t\n\t\t\t\t<\/div>\n\t\t\t<\/div>\n\t\t\t<div class=\"cl-md-8\">\n\t\t\t\t<div class=\"vcpg-post-content\">\n\t\t\t\t\t<div class=\"vcpg-categories\"><a href=\"https:\/\/bemypartner.es\/ca\/category\/agencia-de-comunicacion-ca\/\">Agencia de comunicaci\u00f3n<\/a><a href=\"https:\/\/bemypartner.es\/ca\/category\/comunicacion-ca\/\">Comunicaci\u00f3n<\/a><\/div>\t\t\t\t\t<div class=\"vcpg-post-meta\">\n\t\t\t\t\t\t<div class=\"meta-left\">\n                            <div class=\"grid3-post-author\">\n\t\t\t\t\t\t\t\tby <strong>Bemypartner<\/strong>                            <\/div>\n                            <span class=\"publish-time\"><i class=\"icofont-clock-time\"><\/i> 11 de desembre de 2017<\/span>\n                        <\/div>\n                        <div class=\"meta-right\">\n                            <span class=\"reading-time\"><i class=\"icofont-read-book-alt\"><\/i> 2 min to read<\/span>\n                        <\/div>\n\t\t\t\t\t<\/div>\n\n\t\t\t\t\t<div class=\"vcpg-post-desc\">\n\t\t\t\t\t\t\t\t\t\t\t\t\t<h3 class=\"vcpg-heading\"><a href=\"https:\/\/bemypartner.es\/ca\/freshly-cosmetics-confia-bemypartner-lanzamiento-primera-tienda-pop-up-la-gestion-la-comunicacion\/\">Freshly Cosmetics conf\u00eda en Bemypartner para el lanzamiento de su primera tienda pop up y la gesti\u00f3n de la comunicaci\u00f3n<\/a><\/h3>\n\t\t\t\t\t\t\n\t\t\t\t\t\t\t\t\t\t\t\t\t<p>\n\t\t\t\t\t\t\t\tLa marca de cosm\u00e9tica natural que naci\u00f3 en 2016\u00a0de la mano de tres emprendedores de 25 a\u00f1os ya se ha convertido en un actor importante del sector Freshly Cosmetics es&hellip;<a href=\"https:\/\/bemypartner.es\/ca\/freshly-cosmetics-confia-bemypartner-lanzamiento-primera-tienda-pop-up-la-gestion-la-comunicacion\/\">Llegeix m\u00e9s ><\/a>\n\t\t\t\t\t\t\t<\/p>\n\t\t\t\t\t\t\t\t\t\t\t<\/div>\n\t\t\t\t\t<div class=\"vcpg-post-footer\">\n\t\t\t\t\t\t\t\t\t\t\t\t\t<div class=\"vcpg-post-tags\">\n\t\t\t\t\t\t\t\t<i class=\"icofont-tags\"><\/i>\n\t\t\t\t\t\t\t\t\n\t\t\t\t\t\t\t\t\t\t<div class=\"first-2\"><a href=\"https:\/\/bemypartner.es\/ca\/tag\/comunicacion-ca\/\">comunicaci\u00f3n<\/a><\/div>\n\n\t\t\t\t\t\t\t\t\n\t\t\t\t\t\t\t\t\t\t<div class=\"first-2\"><a href=\"https:\/\/bemypartner.es\/ca\/tag\/freshly-cosmetics-ca\/\">Freshly Cosmetics<\/a><\/div>\n\n\t\t\t\t\t\t\t\t\n\t\t\t\t\t\t\t\t\t\t<div class=\"first-2\"><a href=\"https:\/\/bemypartner.es\/ca\/tag\/gestion-de-comunicacion-ca\/\">gesti\u00f3n de comunicaci\u00f3n<\/a><\/div>\n\n\t\t\t\t\t\t\t\t\n\t\t\t\t\t\t\t\t\t\t<div class=\"first-2\"><a href=\"https:\/\/bemypartner.es\/ca\/tag\/inauguracion-ca\/\">inauguraci\u00f3n<\/a><\/div>\n\n\t\t\t\t\t\t\t\t\n\t\t\t\t\t\t\t\t\t\t<div class=\"first-2\"><a href=\"https:\/\/bemypartner.es\/ca\/tag\/lanzamiento-ca\/\">lanzamiento<\/a><\/div>\n\n\t\t\t\t\t\t\t\t\n\t\t\t\t\t\t\t\t\t\t<div class=\"first-2\"><a href=\"https:\/\/bemypartner.es\/ca\/tag\/medios-ca\/\">medios<\/a><\/div>\n\n\t\t\t\t\t\t\t\t\n\t\t\t\t\t\t\t\t\t\t<div class=\"first-2\"><a href=\"https:\/\/bemypartner.es\/ca\/tag\/medios-de-comunicacion-ca\/\">medios de comunicaci\u00f3n<\/a><\/div>\n\n\t\t\t\t\t\t\t\t\n\t\t\t\t\t\t\t\t\t\t<div class=\"first-2\"><a href=\"https:\/\/bemypartner.es\/ca\/tag\/relacion-con-medios-de-comunicacion-ca\/\">relaci\u00f3n con medios de comunicaci\u00f3n<\/a><\/div>\n\n\t\t\t\t\t\t\t\t\n\t\t\t\t\t\t\t\t\t\t<div class=\"first-2\"><a href=\"https:\/\/bemypartner.es\/ca\/tag\/repercusion-mediatica-ca\/\">repercusi\u00f3n medi\u00e1tica<\/a><\/div>\n\n\t\t\t\t\t\t\t\t\n\t\t\t\t\t\t\t\t\n\n\t\t\t\t\t\t\t<\/div>\n\t\t\t\t\t\t\n                        <div class=\"vcpg-footer-right\">\n                            <div class=\"vcpg-comment-wrap\">\n                                <span><i class=\"icofont-comment\"><\/i> 0<\/span>\n                            <\/div>\n\n                            \n<div class=\"vcpg-social-share\">\n\t<a href=\"#\"><i class=\"icofont-share\"><\/i><\/a>\n\t<div class=\"vcpg-social-inner\">\n\t\t<ul>\n\t\t\t<li>\n\t\t\t\t<a target=\"_blank\" data-social=\"facebook\" title=\"Share on Facebook\" href=\"\/\/facebook.com\/sharer.php?u=https:\/\/bemypartner.es\/ca\/freshly-cosmetics-confia-bemypartner-lanzamiento-primera-tienda-pop-up-la-gestion-la-comunicacion\/\">\n\t\t\t\t\t<i class=\"icofont-facebook\"><\/i>\n\t\t\t\t<\/a>\n\t\t\t<\/li>\n\t\t\t<li>\n\t\t\t\t<a target=\"_blank\" data-social=\"pinterest\" title=\"Share on Pinterest\" href=\"\/\/pinterest.com\/pin\/create\/button\/?url=https:\/\/bemypartner.es\/ca\/freshly-cosmetics-confia-bemypartner-lanzamiento-primera-tienda-pop-up-la-gestion-la-comunicacion\/&amp;media=\">\n\t\t\t\t\t<i class=\"icofont-pinterest\"><\/i>\n\t\t\t\t<\/a>\n\t\t\t<\/li>\n\t\t\t<li>\n\t\t\t\t<a target=\"_blank\" data-social=\"twitter\" title=\"Share on Twitter\" href=\"\/\/twitter.com\/share?url=https:\/\/bemypartner.es\/ca\/freshly-cosmetics-confia-bemypartner-lanzamiento-primera-tienda-pop-up-la-gestion-la-comunicacion\/&text=Freshly Cosmetics conf\u00eda en Bemypartner para el lanzamiento de su primera tienda pop up y la gesti\u00f3n de la comunicaci\u00f3n\">\n\t\t\t\t\t<i class=\"icofont-twitter\"><\/i>\n\t\t\t\t<\/a>\n\t\t\t<\/li>\n\t\t<\/ul>\n\t<\/div>\n<\/div>                        <\/div>\n\n\t\t\t\t\t<\/div>\n\n\t\t\t\t<\/div>\n\t\t\t<\/div>\n\t\t<\/div>\n\t<\/div>\n<\/div>\n\n<div id=\"row-single-4052\" class=\"vcpg-row-single cl-md-12 \">\n\t<div class=\"vcpg-post-item\">\n\t\t<div class=\"vcpg-row\">\n\t\t\t<div class=\"cl-md-4\">\n\t\t\t\t<div class=\"vcpg-post-photo\">\n\t\t\t\t\t\t\t\t\t\t\t<img decoding=\"async\" class=\"post-img lazyload\" data-src=\"https:\/\/bemypartner.es\/wp-content\/uploads\/2017\/11\/Jornada-Formaci\u00f3n-Crisis-nkjudqhrq2j01a8a0luf8kze688ehptbhb5l4kb4eg.jpg\" alt=\"Bemypartner organiza una jornada sobre comunicaci\u00f3n de crisis para empresarios de Tarragona\" src=\"data:image\/svg+xml;base64,PHN2ZyB3aWR0aD0iMSIgaGVpZ2h0PSIxIiB4bWxucz0iaHR0cDovL3d3dy53My5vcmcvMjAwMC9zdmciPjwvc3ZnPg==\" style=\"--smush-placeholder-width: 748px; --smush-placeholder-aspect-ratio: 748\/308;\">\n\n\t\t\t\t\t\n\t\t\t\t<\/div>\n\t\t\t<\/div>\n\t\t\t<div class=\"cl-md-8\">\n\t\t\t\t<div class=\"vcpg-post-content\">\n\t\t\t\t\t<div class=\"vcpg-categories\"><a href=\"https:\/\/bemypartner.es\/ca\/category\/agencia-de-comunicacion-ca\/\">Agencia de comunicaci\u00f3n<\/a><a href=\"https:\/\/bemypartner.es\/ca\/category\/comunicacion-ca\/\">Comunicaci\u00f3n<\/a><a href=\"https:\/\/bemypartner.es\/ca\/category\/eventos-ca\/\">Eventos<\/a><\/div>\t\t\t\t\t<div class=\"vcpg-post-meta\">\n\t\t\t\t\t\t<div class=\"meta-left\">\n                            <div class=\"grid3-post-author\">\n\t\t\t\t\t\t\t\tby <strong>Bemypartner<\/strong>                            <\/div>\n                            <span class=\"publish-time\"><i class=\"icofont-clock-time\"><\/i> 04 de desembre de 2017<\/span>\n                        <\/div>\n                        <div class=\"meta-right\">\n                            <span class=\"reading-time\"><i class=\"icofont-read-book-alt\"><\/i> 2 min to read<\/span>\n                        <\/div>\n\t\t\t\t\t<\/div>\n\n\t\t\t\t\t<div class=\"vcpg-post-desc\">\n\t\t\t\t\t\t\t\t\t\t\t\t\t<h3 class=\"vcpg-heading\"><a href=\"https:\/\/bemypartner.es\/ca\/bemypartner-organiza-una-jornada-empresarios-tarragona-comunicacion-crisis\/\">Bemypartner organiza una jornada sobre comunicaci\u00f3n de crisis para empresarios de Tarragona<\/a><\/h3>\n\t\t\t\t\t\t\n\t\t\t\t\t\t\t\t\t\t\t\t\t<p>\n\t\t\t\t\t\t\t\tTras el \u00e9xito de esta primera jornada, la agencia planea organizar una segunda sesi\u00f3n en Barcelona Actualmente, cualquier empresa de cualquier sector se puede encontrar en una situaci\u00f3n imprevista que&hellip;<a href=\"https:\/\/bemypartner.es\/ca\/bemypartner-organiza-una-jornada-empresarios-tarragona-comunicacion-crisis\/\">Llegeix m\u00e9s ><\/a>\n\t\t\t\t\t\t\t<\/p>\n\t\t\t\t\t\t\t\t\t\t\t<\/div>\n\t\t\t\t\t<div class=\"vcpg-post-footer\">\n\t\t\t\t\t\t\t\t\t\t\t\t\t<div class=\"vcpg-post-tags\">\n\t\t\t\t\t\t\t\t<i class=\"icofont-tags\"><\/i>\n\t\t\t\t\t\t\t\t\n\t\t\t\t\t\t\t\t\t\t<div class=\"first-2\"><a href=\"https:\/\/bemypartner.es\/ca\/tag\/comunicacion-ca\/\">comunicaci\u00f3n<\/a><\/div>\n\n\t\t\t\t\t\t\t\t\n\t\t\t\t\t\t\t\t\t\t<div class=\"first-2\"><a href=\"https:\/\/bemypartner.es\/ca\/tag\/comunicacion-de-crisis-ca\/\">comunicaci\u00f3n de crisis<\/a><\/div>\n\n\t\t\t\t\t\t\t\t\n\t\t\t\t\t\t\t\t\t\t<div class=\"first-2\"><a href=\"https:\/\/bemypartner.es\/ca\/tag\/crisis-ca\/\">crisis<\/a><\/div>\n\n\t\t\t\t\t\t\t\t\n\t\t\t\t\t\t\t\t\t\t<div class=\"first-2\"><a href=\"https:\/\/bemypartner.es\/ca\/tag\/formacion-ca\/\">formaci\u00f3n<\/a><\/div>\n\n\t\t\t\t\t\t\t\t\n\t\t\t\t\t\t\t\t\t\t<div class=\"first-2\"><a href=\"https:\/\/bemypartner.es\/ca\/tag\/formacion-empresarial-ca\/\">formaci\u00f3n empresarial<\/a><\/div>\n\n\t\t\t\t\t\t\t\t\n\t\t\t\t\t\t\t\t\t\t<div class=\"first-2\"><a href=\"https:\/\/bemypartner.es\/ca\/tag\/reputacion-ca\/\">reputaci\u00f3n<\/a><\/div>\n\n\t\t\t\t\t\t\t\t\n\t\t\t\t\t\t\t\t\n\n\t\t\t\t\t\t\t<\/div>\n\t\t\t\t\t\t\n                        <div class=\"vcpg-footer-right\">\n                            <div class=\"vcpg-comment-wrap\">\n                                <span><i class=\"icofont-comment\"><\/i> 0<\/span>\n                            <\/div>\n\n                            \n<div class=\"vcpg-social-share\">\n\t<a href=\"#\"><i class=\"icofont-share\"><\/i><\/a>\n\t<div class=\"vcpg-social-inner\">\n\t\t<ul>\n\t\t\t<li>\n\t\t\t\t<a target=\"_blank\" data-social=\"facebook\" title=\"Share on Facebook\" href=\"\/\/facebook.com\/sharer.php?u=https:\/\/bemypartner.es\/ca\/bemypartner-organiza-una-jornada-empresarios-tarragona-comunicacion-crisis\/\">\n\t\t\t\t\t<i class=\"icofont-facebook\"><\/i>\n\t\t\t\t<\/a>\n\t\t\t<\/li>\n\t\t\t<li>\n\t\t\t\t<a target=\"_blank\" data-social=\"pinterest\" title=\"Share on Pinterest\" href=\"\/\/pinterest.com\/pin\/create\/button\/?url=https:\/\/bemypartner.es\/ca\/bemypartner-organiza-una-jornada-empresarios-tarragona-comunicacion-crisis\/&amp;media=\">\n\t\t\t\t\t<i class=\"icofont-pinterest\"><\/i>\n\t\t\t\t<\/a>\n\t\t\t<\/li>\n\t\t\t<li>\n\t\t\t\t<a target=\"_blank\" data-social=\"twitter\" title=\"Share on Twitter\" href=\"\/\/twitter.com\/share?url=https:\/\/bemypartner.es\/ca\/bemypartner-organiza-una-jornada-empresarios-tarragona-comunicacion-crisis\/&text=Bemypartner organiza una jornada sobre comunicaci\u00f3n de crisis para empresarios de Tarragona\">\n\t\t\t\t\t<i class=\"icofont-twitter\"><\/i>\n\t\t\t\t<\/a>\n\t\t\t<\/li>\n\t\t<\/ul>\n\t<\/div>\n<\/div>                        <\/div>\n\n\t\t\t\t\t<\/div>\n\n\t\t\t\t<\/div>\n\t\t\t<\/div>\n\t\t<\/div>\n\t<\/div>\n<\/div>\n\n<div id=\"row-single-4054\" class=\"vcpg-row-single cl-md-12 \">\n\t<div class=\"vcpg-post-item\">\n\t\t<div class=\"vcpg-row\">\n\t\t\t<div class=\"cl-md-4\">\n\t\t\t\t<div class=\"vcpg-post-photo\">\n\t\t\t\t\t\t\t\t\t\t\t<img decoding=\"async\" class=\"post-img lazyload\" data-src=\"https:\/\/bemypartner.es\/wp-content\/uploads\/2017\/11\/Bemypartner24-nhg6ropef6urx7u9pmcg7nezn5xlmitswv2511esy0.jpg\" alt=\"Los 10 errores m\u00e1s comunes en la comunicaci\u00f3n de crisis\" src=\"data:image\/svg+xml;base64,PHN2ZyB3aWR0aD0iMSIgaGVpZ2h0PSIxIiB4bWxucz0iaHR0cDovL3d3dy53My5vcmcvMjAwMC9zdmciPjwvc3ZnPg==\" style=\"--smush-placeholder-width: 748px; --smush-placeholder-aspect-ratio: 748\/308;\">\n\n\t\t\t\t\t\n\t\t\t\t<\/div>\n\t\t\t<\/div>\n\t\t\t<div class=\"cl-md-8\">\n\t\t\t\t<div class=\"vcpg-post-content\">\n\t\t\t\t\t<div class=\"vcpg-categories\"><a href=\"https:\/\/bemypartner.es\/ca\/category\/agencia-de-comunicacion-ca\/\">Agencia de comunicaci\u00f3n<\/a><a href=\"https:\/\/bemypartner.es\/ca\/category\/comunicacion-ca\/\">Comunicaci\u00f3n<\/a><a href=\"https:\/\/bemypartner.es\/ca\/category\/eventos-ca\/\">Eventos<\/a><\/div>\t\t\t\t\t<div class=\"vcpg-post-meta\">\n\t\t\t\t\t\t<div class=\"meta-left\">\n                            <div class=\"grid3-post-author\">\n\t\t\t\t\t\t\t\tby <strong>Bemypartner<\/strong>                            <\/div>\n                            <span class=\"publish-time\"><i class=\"icofont-clock-time\"><\/i> 15 de novembre de 2017<\/span>\n                        <\/div>\n                        <div class=\"meta-right\">\n                            <span class=\"reading-time\"><i class=\"icofont-read-book-alt\"><\/i> 3 min to read<\/span>\n                        <\/div>\n\t\t\t\t\t<\/div>\n\n\t\t\t\t\t<div class=\"vcpg-post-desc\">\n\t\t\t\t\t\t\t\t\t\t\t\t\t<h3 class=\"vcpg-heading\"><a href=\"https:\/\/bemypartner.es\/ca\/10-errores-en-la-comunicacion-de-crisis\/\">Los 10 errores m\u00e1s comunes en la comunicaci\u00f3n de crisis<\/a><\/h3>\n\t\t\t\t\t\t\n\t\t\t\t\t\t\t\t\t\t\t\t\t<p>\n\t\t\t\t\t\t\t\tBemypartner organiza una jornada de formaci\u00f3n en la que se dar\u00e1n a conocer las claves de prevenci\u00f3n y actuaci\u00f3n ante una crisis El pr\u00f3ximo 28 de noviembre, Bemypartner organiza, junto&hellip;<a href=\"https:\/\/bemypartner.es\/ca\/10-errores-en-la-comunicacion-de-crisis\/\">Llegeix m\u00e9s ><\/a>\n\t\t\t\t\t\t\t<\/p>\n\t\t\t\t\t\t\t\t\t\t\t<\/div>\n\t\t\t\t\t<div class=\"vcpg-post-footer\">\n\t\t\t\t\t\t\t\t\t\t\t\t\t<div class=\"vcpg-post-tags\">\n\t\t\t\t\t\t\t\t<i class=\"icofont-tags\"><\/i>\n\t\t\t\t\t\t\t\t\n\t\t\t\t\t\t\t\t\t\t<div class=\"first-2\"><a href=\"https:\/\/bemypartner.es\/ca\/tag\/agencia-de-comunicacion-ca\/\">agencia de comunicaci\u00f3n<\/a><\/div>\n\n\t\t\t\t\t\t\t\t\n\t\t\t\t\t\t\t\t\t\t<div class=\"first-2\"><a href=\"https:\/\/bemypartner.es\/ca\/tag\/comite-de-crisis-ca\/\">comit\u00e9 de crisis<\/a><\/div>\n\n\t\t\t\t\t\t\t\t\n\t\t\t\t\t\t\t\t\t\t<div class=\"first-2\"><a href=\"https:\/\/bemypartner.es\/ca\/tag\/comunicacion-ca\/\">comunicaci\u00f3n<\/a><\/div>\n\n\t\t\t\t\t\t\t\t\n\t\t\t\t\t\t\t\t\t\t<div class=\"first-2\"><a href=\"https:\/\/bemypartner.es\/ca\/tag\/comunicacion-de-crisis-ca\/\">comunicaci\u00f3n de crisis<\/a><\/div>\n\n\t\t\t\t\t\t\t\t\n\t\t\t\t\t\t\t\t\t\t<div class=\"first-2\"><a href=\"https:\/\/bemypartner.es\/ca\/tag\/crisis-ca\/\">crisis<\/a><\/div>\n\n\t\t\t\t\t\t\t\t\n\t\t\t\t\t\t\t\t\t\t<div class=\"first-2\"><a href=\"https:\/\/bemypartner.es\/ca\/tag\/eventos-ca\/\">eventos<\/a><\/div>\n\n\t\t\t\t\t\t\t\t\n\t\t\t\t\t\t\t\t\t\t<div class=\"first-2\"><a href=\"https:\/\/bemypartner.es\/ca\/tag\/formacion-ca\/\">formaci\u00f3n<\/a><\/div>\n\n\t\t\t\t\t\t\t\t\n\t\t\t\t\t\t\t\t\t\t<div class=\"first-2\"><a href=\"https:\/\/bemypartner.es\/ca\/tag\/formacion-de-portavoces-ca\/\">formaci\u00f3n de portavoces<\/a><\/div>\n\n\t\t\t\t\t\t\t\t\n\t\t\t\t\t\t\t\t\t\t<div class=\"first-2\"><a href=\"https:\/\/bemypartner.es\/ca\/tag\/formacion-en-comunicacion-ca\/\">formaci\u00f3n en comunicaci\u00f3n.<\/a><\/div>\n\n\t\t\t\t\t\t\t\t\n\t\t\t\t\t\t\t\t\t\t<div class=\"first-2\"><a href=\"https:\/\/bemypartner.es\/ca\/tag\/gabinete-de-crisis-ca\/\">gabinete de crisis<\/a><\/div>\n\n\t\t\t\t\t\t\t\t\n\t\t\t\t\t\t\t\t\t\t<div class=\"first-2\"><a href=\"https:\/\/bemypartner.es\/ca\/tag\/gestion-de-crisis-ca\/\">gesti\u00f3n de crisis<\/a><\/div>\n\n\t\t\t\t\t\t\t\t\n\t\t\t\t\t\t\t\t\n\n\t\t\t\t\t\t\t<\/div>\n\t\t\t\t\t\t\n                        <div class=\"vcpg-footer-right\">\n                            <div class=\"vcpg-comment-wrap\">\n                                <span><i class=\"icofont-comment\"><\/i> 0<\/span>\n                            <\/div>\n\n                            \n<div class=\"vcpg-social-share\">\n\t<a href=\"#\"><i class=\"icofont-share\"><\/i><\/a>\n\t<div class=\"vcpg-social-inner\">\n\t\t<ul>\n\t\t\t<li>\n\t\t\t\t<a target=\"_blank\" data-social=\"facebook\" title=\"Share on Facebook\" href=\"\/\/facebook.com\/sharer.php?u=https:\/\/bemypartner.es\/ca\/10-errores-en-la-comunicacion-de-crisis\/\">\n\t\t\t\t\t<i class=\"icofont-facebook\"><\/i>\n\t\t\t\t<\/a>\n\t\t\t<\/li>\n\t\t\t<li>\n\t\t\t\t<a target=\"_blank\" data-social=\"pinterest\" title=\"Share on Pinterest\" href=\"\/\/pinterest.com\/pin\/create\/button\/?url=https:\/\/bemypartner.es\/ca\/10-errores-en-la-comunicacion-de-crisis\/&amp;media=\">\n\t\t\t\t\t<i class=\"icofont-pinterest\"><\/i>\n\t\t\t\t<\/a>\n\t\t\t<\/li>\n\t\t\t<li>\n\t\t\t\t<a target=\"_blank\" data-social=\"twitter\" title=\"Share on Twitter\" href=\"\/\/twitter.com\/share?url=https:\/\/bemypartner.es\/ca\/10-errores-en-la-comunicacion-de-crisis\/&text=Los 10 errores m\u00e1s comunes en la comunicaci\u00f3n de crisis\">\n\t\t\t\t\t<i class=\"icofont-twitter\"><\/i>\n\t\t\t\t<\/a>\n\t\t\t<\/li>\n\t\t<\/ul>\n\t<\/div>\n<\/div>                        <\/div>\n\n\t\t\t\t\t<\/div>\n\n\t\t\t\t<\/div>\n\t\t\t<\/div>\n\t\t<\/div>\n\t<\/div>\n<\/div>\n\n<div id=\"row-single-4055\" class=\"vcpg-row-single cl-md-12 \">\n\t<div class=\"vcpg-post-item\">\n\t\t<div class=\"vcpg-row\">\n\t\t\t<div class=\"cl-md-4\">\n\t\t\t\t<div class=\"vcpg-post-photo\">\n\t\t\t\t\t\t\t\t\t\t\t<img decoding=\"async\" class=\"post-img lazyload\" data-src=\"https:\/\/bemypartner.es\/wp-content\/uploads\/2017\/11\/shutterstock_125979746-nge0pwqvq7xorrn33rljm60ad0g7eb4g0004t0t7go.jpg\" alt=\"3 claves para afrontar con \u00e9xito una crisis en la empresa\" src=\"data:image\/svg+xml;base64,PHN2ZyB3aWR0aD0iMSIgaGVpZ2h0PSIxIiB4bWxucz0iaHR0cDovL3d3dy53My5vcmcvMjAwMC9zdmciPjwvc3ZnPg==\" style=\"--smush-placeholder-width: 748px; --smush-placeholder-aspect-ratio: 748\/308;\">\n\n\t\t\t\t\t\n\t\t\t\t<\/div>\n\t\t\t<\/div>\n\t\t\t<div class=\"cl-md-8\">\n\t\t\t\t<div class=\"vcpg-post-content\">\n\t\t\t\t\t<div class=\"vcpg-categories\"><a href=\"https:\/\/bemypartner.es\/ca\/category\/agencia-de-comunicacion-ca\/\">Agencia de comunicaci\u00f3n<\/a><a href=\"https:\/\/bemypartner.es\/ca\/category\/comunicacion-ca\/\">Comunicaci\u00f3n<\/a><\/div>\t\t\t\t\t<div class=\"vcpg-post-meta\">\n\t\t\t\t\t\t<div class=\"meta-left\">\n                            <div class=\"grid3-post-author\">\n\t\t\t\t\t\t\t\tby <strong>Bemypartner<\/strong>                            <\/div>\n                            <span class=\"publish-time\"><i class=\"icofont-clock-time\"><\/i> 30 d'octubre de 2017<\/span>\n                        <\/div>\n                        <div class=\"meta-right\">\n                            <span class=\"reading-time\"><i class=\"icofont-read-book-alt\"><\/i> 6 min to read<\/span>\n                        <\/div>\n\t\t\t\t\t<\/div>\n\n\t\t\t\t\t<div class=\"vcpg-post-desc\">\n\t\t\t\t\t\t\t\t\t\t\t\t\t<h3 class=\"vcpg-heading\"><a href=\"https:\/\/bemypartner.es\/ca\/3-claves-afrontar-exito-una-crisis-la-empresa\/\">3 claves para afrontar con \u00e9xito una crisis en la empresa<\/a><\/h3>\n\t\t\t\t\t\t\n\t\t\t\t\t\t\t\t\t\t\t\t\t<p>\n\t\t\t\t\t\t\t\tGu\u00eda b\u00e1sica de comunicaci\u00f3n de crisis \u00bfPor qu\u00e9 muchas empresas no tienen un protocolo de crisis en nuestro pa\u00eds? Una de las carencias m\u00e1s generalizadas en la gesti\u00f3n empresarial en&hellip;<a href=\"https:\/\/bemypartner.es\/ca\/3-claves-afrontar-exito-una-crisis-la-empresa\/\">Llegeix m\u00e9s ><\/a>\n\t\t\t\t\t\t\t<\/p>\n\t\t\t\t\t\t\t\t\t\t\t<\/div>\n\t\t\t\t\t<div class=\"vcpg-post-footer\">\n\t\t\t\t\t\t\t\t\t\t\t\t\t<div class=\"vcpg-post-tags\">\n\t\t\t\t\t\t\t\t<i class=\"icofont-tags\"><\/i>\n\t\t\t\t\t\t\t\t\n\t\t\t\t\t\t\t\t\t\t<div class=\"first-2\"><a href=\"https:\/\/bemypartner.es\/ca\/tag\/base-de-datos-ca\/\">base de datos<\/a><\/div>\n\n\t\t\t\t\t\t\t\t\n\t\t\t\t\t\t\t\t\t\t<div class=\"first-2\"><a href=\"https:\/\/bemypartner.es\/ca\/tag\/comite-de-crisis-ca\/\">comit\u00e9 de crisis<\/a><\/div>\n\n\t\t\t\t\t\t\t\t\n\t\t\t\t\t\t\t\t\t\t<div class=\"first-2\"><a href=\"https:\/\/bemypartner.es\/ca\/tag\/comunicacion-ca\/\">comunicaci\u00f3n<\/a><\/div>\n\n\t\t\t\t\t\t\t\t\n\t\t\t\t\t\t\t\t\t\t<div class=\"first-2\"><a href=\"https:\/\/bemypartner.es\/ca\/tag\/comunicacion-de-crisis-ca\/\">comunicaci\u00f3n de crisis<\/a><\/div>\n\n\t\t\t\t\t\t\t\t\n\t\t\t\t\t\t\t\t\t\t<div class=\"first-2\"><a href=\"https:\/\/bemypartner.es\/ca\/tag\/credibilidad-ca\/\">credibilidad<\/a><\/div>\n\n\t\t\t\t\t\t\t\t\n\t\t\t\t\t\t\t\t\t\t<div class=\"first-2\"><a href=\"https:\/\/bemypartner.es\/ca\/tag\/formacion-de-portavoces-ca\/\">formaci\u00f3n de portavoces<\/a><\/div>\n\n\t\t\t\t\t\t\t\t\n\t\t\t\t\t\t\t\t\t\t<div class=\"first-2\"><a href=\"https:\/\/bemypartner.es\/ca\/tag\/gabinete-de-crisis-ca\/\">gabinete de crisis<\/a><\/div>\n\n\t\t\t\t\t\t\t\t\n\t\t\t\t\t\t\t\t\t\t<div class=\"first-2\"><a href=\"https:\/\/bemypartner.es\/ca\/tag\/gestion-de-crisis-ca\/\">gesti\u00f3n de crisis<\/a><\/div>\n\n\t\t\t\t\t\t\t\t\n\t\t\t\t\t\t\t\t\t\t<div class=\"first-2\"><a href=\"https:\/\/bemypartner.es\/ca\/tag\/guia-basica-ca\/\">gu\u00eda b\u00e1sica<\/a><\/div>\n\n\t\t\t\t\t\t\t\t\n\t\t\t\t\t\t\t\t\t\t<div class=\"first-2\"><a href=\"https:\/\/bemypartner.es\/ca\/tag\/medios-de-comunicacion-ca\/\">medios de comunicaci\u00f3n<\/a><\/div>\n\n\t\t\t\t\t\t\t\t\n\t\t\t\t\t\t\t\t\t\t<div class=\"first-2\"><a href=\"https:\/\/bemypartner.es\/ca\/tag\/mensaje-ca\/\">mensaje<\/a><\/div>\n\n\t\t\t\t\t\t\t\t\n\t\t\t\t\t\t\t\t\t\t<div class=\"first-2\"><a href=\"https:\/\/bemypartner.es\/ca\/tag\/portavoces-ca\/\">portavoces<\/a><\/div>\n\n\t\t\t\t\t\t\t\t\n\t\t\t\t\t\t\t\t\t\t<div class=\"first-2\"><a href=\"https:\/\/bemypartner.es\/ca\/tag\/reputacion-ca\/\">reputaci\u00f3n<\/a><\/div>\n\n\t\t\t\t\t\t\t\t\n\t\t\t\t\t\t\t\t\t\t<div class=\"first-2\"><a href=\"https:\/\/bemypartner.es\/ca\/tag\/stakeholders-ca\/\">stakeholders<\/a><\/div>\n\n\t\t\t\t\t\t\t\t\n\t\t\t\t\t\t\t\t\n\n\t\t\t\t\t\t\t<\/div>\n\t\t\t\t\t\t\n                        <div class=\"vcpg-footer-right\">\n                            <div class=\"vcpg-comment-wrap\">\n                                <span><i class=\"icofont-comment\"><\/i> 0<\/span>\n                            <\/div>\n\n                            \n<div class=\"vcpg-social-share\">\n\t<a href=\"#\"><i class=\"icofont-share\"><\/i><\/a>\n\t<div class=\"vcpg-social-inner\">\n\t\t<ul>\n\t\t\t<li>\n\t\t\t\t<a target=\"_blank\" data-social=\"facebook\" title=\"Share on Facebook\" href=\"\/\/facebook.com\/sharer.php?u=https:\/\/bemypartner.es\/ca\/3-claves-afrontar-exito-una-crisis-la-empresa\/\">\n\t\t\t\t\t<i class=\"icofont-facebook\"><\/i>\n\t\t\t\t<\/a>\n\t\t\t<\/li>\n\t\t\t<li>\n\t\t\t\t<a target=\"_blank\" data-social=\"pinterest\" title=\"Share on Pinterest\" href=\"\/\/pinterest.com\/pin\/create\/button\/?url=https:\/\/bemypartner.es\/ca\/3-claves-afrontar-exito-una-crisis-la-empresa\/&amp;media=\">\n\t\t\t\t\t<i class=\"icofont-pinterest\"><\/i>\n\t\t\t\t<\/a>\n\t\t\t<\/li>\n\t\t\t<li>\n\t\t\t\t<a target=\"_blank\" data-social=\"twitter\" title=\"Share on Twitter\" href=\"\/\/twitter.com\/share?url=https:\/\/bemypartner.es\/ca\/3-claves-afrontar-exito-una-crisis-la-empresa\/&text=3 claves para afrontar con \u00e9xito una crisis en la empresa\">\n\t\t\t\t\t<i class=\"icofont-twitter\"><\/i>\n\t\t\t\t<\/a>\n\t\t\t<\/li>\n\t\t<\/ul>\n\t<\/div>\n<\/div>                        <\/div>\n\n\t\t\t\t\t<\/div>\n\n\t\t\t\t<\/div>\n\t\t\t<\/div>\n\t\t<\/div>\n\t<\/div>\n<\/div>\n\n<div id=\"row-single-4058\" class=\"vcpg-row-single cl-md-12 \">\n\t<div class=\"vcpg-post-item\">\n\t\t<div class=\"vcpg-row\">\n\t\t\t<div class=\"cl-md-4\">\n\t\t\t\t<div class=\"vcpg-post-photo\">\n\t\t\t\t\t\t\t\t\t\t\t<img decoding=\"async\" class=\"post-img lazyload\" data-src=\"https:\/\/bemypartner.es\/wp-content\/uploads\/2017\/11\/GALICIA_Primagas2-ngoe3gkzcoelvv1dvy8ho8kuq8r7zd5ddi0rkiw0zs.jpg\" alt=\"Primagas apuesta por Bemypartner para gestionar la comunicaci\u00f3n y las relaciones con medios\" src=\"data:image\/svg+xml;base64,PHN2ZyB3aWR0aD0iMSIgaGVpZ2h0PSIxIiB4bWxucz0iaHR0cDovL3d3dy53My5vcmcvMjAwMC9zdmciPjwvc3ZnPg==\" style=\"--smush-placeholder-width: 748px; --smush-placeholder-aspect-ratio: 748\/308;\">\n\n\t\t\t\t\t\n\t\t\t\t<\/div>\n\t\t\t<\/div>\n\t\t\t<div class=\"cl-md-8\">\n\t\t\t\t<div class=\"vcpg-post-content\">\n\t\t\t\t\t<div class=\"vcpg-categories\"><a href=\"https:\/\/bemypartner.es\/ca\/category\/agencia-de-comunicacion-ca\/\">Agencia de comunicaci\u00f3n<\/a><a href=\"https:\/\/bemypartner.es\/ca\/category\/comunicacion-ca\/\">Comunicaci\u00f3n<\/a><a href=\"https:\/\/bemypartner.es\/ca\/category\/relaciones-publicas-ca\/\">Relaciones P\u00fablicas<\/a><\/div>\t\t\t\t\t<div class=\"vcpg-post-meta\">\n\t\t\t\t\t\t<div class=\"meta-left\">\n                            <div class=\"grid3-post-author\">\n\t\t\t\t\t\t\t\tby <strong>Bemypartner<\/strong>                            <\/div>\n                            <span class=\"publish-time\"><i class=\"icofont-clock-time\"><\/i> 23 d'octubre de 2017<\/span>\n                        <\/div>\n                        <div class=\"meta-right\">\n                            <span class=\"reading-time\"><i class=\"icofont-read-book-alt\"><\/i> 2 min to read<\/span>\n                        <\/div>\n\t\t\t\t\t<\/div>\n\n\t\t\t\t\t<div class=\"vcpg-post-desc\">\n\t\t\t\t\t\t\t\t\t\t\t\t\t<h3 class=\"vcpg-heading\"><a href=\"https:\/\/bemypartner.es\/ca\/primagas-apuesta-por-bemypartner-para-gestionar-la-comunicacion-y-las-relaciones-con-medios\/\">Primagas apuesta por Bemypartner para gestionar la comunicaci\u00f3n y las relaciones con medios<\/a><\/h3>\n\t\t\t\t\t\t\n\t\t\t\t\t\t\t\t\t\t\t\t\t<p>\n\t\t\t\t\t\t\t\tLa empresa energ\u00e9tica forma parte del holding holand\u00e9s SHV Energy, l\u00edder mundial en gases licuados La empresa energ\u00e9tica Primagas, que forma parte del holding holand\u00e9s SHV Energy, l\u00edder mundial en&hellip;<a href=\"https:\/\/bemypartner.es\/ca\/primagas-apuesta-por-bemypartner-para-gestionar-la-comunicacion-y-las-relaciones-con-medios\/\">Llegeix m\u00e9s ><\/a>\n\t\t\t\t\t\t\t<\/p>\n\t\t\t\t\t\t\t\t\t\t\t<\/div>\n\t\t\t\t\t<div class=\"vcpg-post-footer\">\n\t\t\t\t\t\t\t\t\t\t\t\t\t<div class=\"vcpg-post-tags\">\n\t\t\t\t\t\t\t\t<i class=\"icofont-tags\"><\/i>\n\t\t\t\t\t\t\t\t\n\t\t\t\t\t\t\t\t\t\t<div class=\"first-2\"><a href=\"https:\/\/bemypartner.es\/ca\/tag\/bemypartner-ca\/\">bemypartner<\/a><\/div>\n\n\t\t\t\t\t\t\t\t\n\t\t\t\t\t\t\t\t\t\t<div class=\"first-2\"><a href=\"https:\/\/bemypartner.es\/ca\/tag\/combustible-optimo-ca\/\">combustible \u00f3ptimo<\/a><\/div>\n\n\t\t\t\t\t\t\t\t\n\t\t\t\t\t\t\t\t\t\t<div class=\"first-2\"><a href=\"https:\/\/bemypartner.es\/ca\/tag\/comunicacion-ca\/\">comunicaci\u00f3n<\/a><\/div>\n\n\t\t\t\t\t\t\t\t\n\t\t\t\t\t\t\t\t\t\t<div class=\"first-2\"><a href=\"https:\/\/bemypartner.es\/ca\/tag\/energia-ca\/\">energ\u00eda<\/a><\/div>\n\n\t\t\t\t\t\t\t\t\n\t\t\t\t\t\t\t\t\t\t<div class=\"first-2\"><a href=\"https:\/\/bemypartner.es\/ca\/tag\/energia-limpia-ca\/\">energ\u00eda limpia<\/a><\/div>\n\n\t\t\t\t\t\t\t\t\n\t\t\t\t\t\t\t\t\t\t<div class=\"first-2\"><a href=\"https:\/\/bemypartner.es\/ca\/tag\/gas-licuado-del-petroleo-ca\/\">gas licuado del petr\u00f3leo<\/a><\/div>\n\n\t\t\t\t\t\t\t\t\n\t\t\t\t\t\t\t\t\t\t<div class=\"first-2\"><a href=\"https:\/\/bemypartner.es\/ca\/tag\/gestion-comunicacion-ca\/\">gesti\u00f3n comunicaci\u00f3n<\/a><\/div>\n\n\t\t\t\t\t\t\t\t\n\t\t\t\t\t\t\t\t\t\t<div class=\"first-2\"><a href=\"https:\/\/bemypartner.es\/ca\/tag\/glp-ca\/\">GLP<\/a><\/div>\n\n\t\t\t\t\t\t\t\t\n\t\t\t\t\t\t\t\t\t\t<div class=\"first-2\"><a href=\"https:\/\/bemypartner.es\/ca\/tag\/medios-de-comunicacion-ca\/\">medios de comunicaci\u00f3n<\/a><\/div>\n\n\t\t\t\t\t\t\t\t\n\t\t\t\t\t\t\t\t\t\t<div class=\"first-2\"><a href=\"https:\/\/bemypartner.es\/ca\/tag\/mercado-energetico-ca\/\">mercado energ\u00e9tico<\/a><\/div>\n\n\t\t\t\t\t\t\t\t\n\t\t\t\t\t\t\t\t\t\t<div class=\"first-2\"><a href=\"https:\/\/bemypartner.es\/ca\/tag\/primagas-ca\/\">Primagas<\/a><\/div>\n\n\t\t\t\t\t\t\t\t\n\t\t\t\t\t\t\t\t\t\t<div class=\"first-2\"><a href=\"https:\/\/bemypartner.es\/ca\/tag\/relaciones-con-medios-ca\/\">relaciones con medios<\/a><\/div>\n\n\t\t\t\t\t\t\t\t\n\t\t\t\t\t\t\t\t\t\t<div class=\"first-2\"><a href=\"https:\/\/bemypartner.es\/ca\/tag\/shv-energy-ca\/\">SHV Energy<\/a><\/div>\n\n\t\t\t\t\t\t\t\t\n\t\t\t\t\t\t\t\t\t\t<div class=\"first-2\"><a href=\"https:\/\/bemypartner.es\/ca\/tag\/zonas-rurales-ca\/\">zonas rurales<\/a><\/div>\n\n\t\t\t\t\t\t\t\t\n\t\t\t\t\t\t\t\t\n\n\t\t\t\t\t\t\t<\/div>\n\t\t\t\t\t\t\n                        <div class=\"vcpg-footer-right\">\n                            <div class=\"vcpg-comment-wrap\">\n                                <span><i class=\"icofont-comment\"><\/i> 0<\/span>\n                            <\/div>\n\n                            \n<div class=\"vcpg-social-share\">\n\t<a href=\"#\"><i class=\"icofont-share\"><\/i><\/a>\n\t<div class=\"vcpg-social-inner\">\n\t\t<ul>\n\t\t\t<li>\n\t\t\t\t<a target=\"_blank\" data-social=\"facebook\" title=\"Share on Facebook\" href=\"\/\/facebook.com\/sharer.php?u=https:\/\/bemypartner.es\/ca\/primagas-apuesta-por-bemypartner-para-gestionar-la-comunicacion-y-las-relaciones-con-medios\/\">\n\t\t\t\t\t<i class=\"icofont-facebook\"><\/i>\n\t\t\t\t<\/a>\n\t\t\t<\/li>\n\t\t\t<li>\n\t\t\t\t<a target=\"_blank\" data-social=\"pinterest\" title=\"Share on Pinterest\" href=\"\/\/pinterest.com\/pin\/create\/button\/?url=https:\/\/bemypartner.es\/ca\/primagas-apuesta-por-bemypartner-para-gestionar-la-comunicacion-y-las-relaciones-con-medios\/&amp;media=\">\n\t\t\t\t\t<i class=\"icofont-pinterest\"><\/i>\n\t\t\t\t<\/a>\n\t\t\t<\/li>\n\t\t\t<li>\n\t\t\t\t<a target=\"_blank\" data-social=\"twitter\" title=\"Share on Twitter\" href=\"\/\/twitter.com\/share?url=https:\/\/bemypartner.es\/ca\/primagas-apuesta-por-bemypartner-para-gestionar-la-comunicacion-y-las-relaciones-con-medios\/&text=Primagas apuesta por Bemypartner para gestionar la comunicaci\u00f3n y las relaciones con medios\">\n\t\t\t\t\t<i class=\"icofont-twitter\"><\/i>\n\t\t\t\t<\/a>\n\t\t\t<\/li>\n\t\t<\/ul>\n\t<\/div>\n<\/div>                        <\/div>\n\n\t\t\t\t\t<\/div>\n\n\t\t\t\t<\/div>\n\t\t\t<\/div>\n\t\t<\/div>\n\t<\/div>\n<\/div>\n\n<div id=\"row-single-4060\" class=\"vcpg-row-single cl-md-12 \">\n\t<div class=\"vcpg-post-item\">\n\t\t<div class=\"vcpg-row\">\n\t\t\t<div class=\"cl-md-4\">\n\t\t\t\t<div class=\"vcpg-post-photo\">\n\t\t\t\t\t\t\t\t\t\t\t<img decoding=\"async\" class=\"post-img lazyload\" data-src=\"https:\/\/bemypartner.es\/wp-content\/uploads\/2017\/11\/FOTO-NATALIA-e1508840547709-nge212bel0hj7j59r5drp9mr6w13jobohe71iqw7bc.jpg\" alt=\"Bemypartner incorpora a Natalia Virgili como Ejecutiva de Cuentas\" src=\"data:image\/svg+xml;base64,PHN2ZyB3aWR0aD0iMSIgaGVpZ2h0PSIxIiB4bWxucz0iaHR0cDovL3d3dy53My5vcmcvMjAwMC9zdmciPjwvc3ZnPg==\" style=\"--smush-placeholder-width: 748px; --smush-placeholder-aspect-ratio: 748\/308;\">\n\n\t\t\t\t\t\n\t\t\t\t<\/div>\n\t\t\t<\/div>\n\t\t\t<div class=\"cl-md-8\">\n\t\t\t\t<div class=\"vcpg-post-content\">\n\t\t\t\t\t<div class=\"vcpg-categories\"><a href=\"https:\/\/bemypartner.es\/ca\/category\/agencia-de-comunicacion-ca\/\">Agencia de comunicaci\u00f3n<\/a><\/div>\t\t\t\t\t<div class=\"vcpg-post-meta\">\n\t\t\t\t\t\t<div class=\"meta-left\">\n                            <div class=\"grid3-post-author\">\n\t\t\t\t\t\t\t\tby <strong>Bemypartner<\/strong>                            <\/div>\n                            <span class=\"publish-time\"><i class=\"icofont-clock-time\"><\/i> 18 d'octubre de 2017<\/span>\n                        <\/div>\n                        <div class=\"meta-right\">\n                            <span class=\"reading-time\"><i class=\"icofont-read-book-alt\"><\/i> 2 min to read<\/span>\n                        <\/div>\n\t\t\t\t\t<\/div>\n\n\t\t\t\t\t<div class=\"vcpg-post-desc\">\n\t\t\t\t\t\t\t\t\t\t\t\t\t<h3 class=\"vcpg-heading\"><a href=\"https:\/\/bemypartner.es\/ca\/bemypartner-incorpora-natalia-virgili-ejecutiva-cuentas\/\">Bemypartner incorpora a Natalia Virgili como Ejecutiva de Cuentas<\/a><\/h3>\n\t\t\t\t\t\t\n\t\t\t\t\t\t\t\t\t\t\t\t\t<p>\n\t\t\t\t\t\t\t\tLicenciada en Periodismo y especializada en comunicaci\u00f3n institucional, pol\u00edtica y corporativa, Natalia tambi\u00e9n dar\u00e1 apoyo al departamento de New Business La agencia sigue creciendo y, por ello, recientemente hemos incorporado&hellip;<a href=\"https:\/\/bemypartner.es\/ca\/bemypartner-incorpora-natalia-virgili-ejecutiva-cuentas\/\">Llegeix m\u00e9s ><\/a>\n\t\t\t\t\t\t\t<\/p>\n\t\t\t\t\t\t\t\t\t\t\t<\/div>\n\t\t\t\t\t<div class=\"vcpg-post-footer\">\n\t\t\t\t\t\t\t\t\t\t\t\t\t<div class=\"vcpg-post-tags\">\n\t\t\t\t\t\t\t\t<i class=\"icofont-tags\"><\/i>\n\t\t\t\t\t\t\t\t\n\t\t\t\t\t\t\t\t\t\t<div class=\"first-2\"><a href=\"https:\/\/bemypartner.es\/ca\/tag\/barcelona-ca\/\">Barcelona<\/a><\/div>\n\n\t\t\t\t\t\t\t\t\n\t\t\t\t\t\t\t\t\t\t<div class=\"first-2\"><a href=\"https:\/\/bemypartner.es\/ca\/tag\/bemypartner-agencia-de-comunicacion-ca\/\">Bemypartner agencia de comunicaci\u00f3n<\/a><\/div>\n\n\t\t\t\t\t\t\t\t\n\t\t\t\t\t\t\t\t\t\t<div class=\"first-2\"><a href=\"https:\/\/bemypartner.es\/ca\/tag\/bemypartner-equipo-ca\/\">Bemypartner equipo<\/a><\/div>\n\n\t\t\t\t\t\t\t\t\n\t\t\t\t\t\t\t\t\t\t<div class=\"first-2\"><a href=\"https:\/\/bemypartner.es\/ca\/tag\/comunicacion-corporativa-ca\/\">comunicaci\u00f3n corporativa<\/a><\/div>\n\n\t\t\t\t\t\t\t\t\n\t\t\t\t\t\t\t\t\t\t<div class=\"first-2\"><a href=\"https:\/\/bemypartner.es\/ca\/tag\/comunicacion-institucional-ca\/\">comunicaci\u00f3n institucional<\/a><\/div>\n\n\t\t\t\t\t\t\t\t\n\t\t\t\t\t\t\t\t\t\t<div class=\"first-2\"><a href=\"https:\/\/bemypartner.es\/ca\/tag\/comunicacion-politica-ca\/\">comunicaci\u00f3n pol\u00edtica<\/a><\/div>\n\n\t\t\t\t\t\t\t\t\n\t\t\t\t\t\t\t\t\t\t<div class=\"first-2\"><a href=\"https:\/\/bemypartner.es\/ca\/tag\/ejecutiva-de-cuentas-ca\/\">ejecutiva de cuentas<\/a><\/div>\n\n\t\t\t\t\t\t\t\t\n\t\t\t\t\t\t\t\t\t\t<div class=\"first-2\"><a href=\"https:\/\/bemypartner.es\/ca\/tag\/esade-ca\/\">ESADE<\/a><\/div>\n\n\t\t\t\t\t\t\t\t\n\t\t\t\t\t\t\t\t\t\t<div class=\"first-2\"><a href=\"https:\/\/bemypartner.es\/ca\/tag\/evercom-ca\/\">EVERCOM<\/a><\/div>\n\n\t\t\t\t\t\t\t\t\n\t\t\t\t\t\t\t\t\t\t<div class=\"first-2\"><a href=\"https:\/\/bemypartner.es\/ca\/tag\/madrid-ca\/\">Madrid<\/a><\/div>\n\n\t\t\t\t\t\t\t\t\n\t\t\t\t\t\t\t\t\t\t<div class=\"first-2\"><a href=\"https:\/\/bemypartner.es\/ca\/tag\/new-business-ca\/\">new business<\/a><\/div>\n\n\t\t\t\t\t\t\t\t\n\t\t\t\t\t\t\t\t\t\t<div class=\"first-2\"><a href=\"https:\/\/bemypartner.es\/ca\/tag\/periodismo-ca\/\">periodismo<\/a><\/div>\n\n\t\t\t\t\t\t\t\t\n\t\t\t\t\t\t\t\t\t\t<div class=\"first-2\"><a href=\"https:\/\/bemypartner.es\/ca\/tag\/universidad-autonoma-barcelona-ca\/\">Universidad Aut\u00f3noma Barcelona<\/a><\/div>\n\n\t\t\t\t\t\t\t\t\n\t\t\t\t\t\t\t\t\t\t<div class=\"first-2\"><a href=\"https:\/\/bemypartner.es\/ca\/tag\/universidad-carlos-iii-madrid-ca\/\">Universidad Carlos III Madrid<\/a><\/div>\n\n\t\t\t\t\t\t\t\t\n\t\t\t\t\t\t\t\t\n\n\t\t\t\t\t\t\t<\/div>\n\t\t\t\t\t\t\n                        <div class=\"vcpg-footer-right\">\n                            <div class=\"vcpg-comment-wrap\">\n                                <span><i class=\"icofont-comment\"><\/i> 0<\/span>\n                            <\/div>\n\n                            \n<div class=\"vcpg-social-share\">\n\t<a href=\"#\"><i class=\"icofont-share\"><\/i><\/a>\n\t<div class=\"vcpg-social-inner\">\n\t\t<ul>\n\t\t\t<li>\n\t\t\t\t<a target=\"_blank\" data-social=\"facebook\" title=\"Share on Facebook\" href=\"\/\/facebook.com\/sharer.php?u=https:\/\/bemypartner.es\/ca\/bemypartner-incorpora-natalia-virgili-ejecutiva-cuentas\/\">\n\t\t\t\t\t<i class=\"icofont-facebook\"><\/i>\n\t\t\t\t<\/a>\n\t\t\t<\/li>\n\t\t\t<li>\n\t\t\t\t<a target=\"_blank\" data-social=\"pinterest\" title=\"Share on Pinterest\" href=\"\/\/pinterest.com\/pin\/create\/button\/?url=https:\/\/bemypartner.es\/ca\/bemypartner-incorpora-natalia-virgili-ejecutiva-cuentas\/&amp;media=\">\n\t\t\t\t\t<i class=\"icofont-pinterest\"><\/i>\n\t\t\t\t<\/a>\n\t\t\t<\/li>\n\t\t\t<li>\n\t\t\t\t<a target=\"_blank\" data-social=\"twitter\" title=\"Share on Twitter\" href=\"\/\/twitter.com\/share?url=https:\/\/bemypartner.es\/ca\/bemypartner-incorpora-natalia-virgili-ejecutiva-cuentas\/&text=Bemypartner incorpora a Natalia Virgili como Ejecutiva de Cuentas\">\n\t\t\t\t\t<i class=\"icofont-twitter\"><\/i>\n\t\t\t\t<\/a>\n\t\t\t<\/li>\n\t\t<\/ul>\n\t<\/div>\n<\/div>                        <\/div>\n\n\t\t\t\t\t<\/div>\n\n\t\t\t\t<\/div>\n\t\t\t<\/div>\n\t\t<\/div>\n\t<\/div>\n<\/div>\n\n<div id=\"row-single-4062\" class=\"vcpg-row-single cl-md-12 \">\n\t<div class=\"vcpg-post-item\">\n\t\t<div class=\"vcpg-row\">\n\t\t\t<div class=\"cl-md-4\">\n\t\t\t\t<div class=\"vcpg-post-photo\">\n\t\t\t\t\t\t\t\t\t\t\t<img decoding=\"async\" class=\"post-img lazyload\" data-src=\"https:\/\/bemypartner.es\/wp-content\/uploads\/2017\/11\/Sylvia-Taudien-durante-la-International-HR-Conference-BCN-nge2gb95g9czjszwpqnw5f3y3wvgewux8v6lscaadk.jpg\" alt=\"\u00c9xito de la 4th International HR Conference Barcelona\" src=\"data:image\/svg+xml;base64,PHN2ZyB3aWR0aD0iMSIgaGVpZ2h0PSIxIiB4bWxucz0iaHR0cDovL3d3dy53My5vcmcvMjAwMC9zdmciPjwvc3ZnPg==\" style=\"--smush-placeholder-width: 748px; --smush-placeholder-aspect-ratio: 748\/308;\">\n\n\t\t\t\t\t\n\t\t\t\t<\/div>\n\t\t\t<\/div>\n\t\t\t<div class=\"cl-md-8\">\n\t\t\t\t<div class=\"vcpg-post-content\">\n\t\t\t\t\t<div class=\"vcpg-categories\"><a href=\"https:\/\/bemypartner.es\/ca\/category\/agencia-de-comunicacion-ca\/\">Agencia de comunicaci\u00f3n<\/a><a href=\"https:\/\/bemypartner.es\/ca\/category\/comunicacion-ca\/\">Comunicaci\u00f3n<\/a><a href=\"https:\/\/bemypartner.es\/ca\/category\/eventos-ca\/\">Eventos<\/a><a href=\"https:\/\/bemypartner.es\/ca\/category\/relaciones-publicas-ca\/\">Relaciones P\u00fablicas<\/a><\/div>\t\t\t\t\t<div class=\"vcpg-post-meta\">\n\t\t\t\t\t\t<div class=\"meta-left\">\n                            <div class=\"grid3-post-author\">\n\t\t\t\t\t\t\t\tby <strong>Bemypartner<\/strong>                            <\/div>\n                            <span class=\"publish-time\"><i class=\"icofont-clock-time\"><\/i> 09 d'octubre de 2017<\/span>\n                        <\/div>\n                        <div class=\"meta-right\">\n                            <span class=\"reading-time\"><i class=\"icofont-read-book-alt\"><\/i> 2 min to read<\/span>\n                        <\/div>\n\t\t\t\t\t<\/div>\n\n\t\t\t\t\t<div class=\"vcpg-post-desc\">\n\t\t\t\t\t\t\t\t\t\t\t\t\t<h3 class=\"vcpg-heading\"><a href=\"https:\/\/bemypartner.es\/ca\/exito-la-4th-international-hr-conference-barcelona\/\">\u00c9xito de la 4th International HR Conference Barcelona<\/a><\/h3>\n\t\t\t\t\t\t\n\t\t\t\t\t\t\t\t\t\t\t\t\t<p>\n\t\t\t\t\t\t\t\tM\u00e1s de 200 directivos de 30 pa\u00edses han asistido al evento organizado por Advantage Consultores Barcelona se consolida como hub global de los Recursos Humanos tras el \u00e9xito de la&hellip;<a href=\"https:\/\/bemypartner.es\/ca\/exito-la-4th-international-hr-conference-barcelona\/\">Llegeix m\u00e9s ><\/a>\n\t\t\t\t\t\t\t<\/p>\n\t\t\t\t\t\t\t\t\t\t\t<\/div>\n\t\t\t\t\t<div class=\"vcpg-post-footer\">\n\t\t\t\t\t\t\t\t\t\t\t\t\t<div class=\"vcpg-post-tags\">\n\t\t\t\t\t\t\t\t<i class=\"icofont-tags\"><\/i>\n\t\t\t\t\t\t\t\t\n\t\t\t\t\t\t\t\t\t\t<div class=\"first-2\"><a href=\"https:\/\/bemypartner.es\/ca\/tag\/advantage-consultores-ca\/\">Advantage Consultores<\/a><\/div>\n\n\t\t\t\t\t\t\t\t\n\t\t\t\t\t\t\t\t\t\t<div class=\"first-2\"><a href=\"https:\/\/bemypartner.es\/ca\/tag\/barcelona-ca\/\">Barcelona<\/a><\/div>\n\n\t\t\t\t\t\t\t\t\n\t\t\t\t\t\t\t\t\t\t<div class=\"first-2\"><a href=\"https:\/\/bemypartner.es\/ca\/tag\/directivos-ca\/\">directivos<\/a><\/div>\n\n\t\t\t\t\t\t\t\t\n\t\t\t\t\t\t\t\t\t\t<div class=\"first-2\"><a href=\"https:\/\/bemypartner.es\/ca\/tag\/evento-ca\/\">evento<\/a><\/div>\n\n\t\t\t\t\t\t\t\t\n\t\t\t\t\t\t\t\t\t\t<div class=\"first-2\"><a href=\"https:\/\/bemypartner.es\/ca\/tag\/gabinete-de-prensa-ca\/\">gabinete de prensa<\/a><\/div>\n\n\t\t\t\t\t\t\t\t\n\t\t\t\t\t\t\t\t\t\t<div class=\"first-2\"><a href=\"https:\/\/bemypartner.es\/ca\/tag\/international-hr-conference-barcelona-ca\/\">International HR Conference Barcelona<\/a><\/div>\n\n\t\t\t\t\t\t\t\t\n\t\t\t\t\t\t\t\t\t\t<div class=\"first-2\"><a href=\"https:\/\/bemypartner.es\/ca\/tag\/recursos-humanos-ca\/\">Recursos Humanos<\/a><\/div>\n\n\t\t\t\t\t\t\t\t\n\t\t\t\t\t\t\t\t\t\t<div class=\"first-2\"><a href=\"https:\/\/bemypartner.es\/ca\/tag\/rrhh-ca\/\">RRHH<\/a><\/div>\n\n\t\t\t\t\t\t\t\t\n\t\t\t\t\t\t\t\t\t\t<div class=\"first-2\"><a href=\"https:\/\/bemypartner.es\/ca\/tag\/speakers-ca\/\">speakers<\/a><\/div>\n\n\t\t\t\t\t\t\t\t\n\t\t\t\t\t\t\t\t\t\t<div class=\"first-2\"><a href=\"https:\/\/bemypartner.es\/ca\/tag\/sylvia-taudien-ca\/\">Sylvia Taudien<\/a><\/div>\n\n\t\t\t\t\t\t\t\t\n\t\t\t\t\t\t\t\t\n\n\t\t\t\t\t\t\t<\/div>\n\t\t\t\t\t\t\n                        <div class=\"vcpg-footer-right\">\n                            <div class=\"vcpg-comment-wrap\">\n                                <span><i class=\"icofont-comment\"><\/i> 0<\/span>\n                            <\/div>\n\n                            \n<div class=\"vcpg-social-share\">\n\t<a href=\"#\"><i class=\"icofont-share\"><\/i><\/a>\n\t<div class=\"vcpg-social-inner\">\n\t\t<ul>\n\t\t\t<li>\n\t\t\t\t<a target=\"_blank\" data-social=\"facebook\" title=\"Share on Facebook\" href=\"\/\/facebook.com\/sharer.php?u=https:\/\/bemypartner.es\/ca\/exito-la-4th-international-hr-conference-barcelona\/\">\n\t\t\t\t\t<i class=\"icofont-facebook\"><\/i>\n\t\t\t\t<\/a>\n\t\t\t<\/li>\n\t\t\t<li>\n\t\t\t\t<a target=\"_blank\" data-social=\"pinterest\" title=\"Share on Pinterest\" href=\"\/\/pinterest.com\/pin\/create\/button\/?url=https:\/\/bemypartner.es\/ca\/exito-la-4th-international-hr-conference-barcelona\/&amp;media=\">\n\t\t\t\t\t<i class=\"icofont-pinterest\"><\/i>\n\t\t\t\t<\/a>\n\t\t\t<\/li>\n\t\t\t<li>\n\t\t\t\t<a target=\"_blank\" data-social=\"twitter\" title=\"Share on Twitter\" href=\"\/\/twitter.com\/share?url=https:\/\/bemypartner.es\/ca\/exito-la-4th-international-hr-conference-barcelona\/&text=\u00c9xito de la 4th International HR Conference Barcelona\">\n\t\t\t\t\t<i class=\"icofont-twitter\"><\/i>\n\t\t\t\t<\/a>\n\t\t\t<\/li>\n\t\t<\/ul>\n\t<\/div>\n<\/div>                        <\/div>\n\n\t\t\t\t\t<\/div>\n\n\t\t\t\t<\/div>\n\t\t\t<\/div>\n\t\t<\/div>\n\t<\/div>\n<\/div>\n\n<div id=\"row-single-4122\" class=\"vcpg-row-single cl-md-12 \">\n\t<div class=\"vcpg-post-item\">\n\t\t<div class=\"vcpg-row\">\n\t\t\t<div class=\"cl-md-4\">\n\t\t\t\t<div class=\"vcpg-post-photo\">\n\t\t\t\t\t\t\t\t\t\t\t<img decoding=\"async\" class=\"post-img lazyload\" data-src=\"https:\/\/bemypartner.es\/wp-content\/uploads\/2017\/11\/relaciones-p\u00fablicas-na0p8msg739ovz9mglwy0v4amjzx0ajb620va66brc.jpg\" alt=\"\u00bfRelaciones p\u00fablicas? M\u00e1s importantes que nunca\" src=\"data:image\/svg+xml;base64,PHN2ZyB3aWR0aD0iMSIgaGVpZ2h0PSIxIiB4bWxucz0iaHR0cDovL3d3dy53My5vcmcvMjAwMC9zdmciPjwvc3ZnPg==\" style=\"--smush-placeholder-width: 748px; --smush-placeholder-aspect-ratio: 748\/308;\">\n\n\t\t\t\t\t\n\t\t\t\t<\/div>\n\t\t\t<\/div>\n\t\t\t<div class=\"cl-md-8\">\n\t\t\t\t<div class=\"vcpg-post-content\">\n\t\t\t\t\t<div class=\"vcpg-categories\"><a href=\"https:\/\/bemypartner.es\/ca\/category\/agencia-de-comunicacion-ca\/\">Agencia de comunicaci\u00f3n<\/a><a href=\"https:\/\/bemypartner.es\/ca\/category\/comunicacion-ca\/\">Comunicaci\u00f3n<\/a><a href=\"https:\/\/bemypartner.es\/ca\/category\/destacadas-ca\/\">Destacadas<\/a><a href=\"https:\/\/bemypartner.es\/ca\/category\/relaciones-publicas-ca\/\">Relaciones P\u00fablicas<\/a><\/div>\t\t\t\t\t<div class=\"vcpg-post-meta\">\n\t\t\t\t\t\t<div class=\"meta-left\">\n                            <div class=\"grid3-post-author\">\n\t\t\t\t\t\t\t\tby <strong>Bemypartner<\/strong>                            <\/div>\n                            <span class=\"publish-time\"><i class=\"icofont-clock-time\"><\/i> 05 de juliol de 2017<\/span>\n                        <\/div>\n                        <div class=\"meta-right\">\n                            <span class=\"reading-time\"><i class=\"icofont-read-book-alt\"><\/i> 5 min to read<\/span>\n                        <\/div>\n\t\t\t\t\t<\/div>\n\n\t\t\t\t\t<div class=\"vcpg-post-desc\">\n\t\t\t\t\t\t\t\t\t\t\t\t\t<h3 class=\"vcpg-heading\"><a href=\"https:\/\/bemypartner.es\/ca\/relaciones-publicas-mas-importantes-nunca\/\">\u00bfRelaciones p\u00fablicas? M\u00e1s importantes que nunca<\/a><\/h3>\n\t\t\t\t\t\t\n\t\t\t\t\t\t\t\t\t\t\t\t\t<p>\n\t\t\t\t\t\t\t\tLas relaciones p\u00fablicas tienen un papel imprescindible en la estrategia empresarial Por Montserrat Arias, fundadora y CEO de Bemypartner. Vivimos en un mundo digital, permanentemente conectados. Estamos enganchados al m\u00f3vil&hellip;<a href=\"https:\/\/bemypartner.es\/ca\/relaciones-publicas-mas-importantes-nunca\/\">Llegeix m\u00e9s ><\/a>\n\t\t\t\t\t\t\t<\/p>\n\t\t\t\t\t\t\t\t\t\t\t<\/div>\n\t\t\t\t\t<div class=\"vcpg-post-footer\">\n\t\t\t\t\t\t\t\t\t\t\t\t\t<div class=\"vcpg-post-tags\">\n\t\t\t\t\t\t\t\t<i class=\"icofont-tags\"><\/i>\n\t\t\t\t\t\t\t\t\n\t\t\t\t\t\t\t\t\t\t<div class=\"first-2\"><a href=\"https:\/\/bemypartner.es\/ca\/tag\/blogs-ca\/\">blogs<\/a><\/div>\n\n\t\t\t\t\t\t\t\t\n\t\t\t\t\t\t\t\t\t\t<div class=\"first-2\"><a href=\"https:\/\/bemypartner.es\/ca\/tag\/comunicacion-ca\/\">comunicaci\u00f3n<\/a><\/div>\n\n\t\t\t\t\t\t\t\t\n\t\t\t\t\t\t\t\t\t\t<div class=\"first-2\"><a href=\"https:\/\/bemypartner.es\/ca\/tag\/consumidores-ca\/\">consumidores<\/a><\/div>\n\n\t\t\t\t\t\t\t\t\n\t\t\t\t\t\t\t\t\t\t<div class=\"first-2\"><a href=\"https:\/\/bemypartner.es\/ca\/tag\/influencers-ca\/\">influencers<\/a><\/div>\n\n\t\t\t\t\t\t\t\t\n\t\t\t\t\t\t\t\t\t\t<div class=\"first-2\"><a href=\"https:\/\/bemypartner.es\/ca\/tag\/marca-ca\/\">marca<\/a><\/div>\n\n\t\t\t\t\t\t\t\t\n\t\t\t\t\t\t\t\t\t\t<div class=\"first-2\"><a href=\"https:\/\/bemypartner.es\/ca\/tag\/medios-de-comunicacion-ca\/\">medios de comunicaci\u00f3n<\/a><\/div>\n\n\t\t\t\t\t\t\t\t\n\t\t\t\t\t\t\t\t\t\t<div class=\"first-2\"><a href=\"https:\/\/bemypartner.es\/ca\/tag\/plataforma-de-comunicacion-ca\/\">plataforma de comunicaci\u00f3n<\/a><\/div>\n\n\t\t\t\t\t\t\t\t\n\t\t\t\t\t\t\t\t\t\t<div class=\"first-2\"><a href=\"https:\/\/bemypartner.es\/ca\/tag\/publicos-ca\/\">P\u00fablicos<\/a><\/div>\n\n\t\t\t\t\t\t\t\t\n\t\t\t\t\t\t\t\t\t\t<div class=\"first-2\"><a href=\"https:\/\/bemypartner.es\/ca\/tag\/redes-sociales-ca\/\">Redes Sociales<\/a><\/div>\n\n\t\t\t\t\t\t\t\t\n\t\t\t\t\t\t\t\t\t\t<div class=\"first-2\"><a href=\"https:\/\/bemypartner.es\/ca\/tag\/relaciones-publicas-ca\/\">relaciones p\u00fablicas<\/a><\/div>\n\n\t\t\t\t\t\t\t\t\n\t\t\t\t\t\t\t\t\t\t<div class=\"first-2\"><a href=\"https:\/\/bemypartner.es\/ca\/tag\/reputacion-ca\/\">reputaci\u00f3n<\/a><\/div>\n\n\t\t\t\t\t\t\t\t\n\t\t\t\t\t\t\t\t\t\t<div class=\"first-2\"><a href=\"https:\/\/bemypartner.es\/ca\/tag\/rr-pp-ca\/\">RR.PP.<\/a><\/div>\n\n\t\t\t\t\t\t\t\t\n\t\t\t\t\t\t\t\t\t\t<div class=\"first-2\"><a href=\"https:\/\/bemypartner.es\/ca\/tag\/seo-ca\/\">SEO<\/a><\/div>\n\n\t\t\t\t\t\t\t\t\n\t\t\t\t\t\t\t\t\t\t<div class=\"first-2\"><a href=\"https:\/\/bemypartner.es\/ca\/tag\/stakeholders-ca\/\">stakeholders<\/a><\/div>\n\n\t\t\t\t\t\t\t\t\n\t\t\t\t\t\t\t\t\t\t<div class=\"first-2\"><a href=\"https:\/\/bemypartner.es\/ca\/tag\/talento-ca\/\">talento<\/a><\/div>\n\n\t\t\t\t\t\t\t\t\n\t\t\t\t\t\t\t\t\t\t<div class=\"first-2\"><a href=\"https:\/\/bemypartner.es\/ca\/tag\/web-ca\/\">web<\/a><\/div>\n\n\t\t\t\t\t\t\t\t\n\t\t\t\t\t\t\t\t\n\n\t\t\t\t\t\t\t<\/div>\n\t\t\t\t\t\t\n                        <div class=\"vcpg-footer-right\">\n                            <div class=\"vcpg-comment-wrap\">\n                                <span><i class=\"icofont-comment\"><\/i> 0<\/span>\n                            <\/div>\n\n                            \n<div class=\"vcpg-social-share\">\n\t<a href=\"#\"><i class=\"icofont-share\"><\/i><\/a>\n\t<div class=\"vcpg-social-inner\">\n\t\t<ul>\n\t\t\t<li>\n\t\t\t\t<a target=\"_blank\" data-social=\"facebook\" title=\"Share on Facebook\" href=\"\/\/facebook.com\/sharer.php?u=https:\/\/bemypartner.es\/ca\/relaciones-publicas-mas-importantes-nunca\/\">\n\t\t\t\t\t<i class=\"icofont-facebook\"><\/i>\n\t\t\t\t<\/a>\n\t\t\t<\/li>\n\t\t\t<li>\n\t\t\t\t<a target=\"_blank\" data-social=\"pinterest\" title=\"Share on Pinterest\" href=\"\/\/pinterest.com\/pin\/create\/button\/?url=https:\/\/bemypartner.es\/ca\/relaciones-publicas-mas-importantes-nunca\/&amp;media=\">\n\t\t\t\t\t<i class=\"icofont-pinterest\"><\/i>\n\t\t\t\t<\/a>\n\t\t\t<\/li>\n\t\t\t<li>\n\t\t\t\t<a target=\"_blank\" data-social=\"twitter\" title=\"Share on Twitter\" href=\"\/\/twitter.com\/share?url=https:\/\/bemypartner.es\/ca\/relaciones-publicas-mas-importantes-nunca\/&text=\u00bfRelaciones p\u00fablicas? M\u00e1s importantes que nunca\">\n\t\t\t\t\t<i class=\"icofont-twitter\"><\/i>\n\t\t\t\t<\/a>\n\t\t\t<\/li>\n\t\t<\/ul>\n\t<\/div>\n<\/div>                        <\/div>\n\n\t\t\t\t\t<\/div>\n\n\t\t\t\t<\/div>\n\t\t\t<\/div>\n\t\t<\/div>\n\t<\/div>\n<\/div>\n\n<div id=\"row-single-4123\" class=\"vcpg-row-single cl-md-12 \">\n\t<div class=\"vcpg-post-item\">\n\t\t<div class=\"vcpg-row\">\n\t\t\t<div class=\"cl-md-4\">\n\t\t\t\t<div class=\"vcpg-post-photo\">\n\t\t\t\t\t\t\t\t\t\t\t<img decoding=\"async\" class=\"post-img lazyload\" data-src=\"https:\/\/bemypartner.es\/wp-content\/uploads\/2017\/11\/DE0622_Sully_Alex_1333_CK15_RT-e1497518287524-na1y8g3xn0o88qe9vs61v3yfgo4zmv357e5lu8gl54.jpg\" alt=\"Campa\u00f1a con influencers para Purina Dentalife\" src=\"data:image\/svg+xml;base64,PHN2ZyB3aWR0aD0iMSIgaGVpZ2h0PSIxIiB4bWxucz0iaHR0cDovL3d3dy53My5vcmcvMjAwMC9zdmciPjwvc3ZnPg==\" style=\"--smush-placeholder-width: 748px; --smush-placeholder-aspect-ratio: 748\/308;\">\n\n\t\t\t\t\t\n\t\t\t\t<\/div>\n\t\t\t<\/div>\n\t\t\t<div class=\"cl-md-8\">\n\t\t\t\t<div class=\"vcpg-post-content\">\n\t\t\t\t\t<div class=\"vcpg-categories\"><a href=\"https:\/\/bemypartner.es\/ca\/category\/agencia-de-comunicacion-ca\/\">Agencia de comunicaci\u00f3n<\/a><a href=\"https:\/\/bemypartner.es\/ca\/category\/campanas-ca\/\">Campa\u00f1as<\/a><\/div>\t\t\t\t\t<div class=\"vcpg-post-meta\">\n\t\t\t\t\t\t<div class=\"meta-left\">\n                            <div class=\"grid3-post-author\">\n\t\t\t\t\t\t\t\tby <strong>Bemypartner<\/strong>                            <\/div>\n                            <span class=\"publish-time\"><i class=\"icofont-clock-time\"><\/i> 15 de juny de 2017<\/span>\n                        <\/div>\n                        <div class=\"meta-right\">\n                            <span class=\"reading-time\"><i class=\"icofont-read-book-alt\"><\/i> 2 min to read<\/span>\n                        <\/div>\n\t\t\t\t\t<\/div>\n\n\t\t\t\t\t<div class=\"vcpg-post-desc\">\n\t\t\t\t\t\t\t\t\t\t\t\t\t<h3 class=\"vcpg-heading\"><a href=\"https:\/\/bemypartner.es\/ca\/campana-influencers-purina-dentalife\/\">Campa\u00f1a con influencers para Purina Dentalife<\/a><\/h3>\n\t\t\t\t\t\t\n\t\t\t\t\t\t\t\t\t\t\t\t\t<p>\n\t\t\t\t\t\t\t\tObjetivo: crear awareness sobre el nuevo producto y sobre la importancia de cuidar la salud dental de las mascotas Purina ha llevado a cabo recientemente una campa\u00f1a con influencers para&hellip;<a href=\"https:\/\/bemypartner.es\/ca\/campana-influencers-purina-dentalife\/\">Llegeix m\u00e9s ><\/a>\n\t\t\t\t\t\t\t<\/p>\n\t\t\t\t\t\t\t\t\t\t\t<\/div>\n\t\t\t\t\t<div class=\"vcpg-post-footer\">\n\t\t\t\t\t\t\t\t\t\t\t\t\t<div class=\"vcpg-post-tags\">\n\t\t\t\t\t\t\t\t<i class=\"icofont-tags\"><\/i>\n\t\t\t\t\t\t\t\t\n\t\t\t\t\t\t\t\t\t\t<div class=\"first-2\"><a href=\"https:\/\/bemypartner.es\/ca\/tag\/agencia-de-comunicacion-ca\/\">agencia de comunicaci\u00f3n<\/a><\/div>\n\n\t\t\t\t\t\t\t\t\n\t\t\t\t\t\t\t\t\t\t<div class=\"first-2\"><a href=\"https:\/\/bemypartner.es\/ca\/tag\/awareness-ca\/\">awareness<\/a><\/div>\n\n\t\t\t\t\t\t\t\t\n\t\t\t\t\t\t\t\t\t\t<div class=\"first-2\"><a href=\"https:\/\/bemypartner.es\/ca\/tag\/campana-con-influencers-ca\/\">campa\u00f1a con influencers<\/a><\/div>\n\n\t\t\t\t\t\t\t\t\n\t\t\t\t\t\t\t\t\t\t<div class=\"first-2\"><a href=\"https:\/\/bemypartner.es\/ca\/tag\/campana-de-comunicacion-ca\/\">campa\u00f1a de comunicaci\u00f3n<\/a><\/div>\n\n\t\t\t\t\t\t\t\t\n\t\t\t\t\t\t\t\t\t\t<div class=\"first-2\"><a href=\"https:\/\/bemypartner.es\/ca\/tag\/influencers-ca\/\">influencers<\/a><\/div>\n\n\t\t\t\t\t\t\t\t\n\t\t\t\t\t\t\t\t\t\t<div class=\"first-2\"><a href=\"https:\/\/bemypartner.es\/ca\/tag\/mascotas-ca\/\">mascotas<\/a><\/div>\n\n\t\t\t\t\t\t\t\t\n\t\t\t\t\t\t\t\t\t\t<div class=\"first-2\"><a href=\"https:\/\/bemypartner.es\/ca\/tag\/producto-ca\/\">producto<\/a><\/div>\n\n\t\t\t\t\t\t\t\t\n\t\t\t\t\t\t\t\t\t\t<div class=\"first-2\"><a href=\"https:\/\/bemypartner.es\/ca\/tag\/publico-ca\/\">p\u00fablico<\/a><\/div>\n\n\t\t\t\t\t\t\t\t\n\t\t\t\t\t\t\t\t\t\t<div class=\"first-2\"><a href=\"https:\/\/bemypartner.es\/ca\/tag\/purina-ca\/\">purina<\/a><\/div>\n\n\t\t\t\t\t\t\t\t\n\t\t\t\t\t\t\t\t\t\t<div class=\"first-2\"><a href=\"https:\/\/bemypartner.es\/ca\/tag\/purina-dentalife-ca\/\">Purina Dentalife<\/a><\/div>\n\n\t\t\t\t\t\t\t\t\n\t\t\t\t\t\t\t\t\t\t<div class=\"first-2\"><a href=\"https:\/\/bemypartner.es\/ca\/tag\/snack-dental-ca\/\">snack dental<\/a><\/div>\n\n\t\t\t\t\t\t\t\t\n\t\t\t\t\t\t\t\t\n\n\t\t\t\t\t\t\t<\/div>\n\t\t\t\t\t\t\n                        <div class=\"vcpg-footer-right\">\n                            <div class=\"vcpg-comment-wrap\">\n                                <span><i class=\"icofont-comment\"><\/i> 0<\/span>\n                            <\/div>\n\n                            \n<div class=\"vcpg-social-share\">\n\t<a href=\"#\"><i class=\"icofont-share\"><\/i><\/a>\n\t<div class=\"vcpg-social-inner\">\n\t\t<ul>\n\t\t\t<li>\n\t\t\t\t<a target=\"_blank\" data-social=\"facebook\" title=\"Share on Facebook\" href=\"\/\/facebook.com\/sharer.php?u=https:\/\/bemypartner.es\/ca\/campana-influencers-purina-dentalife\/\">\n\t\t\t\t\t<i class=\"icofont-facebook\"><\/i>\n\t\t\t\t<\/a>\n\t\t\t<\/li>\n\t\t\t<li>\n\t\t\t\t<a target=\"_blank\" data-social=\"pinterest\" title=\"Share on Pinterest\" href=\"\/\/pinterest.com\/pin\/create\/button\/?url=https:\/\/bemypartner.es\/ca\/campana-influencers-purina-dentalife\/&amp;media=\">\n\t\t\t\t\t<i class=\"icofont-pinterest\"><\/i>\n\t\t\t\t<\/a>\n\t\t\t<\/li>\n\t\t\t<li>\n\t\t\t\t<a target=\"_blank\" data-social=\"twitter\" title=\"Share on Twitter\" href=\"\/\/twitter.com\/share?url=https:\/\/bemypartner.es\/ca\/campana-influencers-purina-dentalife\/&text=Campa\u00f1a con influencers para Purina Dentalife\">\n\t\t\t\t\t<i class=\"icofont-twitter\"><\/i>\n\t\t\t\t<\/a>\n\t\t\t<\/li>\n\t\t<\/ul>\n\t<\/div>\n<\/div>                        <\/div>\n\n\t\t\t\t\t<\/div>\n\n\t\t\t\t<\/div>\n\t\t\t<\/div>\n\t\t<\/div>\n\t<\/div>\n<\/div>\n\n<div id=\"row-single-4124\" class=\"vcpg-row-single cl-md-12 \">\n\t<div class=\"vcpg-post-item\">\n\t\t<div class=\"vcpg-row\">\n\t\t\t<div class=\"cl-md-4\">\n\t\t\t\t<div class=\"vcpg-post-photo\">\n\t\t\t\t\t\t\t\t\t\t\t<img decoding=\"async\" class=\"post-img lazyload\" data-src=\"https:\/\/bemypartner.es\/wp-content\/uploads\/2017\/11\/18672898_711413395727816_4172394464967487816_o-na0pp8lsxq01zz59hsbo2o9gfm5czsglg8xoi5jxu0.jpg\" alt=\"Acompa\u00f1amos a la Fundaci\u00f3 Factor Hum\u00e0 en el evento de entrega del 9\u00ba Premio Factor Hum\u00e0 Merc\u00e8 Sala\" src=\"data:image\/svg+xml;base64,PHN2ZyB3aWR0aD0iMSIgaGVpZ2h0PSIxIiB4bWxucz0iaHR0cDovL3d3dy53My5vcmcvMjAwMC9zdmciPjwvc3ZnPg==\" style=\"--smush-placeholder-width: 748px; --smush-placeholder-aspect-ratio: 748\/308;\">\n\n\t\t\t\t\t\n\t\t\t\t<\/div>\n\t\t\t<\/div>\n\t\t\t<div class=\"cl-md-8\">\n\t\t\t\t<div class=\"vcpg-post-content\">\n\t\t\t\t\t<div class=\"vcpg-categories\"><a href=\"https:\/\/bemypartner.es\/ca\/category\/agencia-de-comunicacion-ca\/\">Agencia de comunicaci\u00f3n<\/a><a href=\"https:\/\/bemypartner.es\/ca\/category\/eventos-ca\/\">Eventos<\/a><a href=\"https:\/\/bemypartner.es\/ca\/category\/relaciones-publicas-ca\/\">Relaciones P\u00fablicas<\/a><\/div>\t\t\t\t\t<div class=\"vcpg-post-meta\">\n\t\t\t\t\t\t<div class=\"meta-left\">\n                            <div class=\"grid3-post-author\">\n\t\t\t\t\t\t\t\tby <strong>Bemypartner<\/strong>                            <\/div>\n                            <span class=\"publish-time\"><i class=\"icofont-clock-time\"><\/i> 31 de maig de 2017<\/span>\n                        <\/div>\n                        <div class=\"meta-right\">\n                            <span class=\"reading-time\"><i class=\"icofont-read-book-alt\"><\/i> 2 min to read<\/span>\n                        <\/div>\n\t\t\t\t\t<\/div>\n\n\t\t\t\t\t<div class=\"vcpg-post-desc\">\n\t\t\t\t\t\t\t\t\t\t\t\t\t<h3 class=\"vcpg-heading\"><a href=\"https:\/\/bemypartner.es\/ca\/acompanamos-la-fundacio-factor-huma-evento-entrega-del-9o-premio-factor-huma-merce-sala\/\">Acompa\u00f1amos a la Fundaci\u00f3 Factor Hum\u00e0 en el evento de entrega del 9\u00ba Premio Factor Hum\u00e0 Merc\u00e8 Sala<\/a><\/h3>\n\t\t\t\t\t\t\n\t\t\t\t\t\t\t\t\t\t\t\t\t<p>\n\t\t\t\t\t\t\t\tUn evento en el que se premi\u00f3 a la Fundaci\u00f3n Ampans y que congreg\u00f3 a cerca de 300 directivos y personalidades de la sociedad catalana El pasado 24 de mayo,&hellip;<a href=\"https:\/\/bemypartner.es\/ca\/acompanamos-la-fundacio-factor-huma-evento-entrega-del-9o-premio-factor-huma-merce-sala\/\">Llegeix m\u00e9s ><\/a>\n\t\t\t\t\t\t\t<\/p>\n\t\t\t\t\t\t\t\t\t\t\t<\/div>\n\t\t\t\t\t<div class=\"vcpg-post-footer\">\n\t\t\t\t\t\t\t\t\t\t\t\t\t<div class=\"vcpg-post-tags\">\n\t\t\t\t\t\t\t\t<i class=\"icofont-tags\"><\/i>\n\t\t\t\t\t\t\t\t\n\t\t\t\t\t\t\t\t\t\t<div class=\"first-2\"><a href=\"https:\/\/bemypartner.es\/ca\/tag\/auditorio-caixa-forum-ca\/\">Auditorio Caixa F\u00f2rum<\/a><\/div>\n\n\t\t\t\t\t\t\t\t\n\t\t\t\t\t\t\t\t\t\t<div class=\"first-2\"><a href=\"https:\/\/bemypartner.es\/ca\/tag\/barcelona-ca\/\">Barcelona<\/a><\/div>\n\n\t\t\t\t\t\t\t\t\n\t\t\t\t\t\t\t\t\t\t<div class=\"first-2\"><a href=\"https:\/\/bemypartner.es\/ca\/tag\/directivos-ca\/\">directivos<\/a><\/div>\n\n\t\t\t\t\t\t\t\t\n\t\t\t\t\t\t\t\t\t\t<div class=\"first-2\"><a href=\"https:\/\/bemypartner.es\/ca\/tag\/evento-ca\/\">evento<\/a><\/div>\n\n\t\t\t\t\t\t\t\t\n\t\t\t\t\t\t\t\t\t\t<div class=\"first-2\"><a href=\"https:\/\/bemypartner.es\/ca\/tag\/fundacion-ampans-ca\/\">Fundaci\u00f3n Ampans<\/a><\/div>\n\n\t\t\t\t\t\t\t\t\n\t\t\t\t\t\t\t\t\t\t<div class=\"first-2\"><a href=\"https:\/\/bemypartner.es\/ca\/tag\/fundacion-factor-huma-ca\/\">Fundaci\u00f3n Factor Hum\u00e0<\/a><\/div>\n\n\t\t\t\t\t\t\t\t\n\t\t\t\t\t\t\t\t\t\t<div class=\"first-2\"><a href=\"https:\/\/bemypartner.es\/ca\/tag\/innovacion-ca\/\">innovaci\u00f3n<\/a><\/div>\n\n\t\t\t\t\t\t\t\t\n\t\t\t\t\t\t\t\t\t\t<div class=\"first-2\"><a href=\"https:\/\/bemypartner.es\/ca\/tag\/merce-sala-ca\/\">Merc\u00e8 Sala<\/a><\/div>\n\n\t\t\t\t\t\t\t\t\n\t\t\t\t\t\t\t\t\t\t<div class=\"first-2\"><a href=\"https:\/\/bemypartner.es\/ca\/tag\/pragmatismo-ca\/\">pragmatismo<\/a><\/div>\n\n\t\t\t\t\t\t\t\t\n\t\t\t\t\t\t\t\t\t\t<div class=\"first-2\"><a href=\"https:\/\/bemypartner.es\/ca\/tag\/premio-ca\/\">Premio<\/a><\/div>\n\n\t\t\t\t\t\t\t\t\n\t\t\t\t\t\t\t\t\t\t<div class=\"first-2\"><a href=\"https:\/\/bemypartner.es\/ca\/tag\/premio-factor-huma-merce-sala-ca\/\">Premio Factor Hum\u00e0 Merc\u00e8 Sala<\/a><\/div>\n\n\t\t\t\t\t\t\t\t\n\t\t\t\t\t\t\t\t\t\t<div class=\"first-2\"><a href=\"https:\/\/bemypartner.es\/ca\/tag\/sociedad-catalana-ca\/\">sociedad catalana<\/a><\/div>\n\n\t\t\t\t\t\t\t\t\n\t\t\t\t\t\t\t\t\t\t<div class=\"first-2\"><a href=\"https:\/\/bemypartner.es\/ca\/tag\/trato-humano-ca\/\">trato humano<\/a><\/div>\n\n\t\t\t\t\t\t\t\t\n\t\t\t\t\t\t\t\t\n\n\t\t\t\t\t\t\t<\/div>\n\t\t\t\t\t\t\n                        <div class=\"vcpg-footer-right\">\n                            <div class=\"vcpg-comment-wrap\">\n                                <span><i class=\"icofont-comment\"><\/i> 0<\/span>\n                            <\/div>\n\n                            \n<div class=\"vcpg-social-share\">\n\t<a href=\"#\"><i class=\"icofont-share\"><\/i><\/a>\n\t<div class=\"vcpg-social-inner\">\n\t\t<ul>\n\t\t\t<li>\n\t\t\t\t<a target=\"_blank\" data-social=\"facebook\" title=\"Share on Facebook\" href=\"\/\/facebook.com\/sharer.php?u=https:\/\/bemypartner.es\/ca\/acompanamos-la-fundacio-factor-huma-evento-entrega-del-9o-premio-factor-huma-merce-sala\/\">\n\t\t\t\t\t<i class=\"icofont-facebook\"><\/i>\n\t\t\t\t<\/a>\n\t\t\t<\/li>\n\t\t\t<li>\n\t\t\t\t<a target=\"_blank\" data-social=\"pinterest\" title=\"Share on Pinterest\" href=\"\/\/pinterest.com\/pin\/create\/button\/?url=https:\/\/bemypartner.es\/ca\/acompanamos-la-fundacio-factor-huma-evento-entrega-del-9o-premio-factor-huma-merce-sala\/&amp;media=\">\n\t\t\t\t\t<i class=\"icofont-pinterest\"><\/i>\n\t\t\t\t<\/a>\n\t\t\t<\/li>\n\t\t\t<li>\n\t\t\t\t<a target=\"_blank\" data-social=\"twitter\" title=\"Share on Twitter\" href=\"\/\/twitter.com\/share?url=https:\/\/bemypartner.es\/ca\/acompanamos-la-fundacio-factor-huma-evento-entrega-del-9o-premio-factor-huma-merce-sala\/&text=Acompa\u00f1amos a la Fundaci\u00f3 Factor Hum\u00e0 en el evento de entrega del 9\u00ba Premio Factor Hum\u00e0 Merc\u00e8 Sala\">\n\t\t\t\t\t<i class=\"icofont-twitter\"><\/i>\n\t\t\t\t<\/a>\n\t\t\t<\/li>\n\t\t<\/ul>\n\t<\/div>\n<\/div>                        <\/div>\n\n\t\t\t\t\t<\/div>\n\n\t\t\t\t<\/div>\n\t\t\t<\/div>\n\t\t<\/div>\n\t<\/div>\n<\/div>\n\n<div id=\"row-single-4125\" class=\"vcpg-row-single cl-md-12 \">\n\t<div class=\"vcpg-post-item\">\n\t\t<div class=\"vcpg-row\">\n\t\t\t<div class=\"cl-md-4\">\n\t\t\t\t<div class=\"vcpg-post-photo\">\n\t\t\t\t\t\t\t\t\t\t\t<img decoding=\"async\" class=\"post-img lazyload\" data-src=\"https:\/\/bemypartner.es\/wp-content\/uploads\/2017\/11\/Port-Forum-foto-blog-na1wtwce3rh3vntl1xkbrv61epadouesx75kqjerrc.jpeg\" alt=\"Port F\u00f2rum y Marina Port Premi\u00e0, nuevos clientes de Bemypartner\" src=\"data:image\/svg+xml;base64,PHN2ZyB3aWR0aD0iMSIgaGVpZ2h0PSIxIiB4bWxucz0iaHR0cDovL3d3dy53My5vcmcvMjAwMC9zdmciPjwvc3ZnPg==\" style=\"--smush-placeholder-width: 748px; --smush-placeholder-aspect-ratio: 748\/308;\">\n\n\t\t\t\t\t\n\t\t\t\t<\/div>\n\t\t\t<\/div>\n\t\t\t<div class=\"cl-md-8\">\n\t\t\t\t<div class=\"vcpg-post-content\">\n\t\t\t\t\t<div class=\"vcpg-categories\"><a href=\"https:\/\/bemypartner.es\/ca\/category\/agencia-de-comunicacion-ca\/\">Agencia de comunicaci\u00f3n<\/a><\/div>\t\t\t\t\t<div class=\"vcpg-post-meta\">\n\t\t\t\t\t\t<div class=\"meta-left\">\n                            <div class=\"grid3-post-author\">\n\t\t\t\t\t\t\t\tby <strong>Bemypartner<\/strong>                            <\/div>\n                            <span class=\"publish-time\"><i class=\"icofont-clock-time\"><\/i> 17 de maig de 2017<\/span>\n                        <\/div>\n                        <div class=\"meta-right\">\n                            <span class=\"reading-time\"><i class=\"icofont-read-book-alt\"><\/i> 3 min to read<\/span>\n                        <\/div>\n\t\t\t\t\t<\/div>\n\n\t\t\t\t\t<div class=\"vcpg-post-desc\">\n\t\t\t\t\t\t\t\t\t\t\t\t\t<h3 class=\"vcpg-heading\"><a href=\"https:\/\/bemypartner.es\/ca\/port-forum-marina-port-premia-nuevos-clientes-bemypartner\/\">Port F\u00f2rum y Marina Port Premi\u00e0, nuevos clientes de Bemypartner<\/a><\/h3>\n\t\t\t\t\t\t\n\t\t\t\t\t\t\t\t\t\t\t\t\t<p>\n\t\t\t\t\t\t\t\tCelebramos la incorporaci\u00f3n de los dos puertos a nuestra cartera de clientes Port F\u00f2rum y Marina Port Premi\u00e0 han confiado en los servicios de Bemypartner para la gesti\u00f3n de sus&hellip;<a href=\"https:\/\/bemypartner.es\/ca\/port-forum-marina-port-premia-nuevos-clientes-bemypartner\/\">Llegeix m\u00e9s ><\/a>\n\t\t\t\t\t\t\t<\/p>\n\t\t\t\t\t\t\t\t\t\t\t<\/div>\n\t\t\t\t\t<div class=\"vcpg-post-footer\">\n\t\t\t\t\t\t\t\t\t\t\t\t\t<div class=\"vcpg-post-tags\">\n\t\t\t\t\t\t\t\t<i class=\"icofont-tags\"><\/i>\n\t\t\t\t\t\t\t\t\n\t\t\t\t\t\t\t\t\t\t<div class=\"first-2\"><a href=\"https:\/\/bemypartner.es\/ca\/tag\/agencia-ca\/\">agencia<\/a><\/div>\n\n\t\t\t\t\t\t\t\t\n\t\t\t\t\t\t\t\t\t\t<div class=\"first-2\"><a href=\"https:\/\/bemypartner.es\/ca\/tag\/agencia-de-comunicacion-ca\/\">agencia de comunicaci\u00f3n<\/a><\/div>\n\n\t\t\t\t\t\t\t\t\n\t\t\t\t\t\t\t\t\t\t<div class=\"first-2\"><a href=\"https:\/\/bemypartner.es\/ca\/tag\/barcelona-ca\/\">Barcelona<\/a><\/div>\n\n\t\t\t\t\t\t\t\t\n\t\t\t\t\t\t\t\t\t\t<div class=\"first-2\"><a href=\"https:\/\/bemypartner.es\/ca\/tag\/blog-ca\/\">blog<\/a><\/div>\n\n\t\t\t\t\t\t\t\t\n\t\t\t\t\t\t\t\t\t\t<div class=\"first-2\"><a href=\"https:\/\/bemypartner.es\/ca\/tag\/cartera-de-clientes-ca\/\">cartera de clientes<\/a><\/div>\n\n\t\t\t\t\t\t\t\t\n\t\t\t\t\t\t\t\t\t\t<div class=\"first-2\"><a href=\"https:\/\/bemypartner.es\/ca\/tag\/comunicacion-ca\/\">comunicaci\u00f3n<\/a><\/div>\n\n\t\t\t\t\t\t\t\t\n\t\t\t\t\t\t\t\t\t\t<div class=\"first-2\"><a href=\"https:\/\/bemypartner.es\/ca\/tag\/marina-port-premia-ca\/\">Marina Port Premi\u00e0<\/a><\/div>\n\n\t\t\t\t\t\t\t\t\n\t\t\t\t\t\t\t\t\t\t<div class=\"first-2\"><a href=\"https:\/\/bemypartner.es\/ca\/tag\/notoriedad-ca\/\">notoriedad<\/a><\/div>\n\n\t\t\t\t\t\t\t\t\n\t\t\t\t\t\t\t\t\t\t<div class=\"first-2\"><a href=\"https:\/\/bemypartner.es\/ca\/tag\/port-forum-ca\/\">Port F\u00f2rum<\/a><\/div>\n\n\t\t\t\t\t\t\t\t\n\t\t\t\t\t\t\t\t\t\t<div class=\"first-2\"><a href=\"https:\/\/bemypartner.es\/ca\/tag\/premia-de-mar-ca\/\">Premi\u00e0 de Mar<\/a><\/div>\n\n\t\t\t\t\t\t\t\t\n\t\t\t\t\t\t\t\t\t\t<div class=\"first-2\"><a href=\"https:\/\/bemypartner.es\/ca\/tag\/prensa-ca\/\">prensa<\/a><\/div>\n\n\t\t\t\t\t\t\t\t\n\t\t\t\t\t\t\t\t\t\t<div class=\"first-2\"><a href=\"https:\/\/bemypartner.es\/ca\/tag\/redes-sociales-ca\/\">Redes Sociales<\/a><\/div>\n\n\t\t\t\t\t\t\t\t\n\t\t\t\t\t\t\t\t\t\t<div class=\"first-2\"><a href=\"https:\/\/bemypartner.es\/ca\/tag\/rss-ca\/\">rss<\/a><\/div>\n\n\t\t\t\t\t\t\t\t\n\t\t\t\t\t\t\t\t\n\n\t\t\t\t\t\t\t<\/div>\n\t\t\t\t\t\t\n                        <div class=\"vcpg-footer-right\">\n                            <div class=\"vcpg-comment-wrap\">\n                                <span><i class=\"icofont-comment\"><\/i> 0<\/span>\n                            <\/div>\n\n                            \n<div class=\"vcpg-social-share\">\n\t<a href=\"#\"><i class=\"icofont-share\"><\/i><\/a>\n\t<div class=\"vcpg-social-inner\">\n\t\t<ul>\n\t\t\t<li>\n\t\t\t\t<a target=\"_blank\" data-social=\"facebook\" title=\"Share on Facebook\" href=\"\/\/facebook.com\/sharer.php?u=https:\/\/bemypartner.es\/ca\/port-forum-marina-port-premia-nuevos-clientes-bemypartner\/\">\n\t\t\t\t\t<i class=\"icofont-facebook\"><\/i>\n\t\t\t\t<\/a>\n\t\t\t<\/li>\n\t\t\t<li>\n\t\t\t\t<a target=\"_blank\" data-social=\"pinterest\" title=\"Share on Pinterest\" href=\"\/\/pinterest.com\/pin\/create\/button\/?url=https:\/\/bemypartner.es\/ca\/port-forum-marina-port-premia-nuevos-clientes-bemypartner\/&amp;media=\">\n\t\t\t\t\t<i class=\"icofont-pinterest\"><\/i>\n\t\t\t\t<\/a>\n\t\t\t<\/li>\n\t\t\t<li>\n\t\t\t\t<a target=\"_blank\" data-social=\"twitter\" title=\"Share on Twitter\" href=\"\/\/twitter.com\/share?url=https:\/\/bemypartner.es\/ca\/port-forum-marina-port-premia-nuevos-clientes-bemypartner\/&text=Port F\u00f2rum y Marina Port Premi\u00e0, nuevos clientes de Bemypartner\">\n\t\t\t\t\t<i class=\"icofont-twitter\"><\/i>\n\t\t\t\t<\/a>\n\t\t\t<\/li>\n\t\t<\/ul>\n\t<\/div>\n<\/div>                        <\/div>\n\n\t\t\t\t\t<\/div>\n\n\t\t\t\t<\/div>\n\t\t\t<\/div>\n\t\t<\/div>\n\t<\/div>\n<\/div>\n\n<div id=\"row-single-4126\" class=\"vcpg-row-single cl-md-12 \">\n\t<div class=\"vcpg-post-item\">\n\t\t<div class=\"vcpg-row\">\n\t\t\t<div class=\"cl-md-4\">\n\t\t\t\t<div class=\"vcpg-post-photo\">\n\t\t\t\t\t\t\t\t\t\t\t<img decoding=\"async\" class=\"post-img lazyload\" data-src=\"https:\/\/bemypartner.es\/wp-content\/uploads\/2017\/11\/Foto-Montse-BE-1-n59s6nq4dotau6v34pc574up7mgqdtal1h7xl98008.jpg\" alt=\"M\u00e1s visibilidad, m\u00e1s mujeres en puestos de direcci\u00f3n\" src=\"data:image\/svg+xml;base64,PHN2ZyB3aWR0aD0iMSIgaGVpZ2h0PSIxIiB4bWxucz0iaHR0cDovL3d3dy53My5vcmcvMjAwMC9zdmciPjwvc3ZnPg==\" style=\"--smush-placeholder-width: 748px; --smush-placeholder-aspect-ratio: 748\/308;\">\n\n\t\t\t\t\t\n\t\t\t\t<\/div>\n\t\t\t<\/div>\n\t\t\t<div class=\"cl-md-8\">\n\t\t\t\t<div class=\"vcpg-post-content\">\n\t\t\t\t\t<div class=\"vcpg-categories\"><a href=\"https:\/\/bemypartner.es\/ca\/category\/agencia-de-comunicacion-ca\/\">Agencia de comunicaci\u00f3n<\/a><\/div>\t\t\t\t\t<div class=\"vcpg-post-meta\">\n\t\t\t\t\t\t<div class=\"meta-left\">\n                            <div class=\"grid3-post-author\">\n\t\t\t\t\t\t\t\tby <strong>Bemypartner<\/strong>                            <\/div>\n                            <span class=\"publish-time\"><i class=\"icofont-clock-time\"><\/i> 08 de mar\u00e7 de 2017<\/span>\n                        <\/div>\n                        <div class=\"meta-right\">\n                            <span class=\"reading-time\"><i class=\"icofont-read-book-alt\"><\/i> 3 min to read<\/span>\n                        <\/div>\n\t\t\t\t\t<\/div>\n\n\t\t\t\t\t<div class=\"vcpg-post-desc\">\n\t\t\t\t\t\t\t\t\t\t\t\t\t<h3 class=\"vcpg-heading\"><a href=\"https:\/\/bemypartner.es\/ca\/mas-visibilidad-mas-mujeres-puestos-direccion\/\">M\u00e1s visibilidad, m\u00e1s mujeres en puestos de direcci\u00f3n<\/a><\/h3>\n\t\t\t\t\t\t\n\t\t\t\t\t\t\t\t\t\t\t\t\t<p>\n\t\t\t\t\t\t\t\tUna mayor visibilidad del trabajo de la mujer llevar\u00e1 a m\u00e1s mujeres a los puestos directivos La revista Forbes publicaba hace un mes una lista con los mejores CEOs de&hellip;<a href=\"https:\/\/bemypartner.es\/ca\/mas-visibilidad-mas-mujeres-puestos-direccion\/\">Llegeix m\u00e9s ><\/a>\n\t\t\t\t\t\t\t<\/p>\n\t\t\t\t\t\t\t\t\t\t\t<\/div>\n\t\t\t\t\t<div class=\"vcpg-post-footer\">\n\t\t\t\t\t\t\t\t\t\t\t\t\t<div class=\"vcpg-post-tags\">\n\t\t\t\t\t\t\t\t<i class=\"icofont-tags\"><\/i>\n\t\t\t\t\t\t\t\t\n\t\t\t\t\t\t\t\t\t\t<div class=\"first-2\"><a href=\"https:\/\/bemypartner.es\/ca\/tag\/agencia-de-comunicacion-ca\/\">agencia de comunicaci\u00f3n<\/a><\/div>\n\n\t\t\t\t\t\t\t\t\n\t\t\t\t\t\t\t\t\t\t<div class=\"first-2\"><a href=\"https:\/\/bemypartner.es\/ca\/tag\/bemypartner-ca\/\">bemypartner<\/a><\/div>\n\n\t\t\t\t\t\t\t\t\n\t\t\t\t\t\t\t\t\t\t<div class=\"first-2\"><a href=\"https:\/\/bemypartner.es\/ca\/tag\/ceo-ca\/\">CEO<\/a><\/div>\n\n\t\t\t\t\t\t\t\t\n\t\t\t\t\t\t\t\t\t\t<div class=\"first-2\"><a href=\"https:\/\/bemypartner.es\/ca\/tag\/forbes-ca\/\">Forbes<\/a><\/div>\n\n\t\t\t\t\t\t\t\t\n\t\t\t\t\t\t\t\t\t\t<div class=\"first-2\"><a href=\"https:\/\/bemypartner.es\/ca\/tag\/portavoces-ca\/\">portavoces<\/a><\/div>\n\n\t\t\t\t\t\t\t\t\n\t\t\t\t\t\t\t\t\t\t<div class=\"first-2\"><a href=\"https:\/\/bemypartner.es\/ca\/tag\/puestos-directivos-ca\/\">puestos directivos<\/a><\/div>\n\n\t\t\t\t\t\t\t\t\n\t\t\t\t\t\t\t\t\t\t<div class=\"first-2\"><a href=\"https:\/\/bemypartner.es\/ca\/tag\/trabajo-ca\/\">trabajo<\/a><\/div>\n\n\t\t\t\t\t\t\t\t\n\t\t\t\t\t\t\t\t\t\t<div class=\"first-2\"><a href=\"https:\/\/bemypartner.es\/ca\/tag\/visibilidad-ca\/\">visibilidad<\/a><\/div>\n\n\t\t\t\t\t\t\t\t\n\t\t\t\t\t\t\t\t\n\n\t\t\t\t\t\t\t<\/div>\n\t\t\t\t\t\t\n                        <div class=\"vcpg-footer-right\">\n                            <div class=\"vcpg-comment-wrap\">\n                                <span><i class=\"icofont-comment\"><\/i> 0<\/span>\n                            <\/div>\n\n                            \n<div class=\"vcpg-social-share\">\n\t<a href=\"#\"><i class=\"icofont-share\"><\/i><\/a>\n\t<div class=\"vcpg-social-inner\">\n\t\t<ul>\n\t\t\t<li>\n\t\t\t\t<a target=\"_blank\" data-social=\"facebook\" title=\"Share on Facebook\" href=\"\/\/facebook.com\/sharer.php?u=https:\/\/bemypartner.es\/ca\/mas-visibilidad-mas-mujeres-puestos-direccion\/\">\n\t\t\t\t\t<i class=\"icofont-facebook\"><\/i>\n\t\t\t\t<\/a>\n\t\t\t<\/li>\n\t\t\t<li>\n\t\t\t\t<a target=\"_blank\" data-social=\"pinterest\" title=\"Share on Pinterest\" href=\"\/\/pinterest.com\/pin\/create\/button\/?url=https:\/\/bemypartner.es\/ca\/mas-visibilidad-mas-mujeres-puestos-direccion\/&amp;media=\">\n\t\t\t\t\t<i class=\"icofont-pinterest\"><\/i>\n\t\t\t\t<\/a>\n\t\t\t<\/li>\n\t\t\t<li>\n\t\t\t\t<a target=\"_blank\" data-social=\"twitter\" title=\"Share on Twitter\" href=\"\/\/twitter.com\/share?url=https:\/\/bemypartner.es\/ca\/mas-visibilidad-mas-mujeres-puestos-direccion\/&text=M\u00e1s visibilidad, m\u00e1s mujeres en puestos de direcci\u00f3n\">\n\t\t\t\t\t<i class=\"icofont-twitter\"><\/i>\n\t\t\t\t<\/a>\n\t\t\t<\/li>\n\t\t<\/ul>\n\t<\/div>\n<\/div>                        <\/div>\n\n\t\t\t\t\t<\/div>\n\n\t\t\t\t<\/div>\n\t\t\t<\/div>\n\t\t<\/div>\n\t<\/div>\n<\/div>\n\n<div id=\"row-single-4127\" class=\"vcpg-row-single cl-md-12 \">\n\t<div class=\"vcpg-post-item\">\n\t\t<div class=\"vcpg-row\">\n\t\t\t<div class=\"cl-md-4\">\n\t\t\t\t<div class=\"vcpg-post-photo\">\n\t\t\t\t\t\t\t\t\t\t\t<img decoding=\"async\" class=\"post-img lazyload\" data-src=\"https:\/\/bemypartner.es\/wp-content\/uploads\/2017\/11\/IMG_20160928_113803-n4u1h41nlwmuep8xu0tuje6o3j3ajckg374ciusr9k.jpg\" alt=\"Original campa\u00f1a con influencers para Litoral Vegetal de Nestl\u00e9\" src=\"data:image\/svg+xml;base64,PHN2ZyB3aWR0aD0iMSIgaGVpZ2h0PSIxIiB4bWxucz0iaHR0cDovL3d3dy53My5vcmcvMjAwMC9zdmciPjwvc3ZnPg==\" style=\"--smush-placeholder-width: 748px; --smush-placeholder-aspect-ratio: 748\/308;\">\n\n\t\t\t\t\t\n\t\t\t\t<\/div>\n\t\t\t<\/div>\n\t\t\t<div class=\"cl-md-8\">\n\t\t\t\t<div class=\"vcpg-post-content\">\n\t\t\t\t\t<div class=\"vcpg-categories\"><a href=\"https:\/\/bemypartner.es\/ca\/category\/agencia-de-comunicacion-ca\/\">Agencia de comunicaci\u00f3n<\/a><a href=\"https:\/\/bemypartner.es\/ca\/category\/campanas-ca\/\">Campa\u00f1as<\/a><\/div>\t\t\t\t\t<div class=\"vcpg-post-meta\">\n\t\t\t\t\t\t<div class=\"meta-left\">\n                            <div class=\"grid3-post-author\">\n\t\t\t\t\t\t\t\tby <strong>Bemypartner<\/strong>                            <\/div>\n                            <span class=\"publish-time\"><i class=\"icofont-clock-time\"><\/i> 28 de febrer de 2017<\/span>\n                        <\/div>\n                        <div class=\"meta-right\">\n                            <span class=\"reading-time\"><i class=\"icofont-read-book-alt\"><\/i> 2 min to read<\/span>\n                        <\/div>\n\t\t\t\t\t<\/div>\n\n\t\t\t\t\t<div class=\"vcpg-post-desc\">\n\t\t\t\t\t\t\t\t\t\t\t\t\t<h3 class=\"vcpg-heading\"><a href=\"https:\/\/bemypartner.es\/ca\/original-campana-influencers-litoral-vegetal-nestle\/\">Original campa\u00f1a con influencers para Litoral Vegetal de Nestl\u00e9<\/a><\/h3>\n\t\t\t\t\t\t\n\t\t\t\t\t\t\t\t\t\t\t\t\t<p>\n\t\t\t\t\t\t\t\tLas redes sociales son un canal\u00a0estrat\u00e9gico para las marcas Cada vez son m\u00e1s las marcas que apuestan por incluir a los influencers como piezas clave de sus estrategias de comunicaci\u00f3n.&hellip;<a href=\"https:\/\/bemypartner.es\/ca\/original-campana-influencers-litoral-vegetal-nestle\/\">Llegeix m\u00e9s ><\/a>\n\t\t\t\t\t\t\t<\/p>\n\t\t\t\t\t\t\t\t\t\t\t<\/div>\n\t\t\t\t\t<div class=\"vcpg-post-footer\">\n\t\t\t\t\t\t\t\t\t\t\t\t\t<div class=\"vcpg-post-tags\">\n\t\t\t\t\t\t\t\t<i class=\"icofont-tags\"><\/i>\n\t\t\t\t\t\t\t\t\n\t\t\t\t\t\t\t\t\t\t<div class=\"first-2\"><a href=\"https:\/\/bemypartner.es\/ca\/tag\/alcance-ca\/\">Alcance<\/a><\/div>\n\n\t\t\t\t\t\t\t\t\n\t\t\t\t\t\t\t\t\t\t<div class=\"first-2\"><a href=\"https:\/\/bemypartner.es\/ca\/tag\/campana-ca\/\">Campa\u00f1a<\/a><\/div>\n\n\t\t\t\t\t\t\t\t\n\t\t\t\t\t\t\t\t\t\t<div class=\"first-2\"><a href=\"https:\/\/bemypartner.es\/ca\/tag\/campana-de-comunicacion-ca\/\">campa\u00f1a de comunicaci\u00f3n<\/a><\/div>\n\n\t\t\t\t\t\t\t\t\n\t\t\t\t\t\t\t\t\t\t<div class=\"first-2\"><a href=\"https:\/\/bemypartner.es\/ca\/tag\/comunicacion-ca\/\">comunicaci\u00f3n<\/a><\/div>\n\n\t\t\t\t\t\t\t\t\n\t\t\t\t\t\t\t\t\t\t<div class=\"first-2\"><a href=\"https:\/\/bemypartner.es\/ca\/tag\/influencers-ca\/\">influencers<\/a><\/div>\n\n\t\t\t\t\t\t\t\t\n\t\t\t\t\t\t\t\t\t\t<div class=\"first-2\"><a href=\"https:\/\/bemypartner.es\/ca\/tag\/litoral-vegetal-ca\/\">Litoral Vegetal<\/a><\/div>\n\n\t\t\t\t\t\t\t\t\n\t\t\t\t\t\t\t\t\t\t<div class=\"first-2\"><a href=\"https:\/\/bemypartner.es\/ca\/tag\/marca-ca\/\">marca<\/a><\/div>\n\n\t\t\t\t\t\t\t\t\n\t\t\t\t\t\t\t\t\t\t<div class=\"first-2\"><a href=\"https:\/\/bemypartner.es\/ca\/tag\/nestle-ca\/\">Nestl\u00e9<\/a><\/div>\n\n\t\t\t\t\t\t\t\t\n\t\t\t\t\t\t\t\t\t\t<div class=\"first-2\"><a href=\"https:\/\/bemypartner.es\/ca\/tag\/publico-objetivo-ca\/\">p\u00fablico objetivo<\/a><\/div>\n\n\t\t\t\t\t\t\t\t\n\t\t\t\t\t\t\t\t\t\t<div class=\"first-2\"><a href=\"https:\/\/bemypartner.es\/ca\/tag\/roberto-leal-ca\/\">Roberto Leal<\/a><\/div>\n\n\t\t\t\t\t\t\t\t\n\t\t\t\t\t\t\t\t\n\n\t\t\t\t\t\t\t<\/div>\n\t\t\t\t\t\t\n                        <div class=\"vcpg-footer-right\">\n                            <div class=\"vcpg-comment-wrap\">\n                                <span><i class=\"icofont-comment\"><\/i> 0<\/span>\n                            <\/div>\n\n                            \n<div class=\"vcpg-social-share\">\n\t<a href=\"#\"><i class=\"icofont-share\"><\/i><\/a>\n\t<div class=\"vcpg-social-inner\">\n\t\t<ul>\n\t\t\t<li>\n\t\t\t\t<a target=\"_blank\" data-social=\"facebook\" title=\"Share on Facebook\" href=\"\/\/facebook.com\/sharer.php?u=https:\/\/bemypartner.es\/ca\/original-campana-influencers-litoral-vegetal-nestle\/\">\n\t\t\t\t\t<i class=\"icofont-facebook\"><\/i>\n\t\t\t\t<\/a>\n\t\t\t<\/li>\n\t\t\t<li>\n\t\t\t\t<a target=\"_blank\" data-social=\"pinterest\" title=\"Share on Pinterest\" href=\"\/\/pinterest.com\/pin\/create\/button\/?url=https:\/\/bemypartner.es\/ca\/original-campana-influencers-litoral-vegetal-nestle\/&amp;media=\">\n\t\t\t\t\t<i class=\"icofont-pinterest\"><\/i>\n\t\t\t\t<\/a>\n\t\t\t<\/li>\n\t\t\t<li>\n\t\t\t\t<a target=\"_blank\" data-social=\"twitter\" title=\"Share on Twitter\" href=\"\/\/twitter.com\/share?url=https:\/\/bemypartner.es\/ca\/original-campana-influencers-litoral-vegetal-nestle\/&text=Original campa\u00f1a con influencers para Litoral Vegetal de Nestl\u00e9\">\n\t\t\t\t\t<i class=\"icofont-twitter\"><\/i>\n\t\t\t\t<\/a>\n\t\t\t<\/li>\n\t\t<\/ul>\n\t<\/div>\n<\/div>                        <\/div>\n\n\t\t\t\t\t<\/div>\n\n\t\t\t\t<\/div>\n\t\t\t<\/div>\n\t\t<\/div>\n\t<\/div>\n<\/div>\n\n<div id=\"row-single-4128\" class=\"vcpg-row-single cl-md-12 \">\n\t<div class=\"vcpg-post-item\">\n\t\t<div class=\"vcpg-row\">\n\t\t\t<div class=\"cl-md-4\">\n\t\t\t\t<div class=\"vcpg-post-photo\">\n\t\t\t\t\t\t\t\t\t\t\t<img decoding=\"async\" class=\"post-img lazyload\" data-src=\"https:\/\/bemypartner.es\/wp-content\/uploads\/2017\/11\/Bemypartner24-nhg6ropef6urx7u9pmcg7nezn5xlmitswv2511esy0.jpg\" alt=\"10 consejos para comunicar con eficacia (I)\" src=\"data:image\/svg+xml;base64,PHN2ZyB3aWR0aD0iMSIgaGVpZ2h0PSIxIiB4bWxucz0iaHR0cDovL3d3dy53My5vcmcvMjAwMC9zdmciPjwvc3ZnPg==\" style=\"--smush-placeholder-width: 748px; --smush-placeholder-aspect-ratio: 748\/308;\">\n\n\t\t\t\t\t\n\t\t\t\t<\/div>\n\t\t\t<\/div>\n\t\t\t<div class=\"cl-md-8\">\n\t\t\t\t<div class=\"vcpg-post-content\">\n\t\t\t\t\t<div class=\"vcpg-categories\"><a href=\"https:\/\/bemypartner.es\/ca\/category\/agencia-de-comunicacion-ca\/\">Agencia de comunicaci\u00f3n<\/a><a href=\"https:\/\/bemypartner.es\/ca\/category\/comunicacion-ca\/\">Comunicaci\u00f3n<\/a><\/div>\t\t\t\t\t<div class=\"vcpg-post-meta\">\n\t\t\t\t\t\t<div class=\"meta-left\">\n                            <div class=\"grid3-post-author\">\n\t\t\t\t\t\t\t\tby <strong>Bemypartner<\/strong>                            <\/div>\n                            <span class=\"publish-time\"><i class=\"icofont-clock-time\"><\/i> 15 de febrer de 2017<\/span>\n                        <\/div>\n                        <div class=\"meta-right\">\n                            <span class=\"reading-time\"><i class=\"icofont-read-book-alt\"><\/i> 4 min to read<\/span>\n                        <\/div>\n\t\t\t\t\t<\/div>\n\n\t\t\t\t\t<div class=\"vcpg-post-desc\">\n\t\t\t\t\t\t\t\t\t\t\t\t\t<h3 class=\"vcpg-heading\"><a href=\"https:\/\/bemypartner.es\/ca\/10-consejos-comunicar-eficacia-i\/\">10 consejos para comunicar con eficacia (I)<\/a><\/h3>\n\t\t\t\t\t\t\n\t\t\t\t\t\t\t\t\t\t\t\t\t<p>\n\t\t\t\t\t\t\t\tConsigue que tu discurso tenga el efecto deseado Ofrecer un discurso, una charla, una presentaci\u00f3n\u2026 Son muchos los momentos en los que tendremos que hablar en p\u00fablico. Es m\u00e1s, a&hellip;<a href=\"https:\/\/bemypartner.es\/ca\/10-consejos-comunicar-eficacia-i\/\">Llegeix m\u00e9s ><\/a>\n\t\t\t\t\t\t\t<\/p>\n\t\t\t\t\t\t\t\t\t\t\t<\/div>\n\t\t\t\t\t<div class=\"vcpg-post-footer\">\n\t\t\t\t\t\t\t\t\t\t\t\t\t<div class=\"vcpg-post-tags\">\n\t\t\t\t\t\t\t\t<i class=\"icofont-tags\"><\/i>\n\t\t\t\t\t\t\t\t\n\t\t\t\t\t\t\t\t\t\t<div class=\"first-2\"><a href=\"https:\/\/bemypartner.es\/ca\/tag\/audiencia-ca\/\">audiencia<\/a><\/div>\n\n\t\t\t\t\t\t\t\t\n\t\t\t\t\t\t\t\t\t\t<div class=\"first-2\"><a href=\"https:\/\/bemypartner.es\/ca\/tag\/clientes-ca\/\">Clientes<\/a><\/div>\n\n\t\t\t\t\t\t\t\t\n\t\t\t\t\t\t\t\t\t\t<div class=\"first-2\"><a href=\"https:\/\/bemypartner.es\/ca\/tag\/comunicacion-ca\/\">comunicaci\u00f3n<\/a><\/div>\n\n\t\t\t\t\t\t\t\t\n\t\t\t\t\t\t\t\t\t\t<div class=\"first-2\"><a href=\"https:\/\/bemypartner.es\/ca\/tag\/comunicar-ca\/\">comunicar<\/a><\/div>\n\n\t\t\t\t\t\t\t\t\n\t\t\t\t\t\t\t\t\t\t<div class=\"first-2\"><a href=\"https:\/\/bemypartner.es\/ca\/tag\/consejos-ca\/\">consejos<\/a><\/div>\n\n\t\t\t\t\t\t\t\t\n\t\t\t\t\t\t\t\t\t\t<div class=\"first-2\"><a href=\"https:\/\/bemypartner.es\/ca\/tag\/discurso-ca\/\">discurso<\/a><\/div>\n\n\t\t\t\t\t\t\t\t\n\t\t\t\t\t\t\t\t\t\t<div class=\"first-2\"><a href=\"https:\/\/bemypartner.es\/ca\/tag\/hablar-en-publico-ca\/\">hablar en p\u00fablico<\/a><\/div>\n\n\t\t\t\t\t\t\t\t\n\t\t\t\t\t\t\t\t\t\t<div class=\"first-2\"><a href=\"https:\/\/bemypartner.es\/ca\/tag\/intervencion-publica-ca\/\">intervenci\u00f3n p\u00fablica<\/a><\/div>\n\n\t\t\t\t\t\t\t\t\n\t\t\t\t\t\t\t\t\t\t<div class=\"first-2\"><a href=\"https:\/\/bemypartner.es\/ca\/tag\/presentacion-ca\/\">presentaci\u00f3n<\/a><\/div>\n\n\t\t\t\t\t\t\t\t\n\t\t\t\t\t\t\t\t\t\t<div class=\"first-2\"><a href=\"https:\/\/bemypartner.es\/ca\/tag\/publico-ca\/\">p\u00fablico<\/a><\/div>\n\n\t\t\t\t\t\t\t\t\n\t\t\t\t\t\t\t\t\n\n\t\t\t\t\t\t\t<\/div>\n\t\t\t\t\t\t\n                        <div class=\"vcpg-footer-right\">\n                            <div class=\"vcpg-comment-wrap\">\n                                <span><i class=\"icofont-comment\"><\/i> 0<\/span>\n                            <\/div>\n\n                            \n<div class=\"vcpg-social-share\">\n\t<a href=\"#\"><i class=\"icofont-share\"><\/i><\/a>\n\t<div class=\"vcpg-social-inner\">\n\t\t<ul>\n\t\t\t<li>\n\t\t\t\t<a target=\"_blank\" data-social=\"facebook\" title=\"Share on Facebook\" href=\"\/\/facebook.com\/sharer.php?u=https:\/\/bemypartner.es\/ca\/10-consejos-comunicar-eficacia-i\/\">\n\t\t\t\t\t<i class=\"icofont-facebook\"><\/i>\n\t\t\t\t<\/a>\n\t\t\t<\/li>\n\t\t\t<li>\n\t\t\t\t<a target=\"_blank\" data-social=\"pinterest\" title=\"Share on Pinterest\" href=\"\/\/pinterest.com\/pin\/create\/button\/?url=https:\/\/bemypartner.es\/ca\/10-consejos-comunicar-eficacia-i\/&amp;media=\">\n\t\t\t\t\t<i class=\"icofont-pinterest\"><\/i>\n\t\t\t\t<\/a>\n\t\t\t<\/li>\n\t\t\t<li>\n\t\t\t\t<a target=\"_blank\" data-social=\"twitter\" title=\"Share on Twitter\" href=\"\/\/twitter.com\/share?url=https:\/\/bemypartner.es\/ca\/10-consejos-comunicar-eficacia-i\/&text=10 consejos para comunicar con eficacia (I)\">\n\t\t\t\t\t<i class=\"icofont-twitter\"><\/i>\n\t\t\t\t<\/a>\n\t\t\t<\/li>\n\t\t<\/ul>\n\t<\/div>\n<\/div>                        <\/div>\n\n\t\t\t\t\t<\/div>\n\n\t\t\t\t<\/div>\n\t\t\t<\/div>\n\t\t<\/div>\n\t<\/div>\n<\/div>\n\n<div id=\"row-single-4129\" class=\"vcpg-row-single cl-md-12 \">\n\t<div class=\"vcpg-post-item\">\n\t\t<div class=\"vcpg-row\">\n\t\t\t<div class=\"cl-md-4\">\n\t\t\t\t<div class=\"vcpg-post-photo\">\n\t\t\t\t\t\t\t\t\t\t\t<img decoding=\"async\" class=\"post-img lazyload\" data-src=\"https:\/\/bemypartner.es\/wp-content\/uploads\/2017\/11\/viajar-juntos-es-mejor-e1488276174719-n4voiknlje8bbtwamrjyp1hh1mynwai2z96azjctfs.jpg\" alt=\"Presentamos la campa\u00f1a Viajar Juntos Es Mejor junto a PURINA y CEAV\" src=\"data:image\/svg+xml;base64,PHN2ZyB3aWR0aD0iMSIgaGVpZ2h0PSIxIiB4bWxucz0iaHR0cDovL3d3dy53My5vcmcvMjAwMC9zdmciPjwvc3ZnPg==\" style=\"--smush-placeholder-width: 748px; --smush-placeholder-aspect-ratio: 748\/308;\">\n\n\t\t\t\t\t\n\t\t\t\t<\/div>\n\t\t\t<\/div>\n\t\t\t<div class=\"cl-md-8\">\n\t\t\t\t<div class=\"vcpg-post-content\">\n\t\t\t\t\t<div class=\"vcpg-categories\"><a href=\"https:\/\/bemypartner.es\/ca\/category\/agencia-de-comunicacion-ca\/\">Agencia de comunicaci\u00f3n<\/a><a href=\"https:\/\/bemypartner.es\/ca\/category\/campanas-ca\/\">Campa\u00f1as<\/a><a href=\"https:\/\/bemypartner.es\/ca\/category\/relaciones-publicas-ca\/\">Relaciones P\u00fablicas<\/a><\/div>\t\t\t\t\t<div class=\"vcpg-post-meta\">\n\t\t\t\t\t\t<div class=\"meta-left\">\n                            <div class=\"grid3-post-author\">\n\t\t\t\t\t\t\t\tby <strong>Bemypartner<\/strong>                            <\/div>\n                            <span class=\"publish-time\"><i class=\"icofont-clock-time\"><\/i> 08 de febrer de 2017<\/span>\n                        <\/div>\n                        <div class=\"meta-right\">\n                            <span class=\"reading-time\"><i class=\"icofont-read-book-alt\"><\/i> 2 min to read<\/span>\n                        <\/div>\n\t\t\t\t\t<\/div>\n\n\t\t\t\t\t<div class=\"vcpg-post-desc\">\n\t\t\t\t\t\t\t\t\t\t\t\t\t<h3 class=\"vcpg-heading\"><a href=\"https:\/\/bemypartner.es\/ca\/presentamos-la-campana-viajar-juntos-mejor-junto-purina-ceav\/\">Presentamos la campa\u00f1a Viajar Juntos Es Mejor junto a PURINA y CEAV<\/a><\/h3>\n\t\t\t\t\t\t\n\t\t\t\t\t\t\t\t\t\t\t\t\t<p>\n\t\t\t\t\t\t\t\tFITUR ha\u00a0sido el escenario elegido para presentar\u00a0esta iniciativa en favor de las agencias de viaje Pet Friendly El pasado mes de enero, Bemypartner organiz\u00f3 la presentaci\u00f3n de la campa\u00f1a Viajar&hellip;<a href=\"https:\/\/bemypartner.es\/ca\/presentamos-la-campana-viajar-juntos-mejor-junto-purina-ceav\/\">Llegeix m\u00e9s ><\/a>\n\t\t\t\t\t\t\t<\/p>\n\t\t\t\t\t\t\t\t\t\t\t<\/div>\n\t\t\t\t\t<div class=\"vcpg-post-footer\">\n\t\t\t\t\t\t\t\t\t\t\t\t\t<div class=\"vcpg-post-tags\">\n\t\t\t\t\t\t\t\t<i class=\"icofont-tags\"><\/i>\n\t\t\t\t\t\t\t\t\n\t\t\t\t\t\t\t\t\t\t<div class=\"first-2\"><a href=\"https:\/\/bemypartner.es\/ca\/tag\/agencia-de-comunicacion-ca\/\">agencia de comunicaci\u00f3n<\/a><\/div>\n\n\t\t\t\t\t\t\t\t\n\t\t\t\t\t\t\t\t\t\t<div class=\"first-2\"><a href=\"https:\/\/bemypartner.es\/ca\/tag\/campana-de-comunicacion-ca\/\">campa\u00f1a de comunicaci\u00f3n<\/a><\/div>\n\n\t\t\t\t\t\t\t\t\n\t\t\t\t\t\t\t\t\t\t<div class=\"first-2\"><a href=\"https:\/\/bemypartner.es\/ca\/tag\/ceav-ca\/\">CEAV<\/a><\/div>\n\n\t\t\t\t\t\t\t\t\n\t\t\t\t\t\t\t\t\t\t<div class=\"first-2\"><a href=\"https:\/\/bemypartner.es\/ca\/tag\/comunicacion-ca\/\">comunicaci\u00f3n<\/a><\/div>\n\n\t\t\t\t\t\t\t\t\n\t\t\t\t\t\t\t\t\t\t<div class=\"first-2\"><a href=\"https:\/\/bemypartner.es\/ca\/tag\/evento-ca\/\">evento<\/a><\/div>\n\n\t\t\t\t\t\t\t\t\n\t\t\t\t\t\t\t\t\t\t<div class=\"first-2\"><a href=\"https:\/\/bemypartner.es\/ca\/tag\/fitur-ca\/\">FITUR<\/a><\/div>\n\n\t\t\t\t\t\t\t\t\n\t\t\t\t\t\t\t\t\t\t<div class=\"first-2\"><a href=\"https:\/\/bemypartner.es\/ca\/tag\/madrid-ca\/\">Madrid<\/a><\/div>\n\n\t\t\t\t\t\t\t\t\n\t\t\t\t\t\t\t\t\t\t<div class=\"first-2\"><a href=\"https:\/\/bemypartner.es\/ca\/tag\/purina-ca\/\">purina<\/a><\/div>\n\n\t\t\t\t\t\t\t\t\n\t\t\t\t\t\t\t\t\t\t<div class=\"first-2\"><a href=\"https:\/\/bemypartner.es\/ca\/tag\/sello-turistico-ca\/\">sello tur\u00edstico<\/a><\/div>\n\n\t\t\t\t\t\t\t\t\n\t\t\t\t\t\t\t\t\t\t<div class=\"first-2\"><a href=\"https:\/\/bemypartner.es\/ca\/tag\/turismo-ca\/\">turismo<\/a><\/div>\n\n\t\t\t\t\t\t\t\t\n\t\t\t\t\t\t\t\t\n\n\t\t\t\t\t\t\t<\/div>\n\t\t\t\t\t\t\n                        <div class=\"vcpg-footer-right\">\n                            <div class=\"vcpg-comment-wrap\">\n                                <span><i class=\"icofont-comment\"><\/i> 0<\/span>\n                            <\/div>\n\n                            \n<div class=\"vcpg-social-share\">\n\t<a href=\"#\"><i class=\"icofont-share\"><\/i><\/a>\n\t<div class=\"vcpg-social-inner\">\n\t\t<ul>\n\t\t\t<li>\n\t\t\t\t<a target=\"_blank\" data-social=\"facebook\" title=\"Share on Facebook\" href=\"\/\/facebook.com\/sharer.php?u=https:\/\/bemypartner.es\/ca\/presentamos-la-campana-viajar-juntos-mejor-junto-purina-ceav\/\">\n\t\t\t\t\t<i class=\"icofont-facebook\"><\/i>\n\t\t\t\t<\/a>\n\t\t\t<\/li>\n\t\t\t<li>\n\t\t\t\t<a target=\"_blank\" data-social=\"pinterest\" title=\"Share on Pinterest\" href=\"\/\/pinterest.com\/pin\/create\/button\/?url=https:\/\/bemypartner.es\/ca\/presentamos-la-campana-viajar-juntos-mejor-junto-purina-ceav\/&amp;media=\">\n\t\t\t\t\t<i class=\"icofont-pinterest\"><\/i>\n\t\t\t\t<\/a>\n\t\t\t<\/li>\n\t\t\t<li>\n\t\t\t\t<a target=\"_blank\" data-social=\"twitter\" title=\"Share on Twitter\" href=\"\/\/twitter.com\/share?url=https:\/\/bemypartner.es\/ca\/presentamos-la-campana-viajar-juntos-mejor-junto-purina-ceav\/&text=Presentamos la campa\u00f1a Viajar Juntos Es Mejor junto a PURINA y CEAV\">\n\t\t\t\t\t<i class=\"icofont-twitter\"><\/i>\n\t\t\t\t<\/a>\n\t\t\t<\/li>\n\t\t<\/ul>\n\t<\/div>\n<\/div>                        <\/div>\n\n\t\t\t\t\t<\/div>\n\n\t\t\t\t<\/div>\n\t\t\t<\/div>\n\t\t<\/div>\n\t<\/div>\n<\/div>\n\n<div id=\"row-single-4130\" class=\"vcpg-row-single cl-md-12 \">\n\t<div class=\"vcpg-post-item\">\n\t\t<div class=\"vcpg-row\">\n\t\t\t<div class=\"cl-md-4\">\n\t\t\t\t<div class=\"vcpg-post-photo\">\n\t\t\t\t\t\t\t\t\t\t\t<img decoding=\"async\" class=\"post-img lazyload\" data-src=\"https:\/\/bemypartner.es\/wp-content\/uploads\/2017\/11\/MG_3640-n4vrccmhjlk0fu26brbpocw8llbfcgjsb04zo4g7pk.jpg\" alt=\"R\u00e9cord de asistencia en la Master Class de Club Metropolitan y Xuan-Lan\" src=\"data:image\/svg+xml;base64,PHN2ZyB3aWR0aD0iMSIgaGVpZ2h0PSIxIiB4bWxucz0iaHR0cDovL3d3dy53My5vcmcvMjAwMC9zdmciPjwvc3ZnPg==\" style=\"--smush-placeholder-width: 748px; --smush-placeholder-aspect-ratio: 748\/308;\">\n\n\t\t\t\t\t\n\t\t\t\t<\/div>\n\t\t\t<\/div>\n\t\t\t<div class=\"cl-md-8\">\n\t\t\t\t<div class=\"vcpg-post-content\">\n\t\t\t\t\t<div class=\"vcpg-categories\"><a href=\"https:\/\/bemypartner.es\/ca\/category\/agencia-de-comunicacion-ca\/\">Agencia de comunicaci\u00f3n<\/a><a href=\"https:\/\/bemypartner.es\/ca\/category\/eventos-ca\/\">Eventos<\/a><a href=\"https:\/\/bemypartner.es\/ca\/category\/relaciones-publicas-ca\/\">Relaciones P\u00fablicas<\/a><\/div>\t\t\t\t\t<div class=\"vcpg-post-meta\">\n\t\t\t\t\t\t<div class=\"meta-left\">\n                            <div class=\"grid3-post-author\">\n\t\t\t\t\t\t\t\tby <strong>Bemypartner<\/strong>                            <\/div>\n                            <span class=\"publish-time\"><i class=\"icofont-clock-time\"><\/i> 25 de gener de 2017<\/span>\n                        <\/div>\n                        <div class=\"meta-right\">\n                            <span class=\"reading-time\"><i class=\"icofont-read-book-alt\"><\/i> 2 min to read<\/span>\n                        <\/div>\n\t\t\t\t\t<\/div>\n\n\t\t\t\t\t<div class=\"vcpg-post-desc\">\n\t\t\t\t\t\t\t\t\t\t\t\t\t<h3 class=\"vcpg-heading\"><a href=\"https:\/\/bemypartner.es\/ca\/record-asistencia-la-master-class-club-metropolitan-xuan-lan\/\">R\u00e9cord de asistencia en la Master Class de Club Metropolitan y Xuan-Lan<\/a><\/h3>\n\t\t\t\t\t\t\n\t\t\t\t\t\t\t\t\t\t\t\t\t<p>\n\t\t\t\t\t\t\t\tUn total de 600 personas se reunieron en la c\u00fapula del\u00a0Centro Comercial Arenas de Barcelona El pasado 19 de enero conseguimos un aut\u00e9ntico r\u00e9cord de asistencia en la Master Class&hellip;<a href=\"https:\/\/bemypartner.es\/ca\/record-asistencia-la-master-class-club-metropolitan-xuan-lan\/\">Llegeix m\u00e9s ><\/a>\n\t\t\t\t\t\t\t<\/p>\n\t\t\t\t\t\t\t\t\t\t\t<\/div>\n\t\t\t\t\t<div class=\"vcpg-post-footer\">\n\t\t\t\t\t\t\t\t\t\t\t\t\t<div class=\"vcpg-post-tags\">\n\t\t\t\t\t\t\t\t<i class=\"icofont-tags\"><\/i>\n\t\t\t\t\t\t\t\t\n\t\t\t\t\t\t\t\t\t\t<div class=\"first-2\"><a href=\"https:\/\/bemypartner.es\/ca\/tag\/club-metropolitan-ca\/\">Club Metropolitan<\/a><\/div>\n\n\t\t\t\t\t\t\t\t\n\t\t\t\t\t\t\t\t\t\t<div class=\"first-2\"><a href=\"https:\/\/bemypartner.es\/ca\/tag\/evento-ca\/\">evento<\/a><\/div>\n\n\t\t\t\t\t\t\t\t\n\t\t\t\t\t\t\t\t\t\t<div class=\"first-2\"><a href=\"https:\/\/bemypartner.es\/ca\/tag\/exito-ca\/\">\u00e9xito<\/a><\/div>\n\n\t\t\t\t\t\t\t\t\n\t\t\t\t\t\t\t\t\t\t<div class=\"first-2\"><a href=\"https:\/\/bemypartner.es\/ca\/tag\/medios-de-comunicacion-ca\/\">medios de comunicaci\u00f3n<\/a><\/div>\n\n\t\t\t\t\t\t\t\t\n\t\t\t\t\t\t\t\t\t\t<div class=\"first-2\"><a href=\"https:\/\/bemypartner.es\/ca\/tag\/record-de-asistencia-ca\/\">r\u00e9cord de asistencia<\/a><\/div>\n\n\t\t\t\t\t\t\t\t\n\t\t\t\t\t\t\t\t\t\t<div class=\"first-2\"><a href=\"https:\/\/bemypartner.es\/ca\/tag\/xuan-lan-ca\/\">Xuan-Lan<\/a><\/div>\n\n\t\t\t\t\t\t\t\t\n\t\t\t\t\t\t\t\t\t\t<div class=\"first-2\"><a href=\"https:\/\/bemypartner.es\/ca\/tag\/yoga-ca\/\">yoga<\/a><\/div>\n\n\t\t\t\t\t\t\t\t\n\t\t\t\t\t\t\t\t\n\n\t\t\t\t\t\t\t<\/div>\n\t\t\t\t\t\t\n                        <div class=\"vcpg-footer-right\">\n                            <div class=\"vcpg-comment-wrap\">\n                                <span><i class=\"icofont-comment\"><\/i> 0<\/span>\n                            <\/div>\n\n                            \n<div class=\"vcpg-social-share\">\n\t<a href=\"#\"><i class=\"icofont-share\"><\/i><\/a>\n\t<div class=\"vcpg-social-inner\">\n\t\t<ul>\n\t\t\t<li>\n\t\t\t\t<a target=\"_blank\" data-social=\"facebook\" title=\"Share on Facebook\" href=\"\/\/facebook.com\/sharer.php?u=https:\/\/bemypartner.es\/ca\/record-asistencia-la-master-class-club-metropolitan-xuan-lan\/\">\n\t\t\t\t\t<i class=\"icofont-facebook\"><\/i>\n\t\t\t\t<\/a>\n\t\t\t<\/li>\n\t\t\t<li>\n\t\t\t\t<a target=\"_blank\" data-social=\"pinterest\" title=\"Share on Pinterest\" href=\"\/\/pinterest.com\/pin\/create\/button\/?url=https:\/\/bemypartner.es\/ca\/record-asistencia-la-master-class-club-metropolitan-xuan-lan\/&amp;media=\">\n\t\t\t\t\t<i class=\"icofont-pinterest\"><\/i>\n\t\t\t\t<\/a>\n\t\t\t<\/li>\n\t\t\t<li>\n\t\t\t\t<a target=\"_blank\" data-social=\"twitter\" title=\"Share on Twitter\" href=\"\/\/twitter.com\/share?url=https:\/\/bemypartner.es\/ca\/record-asistencia-la-master-class-club-metropolitan-xuan-lan\/&text=R\u00e9cord de asistencia en la Master Class de Club Metropolitan y Xuan-Lan\">\n\t\t\t\t\t<i class=\"icofont-twitter\"><\/i>\n\t\t\t\t<\/a>\n\t\t\t<\/li>\n\t\t<\/ul>\n\t<\/div>\n<\/div>                        <\/div>\n\n\t\t\t\t\t<\/div>\n\n\t\t\t\t<\/div>\n\t\t\t<\/div>\n\t\t<\/div>\n\t<\/div>\n<\/div>\n\n<div id=\"row-single-4131\" class=\"vcpg-row-single cl-md-12 \">\n\t<div class=\"vcpg-post-item\">\n\t\t<div class=\"vcpg-row\">\n\t\t\t<div class=\"cl-md-4\">\n\t\t\t\t<div class=\"vcpg-post-photo\">\n\t\t\t\t\t\t\t\t\t\t\t<img decoding=\"async\" class=\"post-img lazyload\" data-src=\"https:\/\/bemypartner.es\/wp-content\/uploads\/2017\/11\/877A19651-mrcak0925yqxivebnlqhtvcswvx7mrnn7f76ezvmko.jpg\" alt=\"Lliurament del VIII Premi Factor Hum\u00e0 Merc\u00e8 Sala\" src=\"data:image\/svg+xml;base64,PHN2ZyB3aWR0aD0iMSIgaGVpZ2h0PSIxIiB4bWxucz0iaHR0cDovL3d3dy53My5vcmcvMjAwMC9zdmciPjwvc3ZnPg==\" style=\"--smush-placeholder-width: 748px; --smush-placeholder-aspect-ratio: 748\/308;\">\n\n\t\t\t\t\t\n\t\t\t\t<\/div>\n\t\t\t<\/div>\n\t\t\t<div class=\"cl-md-8\">\n\t\t\t\t<div class=\"vcpg-post-content\">\n\t\t\t\t\t<div class=\"vcpg-categories\"><a href=\"https:\/\/bemypartner.es\/ca\/category\/agencia-de-comunicacion-ca\/\">Agencia de comunicaci\u00f3n<\/a><a href=\"https:\/\/bemypartner.es\/ca\/category\/eventos-ca\/\">Eventos<\/a><a href=\"https:\/\/bemypartner.es\/ca\/category\/relaciones-publicas-ca\/\">Relaciones P\u00fablicas<\/a><\/div>\t\t\t\t\t<div class=\"vcpg-post-meta\">\n\t\t\t\t\t\t<div class=\"meta-left\">\n                            <div class=\"grid3-post-author\">\n\t\t\t\t\t\t\t\tby <strong>Bemypartner<\/strong>                            <\/div>\n                            <span class=\"publish-time\"><i class=\"icofont-clock-time\"><\/i> 24 de maig de 2016<\/span>\n                        <\/div>\n                        <div class=\"meta-right\">\n                            <span class=\"reading-time\"><i class=\"icofont-read-book-alt\"><\/i> 2 min to read<\/span>\n                        <\/div>\n\t\t\t\t\t<\/div>\n\n\t\t\t\t\t<div class=\"vcpg-post-desc\">\n\t\t\t\t\t\t\t\t\t\t\t\t\t<h3 class=\"vcpg-heading\"><a href=\"https:\/\/bemypartner.es\/ca\/entrega-del-viii-premio-factor-huma-merce-sala\/\">Lliurament del VIII Premi Factor Hum\u00e0 Merc\u00e8 Sala<\/a><\/h3>\n\t\t\t\t\t\t\n\t\t\t\t\t\t\t\t\t\t\t\t\t<p>\n\t\t\t\t\t\t\t\tLa Fundaci\u00f3 Factor Hum\u00e0, que es dedica a la millora en la gesti\u00f3 de les persones en les empreses, va lliurar el passat 12 de maig l&#8217;octau Premi Factor Hum\u00e0&hellip;<a href=\"https:\/\/bemypartner.es\/ca\/entrega-del-viii-premio-factor-huma-merce-sala\/\">Llegeix m\u00e9s ><\/a>\n\t\t\t\t\t\t\t<\/p>\n\t\t\t\t\t\t\t\t\t\t\t<\/div>\n\t\t\t\t\t<div class=\"vcpg-post-footer\">\n\t\t\t\t\t\t\t\t\t\t\t\t\t<div class=\"vcpg-post-tags\">\n\t\t\t\t\t\t\t\t<i class=\"icofont-tags\"><\/i>\n\t\t\t\t\t\t\t\t\n\t\t\t\t\t\t\t\t\t\t<div class=\"first-2\"><a href=\"https:\/\/bemypartner.es\/ca\/tag\/alcance-ca\/\">Alcance<\/a><\/div>\n\n\t\t\t\t\t\t\t\t\n\t\t\t\t\t\t\t\t\t\t<div class=\"first-2\"><a href=\"https:\/\/bemypartner.es\/ca\/tag\/clientes-ca\/\">Clientes<\/a><\/div>\n\n\t\t\t\t\t\t\t\t\n\t\t\t\t\t\t\t\t\t\t<div class=\"first-2\"><a href=\"https:\/\/bemypartner.es\/ca\/tag\/comunicacion-ca\/\">comunicaci\u00f3n<\/a><\/div>\n\n\t\t\t\t\t\t\t\t\n\t\t\t\t\t\t\t\t\t\t<div class=\"first-2\"><a href=\"https:\/\/bemypartner.es\/ca\/tag\/empresas-ca\/\">Empresas<\/a><\/div>\n\n\t\t\t\t\t\t\t\t\n\t\t\t\t\t\t\t\t\t\t<div class=\"first-2\"><a href=\"https:\/\/bemypartner.es\/ca\/tag\/evento-ca\/\">evento<\/a><\/div>\n\n\t\t\t\t\t\t\t\t\n\t\t\t\t\t\t\t\t\t\t<div class=\"first-2\"><a href=\"https:\/\/bemypartner.es\/ca\/tag\/fundacion-factor-huma-ca\/\">Fundaci\u00f3n Factor Hum\u00e0<\/a><\/div>\n\n\t\t\t\t\t\t\t\t\n\t\t\t\t\t\t\t\t\t\t<div class=\"first-2\"><a href=\"https:\/\/bemypartner.es\/ca\/tag\/premio-ca\/\">Premio<\/a><\/div>\n\n\t\t\t\t\t\t\t\t\n\t\t\t\t\t\t\t\t\t\t<div class=\"first-2\"><a href=\"https:\/\/bemypartner.es\/ca\/tag\/publicos-ca\/\">P\u00fablicos<\/a><\/div>\n\n\t\t\t\t\t\t\t\t\n\t\t\t\t\t\t\t\t\t\t<div class=\"first-2\"><a href=\"https:\/\/bemypartner.es\/ca\/tag\/redes-sociales-ca\/\">Redes Sociales<\/a><\/div>\n\n\t\t\t\t\t\t\t\t\n\t\t\t\t\t\t\t\t\n\n\t\t\t\t\t\t\t<\/div>\n\t\t\t\t\t\t\n                        <div class=\"vcpg-footer-right\">\n                            <div class=\"vcpg-comment-wrap\">\n                                <span><i class=\"icofont-comment\"><\/i> 0<\/span>\n                            <\/div>\n\n                            \n<div class=\"vcpg-social-share\">\n\t<a href=\"#\"><i class=\"icofont-share\"><\/i><\/a>\n\t<div class=\"vcpg-social-inner\">\n\t\t<ul>\n\t\t\t<li>\n\t\t\t\t<a target=\"_blank\" data-social=\"facebook\" title=\"Share on Facebook\" href=\"\/\/facebook.com\/sharer.php?u=https:\/\/bemypartner.es\/ca\/entrega-del-viii-premio-factor-huma-merce-sala\/\">\n\t\t\t\t\t<i class=\"icofont-facebook\"><\/i>\n\t\t\t\t<\/a>\n\t\t\t<\/li>\n\t\t\t<li>\n\t\t\t\t<a target=\"_blank\" data-social=\"pinterest\" title=\"Share on Pinterest\" href=\"\/\/pinterest.com\/pin\/create\/button\/?url=https:\/\/bemypartner.es\/ca\/entrega-del-viii-premio-factor-huma-merce-sala\/&amp;media=\">\n\t\t\t\t\t<i class=\"icofont-pinterest\"><\/i>\n\t\t\t\t<\/a>\n\t\t\t<\/li>\n\t\t\t<li>\n\t\t\t\t<a target=\"_blank\" data-social=\"twitter\" title=\"Share on Twitter\" href=\"\/\/twitter.com\/share?url=https:\/\/bemypartner.es\/ca\/entrega-del-viii-premio-factor-huma-merce-sala\/&text=Lliurament del VIII Premi Factor Hum\u00e0 Merc\u00e8 Sala\">\n\t\t\t\t\t<i class=\"icofont-twitter\"><\/i>\n\t\t\t\t<\/a>\n\t\t\t<\/li>\n\t\t<\/ul>\n\t<\/div>\n<\/div>                        <\/div>\n\n\t\t\t\t\t<\/div>\n\n\t\t\t\t<\/div>\n\t\t\t<\/div>\n\t\t<\/div>\n\t<\/div>\n<\/div>\n\n<div id=\"row-single-4132\" class=\"vcpg-row-single cl-md-12 \">\n\t<div class=\"vcpg-post-item\">\n\t\t<div class=\"vcpg-row\">\n\t\t\t<div class=\"cl-md-4\">\n\t\t\t\t<div class=\"vcpg-post-photo\">\n\t\t\t\t\t\t\t\t\t\t\t<img decoding=\"async\" class=\"post-img lazyload\" data-src=\"https:\/\/bemypartner.es\/wp-content\/uploads\/2017\/11\/E8G21772-mp2ls5z409nkqicdhnakx92gzl1a23nzq9d3fb6jgo.jpg\" alt=\"Presentaci\u00f3 de l&#8217;expedici\u00f3 &#8220;Desafiament \u00c0rtic&#8221;\" src=\"data:image\/svg+xml;base64,PHN2ZyB3aWR0aD0iMSIgaGVpZ2h0PSIxIiB4bWxucz0iaHR0cDovL3d3dy53My5vcmcvMjAwMC9zdmciPjwvc3ZnPg==\" style=\"--smush-placeholder-width: 748px; --smush-placeholder-aspect-ratio: 748\/308;\">\n\n\t\t\t\t\t\n\t\t\t\t<\/div>\n\t\t\t<\/div>\n\t\t\t<div class=\"cl-md-8\">\n\t\t\t\t<div class=\"vcpg-post-content\">\n\t\t\t\t\t<div class=\"vcpg-categories\"><a href=\"https:\/\/bemypartner.es\/ca\/category\/agencia-de-comunicacion-ca\/\">Agencia de comunicaci\u00f3n<\/a><a href=\"https:\/\/bemypartner.es\/ca\/category\/eventos-ca\/\">Eventos<\/a><a href=\"https:\/\/bemypartner.es\/ca\/category\/relaciones-publicas-ca\/\">Relaciones P\u00fablicas<\/a><\/div>\t\t\t\t\t<div class=\"vcpg-post-meta\">\n\t\t\t\t\t\t<div class=\"meta-left\">\n                            <div class=\"grid3-post-author\">\n\t\t\t\t\t\t\t\tby <strong>Bemypartner<\/strong>                            <\/div>\n                            <span class=\"publish-time\"><i class=\"icofont-clock-time\"><\/i> 06 d'abril de 2016<\/span>\n                        <\/div>\n                        <div class=\"meta-right\">\n                            <span class=\"reading-time\"><i class=\"icofont-read-book-alt\"><\/i> 2 min to read<\/span>\n                        <\/div>\n\t\t\t\t\t<\/div>\n\n\t\t\t\t\t<div class=\"vcpg-post-desc\">\n\t\t\t\t\t\t\t\t\t\t\t\t\t<h3 class=\"vcpg-heading\"><a href=\"https:\/\/bemypartner.es\/ca\/evento-de-presentacion-de-la-expedicion-desafio-artico-2\/\">Presentaci\u00f3 de l&#8217;expedici\u00f3 &#8220;Desafiament \u00c0rtic&#8221;<\/a><\/h3>\n\t\t\t\t\t\t\n\t\t\t\t\t\t\t\t\t\t\t\t\t<p>\n\t\t\t\t\t\t\t\tBemypartner va organitzar, el passat mes de mar\u00e7, la presentaci\u00f3 de la segona edici\u00f3 de Desafiament \u00c0rtic. L`acte va tindre lloc a l`ambaixada de Dinamarca a Madrid. Aquesta edici\u00f3 consisteix&hellip;<a href=\"https:\/\/bemypartner.es\/ca\/evento-de-presentacion-de-la-expedicion-desafio-artico-2\/\">Llegeix m\u00e9s ><\/a>\n\t\t\t\t\t\t\t<\/p>\n\t\t\t\t\t\t\t\t\t\t\t<\/div>\n\t\t\t\t\t<div class=\"vcpg-post-footer\">\n\t\t\t\t\t\t\t\t\t\t\t\t\t<div class=\"vcpg-post-tags\">\n\t\t\t\t\t\t\t\t<i class=\"icofont-tags\"><\/i>\n\t\t\t\t\t\t\t\t\n\t\t\t\t\t\t\t\t\t\t<div class=\"first-2\"><a href=\"https:\/\/bemypartner.es\/ca\/tag\/acto-ca\/\">acto<\/a><\/div>\n\n\t\t\t\t\t\t\t\t\n\t\t\t\t\t\t\t\t\t\t<div class=\"first-2\"><a href=\"https:\/\/bemypartner.es\/ca\/tag\/agencia-de-comunicacion-ca\/\">agencia de comunicaci\u00f3n<\/a><\/div>\n\n\t\t\t\t\t\t\t\t\n\t\t\t\t\t\t\t\t\t\t<div class=\"first-2\"><a href=\"https:\/\/bemypartner.es\/ca\/tag\/comunicacion-ca\/\">comunicaci\u00f3n<\/a><\/div>\n\n\t\t\t\t\t\t\t\t\n\t\t\t\t\t\t\t\t\t\t<div class=\"first-2\"><a href=\"https:\/\/bemypartner.es\/ca\/tag\/desafio-artico-ca\/\">Desaf\u00edo \u00e1rtico<\/a><\/div>\n\n\t\t\t\t\t\t\t\t\n\t\t\t\t\t\t\t\t\t\t<div class=\"first-2\"><a href=\"https:\/\/bemypartner.es\/ca\/tag\/evento-ca\/\">evento<\/a><\/div>\n\n\t\t\t\t\t\t\t\t\n\t\t\t\t\t\t\t\t\t\t<div class=\"first-2\"><a href=\"https:\/\/bemypartner.es\/ca\/tag\/presentacion-ca\/\">presentaci\u00f3n<\/a><\/div>\n\n\t\t\t\t\t\t\t\t\n\t\t\t\t\t\t\t\t\t\t<div class=\"first-2\"><a href=\"https:\/\/bemypartner.es\/ca\/tag\/purina-ca\/\">purina<\/a><\/div>\n\n\t\t\t\t\t\t\t\t\n\t\t\t\t\t\t\t\t\n\n\t\t\t\t\t\t\t<\/div>\n\t\t\t\t\t\t\n                        <div class=\"vcpg-footer-right\">\n                            <div class=\"vcpg-comment-wrap\">\n                                <span><i class=\"icofont-comment\"><\/i> 0<\/span>\n                            <\/div>\n\n                            \n<div class=\"vcpg-social-share\">\n\t<a href=\"#\"><i class=\"icofont-share\"><\/i><\/a>\n\t<div class=\"vcpg-social-inner\">\n\t\t<ul>\n\t\t\t<li>\n\t\t\t\t<a target=\"_blank\" data-social=\"facebook\" title=\"Share on Facebook\" href=\"\/\/facebook.com\/sharer.php?u=https:\/\/bemypartner.es\/ca\/evento-de-presentacion-de-la-expedicion-desafio-artico-2\/\">\n\t\t\t\t\t<i class=\"icofont-facebook\"><\/i>\n\t\t\t\t<\/a>\n\t\t\t<\/li>\n\t\t\t<li>\n\t\t\t\t<a target=\"_blank\" data-social=\"pinterest\" title=\"Share on Pinterest\" href=\"\/\/pinterest.com\/pin\/create\/button\/?url=https:\/\/bemypartner.es\/ca\/evento-de-presentacion-de-la-expedicion-desafio-artico-2\/&amp;media=\">\n\t\t\t\t\t<i class=\"icofont-pinterest\"><\/i>\n\t\t\t\t<\/a>\n\t\t\t<\/li>\n\t\t\t<li>\n\t\t\t\t<a target=\"_blank\" data-social=\"twitter\" title=\"Share on Twitter\" href=\"\/\/twitter.com\/share?url=https:\/\/bemypartner.es\/ca\/evento-de-presentacion-de-la-expedicion-desafio-artico-2\/&text=Presentaci\u00f3 de l&#8217;expedici\u00f3 &#8220;Desafiament \u00c0rtic&#8221;\">\n\t\t\t\t\t<i class=\"icofont-twitter\"><\/i>\n\t\t\t\t<\/a>\n\t\t\t<\/li>\n\t\t<\/ul>\n\t<\/div>\n<\/div>                        <\/div>\n\n\t\t\t\t\t<\/div>\n\n\t\t\t\t<\/div>\n\t\t\t<\/div>\n\t\t<\/div>\n\t<\/div>\n<\/div>\n\n<div id=\"row-single-4133\" class=\"vcpg-row-single cl-md-12 \">\n\t<div class=\"vcpg-post-item\">\n\t\t<div class=\"vcpg-row\">\n\t\t\t<div class=\"cl-md-4\">\n\t\t\t\t<div class=\"vcpg-post-photo\">\n\t\t\t\t\t\t\t\t\t\t\t<img decoding=\"async\" class=\"post-img lazyload\" data-src=\"https:\/\/bemypartner.es\/wp-content\/uploads\/2017\/11\/Metropolitan-Badalona-98-retocada-moor5ikzd0kgvwnwododp1agw5i4k0tx2sjeeesemg.jpeg\" alt=\"Club Metropolitan obri nou centre a Badalona\" src=\"data:image\/svg+xml;base64,PHN2ZyB3aWR0aD0iMSIgaGVpZ2h0PSIxIiB4bWxucz0iaHR0cDovL3d3dy53My5vcmcvMjAwMC9zdmciPjwvc3ZnPg==\" style=\"--smush-placeholder-width: 748px; --smush-placeholder-aspect-ratio: 748\/308;\">\n\n\t\t\t\t\t\n\t\t\t\t<\/div>\n\t\t\t<\/div>\n\t\t\t<div class=\"cl-md-8\">\n\t\t\t\t<div class=\"vcpg-post-content\">\n\t\t\t\t\t<div class=\"vcpg-categories\"><a href=\"https:\/\/bemypartner.es\/ca\/category\/agencia-de-comunicacion-ca\/\">Agencia de comunicaci\u00f3n<\/a><a href=\"https:\/\/bemypartner.es\/ca\/category\/eventos-ca\/\">Eventos<\/a><a href=\"https:\/\/bemypartner.es\/ca\/category\/relaciones-publicas-ca\/\">Relaciones P\u00fablicas<\/a><\/div>\t\t\t\t\t<div class=\"vcpg-post-meta\">\n\t\t\t\t\t\t<div class=\"meta-left\">\n                            <div class=\"grid3-post-author\">\n\t\t\t\t\t\t\t\tby <strong>Bemypartner<\/strong>                            <\/div>\n                            <span class=\"publish-time\"><i class=\"icofont-clock-time\"><\/i> 01 d'abril de 2016<\/span>\n                        <\/div>\n                        <div class=\"meta-right\">\n                            <span class=\"reading-time\"><i class=\"icofont-read-book-alt\"><\/i> 2 min to read<\/span>\n                        <\/div>\n\t\t\t\t\t<\/div>\n\n\t\t\t\t\t<div class=\"vcpg-post-desc\">\n\t\t\t\t\t\t\t\t\t\t\t\t\t<h3 class=\"vcpg-heading\"><a href=\"https:\/\/bemypartner.es\/ca\/club-metropolitan-inaugura-nuevo-centro-en-badalona\/\">Club Metropolitan obri nou centre a Badalona<\/a><\/h3>\n\t\t\t\t\t\t\n\t\t\t\t\t\t\t\t\t\t\t\t\t<p>\n\t\t\t\t\t\t\t\tLa setmana passada vam tindre el plaer d`acompanyar a l`equip de Club Metropolitan a l`event d`inauguraci\u00f3 del nou centre de Badalona. Metropolitan Badalona ofereix 6.000m2 d`espectaculars instal\u00b7lacions i es troba&hellip;<a href=\"https:\/\/bemypartner.es\/ca\/club-metropolitan-inaugura-nuevo-centro-en-badalona\/\">Llegeix m\u00e9s ><\/a>\n\t\t\t\t\t\t\t<\/p>\n\t\t\t\t\t\t\t\t\t\t\t<\/div>\n\t\t\t\t\t<div class=\"vcpg-post-footer\">\n\t\t\t\t\t\t\t\t\t\t\t\t\t<div class=\"vcpg-post-tags\">\n\t\t\t\t\t\t\t\t<i class=\"icofont-tags\"><\/i>\n\t\t\t\t\t\t\t\t\n\t\t\t\t\t\t\t\t\t\t<div class=\"first-2\"><a href=\"https:\/\/bemypartner.es\/ca\/tag\/agencia-de-comunicacion-ca\/\">agencia de comunicaci\u00f3n<\/a><\/div>\n\n\t\t\t\t\t\t\t\t\n\t\t\t\t\t\t\t\t\t\t<div class=\"first-2\"><a href=\"https:\/\/bemypartner.es\/ca\/tag\/badalona-ca\/\">Badalona<\/a><\/div>\n\n\t\t\t\t\t\t\t\t\n\t\t\t\t\t\t\t\t\t\t<div class=\"first-2\"><a href=\"https:\/\/bemypartner.es\/ca\/tag\/bemypartner-ca\/\">bemypartner<\/a><\/div>\n\n\t\t\t\t\t\t\t\t\n\t\t\t\t\t\t\t\t\t\t<div class=\"first-2\"><a href=\"https:\/\/bemypartner.es\/ca\/tag\/club-metropolitan-ca\/\">Club Metropolitan<\/a><\/div>\n\n\t\t\t\t\t\t\t\t\n\t\t\t\t\t\t\t\t\t\t<div class=\"first-2\"><a href=\"https:\/\/bemypartner.es\/ca\/tag\/evento-ca\/\">evento<\/a><\/div>\n\n\t\t\t\t\t\t\t\t\n\t\t\t\t\t\t\t\t\t\t<div class=\"first-2\"><a href=\"https:\/\/bemypartner.es\/ca\/tag\/medios-de-comunicacion-ca\/\">medios de comunicaci\u00f3n<\/a><\/div>\n\n\t\t\t\t\t\t\t\t\n\t\t\t\t\t\t\t\t\t\t<div class=\"first-2\"><a href=\"https:\/\/bemypartner.es\/ca\/tag\/organizacion-ca\/\">organizaci\u00f3n<\/a><\/div>\n\n\t\t\t\t\t\t\t\t\n\t\t\t\t\t\t\t\t\t\t<div class=\"first-2\"><a href=\"https:\/\/bemypartner.es\/ca\/tag\/prensa-ca\/\">prensa<\/a><\/div>\n\n\t\t\t\t\t\t\t\t\n\t\t\t\t\t\t\t\t\n\n\t\t\t\t\t\t\t<\/div>\n\t\t\t\t\t\t\n                        <div class=\"vcpg-footer-right\">\n                            <div class=\"vcpg-comment-wrap\">\n                                <span><i class=\"icofont-comment\"><\/i> 0<\/span>\n                            <\/div>\n\n                            \n<div class=\"vcpg-social-share\">\n\t<a href=\"#\"><i class=\"icofont-share\"><\/i><\/a>\n\t<div class=\"vcpg-social-inner\">\n\t\t<ul>\n\t\t\t<li>\n\t\t\t\t<a target=\"_blank\" data-social=\"facebook\" title=\"Share on Facebook\" href=\"\/\/facebook.com\/sharer.php?u=https:\/\/bemypartner.es\/ca\/club-metropolitan-inaugura-nuevo-centro-en-badalona\/\">\n\t\t\t\t\t<i class=\"icofont-facebook\"><\/i>\n\t\t\t\t<\/a>\n\t\t\t<\/li>\n\t\t\t<li>\n\t\t\t\t<a target=\"_blank\" data-social=\"pinterest\" title=\"Share on Pinterest\" href=\"\/\/pinterest.com\/pin\/create\/button\/?url=https:\/\/bemypartner.es\/ca\/club-metropolitan-inaugura-nuevo-centro-en-badalona\/&amp;media=\">\n\t\t\t\t\t<i class=\"icofont-pinterest\"><\/i>\n\t\t\t\t<\/a>\n\t\t\t<\/li>\n\t\t\t<li>\n\t\t\t\t<a target=\"_blank\" data-social=\"twitter\" title=\"Share on Twitter\" href=\"\/\/twitter.com\/share?url=https:\/\/bemypartner.es\/ca\/club-metropolitan-inaugura-nuevo-centro-en-badalona\/&text=Club Metropolitan obri nou centre a Badalona\">\n\t\t\t\t\t<i class=\"icofont-twitter\"><\/i>\n\t\t\t\t<\/a>\n\t\t\t<\/li>\n\t\t<\/ul>\n\t<\/div>\n<\/div>                        <\/div>\n\n\t\t\t\t\t<\/div>\n\n\t\t\t\t<\/div>\n\t\t\t<\/div>\n\t\t<\/div>\n\t<\/div>\n<\/div>\n\n<div id=\"row-single-4134\" class=\"vcpg-row-single cl-md-12 \">\n\t<div class=\"vcpg-post-item\">\n\t\t<div class=\"vcpg-row\">\n\t\t\t<div class=\"cl-md-4\">\n\t\t\t\t<div class=\"vcpg-post-photo\">\n\t\t\t\t\t\t\t\t\t\t\t<img decoding=\"async\" class=\"post-img lazyload\" data-src=\"https:\/\/bemypartner.es\/wp-content\/uploads\/2017\/11\/featured_almuerzo-mivt5bhjfygqvdfswyny6i4m9trwtikuluvw8p2ubs.jpg\" alt=\"Beauty afterwork con el doctor Pierre Nicolau\" src=\"data:image\/svg+xml;base64,PHN2ZyB3aWR0aD0iMSIgaGVpZ2h0PSIxIiB4bWxucz0iaHR0cDovL3d3dy53My5vcmcvMjAwMC9zdmciPjwvc3ZnPg==\" style=\"--smush-placeholder-width: 748px; --smush-placeholder-aspect-ratio: 748\/308;\">\n\n\t\t\t\t\t\n\t\t\t\t<\/div>\n\t\t\t<\/div>\n\t\t\t<div class=\"cl-md-8\">\n\t\t\t\t<div class=\"vcpg-post-content\">\n\t\t\t\t\t<div class=\"vcpg-categories\"><a href=\"https:\/\/bemypartner.es\/ca\/category\/agencia-de-comunicacion-ca\/\">Agencia de comunicaci\u00f3n<\/a><a href=\"https:\/\/bemypartner.es\/ca\/category\/eventos-ca\/\">Eventos<\/a><a href=\"https:\/\/bemypartner.es\/ca\/category\/relaciones-publicas-ca\/\">Relaciones P\u00fablicas<\/a><\/div>\t\t\t\t\t<div class=\"vcpg-post-meta\">\n\t\t\t\t\t\t<div class=\"meta-left\">\n                            <div class=\"grid3-post-author\">\n\t\t\t\t\t\t\t\tby <strong>Bemypartner<\/strong>                            <\/div>\n                            <span class=\"publish-time\"><i class=\"icofont-clock-time\"><\/i> 01 de desembre de 2015<\/span>\n                        <\/div>\n                        <div class=\"meta-right\">\n                            <span class=\"reading-time\"><i class=\"icofont-read-book-alt\"><\/i> 3 min to read<\/span>\n                        <\/div>\n\t\t\t\t\t<\/div>\n\n\t\t\t\t\t<div class=\"vcpg-post-desc\">\n\t\t\t\t\t\t\t\t\t\t\t\t\t<h3 class=\"vcpg-heading\"><a href=\"https:\/\/bemypartner.es\/ca\/beauty-afterwork-con-el-doctor-pierre-nicolau\/\">Beauty afterwork con el doctor Pierre Nicolau<\/a><\/h3>\n\t\t\t\t\t\t\n\t\t\t\t\t\t\t\t\t\t\t\t\t<p>\n\t\t\t\t\t\t\t\tLa grasa localizada y las dificultades para deshacernos de ella son un problema que afecta a hombres y mujeres mientras que la celulitis afecta mayoritariamente a las mujeres.Muchas personas se&hellip;<a href=\"https:\/\/bemypartner.es\/ca\/beauty-afterwork-con-el-doctor-pierre-nicolau\/\">Llegeix m\u00e9s ><\/a>\n\t\t\t\t\t\t\t<\/p>\n\t\t\t\t\t\t\t\t\t\t\t<\/div>\n\t\t\t\t\t<div class=\"vcpg-post-footer\">\n\t\t\t\t\t\t\t\t\t\t\t\t\t<div class=\"vcpg-post-tags\">\n\t\t\t\t\t\t\t\t<i class=\"icofont-tags\"><\/i>\n\t\t\t\t\t\t\t\t\n\t\t\t\t\t\t\t\t\t\t<div class=\"first-2\"><a href=\"https:\/\/bemypartner.es\/ca\/tag\/afterwork-ca\/\">afterwork<\/a><\/div>\n\n\t\t\t\t\t\t\t\t\n\t\t\t\t\t\t\t\t\t\t<div class=\"first-2\"><a href=\"https:\/\/bemypartner.es\/ca\/tag\/bemypartner-ca\/\">bemypartner<\/a><\/div>\n\n\t\t\t\t\t\t\t\t\n\t\t\t\t\t\t\t\t\t\t<div class=\"first-2\"><a href=\"https:\/\/bemypartner.es\/ca\/tag\/circulo-ecuestre-de-barcelona-ca\/\">C\u00edrculo Ecuestre de Barcelona<\/a><\/div>\n\n\t\t\t\t\t\t\t\t\n\t\t\t\t\t\t\t\t\t\t<div class=\"first-2\"><a href=\"https:\/\/bemypartner.es\/ca\/tag\/doctor-pierre-nicolau-ca\/\">doctor Pierre Nicolau<\/a><\/div>\n\n\t\t\t\t\t\t\t\t\n\t\t\t\t\t\t\t\t\n\n\t\t\t\t\t\t\t<\/div>\n\t\t\t\t\t\t\n                        <div class=\"vcpg-footer-right\">\n                            <div class=\"vcpg-comment-wrap\">\n                                <span><i class=\"icofont-comment\"><\/i> 0<\/span>\n                            <\/div>\n\n                            \n<div class=\"vcpg-social-share\">\n\t<a href=\"#\"><i class=\"icofont-share\"><\/i><\/a>\n\t<div class=\"vcpg-social-inner\">\n\t\t<ul>\n\t\t\t<li>\n\t\t\t\t<a target=\"_blank\" data-social=\"facebook\" title=\"Share on Facebook\" href=\"\/\/facebook.com\/sharer.php?u=https:\/\/bemypartner.es\/ca\/beauty-afterwork-con-el-doctor-pierre-nicolau\/\">\n\t\t\t\t\t<i class=\"icofont-facebook\"><\/i>\n\t\t\t\t<\/a>\n\t\t\t<\/li>\n\t\t\t<li>\n\t\t\t\t<a target=\"_blank\" data-social=\"pinterest\" title=\"Share on Pinterest\" href=\"\/\/pinterest.com\/pin\/create\/button\/?url=https:\/\/bemypartner.es\/ca\/beauty-afterwork-con-el-doctor-pierre-nicolau\/&amp;media=\">\n\t\t\t\t\t<i class=\"icofont-pinterest\"><\/i>\n\t\t\t\t<\/a>\n\t\t\t<\/li>\n\t\t\t<li>\n\t\t\t\t<a target=\"_blank\" data-social=\"twitter\" title=\"Share on Twitter\" href=\"\/\/twitter.com\/share?url=https:\/\/bemypartner.es\/ca\/beauty-afterwork-con-el-doctor-pierre-nicolau\/&text=Beauty afterwork con el doctor Pierre Nicolau\">\n\t\t\t\t\t<i class=\"icofont-twitter\"><\/i>\n\t\t\t\t<\/a>\n\t\t\t<\/li>\n\t\t<\/ul>\n\t<\/div>\n<\/div>                        <\/div>\n\n\t\t\t\t\t<\/div>\n\n\t\t\t\t<\/div>\n\t\t\t<\/div>\n\t\t<\/div>\n\t<\/div>\n<\/div>\n\n<div id=\"row-single-4135\" class=\"vcpg-row-single cl-md-12 \">\n\t<div class=\"vcpg-post-item\">\n\t\t<div class=\"vcpg-row\">\n\t\t\t<div class=\"cl-md-4\">\n\t\t\t\t<div class=\"vcpg-post-photo\">\n\t\t\t\t\t\t\t\t\t\t\t<img decoding=\"async\" class=\"post-img lazyload\" data-src=\"https:\/\/bemypartner.es\/wp-content\/uploads\/2017\/11\/cumbre-mi7hv5ihgrf8ufpo5iqcyzfhybdepvekd0lu85ikug.jpg\" alt=\"Cumbre mundial del sector tur\u00edstico en el Pa\u00eds Vasco\" src=\"data:image\/svg+xml;base64,PHN2ZyB3aWR0aD0iMSIgaGVpZ2h0PSIxIiB4bWxucz0iaHR0cDovL3d3dy53My5vcmcvMjAwMC9zdmciPjwvc3ZnPg==\" style=\"--smush-placeholder-width: 748px; --smush-placeholder-aspect-ratio: 748\/308;\">\n\n\t\t\t\t\t\n\t\t\t\t<\/div>\n\t\t\t<\/div>\n\t\t\t<div class=\"cl-md-8\">\n\t\t\t\t<div class=\"vcpg-post-content\">\n\t\t\t\t\t<div class=\"vcpg-categories\"><a href=\"https:\/\/bemypartner.es\/ca\/category\/agencia-de-comunicacion-ca\/\">Agencia de comunicaci\u00f3n<\/a><a href=\"https:\/\/bemypartner.es\/ca\/category\/eventos-ca\/\">Eventos<\/a><a href=\"https:\/\/bemypartner.es\/ca\/category\/relaciones-publicas-ca\/\">Relaciones P\u00fablicas<\/a><\/div>\t\t\t\t\t<div class=\"vcpg-post-meta\">\n\t\t\t\t\t\t<div class=\"meta-left\">\n                            <div class=\"grid3-post-author\">\n\t\t\t\t\t\t\t\tby <strong>Bemypartner<\/strong>                            <\/div>\n                            <span class=\"publish-time\"><i class=\"icofont-clock-time\"><\/i> 17 de novembre de 2015<\/span>\n                        <\/div>\n                        <div class=\"meta-right\">\n                            <span class=\"reading-time\"><i class=\"icofont-read-book-alt\"><\/i> 1 min to read<\/span>\n                        <\/div>\n\t\t\t\t\t<\/div>\n\n\t\t\t\t\t<div class=\"vcpg-post-desc\">\n\t\t\t\t\t\t\t\t\t\t\t\t\t<h3 class=\"vcpg-heading\"><a href=\"https:\/\/bemypartner.es\/ca\/cumbre-mundial-del-sector-turistico-en-el-pais-vasco\/\">Cumbre mundial del sector tur\u00edstico en el Pa\u00eds Vasco<\/a><\/h3>\n\t\t\t\t\t\t\n\t\t\t\t\t\t\t\t\t\t\t\t\t<p>\n\t\t\t\t\t\t\t\tComo agencia de comunicaci\u00f3n de CEAV, hemos participado en la 3\u00aa Cumbre de Asociaciones de Agencias de Viajes. Un evento organizado\u00a0por la Confederaci\u00f3n Espa\u00f1ola de Agencias de Viajes (CEAV) y&hellip;<a href=\"https:\/\/bemypartner.es\/ca\/cumbre-mundial-del-sector-turistico-en-el-pais-vasco\/\">Llegeix m\u00e9s ><\/a>\n\t\t\t\t\t\t\t<\/p>\n\t\t\t\t\t\t\t\t\t\t\t<\/div>\n\t\t\t\t\t<div class=\"vcpg-post-footer\">\n\t\t\t\t\t\t\t\t\t\t\t\t\t<div class=\"vcpg-post-tags\">\n\t\t\t\t\t\t\t\t<i class=\"icofont-tags\"><\/i>\n\t\t\t\t\t\t\t\t\n\t\t\t\t\t\t\t\t\t\t<div class=\"first-2\"><a href=\"https:\/\/bemypartner.es\/ca\/tag\/bemypartner-ca\/\">bemypartner<\/a><\/div>\n\n\t\t\t\t\t\t\t\t\n\t\t\t\t\t\t\t\t\t\t<div class=\"first-2\"><a href=\"https:\/\/bemypartner.es\/ca\/tag\/ceav-ca\/\">CEAV<\/a><\/div>\n\n\t\t\t\t\t\t\t\t\n\t\t\t\t\t\t\t\t\n\n\t\t\t\t\t\t\t<\/div>\n\t\t\t\t\t\t\n                        <div class=\"vcpg-footer-right\">\n                            <div class=\"vcpg-comment-wrap\">\n                                <span><i class=\"icofont-comment\"><\/i> 0<\/span>\n                            <\/div>\n\n                            \n<div class=\"vcpg-social-share\">\n\t<a href=\"#\"><i class=\"icofont-share\"><\/i><\/a>\n\t<div class=\"vcpg-social-inner\">\n\t\t<ul>\n\t\t\t<li>\n\t\t\t\t<a target=\"_blank\" data-social=\"facebook\" title=\"Share on Facebook\" href=\"\/\/facebook.com\/sharer.php?u=https:\/\/bemypartner.es\/ca\/cumbre-mundial-del-sector-turistico-en-el-pais-vasco\/\">\n\t\t\t\t\t<i class=\"icofont-facebook\"><\/i>\n\t\t\t\t<\/a>\n\t\t\t<\/li>\n\t\t\t<li>\n\t\t\t\t<a target=\"_blank\" data-social=\"pinterest\" title=\"Share on Pinterest\" href=\"\/\/pinterest.com\/pin\/create\/button\/?url=https:\/\/bemypartner.es\/ca\/cumbre-mundial-del-sector-turistico-en-el-pais-vasco\/&amp;media=\">\n\t\t\t\t\t<i class=\"icofont-pinterest\"><\/i>\n\t\t\t\t<\/a>\n\t\t\t<\/li>\n\t\t\t<li>\n\t\t\t\t<a target=\"_blank\" data-social=\"twitter\" title=\"Share on Twitter\" href=\"\/\/twitter.com\/share?url=https:\/\/bemypartner.es\/ca\/cumbre-mundial-del-sector-turistico-en-el-pais-vasco\/&text=Cumbre mundial del sector tur\u00edstico en el Pa\u00eds Vasco\">\n\t\t\t\t\t<i class=\"icofont-twitter\"><\/i>\n\t\t\t\t<\/a>\n\t\t\t<\/li>\n\t\t<\/ul>\n\t<\/div>\n<\/div>                        <\/div>\n\n\t\t\t\t\t<\/div>\n\n\t\t\t\t<\/div>\n\t\t\t<\/div>\n\t\t<\/div>\n\t<\/div>\n<\/div>\n\n<div id=\"row-single-4136\" class=\"vcpg-row-single cl-md-12 \">\n\t<div class=\"vcpg-post-item\">\n\t\t<div class=\"vcpg-row\">\n\t\t\t<div class=\"cl-md-4\">\n\t\t\t\t<div class=\"vcpg-post-photo\">\n\t\t\t\t\t\t\t\t\t\t\t<img decoding=\"async\" class=\"post-img lazyload\" data-src=\"https:\/\/bemypartner.es\/wp-content\/uploads\/2015\/11\/featured-1.jpg\" alt=\"Almuerzo coloquio sobre comunicaci\u00f3n, imagen y liderazgo en una carrera de \u00e9xito\" src=\"data:image\/svg+xml;base64,PHN2ZyB3aWR0aD0iMSIgaGVpZ2h0PSIxIiB4bWxucz0iaHR0cDovL3d3dy53My5vcmcvMjAwMC9zdmciPjwvc3ZnPg==\" style=\"--smush-placeholder-width: 720px; --smush-placeholder-aspect-ratio: 720\/332;\">\n\n\t\t\t\t\t\n\t\t\t\t<\/div>\n\t\t\t<\/div>\n\t\t\t<div class=\"cl-md-8\">\n\t\t\t\t<div class=\"vcpg-post-content\">\n\t\t\t\t\t<div class=\"vcpg-categories\"><a href=\"https:\/\/bemypartner.es\/ca\/category\/agencia-de-comunicacion-ca\/\">Agencia de comunicaci\u00f3n<\/a><\/div>\t\t\t\t\t<div class=\"vcpg-post-meta\">\n\t\t\t\t\t\t<div class=\"meta-left\">\n                            <div class=\"grid3-post-author\">\n\t\t\t\t\t\t\t\tby <strong>Bemypartner<\/strong>                            <\/div>\n                            <span class=\"publish-time\"><i class=\"icofont-clock-time\"><\/i> 10 de novembre de 2015<\/span>\n                        <\/div>\n                        <div class=\"meta-right\">\n                            <span class=\"reading-time\"><i class=\"icofont-read-book-alt\"><\/i> 2 min to read<\/span>\n                        <\/div>\n\t\t\t\t\t<\/div>\n\n\t\t\t\t\t<div class=\"vcpg-post-desc\">\n\t\t\t\t\t\t\t\t\t\t\t\t\t<h3 class=\"vcpg-heading\"><a href=\"https:\/\/bemypartner.es\/ca\/almuerzo-coloquio-sobre-comunicacion-imagen-y-liderazgo-en-una-carrera-de-exito\/\">Almuerzo coloquio sobre comunicaci\u00f3n, imagen y liderazgo en una carrera de \u00e9xito<\/a><\/h3>\n\t\t\t\t\t\t\n\t\t\t\t\t\t\t\t\t\t\t\t\t<p>\n\t\t\t\t\t\t\t\tBemypartner ha organizado un almuerzo coloquio en el C\u00edrculo Ecuestre de Barcelona con la reconocida consultora de imagen Beth Bor\u00e9s, fundadora de ACC Imagen, miembro de la Asociaci\u00f3n Internacional de&hellip;<a href=\"https:\/\/bemypartner.es\/ca\/almuerzo-coloquio-sobre-comunicacion-imagen-y-liderazgo-en-una-carrera-de-exito\/\">Llegeix m\u00e9s ><\/a>\n\t\t\t\t\t\t\t<\/p>\n\t\t\t\t\t\t\t\t\t\t\t<\/div>\n\t\t\t\t\t<div class=\"vcpg-post-footer\">\n\t\t\t\t\t\t\t\t\t\t\t\t\t<div class=\"vcpg-post-tags\">\n\t\t\t\t\t\t\t\t<i class=\"icofont-tags\"><\/i>\n\t\t\t\t\t\t\t\t\n\t\t\t\t\t\t\t\t\t\t<div class=\"first-2\"><a href=\"https:\/\/bemypartner.es\/ca\/tag\/evento-ca\/\">evento<\/a><\/div>\n\n\t\t\t\t\t\t\t\t\n\t\t\t\t\t\t\t\t\n\n\t\t\t\t\t\t\t<\/div>\n\t\t\t\t\t\t\n                        <div class=\"vcpg-footer-right\">\n                            <div class=\"vcpg-comment-wrap\">\n                                <span><i class=\"icofont-comment\"><\/i> 0<\/span>\n                            <\/div>\n\n                            \n<div class=\"vcpg-social-share\">\n\t<a href=\"#\"><i class=\"icofont-share\"><\/i><\/a>\n\t<div class=\"vcpg-social-inner\">\n\t\t<ul>\n\t\t\t<li>\n\t\t\t\t<a target=\"_blank\" data-social=\"facebook\" title=\"Share on Facebook\" href=\"\/\/facebook.com\/sharer.php?u=https:\/\/bemypartner.es\/ca\/almuerzo-coloquio-sobre-comunicacion-imagen-y-liderazgo-en-una-carrera-de-exito\/\">\n\t\t\t\t\t<i class=\"icofont-facebook\"><\/i>\n\t\t\t\t<\/a>\n\t\t\t<\/li>\n\t\t\t<li>\n\t\t\t\t<a target=\"_blank\" data-social=\"pinterest\" title=\"Share on Pinterest\" href=\"\/\/pinterest.com\/pin\/create\/button\/?url=https:\/\/bemypartner.es\/ca\/almuerzo-coloquio-sobre-comunicacion-imagen-y-liderazgo-en-una-carrera-de-exito\/&amp;media=\">\n\t\t\t\t\t<i class=\"icofont-pinterest\"><\/i>\n\t\t\t\t<\/a>\n\t\t\t<\/li>\n\t\t\t<li>\n\t\t\t\t<a target=\"_blank\" data-social=\"twitter\" title=\"Share on Twitter\" href=\"\/\/twitter.com\/share?url=https:\/\/bemypartner.es\/ca\/almuerzo-coloquio-sobre-comunicacion-imagen-y-liderazgo-en-una-carrera-de-exito\/&text=Almuerzo coloquio sobre comunicaci\u00f3n, imagen y liderazgo en una carrera de \u00e9xito\">\n\t\t\t\t\t<i class=\"icofont-twitter\"><\/i>\n\t\t\t\t<\/a>\n\t\t\t<\/li>\n\t\t<\/ul>\n\t<\/div>\n<\/div>                        <\/div>\n\n\t\t\t\t\t<\/div>\n\n\t\t\t\t<\/div>\n\t\t\t<\/div>\n\t\t<\/div>\n\t<\/div>\n<\/div>\n\n<div id=\"row-single-4137\" class=\"vcpg-row-single cl-md-12 \">\n\t<div class=\"vcpg-post-item\">\n\t\t<div class=\"vcpg-row\">\n\t\t\t<div class=\"cl-md-4\">\n\t\t\t\t<div class=\"vcpg-post-photo\">\n\t\t\t\t\t\t\t\t\t\t\t<img decoding=\"async\" class=\"post-img lazyload\" data-src=\"https:\/\/bemypartner.es\/wp-content\/uploads\/2015\/11\/International-HR-Conference-Barcelona-800x533-1-800x420.jpg\" alt=\"La 2nd International Barcelona HR Conference convierte a Barcelona en la plataforma global para RRHH\" src=\"data:image\/svg+xml;base64,PHN2ZyB3aWR0aD0iMSIgaGVpZ2h0PSIxIiB4bWxucz0iaHR0cDovL3d3dy53My5vcmcvMjAwMC9zdmciPjwvc3ZnPg==\" style=\"--smush-placeholder-width: 800px; --smush-placeholder-aspect-ratio: 800\/420;\">\n\n\t\t\t\t\t\n\t\t\t\t<\/div>\n\t\t\t<\/div>\n\t\t\t<div class=\"cl-md-8\">\n\t\t\t\t<div class=\"vcpg-post-content\">\n\t\t\t\t\t<div class=\"vcpg-categories\"><a href=\"https:\/\/bemypartner.es\/ca\/category\/agencia-de-comunicacion-ca\/\">Agencia de comunicaci\u00f3n<\/a><\/div>\t\t\t\t\t<div class=\"vcpg-post-meta\">\n\t\t\t\t\t\t<div class=\"meta-left\">\n                            <div class=\"grid3-post-author\">\n\t\t\t\t\t\t\t\tby <strong>Bemypartner<\/strong>                            <\/div>\n                            <span class=\"publish-time\"><i class=\"icofont-clock-time\"><\/i> 10 de novembre de 2015<\/span>\n                        <\/div>\n                        <div class=\"meta-right\">\n                            <span class=\"reading-time\"><i class=\"icofont-read-book-alt\"><\/i> 2 min to read<\/span>\n                        <\/div>\n\t\t\t\t\t<\/div>\n\n\t\t\t\t\t<div class=\"vcpg-post-desc\">\n\t\t\t\t\t\t\t\t\t\t\t\t\t<h3 class=\"vcpg-heading\"><a href=\"https:\/\/bemypartner.es\/ca\/la-2nd-international-barcelona-hr-conference-convierte-a-barcelona-en-la-plataforma-global-para-rrhh\/\">La 2nd International Barcelona HR Conference convierte a Barcelona en la plataforma global para RRHH<\/a><\/h3>\n\t\t\t\t\t\t\n\t\t\t\t\t\t\t\t\t\t\t\t\t<p>\n\t\t\t\t\t\t\t\tLa 2nd International Barcelona HR Conference congreg\u00f3 el pasado 9 de octubre en el Palau de la M\u00fasica Catalana a m\u00e1s de 170 CEO\u2019s y Directores de Recursos Humanos de&hellip;<a href=\"https:\/\/bemypartner.es\/ca\/la-2nd-international-barcelona-hr-conference-convierte-a-barcelona-en-la-plataforma-global-para-rrhh\/\">Llegeix m\u00e9s ><\/a>\n\t\t\t\t\t\t\t<\/p>\n\t\t\t\t\t\t\t\t\t\t\t<\/div>\n\t\t\t\t\t<div class=\"vcpg-post-footer\">\n\t\t\t\t\t\t\t\t\t\t\t\t\t<div class=\"vcpg-post-tags\">\n\t\t\t\t\t\t\t\t<i class=\"icofont-tags\"><\/i>\n\t\t\t\t\t\t\t\t\n\t\t\t\t\t\t\t\t\t\t<div class=\"first-2\"><a href=\"https:\/\/bemypartner.es\/ca\/tag\/evento-ca\/\">evento<\/a><\/div>\n\n\t\t\t\t\t\t\t\t\n\t\t\t\t\t\t\t\t\t\t<div class=\"first-2\"><a href=\"https:\/\/bemypartner.es\/ca\/tag\/hr-conference-ca\/\">hr conference<\/a><\/div>\n\n\t\t\t\t\t\t\t\t\n\t\t\t\t\t\t\t\t\n\n\t\t\t\t\t\t\t<\/div>\n\t\t\t\t\t\t\n                        <div class=\"vcpg-footer-right\">\n                            <div class=\"vcpg-comment-wrap\">\n                                <span><i class=\"icofont-comment\"><\/i> 0<\/span>\n                            <\/div>\n\n                            \n<div class=\"vcpg-social-share\">\n\t<a href=\"#\"><i class=\"icofont-share\"><\/i><\/a>\n\t<div class=\"vcpg-social-inner\">\n\t\t<ul>\n\t\t\t<li>\n\t\t\t\t<a target=\"_blank\" data-social=\"facebook\" title=\"Share on Facebook\" href=\"\/\/facebook.com\/sharer.php?u=https:\/\/bemypartner.es\/ca\/la-2nd-international-barcelona-hr-conference-convierte-a-barcelona-en-la-plataforma-global-para-rrhh\/\">\n\t\t\t\t\t<i class=\"icofont-facebook\"><\/i>\n\t\t\t\t<\/a>\n\t\t\t<\/li>\n\t\t\t<li>\n\t\t\t\t<a target=\"_blank\" data-social=\"pinterest\" title=\"Share on Pinterest\" href=\"\/\/pinterest.com\/pin\/create\/button\/?url=https:\/\/bemypartner.es\/ca\/la-2nd-international-barcelona-hr-conference-convierte-a-barcelona-en-la-plataforma-global-para-rrhh\/&amp;media=\">\n\t\t\t\t\t<i class=\"icofont-pinterest\"><\/i>\n\t\t\t\t<\/a>\n\t\t\t<\/li>\n\t\t\t<li>\n\t\t\t\t<a target=\"_blank\" data-social=\"twitter\" title=\"Share on Twitter\" href=\"\/\/twitter.com\/share?url=https:\/\/bemypartner.es\/ca\/la-2nd-international-barcelona-hr-conference-convierte-a-barcelona-en-la-plataforma-global-para-rrhh\/&text=La 2nd International Barcelona HR Conference convierte a Barcelona en la plataforma global para RRHH\">\n\t\t\t\t\t<i class=\"icofont-twitter\"><\/i>\n\t\t\t\t<\/a>\n\t\t\t<\/li>\n\t\t<\/ul>\n\t<\/div>\n<\/div>                        <\/div>\n\n\t\t\t\t\t<\/div>\n\n\t\t\t\t<\/div>\n\t\t\t<\/div>\n\t\t<\/div>\n\t<\/div>\n<\/div>\n\n<div id=\"row-single-4138\" class=\"vcpg-row-single cl-md-12 \">\n\t<div class=\"vcpg-post-item\">\n\t\t<div class=\"vcpg-row\">\n\t\t\t<div class=\"cl-md-4\">\n\t\t\t\t<div class=\"vcpg-post-photo\">\n\t\t\t\t\t\t\t\t\t\t\t<img decoding=\"async\" class=\"post-img lazyload\" data-src=\"https:\/\/bemypartner.es\/wp-content\/uploads\/2015\/11\/IMG_2450-mhxi7lqtnr7dgmr0qvctc940r86zi6j5kljvbuz56w.jpg\" alt=\"Viajamos por Espa\u00f1a con el Programa Aprender Juntos es Mejor\" src=\"data:image\/svg+xml;base64,PHN2ZyB3aWR0aD0iMSIgaGVpZ2h0PSIxIiB4bWxucz0iaHR0cDovL3d3dy53My5vcmcvMjAwMC9zdmciPjwvc3ZnPg==\" style=\"--smush-placeholder-width: 748px; --smush-placeholder-aspect-ratio: 748\/308;\">\n\n\t\t\t\t\t\n\t\t\t\t<\/div>\n\t\t\t<\/div>\n\t\t\t<div class=\"cl-md-8\">\n\t\t\t\t<div class=\"vcpg-post-content\">\n\t\t\t\t\t<div class=\"vcpg-categories\"><a href=\"https:\/\/bemypartner.es\/ca\/category\/agencia-de-comunicacion-ca\/\">Agencia de comunicaci\u00f3n<\/a><\/div>\t\t\t\t\t<div class=\"vcpg-post-meta\">\n\t\t\t\t\t\t<div class=\"meta-left\">\n                            <div class=\"grid3-post-author\">\n\t\t\t\t\t\t\t\tby <strong>Bemypartner<\/strong>                            <\/div>\n                            <span class=\"publish-time\"><i class=\"icofont-clock-time\"><\/i> 10 de novembre de 2015<\/span>\n                        <\/div>\n                        <div class=\"meta-right\">\n                            <span class=\"reading-time\"><i class=\"icofont-read-book-alt\"><\/i> 2 min to read<\/span>\n                        <\/div>\n\t\t\t\t\t<\/div>\n\n\t\t\t\t\t<div class=\"vcpg-post-desc\">\n\t\t\t\t\t\t\t\t\t\t\t\t\t<h3 class=\"vcpg-heading\"><a href=\"https:\/\/bemypartner.es\/ca\/viajamos-por-espana-con-el-programa-aprender-juntos-es-mejor\/\">Viajamos por Espa\u00f1a con el Programa Aprender Juntos es Mejor<\/a><\/h3>\n\t\t\t\t\t\t\n\t\t\t\t\t\t\t\t\t\t\t\t\t<p>\n\t\t\t\t\t\t\t\tPURINA ha puesto en marcha este curso escolar 2015-2015 el programa \u201cAprender Juntos es Mejor\u201d, una iniciativa que llevar\u00e1 perros de educaci\u00f3n asistida a colegios de toda Espa\u00f1a con el&hellip;<a href=\"https:\/\/bemypartner.es\/ca\/viajamos-por-espana-con-el-programa-aprender-juntos-es-mejor\/\">Llegeix m\u00e9s ><\/a>\n\t\t\t\t\t\t\t<\/p>\n\t\t\t\t\t\t\t\t\t\t\t<\/div>\n\t\t\t\t\t<div class=\"vcpg-post-footer\">\n\t\t\t\t\t\t\t\t\t\t\t\t\t<div class=\"vcpg-post-tags\">\n\t\t\t\t\t\t\t\t<i class=\"icofont-tags\"><\/i>\n\t\t\t\t\t\t\t\t\n\t\t\t\t\t\t\t\t\t\t<div class=\"first-2\"><a href=\"https:\/\/bemypartner.es\/ca\/tag\/educacion-ca\/\">educaci\u00f3n<\/a><\/div>\n\n\t\t\t\t\t\t\t\t\n\t\t\t\t\t\t\t\t\t\t<div class=\"first-2\"><a href=\"https:\/\/bemypartner.es\/ca\/tag\/purina-ca\/\">purina<\/a><\/div>\n\n\t\t\t\t\t\t\t\t\n\t\t\t\t\t\t\t\t\n\n\t\t\t\t\t\t\t<\/div>\n\t\t\t\t\t\t\n                        <div class=\"vcpg-footer-right\">\n                            <div class=\"vcpg-comment-wrap\">\n                                <span><i class=\"icofont-comment\"><\/i> 0<\/span>\n                            <\/div>\n\n                            \n<div class=\"vcpg-social-share\">\n\t<a href=\"#\"><i class=\"icofont-share\"><\/i><\/a>\n\t<div class=\"vcpg-social-inner\">\n\t\t<ul>\n\t\t\t<li>\n\t\t\t\t<a target=\"_blank\" data-social=\"facebook\" title=\"Share on Facebook\" href=\"\/\/facebook.com\/sharer.php?u=https:\/\/bemypartner.es\/ca\/viajamos-por-espana-con-el-programa-aprender-juntos-es-mejor\/\">\n\t\t\t\t\t<i class=\"icofont-facebook\"><\/i>\n\t\t\t\t<\/a>\n\t\t\t<\/li>\n\t\t\t<li>\n\t\t\t\t<a target=\"_blank\" data-social=\"pinterest\" title=\"Share on Pinterest\" href=\"\/\/pinterest.com\/pin\/create\/button\/?url=https:\/\/bemypartner.es\/ca\/viajamos-por-espana-con-el-programa-aprender-juntos-es-mejor\/&amp;media=\">\n\t\t\t\t\t<i class=\"icofont-pinterest\"><\/i>\n\t\t\t\t<\/a>\n\t\t\t<\/li>\n\t\t\t<li>\n\t\t\t\t<a target=\"_blank\" data-social=\"twitter\" title=\"Share on Twitter\" href=\"\/\/twitter.com\/share?url=https:\/\/bemypartner.es\/ca\/viajamos-por-espana-con-el-programa-aprender-juntos-es-mejor\/&text=Viajamos por Espa\u00f1a con el Programa Aprender Juntos es Mejor\">\n\t\t\t\t\t<i class=\"icofont-twitter\"><\/i>\n\t\t\t\t<\/a>\n\t\t\t<\/li>\n\t\t<\/ul>\n\t<\/div>\n<\/div>                        <\/div>\n\n\t\t\t\t\t<\/div>\n\n\t\t\t\t<\/div>\n\t\t\t<\/div>\n\t\t<\/div>\n\t<\/div>\n<\/div>\n    <\/div> <!-- End Carousel Wrap -->\n<\/div> <!-- End vcpg-post-grid -->\n\n\n\n[\/vc_column_inner][\/vc_row_inner][\/vc_column][\/vc_row]<\/p>\n","protected":false},"excerpt":{"rendered":"<p>[vc_row equal_height=&#8221;true&#8221; row_animation=&#8221;grow-in&#8221; el_class=&#8221;bloque-redes&#8221; row_padding_bottom=&#8221;70px&#8221;][vc_column vertical_position=&#8221;middle&#8221;][vc_column_text] \u00a0 \u00a0 \u00a0 \u00a0 [\/vc_column_text][\/vc_column][\/vc_row][vc_row background_color=&#8221;#f0f0f0&#8243; el_class=&#8221;cont-tit-interior&#8221; row_margin_top=&#8221;155&#8243; row_padding_top=&#8221;70&#8243; row_padding_bottom=&#8221;70&#8243;][vc_column][vc_column_text text_animation=&#8221;fade-in-top&#8221;] \u00daltimes not\u00edcies [\/vc_column_text][vc_row_inner css=&#8221;.vc_custom_1601894830518{margin-top: 100px !important;}&#8221; el_class=&#8221;noticia-principal&#8221;][vc_column_inner][\/vc_column_inner][\/vc_row_inner][vc_row_inner css=&#8221;.vc_custom_1602055900452{margin-top: 10px !important;}&#8221; el_class=&#8221;noticias-destacadas&#8221;][vc_column_inner][\/vc_column_inner][\/vc_row_inner][vc_row_inner el_class=&#8221;noticia-principal all&#8221; css=&#8221;.vc_custom_1602068052187{margin-top: 60px !important;}&#8221;][vc_column_inner][\/vc_column_inner][\/vc_row_inner][\/vc_column][\/vc_row]<\/p>\n","protected":false},"author":1,"featured_media":0,"parent":0,"menu_order":0,"comment_status":"closed","ping_status":"closed","template":"","meta":{"_monsterinsights_skip_tracking":false,"_monsterinsights_sitenote_active":false,"_monsterinsights_sitenote_note":"","_monsterinsights_sitenote_category":0,"footnotes":""},"class_list":["post-3946","page","type-page","status-publish","hentry"],"yoast_head":"<!-- This site is optimized with the Yoast SEO plugin v27.5 - https:\/\/yoast.com\/product\/yoast-seo-wordpress\/ -->\n<title>Blog - Bemypartner<\/title>\n<meta name=\"robots\" content=\"index, follow, max-snippet:-1, max-image-preview:large, max-video-preview:-1\" \/>\n<link rel=\"canonical\" href=\"https:\/\/bemypartner.es\/ca\/blog\/\" \/>\n<meta property=\"og:locale\" content=\"ca_ES\" \/>\n<meta property=\"og:type\" content=\"article\" \/>\n<meta property=\"og:title\" content=\"Blog - Bemypartner\" \/>\n<meta property=\"og:description\" content=\"[vc_row equal_height=&#8221;true&#8221; row_animation=&#8221;grow-in&#8221; el_class=&#8221;bloque-redes&#8221; row_padding_bottom=&#8221;70px&#8221;][vc_column vertical_position=&#8221;middle&#8221;][vc_column_text] \u00a0 \u00a0 \u00a0 \u00a0 [\/vc_column_text][\/vc_column][\/vc_row][vc_row background_color=&#8221;#f0f0f0&#8243; el_class=&#8221;cont-tit-interior&#8221; row_margin_top=&#8221;155&#8243; row_padding_top=&#8221;70&#8243; row_padding_bottom=&#8221;70&#8243;][vc_column][vc_column_text text_animation=&#8221;fade-in-top&#8221;] \u00daltimes not\u00edcies [\/vc_column_text][vc_row_inner css=&#8221;.vc_custom_1601894830518{margin-top: 100px !important;}&#8221; el_class=&#8221;noticia-principal&#8221;][vc_column_inner][\/vc_column_inner][\/vc_row_inner][vc_row_inner css=&#8221;.vc_custom_1602055900452{margin-top: 10px !important;}&#8221; el_class=&#8221;noticias-destacadas&#8221;][vc_column_inner][\/vc_column_inner][\/vc_row_inner][vc_row_inner el_class=&#8221;noticia-principal all&#8221; css=&#8221;.vc_custom_1602068052187{margin-top: 60px !important;}&#8221;][vc_column_inner][\/vc_column_inner][\/vc_row_inner][\/vc_column][\/vc_row]\" \/>\n<meta property=\"og:url\" content=\"https:\/\/bemypartner.es\/ca\/blog\/\" \/>\n<meta property=\"og:site_name\" content=\"Bemypartner\" \/>\n<meta property=\"article:publisher\" content=\"https:\/\/www.facebook.com\/BemypartnerCOM\" \/>\n<meta property=\"article:modified_time\" content=\"2025-05-21T10:43:15+00:00\" \/>\n<meta property=\"og:image\" content=\"https:\/\/bemypartner.es\/wp-content\/uploads\/2020\/07\/img-servicios-5.png\" \/>\n\t<meta property=\"og:image:width\" content=\"960\" \/>\n\t<meta property=\"og:image:height\" content=\"580\" \/>\n\t<meta property=\"og:image:type\" content=\"image\/png\" \/>\n<meta name=\"twitter:card\" content=\"summary_large_image\" \/>\n<meta name=\"twitter:site\" content=\"@bemypartnercom\" \/>\n<meta name=\"twitter:label1\" content=\"Temps estimat de lectura\" \/>\n\t<meta name=\"twitter:data1\" content=\"1 minut\" \/>\n<script type=\"application\/ld+json\" class=\"yoast-schema-graph\">{\"@context\":\"https:\\\/\\\/schema.org\",\"@graph\":[{\"@type\":\"WebPage\",\"@id\":\"https:\\\/\\\/bemypartner.es\\\/ca\\\/blog\\\/\",\"url\":\"https:\\\/\\\/bemypartner.es\\\/ca\\\/blog\\\/\",\"name\":\"Blog - Bemypartner\",\"isPartOf\":{\"@id\":\"https:\\\/\\\/bemypartner.es\\\/#website\"},\"datePublished\":\"2020-10-01T13:59:44+00:00\",\"dateModified\":\"2025-05-21T10:43:15+00:00\",\"breadcrumb\":{\"@id\":\"https:\\\/\\\/bemypartner.es\\\/ca\\\/blog\\\/#breadcrumb\"},\"inLanguage\":\"ca\",\"potentialAction\":[{\"@type\":\"ReadAction\",\"target\":[\"https:\\\/\\\/bemypartner.es\\\/ca\\\/blog\\\/\"]}]},{\"@type\":\"BreadcrumbList\",\"@id\":\"https:\\\/\\\/bemypartner.es\\\/ca\\\/blog\\\/#breadcrumb\",\"itemListElement\":[{\"@type\":\"ListItem\",\"position\":1,\"name\":\"Portada\",\"item\":\"https:\\\/\\\/bemypartner.es\\\/ca\\\/\"},{\"@type\":\"ListItem\",\"position\":2,\"name\":\"Blog\"}]},{\"@type\":\"WebSite\",\"@id\":\"https:\\\/\\\/bemypartner.es\\\/#website\",\"url\":\"https:\\\/\\\/bemypartner.es\\\/\",\"name\":\"Bemypartner\",\"description\":\"Comunicaci\u00f3n y eventos\",\"potentialAction\":[{\"@type\":\"SearchAction\",\"target\":{\"@type\":\"EntryPoint\",\"urlTemplate\":\"https:\\\/\\\/bemypartner.es\\\/?s={search_term_string}\"},\"query-input\":{\"@type\":\"PropertyValueSpecification\",\"valueRequired\":true,\"valueName\":\"search_term_string\"}}],\"inLanguage\":\"ca\"}]}<\/script>\n<!-- \/ Yoast SEO plugin. -->","yoast_head_json":{"title":"Blog - Bemypartner","robots":{"index":"index","follow":"follow","max-snippet":"max-snippet:-1","max-image-preview":"max-image-preview:large","max-video-preview":"max-video-preview:-1"},"canonical":"https:\/\/bemypartner.es\/ca\/blog\/","og_locale":"ca_ES","og_type":"article","og_title":"Blog - Bemypartner","og_description":"[vc_row equal_height=&#8221;true&#8221; row_animation=&#8221;grow-in&#8221; el_class=&#8221;bloque-redes&#8221; row_padding_bottom=&#8221;70px&#8221;][vc_column vertical_position=&#8221;middle&#8221;][vc_column_text] \u00a0 \u00a0 \u00a0 \u00a0 [\/vc_column_text][\/vc_column][\/vc_row][vc_row background_color=&#8221;#f0f0f0&#8243; el_class=&#8221;cont-tit-interior&#8221; row_margin_top=&#8221;155&#8243; row_padding_top=&#8221;70&#8243; row_padding_bottom=&#8221;70&#8243;][vc_column][vc_column_text text_animation=&#8221;fade-in-top&#8221;] \u00daltimes not\u00edcies [\/vc_column_text][vc_row_inner css=&#8221;.vc_custom_1601894830518{margin-top: 100px !important;}&#8221; el_class=&#8221;noticia-principal&#8221;][vc_column_inner][\/vc_column_inner][\/vc_row_inner][vc_row_inner css=&#8221;.vc_custom_1602055900452{margin-top: 10px !important;}&#8221; el_class=&#8221;noticias-destacadas&#8221;][vc_column_inner][\/vc_column_inner][\/vc_row_inner][vc_row_inner el_class=&#8221;noticia-principal all&#8221; css=&#8221;.vc_custom_1602068052187{margin-top: 60px !important;}&#8221;][vc_column_inner][\/vc_column_inner][\/vc_row_inner][\/vc_column][\/vc_row]","og_url":"https:\/\/bemypartner.es\/ca\/blog\/","og_site_name":"Bemypartner","article_publisher":"https:\/\/www.facebook.com\/BemypartnerCOM","article_modified_time":"2025-05-21T10:43:15+00:00","og_image":[{"width":960,"height":580,"url":"https:\/\/bemypartner.es\/wp-content\/uploads\/2020\/07\/img-servicios-5.png","type":"image\/png"}],"twitter_card":"summary_large_image","twitter_site":"@bemypartnercom","twitter_misc":{"Temps estimat de lectura":"1 minut"},"schema":{"@context":"https:\/\/schema.org","@graph":[{"@type":"WebPage","@id":"https:\/\/bemypartner.es\/ca\/blog\/","url":"https:\/\/bemypartner.es\/ca\/blog\/","name":"Blog - Bemypartner","isPartOf":{"@id":"https:\/\/bemypartner.es\/#website"},"datePublished":"2020-10-01T13:59:44+00:00","dateModified":"2025-05-21T10:43:15+00:00","breadcrumb":{"@id":"https:\/\/bemypartner.es\/ca\/blog\/#breadcrumb"},"inLanguage":"ca","potentialAction":[{"@type":"ReadAction","target":["https:\/\/bemypartner.es\/ca\/blog\/"]}]},{"@type":"BreadcrumbList","@id":"https:\/\/bemypartner.es\/ca\/blog\/#breadcrumb","itemListElement":[{"@type":"ListItem","position":1,"name":"Portada","item":"https:\/\/bemypartner.es\/ca\/"},{"@type":"ListItem","position":2,"name":"Blog"}]},{"@type":"WebSite","@id":"https:\/\/bemypartner.es\/#website","url":"https:\/\/bemypartner.es\/","name":"Bemypartner","description":"Comunicaci\u00f3n y eventos","potentialAction":[{"@type":"SearchAction","target":{"@type":"EntryPoint","urlTemplate":"https:\/\/bemypartner.es\/?s={search_term_string}"},"query-input":{"@type":"PropertyValueSpecification","valueRequired":true,"valueName":"search_term_string"}}],"inLanguage":"ca"}]}},"_links":{"self":[{"href":"https:\/\/bemypartner.es\/ca\/wp-json\/wp\/v2\/pages\/3946","targetHints":{"allow":["GET"]}}],"collection":[{"href":"https:\/\/bemypartner.es\/ca\/wp-json\/wp\/v2\/pages"}],"about":[{"href":"https:\/\/bemypartner.es\/ca\/wp-json\/wp\/v2\/types\/page"}],"author":[{"embeddable":true,"href":"https:\/\/bemypartner.es\/ca\/wp-json\/wp\/v2\/users\/1"}],"replies":[{"embeddable":true,"href":"https:\/\/bemypartner.es\/ca\/wp-json\/wp\/v2\/comments?post=3946"}],"version-history":[{"count":12,"href":"https:\/\/bemypartner.es\/ca\/wp-json\/wp\/v2\/pages\/3946\/revisions"}],"predecessor-version":[{"id":5945,"href":"https:\/\/bemypartner.es\/ca\/wp-json\/wp\/v2\/pages\/3946\/revisions\/5945"}],"wp:attachment":[{"href":"https:\/\/bemypartner.es\/ca\/wp-json\/wp\/v2\/media?parent=3946"}],"curies":[{"name":"wp","href":"https:\/\/api.w.org\/{rel}","templated":true}]}}