{"id":3935,"date":"2020-09-23T13:24:08","date_gmt":"2020-09-23T13:24:08","guid":{"rendered":"https:\/\/bemypartner.es\/aviso-legal\/"},"modified":"2026-02-10T20:08:19","modified_gmt":"2026-02-10T20:08:19","slug":"avis-legal","status":"publish","type":"page","link":"https:\/\/bemypartner.es\/ca\/avis-legal\/","title":{"rendered":"Av\u00eds legal"},"content":{"rendered":"<p>[vc_row equal_height=&#8221;true&#8221; row_animation=&#8221;grow-in&#8221; el_class=&#8221;bloque-redes&#8221; row_padding_bottom=&#8221;70px&#8221;][vc_column vertical_position=&#8221;middle&#8221;][vc_column_text]<\/p>\n<div class=\"social-lateral\"><a href=\"https:\/\/www.linkedin.com\/company\/bemypartner\" target=\"_blank\" rel=\"noopener noreferrer\"><span class=\"icon-linkedin\">\u00a0<\/span><\/a><br \/>\n<a href=\"https:\/\/www.instagram.com\/bemypartnercom\/\" target=\"_blank\" rel=\"noopener noreferrer\"><span class=\"icon-instagram\">\u00a0<\/span><\/a><br \/>\n<a href=\"https:\/\/www.facebook.com\/BemypartnerCOM\" target=\"_blank\" rel=\"noopener noreferrer\"><span class=\"icon-facebook\">\u00a0<\/span><\/a><br \/>\n<a href=\"https:\/\/twitter.com\/bemypartnercom\" target=\"_blank\" rel=\"noopener noreferrer\"><span class=\"icon-twitter\">\u00a0<\/span><\/a><\/div>\n<p>[\/vc_column_text][\/vc_column][\/vc_row][vc_row el_class=&#8221;cont-tit-interior&#8221; row_margin_top=&#8221;155&#8243; row_padding_top=&#8221;70&#8243; row_padding_bottom=&#8221;70&#8243;][vc_column][vc_column_text text_animation=&#8221;fade-in-top&#8221;]<\/p>\n<p class=\"tit-interior\" style=\"text-align: center;\">Av\u00eds legal<\/p>\n<p>[\/vc_column_text][vc_row_inner css=&#8221;.vc_custom_1602245031018{margin-top: 100px !important;}&#8221; el_class=&#8221;row-legal&#8221;][vc_column_inner][vc_column_text]<span style=\"font-weight: 400;\">De conformitat amb el que s&#8217;estableix en la Llei 34\/2002, d&#8217;11 de juliol, de serveis de la societat de la informaci\u00f3 i de comer\u00e7 electr\u00f2nic, es facilita la seg\u00fcent informaci\u00f3:<\/span><\/p>\n<p>&nbsp;<\/p>\n<p><strong><strong>1. DADES IDENTIFICATIVES<\/strong><\/strong><\/p>\n<p><span style=\"font-weight: 400;\">Vost\u00e8 est\u00e0 visitant la p\u00e0gina web <\/span><span style=\"font-weight: 400;\">http:\/\/bemypartner.es\/<\/span><span style=\"font-weight: 400;\"> titularitat de\u00a0BEMYPARTNER\u00a0SL, amb domicili social en PASSEIG DE GR\u00c0CIA N\u00fam. 55 PLANTA 8, PORTES 2 I 3 (08007 BARCELONA) BARCELONA, amb NIF B66150970, inscrita en el Registre Mercantil de Barcelona , en el Tom 43.999\u00a0Folio1, Fulla B &#8211; 444.052. D&#8217;ara endavant, el <\/span><strong>TITULAR<\/strong><span style=\"font-weight: 400;\">.<\/span><\/p>\n<p><span style=\"font-weight: 400;\"><br \/>\n<\/span><span style=\"font-weight: 400;\">Pot contactar amb el Titular per qualsevol dels seg\u00fcents mitjans:<\/span><span style=\"font-weight: 400;\"><br \/>\n<\/span><span style=\"font-weight: 400;\"><br \/>\n<\/span><strong>Tel\u00e8fon:<\/strong> <span style=\"font-weight: 400;\">936318450<\/span><span style=\"font-weight: 400;\"><br \/>\n<\/span><strong>Correu electr\u00f2nic de contacte:<\/strong> <span style=\"font-weight: 400;\"><a href=\"mailto:bemypartner@bemypartner.es\">bemypartner@bemypartner.es<\/a><\/span><\/p>\n<p>&nbsp;<\/p>\n<p><strong><strong>2. USUARIS<\/strong><\/strong><\/p>\n<p><span style=\"font-weight: 400;\">Mitjan\u00e7ant el present document posem en el seu coneixement els termes i condicions que regulen l&#8217;\u00fas del lloc web i\/o app del Titular, aix\u00ed com dels serveis i continguts associats. Aquest \u00fas implica l&#8217;adquisici\u00f3 de la condici\u00f3 de \u201cusuari\u201d i, amb aquesta condici\u00f3, una s\u00e8rie de drets i obligacions.<\/span><span style=\"font-weight: 400;\"><br \/>\n<\/span><span style=\"font-weight: 400;\"><br \/>\n<\/span><strong>Als efectes anteriorment descrits, l&#8217;informem que \u00e9s de la seva responsabilitat accedir a les condicions legals inserides en la present web, aix\u00ed com, a les pol\u00edtiques de privacitat, cookies o si \u00e9s el cas, condicions de venda i llegir-les detingudament.<\/strong><\/p>\n<p><span style=\"font-weight: 400;\">Recomanem:<\/span><\/p>\n<ul>\n<li><strong><em><strong><em>Que visiti les mateixes cada vegada que pretengui accedir o utilitzar els serveis i continguts del lloc i<\/em><\/strong><\/em><\/strong><\/li>\n<\/ul>\n<ul>\n<li><strong><em>Que imprimeixi o emmagatzemi en el seu sistema una c\u00f2pia.<\/em><\/strong><\/li>\n<\/ul>\n<p>&nbsp;<\/p>\n<p><strong>3. \u00daS DEL PORTAL<\/strong><\/p>\n<p><span style=\"font-weight: 400;\">Aquesta web proporciona l&#8217;acc\u00e9s a multitud d&#8217;informaci\u00f3, serveis, programes o dades (d&#8217;ara endavant, \u201cels continguts\u201d) en Internet pertanyents al Titular o als seus llicenciadors als quals l&#8217;Usuari pot tenir acc\u00e9s.<\/span><\/p>\n<p><span style=\"font-weight: 400;\">L&#8217;Usuari assumeix la responsabilitat de l&#8217;\u00fas del portal en els termes que mitjan\u00e7ant la present s&#8217;estableixen. Aquesta responsabilitat s&#8217;est\u00e9n al registre que fos necessari per a accedir a determinats serveis o continguts. En aquest registre, l&#8217;Usuari ser\u00e0 responsable d&#8217;aportar informaci\u00f3 vera\u00e7 i l\u00edcita. A conseq\u00fc\u00e8ncia d&#8217;aquest registre, a l&#8217;Usuari se li pot proporcionar una contrasenya de la qual ser\u00e0 aix\u00ed mateix responsable, comprometent-se a fer un \u00fas diligent i confidencial d&#8217;aquesta.<\/span><\/p>\n<p><strong>L&#8217;Usuari es compromet a fer un \u00fas adequat dels continguts i serveis<\/strong><span style=\"font-weight: 400;\"> (per exemple, serveis de xat, f\u00f2rums de discussi\u00f3 o grups de not\u00edcies) que el Titular ofereix a trav\u00e9s del seu portal i, amb car\u00e0cter enunciatiu per\u00f2 no limitatiu, a <\/span><strong>no emprar-los per a<\/strong><span style=\"font-weight: 400;\">:<\/span><\/p>\n<ul>\n<li>\u2022 Inc\u00f3rrer en activitats il\u00b7l\u00edcites, il\u00b7legals o contr\u00e0ries a la bona fe i a l&#8217;ordre p\u00fablic.<\/li>\n<li>\u2022 Difondre continguts o propaganda racista, xen\u00f2foba, pornogr\u00e0fic-il\u00b7legal, d&#8217;apologia del terrorisme o atemptat\u00f2ria contra els drets humans.<\/li>\n<li><span style=\"font-weight: 400;\">\u2022 Provocar danys en els sistemes f\u00edsics i l\u00f2gics del Titular, dels seus prove\u00efdors o de terceres persones, introduir o difondre en la xarxa virus inform\u00e0tics o qualssevol altres sistemes f\u00edsics o l\u00f2gics que siguin susceptibles de provocar els danys anteriorment esmentats.<\/span><\/li>\n<li><span style=\"font-weight: 400;\">\u2022 Intentar accedir i, si \u00e9s el cas, utilitzar els comptes de correu electr\u00f2nic d&#8217;altres usuaris i modificar o manipular els seus missatges.<\/span><\/li>\n<li><span style=\"font-weight: 400;\">\u2022 Utilitzar el lloc web ni les informacions que en ell es contenen amb finalitats comercials, pol\u00edtics, publicitaris i per a qualsevol \u00fas comercial, sobretot en l&#8217;enviament de correus electr\u00f2nics no sol\u00b7licitats.<\/span><\/li>\n<\/ul>\n<p><span style=\"font-weight: 400;\">El Titular es reserva el dret a retirar tots aquells comentaris i aportacions que vulnerin el respecte a la dignitat de la persona, que siguin discriminatoris, xen\u00f2fobs, racistes, pornogr\u00e0fics, que atemptin contra la joventut o la inf\u00e0ncia, l&#8217;ordre o la seguretat p\u00fablica o que, al seu judici, no resultaran adequats per a la seva publicaci\u00f3. <\/span><strong>En qualsevol cas, el Titular no ser\u00e0 responsable de les opinions abocades pels usuaris a trav\u00e9s dels f\u00f2rums, xats, o altres eines de participaci\u00f3.<\/strong><\/p>\n<p>&nbsp;<\/p>\n<p><strong><strong>4. PROTECCI\u00d3 DE DADES<\/strong><\/strong><\/p>\n<p><span style=\"font-weight: 400;\">Tot all\u00f2 relatiu al tractament de les teves dades personals es recull a la <\/span><a href=\"https:\/\/bemypartner.es\/ca\/politica-de-privacitat\/\"><span style=\"font-weight: 400;\">Pol\u00edtica de privacitat<\/span><span style=\"font-weight: 400;\">.<\/span><\/a><\/p>\n<p>&nbsp;<\/p>\n<p><strong><strong>5. CONTINGUTS. PROPIETAT INTEL\u00b7LECTUAL I INDUSTRIAL<\/strong><\/strong><\/p>\n<p><span style=\"font-weight: 400;\">El Titular \u00e9s propietari de tots els drets de propietat intel\u00b7lectual i industrial del seu lloc web, aix\u00ed com dels elements continguts en aquest (a t\u00edtol enunciatiu: imatges, fotografies, so, \u00e0udio, v\u00eddeo, programari o textos, marques o logotips, combinacions de colors, estructura i disseny, selecci\u00f3 de materials utilitzats, programes d\u2019ordinador necessaris per al seu funcionament, acc\u00e9s i \u00fas, etc.), titularitat del Titular o dels seus llicenciadors.<\/span><\/p>\n<p><strong>Tots els drets reservats.<\/strong> D\u2019acord amb els articles 8 i 32.1, segon par\u00e0graf, de la Llei de Propietat Intel\u00b7lectual, queda expressament prohibida la reproducci\u00f3, distribuci\u00f3 i comunicaci\u00f3 p\u00fablica, inclosa la seva modalitat de posada a disposici\u00f3, de la totalitat o part dels continguts d\u2019aquesta p\u00e0gina web amb finalitats comercials, en qualsevol suport i per qualsevol mitj\u00e0 t\u00e8cnic, sense l\u2019autoritzaci\u00f3 del Titular.<\/p>\n<p>&nbsp;<\/p>\n<p><strong><strong>6. EXCLUSI\u00d3 DE GARANTIES I RESPONSABILITAT<\/strong><\/strong><\/p>\n<p><span style=\"font-weight: 400;\">L\u2019Usuari reconeix que l\u2019\u00fas del lloc web i dels seus continguts i serveis es fa sota la seva exclusiva responsabilitat. En concret, a t\u00edtol merament enunciatiu, el Titular no assumeix cap responsabilitat en els seg\u00fcents \u00e0mbits:<br \/>\n<\/span><\/p>\n<ul>\n<li style=\"font-weight: 400;\">\u2022 La disponibilitat i funcionament del lloc web, els seus serveis i continguts, i la seva qualitat o interoperabilitat.<\/li>\n<li style=\"font-weight: 400;\">\u2022 La finalitat per a la qual el lloc web serveixi als objectius de l\u2019Usuari.<\/li>\n<li style=\"font-weight: 400;\">\u2022 La infracci\u00f3 de la legislaci\u00f3 vigent per part de l\u2019Usuari o tercers, especialment els drets de propietat intel\u00b7lectual i industrial de tercers.<\/li>\n<li style=\"font-weight: 400;\">\u2022 L\u2019exist\u00e8ncia de codis maliciosos o altres elements inform\u00e0tics que puguin danyar els sistemes de l\u2019Usuari o de tercers. L\u2019entitat pren mesures per protegir el lloc web davant ciberatacs, per\u00f2 no pot garantir que no hi hagi accessos no autoritzats per tercers. Correspon a l\u2019Usuari disposar d\u2019eines adequades per detectar i eliminar aquests elements.<\/li>\n<\/ul>\n<ul>\n<li style=\"font-weight: 400;\">\u2022 L\u2019acc\u00e9s fraudulent als continguts o serveis per tercers no autoritzats o, si escau, la captura, eliminaci\u00f3, alteraci\u00f3, modificaci\u00f3 o manipulaci\u00f3 dels missatges i comunicacions realitzades per aquests tercers.<\/li>\n<\/ul>\n<ul>\n<li style=\"font-weight: 400;\">\u2022 Els danys produ\u00efts a equips inform\u00e0tics durant l\u2019acc\u00e9s al lloc web i els danys als Usuaris causats per falles o desconnexions en les xarxes de telecomunicacions.<\/li>\n<\/ul>\n<ul>\n<li style=\"font-weight: 400;\">\u2022 Els danys o perjudicis derivats de circumst\u00e0ncies de for\u00e7a major.<\/li>\n<li style=\"font-weight: 400;\">\u2022 En cas de f\u00f2rums, els missatges reflecteixen \u00fanicament l\u2019opini\u00f3 de l\u2019Usuari que els envia, sent aquest l\u2019\u00fanic responsable. El Titular, per tant, no \u00e9s responsable del contingut dels missatges enviats.<\/li>\n<\/ul>\n<p>&nbsp;<\/p>\n<p><strong>7. MODIFICACI\u00d3 D&#8217;AQUEST AV\u00cdS LEGAL I DURADA<\/strong><\/p>\n<p><span style=\"font-weight: 400;\">El Titular es reserva el dret de modificar el seu portal sense av\u00eds previ, podent canviar, suprimir o afegir continguts i serveis, aix\u00ed com modificar la forma en qu\u00e8 apareixen o es localitzen al portal.<br \/>\n<\/span><\/p>\n<p><span style=\"font-weight: 400;\">La vig\u00e8ncia d\u2019aquestes condicions dependr\u00e0 de la seva exposici\u00f3 i romandran en vigor fins que siguin modificades per altres degudament publicades.<br \/>\n<\/span><\/p>\n<p>&nbsp;<\/p>\n<p><strong><strong>8. ENLLA\u00c7OS<\/strong><\/strong><\/p>\n<p>Si <a href=\"http:\/\/bemypartner.es\/\">http:\/\/bemypartner.es\/<\/a> inclou enlla\u00e7os o hipervincles cap a altres llocs a Internet, el Titular no exerceix cap control sobre aquests llocs ni sobre els seus continguts, ni assumeix responsabilitat sobre la informaci\u00f3 enlla\u00e7ada. La inclusi\u00f3 d\u2019aquests enlla\u00e7os no implica cap tipus d\u2019associaci\u00f3, fusi\u00f3 o participaci\u00f3 amb les entitats connectades. Si BEMYPARTNER SL t\u00e9 coneixement efectiu que l\u2019activitat o la informaci\u00f3 enlla\u00e7ada \u00e9s il\u00b7legal o infringeix drets de tercers, els enlla\u00e7os o dades seran eliminats o deshabilitats.<\/p>\n<p>&nbsp;<\/p>\n<p><strong><strong>9. DRETS D&#8217;EXCLUSI\u00d3<\/strong><\/strong><\/p>\n<p><span style=\"font-weight: 400;\">El Titular es reserva el dret de denegar o retirar l\u2019acc\u00e9s al portal i\/o serveis sense necessitat d\u2019av\u00eds previ, pr\u00f2piament o a inst\u00e0ncia de tercers, a aquells usuaris que incompleixin aquest Av\u00eds Legal.<br \/>\n<\/span><\/p>\n<p>&nbsp;<\/p>\n<p><strong><strong>10. GENERALITATS<\/strong><\/strong><\/p>\n<p><span style=\"font-weight: 400;\">El Titular perseguir\u00e0 l\u2019incompliment d\u2019aquestes condicions, aix\u00ed com qualsevol \u00fas indegut del seu portal, exercint totes les accions civils i penals corresponents.<br \/>\n<\/span><\/p>\n<p>&nbsp;<\/p>\n<p><strong><strong>11. LEGISLACI\u00d3 APLICABLE I JURISDICCI\u00d3<\/strong><\/strong><\/p>\n<p><span style=\"font-weight: 400;\">La relaci\u00f3 entre el Titular i l\u2019Usuari es regir\u00e0 per la normativa espanyola vigent. Totes les disputes derivades d\u2019aquest av\u00eds legal es resoldran pels jutjats i tribunals espanyols competents en mat\u00e8ria de consumidors i usuaris.<br \/>\n<\/span><\/p>\n<p>&nbsp;<\/p>\n<p><strong><strong>12. MENORS D&#8217;EDAT<\/strong><\/strong><\/p>\n<p><span style=\"font-weight: 400;\">Aquest lloc web est\u00e0 dirigit a usuaris majors de 18 anys. Els menors d\u2019aquesta edat no estan autoritzats a utilitzar els serveis i no han de facilitar les seves dades personals. El Titular no ser\u00e0 responsable de les conseq\u00fc\u00e8ncies que es derivin de l\u2019incompliment d\u2019aquesta cl\u00e0usula.<br \/>\n<\/span><\/p>\n<p>&nbsp;<\/p>\n<p><strong><strong>13. MESURES DE SEGURETAT &#8211; SSL<\/strong><\/strong><\/p>\n<p>El Titular ha contractat un certificat SSL (\u201cSecure Sockets Layer\u201d) per al seu lloc web. Aquest certificat protegeix tota la informaci\u00f3 personal i confidencial que es pugui gestionar al lloc web, com els formularis de contacte, subscripcions a butlletins o l\u2019acc\u00e9s a \u00e0rees protegides.<\/p>\n<p>L\u2019adre\u00e7a del lloc web apareixer\u00e0 en verd i s\u2019activar\u00e0 el protocol \u201chttps\u201d, permetent connexions segures entre el servidor web i el navegador de l\u2019usuari.<\/p>\n<p>&nbsp;<\/p>\n<p><em><span style=\"font-weight: 400;\">\u00daltima revisi\u00f3 10 de febrer de 2026<\/span><\/em>[\/vc_column_text][\/vc_column_inner][\/vc_row_inner][\/vc_column][\/vc_row]<\/p>\n","protected":false},"excerpt":{"rendered":"<p>[vc_row equal_height=&#8221;true&#8221; row_animation=&#8221;grow-in&#8221; el_class=&#8221;bloque-redes&#8221; row_padding_bottom=&#8221;70px&#8221;][vc_column vertical_position=&#8221;middle&#8221;][vc_column_text] \u00a0 \u00a0 \u00a0 \u00a0 [\/vc_column_text][\/vc_column][\/vc_row][vc_row el_class=&#8221;cont-tit-interior&#8221; row_margin_top=&#8221;155&#8243; row_padding_top=&#8221;70&#8243; row_padding_bottom=&#8221;70&#8243;][vc_column][vc_column_text text_animation=&#8221;fade-in-top&#8221;] Av\u00eds legal [\/vc_column_text][vc_row_inner css=&#8221;.vc_custom_1602245031018{margin-top: 100px !important;}&#8221; el_class=&#8221;row-legal&#8221;][vc_column_inner][vc_column_text]De conformitat amb el que s&#8217;estableix en la Llei 34\/2002, d&#8217;11 de juliol, de serveis de la societat de la informaci\u00f3 i de comer\u00e7 electr\u00f2nic, es facilita la seg\u00fcent informaci\u00f3: &nbsp; 1. DADES<\/p>\n","protected":false},"author":1,"featured_media":0,"parent":0,"menu_order":0,"comment_status":"closed","ping_status":"closed","template":"","meta":{"_monsterinsights_skip_tracking":false,"_monsterinsights_sitenote_active":false,"_monsterinsights_sitenote_note":"","_monsterinsights_sitenote_category":0,"footnotes":""},"class_list":["post-3935","page","type-page","status-publish","hentry"],"yoast_head":"<!-- This site is optimized with the Yoast SEO plugin v27.5 - https:\/\/yoast.com\/product\/yoast-seo-wordpress\/ -->\n<title>Av\u00eds legal - Bemypartner<\/title>\n<meta name=\"robots\" content=\"index, follow, max-snippet:-1, max-image-preview:large, max-video-preview:-1\" \/>\n<link rel=\"canonical\" href=\"https:\/\/bemypartner.es\/ca\/avis-legal\/\" \/>\n<meta property=\"og:locale\" content=\"ca_ES\" \/>\n<meta property=\"og:type\" content=\"article\" \/>\n<meta property=\"og:title\" content=\"Av\u00eds legal - Bemypartner\" \/>\n<meta property=\"og:description\" content=\"[vc_row equal_height=&#8221;true&#8221; row_animation=&#8221;grow-in&#8221; el_class=&#8221;bloque-redes&#8221; row_padding_bottom=&#8221;70px&#8221;][vc_column vertical_position=&#8221;middle&#8221;][vc_column_text] \u00a0 \u00a0 \u00a0 \u00a0 [\/vc_column_text][\/vc_column][\/vc_row][vc_row el_class=&#8221;cont-tit-interior&#8221; row_margin_top=&#8221;155&#8243; row_padding_top=&#8221;70&#8243; row_padding_bottom=&#8221;70&#8243;][vc_column][vc_column_text text_animation=&#8221;fade-in-top&#8221;] Av\u00eds legal [\/vc_column_text][vc_row_inner css=&#8221;.vc_custom_1602245031018{margin-top: 100px !important;}&#8221; el_class=&#8221;row-legal&#8221;][vc_column_inner][vc_column_text]De conformitat amb el que s&#8217;estableix en la Llei 34\/2002, d&#8217;11 de juliol, de serveis de la societat de la informaci\u00f3 i de comer\u00e7 electr\u00f2nic, es facilita la seg\u00fcent informaci\u00f3: &nbsp; 1. DADES\" \/>\n<meta property=\"og:url\" content=\"https:\/\/bemypartner.es\/ca\/avis-legal\/\" \/>\n<meta property=\"og:site_name\" content=\"Bemypartner\" \/>\n<meta property=\"article:publisher\" content=\"https:\/\/www.facebook.com\/BemypartnerCOM\" \/>\n<meta property=\"article:modified_time\" content=\"2026-02-10T20:08:19+00:00\" \/>\n<meta property=\"og:image\" content=\"https:\/\/bemypartner.es\/wp-content\/uploads\/2020\/07\/img-servicios-5.png\" \/>\n\t<meta property=\"og:image:width\" content=\"960\" \/>\n\t<meta property=\"og:image:height\" content=\"580\" \/>\n\t<meta property=\"og:image:type\" content=\"image\/png\" \/>\n<meta name=\"twitter:card\" content=\"summary_large_image\" \/>\n<meta name=\"twitter:site\" content=\"@bemypartnercom\" \/>\n<meta name=\"twitter:label1\" content=\"Temps estimat de lectura\" \/>\n\t<meta name=\"twitter:data1\" content=\"7 minuts\" \/>\n<script type=\"application\/ld+json\" class=\"yoast-schema-graph\">{\"@context\":\"https:\\\/\\\/schema.org\",\"@graph\":[{\"@type\":\"WebPage\",\"@id\":\"https:\\\/\\\/bemypartner.es\\\/ca\\\/avis-legal\\\/\",\"url\":\"https:\\\/\\\/bemypartner.es\\\/ca\\\/avis-legal\\\/\",\"name\":\"Av\u00eds legal - Bemypartner\",\"isPartOf\":{\"@id\":\"https:\\\/\\\/bemypartner.es\\\/#website\"},\"datePublished\":\"2020-09-23T13:24:08+00:00\",\"dateModified\":\"2026-02-10T20:08:19+00:00\",\"breadcrumb\":{\"@id\":\"https:\\\/\\\/bemypartner.es\\\/ca\\\/avis-legal\\\/#breadcrumb\"},\"inLanguage\":\"ca\",\"potentialAction\":[{\"@type\":\"ReadAction\",\"target\":[\"https:\\\/\\\/bemypartner.es\\\/ca\\\/avis-legal\\\/\"]}]},{\"@type\":\"BreadcrumbList\",\"@id\":\"https:\\\/\\\/bemypartner.es\\\/ca\\\/avis-legal\\\/#breadcrumb\",\"itemListElement\":[{\"@type\":\"ListItem\",\"position\":1,\"name\":\"Portada\",\"item\":\"https:\\\/\\\/bemypartner.es\\\/ca\\\/\"},{\"@type\":\"ListItem\",\"position\":2,\"name\":\"Av\u00eds legal\"}]},{\"@type\":\"WebSite\",\"@id\":\"https:\\\/\\\/bemypartner.es\\\/#website\",\"url\":\"https:\\\/\\\/bemypartner.es\\\/\",\"name\":\"Bemypartner\",\"description\":\"Comunicaci\u00f3n y eventos\",\"potentialAction\":[{\"@type\":\"SearchAction\",\"target\":{\"@type\":\"EntryPoint\",\"urlTemplate\":\"https:\\\/\\\/bemypartner.es\\\/?s={search_term_string}\"},\"query-input\":{\"@type\":\"PropertyValueSpecification\",\"valueRequired\":true,\"valueName\":\"search_term_string\"}}],\"inLanguage\":\"ca\"}]}<\/script>\n<!-- \/ Yoast SEO plugin. -->","yoast_head_json":{"title":"Av\u00eds legal - Bemypartner","robots":{"index":"index","follow":"follow","max-snippet":"max-snippet:-1","max-image-preview":"max-image-preview:large","max-video-preview":"max-video-preview:-1"},"canonical":"https:\/\/bemypartner.es\/ca\/avis-legal\/","og_locale":"ca_ES","og_type":"article","og_title":"Av\u00eds legal - Bemypartner","og_description":"[vc_row equal_height=&#8221;true&#8221; row_animation=&#8221;grow-in&#8221; el_class=&#8221;bloque-redes&#8221; row_padding_bottom=&#8221;70px&#8221;][vc_column vertical_position=&#8221;middle&#8221;][vc_column_text] \u00a0 \u00a0 \u00a0 \u00a0 [\/vc_column_text][\/vc_column][\/vc_row][vc_row el_class=&#8221;cont-tit-interior&#8221; row_margin_top=&#8221;155&#8243; row_padding_top=&#8221;70&#8243; row_padding_bottom=&#8221;70&#8243;][vc_column][vc_column_text text_animation=&#8221;fade-in-top&#8221;] Av\u00eds legal [\/vc_column_text][vc_row_inner css=&#8221;.vc_custom_1602245031018{margin-top: 100px !important;}&#8221; el_class=&#8221;row-legal&#8221;][vc_column_inner][vc_column_text]De conformitat amb el que s&#8217;estableix en la Llei 34\/2002, d&#8217;11 de juliol, de serveis de la societat de la informaci\u00f3 i de comer\u00e7 electr\u00f2nic, es facilita la seg\u00fcent informaci\u00f3: &nbsp; 1. DADES","og_url":"https:\/\/bemypartner.es\/ca\/avis-legal\/","og_site_name":"Bemypartner","article_publisher":"https:\/\/www.facebook.com\/BemypartnerCOM","article_modified_time":"2026-02-10T20:08:19+00:00","og_image":[{"width":960,"height":580,"url":"https:\/\/bemypartner.es\/wp-content\/uploads\/2020\/07\/img-servicios-5.png","type":"image\/png"}],"twitter_card":"summary_large_image","twitter_site":"@bemypartnercom","twitter_misc":{"Temps estimat de lectura":"7 minuts"},"schema":{"@context":"https:\/\/schema.org","@graph":[{"@type":"WebPage","@id":"https:\/\/bemypartner.es\/ca\/avis-legal\/","url":"https:\/\/bemypartner.es\/ca\/avis-legal\/","name":"Av\u00eds legal - Bemypartner","isPartOf":{"@id":"https:\/\/bemypartner.es\/#website"},"datePublished":"2020-09-23T13:24:08+00:00","dateModified":"2026-02-10T20:08:19+00:00","breadcrumb":{"@id":"https:\/\/bemypartner.es\/ca\/avis-legal\/#breadcrumb"},"inLanguage":"ca","potentialAction":[{"@type":"ReadAction","target":["https:\/\/bemypartner.es\/ca\/avis-legal\/"]}]},{"@type":"BreadcrumbList","@id":"https:\/\/bemypartner.es\/ca\/avis-legal\/#breadcrumb","itemListElement":[{"@type":"ListItem","position":1,"name":"Portada","item":"https:\/\/bemypartner.es\/ca\/"},{"@type":"ListItem","position":2,"name":"Av\u00eds legal"}]},{"@type":"WebSite","@id":"https:\/\/bemypartner.es\/#website","url":"https:\/\/bemypartner.es\/","name":"Bemypartner","description":"Comunicaci\u00f3n y eventos","potentialAction":[{"@type":"SearchAction","target":{"@type":"EntryPoint","urlTemplate":"https:\/\/bemypartner.es\/?s={search_term_string}"},"query-input":{"@type":"PropertyValueSpecification","valueRequired":true,"valueName":"search_term_string"}}],"inLanguage":"ca"}]}},"_links":{"self":[{"href":"https:\/\/bemypartner.es\/ca\/wp-json\/wp\/v2\/pages\/3935","targetHints":{"allow":["GET"]}}],"collection":[{"href":"https:\/\/bemypartner.es\/ca\/wp-json\/wp\/v2\/pages"}],"about":[{"href":"https:\/\/bemypartner.es\/ca\/wp-json\/wp\/v2\/types\/page"}],"author":[{"embeddable":true,"href":"https:\/\/bemypartner.es\/ca\/wp-json\/wp\/v2\/users\/1"}],"replies":[{"embeddable":true,"href":"https:\/\/bemypartner.es\/ca\/wp-json\/wp\/v2\/comments?post=3935"}],"version-history":[{"count":40,"href":"https:\/\/bemypartner.es\/ca\/wp-json\/wp\/v2\/pages\/3935\/revisions"}],"predecessor-version":[{"id":6476,"href":"https:\/\/bemypartner.es\/ca\/wp-json\/wp\/v2\/pages\/3935\/revisions\/6476"}],"wp:attachment":[{"href":"https:\/\/bemypartner.es\/ca\/wp-json\/wp\/v2\/media?parent=3935"}],"curies":[{"name":"wp","href":"https:\/\/api.w.org\/{rel}","templated":true}]}}