{"id":2799,"date":"2020-07-19T14:44:25","date_gmt":"2020-07-19T14:44:25","guid":{"rendered":"https:\/\/bemypartner.es\/bemypartner\/"},"modified":"2024-04-15T14:42:56","modified_gmt":"2024-04-15T14:42:56","slug":"bemypartner","status":"publish","type":"page","link":"https:\/\/bemypartner.es\/ca\/","title":{"rendered":"Bemypartner"},"content":{"rendered":"<p>[vc_row equal_height=&#8221;true&#8221; row_animation=&#8221;grow-in&#8221; el_class=&#8221;bloque-redes&#8221; row_padding_bottom=&#8221;70px&#8221;][vc_column vertical_position=&#8221;middle&#8221;][vc_column_text]<\/p>\n<div class=\"social-lateral\"><a href=\"https:\/\/www.linkedin.com\/company\/bemypartner\" target=\"_blank\" rel=\"noopener noreferrer\"><span class=\"icon-linkedin\">\u00a0<\/span><\/a><br \/>\n<a href=\"https:\/\/www.instagram.com\/bemypartnercom\/\" target=\"_blank\" rel=\"noopener noreferrer\"><span class=\"icon-instagram\">\u00a0<\/span><\/a><br \/>\n<a href=\"https:\/\/www.facebook.com\/BemypartnerCOM\" target=\"_blank\" rel=\"noopener noreferrer\"><span class=\"icon-facebook\">\u00a0<\/span><\/a><br \/>\n<a href=\"https:\/\/twitter.com\/bemypartnercom\" target=\"_blank\" rel=\"noopener noreferrer\"><span class=\"icon-twitter\">\u00a0<\/span><\/a><\/div>\n<p>[\/vc_column_text][\/vc_column][\/vc_row][vc_row gap=&#8221;zero&#8221; full_height=&#8221;true&#8221; background_img_id=&#8221;2385&#8243; full_width=&#8221;stretch_row_content_no_spaces&#8221; css=&#8221;.vc_custom_1595170716811{background-image: url(https:\/\/bemypartner.es\/wp-content\/uploads\/2020\/07\/bg-slider-scaled.jpg?id=2343) !important;background-position: center !important;background-repeat: no-repeat !important;background-size: cover !important;}&#8221;][vc_column vertical_position=&#8221;middle&#8221;][vc_column_text]<\/p>\n<div class=\"text\">\n<p class=\"one\"><img decoding=\"async\" class=\"alignnone size-full wp-image-2348 lazyload\" data-src=\"https:\/\/bemypartner.es\/wp-content\/uploads\/2020\/07\/be-word.png\" alt=\"\" width=\"264\" height=\"176\" src=\"data:image\/svg+xml;base64,PHN2ZyB3aWR0aD0iMSIgaGVpZ2h0PSIxIiB4bWxucz0iaHR0cDovL3d3dy53My5vcmcvMjAwMC9zdmciPjwvc3ZnPg==\" style=\"--smush-placeholder-width: 264px; --smush-placeholder-aspect-ratio: 264\/176;\" \/><\/p>\n<p class=\"one\"><span class=\"word wisteria\">experience<\/span><span class=\"word belize\">different<\/span><span class=\"word pomegranate\">successful<\/span><span class=\"word green\">social<\/span><span class=\"word midnight\">discovered<\/span><span class=\"word midnight\">leader<\/span><span class=\"word midnight\">communication<\/span><span class=\"word midnight\">special<\/span><span class=\"word midnight\">loved<\/span><span class=\"word midnight\">happy<\/span><span class=\"word midnight\">mypartner<\/span><\/p>\n<\/div>\n<div class=\"content-bt-next-div\"><button class=\"bt-next-div\" type=\"button\"><img decoding=\"async\" class=\"alignnone size-full wp-image-2392 lazyload\" data-src=\"\/wp-content\/uploads\/2020\/08\/flecha-next.svg\" alt=\"\" width=\"35\" height=\"26\" src=\"data:image\/svg+xml;base64,PHN2ZyB3aWR0aD0iMSIgaGVpZ2h0PSIxIiB4bWxucz0iaHR0cDovL3d3dy53My5vcmcvMjAwMC9zdmciPjwvc3ZnPg==\" style=\"--smush-placeholder-width: 35px; --smush-placeholder-aspect-ratio: 35\/26;\" \/><\/button><\/div>\n<p>[\/vc_column_text][\/vc_column][\/vc_row][vc_row equal_height=&#8221;true&#8221; row_animation=&#8221;grow-in&#8221; el_class=&#8221;.second&#8221; row_padding_bottom=&#8221;70px&#8221;][vc_column width=&#8221;1\/2&#8243; vertical_position=&#8221;middle&#8221;][vc_column_text]<\/p>\n<p class=\"texto-pasion\">Passi\u00f3<\/p>\n<p>[\/vc_column_text][\/vc_column][vc_column width=&#8221;1\/2&#8243; vertical_position=&#8221;middle&#8221;][vc_column_text]<\/p>\n<p class=\"jakarta\">Som una <span class=\"red\">ag\u00e8ncia de comunicaci\u00f3<\/span> que sent passi\u00f3 pel que fa. La teva hist\u00f2ria val la pena. <span class=\"red\">Aix\u00f2, \u00e9s tot el podem fer per tu:<\/span><\/p>\n<p>[\/vc_column_text][\/vc_column][\/vc_row][vc_row][vc_column][vc_empty_space height=&#8221;75px&#8221;][\/vc_column][\/vc_row][vc_row equal_height=&#8221;true&#8221; gap=&#8221;zero&#8221; type=&#8221;full_width&#8221; el_class=&#8221;grid-servicios&#8221;][vc_column width=&#8221;1\/3&#8243;]    <style type=\"text\/css\" media=\"all\">\n        #imagebox_1 .content .title            {\n                color: #ffffff;\n                \n            }\n            \n            \n        #imagebox_1 .imagebox-hover             {\n                background-color:#c0392b;\n            }\n\n        \n    <\/style>\n    \n            \n         <a id=\"imagebox_1\" class=\"imageBox  textBox textLeftBorder    nosubtitle   fontSize20 imageBoxCenter shortcodeAnimation no-responsive-animation imgBoxHover image_hover_shadow disableContentBorder\"   data-delay=\"0\" data-animation=\"fade-in-bottom\"   href=\"\/servicios\" target=\"_self\">\n\n      \n    \n            <div class=\"image\">\n\n             \n                <!-- imagebox Hover  -->\n                <div class=\"imagebox-hover\"><\/div>\n            \n            <img decoding=\"async\" data-src=\"https:\/\/bemypartner.es\/wp-content\/uploads\/2020\/07\/img-servicios-1.jpg\"  alt=\"Gabinet de premsa\"  src=\"data:image\/svg+xml;base64,PHN2ZyB3aWR0aD0iMSIgaGVpZ2h0PSIxIiB4bWxucz0iaHR0cDovL3d3dy53My5vcmcvMjAwMC9zdmciPjwvc3ZnPg==\" class=\"lazyload\" style=\"--smush-placeholder-width: 960px; --smush-placeholder-aspect-ratio: 960\/580;\">\n        <\/div>\n      \n                     <div class=\"content\">\n\n                \n                    <div class=\"clearfix\">\n                        <div class=\"title clearfix\"  style=\"color:#ffffff;\" >\n\n                            Gabinet de premsa\n                            \n                        <\/div>\n                    <\/div>\n\n                                            <\/div>\n            \n            \n         <\/a>\n       \n      \n    \n\n    [\/vc_column][vc_column width=&#8221;1\/3&#8243;]    <style type=\"text\/css\" media=\"all\">\n        #imagebox_2 .content .title            {\n                color: #ffffff;\n                \n            }\n            \n            \n        #imagebox_2 .imagebox-hover             {\n                background-color:#c0392b;\n            }\n\n        \n    <\/style>\n    \n            \n         <a id=\"imagebox_2\" class=\"imageBox  textBox textLeftBorder    nosubtitle   fontSize20 imageBoxCenter shortcodeAnimation no-responsive-animation imgBoxHover image_hover_shadow disableContentBorder\"   data-delay=\"0\" data-animation=\"fade-in-bottom\"   href=\"\/servicios\" target=\"_self\">\n\n      \n    \n            <div class=\"image\">\n\n             \n                <!-- imagebox Hover  -->\n                <div class=\"imagebox-hover\"><\/div>\n            \n            <img decoding=\"async\" data-src=\"https:\/\/bemypartner.es\/wp-content\/uploads\/2020\/07\/img-servicios-2.jpg\"  alt=\"Esdeveniments\"  src=\"data:image\/svg+xml;base64,PHN2ZyB3aWR0aD0iMSIgaGVpZ2h0PSIxIiB4bWxucz0iaHR0cDovL3d3dy53My5vcmcvMjAwMC9zdmciPjwvc3ZnPg==\" class=\"lazyload\" style=\"--smush-placeholder-width: 960px; --smush-placeholder-aspect-ratio: 960\/580;\">\n        <\/div>\n      \n                     <div class=\"content\">\n\n                \n                    <div class=\"clearfix\">\n                        <div class=\"title clearfix\"  style=\"color:#ffffff;\" >\n\n                            Esdeveniments\n                            \n                        <\/div>\n                    <\/div>\n\n                                            <\/div>\n            \n            \n         <\/a>\n       \n      \n    \n\n    [\/vc_column][vc_column width=&#8221;1\/3&#8243;]    <style type=\"text\/css\" media=\"all\">\n        #imagebox_3 .content .title            {\n                color: #ffffff;\n                \n            }\n            \n            \n        #imagebox_3 .imagebox-hover             {\n                background-color:#c0392b;\n            }\n\n        \n    <\/style>\n    \n            \n         <a id=\"imagebox_3\" class=\"imageBox  textBox textLeftBorder    nosubtitle   fontSize20 imageBoxCenter shortcodeAnimation no-responsive-animation imgBoxHover image_hover_shadow disableContentBorder\"   data-delay=\"0\" data-animation=\"fade-in-bottom\"   href=\"\/servicios\" target=\"_self\">\n\n      \n    \n            <div class=\"image\">\n\n             \n                <!-- imagebox Hover  -->\n                <div class=\"imagebox-hover\"><\/div>\n            \n            <img decoding=\"async\" data-src=\"https:\/\/bemypartner.es\/wp-content\/uploads\/2020\/10\/BMP-Home-SocialMedia.jpg\"  alt=\"Social Media &amp; M\u00e0rqueting de Continguts\"  src=\"data:image\/svg+xml;base64,PHN2ZyB3aWR0aD0iMSIgaGVpZ2h0PSIxIiB4bWxucz0iaHR0cDovL3d3dy53My5vcmcvMjAwMC9zdmciPjwvc3ZnPg==\" class=\"lazyload\" style=\"--smush-placeholder-width: 960px; --smush-placeholder-aspect-ratio: 960\/580;\">\n        <\/div>\n      \n                     <div class=\"content\">\n\n                \n                    <div class=\"clearfix\">\n                        <div class=\"title clearfix\"  style=\"color:#ffffff;\" >\n\n                            Social Media &amp; M\u00e0rqueting de Continguts\n                            \n                        <\/div>\n                    <\/div>\n\n                                            <\/div>\n            \n            \n         <\/a>\n       \n      \n    \n\n    [\/vc_column][\/vc_row][vc_row equal_height=&#8221;true&#8221; gap=&#8221;zero&#8221; type=&#8221;full_width&#8221; el_class=&#8221;grid-servicios&#8221;][vc_column width=&#8221;1\/3&#8243;]    <style type=\"text\/css\" media=\"all\">\n        #imagebox_4 .content .title            {\n                color: #ffffff;\n                \n            }\n            \n            \n        #imagebox_4 .imagebox-hover             {\n                background-color:#c0392b;\n            }\n\n        \n    <\/style>\n    \n            \n         <a id=\"imagebox_4\" class=\"imageBox  textBox textLeftBorder    nosubtitle   fontSize20 imageBoxCenter shortcodeAnimation no-responsive-animation imgBoxHover image_hover_shadow disableContentBorder\"   data-delay=\"0\" data-animation=\"fade-in-bottom\"   href=\"\/servicios\" target=\"_self\">\n\n      \n    \n            <div class=\"image\">\n\n             \n                <!-- imagebox Hover  -->\n                <div class=\"imagebox-hover\"><\/div>\n            \n            <img decoding=\"async\" data-src=\"https:\/\/bemypartner.es\/wp-content\/uploads\/2020\/07\/img-servicios-4.jpg\"  alt=\"M\u00e0rqueting d\u2019influencers\"  src=\"data:image\/svg+xml;base64,PHN2ZyB3aWR0aD0iMSIgaGVpZ2h0PSIxIiB4bWxucz0iaHR0cDovL3d3dy53My5vcmcvMjAwMC9zdmciPjwvc3ZnPg==\" class=\"lazyload\" style=\"--smush-placeholder-width: 960px; --smush-placeholder-aspect-ratio: 960\/580;\">\n        <\/div>\n      \n                     <div class=\"content\">\n\n                \n                    <div class=\"clearfix\">\n                        <div class=\"title clearfix\"  style=\"color:#ffffff;\" >\n\n                            M\u00e0rqueting d\u2019influencers\n                            \n                        <\/div>\n                    <\/div>\n\n                                            <\/div>\n            \n            \n         <\/a>\n       \n      \n    \n\n    [\/vc_column][vc_column width=&#8221;1\/3&#8243;]    <style type=\"text\/css\" media=\"all\">\n        #imagebox_5 .content .title            {\n                color: #ffffff;\n                \n            }\n            \n            \n        \n    <\/style>\n    \n            \n         <a id=\"imagebox_5\" class=\"imageBox    nosubtitle   fontSize20 imageBoxCenter shortcodeAnimation no-responsive-animation disableContentBorder\"   data-delay=\"0\" data-animation=\"fade-in-bottom\"   href=\"#\" target=\"_self\">\n\n      \n    \n            <div class=\"image\">\n\n            \n            <img decoding=\"async\" data-src=\"https:\/\/bemypartner.es\/wp-content\/uploads\/2020\/07\/img-servicios-5.jpg\"  alt=\"\"  src=\"data:image\/svg+xml;base64,PHN2ZyB3aWR0aD0iMSIgaGVpZ2h0PSIxIiB4bWxucz0iaHR0cDovL3d3dy53My5vcmcvMjAwMC9zdmciPjwvc3ZnPg==\" class=\"lazyload\" style=\"--smush-placeholder-width: 960px; --smush-placeholder-aspect-ratio: 960\/580;\">\n        <\/div>\n      \n             \n            \n         <\/a>\n       \n      \n    \n\n    [\/vc_column][vc_column width=&#8221;1\/3&#8243;]    <style type=\"text\/css\" media=\"all\">\n        #imagebox_6 .content .title            {\n                color: #ffffff;\n                \n            }\n            \n            \n        #imagebox_6 .imagebox-hover             {\n                background-color:#c0392b;\n            }\n\n        \n    <\/style>\n    \n            \n         <a id=\"imagebox_6\" class=\"imageBox  textBox textLeftBorder    nosubtitle   fontSize20 imageBoxCenter shortcodeAnimation no-responsive-animation imgBoxHover image_hover_shadow disableContentBorder\"   data-delay=\"0\" data-animation=\"fade-in-bottom\"   href=\"\/servicios\" target=\"_self\">\n\n      \n    \n            <div class=\"image\">\n\n             \n                <!-- imagebox Hover  -->\n                <div class=\"imagebox-hover\"><\/div>\n            \n            <img decoding=\"async\" data-src=\"https:\/\/bemypartner.es\/wp-content\/uploads\/2020\/07\/img-servicios-6.jpg\"  alt=\"Producci\u00f3 audiovisual &amp; Disseny gr\u00e0fic\"  src=\"data:image\/svg+xml;base64,PHN2ZyB3aWR0aD0iMSIgaGVpZ2h0PSIxIiB4bWxucz0iaHR0cDovL3d3dy53My5vcmcvMjAwMC9zdmciPjwvc3ZnPg==\" class=\"lazyload\" style=\"--smush-placeholder-width: 960px; --smush-placeholder-aspect-ratio: 960\/580;\">\n        <\/div>\n      \n                     <div class=\"content\">\n\n                \n                    <div class=\"clearfix\">\n                        <div class=\"title clearfix\"  style=\"color:#ffffff;\" >\n\n                            Producci\u00f3 audiovisual &amp; Disseny gr\u00e0fic\n                            \n                        <\/div>\n                    <\/div>\n\n                                            <\/div>\n            \n            \n         <\/a>\n       \n      \n    \n\n    [\/vc_column][\/vc_row][vc_row equal_height=&#8221;true&#8221; gap=&#8221;zero&#8221; type=&#8221;full_width&#8221; el_class=&#8221;grid-servicios&#8221;][vc_column width=&#8221;1\/3&#8243;]    <style type=\"text\/css\" media=\"all\">\n        #imagebox_7 .content .title            {\n                color: #ffffff;\n                \n            }\n            \n            \n        #imagebox_7 .imagebox-hover             {\n                background-color:#c0392b;\n            }\n\n        \n    <\/style>\n    \n            \n         <a id=\"imagebox_7\" class=\"imageBox  textBox textLeftBorder    nosubtitle   fontSize20 imageBoxCenter shortcodeAnimation no-responsive-animation imgBoxHover image_hover_shadow disableContentBorder\"   data-delay=\"0\" data-animation=\"fade-in-bottom\"   href=\"\/servicios\" target=\"_self\">\n\n      \n    \n            <div class=\"image\">\n\n             \n                <!-- imagebox Hover  -->\n                <div class=\"imagebox-hover\"><\/div>\n            \n            <img decoding=\"async\" data-src=\"https:\/\/bemypartner.es\/wp-content\/uploads\/2020\/07\/img-servicios-7.jpg\"  alt=\"Comunicaci\u00f3 interna\"  src=\"data:image\/svg+xml;base64,PHN2ZyB3aWR0aD0iMSIgaGVpZ2h0PSIxIiB4bWxucz0iaHR0cDovL3d3dy53My5vcmcvMjAwMC9zdmciPjwvc3ZnPg==\" class=\"lazyload\" style=\"--smush-placeholder-width: 960px; --smush-placeholder-aspect-ratio: 960\/580;\">\n        <\/div>\n      \n                     <div class=\"content\">\n\n                \n                    <div class=\"clearfix\">\n                        <div class=\"title clearfix\"  style=\"color:#ffffff;\" >\n\n                            Comunicaci\u00f3 interna\n                            \n                        <\/div>\n                    <\/div>\n\n                                            <\/div>\n            \n            \n         <\/a>\n       \n      \n    \n\n    [\/vc_column][vc_column width=&#8221;1\/3&#8243;]    <style type=\"text\/css\" media=\"all\">\n        #imagebox_8 .content .title            {\n                color: #ffffff;\n                \n            }\n            \n            \n        #imagebox_8 .imagebox-hover             {\n                background-color:#c0392b;\n            }\n\n        \n    <\/style>\n    \n            \n         <a id=\"imagebox_8\" class=\"imageBox  textBox textLeftBorder    nosubtitle   fontSize20 imageBoxCenter shortcodeAnimation no-responsive-animation imgBoxHover image_hover_shadow disableContentBorder\"   data-delay=\"0\" data-animation=\"fade-in-bottom\"   href=\"\/servicios\" target=\"_self\">\n\n      \n    \n            <div class=\"image\">\n\n             \n                <!-- imagebox Hover  -->\n                <div class=\"imagebox-hover\"><\/div>\n            \n            <img decoding=\"async\" data-src=\"https:\/\/bemypartner.es\/wp-content\/uploads\/2020\/08\/img-servicios-8.jpg\"  alt=\"Comunicaci\u00f3 de crisi\"  src=\"data:image\/svg+xml;base64,PHN2ZyB3aWR0aD0iMSIgaGVpZ2h0PSIxIiB4bWxucz0iaHR0cDovL3d3dy53My5vcmcvMjAwMC9zdmciPjwvc3ZnPg==\" class=\"lazyload\" style=\"--smush-placeholder-width: 960px; --smush-placeholder-aspect-ratio: 960\/580;\">\n        <\/div>\n      \n                     <div class=\"content\">\n\n                \n                    <div class=\"clearfix\">\n                        <div class=\"title clearfix\"  style=\"color:#ffffff;\" >\n\n                            Comunicaci\u00f3 de crisi\n                            \n                        <\/div>\n                    <\/div>\n\n                                            <\/div>\n            \n            \n         <\/a>\n       \n      \n    \n\n    [\/vc_column][vc_column width=&#8221;1\/3&#8243;]    <style type=\"text\/css\" media=\"all\">\n        #imagebox_9 .content .title            {\n                color: #ffffff;\n                \n            }\n            \n            \n        #imagebox_9 .imagebox-hover             {\n                background-color:#c0392b;\n            }\n\n        \n    <\/style>\n    \n            \n         <a id=\"imagebox_9\" class=\"imageBox  textBox textLeftBorder    nosubtitle   fontSize20 imageBoxCenter shortcodeAnimation no-responsive-animation imgBoxHover image_hover_shadow disableContentBorder\"   data-delay=\"0\" data-animation=\"fade-in-bottom\"   href=\"\/servicios\" target=\"_self\">\n\n      \n    \n            <div class=\"image\">\n\n             \n                <!-- imagebox Hover  -->\n                <div class=\"imagebox-hover\"><\/div>\n            \n            <img decoding=\"async\" data-src=\"https:\/\/bemypartner.es\/wp-content\/uploads\/2020\/07\/img-servicios-9.jpg\"  alt=\"Formaci\u00f3\"  src=\"data:image\/svg+xml;base64,PHN2ZyB3aWR0aD0iMSIgaGVpZ2h0PSIxIiB4bWxucz0iaHR0cDovL3d3dy53My5vcmcvMjAwMC9zdmciPjwvc3ZnPg==\" class=\"lazyload\" style=\"--smush-placeholder-width: 960px; --smush-placeholder-aspect-ratio: 960\/580;\">\n        <\/div>\n      \n                     <div class=\"content\">\n\n                \n                    <div class=\"clearfix\">\n                        <div class=\"title clearfix\"  style=\"color:#ffffff;\" >\n\n                            Formaci\u00f3\n                            \n                        <\/div>\n                    <\/div>\n\n                                            <\/div>\n            \n            \n         <\/a>\n       \n      \n    \n\n    [\/vc_column][\/vc_row][vc_row row_padding_top=&#8221;30&#8243; row_padding_bottom=&#8221;30&#8243; el_class=&#8221;logo-slider&#8221;][vc_column][vc_column_text]<\/p>\n<p style=\"text-align: center !important; margin-bottom: 20px; font-size: 27px !important; font-family: 'Plus Jakarta Bold' !important; font-weight: bold !important; width: 100%;\">La seva confian\u00e7a ens fa millors<\/p>\n<p>[\/vc_column_text][vc_empty_space height=&#8221;20px&#8221;]\n        <style>\n        \t.unique-carousel-278 .owl-next, .unique-carousel-278 .owl-prev{\n        \t\tbackground:   !important;\n        \t\tcolor:  !important;\n        \t}\n\n        \t.unique-carousel-278.owl-theme .owl-dots .owl-dot.active span, .unique-carousel-278.owl-theme .owl-dots .owl-dot:hover span{\n        \t\tbackground:  !important;\n        \t}\n\n        \t.owl-next, .owl-prev{\n        \t\ttop: 40%;\n        \t}\n        <\/style>\n        <div class=\"wdo-carosuel-container unique-carousel-278 owl-carousel owl-theme\">\n        \t\t\t\t\n\t\t<div class=\"item\">\n\t\t\t[vc_single_image image=&#8221;5732&#8243; img_size=&#8221;full&#8221; alignment=&#8221;center&#8221;]\t\t<\/div>\n\n\t\t\t\t\t\n\t\t<div class=\"item\">\n\t\t\t[vc_single_image image=&#8221;3109&#8243; img_size=&#8221;full&#8221; alignment=&#8221;center&#8221;]\t\t<\/div>\n\n\t\t\t\t\t\n\t\t<div class=\"item\">\n\t\t\t[vc_single_image image=&#8221;3923&#8243; img_size=&#8221;full&#8221; alignment=&#8221;center&#8221;]\t\t<\/div>\n\n\t\t\t\t\t\n\t\t<div class=\"item\">\n\t\t\t[vc_single_image image=&#8221;3139&#8243; img_size=&#8221;full&#8221; alignment=&#8221;center&#8221;]\t\t<\/div>\n\n\t\t\t\t\t\n\t\t<div class=\"item\">\n\t\t\t[vc_single_image image=&#8221;3148&#8243; img_size=&#8221;full&#8221; alignment=&#8221;center&#8221;]\t\t<\/div>\n\n\t\t\t\t\t\n\t\t<div class=\"item\">\n\t\t\t[vc_single_image image=&#8221;3160&#8243; img_size=&#8221;full&#8221; alignment=&#8221;center&#8221;]\t\t<\/div>\n\n\t\t\t\t\t\n\t\t<div class=\"item\">\n\t\t\t[vc_single_image image=&#8221;3187&#8243; img_size=&#8221;full&#8221; alignment=&#8221;center&#8221;]\t\t<\/div>\n\n\t\t\t\t\t\n\t\t<div class=\"item\">\n\t\t\t[vc_single_image image=&#8221;5735&#8243; img_size=&#8221;full&#8221; alignment=&#8221;center&#8221;]\t\t<\/div>\n\n\t\t\t\t\t\n\t\t<div class=\"item\">\n\t\t\t[vc_single_image image=&#8221;5771&#8243; img_size=&#8221;full&#8221; alignment=&#8221;center&#8221;]\t\t<\/div>\n\n\t\t\t\t\t\n\t\t<div class=\"item\">\n\t\t\t[vc_single_image image=&#8221;5774&#8243; img_size=&#8221;full&#8221; alignment=&#8221;center&#8221;]\t\t<\/div>\n\n\t\t\t\t\t\n\t\t<div class=\"item\">\n\t\t\t[vc_single_image image=&#8221;5777&#8243; img_size=&#8221;full&#8221; alignment=&#8221;center&#8221;]\t\t<\/div>\n\n\t\t\t\t\t\n\t\t<div class=\"item\">\n\t\t\t[vc_single_image image=&#8221;5780&#8243; img_size=&#8221;full&#8221; alignment=&#8221;center&#8221;]\t\t<\/div>\n\n\t\t\t\t\t\n\t\t<div class=\"item\">\n\t\t\t[vc_single_image image=&#8221;5750&#8243; img_size=&#8221;full&#8221; alignment=&#8221;center&#8221;]\t\t<\/div>\n\n\t\t\t\t\t\n\t\t<div class=\"item\">\n\t\t\t[vc_single_image image=&#8221;5783&#8243; img_size=&#8221;full&#8221; alignment=&#8221;center&#8221;]\t\t<\/div>\n\n\t\t\t\t\t\n\t\t<div class=\"item\">\n\t\t\t[vc_single_image image=&#8221;5756&#8243; img_size=&#8221;full&#8221; alignment=&#8221;center&#8221;]\t\t<\/div>\n\n\t\t        <\/div>\n        <script type=\"text\/javascript\">\n        \tjQuery(document).ready(function ($) {\n        \t\t$('.unique-carousel-278').owlCarousel({\n        \t\t    margin:10,\n        \t\t    touchDrag:true,\n        \t\t    mouseDrag:true,\n        \t\t    animateIn: \"no-animation\",\n        \t\t    animateOut: \"no-animation\",\n        \t\t    video:true,\n        \t\t    videoWidth:true,\n        \t\t    videoHeight:300,\n        \t\t    loop:true,\n        \t\t    slideBy:4,\n        \t\t    autoplay:true, \n        \t\t    nav:true,\n        \t\t    dots:false,\n        \t\t    navText:[\"<div class='nav-btn prev-slide'><\/div>\",\"<div class='nav-btn next-slide'><\/div>\"],\n        \t\t    responsive:{\n        \t\t        0:{\n        \t\t            items:2        \t\t        },\n        \t\t        600:{\n        \t\t            items:3        \t\t        },\n        \t\t        1000:{\n        \t\t            items:4        \t\t        }\n        \t\t    }\n        \t\t});\n        \t});\n        <\/script>\n\n        [vc_empty_space height=&#8221;40px&#8221;][\/vc_column][\/vc_row][vc_row background_color=&#8221;#eae7e1&#8243; row_padding_top=&#8221;30&#8243; row_padding_bottom=&#8221;30&#8243; el_class=&#8221;noticias-home&#8221;][vc_column][vc_column_text]<\/p>\n<p style=\"text-align: center !important; font-size: 27px !important; font-family: 'Plus Jakarta Bold' !important; font-weight: bold !important; width: 100%;\">Les nostres not\u00edcies m\u00e9s recents<\/p>\n<p>[\/vc_column_text][vc_column_text]<a class=\"bt-ver-todas\" href=\"\/ca\/blog\">Veure totes &gt;<\/a>[\/vc_column_text][vc_empty_space height=&#8221;30px&#8221;][vc_column_text]<div class=\"owl-wrapper\"><div id=\"carousel-2501\" class=\"owl-carousel owl-theme\"><div class=\"item\"><div class=\"item-inner\"><a href=\"https:\/\/bemypartner.es\/ca\/comunicacion-interna-reputacion-empresarial\/\" class=\"linked-image\"><img data-src=\"https:\/\/bemypartner.es\/wp-content\/uploads\/2026\/01\/Banner-Articulo-Blog-Bemypartner-300x138.jpg\" class=\"carousel-image owl-lazy\" alt=\"\"\/><\/a><h3>3 claves para convertir tu comunicaci\u00f3n interna en reputaci\u00f3n empresarial<\/h3>Descubre las 5 claves en la gesti\u00f3n de la comunicaci\u00f3n en crisis laborales y c\u00f3mo aplicarlas para proteger la reputaci\u00f3n...<\/div><\/div><div class=\"item\"><div class=\"item-inner\"><a href=\"https:\/\/bemypartner.es\/ca\/estrategias-para-maximizar-tus-resultados-de-2025-y-empezar-2026\/\" class=\"linked-image\"><img data-src=\"https:\/\/bemypartner.es\/wp-content\/uploads\/2025\/10\/Estrategias-para-maximizar-tus-resultados-de-2025-y-empezar-2026-300x138.png\" class=\"carousel-image owl-lazy\" alt=\"Estrategias para maximizar tus resultados de 2025 y empezar 2026\"\/><\/a><h3>Estrategias para maximizar tus resultados de 2025 y empezar 2026<\/h3>Descubre las 5 claves en la gesti\u00f3n de la comunicaci\u00f3n en crisis laborales y c\u00f3mo aplicarlas para proteger la reputaci\u00f3n...<\/div><\/div><div class=\"item\"><div class=\"item-inner\"><a href=\"https:\/\/bemypartner.es\/ca\/compras-chatgpt-como-deben-comunicar-marcas-sector-beauty\/\" class=\"linked-image\"><img data-src=\"https:\/\/bemypartner.es\/wp-content\/uploads\/2025\/10\/Compras-con-ChatGPT-en-beauty-300x138.png\" class=\"carousel-image owl-lazy\" alt=\"Compras con ChatGPT en beauty\"\/><\/a><h3>Llegan las compras con ChatGPT en el beauty: \u00bfc\u00f3mo va a comunicar ahora tu marca?<\/h3>Descubre las 5 claves en la gesti\u00f3n de la comunicaci\u00f3n en crisis laborales y c\u00f3mo aplicarlas para proteger la reputaci\u00f3n...<\/div><\/div><div class=\"item\"><div class=\"item-inner\"><a href=\"https:\/\/bemypartner.es\/ca\/como-superar-una-crisis-de-reputacion-en-el-sector-tecnologico\/\" class=\"linked-image\"><img data-src=\"https:\/\/bemypartner.es\/wp-content\/uploads\/2025\/09\/Crisis-Reputacion-Tecnologico-300x138.jpg\" class=\"carousel-image owl-lazy\" alt=\"\"\/><\/a><h3>C\u00f3mo superar una crisis de reputaci\u00f3n en el sector tecnol\u00f3gico<\/h3>Descubre las 5 claves en la gesti\u00f3n de la comunicaci\u00f3n en crisis laborales y c\u00f3mo aplicarlas para proteger la reputaci\u00f3n...<\/div><\/div><div class=\"item\"><div class=\"item-inner\"><a href=\"https:\/\/bemypartner.es\/ca\/marketing-influencers-pilar-estrategico-2025\/\" class=\"linked-image\"><img data-src=\"https:\/\/bemypartner.es\/wp-content\/uploads\/2025\/07\/Marketing-de-influencers-2025-300x138.png\" class=\"carousel-image owl-lazy\" alt=\"Marketing de influencers 2025\"\/><\/a><h3>Convierte el marketing de influencers en tu aliado en 2025<\/h3>Descubre las 5 claves en la gesti\u00f3n de la comunicaci\u00f3n en crisis laborales y c\u00f3mo aplicarlas para proteger la reputaci\u00f3n...<\/div><\/div><div class=\"item\"><div class=\"item-inner\"><a href=\"https:\/\/bemypartner.es\/ca\/aspectos-clave-gestion-crisis-laborales\/\" class=\"linked-image\"><img data-src=\"https:\/\/bemypartner.es\/wp-content\/uploads\/2025\/05\/Crisis-Laborales-Banner-Articulo-300x138.png\" class=\"carousel-image owl-lazy\" alt=\"\"\/><\/a><h3>Aspectos clave en la gesti\u00f3n de crisis laborales<\/h3>Descubre las 5 claves en la gesti\u00f3n de la comunicaci\u00f3n en crisis laborales y c\u00f3mo aplicarlas para proteger la reputaci\u00f3n...<\/div><\/div><div class=\"item\"><div class=\"item-inner\"><a href=\"https:\/\/bemypartner.es\/ca\/5-claves-comunicacion-sector-beauty\/\" class=\"linked-image\"><img data-src=\"https:\/\/bemypartner.es\/wp-content\/uploads\/2025\/04\/pexels-tara-winstead-6690884.jpg\" class=\"carousel-image owl-lazy\" alt=\"\"\/><\/a><h3>Las 5 claves que definir\u00e1n la comunicaci\u00f3n en el sector beauty<\/h3>La primavera arranca con fuerza y trae consigo uno de los momentos m\u00e1s inspiradores para el sector beauty. Nuevas marcas,...<\/div><\/div><div class=\"item\"><div class=\"item-inner\"><a href=\"https:\/\/bemypartner.es\/ca\/key-dates-potenciar-estrategia-contenido\/\" class=\"linked-image\"><img data-src=\"https:\/\/bemypartner.es\/wp-content\/uploads\/2025\/04\/sri-lanka-landscape-group-backpack-300x225.jpg\" class=\"carousel-image owl-lazy\" alt=\"Key Dates - WeRoad\"\/><\/a><h3>C\u00f3mo aprovechar las Key Dates para potenciar tu estrategia de contenido<\/h3>La planificaci\u00f3n y estructuraci\u00f3n de contenidos desempe\u00f1an un papel fundamental en cualquier estrategia de marketing, proporcionando coherencia y permitiendo a...<\/div><\/div><div class=\"item\"><div class=\"item-inner\"><a href=\"https:\/\/bemypartner.es\/ca\/5-aspectos-clave-para-gestionar-con-exito-tu-comunicacion-de-crisis\/\" class=\"linked-image\"><img data-src=\"https:\/\/bemypartner.es\/wp-content\/uploads\/2024\/07\/Comunicacion-300x200.jpg\" class=\"carousel-image owl-lazy\" alt=\"\"\/><\/a><h3>5 aspectos clave para gestionar con \u00e9xito tu comunicaci\u00f3n de crisis<\/h3>comunicaci\u00f3n de crisis<\/div><\/div><div class=\"item\"><div class=\"item-inner\"><a href=\"https:\/\/bemypartner.es\/bemypartner-recibe-el-sello-de-compromiso-con-la-huella-social-y-la-sostenibilidad\/\" class=\"linked-image\"><img data-src=\"https:\/\/bemypartner.es\/wp-content\/uploads\/2024\/05\/Banner-Blog-300x138.jpg\" class=\"carousel-image owl-lazy\" alt=\"\"\/><\/a><h3>Bemypartner recibe el sello de Compromiso con la Huella Social y la Sostenibilidad<\/h3>\u00a1Nos enorgullece anunciar que Bemypartner ha sido reconocido y certificado por la Fundaci\u00f3n COPADE con el sello COMPROMISO HUELLA SOCIAL...<\/div><\/div><div class=\"item\"><div class=\"item-inner\"><a href=\"https:\/\/bemypartner.es\/revolucion-en-las-redes-la-nueva-ley-de-influencers-transforma-el-panorama-digital\/\" class=\"linked-image\"><img data-src=\"https:\/\/bemypartner.es\/wp-content\/uploads\/2024\/05\/ley-influencer2-300x138.jpg\" class=\"carousel-image owl-lazy\" alt=\"\"\/><\/a><h3>Revoluci\u00f3n en las redes: La nueva Ley de Influencers transforma el panorama digital<\/h3>El Gobierno espa\u00f1ol ha aprobado recientemente una nueva ley que regula la actividad de los influencers en las redes sociales....<\/div><\/div><div class=\"item\"><div class=\"item-inner\"><a href=\"https:\/\/bemypartner.es\/el-poder-de-la-narrativa-en-la-comunicacion-estrategica-cautivando-mentes-y-moviendo-corazones\/\" class=\"linked-image\"><img data-src=\"https:\/\/bemypartner.es\/wp-content\/uploads\/2024\/04\/04_30_BLOG_VISUALWEB_BMP-300x138.jpg\" class=\"carousel-image owl-lazy\" alt=\"\"\/><\/a><h3>El poder del storytelling en la comunicaci\u00f3n estrat\u00e9gica: cautivando mentes y moviendo corazones<\/h3>En el mundo de la comunicaci\u00f3n estrat\u00e9gica, donde la competencia por la atenci\u00f3n de la audiencia es feroz, la narrativa...<\/div><\/div><div class=\"item\"><div class=\"item-inner\"><a href=\"https:\/\/bemypartner.es\/inteligencia-artificial-en-el-mundo-de-las-agencias-de-comunicacion-un-aliado-para-la-eficiencia-y-la-creatividad\/\" class=\"linked-image\"><img data-src=\"https:\/\/bemypartner.es\/wp-content\/uploads\/2024\/04\/1-300x138.jpg\" class=\"carousel-image owl-lazy\" alt=\"\"\/><\/a><h3>Inteligencia Artificial en el mundo de las Agencias de Comunicaci\u00f3n: Un Aliado para la Eficiencia y la Creatividad<\/h3>El mundo de la comunicaci\u00f3n y el marketing est\u00e1 en constante evoluci\u00f3n, y la inteligencia artificial (IA) se ha convertido...<\/div><\/div><div class=\"item\"><div class=\"item-inner\"><a href=\"https:\/\/bemypartner.es\/ca\/met-gala-el-evento-mas-importante-de-la-moda-y-la-clave-para-la-visibilidad-de-las-marca\/\" class=\"linked-image\"><img data-src=\"https:\/\/bemypartner.es\/wp-content\/uploads\/2023\/05\/Banners-Entrada-Blog-BEMYPARTNER-3-300x138.png\" class=\"carousel-image owl-lazy\" alt=\"\"\/><\/a><h3>MET Gala: El evento m\u00e1s importante de la moda y la clave para la visibilidad de las marca<\/h3>En la alfombra roja de la gala del MET, los dise\u00f1adores y marcas tienen la oportunidad de mostrar sus mejores...<\/div><\/div><div class=\"item\"><div class=\"item-inner\"><a href=\"https:\/\/bemypartner.es\/ca\/tiktok-crece-en-publicidad\/\" class=\"linked-image\"><img data-src=\"https:\/\/bemypartner.es\/wp-content\/uploads\/2023\/04\/Banners-tiktok-300x138.png\" class=\"carousel-image owl-lazy\" alt=\"TikTok ser\u00e1 censurado\"\/><\/a><h3>La publicidad en TikTok crece un 11% pese a la filtraci\u00f3n de datos<\/h3>\u00a1El mundo de la publicidad en TikTok est\u00e1 en constante evoluci\u00f3n! A pesar de la amenaza de una posible prohibici\u00f3n...<\/div><\/div><div class=\"item\"><div class=\"item-inner\"><a href=\"https:\/\/bemypartner.es\/ca\/por-que-necesitas-un-content-host-para-tus-redes-sociales\/\" class=\"linked-image\"><img data-src=\"https:\/\/bemypartner.es\/wp-content\/uploads\/2023\/04\/Banners-Entrada-Blog-BEMYPARTNER-15-300x138.jpg\" class=\"carousel-image owl-lazy\" alt=\"Por qu\u00e9 necesitas un Content Host para redes sociales\"\/><\/a><h3>Por qu\u00e9 necesitas un Content Host para tus redes sociales<\/h3>En la era digital, el contenido es uno de los principales recursos para atraer a tu p\u00fablico objetivo y construir...<\/div><\/div><div class=\"item\"><div class=\"item-inner\"><a href=\"https:\/\/bemypartner.es\/ca\/los-ganadores-de-la-2a-edicion-de-los-premios-idolo\/\" class=\"linked-image\"><img data-src=\"https:\/\/bemypartner.es\/wp-content\/uploads\/2023\/03\/Banners-Entrada-Blog-BEMYPARTNER-11-300x138.jpg\" class=\"carousel-image owl-lazy\" alt=\"Ganadores de los Premios \u00cddolo 2023\"\/><\/a><h3>Los ganadores de la 2\u00aa edici\u00f3n de los Premios \u00cddolo<\/h3>Conoce todas las categor\u00edas, los nominados y los ganadores de los premios de los creadores de contenido organizados por Dulceida...<\/div><\/div><div class=\"item\"><div class=\"item-inner\"><a href=\"https:\/\/bemypartner.es\/ca\/quieres-anunciarte-en-tiktok-esto-es-lo-que-debes-saber\/\" class=\"linked-image\"><img data-src=\"https:\/\/bemypartner.es\/wp-content\/uploads\/2023\/02\/Blog_Bemypartner_TikTok-300x138.jpg\" class=\"carousel-image owl-lazy\" alt=\"\"\/><\/a><h3>\u00bfQuieres anunciarte en TikTok? \u00a1Esto es lo que debes saber!<\/h3>TikTok se ha convertido en una de las plataformas m\u00e1s populares para la creaci\u00f3n y el consumo de contenido de...<\/div><\/div><div class=\"item\"><div class=\"item-inner\"><a href=\"https:\/\/bemypartner.es\/ca\/las-redes-sociales-mas-populares-del-2023\/\" class=\"linked-image\"><img data-src=\"https:\/\/bemypartner.es\/wp-content\/uploads\/2023\/01\/Banner-300x138.jpg\" class=\"carousel-image owl-lazy\" alt=\"Redes-sociales-m\u00e1s-populares-de-2023\"\/><\/a><h3>Las redes sociales m\u00e1s populares del 2023<\/h3>En el mundo digital actual, las redes sociales son una herramienta esencial para cualquier empresa. Estas plataformas ofrecen un canal...<\/div><\/div><div class=\"item\"><div class=\"item-inner\"><a href=\"https:\/\/bemypartner.es\/ca\/como-hacer-que-tu-campana-de-influencers-sea-un-exito\/\" class=\"linked-image\"><img data-src=\"https:\/\/bemypartner.es\/wp-content\/uploads\/2022\/10\/COMO-HACER-QUE-TU-CAMPANA-DE-INFLUENCERS-SEA-UN-EXITO-300x138.jpg\" class=\"carousel-image owl-lazy\" alt=\"como-hacer-que-tu-campa\u00f1a-de-influencers-sea-un-exito\"\/><\/a><h3>C\u00f3mo hacer que tu campa\u00f1a de influencers sea un \u00e9xito<\/h3>Hay todo tipo de personas que se pueden considerar influenciadores, tus mejores clientes pueden ser algunos de los mejores influenciadores...<\/div><\/div><div class=\"item\"><div class=\"item-inner\"><a href=\"https:\/\/bemypartner.es\/ca\/crea-contenido-viral-y-arrasa-en-las-redes-sociales\/\" class=\"linked-image\"><img data-src=\"https:\/\/bemypartner.es\/wp-content\/uploads\/2022\/09\/crea-contenido-viral-y-arrasa-en-las-redes-sociales-300x138.jpg\" class=\"carousel-image owl-lazy\" alt=\"Crea contenido viral y \u00a1arrasa en las redes sociales!\"\/><\/a><h3>Crea contenido viral y \u00a1arrasa en las redes sociales!<\/h3>En una realidad en la que cada d\u00eda se publican m\u00e1s de sesenta millones de publicaciones en Instagram, quinientos millones...<\/div><\/div><div class=\"item\"><div class=\"item-inner\"><a href=\"https:\/\/bemypartner.es\/ca\/posicionar-una-web-con-palabras-clave\/\" class=\"linked-image\"><img data-src=\"https:\/\/bemypartner.es\/wp-content\/uploads\/2022\/09\/como-aparecer-en-primera-posicion-gracias-a-las-palabras-clave-300x138.jpg\" class=\"carousel-image owl-lazy\" alt=\"posicionar-una-web-con-palabras-clave\"\/><\/a><h3>Posicionar una web con palabras clave<\/h3>Posicionar una p\u00e1gina web es m\u00e1s f\u00e1cil de lo que te piensas gracias a las palabras clave. El uso de...<\/div><\/div><div class=\"item\"><div class=\"item-inner\"><a href=\"https:\/\/bemypartner.es\/ca\/herramientas-que-todo-community-manager-debe-conocer\/\" class=\"linked-image\"><img data-src=\"https:\/\/bemypartner.es\/wp-content\/uploads\/2022\/08\/HERRAMIENTAS-COMMUNITY-MANAGER-300x138.jpg\" class=\"carousel-image owl-lazy\" alt=\"HERRAMIENTAS-PARA-EL-COMMUNITY-MANAGER\"\/><\/a><h3>Herramientas que todo Community Manager debe conocer<\/h3>Mucha gente piensa que un Community Manager nunca descansa y que no libra ni un fin de semana. Pero, lo...<\/div><\/div><div class=\"item\"><div class=\"item-inner\"><a href=\"https:\/\/bemypartner.es\/ca\/cuatro-claves-del-marketinc-mix-que-debes-cumplir-si-o-si\/\" class=\"linked-image\"><img data-src=\"https:\/\/bemypartner.es\/wp-content\/uploads\/2022\/06\/Marketing-Las-4-P--300x138.png\" class=\"carousel-image owl-lazy\" alt=\"Las 4P del marketing mix\"\/><\/a><h3>Cuatro claves del marketing mix que debes cumplir s\u00ed o s\u00ed<\/h3>\u00bfSabes que significa las 4 p del marketing? Son cuatro elementos que hacen referencia al Producto, Precio, Punto de venta...<\/div><\/div><div class=\"item\"><div class=\"item-inner\"><a href=\"https:\/\/bemypartner.es\/ca\/que-es-el-famoso-kit-digital-y-como-solicitarlo\/\" class=\"linked-image\"><figure class=\"no-image lazyload\" style=\"height: 258px; max-height: 258px; width: 403px; background:inherit;\" data-bg=\"url(https:\/\/bemypartner.es\/wp-content\/plugins\/dd-post-carousel\/public\/images\/placeholder.png)\"><\/figure><\/a><h3>\u00bfQu\u00e9 es el famoso Kit Digital y c\u00f3mo solicitarlo?<\/h3>Digitalizaci\u00f3n, sitio web, presencia en internet, gesti\u00f3n de redes, globalizaci\u00f3n\u2026 y muchos otros t\u00e9rminos de esta \u00edndole son los que...<\/div><\/div><div class=\"item\"><div class=\"item-inner\"><a href=\"https:\/\/bemypartner.es\/ca\/los-nfts-en-instagram\/\" class=\"linked-image\"><img data-src=\"https:\/\/bemypartner.es\/wp-content\/uploads\/2022\/06\/los-nfts-llegan-a-instagram-300x138.png\" class=\"carousel-image owl-lazy\" alt=\"Los nfts llegan a instagram\"\/><\/a><h3>Los NFTs en Instagram, \u00bffuturo o burbuja especulativa?<\/h3>Instagram busca Tokenizar el contenido de los influencers y artistas, para que los creadores de contenido monetizen sus publicaciones.<\/div><\/div><div class=\"item\"><div class=\"item-inner\"><a href=\"https:\/\/bemypartner.es\/ca\/sin-ideas-para-la-convencion-de-verano\/\" class=\"linked-image\"><img data-src=\"https:\/\/bemypartner.es\/wp-content\/uploads\/2022\/05\/Convencion-de-verano-300x157.jpg\" class=\"carousel-image owl-lazy\" alt=\"C\u00f3mo hacer que la convenci\u00f3n del verano sea un \u00e9xito.\"\/><\/a><h3>\u00bfSIN IDEAS PARA LA CONVENCI\u00d3N DE VERANO?<\/h3>\u00a1LA CONVENCI\u00d3N DE VERANO ES EL MOMENTO PARA MEJORAR TU EMPLOYER BRANDING! Tras m\u00e1s de dos a\u00f1os de espera, por...<\/div><\/div><div class=\"item\"><div class=\"item-inner\"><a href=\"https:\/\/bemypartner.es\/ca\/referente-posicionamiento-visibilidad\/\" class=\"linked-image\"><img data-src=\"https:\/\/bemypartner.es\/wp-content\/uploads\/2022\/03\/Blog-BMP-1-1-300x157.png\" class=\"carousel-image owl-lazy\" alt=\"visibilidad del portavoz\"\/><\/a><h3>Este es el tipo de art\u00edculo que te ayudar\u00e1 a posicionarte como referente en tu sector<\/h3>Las estrategias de comunicaci\u00f3n buscan, en la mayor\u00eda de ocasiones, generar visibilidad a trav\u00e9s del Brand awareness y cada vez...<\/div><\/div><div class=\"item\"><div class=\"item-inner\"><a href=\"https:\/\/bemypartner.es\/ca\/la-importancia-de-seleccionar-correctamente-a-los-portavoces-de-tu-empresa\/\" class=\"linked-image\"><img data-src=\"https:\/\/bemypartner.es\/wp-content\/uploads\/2022\/03\/Blog-BMP-3-300x157.png\" class=\"carousel-image owl-lazy\" alt=\"portavoz de empresa\"\/><\/a><h3>La importancia de seleccionar correctamente a los portavoces de tu empresa<\/h3>Lo que no digas de tu empresa, otro lo dir\u00e1 por ti. Aunque parezca una frase muy escuchada, lo cierto...<\/div><\/div><div class=\"item\"><div class=\"item-inner\"><a href=\"https:\/\/bemypartner.es\/ca\/importancia-plan-comunicacion-crisis\/\" class=\"linked-image\"><img data-src=\"https:\/\/bemypartner.es\/wp-content\/uploads\/2022\/03\/Blog-BMP-2-300x157.png\" class=\"carousel-image owl-lazy\" alt=\"\"\/><\/a><h3>La importancia de un plan de comunicaci\u00f3n de crisis<\/h3>Las crisis reputacionales no son algo para lo que estemos preparados en cualquier momento. La reputaci\u00f3n empresarial y la credibilidad...<\/div><\/div><div class=\"item\"><div class=\"item-inner\"><a href=\"https:\/\/bemypartner.es\/ca\/mujeres-en-puestos-de-liderazgo\/\" class=\"linked-image\"><img data-src=\"https:\/\/bemypartner.es\/wp-content\/uploads\/2022\/03\/Blog-BMP-1-300x157.png\" class=\"carousel-image owl-lazy\" alt=\"\"\/><\/a><h3>MUJERES EN PUESTOS DE LIDERAZGO \u2013 8M<\/h3>Desde Bemypartner queremos dar visibilidad a las mujeres directivas que, a trav\u00e9s del trabajo y la constancia, ocupan puestos de...<\/div><\/div><div class=\"item\"><div class=\"item-inner\"><a href=\"https:\/\/bemypartner.es\/ca\/estrategia-linkedin\/\" class=\"linked-image\"><img data-src=\"https:\/\/bemypartner.es\/wp-content\/uploads\/2022\/03\/Diseno-sin-titulo-1-300x169.png\" class=\"carousel-image owl-lazy\" alt=\"\"\/><\/a><h3>LinkedIn en tu estrategia empresarial: el rol de tus empleados<\/h3>En el mundo corporativo es innegable otorgarle el protagonismo a LinkedIn como la principal red de contacto entre los profesionales...<\/div><\/div><div class=\"item\"><div class=\"item-inner\"><a href=\"https:\/\/bemypartner.es\/ca\/el-podcast-en-tu-estrategia-de-comunicacion\/\" class=\"linked-image\"><img data-src=\"https:\/\/bemypartner.es\/wp-content\/uploads\/2022\/02\/Posiciona-tu-marca-con-un-podcast-300x152.png\" class=\"carousel-image owl-lazy\" alt=\"\"\/><\/a><h3>\u00bfSabes qu\u00e9 puede hacer un podcast por tu marca?<\/h3>El podcast se ha convertido en una de las herramientas fundamentales en cualquier estrategia de comunicaci\u00f3n de marca. La modernizaci\u00f3n...<\/div><\/div><div class=\"item\"><div class=\"item-inner\"><a href=\"https:\/\/bemypartner.es\/ca\/10-consejos-de-redaccion-para-directivos\/\" class=\"linked-image\"><img data-src=\"https:\/\/bemypartner.es\/wp-content\/uploads\/2022\/02\/Blog-BMP-6-300x157.png\" class=\"carousel-image owl-lazy\" alt=\"Redacci\u00f3n para directivos\"\/><\/a><h3>10 consejos de redacci\u00f3n y presentaci\u00f3n para directiv@s con enfoque period\u00edstico<\/h3>A todos nos sucede. Nos env\u00edan un informe de un tema que nos interesa, pero\u2026 Tiene 80 p\u00e1ginas, no hay...<\/div><\/div><div class=\"item\"><div class=\"item-inner\"><a href=\"https:\/\/bemypartner.es\/ca\/tiktok-shopping-nueva-herramienta\/\" class=\"linked-image\"><img data-src=\"https:\/\/bemypartner.es\/wp-content\/uploads\/2022\/02\/WhatsApp-Image-2022-02-09-at-15.27.28-300x157.jpeg\" class=\"carousel-image owl-lazy\" alt=\"TikTok Shopping\"\/><\/a><h3>TikTok Shopping, nueva herramienta en la App Tendencia<\/h3>El nuevo gigante del Social Media lanz\u00f3 TikTok Shopping para impulsar las ventas dentro de su aplicaci\u00f3n, presentando esta nueva...<\/div><\/div><div class=\"item\"><div class=\"item-inner\"><a href=\"https:\/\/bemypartner.es\/ca\/pinterest-para-tu-estrategia-de-branding\/\" class=\"linked-image\"><img data-src=\"https:\/\/bemypartner.es\/wp-content\/uploads\/2022\/01\/Diseno-sin-titulo-300x169.png\" class=\"carousel-image owl-lazy\" alt=\"Pinterest como estrategia de branding\"\/><\/a><h3>Pinterest como canal fundamental para tu estrategia de branding<\/h3>Pinterest es esa plataforma id\u00edlica, fuente de inspiraci\u00f3n, de creatividad, de arte y de contenido de cualquier tem\u00e1tica que puedas...<\/div><\/div><div class=\"item\"><div class=\"item-inner\"><a href=\"https:\/\/bemypartner.es\/ca\/claves-newsletter-efectiva\/\" class=\"linked-image\"><img data-src=\"https:\/\/bemypartner.es\/wp-content\/uploads\/2022\/01\/Blog-BMP-2-300x157.png\" class=\"carousel-image owl-lazy\" alt=\"Neswletter\"\/><\/a><h3>9 claves para elaborar una Newsletter efectiva<\/h3>Al contrario de lo que muchas personas creen, las newsletter no son algo obsoleto, sino que hoy en d\u00eda adquieren...<\/div><\/div><div class=\"item\"><div class=\"item-inner\"><a href=\"https:\/\/bemypartner.es\/ca\/marketing-digital-tendencias-2022\/\" class=\"linked-image\"><img data-src=\"https:\/\/bemypartner.es\/wp-content\/uploads\/2022\/01\/Diseno-sin-titulo-2022-01-11T131932.819-300x169.png\" class=\"carousel-image owl-lazy\" alt=\"\"\/><\/a><h3>Marketing digital: tendencias para 2022<\/h3>Nuevas redes sociales, b\u00fasquedas por voz, stream shopping, te contamos todas las tendencias de Marketing Digital de 2022<\/div><\/div><div class=\"item\"><div class=\"item-inner\"><a href=\"https:\/\/bemypartner.es\/ca\/el-dossier-de-prensa-que-es-y-para-que-sirve\/\" class=\"linked-image\"><img data-src=\"https:\/\/bemypartner.es\/wp-content\/uploads\/2021\/12\/Banner-Articulo-Blog-Bemypartner-300x138.png\" class=\"carousel-image owl-lazy\" alt=\"Persona anotando en su agencia y ordenador.\"\/><\/a><h3>El dossier de prensa: \u00bfqu\u00e9 es y para qu\u00e9 sirve?<\/h3>Si tienes una empresa, ya sea grande o peque\u00f1a, ya debes ser plenamente consciente de la importancia que tiene para...<\/div><\/div><div class=\"item\"><div class=\"item-inner\"><a href=\"https:\/\/bemypartner.es\/ca\/funcionamiento-de-articulos-opinion-en-estrategias-de-comunicacion\/\" class=\"linked-image\"><img data-src=\"https:\/\/bemypartner.es\/wp-content\/uploads\/2021\/12\/Blog-BMP-2-300x157.png\" class=\"carousel-image owl-lazy\" alt=\"art\u00edculos de opini\u00f3n, as\u00ed funcionan\"\/><\/a><h3>\u00bfC\u00f3mo funcionan los art\u00edculos de opini\u00f3n en tu estrategia de comunicaci\u00f3n?<\/h3>En una estrategia de relaciones p\u00fablicas todas las l\u00edneas comunicativas suman y, por supuesto, apostar por realizar art\u00edculos de opini\u00f3n...<\/div><\/div><div class=\"item\"><div class=\"item-inner\"><a href=\"https:\/\/bemypartner.es\/ca\/cobranding-por-que-incluirlo-en-tu-estrategia-de-marketing\/\" class=\"linked-image\"><img data-src=\"https:\/\/bemypartner.es\/wp-content\/uploads\/2021\/12\/Blog-BMP-1-300x157.png\" class=\"carousel-image owl-lazy\" alt=\"cobranding\"\/><\/a><h3>Cobranding, \u00bfpor qu\u00e9 deber\u00edas incluirlo en tu estrategia de marketing?<\/h3>En un mercado tan competitivo, el cobranding se posiciona como buena estrategia de fortalecimiento de marca, pero \u00bfpor qu\u00e9 apostar...<\/div><\/div><div class=\"item\"><div class=\"item-inner\"><a href=\"https:\/\/bemypartner.es\/ca\/consejos-aparecer-medios-comunicacion\/\" class=\"linked-image\"><img data-src=\"https:\/\/bemypartner.es\/wp-content\/uploads\/2021\/12\/Blog-BMP-300x157.png\" class=\"carousel-image owl-lazy\" alt=\"Medios de comunicaci\u00f3n\"\/><\/a><h3>5 consejos para aparecer en los medios de comunicaci\u00f3n<\/h3>Aparecer en los medios de comunicaci\u00f3n es una parte fundamental e insustituible en cualquier campa\u00f1a de comunicaci\u00f3n y relaciones p\u00fablicas....<\/div><\/div><div class=\"item\"><div class=\"item-inner\"><a href=\"https:\/\/bemypartner.es\/ca\/comunicacion-negocio-online\/\" class=\"linked-image\"><img data-src=\"https:\/\/bemypartner.es\/wp-content\/uploads\/2021\/12\/Blog-BMP-4-300x157.png\" class=\"carousel-image owl-lazy\" alt=\"Comunicaci\u00f3n para tu negocio online\"\/><\/a><h3>6 aspectos clave de comunicaci\u00f3n para tu negocio online<\/h3>Algunos factores de comunicaci\u00f3n para tu negocio online son claves a la hora de asegurar un futuro ordenado y exitoso....<\/div><\/div><div class=\"item\"><div class=\"item-inner\"><a href=\"https:\/\/bemypartner.es\/ca\/aspectos-clave-lanzar-marca-cosmetica-medios\/\" class=\"linked-image\"><img data-src=\"https:\/\/bemypartner.es\/wp-content\/uploads\/2021\/11\/Marca-de-cosmetica-300x157.png\" class=\"carousel-image owl-lazy\" alt=\"Marca de cosm\u00e9tica\"\/><\/a><h3>Aspectos clave para lanzar una marca de cosm\u00e9tica a medios<\/h3>El sector de belleza se ha convertido en uno de los m\u00e1s copados debido al surgimiento de muchas marcas en...<\/div><\/div><div class=\"item\"><div class=\"item-inner\"><a href=\"https:\/\/bemypartner.es\/ca\/blackfriday-redes-sociales\/\" class=\"linked-image\"><img data-src=\"https:\/\/bemypartner.es\/wp-content\/uploads\/2021\/11\/Blog-BMP-3-300x157.png\" class=\"carousel-image owl-lazy\" alt=\"Como incluir en redes sociales tu estrategia de Black Friday\"\/><\/a><h3>Como incluir en redes sociales tu estrategia de Black Friday<\/h3>El Black Friday es una de las fechas m\u00e1s esperadas de todo el a\u00f1o tanto para compradores como para empresas....<\/div><\/div><div class=\"item\"><div class=\"item-inner\"><a href=\"https:\/\/bemypartner.es\/ca\/como-evitar-que-tu-nota-de-prensa-termine-en-la-papelera-de-reciclaje\/\" class=\"linked-image\"><img data-src=\"https:\/\/bemypartner.es\/wp-content\/uploads\/2021\/11\/Notas-de-prensa-300x157.png\" class=\"carousel-image owl-lazy\" alt=\"Nota de prensa\"\/><\/a><h3>\u00bfC\u00f3mo evitar que tu nota de prensa termine en la papelera de reciclaje?<\/h3>En estos tiempos que vivimos, hablamos constantemente de cambios, evoluciones, de subirnos a la ola para no quedarnos atr\u00e1s. Las...<\/div><\/div><div class=\"item\"><div class=\"item-inner\"><a href=\"https:\/\/bemypartner.es\/ca\/bazares-navidad\/\" class=\"linked-image\"><img data-src=\"https:\/\/bemypartner.es\/wp-content\/uploads\/2021\/10\/Blog-BMP-300x157.png\" class=\"carousel-image owl-lazy\" alt=\"Bazares de Navidad\"\/><\/a><h3>Consejos para conseguir incluir tu producto en los bazares de Navidad<\/h3>La llegada de la Navidad es sin\u00f3nimo de ritmo fren\u00e9tico en los medios de comunicaci\u00f3n y agencias. Multitud de art\u00edculos,...<\/div><\/div><div class=\"item\"><div class=\"item-inner\"><a href=\"https:\/\/bemypartner.es\/ca\/contenidos-newsletters\/\" class=\"linked-image\"><img data-src=\"https:\/\/bemypartner.es\/wp-content\/uploads\/2021\/10\/Newsletter-300x157.png\" class=\"carousel-image owl-lazy\" alt=\"Newsletters\"\/><\/a><h3>Ideas para contenidos de newsletters, \u00bfc\u00f3mo generarlos?<\/h3>\u00bfC\u00f3mo conseguir que los usuarios hagan click y no desechen las newsletters? \u00bfC\u00f3mo conseguir que una vez lo abran hagan...<\/div><\/div><div class=\"item\"><div class=\"item-inner\"><a href=\"https:\/\/bemypartner.es\/ca\/7-aprendizajes-comunicacion-inspirados-pandemia\/\" class=\"linked-image\"><img data-src=\"https:\/\/bemypartner.es\/wp-content\/uploads\/2021\/10\/Aprendizajes-de-comunicacion-300x157.png\" class=\"carousel-image owl-lazy\" alt=\"Comunicaci\u00f3n\"\/><\/a><h3>7 aprendizajes de comunicaci\u00f3n inspirados por la pandemia<\/h3>La crisis del coronavirus todav\u00eda no ha acabado y parece no hacerlo nunca. \u00a0Acontecimientos inesperados que lo cambian todo suceden...<\/div><\/div><div class=\"item\"><div class=\"item-inner\"><a href=\"https:\/\/bemypartner.es\/ca\/instagram-reels-estrategia-digital\/\" class=\"linked-image\"><img data-src=\"https:\/\/bemypartner.es\/wp-content\/uploads\/2021\/09\/Blog-BMP-2-300x157.png\" class=\"carousel-image owl-lazy\" alt=\"Instagram Reels en tu estrategia digital\"\/><\/a><h3>Instagram Reels en tu estrategia digital<\/h3>Instagram Reels, la herramienta de creaci\u00f3n de videos que puede ser la bomba en tu estrategia digital de negocio<\/div><\/div><div class=\"item\"><div class=\"item-inner\"><a href=\"https:\/\/bemypartner.es\/ca\/5-consejos-convocatorias-de-prensa\/\" class=\"linked-image\"><img data-src=\"https:\/\/bemypartner.es\/wp-content\/uploads\/2021\/09\/convo-prensa-300x157.png\" class=\"carousel-image owl-lazy\" alt=\"Convocatorias de prensa\"\/><\/a><h3>5 cosas que debes tener en cuenta en la organizaci\u00f3n de una convocatoria de prensa<\/h3>Las convocatorias de prensa son una herramienta muy potente para acercar las marcas a los medios. Tambi\u00e9n para maximizar la...<\/div><\/div><div class=\"item\"><div class=\"item-inner\"><a href=\"https:\/\/bemypartner.es\/ca\/tik-tok-estrategia-de-comunicacion\/\" class=\"linked-image\"><img data-src=\"https:\/\/bemypartner.es\/wp-content\/uploads\/2021\/09\/Blog-BMP-300x157.png\" class=\"carousel-image owl-lazy\" alt=\"Tik Tok: \u00bfImprescindible en tu estrategia de comunicaci\u00f3n?\"\/><\/a><h3>Tik Tok: \u00bfImprescindible en las estrategias de comunicaci\u00f3n?<\/h3>TikTok se ha convertido en una red social esencial en cualquier estrategia de comunicaci\u00f3n. Consejos para hacerlo bien.<\/div><\/div><div class=\"item\"><div class=\"item-inner\"><a href=\"https:\/\/bemypartner.es\/ca\/entrevista-periodistica\/\" class=\"linked-image\"><img data-src=\"https:\/\/bemypartner.es\/wp-content\/uploads\/2021\/09\/Entrevista-period\u00edstica-1-300x157.png\" class=\"carousel-image owl-lazy\" alt=\"Entrevista period\u00edstica\"\/><\/a><h3>C\u00f3mo hacer que una entrevista period\u00edstica sea todo un \u00e9xito<\/h3>Gestionar y promover una entrevista period\u00edstica es fundamental para cualquier estrategia de comunicaci\u00f3n que se precie. Es cierto que, cada...<\/div><\/div><div class=\"item\"><div class=\"item-inner\"><a href=\"https:\/\/bemypartner.es\/ca\/streaming-llego-para-quedarse-twitch\/\" class=\"linked-image\"><img data-src=\"https:\/\/bemypartner.es\/wp-content\/uploads\/2021\/08\/Blog-BMP-7-300x157.png\" class=\"carousel-image owl-lazy\" alt=\"Streaming de video\"\/><\/a><h3>Streaming \u00bfLleg\u00f3 para quedarse?<\/h3>El streaming de video se planta con fuerza como un nuevo formato de transmisi\u00f3n de contenidos. Twitch es el protagonista.<\/div><\/div><div class=\"item\"><div class=\"item-inner\"><a href=\"https:\/\/bemypartner.es\/ca\/claves-campanas-comunicacion-funcione\/\" class=\"linked-image\"><img data-src=\"https:\/\/bemypartner.es\/wp-content\/uploads\/2021\/08\/Blog-BMP-3-1-300x157.png\" class=\"carousel-image owl-lazy\" alt=\"Campa\u00f1a de comunicaci\u00f3n\"\/><\/a><h3>Cuatro claves para que tu campa\u00f1a de comunicaci\u00f3n funcione y llegue a tu p\u00fablico objetivo<\/h3>En ciertas ocasiones, las campa\u00f1as de comunicaci\u00f3n suelen ser bastante te\u00f3ricas. Muchas veces puede quedar en segundo plano la parte...<\/div><\/div><div class=\"item\"><div class=\"item-inner\"><a href=\"https:\/\/bemypartner.es\/ca\/blogs-estrategia-posicionamiento-seo\/\" class=\"linked-image\"><img data-src=\"https:\/\/bemypartner.es\/wp-content\/uploads\/2021\/07\/Blog-estrategia-SEO-300x157.png\" class=\"carousel-image owl-lazy\" alt=\"Estrategia de posicionamiento SEO\"\/><\/a><h3>El blog, parte fundamental en tu estrategia de posicionamiento SEO<\/h3>Los blogs son una parte fundamental para tu estrategia de posicionamiento SEO. Si trabajas su contenido, tono y estilo, ser\u00e1...<\/div><\/div><div class=\"item\"><div class=\"item-inner\"><a href=\"https:\/\/bemypartner.es\/ca\/actualizaciones-proteccion-datos-facebook-ads\/\" class=\"linked-image\"><img data-src=\"https:\/\/bemypartner.es\/wp-content\/uploads\/2021\/07\/Blog-BMP-6-300x157.png\" class=\"carousel-image owl-lazy\" alt=\"Facebook Ads\"\/><\/a><h3>Nuevas actualizaciones de protecci\u00f3n de datos que pueden afectar a tus Facebook Ads<\/h3>Privacidad Vs. Segmentaci\u00f3n de anuncios Si eres usuario de Redes Sociales, comprender\u00e1s muy bien ese momento misterioso en el que...<\/div><\/div><div class=\"item\"><div class=\"item-inner\"><a href=\"https:\/\/bemypartner.es\/ca\/el-storydoing-por-que-apostar-por-el\/\" class=\"linked-image\"><img data-src=\"https:\/\/bemypartner.es\/wp-content\/uploads\/2021\/07\/Storydoing-300x157.jpg\" class=\"carousel-image owl-lazy\" alt=\"Storydoing\"\/><\/a><h3>El storydoing \u00bfPor qu\u00e9 apostar por \u00e9l?<\/h3>Estamos empezando a escuchar hablar del storydoing, pero \u00bfqu\u00e9 es realmente esta tendencia? Se trata de un paso m\u00e1s all\u00e1...<\/div><\/div><div class=\"item\"><div class=\"item-inner\"><a href=\"https:\/\/bemypartner.es\/ca\/como-incluir-acciones-rsc-estrategia-comunicacion\/\" class=\"linked-image\"><img data-src=\"https:\/\/bemypartner.es\/wp-content\/uploads\/2021\/07\/RSC-300x157.png\" class=\"carousel-image owl-lazy\" alt=\"RSC\"\/><\/a><h3>C\u00f3mo incluir tus acciones de RSC en la estrategia de comunicaci\u00f3n sin caer en el \u201cGreenwashing\u201d<\/h3>En los \u00faltimos a\u00f1os las empresas cada vez han sido m\u00e1s conscientes de la necesidad de incorporar acciones de RSC...<\/div><\/div><div class=\"item\"><div class=\"item-inner\"><a href=\"https:\/\/bemypartner.es\/ca\/tiendas-facebook-whatsapp\/\" class=\"linked-image\"><img data-src=\"https:\/\/bemypartner.es\/wp-content\/uploads\/2021\/07\/Tiendas-en-Whatsapp-300x157.png\" class=\"carousel-image owl-lazy\" alt=\"Tiendas de Facebook\"\/><\/a><h3>Las tiendas de Facebook llegan a WhatsApp<\/h3>Marc Zuckerberg anunci\u00f3 a finales del mes de junio la llegada de las tiendas de Facebook a WhatsApp Business. Seguramente...<\/div><\/div><div class=\"item\"><div class=\"item-inner\"><a href=\"https:\/\/bemypartner.es\/ca\/valores-de-marca\/\" class=\"linked-image\"><img data-src=\"https:\/\/bemypartner.es\/wp-content\/uploads\/2021\/07\/Blog-BMP-5-300x157.png\" class=\"carousel-image owl-lazy\" alt=\"C\u00f3mo comunicar valores de marca\"\/><\/a><h3>5 razones por las que comunicar valores de marca<\/h3>\u00bfQu\u00e9 hace que una marca te guste m\u00e1s que otra? Son sus valores de marca. En este art\u00edculo te contamos...<\/div><\/div><div class=\"item\"><div class=\"item-inner\"><a href=\"https:\/\/bemypartner.es\/ca\/customer-journey\/\" class=\"linked-image\"><img data-src=\"https:\/\/bemypartner.es\/wp-content\/uploads\/2021\/06\/Customer-Journey-300x157.png\" class=\"carousel-image owl-lazy\" alt=\"Customer Journey\"\/><\/a><h3>\u00bfSabes qu\u00e9 es el customer journey?<\/h3>El customer journey es un proceso que engloba todas las fases por las que pasa una persona desde que decide...<\/div><\/div><div class=\"item\"><div class=\"item-inner\"><a href=\"https:\/\/bemypartner.es\/ca\/estrategia-influencer-marketing\/\" class=\"linked-image\"><img data-src=\"https:\/\/bemypartner.es\/wp-content\/uploads\/2021\/06\/Blog-BMP-6-300x157.png\" class=\"carousel-image owl-lazy\" alt=\"Estrategia de Influencer Marketing\"\/><\/a><h3>Estrategia de Influencer Marketing: la importancia de incluirla en tu plan de comunicaci\u00f3n<\/h3>Conoce por qu\u00e9 es fundamental incluir una estrategia de Influencer Marketing en tu plan de comunicaci\u00f3n y haz despegar tu...<\/div><\/div><div class=\"item\"><div class=\"item-inner\"><a href=\"https:\/\/bemypartner.es\/ca\/shadowban\/\" class=\"linked-image\"><img data-src=\"https:\/\/bemypartner.es\/wp-content\/uploads\/2021\/06\/Blog-BMP-5-300x157.png\" class=\"carousel-image owl-lazy\" alt=\"Shadowban\"\/><\/a><h3>Shadowban, la sombra de Instagram. \u00bfQu\u00e9 es?<\/h3>Frecuentemente recibimos consultas de clientes preocupados sobre advertencias de penalizaci\u00f3n de Instagram o porque han visto una notoria ca\u00edda en...<\/div><\/div><div class=\"item\"><div class=\"item-inner\"><a href=\"https:\/\/bemypartner.es\/ca\/contratar-agencia-organizacion-eventos\/\" class=\"linked-image\"><img data-src=\"https:\/\/bemypartner.es\/wp-content\/uploads\/2021\/06\/Blog-BMP-300x157.png\" class=\"carousel-image owl-lazy\" alt=\"Organizaci\u00f3n de eventos\"\/><\/a><h3>\u00bfPor qu\u00e9 es importante contratar una agencia para organizar un evento?<\/h3>Te lo contamos en 10 claves Una presentaci\u00f3n de marca, un lanzamiento de producto, una rueda de prensa, un cambio...<\/div><\/div><div class=\"item\"><div class=\"item-inner\"><a href=\"https:\/\/bemypartner.es\/ca\/notas-de-prensa\/\" class=\"linked-image\"><img data-src=\"https:\/\/bemypartner.es\/wp-content\/uploads\/2021\/05\/Blog-BMP-2705-300x157.jpg\" class=\"carousel-image owl-lazy\" alt=\"Notas de prensa como herramientas esenciales en tu estrategia de comunicaci\u00f3n\"\/><\/a><h3>Notas de prensa: Herramienta esencial en tu estrategia de comunicaci\u00f3n<\/h3>En este art\u00edculo te explicamos las claves para entender por qu\u00e9 las agencias de comunicaci\u00f3n y Relaciones P\u00fablicas seguimos trabajando...<\/div><\/div><div class=\"item\"><div class=\"item-inner\"><a href=\"https:\/\/bemypartner.es\/ca\/aspectos-clave-estrategia-comunicacion\/\" class=\"linked-image\"><img data-src=\"https:\/\/bemypartner.es\/wp-content\/uploads\/2021\/05\/Blog-BMP-sientesquetuestrategia-300x157.png\" class=\"carousel-image owl-lazy\" alt=\"Estrategia de comunicaci\u00f3n\"\/><\/a><h3>\u00bfSientes que tu estrategia de comunicaci\u00f3n no funciona?<\/h3>6 aspectos clave a tener en cuenta en tu estrategia de comunicaci\u00f3n \u00bfSientes que tu estrategia de comunicaci\u00f3n no funciona?...<\/div><\/div><div class=\"item\"><div class=\"item-inner\"><a href=\"https:\/\/bemypartner.es\/ca\/las-actualizaciones-en-las-redes-sociales-no-dejan-de-sorprendernos\/\" class=\"linked-image\"><img data-src=\"https:\/\/bemypartner.es\/wp-content\/uploads\/2021\/05\/Blog-_____BMP-300x157.png\" class=\"carousel-image owl-lazy\" alt=\"\"\/><\/a><h3>\u00a1Las actualizaciones en las redes sociales no dejan de sorprendernos!<\/h3>Las nuevas actualizaciones en las redes sociales son constantes y muchas veces revolucionarias. Cada vez es m\u00e1s com\u00fan ver c\u00f3mo...<\/div><\/div><div class=\"item\"><div class=\"item-inner\"><a href=\"https:\/\/bemypartner.es\/ca\/marketing-de-influencers\/\" class=\"linked-image\"><img data-src=\"https:\/\/bemypartner.es\/wp-content\/uploads\/2021\/05\/Blog-BMP_INFLUS-300x157.png\" class=\"carousel-image owl-lazy\" alt=\"Evento marketing de influencers\"\/><\/a><h3>Marketing de influencers: qu\u00e9 hacer y qu\u00e9 no hacer en tu campa\u00f1a con influencers<\/h3>El pasado 5 de mayo el equipo de Bemypartner organiz\u00f3 un encuentro en formato h\u00edbrido para analizar la nueva realidad...<\/div><\/div><div class=\"item\"><div class=\"item-inner\"><a href=\"https:\/\/bemypartner.es\/ca\/como-evitar-fake-news\/\" class=\"linked-image\"><img data-src=\"https:\/\/bemypartner.es\/wp-content\/uploads\/2021\/04\/Blog-BMP-4-300x157.png\" class=\"carousel-image owl-lazy\" alt=\"\"\/><\/a><h3>Fake news: \u00bfC\u00f3mo funcionan? Aprende a detectarlas<\/h3>En los \u00faltimos a\u00f1os el t\u00e9rmino \u201cfake news\u201d ha cobrado especial relevancia. Y, si bien es cierto que lo hemos...<\/div><\/div><div class=\"item\"><div class=\"item-inner\"><a href=\"https:\/\/bemypartner.es\/ca\/conocer-tu-buyer-person\/\" class=\"linked-image\"><img data-src=\"https:\/\/bemypartner.es\/wp-content\/uploads\/2021\/04\/BUYERPERSON-300x196.png\" class=\"carousel-image owl-lazy\" alt=\"\u00bfConoces a tu buyer person?\"\/><\/a><h3>\u00bfConoces a tu Buyer person?<\/h3>Conocer a tu buyer person ser\u00e1 el primer paso que determinar\u00e1 qu\u00e9 direcci\u00f3n tomar\u00e1 tu estrategia. El esfuerzo de conocerlo...<\/div><\/div><div class=\"item\"><div class=\"item-inner\"><a href=\"https:\/\/bemypartner.es\/ca\/10-pasos-claves-para-escribir-tu-copy-creativo\/\" class=\"linked-image\"><img data-src=\"https:\/\/bemypartner.es\/wp-content\/uploads\/2021\/04\/Blog-BMP-300x157.png\" class=\"carousel-image owl-lazy\" alt=\"C\u00f3mo escribir un copy creativo\"\/><\/a><h3>Conoce los 10 pasos para escribir un copy creativo de forma efectiva<\/h3>El copy creativo es un elemento indispensable en cualquier estrategia creativa de comunicaci\u00f3n, digital y\/o publicitaria. Te contamos c\u00f3mo hacerlo...<\/div><\/div><div class=\"item\"><div class=\"item-inner\"><a href=\"https:\/\/bemypartner.es\/ca\/cambios-comunicacion-covid-19\/\" class=\"linked-image\"><img data-src=\"https:\/\/bemypartner.es\/wp-content\/uploads\/2021\/03\/Blog-BMP-3-300x157.png\" class=\"carousel-image owl-lazy\" alt=\"Cambios en la comunicaci\u00f3n a ra\u00edz del Covid-19\"\/><\/a><h3>\u00bfCu\u00e1les son los cambios en la comunicaci\u00f3n a ra\u00edz del covid-19?<\/h3>El Covid-19 ha cambiado la manera de comunicarnos en tan solo un a\u00f1o. Te contamos cu\u00e1l es el escenario de...<\/div><\/div><div class=\"item\"><div class=\"item-inner\"><a href=\"https:\/\/bemypartner.es\/ca\/imagen-profesional-ceo\/\" class=\"linked-image\"><img data-src=\"https:\/\/bemypartner.es\/wp-content\/uploads\/2021\/03\/Dise\u00f1o-sin-t\u00edtulo-300x157.png\" class=\"carousel-image owl-lazy\" alt=\"\"\/><\/a><h3>Imagen profesional del CEO: 7 claves para representar a la empresa.<\/h3>La imagen profesional del CEO como eje principal de la comunicaci\u00f3n y el mensaje de una empresa. 7 aspectos clave...<\/div><\/div><div class=\"item\"><div class=\"item-inner\"><a href=\"https:\/\/bemypartner.es\/ca\/mujeres-lideres-directivas-8-m\/\" class=\"linked-image\"><img data-src=\"https:\/\/bemypartner.es\/wp-content\/uploads\/2021\/03\/EL-Publicista-Bemypartner-Twitter-y-LinkedIn-8-1-300x169.png\" class=\"carousel-image owl-lazy\" alt=\"\"\/><\/a><h3>MUJERES DIRECTIVAS NOS RELATAN SU EXPERIENCIA &#8211; 8M<\/h3>Mujeres directivas &#8211; 8M El 8 de marzo se celebra el D\u00eda Internacional de la Mujer y desde Bemypartner, agencia...<\/div><\/div><div class=\"item\"><div class=\"item-inner\"><a href=\"https:\/\/bemypartner.es\/ca\/mujeres-directivas-nos-relatan-su-experiencia-8m\/\" class=\"linked-image\"><img data-src=\"https:\/\/bemypartner.es\/wp-content\/uploads\/2022\/05\/cropped-nueva-imagen-web-300x168.png\" class=\"carousel-image owl-lazy\" alt=\"\"\/><\/a><h3>MUJERES DIRECTIVAS NOS RELATAN SU EXPERIENCIA &#8211; 8M<\/h3>Mujeres directivas &#8211; 8M El 8 de marzo se celebra el D\u00eda Internacional de la Mujer y desde Bemypartner, agencia...<\/div><\/div><div class=\"item\"><div class=\"item-inner\"><a href=\"https:\/\/bemypartner.es\/ca\/actualizaciones-de-instagram-2021\/\" class=\"linked-image\"><img data-src=\"https:\/\/bemypartner.es\/wp-content\/uploads\/2021\/03\/Dise\u00f1o-sin-t\u00edtulo-88-300x157.png\" class=\"carousel-image owl-lazy\" alt=\"\"\/><\/a><h3>Instagram 2021: \u00daltimas novedades<\/h3>\u00bfQu\u00e9 actualizaciones llegan a Instagram este a\u00f1o? Como ya te hemos contado, un must en tu estrategia de Redes Sociales...<\/div><\/div><div class=\"item\"><div class=\"item-inner\"><a href=\"https:\/\/bemypartner.es\/ca\/potenciar-tu-negocio-a-traves-de-redes-sociales\/\" class=\"linked-image\"><img data-src=\"https:\/\/bemypartner.es\/wp-content\/uploads\/2021\/02\/Dise\u00f1o-sin-t\u00edtulo-76-2-300x157.png\" class=\"carousel-image owl-lazy\" alt=\"\"\/><\/a><h3>Redes Sociales \u00bfC\u00f3mo potenciar tu negocio?<\/h3>Desarrolla tu estrategia de Marketing en Redes Sociales con estos consejos y convi\u00e9rtelas en potentes herramientas para tu negocio.<\/div><\/div><div class=\"item\"><div class=\"item-inner\"><a href=\"https:\/\/bemypartner.es\/ca\/marketing-y-comunicacion-owned-media\/\" class=\"linked-image\"><img data-src=\"https:\/\/bemypartner.es\/wp-content\/uploads\/2021\/02\/Dise\u00f1o-sin-t\u00edtulo-75-1-300x157.png\" class=\"carousel-image owl-lazy\" alt=\"\"\/><\/a><h3>Marketing y Comunicaci\u00f3n: Owned Media<\/h3>A la hora de crear una estrategia de Marketing y Comunicaci\u00f3n es fundamental pensar en nuestros Owned Media como una...<\/div><\/div><div class=\"item\"><div class=\"item-inner\"><a href=\"https:\/\/bemypartner.es\/ca\/nuevo-codigo-de-conducta-influencer-marketing\/\" class=\"linked-image\"><img data-src=\"https:\/\/bemypartner.es\/wp-content\/uploads\/2021\/01\/Campa\u00f1as-con-Influencers-Nueva-Normativa-Bemypartner-300x169.png\" class=\"carousel-image owl-lazy\" alt=\"Influencer Marketing\"\/><\/a><h3>Influencer Marketing, nuevo desaf\u00edo.<\/h3>El nuevo C\u00f3digo de Conducta sobre el uso de Influencers en la Publicidad se suma a los aspectos a tener...<\/div><\/div><div class=\"item\"><div class=\"item-inner\"><a href=\"https:\/\/bemypartner.es\/ca\/comunicar-para-generar-confianza-desde-razon-y-emocion\/\" class=\"linked-image\"><img data-src=\"https:\/\/bemypartner.es\/wp-content\/uploads\/2020\/11\/pexels-fauxels-3184405-1-300x233.jpg\" class=\"carousel-image owl-lazy\" alt=\"\"\/><\/a><h3>Comunicar para generar confianza desde la raz\u00f3n y la emoci\u00f3n<\/h3>Consejos para comunicar mucho y bien en tiempos de incertidumbre Para lo bueno y lo malo, vivimos en un mundo...<\/div><\/div><div class=\"item\"><div class=\"item-inner\"><a href=\"https:\/\/bemypartner.es\/ca\/harto-de-webinars-dinamiza-tus-eventos\/\" class=\"linked-image\"><img data-src=\"https:\/\/bemypartner.es\/wp-content\/uploads\/2020\/11\/\u00bfHARTO-DE-WEBINARS-DINAMIZA-TUS-EVENTOS-300x200.jpg\" class=\"carousel-image owl-lazy\" alt=\"\"\/><\/a><h3>\u00bfHarto de webinars? Dinamiza tus eventos<\/h3>Quedarse sin convenci\u00f3n o evento no es una opci\u00f3n. Te damos algunas ideas para organizar tus propios eventos online. Reconozc\u00e1moslo,...<\/div><\/div><div class=\"item\"><div class=\"item-inner\"><a href=\"https:\/\/bemypartner.es\/ca\/como-aumentar-visibilidad-de-marca-en-tiempos-de-crisis\/\" class=\"linked-image\"><img data-src=\"https:\/\/bemypartner.es\/wp-content\/uploads\/2020\/11\/jametlene-reskp-gM3By71lISE-unsplash-300x200.jpg\" class=\"carousel-image owl-lazy\" alt=\"\"\/><\/a><h3>C\u00f3mo aumentar la visibilidad de una marca en tiempos de crisis<\/h3>Si no lo dices t\u00fa, otro lo dir\u00e1 por ti. Esta debe ser tu premisa para no dejar de lado...<\/div><\/div><div class=\"item\"><div class=\"item-inner\"><a href=\"https:\/\/bemypartner.es\/ca\/los-eventos-hibridos-toman-protagonismo-en-la-nueva-normalidad\/\" class=\"linked-image\"><img data-src=\"https:\/\/bemypartner.es\/wp-content\/uploads\/2020\/06\/LOS-EVENTOS-H\u00cdBRIDOS-TOMAN-PROTAGONISMO-EN-LA-NUEVA-NORMALIDAD_-300x163.jpg\" class=\"carousel-image owl-lazy\" alt=\"\"\/><\/a><h3>Los eventos h\u00edbridos toman protagonismo en la nueva normalidad<\/h3>En un a\u00f1o que para el sector de los eventos se anunciaba brillante y pr\u00f3spero, el COVID-19 ha supuesto un...<\/div><\/div><div class=\"item\"><div class=\"item-inner\"><a href=\"https:\/\/bemypartner.es\/ca\/por-que-una-empresa-necesita-un-plan-de-comunicacion-de-crisis-4\/\" class=\"linked-image\"><img data-src=\"https:\/\/bemypartner.es\/wp-content\/uploads\/2020\/06\/POR-QU\u00c9-UNA-EMPRESA-NECESITA-UN-PLAN-DE-COMUNICACI\u00d3N-DE-CRISIS_-300x200.jpg\" class=\"carousel-image owl-lazy\" alt=\"\"\/><\/a><h3>\u00bfPor qu\u00e9 una empresa necesita un plan de comunicaci\u00f3n de crisis?<\/h3>\u00bfSabr\u00edas reconocer en una empresa una situaci\u00f3n de crisis de una que no lo es?, \u00bfsabes qu\u00e9 tipo de crisis...<\/div><\/div><div class=\"item\"><div class=\"item-inner\"><a href=\"https:\/\/bemypartner.es\/ca\/5-razones-por-las-que-tu-negocio-deberia-contar-con-una-agencia-de-pr\/\" class=\"linked-image\"><img data-src=\"https:\/\/bemypartner.es\/wp-content\/uploads\/2020\/06\/5-RAZONES-POR-LAS-QUE-TU-NEGOCIO-DEBER\u00cdA-CONTAR-CON-UNA-AGENCIA-DE-PR-300x200.jpg\" class=\"carousel-image owl-lazy\" alt=\"\"\/><\/a><h3>5 razones por las que tu negocio deber\u00eda contar con una agencia de PR<\/h3>Si tienes un negocio o trabajas en el mundo empresarial, seguramente muchas veces hayas escuchado hablar de la importancia que...<\/div><\/div><div class=\"item\"><div class=\"item-inner\"><a href=\"https:\/\/bemypartner.es\/ca\/como-optimizar-el-perfil-de-instagram-de-tu-negocio-para-aumentar-las-ventas\/\" class=\"linked-image\"><img data-src=\"https:\/\/bemypartner.es\/wp-content\/uploads\/2020\/05\/C\u00d3MO-OPTIMIZAR-EL-PERFIL-DE-INSTAGRAM-DE-TU-NEGOCIO-PARA-AUMENTAR-LAS-VENTAS-300x200.jpg\" class=\"carousel-image owl-lazy\" alt=\"\"\/><\/a><h3>C\u00f3mo optimizar el perfil de Instagram de tu negocio para aumentar las ventas<\/h3>A ra\u00edz de la crisis provocada por el COVID-19, el mundo digital ha tomado todav\u00eda m\u00e1s importancia en todas las...<\/div><\/div><div class=\"item\"><div class=\"item-inner\"><a href=\"https:\/\/bemypartner.es\/ca\/transformacion-digital-nuevos-formatos-de-comunicacion-que-han-llegado-para-quedarse\/\" class=\"linked-image\"><img data-src=\"https:\/\/bemypartner.es\/wp-content\/uploads\/2020\/05\/TRANSFORMACI\u00d3N-DIGITAL_NUEVOS-FORMATOS-DE-COMUNICACI\u00d3N-QUE-HAN-LLEGADO-PARA-QUEDARSE-300x200.jpg\" class=\"carousel-image owl-lazy\" alt=\"\"\/><\/a><h3>Transformaci\u00f3n digital: Nuevos formatos de comunicaci\u00f3n que han llegado para quedarse<\/h3>La transformaci\u00f3n que est\u00e1 experimentando hoy el mundo de la comunicaci\u00f3n offline y online es verdaderamente profunda. El impacto del...<\/div><\/div><div class=\"item\"><div class=\"item-inner\"><a href=\"https:\/\/bemypartner.es\/ca\/10-claves-de-la-comunicacion-digital-en-tiempos-de-coronavirus\/\" class=\"linked-image\"><img data-src=\"https:\/\/bemypartner.es\/wp-content\/uploads\/2020\/03\/10-CLAVES-DE-LA-COMUNICACI\u00d3N-DIGITAL-EN-TIEMPOS-DE-CORONAVIRUS-300x176.jpg\" class=\"carousel-image owl-lazy\" alt=\"\"\/><\/a><h3>10 claves de la comunicaci\u00f3n digital en tiempos de Coronavirus<\/h3>\u00bfC\u00f3mo est\u00e1 afectando el Covid-19 a las estrategias digitales, de Social Media o de marketing de contenidos? \u00bfC\u00f3mo debemos comunicar...<\/div><\/div><div class=\"item\"><div class=\"item-inner\"><a href=\"https:\/\/bemypartner.es\/ca\/salir-en-medios-de-comunicacion\/\" class=\"linked-image\"><img data-src=\"https:\/\/bemypartner.es\/wp-content\/uploads\/2018\/11\/Apariciones-blog-nyfgm18s9j3jx63xowhaa4mjuhynvuzvq14vdf8bgo-300x124.jpg\" class=\"carousel-image owl-lazy\" alt=\"\"\/><\/a><h3>Salir en medios de comunicaci\u00f3n: la potente pero desconocida herramienta para el \u00e9xito empresarial<\/h3>Hola CEO, vamos a descubrirte por qu\u00e9 salir en medios de comunicaci\u00f3n va a hacer crecer tu compa\u00f1\u00eda \u00bfPara qu\u00e9...<\/div><\/div><div class=\"item\"><div class=\"item-inner\"><a href=\"https:\/\/bemypartner.es\/ca\/comunicacion-de-crisis-de-una-empresa\/\" class=\"linked-image\"><img data-src=\"https:\/\/bemypartner.es\/wp-content\/uploads\/2018\/10\/Gesti\u00f3n-de-crisis-1-nxnkqi92umt5pssf5e4tvt8vo13e1bksbz7amzo2rs-300x124.jpg\" class=\"carousel-image owl-lazy\" alt=\"\"\/><\/a><h3>C\u00f3mo preparar la comunicaci\u00f3n de crisis de una empresa<\/h3>Una buena planificaci\u00f3n, definir claramente las funciones y responsabilidades del equipo y elegir bien al portavoz son algunos de los...<\/div><\/div><div class=\"item\"><div class=\"item-inner\"><a href=\"https:\/\/bemypartner.es\/ca\/6-claves-para-organizar-un-evento\/\" class=\"linked-image\"><img data-src=\"https:\/\/bemypartner.es\/wp-content\/uploads\/2018\/09\/6-CLAVES-PARA-ORGANIZAR-UN-EVENTO-EMPRESARIAL-DE-\u00c9XITO-300x157.png\" class=\"carousel-image owl-lazy\" alt=\"\"\/><\/a><h3>6 Claves para organizar un evento empresarial de \u00e9xito<\/h3>\u00bfEst\u00e1s pensando en organizar un evento? Una buena estrategia log\u00edstica previa, un seguimiento constante durante el acontecimiento y un an\u00e1lisis...<\/div><\/div><div class=\"item\"><div class=\"item-inner\"><a href=\"https:\/\/bemypartner.es\/ca\/la-golden-hour-clave-comunicacion-crisis\/\" class=\"linked-image\"><img data-src=\"https:\/\/bemypartner.es\/wp-content\/uploads\/2018\/06\/Comunicaci\u00f3n-crisis-odkzwid4x2m5pm4wqarjxzktoblrw6gfis4z7btjig-300x124.jpg\" class=\"carousel-image owl-lazy\" alt=\"\"\/><\/a><h3>Por qu\u00e9 la \u2018Golden Hour\u2019 es clave en una situaci\u00f3n de crisis<\/h3>Durante los 60 primeros minutos de una crisis puedes salvar o hundir la reputaci\u00f3n de tu empresa Acaba de estallar...<\/div><\/div><div class=\"item\"><div class=\"item-inner\"><a href=\"https:\/\/bemypartner.es\/ca\/la-comunicacion-interna-es-clave-para-involucrar-al-empleado\/\" class=\"linked-image\"><img data-src=\"https:\/\/bemypartner.es\/wp-content\/uploads\/2018\/04\/Comunicaci\u00f3n-interna-nozwmu7mrhrcjqgbo5xsxjjqwdftf8m5bfxzrxbf9k-300x124.jpg\" class=\"carousel-image owl-lazy\" alt=\"\"\/><\/a><h3>La comunicaci\u00f3n interna es clave para involucrar al empleado<\/h3>El talento humano es el verdadero motor para cualquier empresa No existen empresas sin empleados, ni comunicaci\u00f3n sin personas. Vivimos...<\/div><\/div><div class=\"item\"><div class=\"item-inner\"><a href=\"https:\/\/bemypartner.es\/ca\/las-empresas-b2b-tambien-necesitan-una-gestion-estrategica-la-comunicacion\/\" class=\"linked-image\"><img data-src=\"https:\/\/bemypartner.es\/wp-content\/uploads\/2018\/01\/POR-QU\u00c9-LAS-EMPRESAS-B2B-NECESITAN-UNA-VISI\u00d3N-ESTRATEGICA-DE-LA-COMUNICACI\u00d3N-300x200.jpg\" class=\"carousel-image owl-lazy\" alt=\"\"\/><\/a><h3>\u00bfPor qu\u00e9 las empresas B2B tambi\u00e9n necesitan una gesti\u00f3n estrat\u00e9gica de la comunicaci\u00f3n?<\/h3>10 razones para apostar por la comunicaci\u00f3n como una herramienta de negocio Las empresas B2B (Business to Business), cuyos clientes...<\/div><\/div><div class=\"item\"><div class=\"item-inner\"><a href=\"https:\/\/bemypartner.es\/ca\/blog-cliente-eurofragance-los-50-mejores-blogs-perfumes-segun-feedspot\/\" class=\"linked-image\"><img data-src=\"https:\/\/bemypartner.es\/wp-content\/uploads\/2017\/12\/blog-ef-nkk36z0ub4sufhfbkqfjrj1vpsm2c7813hj20hxseg-300x124.jpg\" class=\"carousel-image owl-lazy\" alt=\"\"\/><\/a><h3>El blog de nuestro cliente Eurofragance, entre los 50 mejores blogs sobre perfumes seg\u00fan Feedspot<\/h3>El blogging es hoy tan importante como las notas de prensa, genera notoriedad y\u00a0 mejora el SEO de los canales...<\/div><\/div><div class=\"item\"><div class=\"item-inner\"><a href=\"https:\/\/bemypartner.es\/ca\/freshly-cosmetics-confia-bemypartner-lanzamiento-primera-tienda-pop-up-la-gestion-la-comunicacion\/\" class=\"linked-image\"><img data-src=\"https:\/\/bemypartner.es\/wp-content\/uploads\/2017\/12\/freshly-team-9-nkjsodl1lej65ncub315h2e66qnu1083pm2jcbaako-300x124.jpg\" class=\"carousel-image owl-lazy\" alt=\"\"\/><\/a><h3>Freshly Cosmetics conf\u00eda en Bemypartner para el lanzamiento de su primera tienda pop up y la gesti\u00f3n de la comunicaci\u00f3n<\/h3>La marca de cosm\u00e9tica natural que naci\u00f3 en 2016\u00a0de la mano de tres emprendedores de 25 a\u00f1os ya se ha...<\/div><\/div><div class=\"item\"><div class=\"item-inner\"><a href=\"https:\/\/bemypartner.es\/ca\/bemypartner-organiza-una-jornada-empresarios-tarragona-comunicacion-crisis\/\" class=\"linked-image\"><img data-src=\"https:\/\/bemypartner.es\/wp-content\/uploads\/2017\/11\/Jornada-Formaci\u00f3n-Crisis-nkjudqhrq2j01a8a0luf8kze688ehptbhb5l4kb4eg-300x124.jpg\" class=\"carousel-image owl-lazy\" alt=\"\"\/><\/a><h3>Bemypartner organiza una jornada sobre comunicaci\u00f3n de crisis para empresarios de Tarragona<\/h3>Tras el \u00e9xito de esta primera jornada, la agencia planea organizar una segunda sesi\u00f3n en Barcelona Actualmente, cualquier empresa de...<\/div><\/div><div class=\"item\"><div class=\"item-inner\"><a href=\"https:\/\/bemypartner.es\/ca\/10-errores-en-la-comunicacion-de-crisis\/\" class=\"linked-image\"><img data-src=\"https:\/\/bemypartner.es\/wp-content\/uploads\/2017\/11\/Bemypartner24-nhg6ropef6urx7u9pmcg7nezn5xlmitswv2511esy0-300x124.jpg\" class=\"carousel-image owl-lazy\" alt=\"\"\/><\/a><h3>Los 10 errores m\u00e1s comunes en la comunicaci\u00f3n de crisis<\/h3>Bemypartner organiza una jornada de formaci\u00f3n en la que se dar\u00e1n a conocer las claves de prevenci\u00f3n y actuaci\u00f3n ante...<\/div><\/div><div class=\"item\"><div class=\"item-inner\"><a href=\"https:\/\/bemypartner.es\/ca\/3-claves-afrontar-exito-una-crisis-la-empresa\/\" class=\"linked-image\"><img data-src=\"https:\/\/bemypartner.es\/wp-content\/uploads\/2017\/11\/shutterstock_125979746-nge0pwqvq7xorrn33rljm60ad0g7eb4g0004t0t7go-300x124.jpg\" class=\"carousel-image owl-lazy\" alt=\"\"\/><\/a><h3>3 claves para afrontar con \u00e9xito una crisis en la empresa<\/h3>Gu\u00eda b\u00e1sica de comunicaci\u00f3n de crisis \u00bfPor qu\u00e9 muchas empresas no tienen un protocolo de crisis en nuestro pa\u00eds? Una...<\/div><\/div><div class=\"item\"><div class=\"item-inner\"><a href=\"https:\/\/bemypartner.es\/ca\/primagas-apuesta-por-bemypartner-para-gestionar-la-comunicacion-y-las-relaciones-con-medios\/\" class=\"linked-image\"><img data-src=\"https:\/\/bemypartner.es\/wp-content\/uploads\/2017\/11\/GALICIA_Primagas2-ngoe3gkzcoelvv1dvy8ho8kuq8r7zd5ddi0rkiw0zs-300x124.jpg\" class=\"carousel-image owl-lazy\" alt=\"\"\/><\/a><h3>Primagas apuesta por Bemypartner para gestionar la comunicaci\u00f3n y las relaciones con medios<\/h3>La empresa energ\u00e9tica forma parte del holding holand\u00e9s SHV Energy, l\u00edder mundial en gases licuados La empresa energ\u00e9tica Primagas, que...<\/div><\/div><div class=\"item\"><div class=\"item-inner\"><a href=\"https:\/\/bemypartner.es\/ca\/bemypartner-incorpora-natalia-virgili-ejecutiva-cuentas\/\" class=\"linked-image\"><img data-src=\"https:\/\/bemypartner.es\/wp-content\/uploads\/2017\/11\/FOTO-NATALIA-e1508840547709-nge212bel0hj7j59r5drp9mr6w13jobohe71iqw7bc-300x124.jpg\" class=\"carousel-image owl-lazy\" alt=\"\"\/><\/a><h3>Bemypartner incorpora a Natalia Virgili como Ejecutiva de Cuentas<\/h3>Licenciada en Periodismo y especializada en comunicaci\u00f3n institucional, pol\u00edtica y corporativa, Natalia tambi\u00e9n dar\u00e1 apoyo al departamento de New Business...<\/div><\/div><div class=\"item\"><div class=\"item-inner\"><a href=\"https:\/\/bemypartner.es\/ca\/exito-la-4th-international-hr-conference-barcelona\/\" class=\"linked-image\"><img data-src=\"https:\/\/bemypartner.es\/wp-content\/uploads\/2017\/11\/Sylvia-Taudien-durante-la-International-HR-Conference-BCN-nge2gb95g9czjszwpqnw5f3y3wvgewux8v6lscaadk-300x124.jpg\" class=\"carousel-image owl-lazy\" alt=\"\"\/><\/a><h3>\u00c9xito de la 4th International HR Conference Barcelona<\/h3>M\u00e1s de 200 directivos de 30 pa\u00edses han asistido al evento organizado por Advantage Consultores Barcelona se consolida como hub...<\/div><\/div><div class=\"item\"><div class=\"item-inner\"><a href=\"https:\/\/bemypartner.es\/ca\/relaciones-publicas-mas-importantes-nunca\/\" class=\"linked-image\"><img data-src=\"https:\/\/bemypartner.es\/wp-content\/uploads\/2017\/11\/relaciones-p\u00fablicas-na0p8msg739ovz9mglwy0v4amjzx0ajb620va66brc-300x124.jpg\" class=\"carousel-image owl-lazy\" alt=\"\"\/><\/a><h3>\u00bfRelaciones p\u00fablicas? M\u00e1s importantes que nunca<\/h3>Las relaciones p\u00fablicas tienen un papel imprescindible en la estrategia empresarial Por Montserrat Arias, fundadora y CEO de Bemypartner. Vivimos...<\/div><\/div><div class=\"item\"><div class=\"item-inner\"><a href=\"https:\/\/bemypartner.es\/ca\/campana-influencers-purina-dentalife\/\" class=\"linked-image\"><img data-src=\"https:\/\/bemypartner.es\/wp-content\/uploads\/2017\/11\/DE0622_Sully_Alex_1333_CK15_RT-e1497518287524-na1y8g3xn0o88qe9vs61v3yfgo4zmv357e5lu8gl54-300x124.jpg\" class=\"carousel-image owl-lazy\" alt=\"\"\/><\/a><h3>Campa\u00f1a con influencers para Purina Dentalife<\/h3>Objetivo: crear awareness sobre el nuevo producto y sobre la importancia de cuidar la salud dental de las mascotas Purina...<\/div><\/div><div class=\"item\"><div class=\"item-inner\"><a href=\"https:\/\/bemypartner.es\/ca\/acompanamos-la-fundacio-factor-huma-evento-entrega-del-9o-premio-factor-huma-merce-sala\/\" class=\"linked-image\"><img data-src=\"https:\/\/bemypartner.es\/wp-content\/uploads\/2017\/11\/18672898_711413395727816_4172394464967487816_o-na0pp8lsxq01zz59hsbo2o9gfm5czsglg8xoi5jxu0-300x124.jpg\" class=\"carousel-image owl-lazy\" alt=\"\"\/><\/a><h3>Acompa\u00f1amos a la Fundaci\u00f3 Factor Hum\u00e0 en el evento de entrega del 9\u00ba Premio Factor Hum\u00e0 Merc\u00e8 Sala<\/h3>Un evento en el que se premi\u00f3 a la Fundaci\u00f3n Ampans y que congreg\u00f3 a cerca de 300 directivos y...<\/div><\/div><div class=\"item\"><div class=\"item-inner\"><a href=\"https:\/\/bemypartner.es\/ca\/port-forum-marina-port-premia-nuevos-clientes-bemypartner\/\" class=\"linked-image\"><img data-src=\"https:\/\/bemypartner.es\/wp-content\/uploads\/2017\/11\/Port-Forum-foto-blog-na1wtwce3rh3vntl1xkbrv61epadouesx75kqjerrc-300x124.jpeg\" class=\"carousel-image owl-lazy\" alt=\"\"\/><\/a><h3>Port F\u00f2rum y Marina Port Premi\u00e0, nuevos clientes de Bemypartner<\/h3>Celebramos la incorporaci\u00f3n de los dos puertos a nuestra cartera de clientes Port F\u00f2rum y Marina Port Premi\u00e0 han confiado...<\/div><\/div><div class=\"item\"><div class=\"item-inner\"><a href=\"https:\/\/bemypartner.es\/ca\/mas-visibilidad-mas-mujeres-puestos-direccion\/\" class=\"linked-image\"><img data-src=\"https:\/\/bemypartner.es\/wp-content\/uploads\/2017\/11\/Foto-Montse-BE-1-n59s6nq4dotau6v34pc574up7mgqdtal1h7xl98008-300x124.jpg\" class=\"carousel-image owl-lazy\" alt=\"\"\/><\/a><h3>M\u00e1s visibilidad, m\u00e1s mujeres en puestos de direcci\u00f3n<\/h3>Una mayor visibilidad del trabajo de la mujer llevar\u00e1 a m\u00e1s mujeres a los puestos directivos La revista Forbes publicaba...<\/div><\/div><div class=\"item\"><div class=\"item-inner\"><a href=\"https:\/\/bemypartner.es\/ca\/original-campana-influencers-litoral-vegetal-nestle\/\" class=\"linked-image\"><img data-src=\"https:\/\/bemypartner.es\/wp-content\/uploads\/2017\/11\/IMG_20160928_113803-n4u1h41nlwmuep8xu0tuje6o3j3ajckg374ciusr9k-300x124.jpg\" class=\"carousel-image owl-lazy\" alt=\"\"\/><\/a><h3>Original campa\u00f1a con influencers para Litoral Vegetal de Nestl\u00e9<\/h3>Las redes sociales son un canal\u00a0estrat\u00e9gico para las marcas Cada vez son m\u00e1s las marcas que apuestan por incluir a...<\/div><\/div><div class=\"item\"><div class=\"item-inner\"><a href=\"https:\/\/bemypartner.es\/ca\/10-consejos-comunicar-eficacia-i\/\" class=\"linked-image\"><img data-src=\"https:\/\/bemypartner.es\/wp-content\/uploads\/2017\/11\/Bemypartner24-nhg6ropef6urx7u9pmcg7nezn5xlmitswv2511esy0-300x124.jpg\" class=\"carousel-image owl-lazy\" alt=\"\"\/><\/a><h3>10 consejos para comunicar con eficacia (I)<\/h3>Consigue que tu discurso tenga el efecto deseado Ofrecer un discurso, una charla, una presentaci\u00f3n\u2026 Son muchos los momentos en...<\/div><\/div><div class=\"item\"><div class=\"item-inner\"><a href=\"https:\/\/bemypartner.es\/ca\/presentamos-la-campana-viajar-juntos-mejor-junto-purina-ceav\/\" class=\"linked-image\"><img data-src=\"https:\/\/bemypartner.es\/wp-content\/uploads\/2017\/11\/viajar-juntos-es-mejor-e1488276174719-n4voiknlje8bbtwamrjyp1hh1mynwai2z96azjctfs-300x124.jpg\" class=\"carousel-image owl-lazy\" alt=\"\"\/><\/a><h3>Presentamos la campa\u00f1a Viajar Juntos Es Mejor junto a PURINA y CEAV<\/h3>FITUR ha\u00a0sido el escenario elegido para presentar\u00a0esta iniciativa en favor de las agencias de viaje Pet Friendly El pasado mes...<\/div><\/div><div class=\"item\"><div class=\"item-inner\"><a href=\"https:\/\/bemypartner.es\/ca\/record-asistencia-la-master-class-club-metropolitan-xuan-lan\/\" class=\"linked-image\"><img data-src=\"https:\/\/bemypartner.es\/wp-content\/uploads\/2017\/11\/MG_3640-n4vrccmhjlk0fu26brbpocw8llbfcgjsb04zo4g7pk-300x124.jpg\" class=\"carousel-image owl-lazy\" alt=\"\"\/><\/a><h3>R\u00e9cord de asistencia en la Master Class de Club Metropolitan y Xuan-Lan<\/h3>Un total de 600 personas se reunieron en la c\u00fapula del\u00a0Centro Comercial Arenas de Barcelona El pasado 19 de enero...<\/div><\/div><div class=\"item\"><div class=\"item-inner\"><a href=\"https:\/\/bemypartner.es\/ca\/entrega-del-viii-premio-factor-huma-merce-sala\/\" class=\"linked-image\"><img data-src=\"https:\/\/bemypartner.es\/wp-content\/uploads\/2017\/11\/877A19651-mrcak0925yqxivebnlqhtvcswvx7mrnn7f76ezvmko-300x124.jpg\" class=\"carousel-image owl-lazy\" alt=\"\"\/><\/a><h3>Lliurament del VIII Premi Factor Hum\u00e0 Merc\u00e8 Sala<\/h3>La Fundaci\u00f3 Factor Hum\u00e0, que es dedica a la millora en la gesti\u00f3 de les persones en les empreses, va...<\/div><\/div><div class=\"item\"><div class=\"item-inner\"><a href=\"https:\/\/bemypartner.es\/ca\/evento-de-presentacion-de-la-expedicion-desafio-artico-2\/\" class=\"linked-image\"><img data-src=\"https:\/\/bemypartner.es\/wp-content\/uploads\/2017\/11\/E8G21772-mp2ls5z409nkqicdhnakx92gzl1a23nzq9d3fb6jgo-300x124.jpg\" class=\"carousel-image owl-lazy\" alt=\"\"\/><\/a><h3>Presentaci\u00f3 de l&#8217;expedici\u00f3 &#8220;Desafiament \u00c0rtic&#8221;<\/h3>Bemypartner va organitzar, el passat mes de mar\u00e7, la presentaci\u00f3 de la segona edici\u00f3 de Desafiament \u00c0rtic. L`acte va tindre...<\/div><\/div><div class=\"item\"><div class=\"item-inner\"><a href=\"https:\/\/bemypartner.es\/ca\/club-metropolitan-inaugura-nuevo-centro-en-badalona\/\" class=\"linked-image\"><img data-src=\"https:\/\/bemypartner.es\/wp-content\/uploads\/2017\/11\/Metropolitan-Badalona-98-retocada-moor5ikzd0kgvwnwododp1agw5i4k0tx2sjeeesemg-300x124.jpeg\" class=\"carousel-image owl-lazy\" alt=\"\"\/><\/a><h3>Club Metropolitan obri nou centre a Badalona<\/h3>La setmana passada vam tindre el plaer d`acompanyar a l`equip de Club Metropolitan a l`event d`inauguraci\u00f3 del nou centre de...<\/div><\/div><div class=\"item\"><div class=\"item-inner\"><a href=\"https:\/\/bemypartner.es\/ca\/beauty-afterwork-con-el-doctor-pierre-nicolau\/\" class=\"linked-image\"><img data-src=\"https:\/\/bemypartner.es\/wp-content\/uploads\/2017\/11\/featured_almuerzo-mivt5bhjfygqvdfswyny6i4m9trwtikuluvw8p2ubs-300x124.jpg\" class=\"carousel-image owl-lazy\" alt=\"\"\/><\/a><h3>Beauty afterwork con el doctor Pierre Nicolau<\/h3>La grasa localizada y las dificultades para deshacernos de ella son un problema que afecta a hombres y mujeres mientras...<\/div><\/div><div class=\"item\"><div class=\"item-inner\"><a href=\"https:\/\/bemypartner.es\/ca\/cumbre-mundial-del-sector-turistico-en-el-pais-vasco\/\" class=\"linked-image\"><img data-src=\"https:\/\/bemypartner.es\/wp-content\/uploads\/2017\/11\/cumbre-mi7hv5ihgrf8ufpo5iqcyzfhybdepvekd0lu85ikug-300x124.jpg\" class=\"carousel-image owl-lazy\" alt=\"\"\/><\/a><h3>Cumbre mundial del sector tur\u00edstico en el Pa\u00eds Vasco<\/h3>Como agencia de comunicaci\u00f3n de CEAV, hemos participado en la 3\u00aa Cumbre de Asociaciones de Agencias de Viajes. Un evento...<\/div><\/div><div class=\"item\"><div class=\"item-inner\"><a href=\"https:\/\/bemypartner.es\/ca\/almuerzo-coloquio-sobre-comunicacion-imagen-y-liderazgo-en-una-carrera-de-exito\/\" class=\"linked-image\"><img data-src=\"https:\/\/bemypartner.es\/wp-content\/uploads\/2015\/11\/featured-1-300x138.jpg\" class=\"carousel-image owl-lazy\" alt=\"\"\/><\/a><h3>Almuerzo coloquio sobre comunicaci\u00f3n, imagen y liderazgo en una carrera de \u00e9xito<\/h3>Bemypartner ha organizado un almuerzo coloquio en el C\u00edrculo Ecuestre de Barcelona con la reconocida consultora de imagen Beth Bor\u00e9s,...<\/div><\/div><div class=\"item\"><div class=\"item-inner\"><a href=\"https:\/\/bemypartner.es\/ca\/la-2nd-international-barcelona-hr-conference-convierte-a-barcelona-en-la-plataforma-global-para-rrhh\/\" class=\"linked-image\"><img data-src=\"https:\/\/bemypartner.es\/wp-content\/uploads\/2015\/11\/International-HR-Conference-Barcelona-800x533-1-300x200.jpg\" class=\"carousel-image owl-lazy\" alt=\"\"\/><\/a><h3>La 2nd International Barcelona HR Conference convierte a Barcelona en la plataforma global para RRHH<\/h3>La 2nd International Barcelona HR Conference congreg\u00f3 el pasado 9 de octubre en el Palau de la M\u00fasica Catalana a...<\/div><\/div><div class=\"item\"><div class=\"item-inner\"><a href=\"https:\/\/bemypartner.es\/ca\/viajamos-por-espana-con-el-programa-aprender-juntos-es-mejor\/\" class=\"linked-image\"><img data-src=\"https:\/\/bemypartner.es\/wp-content\/uploads\/2015\/11\/IMG_2450-mhxi7lqtnr7dgmr0qvctc940r86zi6j5kljvbuz56w-300x124.jpg\" class=\"carousel-image owl-lazy\" alt=\"\"\/><\/a><h3>Viajamos por Espa\u00f1a con el Programa Aprender Juntos es Mejor<\/h3>PURINA ha puesto en marcha este curso escolar 2015-2015 el programa \u201cAprender Juntos es Mejor\u201d, una iniciativa que llevar\u00e1 perros...<\/div><\/div><\/div><\/div>[\/vc_column_text][\/vc_column][\/vc_row]<\/p>\n","protected":false},"excerpt":{"rendered":"<p>[vc_row equal_height=&#8221;true&#8221; row_animation=&#8221;grow-in&#8221; el_class=&#8221;bloque-redes&#8221; row_padding_bottom=&#8221;70px&#8221;][vc_column vertical_position=&#8221;middle&#8221;][vc_column_text] \u00a0 \u00a0 \u00a0 \u00a0 [\/vc_column_text][\/vc_column][\/vc_row][vc_row gap=&#8221;zero&#8221; full_height=&#8221;true&#8221; background_img_id=&#8221;2385&#8243; full_width=&#8221;stretch_row_content_no_spaces&#8221; css=&#8221;.vc_custom_1595170716811{background-image: url(https:\/\/bemypartner.es\/wp-content\/uploads\/2020\/07\/bg-slider-scaled.jpg?id=2343) !important;background-position: center !important;background-repeat: no-repeat !important;background-size: cover !important;}&#8221;][vc_column vertical_position=&#8221;middle&#8221;][vc_column_text] experiencedifferentsuccessfulsocialdiscoveredleadercommunicationspeciallovedhappymypartner [\/vc_column_text][\/vc_column][\/vc_row][vc_row equal_height=&#8221;true&#8221; row_animation=&#8221;grow-in&#8221; el_class=&#8221;.second&#8221; row_padding_bottom=&#8221;70px&#8221;][vc_column width=&#8221;1\/2&#8243; vertical_position=&#8221;middle&#8221;][vc_column_text] Passi\u00f3 [\/vc_column_text][\/vc_column][vc_column width=&#8221;1\/2&#8243; vertical_position=&#8221;middle&#8221;][vc_column_text] Som una ag\u00e8ncia de comunicaci\u00f3 que sent passi\u00f3 pel que fa. La teva hist\u00f2ria val la pena. Aix\u00f2,<\/p>\n","protected":false},"author":1,"featured_media":2715,"parent":0,"menu_order":0,"comment_status":"closed","ping_status":"closed","template":"","meta":{"_monsterinsights_skip_tracking":false,"_monsterinsights_sitenote_active":false,"_monsterinsights_sitenote_note":"","_monsterinsights_sitenote_category":0,"footnotes":""},"class_list":["post-2799","page","type-page","status-publish","has-post-thumbnail","hentry"],"yoast_head":"<!-- This site is optimized with the Yoast SEO plugin v27.5 - https:\/\/yoast.com\/product\/yoast-seo-wordpress\/ -->\n<title>Bemypartner - Bemypartner<\/title>\n<meta name=\"description\" content=\"Comunicaci\u00f3 i esdeveniments. Som una ag\u00e8ncia de comunicaci\u00f3 que sent passi\u00f3 pel que fa. La teva hist\u00f2ria val la pena.\" \/>\n<meta name=\"robots\" content=\"index, follow, max-snippet:-1, max-image-preview:large, max-video-preview:-1\" \/>\n<link rel=\"canonical\" href=\"https:\/\/bemypartner.es\/ca\/\" \/>\n<meta property=\"og:locale\" content=\"ca_ES\" \/>\n<meta property=\"og:type\" content=\"article\" \/>\n<meta property=\"og:title\" content=\"Bemypartner - Ag\u00e8ncia de comunicaci\u00f3\" \/>\n<meta property=\"og:description\" content=\"Comunicaci\u00f3 i esdeveniments. Som una ag\u00e8ncia de comunicaci\u00f3 que sent passi\u00f3 pel que fa. La teva hist\u00f2ria val la pena.\" \/>\n<meta property=\"og:url\" content=\"https:\/\/bemypartner.es\/ca\/\" \/>\n<meta property=\"og:site_name\" content=\"Bemypartner\" \/>\n<meta property=\"article:publisher\" content=\"https:\/\/www.facebook.com\/BemypartnerCOM\" \/>\n<meta property=\"article:modified_time\" content=\"2024-04-15T14:42:56+00:00\" \/>\n<meta property=\"og:image\" content=\"https:\/\/bemypartner.es\/wp-content\/uploads\/2020\/07\/img-servicios-5.png\" \/>\n\t<meta property=\"og:image:width\" content=\"960\" \/>\n\t<meta property=\"og:image:height\" content=\"580\" \/>\n\t<meta property=\"og:image:type\" content=\"image\/png\" \/>\n<meta name=\"twitter:card\" content=\"summary_large_image\" \/>\n<meta name=\"twitter:title\" content=\"Bemypartner - Ag\u00e8ncia de comunicaci\u00f3\" \/>\n<meta name=\"twitter:description\" content=\"Comunicaci\u00f3 i esdeveniments. Som una ag\u00e8ncia de comunicaci\u00f3 que sent passi\u00f3 pel que fa. La teva hist\u00f2ria val la pena.\" \/>\n<meta name=\"twitter:image\" content=\"https:\/\/bemypartner.es\/wp-content\/uploads\/2020\/07\/img-servicios-5.png\" \/>\n<meta name=\"twitter:site\" content=\"@bemypartnercom\" \/>\n<meta name=\"twitter:label1\" content=\"Temps estimat de lectura\" \/>\n\t<meta name=\"twitter:data1\" content=\"2 minuts\" \/>\n<script type=\"application\/ld+json\" class=\"yoast-schema-graph\">{\"@context\":\"https:\\\/\\\/schema.org\",\"@graph\":[{\"@type\":\"WebPage\",\"@id\":\"https:\\\/\\\/bemypartner.es\\\/ca\\\/\",\"url\":\"https:\\\/\\\/bemypartner.es\\\/ca\\\/\",\"name\":\"Bemypartner - Bemypartner\",\"isPartOf\":{\"@id\":\"https:\\\/\\\/bemypartner.es\\\/#website\"},\"primaryImageOfPage\":{\"@id\":\"https:\\\/\\\/bemypartner.es\\\/ca\\\/#primaryimage\"},\"image\":{\"@id\":\"https:\\\/\\\/bemypartner.es\\\/ca\\\/#primaryimage\"},\"thumbnailUrl\":\"https:\\\/\\\/bemypartner.es\\\/wp-content\\\/uploads\\\/2020\\\/07\\\/img-servicios-5.jpg\",\"datePublished\":\"2020-07-19T14:44:25+00:00\",\"dateModified\":\"2024-04-15T14:42:56+00:00\",\"description\":\"Comunicaci\u00f3 i esdeveniments. Som una ag\u00e8ncia de comunicaci\u00f3 que sent passi\u00f3 pel que fa. La teva hist\u00f2ria val la pena.\",\"breadcrumb\":{\"@id\":\"https:\\\/\\\/bemypartner.es\\\/ca\\\/#breadcrumb\"},\"inLanguage\":\"ca\",\"potentialAction\":[{\"@type\":\"ReadAction\",\"target\":[\"https:\\\/\\\/bemypartner.es\\\/ca\\\/\"]}]},{\"@type\":\"ImageObject\",\"inLanguage\":\"ca\",\"@id\":\"https:\\\/\\\/bemypartner.es\\\/ca\\\/#primaryimage\",\"url\":\"https:\\\/\\\/bemypartner.es\\\/wp-content\\\/uploads\\\/2020\\\/07\\\/img-servicios-5.jpg\",\"contentUrl\":\"https:\\\/\\\/bemypartner.es\\\/wp-content\\\/uploads\\\/2020\\\/07\\\/img-servicios-5.jpg\",\"width\":960,\"height\":580},{\"@type\":\"BreadcrumbList\",\"@id\":\"https:\\\/\\\/bemypartner.es\\\/ca\\\/#breadcrumb\",\"itemListElement\":[{\"@type\":\"ListItem\",\"position\":1,\"name\":\"Portada\",\"item\":\"https:\\\/\\\/bemypartner.es\\\/ca\\\/\"},{\"@type\":\"ListItem\",\"position\":2,\"name\":\"Bemypartner\"}]},{\"@type\":\"WebSite\",\"@id\":\"https:\\\/\\\/bemypartner.es\\\/#website\",\"url\":\"https:\\\/\\\/bemypartner.es\\\/\",\"name\":\"Bemypartner\",\"description\":\"Comunicaci\u00f3n y eventos\",\"potentialAction\":[{\"@type\":\"SearchAction\",\"target\":{\"@type\":\"EntryPoint\",\"urlTemplate\":\"https:\\\/\\\/bemypartner.es\\\/?s={search_term_string}\"},\"query-input\":{\"@type\":\"PropertyValueSpecification\",\"valueRequired\":true,\"valueName\":\"search_term_string\"}}],\"inLanguage\":\"ca\"}]}<\/script>\n<!-- \/ Yoast SEO plugin. -->","yoast_head_json":{"title":"Bemypartner - Bemypartner","description":"Comunicaci\u00f3 i esdeveniments. Som una ag\u00e8ncia de comunicaci\u00f3 que sent passi\u00f3 pel que fa. La teva hist\u00f2ria val la pena.","robots":{"index":"index","follow":"follow","max-snippet":"max-snippet:-1","max-image-preview":"max-image-preview:large","max-video-preview":"max-video-preview:-1"},"canonical":"https:\/\/bemypartner.es\/ca\/","og_locale":"ca_ES","og_type":"article","og_title":"Bemypartner - Ag\u00e8ncia de comunicaci\u00f3","og_description":"Comunicaci\u00f3 i esdeveniments. Som una ag\u00e8ncia de comunicaci\u00f3 que sent passi\u00f3 pel que fa. La teva hist\u00f2ria val la pena.","og_url":"https:\/\/bemypartner.es\/ca\/","og_site_name":"Bemypartner","article_publisher":"https:\/\/www.facebook.com\/BemypartnerCOM","article_modified_time":"2024-04-15T14:42:56+00:00","og_image":[{"width":960,"height":580,"url":"https:\/\/bemypartner.es\/wp-content\/uploads\/2020\/07\/img-servicios-5.png","type":"image\/png"}],"twitter_card":"summary_large_image","twitter_title":"Bemypartner - Ag\u00e8ncia de comunicaci\u00f3","twitter_description":"Comunicaci\u00f3 i esdeveniments. Som una ag\u00e8ncia de comunicaci\u00f3 que sent passi\u00f3 pel que fa. La teva hist\u00f2ria val la pena.","twitter_image":"https:\/\/bemypartner.es\/wp-content\/uploads\/2020\/07\/img-servicios-5.png","twitter_site":"@bemypartnercom","twitter_misc":{"Temps estimat de lectura":"2 minuts"},"schema":{"@context":"https:\/\/schema.org","@graph":[{"@type":"WebPage","@id":"https:\/\/bemypartner.es\/ca\/","url":"https:\/\/bemypartner.es\/ca\/","name":"Bemypartner - Bemypartner","isPartOf":{"@id":"https:\/\/bemypartner.es\/#website"},"primaryImageOfPage":{"@id":"https:\/\/bemypartner.es\/ca\/#primaryimage"},"image":{"@id":"https:\/\/bemypartner.es\/ca\/#primaryimage"},"thumbnailUrl":"https:\/\/bemypartner.es\/wp-content\/uploads\/2020\/07\/img-servicios-5.jpg","datePublished":"2020-07-19T14:44:25+00:00","dateModified":"2024-04-15T14:42:56+00:00","description":"Comunicaci\u00f3 i esdeveniments. Som una ag\u00e8ncia de comunicaci\u00f3 que sent passi\u00f3 pel que fa. La teva hist\u00f2ria val la pena.","breadcrumb":{"@id":"https:\/\/bemypartner.es\/ca\/#breadcrumb"},"inLanguage":"ca","potentialAction":[{"@type":"ReadAction","target":["https:\/\/bemypartner.es\/ca\/"]}]},{"@type":"ImageObject","inLanguage":"ca","@id":"https:\/\/bemypartner.es\/ca\/#primaryimage","url":"https:\/\/bemypartner.es\/wp-content\/uploads\/2020\/07\/img-servicios-5.jpg","contentUrl":"https:\/\/bemypartner.es\/wp-content\/uploads\/2020\/07\/img-servicios-5.jpg","width":960,"height":580},{"@type":"BreadcrumbList","@id":"https:\/\/bemypartner.es\/ca\/#breadcrumb","itemListElement":[{"@type":"ListItem","position":1,"name":"Portada","item":"https:\/\/bemypartner.es\/ca\/"},{"@type":"ListItem","position":2,"name":"Bemypartner"}]},{"@type":"WebSite","@id":"https:\/\/bemypartner.es\/#website","url":"https:\/\/bemypartner.es\/","name":"Bemypartner","description":"Comunicaci\u00f3n y eventos","potentialAction":[{"@type":"SearchAction","target":{"@type":"EntryPoint","urlTemplate":"https:\/\/bemypartner.es\/?s={search_term_string}"},"query-input":{"@type":"PropertyValueSpecification","valueRequired":true,"valueName":"search_term_string"}}],"inLanguage":"ca"}]}},"_links":{"self":[{"href":"https:\/\/bemypartner.es\/ca\/wp-json\/wp\/v2\/pages\/2799","targetHints":{"allow":["GET"]}}],"collection":[{"href":"https:\/\/bemypartner.es\/ca\/wp-json\/wp\/v2\/pages"}],"about":[{"href":"https:\/\/bemypartner.es\/ca\/wp-json\/wp\/v2\/types\/page"}],"author":[{"embeddable":true,"href":"https:\/\/bemypartner.es\/ca\/wp-json\/wp\/v2\/users\/1"}],"replies":[{"embeddable":true,"href":"https:\/\/bemypartner.es\/ca\/wp-json\/wp\/v2\/comments?post=2799"}],"version-history":[{"count":18,"href":"https:\/\/bemypartner.es\/ca\/wp-json\/wp\/v2\/pages\/2799\/revisions"}],"predecessor-version":[{"id":5786,"href":"https:\/\/bemypartner.es\/ca\/wp-json\/wp\/v2\/pages\/2799\/revisions\/5786"}],"wp:featuredmedia":[{"embeddable":true,"href":"https:\/\/bemypartner.es\/ca\/wp-json\/wp\/v2\/media\/2715"}],"wp:attachment":[{"href":"https:\/\/bemypartner.es\/ca\/wp-json\/wp\/v2\/media?parent=2799"}],"curies":[{"name":"wp","href":"https:\/\/api.w.org\/{rel}","templated":true}]}}